{"id":318083,"date":"2024-10-23T18:15:03","date_gmt":"2024-10-23T16:15:03","guid":{"rendered":"https:\/\/ga-p.com\/persona\/carmen-garcia\/"},"modified":"2026-04-17T11:47:08","modified_gmt":"2026-04-17T09:47:08","slug":"carmen-garcia","status":"publish","type":"persona","link":"https:\/\/ga-p.com\/en\/person\/carmen-garcia\/","title":{"rendered":"Carmen Garc\u00eda"},"content":{"rendered":"\n\n<div id=\"Volver-block_790221897b511ff5b609c06ac12454b9\" class=\"d-none d-lg-block Volver\" style=\"background-color: #FFFFFF\">\n    <div class=\"container\">\n        <div class=\"row\">\n            <div class=\"col-12\">\n                <div class=\"backTo d-flex align-items-center gap-2\" onclick=\"window.location.href='https:\/\/ga-p.com\/en\/people\/';\">\n                    <img decoding=\"async\" alt=\"icon\" src=\"https:\/\/ga-p.com\/wp-content\/themes\/ga-p\/assets\/images\/left-arrow-orange.svg\" \/>\n                    <div class=\"text\">Go back to <strong>People<\/strong><\/div>\n                <\/div>\n            <\/div>\n        <\/div>\n    <\/div>\n<\/div>\n\n\n\n<div id=\"PersonaHeader-block_3ceb86c4c3067773ddd2cb6372f96e70\" class=\"PersonaHeader\">\n    <div class=\"customContainer right\">\n        <div class=\"content\" style=\"background-image:url(https:\/\/ga-p.com\/wp-content\/uploads\/2024\/05\/Fondo-personas-nueva-web.webp)\">\n            <img fetchpriority=\"high\" decoding=\"async\" width=\"424\" height=\"424\" src=\"https:\/\/ga-p.com\/wp-content\/uploads\/2024\/10\/Carmen-Garcia-1.png\" class=\"personaThumb wp-post-image\" alt=\"Carmen Garc\u00eda\" loading=\"eager\" srcset=\"https:\/\/ga-p.com\/wp-content\/uploads\/2024\/10\/Carmen-Garcia-1.png 424w, https:\/\/ga-p.com\/wp-content\/uploads\/2024\/10\/Carmen-Garcia-1-300x300.png 300w, https:\/\/ga-p.com\/wp-content\/uploads\/2024\/10\/Carmen-Garcia-1-150x150.png 150w\" sizes=\"(max-width: 424px) 100vw, 424px\" \/>        <\/div>\n        <h1 class=\"col-lg-4 col-12 p-0 title\">Carmen Garc\u00eda<\/h1>\n    <\/div>\n    <div class=\"personalFixedTitle d-block d-md-none\">\n        <div class=\"container\">\n            <div class=\"row\">\n                <div class=\"col-12\">\n                    <div class=\"personalFixed\">\n                        <img decoding=\"async\" width=\"424\" height=\"424\" src=\"https:\/\/ga-p.com\/wp-content\/uploads\/2024\/10\/Carmen-Garcia-1.png\" class=\"personaThumb wp-post-image\" alt=\"Carmen Garc\u00eda\" loading=\"eager\" style=\"background-image:url(https:\/\/ga-p.com\/wp-content\/uploads\/2024\/05\/Fondo-personas-nueva-web.webp)\" srcset=\"https:\/\/ga-p.com\/wp-content\/uploads\/2024\/10\/Carmen-Garcia-1.png 424w, https:\/\/ga-p.com\/wp-content\/uploads\/2024\/10\/Carmen-Garcia-1-300x300.png 300w, https:\/\/ga-p.com\/wp-content\/uploads\/2024\/10\/Carmen-Garcia-1-150x150.png 150w\" sizes=\"(max-width: 424px) 100vw, 424px\" \/>                        <div class=\"modalTitle\">Carmen Garc\u00eda<\/div>\n                    <\/div>\n                <\/div>\n            <\/div>\n        <\/div>\n    <\/div>\n    <style>\n        .PersonaHeader{opacity:0;}\n    <\/style>\n<\/div>\n\n<div class=\"personaCV\" style=\"display:none\">\n    <div class=\"container\">\n        <a class=\"primaryCta scaleFromLeft rotateIcon\" id=\"cv\"><span>See full resume<\/span>\n            <div class=\"containerImg\"><img decoding=\"async\" alt=\"icon\" src=\"https:\/\/ga-p.com\/wp-content\/themes\/ga-p\/assets\/images\/external-icon.svg\" \/><\/div>\n        <\/a>\n    <\/div>\n    <script>\n        const post_name_persona=\"carmen-garcia\";\n    <\/script>\n<\/div>\n\n\n\n<div class=\"pdf\" style=\"display:none\">\n    <div class=\"PersonaHeaderCV\">\n        <div class=\"customContainer right\">\n            <div class=\"content\" style=\"background-image:url(https:\/\/ga-p.com\/wp-content\/uploads\/2024\/05\/Fondo-personas-nueva-web.webp)\">\n                <img decoding=\"async\" src=\"https:\/\/ga-p.com\/wp-content\/uploads\/2024\/10\/Carmen-Garcia-1.png\" class=\"personaThumb\">\n            <\/div>\n        <\/div>\n    <\/div>\n\n    <div class=\"PersonaInformacionCV container\">\n        <div class=\"personal_office col-6 offset-6\">\n            <div class=\"personal\">\n                                    <div class=\"info\">\n                        <div class=\"title\">Position<\/div>\n                        <div class=\"text\">Senior associate<\/div>\n                    <\/div>\n                \n                                    <div class=\"info\">\n                        <div class=\"title\">Telephone<\/div>\n                        <div class=\"text\">+34 91 582 91 00 <\/div>\n                    <\/div>\n                                                    <div class=\"info\">\n                        <div class=\"title\">Email<\/div>\n                        <div class=\"text\">cgarcia@ga-p.com<\/div>\n                    <\/div>\n                                                    <div class=\"info\">\n                        <div class=\"title\">N\u00ba collegiate member<\/div>\n                        <div class=\"text\">130.271  ICAM<\/div>\n                    <\/div>\n                                            <\/div>\n                            <div class=\"office\">\n                    <div class=\"title\">Office of Madrid<\/div>\n                                            <div class=\"d-flex align-item-center gap-2 mb-2\">\n                            <img decoding=\"async\" alt=\"icon\" src=\"https:\/\/ga-p.com\/wp-content\/themes\/ga-p\/assets\/images\/office-primary.svg\" \/>\n                            <div class=\"text\">Paseo de la Castellana, 216. 28046 Madrid (Spain)<\/div>\n                        <\/div>\n                                                                <div class=\"d-flex align-item-center gap-2 mb-2\">\n                            <img decoding=\"async\" alt=\"icon\" src=\"https:\/\/ga-p.com\/wp-content\/themes\/ga-p\/assets\/images\/mobile-primary.svg\" \/>\n                            <div class=\"text\">(+34) 91 582 91 00<\/div>\n                        <\/div>\n                                                                <div class=\"d-flex align-item-center gap-2\">\n                            <img decoding=\"async\" alt=\"icon\" src=\"https:\/\/ga-p.com\/wp-content\/themes\/ga-p\/assets\/images\/email-primary.svg\" \/>\n                            <div class=\"text\">madrid@ga-p.com<\/div>\n                        <\/div>\n                                    <\/div>\n                    <\/div>\n    <\/div>\n\n    <div class=\"container\">\n        <div class=\"row\">\n            <div class=\"col-6 izquierda\">\n                <div class=\"title\">Carmen Garc\u00eda<\/div>\n            <\/div>\n            <div class=\"col-6 derecha\">\n            <\/div>\n        <\/div>\n    <\/div>\n<\/div>\n\n<div id=\"ColumnaContenido-block_9c9ea5c4ea5be920aa0eb3381ffcd0f3\" class=\"transparente ColumnaContenido\">\n    <div class=\"container\">\n        <div class=\"row\">\n            <div class=\"col-12 col-lg-7 offset-lg-5\">\n                <div class=\"acf-innerblocks-container\">\n\n\n<div id=\"PersonaInformacion-block_4cd1eacc5fe695d93f73c29180b96e74\" class=\"PersonaInformacion\">\n\n    <div class=\"personal_office\">\n        <div class=\"personal\">\n\n                            <div class=\"info\">\n                    <div class=\"title\">Position<\/div>\n                    <div class=\"text\">Senior associate<\/div>\n                <\/div>\n            \n                        <div class=\"info\">\n                <div class=\"title\">Telephone<\/div>\n                <div class=\"text\">+34 91 582 91 00 <\/div>\n            <\/div>\n                                        <div class=\"info\">\n                    <div class=\"title\">Email<\/div>\n                    <div class=\"text\">cgarcia@ga-p.com<\/div>\n                <\/div>\n                                        <div class=\"info\">\n                    <div class=\"title\">N\u00ba collegiate member<\/div>\n                    <div class=\"text\">130.271  ICAM<\/div>\n                <\/div>\n                    <\/div>\n                    <div class=\"office\">\n                <div class=\"title\">Madrid Office<\/div>\n\n                                <div class=\"d-flex align-item-center gap-2 mb-2\">\n                    <img decoding=\"async\" alt=\"icon\" src=\"https:\/\/ga-p.com\/wp-content\/themes\/ga-p\/assets\/images\/office-primary.svg\" \/>\n                    <div class=\"text\">Paseo de la Castellana, 216. 28046 Madrid (Spain)<\/div>\n                <\/div>\n                                                    <div class=\"d-flex align-item-center gap-2 mb-2\">\n                        <img decoding=\"async\" alt=\"icon\" src=\"https:\/\/ga-p.com\/wp-content\/themes\/ga-p\/assets\/images\/mobile-primary.svg\" \/>\n                        <div class=\"text\">(+34) 91 582 91 00<\/div>\n                    <\/div>\n                                                    <div class=\"d-flex align-item-center gap-2\">\n                        <img decoding=\"async\" alt=\"icon\" src=\"https:\/\/ga-p.com\/wp-content\/themes\/ga-p\/assets\/images\/email-primary.svg\" \/>\n                        <div class=\"text\">madrid@ga-p.com<\/div>\n                    <\/div>\n                            <\/div>\n            <\/div>\n    \n<\/div>\n\n<\/div>\n            <\/div>\n        <\/div>\n    <\/div>\n<\/div>\n\n\n<div id=\"ColumnaContenido-block_af84ea5407dee09cfebe355ddaa4447c\" class=\"blanco ColumnaContenido\">\n    <div class=\"container\">\n        <div class=\"row\">\n            <div class=\"col-12 col-lg-7 offset-lg-5\">\n                <div class=\"acf-innerblocks-container\">\n\n<h2 class=\"wp-block-heading\">Carmen&nbsp;is&nbsp;a&nbsp;senior&nbsp;associate&nbsp;in the&nbsp;Real Estate&nbsp;practice&nbsp;at&nbsp;G\u00f3mez-Acebo &amp; Pombo.&nbsp;&nbsp;&nbsp;<\/h2>\n\n\n\n<p>Carmen&nbsp;has provided legal advice&nbsp;for 6 years and a half in the Real Estate department&nbsp;of an international firm, specialized on&nbsp;RE&nbsp;and REF&nbsp;advice to funds, financial entities and companies on a wide range&nbsp;of real estate issues, including&nbsp;finished assets, assets under development, distressed assets and targeted assets.&nbsp;<\/p>\n\n\n\n<p>She&nbsp;holds&nbsp;a&nbsp;dual degree&nbsp;in Law and Business Administration and a&nbsp;master\u2019s degree in&nbsp;Legal&nbsp;Practice Admission&nbsp;both&nbsp;from the&nbsp;Autonomous University of Madrid&nbsp;(Spain).&nbsp;She&nbsp;also&nbsp;completed the&nbsp;Urban Planning course&nbsp;at the&nbsp;Financial Studies Centre&nbsp;(CEF)&nbsp;in Madrid<em>.<\/em>&nbsp;<\/p>\n\n\n\n\n<div id=\"PersonaAreasSectores-block_5eaa55b5d86ed4cdab43c44755acb8af\" class=\"PersonaAreasSectores\">\n\n    <div class=\"content\">\n        <div class=\"title\"><h2 class='title' class=\"title\">Areas and sectors in which she collaborates<\/h2>\n<\/div>\n        <div class=\"areas_sectores\">\n            <div class=\"out itemCont\">\n                                    <a class=\"item\" href=\"https:\/\/ga-p.com\/en\/area\/real-estate\/\">Real Estate<\/a>\n                            <\/div>\n                    <\/div>\n    <\/div>\n\n    <div class=\"menos\">\n\n    <\/div>\n\n\n\n\n<\/div>\n\n\n\n\n\n<div id=\"PersonaAcordeon-block_85dab13cae4f369c6ae5e4a4ec430863\" class=\"PersonaAcordeon\">\n\n    <div class=\"accordion accordion-flush\" id=\"accordion-PersonaAcordeon-block_85dab13cae4f369c6ae5e4a4ec430863\">\n        <div class=\"accordion-item\">\n            <h2 class=\"accordion-header\">\n                <button class=\"accordion-button collapsed gap-3 align-items-start\" type=\"button\" data-bs-toggle=\"collapse\" data-bs-target=\"#flush-PersonaAcordeon-block_85dab13cae4f369c6ae5e4a4ec430863\" aria-expanded=\"false\" aria-controls=\"flush-PersonaAcordeon-block_85dab13cae4f369c6ae5e4a4ec430863\">\n                    <img decoding=\"async\" width=\"1\" height=\"1\" src=\"https:\/\/ga-p.com\/wp-content\/uploads\/2024\/04\/educacion-icon.svg\" class=\"\" alt=\"educacion-icon\" loading=\"lazy\" \/>                    Education and professional career\u00a0\u00a0\n                <\/button>\n            <\/h2>\n            <div id=\"flush-PersonaAcordeon-block_85dab13cae4f369c6ae5e4a4ec430863\" class=\"accordion-collapse collapse\" data-bs-parent=\"#accordion-PersonaAcordeon-block_85dab13cae4f369c6ae5e4a4ec430863\">\n                <div class=\"accordion-body\">\n                                                                        <div class=\"itemCont noDate\">\n                                <div class=\"item-no-bullet\"><p><strong><span class=\"TextRun SCXW233516536 BCX0\" lang=\"EN-GB\" xml:lang=\"EN-GB\" data-contrast=\"none\"><span class=\"NormalTextRun SCXW233516536 BCX0\">She joins G\u00f3mez-Acebo &amp; Pombo in 20<\/span><span class=\"NormalTextRun SCXW233516536 BCX0\">24<\/span><span class=\"NormalTextRun SCXW233516536 BCX0\">.<\/span><\/span><span class=\"EOP SCXW233516536 BCX0\" data-ccp-props=\"{&quot;201341983&quot;:2,&quot;335551550&quot;:6,&quot;335551620&quot;:6,&quot;335559738&quot;:288,&quot;335559739&quot;:120,&quot;335559740&quot;:300,&quot;335559745&quot;:120}\">\u00a0<\/span><\/strong><\/p>\n<\/div>\n                            <\/div>\n                                                    <div class=\"itemCont noDate\">\n                                <div class=\"item\"><p><span class=\"TextRun SCXW121649619 BCX0\" lang=\"EN-GB\" xml:lang=\"EN-GB\" data-contrast=\"none\"><span class=\"NormalTextRun SCXW121649619 BCX0\">2010 | Dual degree in Law and Business Administration from the Autonomous University of Madrid (Spain).<\/span><\/span><span class=\"EOP SCXW121649619 BCX0\" data-ccp-props=\"{&quot;201341983&quot;:2,&quot;335551550&quot;:6,&quot;335551620&quot;:6,&quot;335559738&quot;:288,&quot;335559739&quot;:120,&quot;335559740&quot;:300,&quot;335559745&quot;:120}\">\u00a0<\/span><\/p>\n<\/div>\n                            <\/div>\n                                                    <div class=\"itemCont noDate\">\n                                <div class=\"item\"><p><span class=\"TextRun SCXW7045661 BCX0\" lang=\"EN-GB\" xml:lang=\"EN-GB\" data-contrast=\"none\"><span class=\"NormalTextRun SCXW7045661 BCX0\">2017\u00a0<\/span><span class=\"NormalTextRun SCXW7045661 BCX0\">|\u00a0<\/span><span class=\"NormalTextRun SCXW7045661 BCX0\">Real Estate\u00a0<\/span><span class=\"NormalTextRun SCXW7045661 BCX0\">associate<\/span><span class=\"NormalTextRun SCXW7045661 BCX0\">\u00a0<\/span><span class=\"NormalTextRun SCXW7045661 BCX0\">in an international firm.<\/span><\/span><span class=\"EOP SCXW7045661 BCX0\" data-ccp-props=\"{&quot;201341983&quot;:2,&quot;335551550&quot;:6,&quot;335551620&quot;:6,&quot;335559738&quot;:288,&quot;335559739&quot;:120,&quot;335559740&quot;:300,&quot;335559745&quot;:120}\">\u00a0<\/span><\/p>\n<\/div>\n                            <\/div>\n                                                    <div class=\"itemCont noDate\">\n                                <div class=\"item\"><p><span class=\"TextRun SCXW259435299 BCX0\" lang=\"EN-US\" xml:lang=\"EN-US\" data-contrast=\"none\"><span class=\"NormalTextRun SCXW259435299 BCX0\">20<\/span><span class=\"NormalTextRun SCXW259435299 BCX0\">17<\/span><span class=\"NormalTextRun SCXW259435299 BCX0\">\u00a0|<\/span><span class=\"NormalTextRun SCXW259435299 BCX0\">\u00a0<\/span><span class=\"NormalTextRun SCXW259435299 BCX0\">Master\u2019s degree in<\/span><\/span><span class=\"TextRun SCXW259435299 BCX0\" lang=\"EN-US\" xml:lang=\"EN-US\" data-contrast=\"auto\"><span class=\"NormalTextRun SCXW259435299 BCX0\">\u00a0<\/span><\/span><span class=\"TextRun SCXW259435299 BCX0\" lang=\"EN-US\" xml:lang=\"EN-US\" data-contrast=\"none\"><span class=\"NormalTextRun SCXW259435299 BCX0\">Legal<\/span><span class=\"NormalTextRun SCXW259435299 BCX0\">\u00a0Practice Admission Master\u00a0<\/span><span class=\"NormalTextRun SCXW259435299 BCX0\">from t<\/span><span class=\"NormalTextRun SCXW259435299 BCX0\">he\u00a0<\/span><span class=\"NormalTextRun SCXW259435299 BCX0\">Autonomous University of Madrid<\/span><span class=\"NormalTextRun SCXW259435299 BCX0\">.<\/span><\/span><span class=\"EOP SCXW259435299 BCX0\" data-ccp-props=\"{&quot;201341983&quot;:2,&quot;335551550&quot;:6,&quot;335551620&quot;:6,&quot;335559738&quot;:288,&quot;335559739&quot;:120,&quot;335559740&quot;:300,&quot;335559745&quot;:120}\">\u00a0<\/span><\/p>\n<\/div>\n                            <\/div>\n                                                    <div class=\"itemCont noDate\">\n                                <div class=\"item\"><p><span class=\"TextRun SCXW11814483 BCX0\" lang=\"EN-GB\" xml:lang=\"EN-GB\" data-contrast=\"none\"><span class=\"NormalTextRun SCXW11814483 BCX0\">2020 |\u00a0<\/span><\/span><span class=\"TextRun SCXW11814483 BCX0\" lang=\"EN-GB\" xml:lang=\"EN-GB\" data-contrast=\"auto\"><span class=\"NormalTextRun SCXW11814483 BCX0\">Urban Planning course at the Financial Studies Centre (CEF) in Madrid (Spain).<\/span><\/span><span class=\"EOP SCXW11814483 BCX0\" data-ccp-props=\"{&quot;201341983&quot;:2,&quot;335551550&quot;:6,&quot;335551620&quot;:6,&quot;335559738&quot;:288,&quot;335559739&quot;:120,&quot;335559740&quot;:300,&quot;335559745&quot;:120}\">\u00a0<\/span><\/p>\n<\/div>\n                            <\/div>\n                                                            <\/div>\n            <\/div>\n        <\/div>\n    <\/div>\n\n<\/div>\n\n\n\n<div id=\"PersonaAcordeon-block_0b475f9eef286d5b64a6f40edf27a030\" class=\"PersonaAcordeon\">\n\n    <div class=\"accordion accordion-flush\" id=\"accordion-PersonaAcordeon-block_0b475f9eef286d5b64a6f40edf27a030\">\n        <div class=\"accordion-item\">\n            <h2 class=\"accordion-header\">\n                <button class=\"accordion-button collapsed gap-3 align-items-start\" type=\"button\" data-bs-toggle=\"collapse\" data-bs-target=\"#flush-PersonaAcordeon-block_0b475f9eef286d5b64a6f40edf27a030\" aria-expanded=\"false\" aria-controls=\"flush-PersonaAcordeon-block_0b475f9eef286d5b64a6f40edf27a030\">\n                    <img decoding=\"async\" width=\"1\" height=\"1\" src=\"https:\/\/ga-p.com\/wp-content\/uploads\/2024\/04\/entidades.svg\" class=\"\" alt=\"entidades\" loading=\"lazy\" \/>                    Membership of professional bodies and associations\u00a0\n                <\/button>\n            <\/h2>\n            <div id=\"flush-PersonaAcordeon-block_0b475f9eef286d5b64a6f40edf27a030\" class=\"accordion-collapse collapse\" data-bs-parent=\"#accordion-PersonaAcordeon-block_0b475f9eef286d5b64a6f40edf27a030\">\n                <div class=\"accordion-body\">\n                                                                        <div class=\"itemCont noDate\">\n                                <div class=\"item\"><p><span class=\"TextRun SCXW14966616 BCX0\" lang=\"EN-GB\" xml:lang=\"EN-GB\" data-contrast=\"auto\"><span class=\"NormalTextRun SCXW14966616 BCX0\">Member of the Madrid Bar Association<\/span><\/span><span class=\"TextRun SCXW14966616 BCX0\" lang=\"EN-GB\" xml:lang=\"EN-GB\" data-contrast=\"none\"><span class=\"NormalTextRun SCXW14966616 BCX0\">.<\/span><\/span><span class=\"EOP SCXW14966616 BCX0\" data-ccp-props=\"{&quot;201341983&quot;:2,&quot;335551550&quot;:6,&quot;335551620&quot;:6,&quot;335559738&quot;:288,&quot;335559739&quot;:120,&quot;335559740&quot;:300,&quot;335559745&quot;:120}\">\u00a0<\/span><\/p>\n<\/div>\n                            <\/div>\n                                                            <\/div>\n            <\/div>\n        <\/div>\n    <\/div>\n\n<\/div>\n\n\n\n<div id=\"PersonaAcordeon-block_22c16565ed4abbf4def86926d2246e5f\" class=\"PersonaAcordeon\">\n\n    <div class=\"accordion accordion-flush\" id=\"accordion-PersonaAcordeon-block_22c16565ed4abbf4def86926d2246e5f\">\n        <div class=\"accordion-item\">\n            <h2 class=\"accordion-header\">\n                <button class=\"accordion-button collapsed gap-3 align-items-start\" type=\"button\" data-bs-toggle=\"collapse\" data-bs-target=\"#flush-PersonaAcordeon-block_22c16565ed4abbf4def86926d2246e5f\" aria-expanded=\"false\" aria-controls=\"flush-PersonaAcordeon-block_22c16565ed4abbf4def86926d2246e5f\">\n                    <img decoding=\"async\" width=\"1\" height=\"1\" src=\"https:\/\/ga-p.com\/wp-content\/uploads\/2024\/04\/idiomas-icon.svg\" class=\"\" alt=\"idiomas-icon\" loading=\"lazy\" \/>                    Languages\n                <\/button>\n            <\/h2>\n            <div id=\"flush-PersonaAcordeon-block_22c16565ed4abbf4def86926d2246e5f\" class=\"accordion-collapse collapse\" data-bs-parent=\"#accordion-PersonaAcordeon-block_22c16565ed4abbf4def86926d2246e5f\">\n                <div class=\"accordion-body\">\n                                                                        <div class=\"itemCont noDate\">\n                                <div class=\"item\"><p>Spanish<\/p>\n<\/div>\n                            <\/div>\n                                                    <div class=\"itemCont noDate\">\n                                <div class=\"item\"><p>English<\/p>\n<\/div>\n                            <\/div>\n                                                            <\/div>\n            <\/div>\n        <\/div>\n    <\/div>\n\n<\/div>\n\n\n\n<div id=\"Boton-block_d91b73fbf8d0a789840a2ef243dd9ab1\" class=\"Boton\">\n\n    <\/div>\n\n<\/div>\n            <\/div>\n        <\/div>\n    <\/div>\n<\/div>\n\n\n<div id=\"PersonaParticipacion-block_3562d6a5b261dddbd6e62357320c773d\" class=\"PersonaParticipacion\">\n\n    <div class=\"container\">\n        <div class=\"row align-items-end flex-column flex-lg-row\">\n            <div class=\"col-12 col-lg-10\">\n                <div class=\"title\"><h2 class='' class=\"\">Learn more about my participation in G\u00f3mez-Acebo &amp; Pombo<\/h2>\n<\/div>\n            <\/div>\n            <div class=\"col-12 col-lg-2 px-0\">\n                <div id=\"selector_fechas\"><\/div>\n\n            <\/div>\n        <\/div>\n       <div class=\"row align-items-end\">\n           <div class=\"col-12 col-lg-11 px-0\">\n               <div class=\"selectores\">\n                   <div class=\"nav nav-tabs\" id=\"nav-tab\" role=\"tablist\">\n                                                                         <button class=\"nav-link y2025  active\" id=\"nav-noticias-tab\" data-bs-toggle=\"tab\" data-bs-target=\"#nav-noticias\" type=\"button\" role=\"tab\" aria-controls=\"nav-noticias\" aria-selected=\"false\">News<\/button>\n                                                                 <\/div>\n               <\/div>\n               <div class=\"d-block d-lg-none\">\n\n                   <select class=\"selectorSliders\">\n                                              <option value=\"noticias\">News<\/option>                                          <\/select>\n\n               <\/div>\n           <\/div>\n           <div class=\"d-none d-lg-block col-1\">\n               <div class=\"swiperRecArrows swiperArrows active\" data-arrows=\"#nav-reconocimientos\">\n                   <div class=\"d-flex align-items-center gap-4 justify-content-end\">\n                       <div class=\"swiper-button-prev\"><img decoding=\"async\" alt=\"icon\" src=\"https:\/\/ga-p.com\/wp-content\/themes\/ga-p\/assets\/images\/slider-arrow.svg\" \/><\/div>\n                       <div class=\"swiper-button-next\"><img decoding=\"async\" alt=\"icon\" src=\"https:\/\/ga-p.com\/wp-content\/themes\/ga-p\/assets\/images\/slider-arrow.svg\" \/><\/div>\n                   <\/div>\n               <\/div>\n               <div class=\"swiperNotArrows swiperArrows\" data-arrows=\"#nav-noticias\">\n                   <div class=\"d-flex align-items-center gap-4 justify-content-end\">\n                       <div class=\"swiper-button-prev\"><img decoding=\"async\" alt=\"icon\" src=\"https:\/\/ga-p.com\/wp-content\/themes\/ga-p\/assets\/images\/slider-arrow.svg\" \/><\/div>\n                       <div class=\"swiper-button-next\"><img decoding=\"async\" alt=\"icon\" src=\"https:\/\/ga-p.com\/wp-content\/themes\/ga-p\/assets\/images\/slider-arrow.svg\" \/><\/div>\n                   <\/div>\n               <\/div>\n               <div class=\"swiperComArrows swiperArrows\" data-arrows=\"#nav-comit\u00e9s\">\n                   <div class=\"d-flex align-items-center gap-4 justify-content-end\">\n                       <div class=\"swiper-button-prev\"><img decoding=\"async\" alt=\"icon\" src=\"https:\/\/ga-p.com\/wp-content\/themes\/ga-p\/assets\/images\/slider-arrow.svg\" \/><\/div>\n                       <div class=\"swiper-button-next\"><img decoding=\"async\" alt=\"icon\" src=\"https:\/\/ga-p.com\/wp-content\/themes\/ga-p\/assets\/images\/slider-arrow.svg\" \/><\/div>\n                   <\/div>\n               <\/div>\n           <\/div>\n       <\/div>\n    <\/div>\n    <div class=\"tab-content\" id=\"nav-tabContent\">\n                            <div class=\"tab-pane fade show active\" id=\"nav-noticias\" role=\"tabpanel\" aria-labelledby=\"nav-noticias-tab\" tabindex=\"0\">\n                <div class=\"swiper mySwiper swiperNot\">\n                    <div class=\"swiper-wrapper\">\n                                                    <div class=\"swiper-slide y2025\">\n                                <a style=\"text-decoration: none\" href=\"https:\/\/ga-p.com\/en\/news\/gomez-acebo-pombo-advises-pai-partners-on-the-sale-of-grupo-uvesco-bm-supermercados-and-super-amara\/\">\n    <div class=\"noticiaCard\">\n        <div class=\"content\">\n            <div class=\"tag\">NEWS<\/div>\n            <div class=\"titulo\">\n                G\u00f3mez-Acebo &amp; Pombo advises PAI Partners on the sale of Grupo Uvesco (BM Supermercados and Super Amara)            <\/div>\n            <div class=\"excerpt\">\n                G\u00f3mez-Acebo &#038; Pombo has advised PAI Partners on the sale of Grupo Uvesco (BM Supermercados and Super Amara) to a consortium of Basque investors led by its CEO (Angel Jare\u00f1o) and also formed by Stellum Capital, Inveready and Indar (Kutxabank), amongst others. GA_P advised PAI at every step of the legal process.            <\/div>\n            <div class=\"fecha d-flex align-items-center gap-2\">\n                <img decoding=\"async\" alt=\"icon\" src=\"https:\/\/ga-p.com\/wp-content\/themes\/ga-p\/assets\/images\/clock-icon.svg\" \/>\n                26 Dec, 2025            <\/div>\n\n\n                            <div class=\"author d-flex align-items-center gap-2\">\n                    <img decoding=\"async\" alt=\"icon\" src=\"https:\/\/ga-p.com\/wp-content\/themes\/ga-p\/assets\/images\/author-icon.svg\" \/><span>\n                    Pablo Fern\u00e1ndez Cortijo, Andr\u00e9s Castro, Jos\u00e9 Luis Rodr\u00edguez, Andrew Ward, Luis Cuesta, Carles Armi\u00f1o, Rafael Espinosa, Carmen Garc\u00eda, Diego Rizo, Carmen Abad, Beatriz Garc\u00eda-Ferrer, Fernando Trigo, Marta Rey, Isabel Band\u00edn, Marta Mart\u00ednez-Almeida                <\/span><\/div>\n            \n        <\/div>\n        <div class=\"openCard me-0 ms-auto\">\n            <img decoding=\"async\" alt=\"icon\" src=\"https:\/\/ga-p.com\/wp-content\/themes\/ga-p\/assets\/images\/arrow-open.svg\" \/>\n            <img decoding=\"async\" alt=\"icon\" src=\"https:\/\/ga-p.com\/wp-content\/themes\/ga-p\/assets\/images\/arrow-open.svg\" \/>\n        <\/div>\n    <\/div>\n<\/a>\n                            <\/div>\n                                                    <div class=\"swiper-slide y2025\">\n                                <a style=\"text-decoration: none\" href=\"https:\/\/ga-p.com\/en\/news\/ga_p-advises-messis-socimi-on-its-agreement-with-melia\/\">\n    <div class=\"noticiaCard\">\n        <div class=\"content\">\n            <div class=\"tag\">NEWS<\/div>\n            <div class=\"titulo\">\n                GA_P advises Messi\u2019s Socimi on its agreement with Meli\u00e1            <\/div>\n            <div class=\"excerpt\">\n                G\u00f3mez-Acebo &#038; Pombo has advised Edificio Rostower (the Socimi owned by Argentine football player Lionel Messi) on the signing of its agreement with Meli\u00e1 Hotels International for the management of the six hotels operating under the MiM brand.            <\/div>\n            <div class=\"fecha d-flex align-items-center gap-2\">\n                <img decoding=\"async\" alt=\"icon\" src=\"https:\/\/ga-p.com\/wp-content\/themes\/ga-p\/assets\/images\/clock-icon.svg\" \/>\n                13 Nov, 2025            <\/div>\n\n\n                            <div class=\"author d-flex align-items-center gap-2\">\n                    <img decoding=\"async\" alt=\"icon\" src=\"https:\/\/ga-p.com\/wp-content\/themes\/ga-p\/assets\/images\/author-icon.svg\" \/><span>\n                    Augusto Pi\u00f1el, Jacobo Palanca, Beatriz Dosd\u00e1, Javier Vinuesa, Iv\u00e1n Escribano, Enrique Isla, Carmen Garc\u00eda, B\u00e1rbara Sa\u00ednz de Vicun\u0303a, Mo\u0301nica Esteve                <\/span><\/div>\n            \n        <\/div>\n        <div class=\"openCard me-0 ms-auto\">\n            <img decoding=\"async\" alt=\"icon\" src=\"https:\/\/ga-p.com\/wp-content\/themes\/ga-p\/assets\/images\/arrow-open.svg\" \/>\n            <img decoding=\"async\" alt=\"icon\" src=\"https:\/\/ga-p.com\/wp-content\/themes\/ga-p\/assets\/images\/arrow-open.svg\" \/>\n        <\/div>\n    <\/div>\n<\/a>\n                            <\/div>\n                                                    <div class=\"swiper-slide y2025\">\n                                <a style=\"text-decoration: none\" href=\"https:\/\/ga-p.com\/en\/news\/ga_p-advises-helia-renovables-ii-f-c-r-and-plenium-on-the-sale-of-a-renewables-portfolio-to-la-caisse-cdpq\/\">\n    <div class=\"noticiaCard\">\n        <div class=\"content\">\n            <div class=\"tag\">NEWS<\/div>\n            <div class=\"titulo\">\n                GA_P advises Helia Renovables II and Plenium on the sale of a renewables portfolio to La Caisse (CDPQ) for \u20ac1.1bn            <\/div>\n            <div class=\"excerpt\">\n                G\u00f3mez-Acebo &#038; Pombo has advised Helia Renovables II, F.C.R. and Plenium Partners on the sale of a portfolio of 53 operational photovoltaic assets, with a combined capacity of 260 MW, to Canadian investor La Caisse (CDPQ), through its subsidiary Velto Renewables, for approximately \u20ac1.1bn.            <\/div>\n            <div class=\"fecha d-flex align-items-center gap-2\">\n                <img decoding=\"async\" alt=\"icon\" src=\"https:\/\/ga-p.com\/wp-content\/themes\/ga-p\/assets\/images\/clock-icon.svg\" \/>\n                18 Sep, 2025            <\/div>\n\n\n                            <div class=\"author d-flex align-items-center gap-2\">\n                    <img decoding=\"async\" alt=\"icon\" src=\"https:\/\/ga-p.com\/wp-content\/themes\/ga-p\/assets\/images\/author-icon.svg\" \/><span>\n                    Ver\u00f3nica Roman\u00ed, Diego Mart\u00ednez Colino, Laura Rey, Juan Pe\u0301rez, Roberto Bustamante, , Paula Garc\u00eda, \u00c1lvaro Obreg\u00f3n, Carmen Garc\u00eda                <\/span><\/div>\n            \n        <\/div>\n        <div class=\"openCard me-0 ms-auto\">\n            <img decoding=\"async\" alt=\"icon\" src=\"https:\/\/ga-p.com\/wp-content\/themes\/ga-p\/assets\/images\/arrow-open.svg\" \/>\n            <img decoding=\"async\" alt=\"icon\" src=\"https:\/\/ga-p.com\/wp-content\/themes\/ga-p\/assets\/images\/arrow-open.svg\" \/>\n        <\/div>\n    <\/div>\n<\/a>\n                            <\/div>\n                                                    <div class=\"swiper-slide y2025\">\n                                <a style=\"text-decoration: none\" href=\"https:\/\/ga-p.com\/en\/news\/ga_p-advises-venanpri-group-parent-company-of-bellota-herramientas-on-the-sale-of-three-of-its-logistics-warehouses-in-the-basque-country\/\">\n    <div class=\"noticiaCard\">\n        <div class=\"content\">\n            <div class=\"tag\">NEWS<\/div>\n            <div class=\"titulo\">\n                GA_P advises Venanpri group, parent company of Bellota Herramientas, on the sale of three of its logistics warehouses in the Basque Country            <\/div>\n            <div class=\"excerpt\">\n                G\u00f3mez-Acebo &#038; Pombo has advised Venanpri Group, parent company of Bellota Herramientas, a company specialising in the manufacture of tools for agriculture, construction and industry, on the sale of three of its logistics warehouses in the Basque Country.            <\/div>\n            <div class=\"fecha d-flex align-items-center gap-2\">\n                <img decoding=\"async\" alt=\"icon\" src=\"https:\/\/ga-p.com\/wp-content\/themes\/ga-p\/assets\/images\/clock-icon.svg\" \/>\n                28 Mar, 2025            <\/div>\n\n\n                            <div class=\"author d-flex align-items-center gap-2\">\n                    <img decoding=\"async\" alt=\"icon\" src=\"https:\/\/ga-p.com\/wp-content\/themes\/ga-p\/assets\/images\/author-icon.svg\" \/><span>\n                    Estibaliz Aranburu, Carmen Garc\u00eda, Paula Zarzalejos,                 <\/span><\/div>\n            \n        <\/div>\n        <div class=\"openCard me-0 ms-auto\">\n            <img decoding=\"async\" alt=\"icon\" src=\"https:\/\/ga-p.com\/wp-content\/themes\/ga-p\/assets\/images\/arrow-open.svg\" \/>\n            <img decoding=\"async\" alt=\"icon\" src=\"https:\/\/ga-p.com\/wp-content\/themes\/ga-p\/assets\/images\/arrow-open.svg\" \/>\n        <\/div>\n    <\/div>\n<\/a>\n                            <\/div>\n                                            <\/div>\n                <\/div>\n            <\/div>\n                    <\/div>\n    <div class=\"swiperPagination\">\n        <div class=\"container\">\n            <div class=\"row\">\n                <div class=\"col-6 col-lg-12 swiperBulletsMobile\">\n                    <div class=\"swiperBullets swiperRecPagination active\" data-bullets=\"#nav-reconocimientos\"><\/div>\n                    <div class=\"swiperBullets swiperNotPagination\" data-bullets=\"#nav-noticias\"><\/div>\n                    <div class=\"swiperBullets swiperComPagination\" data-bullets=\"#nav-comit\u00e9s\"><\/div>\n                <\/div>\n                <div class=\"d-block d-lg-none col-6 swiperArrowsMobile\">\n                    <div class=\"swiperRecArrows swiperArrows active\" data-arrows=\"#nav-reconocimientos\">\n                        <div class=\"d-flex align-items-center gap-4 justify-content-end\">\n                            <div class=\"swiper-button-prev\"><img decoding=\"async\" alt=\"icon\" src=\"https:\/\/ga-p.com\/wp-content\/themes\/ga-p\/assets\/images\/slider-arrow.svg\" \/><\/div>\n                            <div class=\"swiper-button-next\"><img decoding=\"async\" alt=\"icon\" src=\"https:\/\/ga-p.com\/wp-content\/themes\/ga-p\/assets\/images\/slider-arrow.svg\" \/><\/div>\n                        <\/div>\n                    <\/div>\n                    <div class=\"swiperNotArrows swiperArrows\" data-arrows=\"#nav-noticias\">\n                        <div class=\"d-flex align-items-center gap-4 justify-content-end\">\n                            <div class=\"swiper-button-prev\"><img decoding=\"async\" alt=\"icon\" src=\"https:\/\/ga-p.com\/wp-content\/themes\/ga-p\/assets\/images\/slider-arrow.svg\" \/><\/div>\n                            <div class=\"swiper-button-next\"><img decoding=\"async\" alt=\"icon\" src=\"https:\/\/ga-p.com\/wp-content\/themes\/ga-p\/assets\/images\/slider-arrow.svg\" \/><\/div>\n                        <\/div>\n                    <\/div>\n                    <div class=\"swiperComArrows swiperArrows\" data-arrows=\"#nav-comit\u00e9s\">\n                        <div class=\"d-flex align-items-center gap-4 justify-content-end\">\n                            <div class=\"swiper-button-prev\"><img decoding=\"async\" alt=\"icon\" src=\"https:\/\/ga-p.com\/wp-content\/themes\/ga-p\/assets\/images\/slider-arrow.svg\" \/><\/div>\n                            <div class=\"swiper-button-next\"><img decoding=\"async\" alt=\"icon\" src=\"https:\/\/ga-p.com\/wp-content\/themes\/ga-p\/assets\/images\/slider-arrow.svg\" \/><\/div>\n                        <\/div>\n                    <\/div>\n                <\/div>\n            <\/div>\n        <\/div>\n    <\/div>\n<\/div>\n\n<script>\n    const opciones_participacion_array = [\n                {label: '2025', value: 'y2025'},\n            ]\n<\/script>\n\n        ","protected":false},"excerpt":{"rendered":"","protected":false},"featured_media":348379,"template":"","cargo":[151],"cargo-por-genero":[291],"personas-categoria":[],"class_list":["post-318083","persona","type-persona","status-publish","has-post-thumbnail","hentry","cargo-senior-associate","cargo-por-genero-senior-associate"],"acf":[],"yoast_head":"<!-- This site is optimized with the Yoast SEO plugin v27.3 - https:\/\/yoast.com\/product\/yoast-seo-wordpress\/ -->\n<title>Carmen Garc\u00eda - Despacho de abogados G\u00f3mez-Acebo y Pombo<\/title>\n<meta name=\"robots\" content=\"noindex, nofollow\" \/>\n<meta property=\"og:locale\" content=\"en_US\" \/>\n<meta property=\"og:type\" content=\"article\" \/>\n<meta property=\"og:title\" content=\"Carmen Garc\u00eda - Despacho de abogados G\u00f3mez-Acebo y Pombo\" \/>\n<meta property=\"og:url\" content=\"https:\/\/ga-p.com\/en\/person\/carmen-garcia\/\" \/>\n<meta property=\"og:site_name\" content=\"Despacho de abogados G\u00f3mez-Acebo y Pombo\" \/>\n<meta property=\"article:modified_time\" content=\"2026-04-17T09:47:08+00:00\" \/>\n<meta property=\"og:image\" content=\"https:\/\/ga-p.com\/wp-content\/uploads\/2024\/10\/Carmen-Garcia-1.png\" \/>\n\t<meta property=\"og:image:width\" content=\"424\" \/>\n\t<meta property=\"og:image:height\" content=\"424\" \/>\n\t<meta property=\"og:image:type\" content=\"image\/png\" \/>\n<meta name=\"twitter:card\" content=\"summary_large_image\" \/>\n<meta name=\"twitter:label1\" content=\"Est. reading time\" \/>\n\t<meta name=\"twitter:data1\" content=\"1 minute\" \/>\n<script type=\"application\/ld+json\" class=\"yoast-schema-graph\">{\"@context\":\"https:\\\/\\\/schema.org\",\"@graph\":[{\"@type\":\"WebPage\",\"@id\":\"https:\\\/\\\/ga-p.com\\\/en\\\/person\\\/carmen-garcia\\\/\",\"url\":\"https:\\\/\\\/ga-p.com\\\/en\\\/person\\\/carmen-garcia\\\/\",\"name\":\"Carmen Garc\u00eda - Despacho de abogados G\u00f3mez-Acebo y Pombo\",\"isPartOf\":{\"@id\":\"https:\\\/\\\/ga-p.com\\\/en\\\/#website\"},\"primaryImageOfPage\":{\"@id\":\"https:\\\/\\\/ga-p.com\\\/en\\\/person\\\/carmen-garcia\\\/#primaryimage\"},\"image\":{\"@id\":\"https:\\\/\\\/ga-p.com\\\/en\\\/person\\\/carmen-garcia\\\/#primaryimage\"},\"thumbnailUrl\":\"https:\\\/\\\/ga-p.com\\\/wp-content\\\/uploads\\\/2024\\\/10\\\/Carmen-Garcia-1.png\",\"datePublished\":\"2024-10-23T16:15:03+00:00\",\"dateModified\":\"2026-04-17T09:47:08+00:00\",\"breadcrumb\":{\"@id\":\"https:\\\/\\\/ga-p.com\\\/en\\\/person\\\/carmen-garcia\\\/#breadcrumb\"},\"inLanguage\":\"en-US\",\"potentialAction\":[{\"@type\":\"ReadAction\",\"target\":[\"https:\\\/\\\/ga-p.com\\\/en\\\/person\\\/carmen-garcia\\\/\"]}]},{\"@type\":\"ImageObject\",\"inLanguage\":\"en-US\",\"@id\":\"https:\\\/\\\/ga-p.com\\\/en\\\/person\\\/carmen-garcia\\\/#primaryimage\",\"url\":\"https:\\\/\\\/ga-p.com\\\/wp-content\\\/uploads\\\/2024\\\/10\\\/Carmen-Garcia-1.png\",\"contentUrl\":\"https:\\\/\\\/ga-p.com\\\/wp-content\\\/uploads\\\/2024\\\/10\\\/Carmen-Garcia-1.png\",\"width\":424,\"height\":424},{\"@type\":\"BreadcrumbList\",\"@id\":\"https:\\\/\\\/ga-p.com\\\/en\\\/person\\\/carmen-garcia\\\/#breadcrumb\",\"itemListElement\":[{\"@type\":\"ListItem\",\"position\":1,\"name\":\"Portada\",\"item\":\"https:\\\/\\\/ga-p.com\\\/en\\\/\"},{\"@type\":\"ListItem\",\"position\":2,\"name\":\"Carmen Garc\u00eda\"}]},{\"@type\":\"WebSite\",\"@id\":\"https:\\\/\\\/ga-p.com\\\/en\\\/#website\",\"url\":\"https:\\\/\\\/ga-p.com\\\/en\\\/\",\"name\":\"Despacho de abogados G\u00f3mez-Acebo & Pombo\",\"description\":\"G\u00f3mez-Acebo y Pombo es una firma de abogados independiente, con experiencia internacional, especializada en todas las \u00e1reas del derecho de los negocio.\",\"publisher\":{\"@id\":\"https:\\\/\\\/ga-p.com\\\/en\\\/#organization\"},\"potentialAction\":[{\"@type\":\"SearchAction\",\"target\":{\"@type\":\"EntryPoint\",\"urlTemplate\":\"https:\\\/\\\/ga-p.com\\\/en\\\/?s={search_term_string}\"},\"query-input\":{\"@type\":\"PropertyValueSpecification\",\"valueRequired\":true,\"valueName\":\"search_term_string\"}}],\"inLanguage\":\"en-US\"},{\"@type\":\"Organization\",\"@id\":\"https:\\\/\\\/ga-p.com\\\/en\\\/#organization\",\"name\":\"Despacho de abogados G\u00f3mez-Acebo & Pombo\",\"url\":\"https:\\\/\\\/ga-p.com\\\/en\\\/\",\"logo\":{\"@type\":\"ImageObject\",\"inLanguage\":\"en-US\",\"@id\":\"https:\\\/\\\/ga-p.com\\\/en\\\/#\\\/schema\\\/logo\\\/image\\\/\",\"url\":\"https:\\\/\\\/ga-p.com\\\/wp-content\\\/uploads\\\/2024\\\/09\\\/Logo-1-1.svg\",\"contentUrl\":\"https:\\\/\\\/ga-p.com\\\/wp-content\\\/uploads\\\/2024\\\/09\\\/Logo-1-1.svg\",\"caption\":\"Despacho de abogados G\u00f3mez-Acebo & Pombo\"},\"image\":{\"@id\":\"https:\\\/\\\/ga-p.com\\\/en\\\/#\\\/schema\\\/logo\\\/image\\\/\"}}]}<\/script>\n<!-- \/ Yoast SEO plugin. -->","yoast_head_json":{"title":"Carmen Garc\u00eda - Despacho de abogados G\u00f3mez-Acebo y Pombo","robots":{"index":"noindex","follow":"nofollow"},"og_locale":"en_US","og_type":"article","og_title":"Carmen Garc\u00eda - Despacho de abogados G\u00f3mez-Acebo y Pombo","og_url":"https:\/\/ga-p.com\/en\/person\/carmen-garcia\/","og_site_name":"Despacho de abogados G\u00f3mez-Acebo y Pombo","article_modified_time":"2026-04-17T09:47:08+00:00","og_image":[{"width":424,"height":424,"url":"https:\/\/ga-p.com\/wp-content\/uploads\/2024\/10\/Carmen-Garcia-1.png","type":"image\/png"}],"twitter_card":"summary_large_image","twitter_misc":{"Est. reading time":"1 minute"},"schema":{"@context":"https:\/\/schema.org","@graph":[{"@type":"WebPage","@id":"https:\/\/ga-p.com\/en\/person\/carmen-garcia\/","url":"https:\/\/ga-p.com\/en\/person\/carmen-garcia\/","name":"Carmen Garc\u00eda - Despacho de abogados G\u00f3mez-Acebo y Pombo","isPartOf":{"@id":"https:\/\/ga-p.com\/en\/#website"},"primaryImageOfPage":{"@id":"https:\/\/ga-p.com\/en\/person\/carmen-garcia\/#primaryimage"},"image":{"@id":"https:\/\/ga-p.com\/en\/person\/carmen-garcia\/#primaryimage"},"thumbnailUrl":"https:\/\/ga-p.com\/wp-content\/uploads\/2024\/10\/Carmen-Garcia-1.png","datePublished":"2024-10-23T16:15:03+00:00","dateModified":"2026-04-17T09:47:08+00:00","breadcrumb":{"@id":"https:\/\/ga-p.com\/en\/person\/carmen-garcia\/#breadcrumb"},"inLanguage":"en-US","potentialAction":[{"@type":"ReadAction","target":["https:\/\/ga-p.com\/en\/person\/carmen-garcia\/"]}]},{"@type":"ImageObject","inLanguage":"en-US","@id":"https:\/\/ga-p.com\/en\/person\/carmen-garcia\/#primaryimage","url":"https:\/\/ga-p.com\/wp-content\/uploads\/2024\/10\/Carmen-Garcia-1.png","contentUrl":"https:\/\/ga-p.com\/wp-content\/uploads\/2024\/10\/Carmen-Garcia-1.png","width":424,"height":424},{"@type":"BreadcrumbList","@id":"https:\/\/ga-p.com\/en\/person\/carmen-garcia\/#breadcrumb","itemListElement":[{"@type":"ListItem","position":1,"name":"Portada","item":"https:\/\/ga-p.com\/en\/"},{"@type":"ListItem","position":2,"name":"Carmen Garc\u00eda"}]},{"@type":"WebSite","@id":"https:\/\/ga-p.com\/en\/#website","url":"https:\/\/ga-p.com\/en\/","name":"Despacho de abogados G\u00f3mez-Acebo & Pombo","description":"G\u00f3mez-Acebo y Pombo es una firma de abogados independiente, con experiencia internacional, especializada en todas las \u00e1reas del derecho de los negocio.","publisher":{"@id":"https:\/\/ga-p.com\/en\/#organization"},"potentialAction":[{"@type":"SearchAction","target":{"@type":"EntryPoint","urlTemplate":"https:\/\/ga-p.com\/en\/?s={search_term_string}"},"query-input":{"@type":"PropertyValueSpecification","valueRequired":true,"valueName":"search_term_string"}}],"inLanguage":"en-US"},{"@type":"Organization","@id":"https:\/\/ga-p.com\/en\/#organization","name":"Despacho de abogados G\u00f3mez-Acebo & Pombo","url":"https:\/\/ga-p.com\/en\/","logo":{"@type":"ImageObject","inLanguage":"en-US","@id":"https:\/\/ga-p.com\/en\/#\/schema\/logo\/image\/","url":"https:\/\/ga-p.com\/wp-content\/uploads\/2024\/09\/Logo-1-1.svg","contentUrl":"https:\/\/ga-p.com\/wp-content\/uploads\/2024\/09\/Logo-1-1.svg","caption":"Despacho de abogados G\u00f3mez-Acebo & Pombo"},"image":{"@id":"https:\/\/ga-p.com\/en\/#\/schema\/logo\/image\/"}}]}},"_links":{"self":[{"href":"https:\/\/ga-p.com\/en\/wp-json\/wp\/v2\/persona\/318083","targetHints":{"allow":["GET"]}}],"collection":[{"href":"https:\/\/ga-p.com\/en\/wp-json\/wp\/v2\/persona"}],"about":[{"href":"https:\/\/ga-p.com\/en\/wp-json\/wp\/v2\/types\/persona"}],"wp:featuredmedia":[{"embeddable":true,"href":"https:\/\/ga-p.com\/en\/wp-json\/wp\/v2\/media\/348379"}],"wp:attachment":[{"href":"https:\/\/ga-p.com\/en\/wp-json\/wp\/v2\/media?parent=318083"}],"wp:term":[{"taxonomy":"cargo","embeddable":true,"href":"https:\/\/ga-p.com\/en\/wp-json\/wp\/v2\/cargo?post=318083"},{"taxonomy":"cargo-por-genero","embeddable":true,"href":"https:\/\/ga-p.com\/en\/wp-json\/wp\/v2\/cargo-por-genero?post=318083"},{"taxonomy":"personas-categoria","embeddable":true,"href":"https:\/\/ga-p.com\/en\/wp-json\/wp\/v2\/personas-categoria?post=318083"}],"curies":[{"name":"wp","href":"https:\/\/api.w.org\/{rel}","templated":true}]}}