{"id":394778,"date":"2026-04-27T10:58:56","date_gmt":"2026-04-27T08:58:56","guid":{"rendered":"https:\/\/ga-p.com\/?post_type=persona&#038;p=394778"},"modified":"2026-04-27T11:05:25","modified_gmt":"2026-04-27T09:05:25","slug":"jose-luis-rodriguez-2","status":"publish","type":"persona","link":"https:\/\/ga-p.com\/en\/person\/jose-luis-rodriguez-2\/","title":{"rendered":"Jos\u00e9 Luis Rodr\u00edguez"},"content":{"rendered":"\n\n<div id=\"Volver-block_f9b27b4a25d9501ff47e73b287e3be44\" class=\"d-none d-lg-block Volver\" style=\"background-color: #FFFFFF\">\n    <div class=\"container\">\n        <div class=\"row\">\n            <div class=\"col-12\">\n                <div class=\"backTo d-flex align-items-center gap-2\" onclick=\"window.location.href='https:\/\/ga-p.com\/en\/people\/';\">\n                    <img decoding=\"async\" alt=\"icon\" src=\"https:\/\/ga-p.com\/wp-content\/themes\/ga-p\/assets\/images\/left-arrow-orange.svg\" \/>\n                    <div class=\"text\">Go back to <strong>People<\/strong><\/div>\n                <\/div>\n            <\/div>\n        <\/div>\n    <\/div>\n<\/div>\n\n\n\n<div id=\"PersonaHeader-block_80dde4c41d5b8d269a4ae6aa97e10d58\" class=\"PersonaHeader\">\n    <div class=\"customContainer right\">\n        <div class=\"content\" style=\"background-image:url(https:\/\/ga-p.com\/wp-content\/uploads\/2024\/05\/Fondo-personas-nueva-web.webp)\">\n            <img fetchpriority=\"high\" decoding=\"async\" width=\"424\" height=\"424\" src=\"https:\/\/ga-p.com\/wp-content\/uploads\/2026\/04\/Jose-Luis-Rodriguez-sem-fundo.png\" class=\"personaThumb wp-post-image\" alt=\"Jos\u00e9 Luis Rodr\u00edguez\" loading=\"eager\" srcset=\"https:\/\/ga-p.com\/wp-content\/uploads\/2026\/04\/Jose-Luis-Rodriguez-sem-fundo.png 424w, https:\/\/ga-p.com\/wp-content\/uploads\/2026\/04\/Jose-Luis-Rodriguez-sem-fundo-300x300.png 300w, https:\/\/ga-p.com\/wp-content\/uploads\/2026\/04\/Jose-Luis-Rodriguez-sem-fundo-150x150.png 150w\" sizes=\"(max-width: 424px) 100vw, 424px\" \/>        <\/div>\n        <h1 class=\"col-lg-4 col-12 p-0 title\">Jos\u00e9 Luis Rodr\u00edguez<\/h1>\n    <\/div>\n    <div class=\"personalFixedTitle d-block d-md-none\">\n        <div class=\"container\">\n            <div class=\"row\">\n                <div class=\"col-12\">\n                    <div class=\"personalFixed\">\n                        <img decoding=\"async\" width=\"424\" height=\"424\" src=\"https:\/\/ga-p.com\/wp-content\/uploads\/2026\/04\/Jose-Luis-Rodriguez-sem-fundo.png\" class=\"personaThumb wp-post-image\" alt=\"Jos\u00e9 Luis Rodr\u00edguez\" loading=\"eager\" style=\"background-image:url(https:\/\/ga-p.com\/wp-content\/uploads\/2024\/05\/Fondo-personas-nueva-web.webp)\" srcset=\"https:\/\/ga-p.com\/wp-content\/uploads\/2026\/04\/Jose-Luis-Rodriguez-sem-fundo.png 424w, https:\/\/ga-p.com\/wp-content\/uploads\/2026\/04\/Jose-Luis-Rodriguez-sem-fundo-300x300.png 300w, https:\/\/ga-p.com\/wp-content\/uploads\/2026\/04\/Jose-Luis-Rodriguez-sem-fundo-150x150.png 150w\" sizes=\"(max-width: 424px) 100vw, 424px\" \/>                        <div class=\"modalTitle\">Jos\u00e9 Luis Rodr\u00edguez<\/div>\n                    <\/div>\n                <\/div>\n            <\/div>\n        <\/div>\n    <\/div>\n    <style>\n        .PersonaHeader{opacity:0;}\n    <\/style>\n<\/div>\n\n<div class=\"personaCV\" style=\"display:none\">\n    <div class=\"container\">\n        <a class=\"primaryCta scaleFromLeft rotateIcon\" id=\"cv\"><span>See full resume<\/span>\n            <div class=\"containerImg\"><img decoding=\"async\" alt=\"icon\" src=\"https:\/\/ga-p.com\/wp-content\/themes\/ga-p\/assets\/images\/external-icon.svg\" \/><\/div>\n        <\/a>\n    <\/div>\n    <script>\n        const post_name_persona=\"jose-luis-rodriguez-2\";\n    <\/script>\n<\/div>\n\n\n\n<div class=\"pdf\" style=\"display:none\">\n    <div class=\"PersonaHeaderCV\">\n        <div class=\"customContainer right\">\n            <div class=\"content\" style=\"background-image:url(https:\/\/ga-p.com\/wp-content\/uploads\/2024\/05\/Fondo-personas-nueva-web.webp)\">\n                <img decoding=\"async\" src=\"https:\/\/ga-p.com\/wp-content\/uploads\/2026\/04\/Jose-Luis-Rodriguez-sem-fundo.png\" class=\"personaThumb\">\n            <\/div>\n        <\/div>\n    <\/div>\n\n    <div class=\"PersonaInformacionCV container\">\n        <div class=\"personal_office col-6 offset-6\">\n            <div class=\"personal\">\n                                    <div class=\"info\">\n                        <div class=\"title\">Position<\/div>\n                        <div class=\"text\">Senior associate<\/div>\n                    <\/div>\n                \n                                    <div class=\"info\">\n                        <div class=\"title\">Telephone<\/div>\n                        <div class=\"text\">+34 649 966 899<\/div>\n                    <\/div>\n                                                    <div class=\"info\">\n                        <div class=\"title\">Email<\/div>\n                        <div class=\"text\">jlrodriguez@ga-p.com<\/div>\n                    <\/div>\n                                                    <div class=\"info\">\n                        <div class=\"title\">N\u00ba collegiate member<\/div>\n                        <div class=\"text\">129.902 ICAM<\/div>\n                    <\/div>\n                                            <\/div>\n                            <div class=\"office\">\n                    <div class=\"title\">Office of Madrid<\/div>\n                                            <div class=\"d-flex align-item-center gap-2 mb-2\">\n                            <img decoding=\"async\" alt=\"icon\" src=\"https:\/\/ga-p.com\/wp-content\/themes\/ga-p\/assets\/images\/office-primary.svg\" \/>\n                            <div class=\"text\">Paseo de la Castellana, 216. 28046 Madrid (Spain)<\/div>\n                        <\/div>\n                                                                <div class=\"d-flex align-item-center gap-2 mb-2\">\n                            <img decoding=\"async\" alt=\"icon\" src=\"https:\/\/ga-p.com\/wp-content\/themes\/ga-p\/assets\/images\/mobile-primary.svg\" \/>\n                            <div class=\"text\">(+34) 91 582 91 00<\/div>\n                        <\/div>\n                                                                <div class=\"d-flex align-item-center gap-2\">\n                            <img decoding=\"async\" alt=\"icon\" src=\"https:\/\/ga-p.com\/wp-content\/themes\/ga-p\/assets\/images\/email-primary.svg\" \/>\n                            <div class=\"text\">madrid@ga-p.com<\/div>\n                        <\/div>\n                                    <\/div>\n                    <\/div>\n    <\/div>\n\n    <div class=\"container\">\n        <div class=\"row\">\n            <div class=\"col-6 izquierda\">\n                <div class=\"title\">Jos\u00e9 Luis Rodr\u00edguez<\/div>\n            <\/div>\n            <div class=\"col-6 derecha\">\n            <\/div>\n        <\/div>\n    <\/div>\n<\/div>\n\n<div id=\"ColumnaContenido-block_f6da80c5a07ee3ccaf51a814c26f569a\" class=\"transparente ColumnaContenido\">\n    <div class=\"container\">\n        <div class=\"row\">\n            <div class=\"col-12 col-lg-7 offset-lg-5\">\n                <div class=\"acf-innerblocks-container\">\n\n\n<div id=\"PersonaInformacion-block_d2fc0dcbd6b4d1221c153e02d1aaca96\" class=\"PersonaInformacion\">\n\n    <div class=\"personal_office\">\n        <div class=\"personal\">\n\n                            <div class=\"info\">\n                    <div class=\"title\">Position<\/div>\n                    <div class=\"text\">Senior associate<\/div>\n                <\/div>\n            \n                        <div class=\"info\">\n                <div class=\"title\">Telephone<\/div>\n                <div class=\"text\">+34 649 966 899<\/div>\n            <\/div>\n                                        <div class=\"info\">\n                    <div class=\"title\">Email<\/div>\n                    <div class=\"text\">jlrodriguez@ga-p.com<\/div>\n                <\/div>\n                                        <div class=\"info\">\n                    <div class=\"title\">N\u00ba collegiate member<\/div>\n                    <div class=\"text\">129.902 ICAM<\/div>\n                <\/div>\n                    <\/div>\n                    <div class=\"office\">\n                <div class=\"title\">Madrid Office<\/div>\n\n                                <div class=\"d-flex align-item-center gap-2 mb-2\">\n                    <img decoding=\"async\" alt=\"icon\" src=\"https:\/\/ga-p.com\/wp-content\/themes\/ga-p\/assets\/images\/office-primary.svg\" \/>\n                    <div class=\"text\">Paseo de la Castellana, 216. 28046 Madrid (Spain)<\/div>\n                <\/div>\n                                                    <div class=\"d-flex align-item-center gap-2 mb-2\">\n                        <img decoding=\"async\" alt=\"icon\" src=\"https:\/\/ga-p.com\/wp-content\/themes\/ga-p\/assets\/images\/mobile-primary.svg\" \/>\n                        <div class=\"text\">(+34) 91 582 91 00<\/div>\n                    <\/div>\n                                                    <div class=\"d-flex align-item-center gap-2\">\n                        <img decoding=\"async\" alt=\"icon\" src=\"https:\/\/ga-p.com\/wp-content\/themes\/ga-p\/assets\/images\/email-primary.svg\" \/>\n                        <div class=\"text\">madrid@ga-p.com<\/div>\n                    <\/div>\n                            <\/div>\n            <\/div>\n    \n<\/div>\n\n<\/div>\n            <\/div>\n        <\/div>\n    <\/div>\n<\/div>\n\n\n<div id=\"ColumnaContenido-block_dbbe59e61b4f2629aa2974aea2ba4369\" class=\"blanco ColumnaContenido\">\n    <div class=\"container\">\n        <div class=\"row\">\n            <div class=\"col-12 col-lg-7 offset-lg-5\">\n                <div class=\"acf-innerblocks-container\">\n\n<h2 class=\"wp-block-heading\">Jos\u00e9 Luis is a senior associate in the\u00a0Corporate\u00a0area\u00a0at G\u00f3mez-Acebo &amp; Pombo.\u00a0<\/h2>\n\n\n\n<p>He specializes in corporate law and mergers and acquisitions (M&amp;A), with a strong focus on&nbsp;mid-market&nbsp;transactions, as well as private equity and venture capital deals. In recent years, he has advised on some of the most notable transactions in these areas in the Spanish market.&nbsp;<\/p>\n\n\n\n<p>He holds a&nbsp;Law&nbsp;Degree from the&nbsp;Complutense&nbsp;University of&nbsp;Madrid&nbsp;(Spain). He also holds&nbsp;a dual&nbsp;master\u2019s&nbsp;degree&nbsp;in&nbsp;Business&nbsp;Law and&nbsp;Legal&nbsp;Practice&nbsp;from the University of Navarra&nbsp;(Spain), and a&nbsp;master&#8217;s degree&nbsp;in Corporate Governance and M&amp;A Transactions from the&nbsp;Autonomous University of&nbsp;Madrid.&nbsp;<\/p>\n\n\n\n<p>Jos\u00e9 Luis is the author and co-author of various specialized legal publications on corporate law.&nbsp;<\/p>\n\n\n\n\n\n\n\n<div id=\"PersonaAcordeon-block_f4a949712c49f2a71af027a80d5c9efd\" class=\"PersonaAcordeon\">\n\n    <div class=\"accordion accordion-flush\" id=\"accordion-PersonaAcordeon-block_f4a949712c49f2a71af027a80d5c9efd\">\n        <div class=\"accordion-item\">\n            <h2 class=\"accordion-header\">\n                <button class=\"accordion-button collapsed gap-3 align-items-start\" type=\"button\" data-bs-toggle=\"collapse\" data-bs-target=\"#flush-PersonaAcordeon-block_f4a949712c49f2a71af027a80d5c9efd\" aria-expanded=\"false\" aria-controls=\"flush-PersonaAcordeon-block_f4a949712c49f2a71af027a80d5c9efd\">\n                    <img decoding=\"async\" width=\"1\" height=\"1\" src=\"https:\/\/ga-p.com\/wp-content\/uploads\/2024\/04\/educacion-icon.svg\" class=\"\" alt=\"educacion-icon\" loading=\"lazy\" \/>                    Education and professional career\n                <\/button>\n            <\/h2>\n            <div id=\"flush-PersonaAcordeon-block_f4a949712c49f2a71af027a80d5c9efd\" class=\"accordion-collapse collapse\" data-bs-parent=\"#accordion-PersonaAcordeon-block_f4a949712c49f2a71af027a80d5c9efd\">\n                <div class=\"accordion-body\">\n                                                                        <div class=\"itemCont noDate\">\n                                <div class=\"item-no-bullet\"><p><strong><span class=\"NormalTextRun SCXW46286686 BCX0\" data-ccp-parastyle=\"Default\" data-ccp-parastyle-defn=\"{&quot;ObjectId&quot;:&quot;272499da-5523-5969-b17c-4f82c0ce3910|1&quot;,&quot;ClassId&quot;:1073872969,&quot;Properties&quot;:[469775450,&quot;Default&quot;,201340122,&quot;2&quot;,134233614,&quot;true&quot;,469778129,&quot;Default&quot;,335572020,&quot;1&quot;,469777842,&quot;Calibri&quot;,335551500,&quot;0&quot;,268442635,&quot;24&quot;,469777841,&quot;Calibri&quot;,469777843,&quot;Calibri&quot;,469777844,&quot;Calibri&quot;,469769226,&quot;Calibri,Times New Roman&quot;]}\">He joined\u00a0<\/span><span class=\"NormalTextRun SCXW46286686 BCX0\" data-ccp-parastyle=\"Default\">G\u00f3mez-Acebo\u00a0<\/span><span class=\"NormalTextRun SCXW46286686 BCX0\" data-ccp-parastyle=\"Default\">&amp; Pombo in<\/span><span class=\"NormalTextRun SCXW46286686 BCX0\" data-ccp-parastyle=\"Default\">\u00a0202<\/span><span class=\"NormalTextRun SCXW46286686 BCX0\" data-ccp-parastyle=\"Default\">5<\/span><span class=\"NormalTextRun SCXW46286686 BCX0\" data-ccp-parastyle=\"Default\">.<\/span><\/strong><\/p>\n<\/div>\n                            <\/div>\n                                                    <div class=\"itemCont noDate\">\n                                <div class=\"item\"><p><span class=\"TextRun SCXW44897329 BCX0\" lang=\"EN-US\" xml:lang=\"EN-US\" data-contrast=\"auto\"><span class=\"NormalTextRun SCXW44897329 BCX0\" data-ccp-parastyle=\"Default\" data-ccp-parastyle-defn=\"{&quot;ObjectId&quot;:&quot;272499da-5523-5969-b17c-4f82c0ce3910|1&quot;,&quot;ClassId&quot;:1073872969,&quot;Properties&quot;:[469775450,&quot;Default&quot;,201340122,&quot;2&quot;,134233614,&quot;true&quot;,469778129,&quot;Default&quot;,335572020,&quot;1&quot;,469777842,&quot;Calibri&quot;,335551500,&quot;0&quot;,268442635,&quot;24&quot;,469777841,&quot;Calibri&quot;,469777843,&quot;Calibri&quot;,469777844,&quot;Calibri&quot;,469769226,&quot;Calibri,Times New Roman&quot;]}\">2015\u00a0<\/span><span class=\"NormalTextRun SCXW44897329 BCX0\" data-ccp-parastyle=\"Default\">|\u00a0<\/span><span class=\"NormalTextRun SCXW44897329 BCX0\" data-ccp-parastyle=\"Default\">Degree in Law from the\u00a0<\/span><span class=\"NormalTextRun SCXW44897329 BCX0\" data-ccp-parastyle=\"Default\">Complutense\u00a0<\/span><span class=\"NormalTextRun SCXW44897329 BCX0\" data-ccp-parastyle=\"Default\">University of\u00a0<\/span><span class=\"NormalTextRun SCXW44897329 BCX0\" data-ccp-parastyle=\"Default\">Madrid<\/span><span class=\"NormalTextRun SCXW44897329 BCX0\" data-ccp-parastyle=\"Default\">\u00a0(Spain)<\/span><span class=\"NormalTextRun SCXW44897329 BCX0\" data-ccp-parastyle=\"Default\">.<\/span><\/span><span class=\"EOP SCXW44897329 BCX0\" data-ccp-props=\"{&quot;134233117&quot;:false,&quot;134233118&quot;:false,&quot;201341983&quot;:2,&quot;335551550&quot;:1,&quot;335551620&quot;:1,&quot;335559685&quot;:0,&quot;335559737&quot;:0,&quot;335559738&quot;:0,&quot;335559739&quot;:120,&quot;335559740&quot;:300}\">\u00a0<\/span><\/p>\n<\/div>\n                            <\/div>\n                                                    <div class=\"itemCont noDate\">\n                                <div class=\"item\"><p><span class=\"TextRun SCXW93594393 BCX0\" lang=\"EN-US\" xml:lang=\"EN-US\" data-contrast=\"auto\"><span class=\"NormalTextRun SCXW93594393 BCX0\" data-ccp-parastyle=\"Default\" data-ccp-parastyle-defn=\"{&quot;ObjectId&quot;:&quot;272499da-5523-5969-b17c-4f82c0ce3910|1&quot;,&quot;ClassId&quot;:1073872969,&quot;Properties&quot;:[469775450,&quot;Default&quot;,201340122,&quot;2&quot;,134233614,&quot;true&quot;,469778129,&quot;Default&quot;,335572020,&quot;1&quot;,469777842,&quot;Calibri&quot;,335551500,&quot;0&quot;,268442635,&quot;24&quot;,469777841,&quot;Calibri&quot;,469777843,&quot;Calibri&quot;,469777844,&quot;Calibri&quot;,469769226,&quot;Calibri,Times New Roman&quot;]}\">2017\u00a0<\/span><span class=\"NormalTextRun SCXW93594393 BCX0\" data-ccp-parastyle=\"Default\">|\u00a0<\/span><span class=\"NormalTextRun SCXW93594393 BCX0\" data-ccp-parastyle=\"Default\">Dual\u00a0<\/span><span class=\"NormalTextRun ContextualSpellingAndGrammarErrorV2Themed SCXW93594393 BCX0\" data-ccp-parastyle=\"Default\">m<\/span><span class=\"NormalTextRun ContextualSpellingAndGrammarErrorV2Themed SCXW93594393 BCX0\" data-ccp-parastyle=\"Default\">aster\u2019s\u00a0<\/span><span class=\"NormalTextRun ContextualSpellingAndGrammarErrorV2Themed SCXW93594393 BCX0\" data-ccp-parastyle=\"Default\">d<\/span><span class=\"NormalTextRun ContextualSpellingAndGrammarErrorV2Themed SCXW93594393 BCX0\" data-ccp-parastyle=\"Default\">egree in Business Law and Legal Practice from the Iniversity of Navarra (Spain).<\/span><\/span><span class=\"EOP SCXW93594393 BCX0\" data-ccp-props=\"{&quot;201341983&quot;:2,&quot;335559739&quot;:120,&quot;335559740&quot;:300}\">\u00a0<\/span><\/p>\n<\/div>\n                            <\/div>\n                                                    <div class=\"itemCont noDate\">\n                                <div class=\"item\"><p><span class=\"TextRun SCXW83740882 BCX0\" lang=\"EN-US\" xml:lang=\"EN-US\" data-contrast=\"auto\"><span class=\"NormalTextRun SCXW83740882 BCX0\" data-ccp-parastyle=\"Default\" data-ccp-parastyle-defn=\"{&quot;ObjectId&quot;:&quot;272499da-5523-5969-b17c-4f82c0ce3910|1&quot;,&quot;ClassId&quot;:1073872969,&quot;Properties&quot;:[469775450,&quot;Default&quot;,201340122,&quot;2&quot;,134233614,&quot;true&quot;,469778129,&quot;Default&quot;,335572020,&quot;1&quot;,469777842,&quot;Calibri&quot;,335551500,&quot;0&quot;,268442635,&quot;24&quot;,469777841,&quot;Calibri&quot;,469777843,&quot;Calibri&quot;,469777844,&quot;Calibri&quot;,469769226,&quot;Calibri,Times New Roman&quot;]}\">2023\u00a0<\/span><span class=\"NormalTextRun SCXW83740882 BCX0\" data-ccp-parastyle=\"Default\">|\u00a0<\/span><span class=\"NormalTextRun SCXW83740882 BCX0\" data-ccp-parastyle=\"Default\">Master\u00a0<\/span><span class=\"NormalTextRun SCXW83740882 BCX0\" data-ccp-parastyle=\"Default\">in Corporate Governance and M&amp;A Transactions from the\u00a0<\/span><span class=\"NormalTextRun SCXW83740882 BCX0\" data-ccp-parastyle=\"Default\">Autonomous University of Madrid (Spain)<\/span><span class=\"NormalTextRun SCXW83740882 BCX0\" data-ccp-parastyle=\"Default\">.<\/span><\/span><span class=\"EOP SCXW83740882 BCX0\" data-ccp-props=\"{&quot;201341983&quot;:2,&quot;335559739&quot;:120,&quot;335559740&quot;:300}\">\u00a0<\/span><\/p>\n<\/div>\n                            <\/div>\n                                                    <div class=\"itemCont noDate\">\n                                <div class=\"item\"><p><span class=\"TextRun SCXW183088267 BCX0\" lang=\"EN-US\" xml:lang=\"EN-US\" data-contrast=\"auto\"><span class=\"NormalTextRun SCXW183088267 BCX0\" data-ccp-parastyle=\"Default\" data-ccp-parastyle-defn=\"{&quot;ObjectId&quot;:&quot;272499da-5523-5969-b17c-4f82c0ce3910|1&quot;,&quot;ClassId&quot;:1073872969,&quot;Properties&quot;:[469775450,&quot;Default&quot;,201340122,&quot;2&quot;,134233614,&quot;true&quot;,469778129,&quot;Default&quot;,335572020,&quot;1&quot;,469777842,&quot;Calibri&quot;,335551500,&quot;0&quot;,268442635,&quot;24&quot;,469777841,&quot;Calibri&quot;,469777843,&quot;Calibri&quot;,469777844,&quot;Calibri&quot;,469769226,&quot;Calibri,Times New Roman&quot;]}\">2024\u00a0<\/span><span class=\"NormalTextRun SCXW183088267 BCX0\" data-ccp-parastyle=\"Default\">|\u00a0<\/span><span class=\"NormalTextRun SCXW183088267 BCX0\" data-ccp-parastyle=\"Default\">Associate at a\u00a0<\/span><span class=\"NormalTextRun SCXW183088267 BCX0\" data-ccp-parastyle=\"Default\">relevant\u00a0<\/span><span class=\"NormalTextRun SCXW183088267 BCX0\" data-ccp-parastyle=\"Default\">national law firm<\/span><span class=\"NormalTextRun SCXW183088267 BCX0\" data-ccp-parastyle=\"Default\">.<\/span><\/span><span class=\"EOP SCXW183088267 BCX0\" data-ccp-props=\"{&quot;201341983&quot;:2,&quot;335559739&quot;:120,&quot;335559740&quot;:300}\">\u00a0<\/span><\/p>\n<\/div>\n                            <\/div>\n                                                            <\/div>\n            <\/div>\n        <\/div>\n    <\/div>\n\n<\/div>\n\n\n\n<div id=\"PersonaAcordeon-block_849a482df2c3a21c9c02377de0e39a9c\" class=\"PersonaAcordeon\">\n\n    <div class=\"accordion accordion-flush\" id=\"accordion-PersonaAcordeon-block_849a482df2c3a21c9c02377de0e39a9c\">\n        <div class=\"accordion-item\">\n            <h2 class=\"accordion-header\">\n                <button class=\"accordion-button collapsed gap-3 align-items-start\" type=\"button\" data-bs-toggle=\"collapse\" data-bs-target=\"#flush-PersonaAcordeon-block_849a482df2c3a21c9c02377de0e39a9c\" aria-expanded=\"false\" aria-controls=\"flush-PersonaAcordeon-block_849a482df2c3a21c9c02377de0e39a9c\">\n                    <img decoding=\"async\" width=\"1\" height=\"1\" src=\"https:\/\/ga-p.com\/wp-content\/uploads\/2024\/04\/entidades.svg\" class=\"\" alt=\"entidades\" loading=\"lazy\" \/>                    Membership of professional bodies and associations\n                <\/button>\n            <\/h2>\n            <div id=\"flush-PersonaAcordeon-block_849a482df2c3a21c9c02377de0e39a9c\" class=\"accordion-collapse collapse\" data-bs-parent=\"#accordion-PersonaAcordeon-block_849a482df2c3a21c9c02377de0e39a9c\">\n                <div class=\"accordion-body\">\n                                                                        <div class=\"itemCont noDate\">\n                                <div class=\"item\"><p><span class=\"TextRun SCXW257868482 BCX0\" lang=\"EN-US\" xml:lang=\"EN-US\" data-contrast=\"auto\"><span class=\"NormalTextRun SCXW257868482 BCX0\">Member of the\u00a0<\/span><span class=\"NormalTextRun SCXW257868482 BCX0\">Madrid<\/span><span class=\"NormalTextRun SCXW257868482 BCX0\">\u00a0Bar<\/span><span class=\"NormalTextRun SCXW257868482 BCX0\">\u00a0Association<\/span><span class=\"NormalTextRun SCXW257868482 BCX0\">\u00a0(ICAM)<\/span><span class=\"NormalTextRun SCXW257868482 BCX0\">.<\/span><\/span><span class=\"EOP SCXW257868482 BCX0\" data-ccp-props=\"{&quot;201341983&quot;:2,&quot;335559739&quot;:60,&quot;335559740&quot;:300}\">\u00a0<\/span><\/p>\n<\/div>\n                            <\/div>\n                                                            <\/div>\n            <\/div>\n        <\/div>\n    <\/div>\n\n<\/div>\n\n\n\n<div id=\"PersonaAcordeon-block_b437a81f6b9d8c3b927c6ba950aef185\" class=\"PersonaAcordeon\">\n\n    <div class=\"accordion accordion-flush\" id=\"accordion-PersonaAcordeon-block_b437a81f6b9d8c3b927c6ba950aef185\">\n        <div class=\"accordion-item\">\n            <h2 class=\"accordion-header\">\n                <button class=\"accordion-button collapsed gap-3 align-items-start\" type=\"button\" data-bs-toggle=\"collapse\" data-bs-target=\"#flush-PersonaAcordeon-block_b437a81f6b9d8c3b927c6ba950aef185\" aria-expanded=\"false\" aria-controls=\"flush-PersonaAcordeon-block_b437a81f6b9d8c3b927c6ba950aef185\">\n                    <img decoding=\"async\" width=\"1\" height=\"1\" src=\"https:\/\/ga-p.com\/wp-content\/uploads\/2024\/04\/idiomas-icon.svg\" class=\"\" alt=\"idiomas-icon\" loading=\"lazy\" \/>                    Languages\n                <\/button>\n            <\/h2>\n            <div id=\"flush-PersonaAcordeon-block_b437a81f6b9d8c3b927c6ba950aef185\" class=\"accordion-collapse collapse\" data-bs-parent=\"#accordion-PersonaAcordeon-block_b437a81f6b9d8c3b927c6ba950aef185\">\n                <div class=\"accordion-body\">\n                                                                        <div class=\"itemCont noDate\">\n                                <div class=\"item\"><p>Spanish<\/p>\n<\/div>\n                            <\/div>\n                                                    <div class=\"itemCont noDate\">\n                                <div class=\"item\"><p><span class=\"TextRun SCXW256680005 BCX0\" lang=\"ES-ES\" xml:lang=\"ES-ES\" data-contrast=\"auto\"><span class=\"NormalTextRun ContextualSpellingAndGrammarErrorV2Themed GrammarErrorHighlight SCXW256680005 BCX0\">English<\/span><\/span><\/p>\n<\/div>\n                            <\/div>\n                                                            <\/div>\n            <\/div>\n        <\/div>\n    <\/div>\n\n<\/div>\n\n\n\n\n\n<div id=\"Boton-block_165cc9ea93e6fdca27a0f4b833a34838\" class=\"Boton\">\n\n    <\/div>\n\n<\/div>\n            <\/div>\n        <\/div>\n    <\/div>\n<\/div>\n","protected":false},"excerpt":{"rendered":"<p>Jos\u00e9 Luis es asociado senior de Mercantil de G\u00f3mez-Acebo &#038; Pombo.<\/p>\n","protected":false},"featured_media":394781,"template":"","cargo":[151],"cargo-por-genero":[295],"personas-categoria":[],"class_list":["post-394778","persona","type-persona","status-publish","has-post-thumbnail","hentry","cargo-senior-associate","cargo-por-genero-senior-associate-m"],"acf":[],"yoast_head":"<!-- This site is optimized with the Yoast SEO plugin v27.3 - https:\/\/yoast.com\/product\/yoast-seo-wordpress\/ -->\n<title>Jos\u00e9 Luis Rodr\u00edguez - Despacho de abogados G\u00f3mez-Acebo y Pombo<\/title>\n<meta name=\"description\" content=\"Arnau Galera es asociado s\u00e9nior de Inmobiliario y Derecho P\u00fablico de G\u00f3mez-Acebo y Pombo.\" \/>\n<meta name=\"robots\" content=\"noindex, nofollow\" \/>\n<meta property=\"og:locale\" content=\"en_US\" \/>\n<meta property=\"og:type\" content=\"article\" \/>\n<meta property=\"og:title\" content=\"Jos\u00e9 Luis Rodr\u00edguez - Despacho de abogados G\u00f3mez-Acebo y Pombo\" \/>\n<meta property=\"og:description\" content=\"Arnau Galera es asociado s\u00e9nior de Inmobiliario y Derecho P\u00fablico de G\u00f3mez-Acebo y Pombo.\" \/>\n<meta property=\"og:url\" content=\"https:\/\/ga-p.com\/en\/person\/jose-luis-rodriguez-2\/\" \/>\n<meta property=\"og:site_name\" content=\"Despacho de abogados G\u00f3mez-Acebo y Pombo\" \/>\n<meta property=\"article:modified_time\" content=\"2026-04-27T09:05:25+00:00\" \/>\n<meta property=\"og:image\" content=\"https:\/\/ga-p.com\/wp-content\/uploads\/2026\/04\/Jose-Luis-Rodriguez-sem-fundo.png\" \/>\n\t<meta property=\"og:image:width\" content=\"424\" \/>\n\t<meta property=\"og:image:height\" content=\"424\" \/>\n\t<meta property=\"og:image:type\" content=\"image\/png\" \/>\n<meta name=\"twitter:card\" content=\"summary_large_image\" \/>\n<meta name=\"twitter:label1\" content=\"Est. reading time\" \/>\n\t<meta name=\"twitter:data1\" content=\"1 minute\" \/>\n<script type=\"application\/ld+json\" class=\"yoast-schema-graph\">{\"@context\":\"https:\\\/\\\/schema.org\",\"@graph\":[{\"@type\":\"WebPage\",\"@id\":\"https:\\\/\\\/ga-p.com\\\/en\\\/person\\\/jose-luis-rodriguez-2\\\/\",\"url\":\"https:\\\/\\\/ga-p.com\\\/en\\\/person\\\/jose-luis-rodriguez-2\\\/\",\"name\":\"Jos\u00e9 Luis Rodr\u00edguez - Despacho de abogados G\u00f3mez-Acebo y Pombo\",\"isPartOf\":{\"@id\":\"https:\\\/\\\/ga-p.com\\\/en\\\/#website\"},\"primaryImageOfPage\":{\"@id\":\"https:\\\/\\\/ga-p.com\\\/en\\\/person\\\/jose-luis-rodriguez-2\\\/#primaryimage\"},\"image\":{\"@id\":\"https:\\\/\\\/ga-p.com\\\/en\\\/person\\\/jose-luis-rodriguez-2\\\/#primaryimage\"},\"thumbnailUrl\":\"https:\\\/\\\/ga-p.com\\\/wp-content\\\/uploads\\\/2026\\\/04\\\/Jose-Luis-Rodriguez-sem-fundo.png\",\"datePublished\":\"2026-04-27T08:58:56+00:00\",\"dateModified\":\"2026-04-27T09:05:25+00:00\",\"description\":\"Arnau Galera es asociado s\u00e9nior de Inmobiliario y Derecho P\u00fablico de G\u00f3mez-Acebo y Pombo.\",\"breadcrumb\":{\"@id\":\"https:\\\/\\\/ga-p.com\\\/en\\\/person\\\/jose-luis-rodriguez-2\\\/#breadcrumb\"},\"inLanguage\":\"en-US\",\"potentialAction\":[{\"@type\":\"ReadAction\",\"target\":[\"https:\\\/\\\/ga-p.com\\\/en\\\/person\\\/jose-luis-rodriguez-2\\\/\"]}]},{\"@type\":\"ImageObject\",\"inLanguage\":\"en-US\",\"@id\":\"https:\\\/\\\/ga-p.com\\\/en\\\/person\\\/jose-luis-rodriguez-2\\\/#primaryimage\",\"url\":\"https:\\\/\\\/ga-p.com\\\/wp-content\\\/uploads\\\/2026\\\/04\\\/Jose-Luis-Rodriguez-sem-fundo.png\",\"contentUrl\":\"https:\\\/\\\/ga-p.com\\\/wp-content\\\/uploads\\\/2026\\\/04\\\/Jose-Luis-Rodriguez-sem-fundo.png\",\"width\":424,\"height\":424},{\"@type\":\"BreadcrumbList\",\"@id\":\"https:\\\/\\\/ga-p.com\\\/en\\\/person\\\/jose-luis-rodriguez-2\\\/#breadcrumb\",\"itemListElement\":[{\"@type\":\"ListItem\",\"position\":1,\"name\":\"Portada\",\"item\":\"https:\\\/\\\/ga-p.com\\\/en\\\/\"},{\"@type\":\"ListItem\",\"position\":2,\"name\":\"Jos\u00e9 Luis Rodr\u00edguez\"}]},{\"@type\":\"WebSite\",\"@id\":\"https:\\\/\\\/ga-p.com\\\/en\\\/#website\",\"url\":\"https:\\\/\\\/ga-p.com\\\/en\\\/\",\"name\":\"Despacho de abogados G\u00f3mez-Acebo & Pombo\",\"description\":\"G\u00f3mez-Acebo y Pombo es una firma de abogados independiente, con experiencia internacional, especializada en todas las \u00e1reas del derecho de los negocio.\",\"publisher\":{\"@id\":\"https:\\\/\\\/ga-p.com\\\/en\\\/#organization\"},\"potentialAction\":[{\"@type\":\"SearchAction\",\"target\":{\"@type\":\"EntryPoint\",\"urlTemplate\":\"https:\\\/\\\/ga-p.com\\\/en\\\/?s={search_term_string}\"},\"query-input\":{\"@type\":\"PropertyValueSpecification\",\"valueRequired\":true,\"valueName\":\"search_term_string\"}}],\"inLanguage\":\"en-US\"},{\"@type\":\"Organization\",\"@id\":\"https:\\\/\\\/ga-p.com\\\/en\\\/#organization\",\"name\":\"Despacho de abogados G\u00f3mez-Acebo & Pombo\",\"url\":\"https:\\\/\\\/ga-p.com\\\/en\\\/\",\"logo\":{\"@type\":\"ImageObject\",\"inLanguage\":\"en-US\",\"@id\":\"https:\\\/\\\/ga-p.com\\\/en\\\/#\\\/schema\\\/logo\\\/image\\\/\",\"url\":\"https:\\\/\\\/ga-p.com\\\/wp-content\\\/uploads\\\/2024\\\/09\\\/Logo-1-1.svg\",\"contentUrl\":\"https:\\\/\\\/ga-p.com\\\/wp-content\\\/uploads\\\/2024\\\/09\\\/Logo-1-1.svg\",\"caption\":\"Despacho de abogados G\u00f3mez-Acebo & Pombo\"},\"image\":{\"@id\":\"https:\\\/\\\/ga-p.com\\\/en\\\/#\\\/schema\\\/logo\\\/image\\\/\"}}]}<\/script>\n<!-- \/ Yoast SEO plugin. -->","yoast_head_json":{"title":"Jos\u00e9 Luis Rodr\u00edguez - Despacho de abogados G\u00f3mez-Acebo y Pombo","description":"Arnau Galera es asociado s\u00e9nior de Inmobiliario y Derecho P\u00fablico de G\u00f3mez-Acebo y Pombo.","robots":{"index":"noindex","follow":"nofollow"},"og_locale":"en_US","og_type":"article","og_title":"Jos\u00e9 Luis Rodr\u00edguez - Despacho de abogados G\u00f3mez-Acebo y Pombo","og_description":"Arnau Galera es asociado s\u00e9nior de Inmobiliario y Derecho P\u00fablico de G\u00f3mez-Acebo y Pombo.","og_url":"https:\/\/ga-p.com\/en\/person\/jose-luis-rodriguez-2\/","og_site_name":"Despacho de abogados G\u00f3mez-Acebo y Pombo","article_modified_time":"2026-04-27T09:05:25+00:00","og_image":[{"width":424,"height":424,"url":"https:\/\/ga-p.com\/wp-content\/uploads\/2026\/04\/Jose-Luis-Rodriguez-sem-fundo.png","type":"image\/png"}],"twitter_card":"summary_large_image","twitter_misc":{"Est. reading time":"1 minute"},"schema":{"@context":"https:\/\/schema.org","@graph":[{"@type":"WebPage","@id":"https:\/\/ga-p.com\/en\/person\/jose-luis-rodriguez-2\/","url":"https:\/\/ga-p.com\/en\/person\/jose-luis-rodriguez-2\/","name":"Jos\u00e9 Luis Rodr\u00edguez - Despacho de abogados G\u00f3mez-Acebo y Pombo","isPartOf":{"@id":"https:\/\/ga-p.com\/en\/#website"},"primaryImageOfPage":{"@id":"https:\/\/ga-p.com\/en\/person\/jose-luis-rodriguez-2\/#primaryimage"},"image":{"@id":"https:\/\/ga-p.com\/en\/person\/jose-luis-rodriguez-2\/#primaryimage"},"thumbnailUrl":"https:\/\/ga-p.com\/wp-content\/uploads\/2026\/04\/Jose-Luis-Rodriguez-sem-fundo.png","datePublished":"2026-04-27T08:58:56+00:00","dateModified":"2026-04-27T09:05:25+00:00","description":"Arnau Galera es asociado s\u00e9nior de Inmobiliario y Derecho P\u00fablico de G\u00f3mez-Acebo y Pombo.","breadcrumb":{"@id":"https:\/\/ga-p.com\/en\/person\/jose-luis-rodriguez-2\/#breadcrumb"},"inLanguage":"en-US","potentialAction":[{"@type":"ReadAction","target":["https:\/\/ga-p.com\/en\/person\/jose-luis-rodriguez-2\/"]}]},{"@type":"ImageObject","inLanguage":"en-US","@id":"https:\/\/ga-p.com\/en\/person\/jose-luis-rodriguez-2\/#primaryimage","url":"https:\/\/ga-p.com\/wp-content\/uploads\/2026\/04\/Jose-Luis-Rodriguez-sem-fundo.png","contentUrl":"https:\/\/ga-p.com\/wp-content\/uploads\/2026\/04\/Jose-Luis-Rodriguez-sem-fundo.png","width":424,"height":424},{"@type":"BreadcrumbList","@id":"https:\/\/ga-p.com\/en\/person\/jose-luis-rodriguez-2\/#breadcrumb","itemListElement":[{"@type":"ListItem","position":1,"name":"Portada","item":"https:\/\/ga-p.com\/en\/"},{"@type":"ListItem","position":2,"name":"Jos\u00e9 Luis Rodr\u00edguez"}]},{"@type":"WebSite","@id":"https:\/\/ga-p.com\/en\/#website","url":"https:\/\/ga-p.com\/en\/","name":"Despacho de abogados G\u00f3mez-Acebo & Pombo","description":"G\u00f3mez-Acebo y Pombo es una firma de abogados independiente, con experiencia internacional, especializada en todas las \u00e1reas del derecho de los negocio.","publisher":{"@id":"https:\/\/ga-p.com\/en\/#organization"},"potentialAction":[{"@type":"SearchAction","target":{"@type":"EntryPoint","urlTemplate":"https:\/\/ga-p.com\/en\/?s={search_term_string}"},"query-input":{"@type":"PropertyValueSpecification","valueRequired":true,"valueName":"search_term_string"}}],"inLanguage":"en-US"},{"@type":"Organization","@id":"https:\/\/ga-p.com\/en\/#organization","name":"Despacho de abogados G\u00f3mez-Acebo & Pombo","url":"https:\/\/ga-p.com\/en\/","logo":{"@type":"ImageObject","inLanguage":"en-US","@id":"https:\/\/ga-p.com\/en\/#\/schema\/logo\/image\/","url":"https:\/\/ga-p.com\/wp-content\/uploads\/2024\/09\/Logo-1-1.svg","contentUrl":"https:\/\/ga-p.com\/wp-content\/uploads\/2024\/09\/Logo-1-1.svg","caption":"Despacho de abogados G\u00f3mez-Acebo & Pombo"},"image":{"@id":"https:\/\/ga-p.com\/en\/#\/schema\/logo\/image\/"}}]}},"_links":{"self":[{"href":"https:\/\/ga-p.com\/en\/wp-json\/wp\/v2\/persona\/394778","targetHints":{"allow":["GET"]}}],"collection":[{"href":"https:\/\/ga-p.com\/en\/wp-json\/wp\/v2\/persona"}],"about":[{"href":"https:\/\/ga-p.com\/en\/wp-json\/wp\/v2\/types\/persona"}],"wp:featuredmedia":[{"embeddable":true,"href":"https:\/\/ga-p.com\/en\/wp-json\/wp\/v2\/media\/394781"}],"wp:attachment":[{"href":"https:\/\/ga-p.com\/en\/wp-json\/wp\/v2\/media?parent=394778"}],"wp:term":[{"taxonomy":"cargo","embeddable":true,"href":"https:\/\/ga-p.com\/en\/wp-json\/wp\/v2\/cargo?post=394778"},{"taxonomy":"cargo-por-genero","embeddable":true,"href":"https:\/\/ga-p.com\/en\/wp-json\/wp\/v2\/cargo-por-genero?post=394778"},{"taxonomy":"personas-categoria","embeddable":true,"href":"https:\/\/ga-p.com\/en\/wp-json\/wp\/v2\/personas-categoria?post=394778"}],"curies":[{"name":"wp","href":"https:\/\/api.w.org\/{rel}","templated":true}]}}