{"id":66771,"date":"2024-06-25T17:12:56","date_gmt":"2024-06-25T15:12:56","guid":{"rendered":"https:\/\/ga-p.com\/persona\/blanca-garcia-de-madriaga\/"},"modified":"2026-02-04T12:27:28","modified_gmt":"2026-02-04T11:27:28","slug":"blanca-garcia-de-madriaga","status":"publish","type":"persona","link":"https:\/\/ga-p.com\/en\/person\/blanca-garcia-de-madriaga\/","title":{"rendered":"Blanca Garc\u00eda de Madariaga"},"content":{"rendered":"\n\n<div id=\"Volver-block_19b284a47c2dc754e78579932e654275\" class=\"d-none d-lg-block Volver\" style=\"background-color: #FFFFFF\">\n    <div class=\"container\">\n        <div class=\"row\">\n            <div class=\"col-12\">\n                <div class=\"backTo d-flex align-items-center gap-2\" onclick=\"window.location.href='https:\/\/ga-p.com\/en\/people\/';\">\n                    <img decoding=\"async\" alt=\"icon\" src=\"https:\/\/ga-p.com\/wp-content\/themes\/ga-p\/assets\/images\/left-arrow-orange.svg\" \/>\n                    <div class=\"text\">Go back to <strong>People<\/strong><\/div>\n                <\/div>\n            <\/div>\n        <\/div>\n    <\/div>\n<\/div>\n\n\n\n<div id=\"PersonaHeader-block_2b51eca2784f5848801e962d2df42481\" class=\"PersonaHeader\">\n    <div class=\"customContainer right\">\n        <div class=\"content\" style=\"background-image:url(https:\/\/ga-p.com\/wp-content\/uploads\/2024\/05\/Fondo-personas-nueva-web.webp)\">\n            <img fetchpriority=\"high\" decoding=\"async\" width=\"424\" height=\"424\" src=\"https:\/\/ga-p.com\/wp-content\/uploads\/2024\/06\/Blanca-Garcia.png\" class=\"personaThumb wp-post-image\" alt=\"Blanca Garc\u00eda de Madariaga\" loading=\"eager\" srcset=\"https:\/\/ga-p.com\/wp-content\/uploads\/2024\/06\/Blanca-Garcia.png 424w, https:\/\/ga-p.com\/wp-content\/uploads\/2024\/06\/Blanca-Garcia-300x300.png 300w, https:\/\/ga-p.com\/wp-content\/uploads\/2024\/06\/Blanca-Garcia-150x150.png 150w\" sizes=\"(max-width: 424px) 100vw, 424px\" \/>        <\/div>\n        <h1 class=\"col-lg-4 col-12 p-0 title\">Blanca Garc\u00eda de Madariaga<\/h1>\n    <\/div>\n    <div class=\"personalFixedTitle d-block d-md-none\">\n        <div class=\"container\">\n            <div class=\"row\">\n                <div class=\"col-12\">\n                    <div class=\"personalFixed\">\n                        <img decoding=\"async\" width=\"424\" height=\"424\" src=\"https:\/\/ga-p.com\/wp-content\/uploads\/2024\/06\/Blanca-Garcia.png\" class=\"personaThumb wp-post-image\" alt=\"Blanca Garc\u00eda de Madariaga\" loading=\"eager\" style=\"background-image:url(https:\/\/ga-p.com\/wp-content\/uploads\/2024\/05\/Fondo-personas-nueva-web.webp)\" srcset=\"https:\/\/ga-p.com\/wp-content\/uploads\/2024\/06\/Blanca-Garcia.png 424w, https:\/\/ga-p.com\/wp-content\/uploads\/2024\/06\/Blanca-Garcia-300x300.png 300w, https:\/\/ga-p.com\/wp-content\/uploads\/2024\/06\/Blanca-Garcia-150x150.png 150w\" sizes=\"(max-width: 424px) 100vw, 424px\" \/>                        <div class=\"modalTitle\">Blanca Garc\u00eda de Madariaga<\/div>\n                    <\/div>\n                <\/div>\n            <\/div>\n        <\/div>\n    <\/div>\n    <style>\n        .PersonaHeader{opacity:0;}\n    <\/style>\n<\/div>\n\n<div class=\"personaCV\" style=\"display:none\">\n    <div class=\"container\">\n        <a class=\"primaryCta scaleFromLeft rotateIcon\" id=\"cv\"><span>See full resume<\/span>\n            <div class=\"containerImg\"><img decoding=\"async\" alt=\"icon\" src=\"https:\/\/ga-p.com\/wp-content\/themes\/ga-p\/assets\/images\/external-icon.svg\" \/><\/div>\n        <\/a>\n    <\/div>\n    <script>\n        const post_name_persona=\"blanca-garcia-de-madriaga\";\n    <\/script>\n<\/div>\n\n\n\n<div class=\"pdf\" style=\"display:none\">\n    <div class=\"PersonaHeaderCV\">\n        <div class=\"customContainer right\">\n            <div class=\"content\" style=\"background-image:url(https:\/\/ga-p.com\/wp-content\/uploads\/2024\/05\/Fondo-personas-nueva-web.webp)\">\n                <img decoding=\"async\" src=\"https:\/\/ga-p.com\/wp-content\/uploads\/2024\/06\/Blanca-Garcia.png\" class=\"personaThumb\">\n            <\/div>\n        <\/div>\n    <\/div>\n\n    <div class=\"PersonaInformacionCV container\">\n        <div class=\"personal_office col-6 offset-6\">\n            <div class=\"personal\">\n                                    <div class=\"info\">\n                        <div class=\"title\">Position<\/div>\n                        <div class=\"text\">Senior associate<\/div>\n                    <\/div>\n                \n                                    <div class=\"info\">\n                        <div class=\"title\">Telephone<\/div>\n                        <div class=\"text\">+34 686 172 000<\/div>\n                    <\/div>\n                                                    <div class=\"info\">\n                        <div class=\"title\">Email<\/div>\n                        <div class=\"text\">bgdemadariaga@ga-p.com<\/div>\n                    <\/div>\n                                                    <div class=\"info\">\n                        <div class=\"title\">N\u00ba collegiate member<\/div>\n                        <div class=\"text\">130,803 ICAM<\/div>\n                    <\/div>\n                                            <\/div>\n                            <div class=\"office\">\n                    <div class=\"title\">Office of Madrid<\/div>\n                                            <div class=\"d-flex align-item-center gap-2 mb-2\">\n                            <img decoding=\"async\" alt=\"icon\" src=\"https:\/\/ga-p.com\/wp-content\/themes\/ga-p\/assets\/images\/office-primary.svg\" \/>\n                            <div class=\"text\">Paseo de la Castellana, 216. 28046 Madrid (Spain)<\/div>\n                        <\/div>\n                                                                <div class=\"d-flex align-item-center gap-2 mb-2\">\n                            <img decoding=\"async\" alt=\"icon\" src=\"https:\/\/ga-p.com\/wp-content\/themes\/ga-p\/assets\/images\/mobile-primary.svg\" \/>\n                            <div class=\"text\">(+34) 91 582 91 00<\/div>\n                        <\/div>\n                                                                <div class=\"d-flex align-item-center gap-2\">\n                            <img decoding=\"async\" alt=\"icon\" src=\"https:\/\/ga-p.com\/wp-content\/themes\/ga-p\/assets\/images\/email-primary.svg\" \/>\n                            <div class=\"text\">madrid@ga-p.com<\/div>\n                        <\/div>\n                                    <\/div>\n                    <\/div>\n    <\/div>\n\n    <div class=\"container\">\n        <div class=\"row\">\n            <div class=\"col-6 izquierda\">\n                <div class=\"title\">Blanca Garc\u00eda de Madariaga<\/div>\n            <\/div>\n            <div class=\"col-6 derecha\">\n            <\/div>\n        <\/div>\n    <\/div>\n<\/div>\n\n<div id=\"ColumnaContenido-block_21eaf0151dd5644cfe23bc388e2c5604\" class=\"transparente ColumnaContenido\">\n    <div class=\"container\">\n        <div class=\"row\">\n            <div class=\"col-12 col-lg-7 offset-lg-5\">\n                <div class=\"acf-innerblocks-container\">\n\n\n<div id=\"PersonaInformacion-block_a231dd01ddf3db66349b3ed3f149f2fc\" class=\"PersonaInformacion\">\n\n    <div class=\"personal_office\">\n        <div class=\"personal\">\n\n                            <div class=\"info\">\n                    <div class=\"title\">Position<\/div>\n                    <div class=\"text\">Senior associate<\/div>\n                <\/div>\n            \n                        <div class=\"info\">\n                <div class=\"title\">Telephone<\/div>\n                <div class=\"text\">+34 686 172 000<\/div>\n            <\/div>\n                                        <div class=\"info\">\n                    <div class=\"title\">Email<\/div>\n                    <div class=\"text\">bgdemadariaga@ga-p.com<\/div>\n                <\/div>\n                                        <div class=\"info\">\n                    <div class=\"title\">N\u00ba collegiate member<\/div>\n                    <div class=\"text\">130,803 ICAM<\/div>\n                <\/div>\n                    <\/div>\n                    <div class=\"office\">\n                <div class=\"title\">Madrid Office<\/div>\n\n                                <div class=\"d-flex align-item-center gap-2 mb-2\">\n                    <img decoding=\"async\" alt=\"icon\" src=\"https:\/\/ga-p.com\/wp-content\/themes\/ga-p\/assets\/images\/office-primary.svg\" \/>\n                    <div class=\"text\">Paseo de la Castellana, 216. 28046 Madrid (Spain)<\/div>\n                <\/div>\n                                                    <div class=\"d-flex align-item-center gap-2 mb-2\">\n                        <img decoding=\"async\" alt=\"icon\" src=\"https:\/\/ga-p.com\/wp-content\/themes\/ga-p\/assets\/images\/mobile-primary.svg\" \/>\n                        <div class=\"text\">(+34) 91 582 91 00<\/div>\n                    <\/div>\n                                                    <div class=\"d-flex align-item-center gap-2\">\n                        <img decoding=\"async\" alt=\"icon\" src=\"https:\/\/ga-p.com\/wp-content\/themes\/ga-p\/assets\/images\/email-primary.svg\" \/>\n                        <div class=\"text\">madrid@ga-p.com<\/div>\n                    <\/div>\n                            <\/div>\n            <\/div>\n    \n<\/div>\n\n<\/div>\n            <\/div>\n        <\/div>\n    <\/div>\n<\/div>\n\n\n<div id=\"ColumnaContenido-block_0c0454f8ea3d6ded8ff6328ea67b0e1e\" class=\"blanco ColumnaContenido\">\n    <div class=\"container\">\n        <div class=\"row\">\n            <div class=\"col-12 col-lg-7 offset-lg-5\">\n                <div class=\"acf-innerblocks-container\">\n\n<h2 class=\"wp-block-heading\">Blanca is a senior associate in the Public and Regulated Sectors practice at G\u00f3mez-Acebo &amp; Pombo.<\/h2>\n\n\n\n<p>She has extensive experience in regulated sectors and has provided legal advice in multiple fields such as environment, public procurement, energy, infrastructure and consumption.<\/p>\n\n\n\n<p>She holds a degree in Law and Business Administration from the CEU San Pablo University (Spain) and a double master of Laws and Legal and Tax Advice to Companies from IE University.<\/p>\n\n\n\n<p>She has collaborated on various legal publications.&nbsp;<\/p>\n\n\n\n\n<div id=\"PersonaAreasSectores-block_6bb13970eee582b5a56ced9b381d885f\" class=\"PersonaAreasSectores\">\n\n    <div class=\"content\">\n        <div class=\"title\"><h2 class='title' class=\"title\">Areas and sectors in which she collaborates<\/h2>\n<\/div>\n        <div class=\"areas_sectores\">\n            <div class=\"out itemCont\">\n                                    <a class=\"item\" href=\"https:\/\/ga-p.com\/en\/area\/environment\/\">Environment<\/a>\n                                    <a class=\"item\" href=\"https:\/\/ga-p.com\/en\/area\/public-law-and-regulated-sectors\/\">Public Law and Regulated Sectors<\/a>\n                            <\/div>\n                    <\/div>\n    <\/div>\n\n    <div class=\"menos\">\n\n    <\/div>\n\n\n\n\n<\/div>\n\n\n\n<div id=\"PersonaAcordeon-block_8899ff7cfbe30583ddb84b64cead5bab\" class=\"PersonaAcordeon\">\n\n    <div class=\"accordion accordion-flush\" id=\"accordion-PersonaAcordeon-block_8899ff7cfbe30583ddb84b64cead5bab\">\n        <div class=\"accordion-item\">\n            <h2 class=\"accordion-header\">\n                <button class=\"accordion-button collapsed gap-3 align-items-start\" type=\"button\" data-bs-toggle=\"collapse\" data-bs-target=\"#flush-PersonaAcordeon-block_8899ff7cfbe30583ddb84b64cead5bab\" aria-expanded=\"false\" aria-controls=\"flush-PersonaAcordeon-block_8899ff7cfbe30583ddb84b64cead5bab\">\n                    <img decoding=\"async\" width=\"1\" height=\"1\" src=\"https:\/\/ga-p.com\/wp-content\/uploads\/2024\/04\/educacion-icon.svg\" class=\"\" alt=\"educacion-icon\" loading=\"lazy\" \/>                    Education and professional career\n                <\/button>\n            <\/h2>\n            <div id=\"flush-PersonaAcordeon-block_8899ff7cfbe30583ddb84b64cead5bab\" class=\"accordion-collapse collapse\" data-bs-parent=\"#accordion-PersonaAcordeon-block_8899ff7cfbe30583ddb84b64cead5bab\">\n                <div class=\"accordion-body\">\n                                                                        <div class=\"itemCont noDate\">\n                                <div class=\"item-no-bullet\"><p><strong><span class=\"TextRun SCXW240671029 BCX0\" lang=\"EN-US\" xml:lang=\"EN-US\" data-contrast=\"auto\"><span class=\"NormalTextRun SCXW240671029 BCX0\">She joins<\/span><span class=\"NormalTextRun SCXW240671029 BCX0\"> G\u00f3mez-Acebo &amp; Pombo in 2022<\/span><\/span>.<\/strong><\/p>\n<\/div>\n                            <\/div>\n                                                    <div class=\"itemCont noDate\">\n                                <div class=\"item\"><p><span class=\"TextRun SCXW154164452 BCX0\" lang=\"EN-US\" xml:lang=\"EN-US\" data-contrast=\"auto\"><span class=\"NormalTextRun SCXW154164452 BCX0\">2016 | Graduate in Law and Business Administration from CEU San Pablo University<\/span><span class=\"NormalTextRun SCXW154164452 BCX0\"> (Spain)<\/span><\/span>.<\/p>\n<\/div>\n                            <\/div>\n                                                    <div class=\"itemCont noDate\">\n                                <div class=\"item\"><p><span class=\"TextRun SCXW197852385 BCX0\" lang=\"EN-US\" xml:lang=\"EN-US\" data-contrast=\"auto\"><span class=\"NormalTextRun SCXW197852385 BCX0\">2018 | Double <\/span><span class=\"NormalTextRun SCXW197852385 BCX0\">m<\/span><span class=\"NormalTextRun SCXW197852385 BCX0\">aster&#8217;s <\/span><span class=\"NormalTextRun SCXW197852385 BCX0\">d<\/span><span class=\"NormalTextRun SCXW197852385 BCX0\">egree in Access to the Legal Profession and Corporate Legal and Tax Consultancy\u00a0<\/span><span class=\"NormalTextRun SCXW197852385 BCX0\">\u00a0 from IE University<\/span> <span class=\"NormalTextRun SCXW197852385 BCX0\">(Spain)<\/span><\/span>.<\/p>\n<\/div>\n                            <\/div>\n                                                    <div class=\"itemCont noDate\">\n                                <div class=\"item\"><p><span class=\"TextRun SCXW19383093 BCX0\" lang=\"EN-US\" xml:lang=\"EN-US\" data-contrast=\"auto\"><span class=\"NormalTextRun SCXW19383093 BCX0\">2019 | Public Law and Regulatory Lawyer at PWC<\/span><\/span>.<\/p>\n<\/div>\n                            <\/div>\n                                                    <div class=\"itemCont noDate\">\n                                <div class=\"item\"><p><span data-contrast=\"auto\">2022 | Public Law Lawyer at a major national law firm.<\/span><\/p>\n<\/div>\n                            <\/div>\n                                                            <\/div>\n            <\/div>\n        <\/div>\n    <\/div>\n\n<\/div>\n\n\n\n<div id=\"PersonaAcordeon-block_031db0c75b20a1ae1e93fd63625c42ae\" class=\"PersonaAcordeon\">\n\n    <div class=\"accordion accordion-flush\" id=\"accordion-PersonaAcordeon-block_031db0c75b20a1ae1e93fd63625c42ae\">\n        <div class=\"accordion-item\">\n            <h2 class=\"accordion-header\">\n                <button class=\"accordion-button collapsed gap-3 align-items-start\" type=\"button\" data-bs-toggle=\"collapse\" data-bs-target=\"#flush-PersonaAcordeon-block_031db0c75b20a1ae1e93fd63625c42ae\" aria-expanded=\"false\" aria-controls=\"flush-PersonaAcordeon-block_031db0c75b20a1ae1e93fd63625c42ae\">\n                    <img decoding=\"async\" width=\"1\" height=\"1\" src=\"https:\/\/ga-p.com\/wp-content\/uploads\/2024\/04\/entidades.svg\" class=\"\" alt=\"entidades\" loading=\"lazy\" \/>                    Membership of professional bodies and associations\n                <\/button>\n            <\/h2>\n            <div id=\"flush-PersonaAcordeon-block_031db0c75b20a1ae1e93fd63625c42ae\" class=\"accordion-collapse collapse\" data-bs-parent=\"#accordion-PersonaAcordeon-block_031db0c75b20a1ae1e93fd63625c42ae\">\n                <div class=\"accordion-body\">\n                                                                        <div class=\"itemCont noDate\">\n                                <div class=\"item\"><p><span data-contrast=\"auto\">Member of the Madrid Bar Association.<\/span><\/p>\n<\/div>\n                            <\/div>\n                                                            <\/div>\n            <\/div>\n        <\/div>\n    <\/div>\n\n<\/div>\n\n\n\n<div id=\"PersonaAcordeon-block_9616b42388826adbe83c6ee488c3fcf1\" class=\"PersonaAcordeon\">\n\n    <div class=\"accordion accordion-flush\" id=\"accordion-PersonaAcordeon-block_9616b42388826adbe83c6ee488c3fcf1\">\n        <div class=\"accordion-item\">\n            <h2 class=\"accordion-header\">\n                <button class=\"accordion-button collapsed gap-3 align-items-start\" type=\"button\" data-bs-toggle=\"collapse\" data-bs-target=\"#flush-PersonaAcordeon-block_9616b42388826adbe83c6ee488c3fcf1\" aria-expanded=\"false\" aria-controls=\"flush-PersonaAcordeon-block_9616b42388826adbe83c6ee488c3fcf1\">\n                    <img decoding=\"async\" width=\"1\" height=\"1\" src=\"https:\/\/ga-p.com\/wp-content\/uploads\/2024\/04\/idiomas-icon.svg\" class=\"\" alt=\"idiomas-icon\" loading=\"lazy\" \/>                    Languages\n                <\/button>\n            <\/h2>\n            <div id=\"flush-PersonaAcordeon-block_9616b42388826adbe83c6ee488c3fcf1\" class=\"accordion-collapse collapse\" data-bs-parent=\"#accordion-PersonaAcordeon-block_9616b42388826adbe83c6ee488c3fcf1\">\n                <div class=\"accordion-body\">\n                                                                        <div class=\"itemCont noDate\">\n                                <div class=\"item\"><p>Spanish<\/p>\n<\/div>\n                            <\/div>\n                                                    <div class=\"itemCont noDate\">\n                                <div class=\"item\"><p>English<\/p>\n<\/div>\n                            <\/div>\n                                                            <\/div>\n            <\/div>\n        <\/div>\n    <\/div>\n\n<\/div>\n\n\n\n<div id=\"Boton-block_8e534274f04ee6e7a7b83941f60fc9f9\" class=\"Boton\">\n\n    <\/div>\n\n<\/div>\n            <\/div>\n        <\/div>\n    <\/div>\n<\/div>\n\n\n","protected":false},"excerpt":{"rendered":"","protected":false},"featured_media":296409,"template":"","cargo":[151],"cargo-por-genero":[291],"personas-categoria":[],"class_list":["post-66771","persona","type-persona","status-publish","has-post-thumbnail","hentry","cargo-senior-associate","cargo-por-genero-senior-associate"],"acf":[],"yoast_head":"<!-- This site is optimized with the Yoast SEO plugin v27.3 - https:\/\/yoast.com\/product\/yoast-seo-wordpress\/ -->\n<title>Blanca Garc\u00eda de Madariaga - Despacho de abogados G\u00f3mez-Acebo y Pombo<\/title>\n<meta name=\"robots\" content=\"noindex, nofollow\" \/>\n<meta property=\"og:locale\" content=\"en_US\" \/>\n<meta property=\"og:type\" content=\"article\" \/>\n<meta property=\"og:title\" content=\"Blanca Garc\u00eda de Madariaga - Despacho de abogados G\u00f3mez-Acebo y Pombo\" \/>\n<meta property=\"og:url\" content=\"https:\/\/ga-p.com\/en\/person\/blanca-garcia-de-madriaga\/\" \/>\n<meta property=\"og:site_name\" content=\"Despacho de abogados G\u00f3mez-Acebo y Pombo\" \/>\n<meta property=\"article:modified_time\" content=\"2026-02-04T11:27:28+00:00\" \/>\n<meta property=\"og:image\" content=\"https:\/\/ga-p.com\/wp-content\/uploads\/2024\/06\/Blanca-Garcia.png\" \/>\n\t<meta property=\"og:image:width\" content=\"424\" \/>\n\t<meta property=\"og:image:height\" content=\"424\" \/>\n\t<meta property=\"og:image:type\" content=\"image\/png\" \/>\n<meta name=\"twitter:card\" content=\"summary_large_image\" \/>\n<meta name=\"twitter:label1\" content=\"Est. reading time\" \/>\n\t<meta name=\"twitter:data1\" content=\"1 minute\" \/>\n<script type=\"application\/ld+json\" class=\"yoast-schema-graph\">{\"@context\":\"https:\\\/\\\/schema.org\",\"@graph\":[{\"@type\":\"WebPage\",\"@id\":\"https:\\\/\\\/ga-p.com\\\/en\\\/person\\\/blanca-garcia-de-madriaga\\\/\",\"url\":\"https:\\\/\\\/ga-p.com\\\/en\\\/person\\\/blanca-garcia-de-madriaga\\\/\",\"name\":\"Blanca Garc\u00eda de Madariaga - Despacho de abogados G\u00f3mez-Acebo y Pombo\",\"isPartOf\":{\"@id\":\"https:\\\/\\\/ga-p.com\\\/en\\\/#website\"},\"primaryImageOfPage\":{\"@id\":\"https:\\\/\\\/ga-p.com\\\/en\\\/person\\\/blanca-garcia-de-madriaga\\\/#primaryimage\"},\"image\":{\"@id\":\"https:\\\/\\\/ga-p.com\\\/en\\\/person\\\/blanca-garcia-de-madriaga\\\/#primaryimage\"},\"thumbnailUrl\":\"https:\\\/\\\/ga-p.com\\\/wp-content\\\/uploads\\\/2024\\\/06\\\/Blanca-Garcia.png\",\"datePublished\":\"2024-06-25T15:12:56+00:00\",\"dateModified\":\"2026-02-04T11:27:28+00:00\",\"breadcrumb\":{\"@id\":\"https:\\\/\\\/ga-p.com\\\/en\\\/person\\\/blanca-garcia-de-madriaga\\\/#breadcrumb\"},\"inLanguage\":\"en-US\",\"potentialAction\":[{\"@type\":\"ReadAction\",\"target\":[\"https:\\\/\\\/ga-p.com\\\/en\\\/person\\\/blanca-garcia-de-madriaga\\\/\"]}]},{\"@type\":\"ImageObject\",\"inLanguage\":\"en-US\",\"@id\":\"https:\\\/\\\/ga-p.com\\\/en\\\/person\\\/blanca-garcia-de-madriaga\\\/#primaryimage\",\"url\":\"https:\\\/\\\/ga-p.com\\\/wp-content\\\/uploads\\\/2024\\\/06\\\/Blanca-Garcia.png\",\"contentUrl\":\"https:\\\/\\\/ga-p.com\\\/wp-content\\\/uploads\\\/2024\\\/06\\\/Blanca-Garcia.png\",\"width\":424,\"height\":424,\"caption\":\"Blanca Garcia\"},{\"@type\":\"BreadcrumbList\",\"@id\":\"https:\\\/\\\/ga-p.com\\\/en\\\/person\\\/blanca-garcia-de-madriaga\\\/#breadcrumb\",\"itemListElement\":[{\"@type\":\"ListItem\",\"position\":1,\"name\":\"Portada\",\"item\":\"https:\\\/\\\/ga-p.com\\\/en\\\/\"},{\"@type\":\"ListItem\",\"position\":2,\"name\":\"Blanca Garc\u00eda de Madariaga\"}]},{\"@type\":\"WebSite\",\"@id\":\"https:\\\/\\\/ga-p.com\\\/en\\\/#website\",\"url\":\"https:\\\/\\\/ga-p.com\\\/en\\\/\",\"name\":\"Despacho de abogados G\u00f3mez-Acebo & Pombo\",\"description\":\"G\u00f3mez-Acebo y Pombo es una firma de abogados independiente, con experiencia internacional, especializada en todas las \u00e1reas del derecho de los negocio.\",\"publisher\":{\"@id\":\"https:\\\/\\\/ga-p.com\\\/en\\\/#organization\"},\"potentialAction\":[{\"@type\":\"SearchAction\",\"target\":{\"@type\":\"EntryPoint\",\"urlTemplate\":\"https:\\\/\\\/ga-p.com\\\/en\\\/?s={search_term_string}\"},\"query-input\":{\"@type\":\"PropertyValueSpecification\",\"valueRequired\":true,\"valueName\":\"search_term_string\"}}],\"inLanguage\":\"en-US\"},{\"@type\":\"Organization\",\"@id\":\"https:\\\/\\\/ga-p.com\\\/en\\\/#organization\",\"name\":\"Despacho de abogados G\u00f3mez-Acebo & Pombo\",\"url\":\"https:\\\/\\\/ga-p.com\\\/en\\\/\",\"logo\":{\"@type\":\"ImageObject\",\"inLanguage\":\"en-US\",\"@id\":\"https:\\\/\\\/ga-p.com\\\/en\\\/#\\\/schema\\\/logo\\\/image\\\/\",\"url\":\"https:\\\/\\\/ga-p.com\\\/wp-content\\\/uploads\\\/2024\\\/09\\\/Logo-1-1.svg\",\"contentUrl\":\"https:\\\/\\\/ga-p.com\\\/wp-content\\\/uploads\\\/2024\\\/09\\\/Logo-1-1.svg\",\"caption\":\"Despacho de abogados G\u00f3mez-Acebo & Pombo\"},\"image\":{\"@id\":\"https:\\\/\\\/ga-p.com\\\/en\\\/#\\\/schema\\\/logo\\\/image\\\/\"}}]}<\/script>\n<!-- \/ Yoast SEO plugin. -->","yoast_head_json":{"title":"Blanca Garc\u00eda de Madariaga - Despacho de abogados G\u00f3mez-Acebo y Pombo","robots":{"index":"noindex","follow":"nofollow"},"og_locale":"en_US","og_type":"article","og_title":"Blanca Garc\u00eda de Madariaga - Despacho de abogados G\u00f3mez-Acebo y Pombo","og_url":"https:\/\/ga-p.com\/en\/person\/blanca-garcia-de-madriaga\/","og_site_name":"Despacho de abogados G\u00f3mez-Acebo y Pombo","article_modified_time":"2026-02-04T11:27:28+00:00","og_image":[{"width":424,"height":424,"url":"https:\/\/ga-p.com\/wp-content\/uploads\/2024\/06\/Blanca-Garcia.png","type":"image\/png"}],"twitter_card":"summary_large_image","twitter_misc":{"Est. reading time":"1 minute"},"schema":{"@context":"https:\/\/schema.org","@graph":[{"@type":"WebPage","@id":"https:\/\/ga-p.com\/en\/person\/blanca-garcia-de-madriaga\/","url":"https:\/\/ga-p.com\/en\/person\/blanca-garcia-de-madriaga\/","name":"Blanca Garc\u00eda de Madariaga - Despacho de abogados G\u00f3mez-Acebo y Pombo","isPartOf":{"@id":"https:\/\/ga-p.com\/en\/#website"},"primaryImageOfPage":{"@id":"https:\/\/ga-p.com\/en\/person\/blanca-garcia-de-madriaga\/#primaryimage"},"image":{"@id":"https:\/\/ga-p.com\/en\/person\/blanca-garcia-de-madriaga\/#primaryimage"},"thumbnailUrl":"https:\/\/ga-p.com\/wp-content\/uploads\/2024\/06\/Blanca-Garcia.png","datePublished":"2024-06-25T15:12:56+00:00","dateModified":"2026-02-04T11:27:28+00:00","breadcrumb":{"@id":"https:\/\/ga-p.com\/en\/person\/blanca-garcia-de-madriaga\/#breadcrumb"},"inLanguage":"en-US","potentialAction":[{"@type":"ReadAction","target":["https:\/\/ga-p.com\/en\/person\/blanca-garcia-de-madriaga\/"]}]},{"@type":"ImageObject","inLanguage":"en-US","@id":"https:\/\/ga-p.com\/en\/person\/blanca-garcia-de-madriaga\/#primaryimage","url":"https:\/\/ga-p.com\/wp-content\/uploads\/2024\/06\/Blanca-Garcia.png","contentUrl":"https:\/\/ga-p.com\/wp-content\/uploads\/2024\/06\/Blanca-Garcia.png","width":424,"height":424,"caption":"Blanca Garcia"},{"@type":"BreadcrumbList","@id":"https:\/\/ga-p.com\/en\/person\/blanca-garcia-de-madriaga\/#breadcrumb","itemListElement":[{"@type":"ListItem","position":1,"name":"Portada","item":"https:\/\/ga-p.com\/en\/"},{"@type":"ListItem","position":2,"name":"Blanca Garc\u00eda de Madariaga"}]},{"@type":"WebSite","@id":"https:\/\/ga-p.com\/en\/#website","url":"https:\/\/ga-p.com\/en\/","name":"Despacho de abogados G\u00f3mez-Acebo & Pombo","description":"G\u00f3mez-Acebo y Pombo es una firma de abogados independiente, con experiencia internacional, especializada en todas las \u00e1reas del derecho de los negocio.","publisher":{"@id":"https:\/\/ga-p.com\/en\/#organization"},"potentialAction":[{"@type":"SearchAction","target":{"@type":"EntryPoint","urlTemplate":"https:\/\/ga-p.com\/en\/?s={search_term_string}"},"query-input":{"@type":"PropertyValueSpecification","valueRequired":true,"valueName":"search_term_string"}}],"inLanguage":"en-US"},{"@type":"Organization","@id":"https:\/\/ga-p.com\/en\/#organization","name":"Despacho de abogados G\u00f3mez-Acebo & Pombo","url":"https:\/\/ga-p.com\/en\/","logo":{"@type":"ImageObject","inLanguage":"en-US","@id":"https:\/\/ga-p.com\/en\/#\/schema\/logo\/image\/","url":"https:\/\/ga-p.com\/wp-content\/uploads\/2024\/09\/Logo-1-1.svg","contentUrl":"https:\/\/ga-p.com\/wp-content\/uploads\/2024\/09\/Logo-1-1.svg","caption":"Despacho de abogados G\u00f3mez-Acebo & Pombo"},"image":{"@id":"https:\/\/ga-p.com\/en\/#\/schema\/logo\/image\/"}}]}},"_links":{"self":[{"href":"https:\/\/ga-p.com\/en\/wp-json\/wp\/v2\/persona\/66771","targetHints":{"allow":["GET"]}}],"collection":[{"href":"https:\/\/ga-p.com\/en\/wp-json\/wp\/v2\/persona"}],"about":[{"href":"https:\/\/ga-p.com\/en\/wp-json\/wp\/v2\/types\/persona"}],"wp:featuredmedia":[{"embeddable":true,"href":"https:\/\/ga-p.com\/en\/wp-json\/wp\/v2\/media\/296409"}],"wp:attachment":[{"href":"https:\/\/ga-p.com\/en\/wp-json\/wp\/v2\/media?parent=66771"}],"wp:term":[{"taxonomy":"cargo","embeddable":true,"href":"https:\/\/ga-p.com\/en\/wp-json\/wp\/v2\/cargo?post=66771"},{"taxonomy":"cargo-por-genero","embeddable":true,"href":"https:\/\/ga-p.com\/en\/wp-json\/wp\/v2\/cargo-por-genero?post=66771"},{"taxonomy":"personas-categoria","embeddable":true,"href":"https:\/\/ga-p.com\/en\/wp-json\/wp\/v2\/personas-categoria?post=66771"}],"curies":[{"name":"wp","href":"https:\/\/api.w.org\/{rel}","templated":true}]}}