{"id":67126,"date":"2024-06-26T09:39:19","date_gmt":"2024-06-26T07:39:19","guid":{"rendered":"https:\/\/ga-p.com\/persona\/cristina-matia-garay\/"},"modified":"2026-02-04T11:15:02","modified_gmt":"2026-02-04T10:15:02","slug":"cristina-matia","status":"publish","type":"persona","link":"https:\/\/ga-p.com\/en\/person\/cristina-matia\/","title":{"rendered":"Cristina Mat\u00eda"},"content":{"rendered":"\n\n<div id=\"Volver-block_e6d85c270d70bf086efd2afe2d514e19\" class=\"d-none d-lg-block Volver\" style=\"background-color: #FFFFFF\">\n    <div class=\"container\">\n        <div class=\"row\">\n            <div class=\"col-12\">\n                <div class=\"backTo d-flex align-items-center gap-2\" onclick=\"window.location.href='https:\/\/ga-p.com\/en\/people\/';\">\n                    <img decoding=\"async\" alt=\"icon\" src=\"https:\/\/ga-p.com\/wp-content\/themes\/ga-p\/assets\/images\/left-arrow-orange.svg\" \/>\n                    <div class=\"text\">Go back to <strong>People<\/strong><\/div>\n                <\/div>\n            <\/div>\n        <\/div>\n    <\/div>\n<\/div>\n\n\n\n<div id=\"PersonaHeader-block_9082eb64cc0bf293b1081c5571e117f4\" class=\"PersonaHeader\">\n    <div class=\"customContainer right\">\n        <div class=\"content\" style=\"background-image:url(https:\/\/ga-p.com\/wp-content\/uploads\/2024\/05\/Fondo-personas-nueva-web.webp)\">\n            <img fetchpriority=\"high\" decoding=\"async\" width=\"424\" height=\"424\" src=\"https:\/\/ga-p.com\/wp-content\/uploads\/2024\/06\/Cristina-Matia-Garay.png\" class=\"personaThumb wp-post-image\" alt=\"Cristina Mat\u00eda\" loading=\"eager\" srcset=\"https:\/\/ga-p.com\/wp-content\/uploads\/2024\/06\/Cristina-Matia-Garay.png 424w, https:\/\/ga-p.com\/wp-content\/uploads\/2024\/06\/Cristina-Matia-Garay-300x300.png 300w, https:\/\/ga-p.com\/wp-content\/uploads\/2024\/06\/Cristina-Matia-Garay-150x150.png 150w\" sizes=\"(max-width: 424px) 100vw, 424px\" \/>        <\/div>\n        <h1 class=\"col-lg-4 col-12 p-0 title\">Cristina Mat\u00eda<\/h1>\n    <\/div>\n    <div class=\"personalFixedTitle d-block d-md-none\">\n        <div class=\"container\">\n            <div class=\"row\">\n                <div class=\"col-12\">\n                    <div class=\"personalFixed\">\n                        <img decoding=\"async\" width=\"424\" height=\"424\" src=\"https:\/\/ga-p.com\/wp-content\/uploads\/2024\/06\/Cristina-Matia-Garay.png\" class=\"personaThumb wp-post-image\" alt=\"Cristina Mat\u00eda\" loading=\"eager\" style=\"background-image:url(https:\/\/ga-p.com\/wp-content\/uploads\/2024\/05\/Fondo-personas-nueva-web.webp)\" srcset=\"https:\/\/ga-p.com\/wp-content\/uploads\/2024\/06\/Cristina-Matia-Garay.png 424w, https:\/\/ga-p.com\/wp-content\/uploads\/2024\/06\/Cristina-Matia-Garay-300x300.png 300w, https:\/\/ga-p.com\/wp-content\/uploads\/2024\/06\/Cristina-Matia-Garay-150x150.png 150w\" sizes=\"(max-width: 424px) 100vw, 424px\" \/>                        <div class=\"modalTitle\">Cristina Mat\u00eda<\/div>\n                    <\/div>\n                <\/div>\n            <\/div>\n        <\/div>\n    <\/div>\n    <style>\n        .PersonaHeader{opacity:0;}\n    <\/style>\n<\/div>\n\n<div class=\"personaCV\" style=\"display:none\">\n    <div class=\"container\">\n        <a class=\"primaryCta scaleFromLeft rotateIcon\" id=\"cv\"><span>See full resume<\/span>\n            <div class=\"containerImg\"><img decoding=\"async\" alt=\"icon\" src=\"https:\/\/ga-p.com\/wp-content\/themes\/ga-p\/assets\/images\/external-icon.svg\" \/><\/div>\n        <\/a>\n    <\/div>\n    <script>\n        const post_name_persona=\"cristina-matia\";\n    <\/script>\n<\/div>\n\n\n\n<div class=\"pdf\" style=\"display:none\">\n    <div class=\"PersonaHeaderCV\">\n        <div class=\"customContainer right\">\n            <div class=\"content\" style=\"background-image:url(https:\/\/ga-p.com\/wp-content\/uploads\/2024\/05\/Fondo-personas-nueva-web.webp)\">\n                <img decoding=\"async\" src=\"https:\/\/ga-p.com\/wp-content\/uploads\/2024\/06\/Cristina-Matia-Garay.png\" class=\"personaThumb\">\n            <\/div>\n        <\/div>\n    <\/div>\n\n    <div class=\"PersonaInformacionCV container\">\n        <div class=\"personal_office col-6 offset-6\">\n            <div class=\"personal\">\n                                    <div class=\"info\">\n                        <div class=\"title\">Position<\/div>\n                        <div class=\"text\">Senior associate<\/div>\n                    <\/div>\n                \n                                    <div class=\"info\">\n                        <div class=\"title\">Telephone<\/div>\n                        <div class=\"text\">+34 944 157 015<\/div>\n                    <\/div>\n                                                    <div class=\"info\">\n                        <div class=\"title\">Email<\/div>\n                        <div class=\"text\">cmatia@ga-p.com<\/div>\n                    <\/div>\n                                                    <div class=\"info\">\n                        <div class=\"title\">N\u00ba collegiate member<\/div>\n                        <div class=\"text\">7.492 ICAB (Bizkaia)<\/div>\n                    <\/div>\n                                            <\/div>\n                            <div class=\"office\">\n                    <div class=\"title\">Office of Bilbao<\/div>\n                                            <div class=\"d-flex align-item-center gap-2 mb-2\">\n                            <img decoding=\"async\" alt=\"icon\" src=\"https:\/\/ga-p.com\/wp-content\/themes\/ga-p\/assets\/images\/office-primary.svg\" \/>\n                            <div class=\"text\">Plaza Euskadi, 5, 48009 Bilbao (Espa\u00f1a)<\/div>\n                        <\/div>\n                                                                <div class=\"d-flex align-item-center gap-2 mb-2\">\n                            <img decoding=\"async\" alt=\"icon\" src=\"https:\/\/ga-p.com\/wp-content\/themes\/ga-p\/assets\/images\/mobile-primary.svg\" \/>\n                            <div class=\"text\">(+34) 94 415 70 15<\/div>\n                        <\/div>\n                                                                <div class=\"d-flex align-item-center gap-2\">\n                            <img decoding=\"async\" alt=\"icon\" src=\"https:\/\/ga-p.com\/wp-content\/themes\/ga-p\/assets\/images\/email-primary.svg\" \/>\n                            <div class=\"text\">bilbao@ga-p.com<\/div>\n                        <\/div>\n                                    <\/div>\n                    <\/div>\n    <\/div>\n\n    <div class=\"container\">\n        <div class=\"row\">\n            <div class=\"col-6 izquierda\">\n                <div class=\"title\">Cristina Mat\u00eda<\/div>\n            <\/div>\n            <div class=\"col-6 derecha\">\n            <\/div>\n        <\/div>\n    <\/div>\n<\/div>\n\n<div id=\"ColumnaContenido-block_4a990b80376b9c1f6aa055a47bf37b18\" class=\"transparente ColumnaContenido\">\n    <div class=\"container\">\n        <div class=\"row\">\n            <div class=\"col-12 col-lg-7 offset-lg-5\">\n                <div class=\"acf-innerblocks-container\">\n\n\n<div id=\"PersonaInformacion-block_2a0918a4a516c3f19d5c4566850c63c3\" class=\"PersonaInformacion\">\n\n    <div class=\"personal_office\">\n        <div class=\"personal\">\n\n                            <div class=\"info\">\n                    <div class=\"title\">Position<\/div>\n                    <div class=\"text\">Senior associate<\/div>\n                <\/div>\n            \n                        <div class=\"info\">\n                <div class=\"title\">Telephone<\/div>\n                <div class=\"text\">+34 944 157 015<\/div>\n            <\/div>\n                                        <div class=\"info\">\n                    <div class=\"title\">Email<\/div>\n                    <div class=\"text\">cmatia@ga-p.com<\/div>\n                <\/div>\n                                        <div class=\"info\">\n                    <div class=\"title\">N\u00ba collegiate member<\/div>\n                    <div class=\"text\">7.492 ICAB (Bizkaia)<\/div>\n                <\/div>\n                    <\/div>\n                    <div class=\"office\">\n                <div class=\"title\">Bilbao Office<\/div>\n\n                                <div class=\"d-flex align-item-center gap-2 mb-2\">\n                    <img decoding=\"async\" alt=\"icon\" src=\"https:\/\/ga-p.com\/wp-content\/themes\/ga-p\/assets\/images\/office-primary.svg\" \/>\n                    <div class=\"text\">Plaza Euskadi, 5, 48009 Bilbao (Espa\u00f1a)<\/div>\n                <\/div>\n                                                    <div class=\"d-flex align-item-center gap-2 mb-2\">\n                        <img decoding=\"async\" alt=\"icon\" src=\"https:\/\/ga-p.com\/wp-content\/themes\/ga-p\/assets\/images\/mobile-primary.svg\" \/>\n                        <div class=\"text\">(+34) 94 415 70 15<\/div>\n                    <\/div>\n                                                    <div class=\"d-flex align-item-center gap-2\">\n                        <img decoding=\"async\" alt=\"icon\" src=\"https:\/\/ga-p.com\/wp-content\/themes\/ga-p\/assets\/images\/email-primary.svg\" \/>\n                        <div class=\"text\">bilbao@ga-p.com<\/div>\n                    <\/div>\n                            <\/div>\n            <\/div>\n    \n<\/div>\n\n<\/div>\n            <\/div>\n        <\/div>\n    <\/div>\n<\/div>\n\n\n<div id=\"ColumnaContenido-block_07377f3af17bf5c0dc5add97a5867466\" class=\"blanco ColumnaContenido\">\n    <div class=\"container\">\n        <div class=\"row\">\n            <div class=\"col-12 col-lg-7 offset-lg-5\">\n                <div class=\"acf-innerblocks-container\">\n\n<h2 class=\"wp-block-heading\">Cristina is an associate in the Public Law and Regulated Sectors practice at G\u00f3mez-Acebo &amp; Pombo. She specialises in energy and administrative law.<\/h2>\n\n\n\n<p>She holds a degree in Law and a diploma in Economic Specialty from the University of Deusto. She did the LLM Law &amp; Economics master&#8217;s degree from Utrecht University (Netherlands).<\/p>\n\n\n\n<p>Cristina has participated as a coauthor in several specialised legal publications.<\/p>\n\n\n\n\n<div id=\"PersonaAreasSectores-block_d3767d3573bf5b84b4aa740b26ee2aad\" class=\"PersonaAreasSectores\">\n\n    <div class=\"content\">\n        <div class=\"title\"><h2 class='title'>Areas and sectors in which she collaborates<\/h2>\n<\/div>\n        <div class=\"areas_sectores\">\n            <div class=\"out itemCont\">\n                                    <a class=\"item\" href=\"https:\/\/ga-p.com\/en\/sector\/energy\/\">Energy<\/a>\n                                    <a class=\"item\" href=\"https:\/\/ga-p.com\/en\/area\/public-law-and-regulated-sectors\/\">Public Law and Regulated Sectors<\/a>\n                            <\/div>\n                    <\/div>\n    <\/div>\n\n    <div class=\"menos\">\n\n    <\/div>\n\n\n\n\n<\/div>\n\n\n\n\n\n<div id=\"PersonaAcordeon-block_5799010c598609635c9171ae9b25b1f1\" class=\"PersonaAcordeon\">\n\n    <div class=\"accordion accordion-flush\" id=\"accordion-PersonaAcordeon-block_5799010c598609635c9171ae9b25b1f1\">\n        <div class=\"accordion-item\">\n            <h2 class=\"accordion-header\">\n                <button class=\"accordion-button collapsed gap-3 align-items-start\" type=\"button\" data-bs-toggle=\"collapse\" data-bs-target=\"#flush-PersonaAcordeon-block_5799010c598609635c9171ae9b25b1f1\" aria-expanded=\"false\" aria-controls=\"flush-PersonaAcordeon-block_5799010c598609635c9171ae9b25b1f1\">\n                    <img decoding=\"async\" width=\"1\" height=\"1\" src=\"https:\/\/ga-p.com\/wp-content\/uploads\/2024\/04\/educacion-icon.svg\" class=\"\" alt=\"educacion-icon\" loading=\"lazy\" \/>                    \n\n\nEducation and professional career\n\n\n\n                <\/button>\n            <\/h2>\n            <div id=\"flush-PersonaAcordeon-block_5799010c598609635c9171ae9b25b1f1\" class=\"accordion-collapse collapse\" data-bs-parent=\"#accordion-PersonaAcordeon-block_5799010c598609635c9171ae9b25b1f1\">\n                <div class=\"accordion-body\">\n                                                                        <div class=\"itemCont noDate\">\n                                <div class=\"item-no-bullet\"><div class=\"page\" title=\"Page 1\">\n<div class=\"layoutArea\">\n<div class=\"column\">\n<p><strong>She joins Go\u0301mez-Acebo &amp; Pombo in 2017.<\/strong><\/p>\n<\/div>\n<\/div>\n<\/div>\n<\/div>\n                            <\/div>\n                                                    <div class=\"itemCont noDate\">\n                                <div class=\"item\"><div class=\"page\" title=\"Page 1\">\n<div class=\"layoutArea\">\n<div class=\"column\">\n<div class=\"page\" title=\"Page 1\">\n<div class=\"layoutArea\">\n<div class=\"column\">\n<p>2011 | Law degree from the University of Deusto (Spain).<\/p>\n<\/div>\n<\/div>\n<\/div>\n<\/div>\n<\/div>\n<\/div>\n<\/div>\n                            <\/div>\n                                                    <div class=\"itemCont noDate\">\n                                <div class=\"item\"><div class=\"page\" title=\"Page 1\">\n<div class=\"layoutArea\">\n<div class=\"column\">\n<div class=\"page\" title=\"Page 1\">\n<div class=\"layoutArea\">\n<div class=\"column\">\n<p>2011 | Diploma in Economic Specialisation from the University of Deusto.<\/p>\n<\/div>\n<\/div>\n<\/div>\n<\/div>\n<\/div>\n<\/div>\n<\/div>\n                            <\/div>\n                                                    <div class=\"itemCont noDate\">\n                                <div class=\"item\"><div class=\"page\" title=\"Page 1\">\n<div class=\"layoutArea\">\n<div class=\"column\">\n<div class=\"page\" title=\"Page 1\">\n<div class=\"layoutArea\">\n<div class=\"column\">\n<p>2010 | Erasmus Programme from the Van Tilburg University, (Netherlands).<\/p>\n<\/div>\n<\/div>\n<\/div>\n<\/div>\n<\/div>\n<\/div>\n<\/div>\n                            <\/div>\n                                                    <div class=\"itemCont noDate\">\n                                <div class=\"item\"><div class=\"page\" title=\"Page 1\">\n<div class=\"layoutArea\">\n<div class=\"column\">\n<div class=\"page\" title=\"Page 1\">\n<div class=\"layoutArea\">\n<div class=\"column\">\n<p>2012 | Master LLM Law &amp; Economics from the University of Utrecht (Netherlands).<\/p>\n<\/div>\n<\/div>\n<\/div>\n<\/div>\n<\/div>\n<\/div>\n<\/div>\n                            <\/div>\n                                                    <div class=\"itemCont noDate\">\n                                <div class=\"item\"><div class=\"page\" title=\"Page 1\">\n<div class=\"layoutArea\">\n<div class=\"column\">\n<div class=\"page\" title=\"Page 1\">\n<div class=\"layoutArea\">\n<div class=\"column\">\n<p>2015 | Regulatory and Competition Associate at a leading national law firm.<\/p>\n<\/div>\n<\/div>\n<\/div>\n<\/div>\n<\/div>\n<\/div>\n<\/div>\n                            <\/div>\n                                                    <div class=\"itemCont noDate\">\n                                <div class=\"item\"><div class=\"page\" title=\"Page 1\">\n<div class=\"layoutArea\">\n<div class=\"column\">\n<div class=\"page\" title=\"Page 1\">\n<div class=\"layoutArea\">\n<div class=\"column\">\n<p>2017 | Associate at a leading international law firm.<\/p>\n<\/div>\n<\/div>\n<\/div>\n<\/div>\n<\/div>\n<\/div>\n<\/div>\n                            <\/div>\n                                                            <\/div>\n            <\/div>\n        <\/div>\n    <\/div>\n\n<\/div>\n\n\n\n<div id=\"PersonaAcordeon-block_521c6f8ae28f244edc46e1797e548039\" class=\"PersonaAcordeon\">\n\n    <div class=\"accordion accordion-flush\" id=\"accordion-PersonaAcordeon-block_521c6f8ae28f244edc46e1797e548039\">\n        <div class=\"accordion-item\">\n            <h2 class=\"accordion-header\">\n                <button class=\"accordion-button collapsed gap-3 align-items-start\" type=\"button\" data-bs-toggle=\"collapse\" data-bs-target=\"#flush-PersonaAcordeon-block_521c6f8ae28f244edc46e1797e548039\" aria-expanded=\"false\" aria-controls=\"flush-PersonaAcordeon-block_521c6f8ae28f244edc46e1797e548039\">\n                    <img decoding=\"async\" width=\"1\" height=\"1\" src=\"https:\/\/ga-p.com\/wp-content\/uploads\/2024\/04\/entidades.svg\" class=\"\" alt=\"entidades\" loading=\"lazy\" \/>                    \n\n\nMember of professional bodies and associations\n\n\n\n                <\/button>\n            <\/h2>\n            <div id=\"flush-PersonaAcordeon-block_521c6f8ae28f244edc46e1797e548039\" class=\"accordion-collapse collapse\" data-bs-parent=\"#accordion-PersonaAcordeon-block_521c6f8ae28f244edc46e1797e548039\">\n                <div class=\"accordion-body\">\n                                                                        <div class=\"itemCont noDate\">\n                                <div class=\"item\"><div class=\"page\" title=\"Page 1\">\n<div class=\"layoutArea\">\n<div class=\"column\">\n<div class=\"page\" title=\"Page 1\">\n<div class=\"layoutArea\">\n<div class=\"column\">\n<p>Member of Bizkaia Bar Association (since 2011).<\/p>\n<\/div>\n<\/div>\n<\/div>\n<\/div>\n<\/div>\n<\/div>\n<\/div>\n                            <\/div>\n                                                            <\/div>\n            <\/div>\n        <\/div>\n    <\/div>\n\n<\/div>\n\n\n\n<div id=\"PersonaAcordeon-block_842796261236ebab9abced100f1d7b0d\" class=\"PersonaAcordeon\">\n\n    <div class=\"accordion accordion-flush\" id=\"accordion-PersonaAcordeon-block_842796261236ebab9abced100f1d7b0d\">\n        <div class=\"accordion-item\">\n            <h2 class=\"accordion-header\">\n                <button class=\"accordion-button collapsed gap-3 align-items-start\" type=\"button\" data-bs-toggle=\"collapse\" data-bs-target=\"#flush-PersonaAcordeon-block_842796261236ebab9abced100f1d7b0d\" aria-expanded=\"false\" aria-controls=\"flush-PersonaAcordeon-block_842796261236ebab9abced100f1d7b0d\">\n                    <img decoding=\"async\" width=\"1\" height=\"1\" src=\"https:\/\/ga-p.com\/wp-content\/uploads\/2024\/04\/idiomas-icon.svg\" class=\"\" alt=\"idiomas-icon\" loading=\"lazy\" \/>                    \n\n\nLanguages\n\n\n\n                <\/button>\n            <\/h2>\n            <div id=\"flush-PersonaAcordeon-block_842796261236ebab9abced100f1d7b0d\" class=\"accordion-collapse collapse\" data-bs-parent=\"#accordion-PersonaAcordeon-block_842796261236ebab9abced100f1d7b0d\">\n                <div class=\"accordion-body\">\n                                                                        <div class=\"itemCont noDate\">\n                                <div class=\"item\"><div class=\"page\" title=\"Page 1\">\n<div class=\"layoutArea\">\n<div class=\"column\">\n<p>Spanish<\/p>\n<\/div>\n<\/div>\n<\/div>\n<\/div>\n                            <\/div>\n                                                    <div class=\"itemCont noDate\">\n                                <div class=\"item\"><div class=\"page\" title=\"Page 1\">\n<div class=\"layoutArea\">\n<div class=\"column\">\n<p>English<\/p>\n<\/div>\n<\/div>\n<\/div>\n<\/div>\n                            <\/div>\n                                                    <div class=\"itemCont noDate\">\n                                <div class=\"item\"><div class=\"page\" title=\"Page 1\">\n<div class=\"layoutArea\">\n<div class=\"column\">\n<p>French<\/p>\n<\/div>\n<\/div>\n<\/div>\n<\/div>\n                            <\/div>\n                                                    <div class=\"itemCont noDate\">\n                                <div class=\"item\"><div class=\"page\" title=\"Page 1\">\n<div class=\"layoutArea\">\n<div class=\"column\">\n<p>Basque<\/p>\n<\/div>\n<\/div>\n<\/div>\n<\/div>\n                            <\/div>\n                                                            <\/div>\n            <\/div>\n        <\/div>\n    <\/div>\n\n<\/div>\n\n\n\n<div id=\"Boton-block_5553dc013e727b60bdcdb028caf1d044\" class=\"Boton\">\n\n    <\/div>\n\n<\/div>\n            <\/div>\n        <\/div>\n    <\/div>\n<\/div>\n\n\n<div id=\"PersonaParticipacion-block_5bcef3a3120ef69e1b5d561aed59cc59\" class=\"PersonaParticipacion\">\n\n    <div class=\"container\">\n        <div class=\"row align-items-end flex-column flex-lg-row\">\n            <div class=\"col-12 col-lg-10\">\n                <div class=\"title\"><h2 class=''>Learn more about my participation in G\u00f3mez-Acebo &amp; Pombo<\/h2>\n<\/div>\n            <\/div>\n            <div class=\"col-12 col-lg-2 px-0\">\n                <div id=\"selector_fechas\"><\/div>\n\n            <\/div>\n        <\/div>\n       <div class=\"row align-items-end\">\n           <div class=\"col-12 col-lg-11 px-0\">\n               <div class=\"selectores\">\n                   <div class=\"nav nav-tabs\" id=\"nav-tab\" role=\"tablist\">\n                                                                         <button class=\"nav-link y2024 y2023 y2022  active\" id=\"nav-noticias-tab\" data-bs-toggle=\"tab\" data-bs-target=\"#nav-noticias\" type=\"button\" role=\"tab\" aria-controls=\"nav-noticias\" aria-selected=\"false\">News<\/button>\n                                                                 <\/div>\n               <\/div>\n               <div class=\"d-block d-lg-none\">\n\n                   <select class=\"selectorSliders\">\n                                              <option value=\"noticias\">News<\/option>                                          <\/select>\n\n               <\/div>\n           <\/div>\n           <div class=\"d-none d-lg-block col-1\">\n               <div class=\"swiperRecArrows swiperArrows active\" data-arrows=\"#nav-reconocimientos\">\n                   <div class=\"d-flex align-items-center gap-4 justify-content-end\">\n                       <div class=\"swiper-button-prev\"><img decoding=\"async\" alt=\"icon\" src=\"https:\/\/ga-p.com\/wp-content\/themes\/ga-p\/assets\/images\/slider-arrow.svg\" \/><\/div>\n                       <div class=\"swiper-button-next\"><img decoding=\"async\" alt=\"icon\" src=\"https:\/\/ga-p.com\/wp-content\/themes\/ga-p\/assets\/images\/slider-arrow.svg\" \/><\/div>\n                   <\/div>\n               <\/div>\n               <div class=\"swiperNotArrows swiperArrows\" data-arrows=\"#nav-noticias\">\n                   <div class=\"d-flex align-items-center gap-4 justify-content-end\">\n                       <div class=\"swiper-button-prev\"><img decoding=\"async\" alt=\"icon\" src=\"https:\/\/ga-p.com\/wp-content\/themes\/ga-p\/assets\/images\/slider-arrow.svg\" \/><\/div>\n                       <div class=\"swiper-button-next\"><img decoding=\"async\" alt=\"icon\" src=\"https:\/\/ga-p.com\/wp-content\/themes\/ga-p\/assets\/images\/slider-arrow.svg\" \/><\/div>\n                   <\/div>\n               <\/div>\n               <div class=\"swiperComArrows swiperArrows\" data-arrows=\"#nav-comit\u00e9s\">\n                   <div class=\"d-flex align-items-center gap-4 justify-content-end\">\n                       <div class=\"swiper-button-prev\"><img decoding=\"async\" alt=\"icon\" src=\"https:\/\/ga-p.com\/wp-content\/themes\/ga-p\/assets\/images\/slider-arrow.svg\" \/><\/div>\n                       <div class=\"swiper-button-next\"><img decoding=\"async\" alt=\"icon\" src=\"https:\/\/ga-p.com\/wp-content\/themes\/ga-p\/assets\/images\/slider-arrow.svg\" \/><\/div>\n                   <\/div>\n               <\/div>\n           <\/div>\n       <\/div>\n    <\/div>\n    <div class=\"tab-content\" id=\"nav-tabContent\">\n                            <div class=\"tab-pane fade show active\" id=\"nav-noticias\" role=\"tabpanel\" aria-labelledby=\"nav-noticias-tab\" tabindex=\"0\">\n                <div class=\"swiper mySwiper swiperNot\">\n                    <div class=\"swiper-wrapper\">\n                                                    <div class=\"swiper-slide y2024\">\n                                <a style=\"text-decoration: none\" href=\"https:\/\/ga-p.com\/en\/news\/active-mobility-and-sustainable-public-transport-in-the-basque-country-official-gazette-law-11-2023-estrategia-empresarial\/\">\n    <div class=\"noticiaCard\">\n        <div class=\"content\">\n            <div class=\"tag\">NEWS<\/div>\n            <div class=\"titulo\">\n                Active mobility and sustainable public transport in the Basque Country Official Gazette Law 11\/2023 | Estrategia Empresarial            <\/div>\n            <div class=\"excerpt\">\n                The Official Gazette of the Basque Country Law 11\/2023 aims to establish a common regulatory framework for sustainable mobility in the Basque Country. Cristina Matia, Public Law Associate, talks about the principles and objectives that should govern the actions of Basque public administrations. Read the full article            <\/div>\n            <div class=\"fecha d-flex align-items-center gap-2\">\n                <img decoding=\"async\" alt=\"icon\" src=\"https:\/\/ga-p.com\/wp-content\/themes\/ga-p\/assets\/images\/clock-icon.svg\" \/>\n                26 Jan, 2024            <\/div>\n\n\n                            <div class=\"author d-flex align-items-center gap-2\">\n                    <img decoding=\"async\" alt=\"icon\" src=\"https:\/\/ga-p.com\/wp-content\/themes\/ga-p\/assets\/images\/author-icon.svg\" \/><span>\n                    Cristina Mat\u00eda                <\/span><\/div>\n            \n        <\/div>\n        <div class=\"openCard me-0 ms-auto\">\n            <img decoding=\"async\" alt=\"icon\" src=\"https:\/\/ga-p.com\/wp-content\/themes\/ga-p\/assets\/images\/arrow-open.svg\" \/>\n            <img decoding=\"async\" alt=\"icon\" src=\"https:\/\/ga-p.com\/wp-content\/themes\/ga-p\/assets\/images\/arrow-open.svg\" \/>\n        <\/div>\n    <\/div>\n<\/a>\n                            <\/div>\n                                                    <div class=\"swiper-slide y2023\">\n                                <a style=\"text-decoration: none\" href=\"https:\/\/ga-p.com\/en\/news\/ga_p-advises-energo-pro-on-the-acquisition-of-xallas-formerly-ferroatlantica-and-feroe-companies\/\">\n    <div class=\"noticiaCard\">\n        <div class=\"content\">\n            <div class=\"tag\">NEWS<\/div>\n            <div class=\"titulo\">\n                GA_P advises Energo-Pro on the acquisition of Xallas (formerly Ferroatl\u00e1ntica) and Feroe companies            <\/div>\n            <div class=\"excerpt\">\n                G\u00f3mez-Acebo &amp; Pombo has advised Energo-Pro, a company specialised in hydroelectric generation based in the Czech Republic, on the acquisition of 100% of the share capital of the companies Xallas Electricidad y Aleaciones (formerly Ferroatl\u00e1ntica) and Feroe Ventures &amp; Investments owned by the global investment firm Sixth Street. To finance the transaction, Energo-Pro has secured&#8230;            <\/div>\n            <div class=\"fecha d-flex align-items-center gap-2\">\n                <img decoding=\"async\" alt=\"icon\" src=\"https:\/\/ga-p.com\/wp-content\/themes\/ga-p\/assets\/images\/clock-icon.svg\" \/>\n                06 Oct, 2023            <\/div>\n\n\n                            <div class=\"author d-flex align-items-center gap-2\">\n                    <img decoding=\"async\" alt=\"icon\" src=\"https:\/\/ga-p.com\/wp-content\/themes\/ga-p\/assets\/images\/author-icon.svg\" \/><span>\n                    Guillermo Guerra, Irene Carre\u00f1o, Irene Ferna\u0301ndez Puyol, Carlos Va\u0301zquez, Cristina Mat\u00eda, Miguel Troncoso, Ruth Eren\u0303o                <\/span><\/div>\n            \n        <\/div>\n        <div class=\"openCard me-0 ms-auto\">\n            <img decoding=\"async\" alt=\"icon\" src=\"https:\/\/ga-p.com\/wp-content\/themes\/ga-p\/assets\/images\/arrow-open.svg\" \/>\n            <img decoding=\"async\" alt=\"icon\" src=\"https:\/\/ga-p.com\/wp-content\/themes\/ga-p\/assets\/images\/arrow-open.svg\" \/>\n        <\/div>\n    <\/div>\n<\/a>\n                            <\/div>\n                                                    <div class=\"swiper-slide y2022\">\n                                <a style=\"text-decoration: none\" href=\"https:\/\/ga-p.com\/en\/news\/ga_p-advises-norddeutsche-landesbank-girozentrale-and-banco-santander-on-the-financing-for-garnacha-solar\/\">\n    <div class=\"noticiaCard\">\n        <div class=\"content\">\n            <div class=\"tag\">NEWS<\/div>\n            <div class=\"titulo\">\n                GA_P advises Norddeutsche Landesbank Girozentrale and Banco Santander on the financing for Garnacha Solar            <\/div>\n            <div class=\"excerpt\">\n                G\u00f3mez-Acebo &amp; Pombo has advised Norddeutsche Landesbank Girozentrale, Germany&#8217;s largest bank in the issuance of domestic and international bonds, and Banco Santander, a world leader in financing renewable energy projects and one of the three largest banks in the world by number of transactions, in a financing in favour of Garnacha Solar, as borrower, for&#8230;            <\/div>\n            <div class=\"fecha d-flex align-items-center gap-2\">\n                <img decoding=\"async\" alt=\"icon\" src=\"https:\/\/ga-p.com\/wp-content\/themes\/ga-p\/assets\/images\/clock-icon.svg\" \/>\n                30 Nov, 2022            <\/div>\n\n\n                            <div class=\"author d-flex align-items-center gap-2\">\n                    <img decoding=\"async\" alt=\"icon\" src=\"https:\/\/ga-p.com\/wp-content\/themes\/ga-p\/assets\/images\/author-icon.svg\" \/><span>\n                    Ver\u00f3nica Roman\u00ed, Juan Pe\u0301rez, Cristina Mat\u00eda, Anna Spuche, \u00c1lvaro Obreg\u00f3n                <\/span><\/div>\n            \n        <\/div>\n        <div class=\"openCard me-0 ms-auto\">\n            <img decoding=\"async\" alt=\"icon\" src=\"https:\/\/ga-p.com\/wp-content\/themes\/ga-p\/assets\/images\/arrow-open.svg\" \/>\n            <img decoding=\"async\" alt=\"icon\" src=\"https:\/\/ga-p.com\/wp-content\/themes\/ga-p\/assets\/images\/arrow-open.svg\" \/>\n        <\/div>\n    <\/div>\n<\/a>\n                            <\/div>\n                                                    <div class=\"swiper-slide y2022\">\n                                <a style=\"text-decoration: none\" href=\"https:\/\/ga-p.com\/en\/news\/ga_p-advises-impax-on-the-sale-to-sonnedix-of-a-36-mw-operating-photovoltaic-plant-cod\/\">\n    <div class=\"noticiaCard\">\n        <div class=\"content\">\n            <div class=\"tag\">NEWS<\/div>\n            <div class=\"titulo\">\n                GA_P advises Impax on the sale to Sonnedix of a 36 MW operating photovoltaic plant (COD)            <\/div>\n            <div class=\"excerpt\">\n                G\u00f3mez-Acebo &amp; Pombo has advised Impax Asset Management on the sale to Sonnedix of Fraile Hive, S.L., owner of a 36 MWp plant located in Herencia, Ciudad Real and in operational status (it has recently reached the Commercial Operation Date -COD-). UK-based Impax Asset Management acquired the rights to this project in 2019 and has&#8230;            <\/div>\n            <div class=\"fecha d-flex align-items-center gap-2\">\n                <img decoding=\"async\" alt=\"icon\" src=\"https:\/\/ga-p.com\/wp-content\/themes\/ga-p\/assets\/images\/clock-icon.svg\" \/>\n                18 Nov, 2022            <\/div>\n\n\n                            <div class=\"author d-flex align-items-center gap-2\">\n                    <img decoding=\"async\" alt=\"icon\" src=\"https:\/\/ga-p.com\/wp-content\/themes\/ga-p\/assets\/images\/author-icon.svg\" \/><span>\n                    Pablo Fern\u00e1ndez Cortijo, Diego Mart\u00ednez Colino, Samara Schaar, Cristina Mat\u00eda, Paula Garc\u00eda, Natalia Lastres, Remedios Garci\u0301a,                 <\/span><\/div>\n            \n        <\/div>\n        <div class=\"openCard me-0 ms-auto\">\n            <img decoding=\"async\" alt=\"icon\" src=\"https:\/\/ga-p.com\/wp-content\/themes\/ga-p\/assets\/images\/arrow-open.svg\" \/>\n            <img decoding=\"async\" alt=\"icon\" src=\"https:\/\/ga-p.com\/wp-content\/themes\/ga-p\/assets\/images\/arrow-open.svg\" \/>\n        <\/div>\n    <\/div>\n<\/a>\n                            <\/div>\n                                            <\/div>\n                <\/div>\n            <\/div>\n                    <\/div>\n    <div class=\"swiperPagination\">\n        <div class=\"container\">\n            <div class=\"row\">\n                <div class=\"col-6 col-lg-12 swiperBulletsMobile\">\n                    <div class=\"swiperBullets swiperRecPagination active\" data-bullets=\"#nav-reconocimientos\"><\/div>\n                    <div class=\"swiperBullets swiperNotPagination\" data-bullets=\"#nav-noticias\"><\/div>\n                    <div class=\"swiperBullets swiperComPagination\" data-bullets=\"#nav-comit\u00e9s\"><\/div>\n                <\/div>\n                <div class=\"d-block d-lg-none col-6 swiperArrowsMobile\">\n                    <div class=\"swiperRecArrows swiperArrows active\" data-arrows=\"#nav-reconocimientos\">\n                        <div class=\"d-flex align-items-center gap-4 justify-content-end\">\n                            <div class=\"swiper-button-prev\"><img decoding=\"async\" alt=\"icon\" src=\"https:\/\/ga-p.com\/wp-content\/themes\/ga-p\/assets\/images\/slider-arrow.svg\" \/><\/div>\n                            <div class=\"swiper-button-next\"><img decoding=\"async\" alt=\"icon\" src=\"https:\/\/ga-p.com\/wp-content\/themes\/ga-p\/assets\/images\/slider-arrow.svg\" \/><\/div>\n                        <\/div>\n                    <\/div>\n                    <div class=\"swiperNotArrows swiperArrows\" data-arrows=\"#nav-noticias\">\n                        <div class=\"d-flex align-items-center gap-4 justify-content-end\">\n                            <div class=\"swiper-button-prev\"><img decoding=\"async\" alt=\"icon\" src=\"https:\/\/ga-p.com\/wp-content\/themes\/ga-p\/assets\/images\/slider-arrow.svg\" \/><\/div>\n                            <div class=\"swiper-button-next\"><img decoding=\"async\" alt=\"icon\" src=\"https:\/\/ga-p.com\/wp-content\/themes\/ga-p\/assets\/images\/slider-arrow.svg\" \/><\/div>\n                        <\/div>\n                    <\/div>\n                    <div class=\"swiperComArrows swiperArrows\" data-arrows=\"#nav-comit\u00e9s\">\n                        <div class=\"d-flex align-items-center gap-4 justify-content-end\">\n                            <div class=\"swiper-button-prev\"><img decoding=\"async\" alt=\"icon\" src=\"https:\/\/ga-p.com\/wp-content\/themes\/ga-p\/assets\/images\/slider-arrow.svg\" \/><\/div>\n                            <div class=\"swiper-button-next\"><img decoding=\"async\" alt=\"icon\" src=\"https:\/\/ga-p.com\/wp-content\/themes\/ga-p\/assets\/images\/slider-arrow.svg\" \/><\/div>\n                        <\/div>\n                    <\/div>\n                <\/div>\n            <\/div>\n        <\/div>\n    <\/div>\n<\/div>\n\n<script>\n    const opciones_participacion_array = [\n                {label: '2024', value: 'y2024'},\n                {label: '2023', value: 'y2023'},\n                {label: '2022', value: 'y2022'},\n            ]\n<\/script>\n\n        ","protected":false},"excerpt":{"rendered":"","protected":false},"featured_media":295402,"template":"","cargo":[151],"cargo-por-genero":[291],"personas-categoria":[],"class_list":["post-67126","persona","type-persona","status-publish","has-post-thumbnail","hentry","cargo-senior-associate","cargo-por-genero-senior-associate"],"acf":[],"yoast_head":"<!-- This site is optimized with the Yoast SEO plugin v27.3 - https:\/\/yoast.com\/product\/yoast-seo-wordpress\/ -->\n<title>Cristina Mat\u00eda - Despacho de abogados G\u00f3mez-Acebo y Pombo<\/title>\n<meta name=\"description\" content=\"Cristina is a senior associate in the Public and Regulated Sectors practice of G\u00f3mez-Acebo &amp; Pombo. She specialises in energy and administrative law.\" \/>\n<meta name=\"robots\" content=\"index, follow, max-snippet:-1, max-image-preview:large, max-video-preview:-1\" \/>\n<link rel=\"canonical\" href=\"https:\/\/ga-p.com\/en\/person\/cristina-matia\/\" \/>\n<meta property=\"og:locale\" content=\"en_US\" \/>\n<meta property=\"og:type\" content=\"article\" \/>\n<meta property=\"og:title\" content=\"Cristina Mat\u00eda - Despacho de abogados G\u00f3mez-Acebo y Pombo\" \/>\n<meta property=\"og:description\" content=\"Cristina is a senior associate in the Public and Regulated Sectors practice of G\u00f3mez-Acebo &amp; Pombo. She specialises in energy and administrative law.\" \/>\n<meta property=\"og:url\" content=\"https:\/\/ga-p.com\/en\/person\/cristina-matia\/\" \/>\n<meta property=\"og:site_name\" content=\"Despacho de abogados G\u00f3mez-Acebo y Pombo\" \/>\n<meta property=\"article:modified_time\" content=\"2026-02-04T10:15:02+00:00\" \/>\n<meta property=\"og:image\" content=\"https:\/\/ga-p.com\/wp-content\/uploads\/2024\/06\/Cristina-Matia-Garay.png\" \/>\n\t<meta property=\"og:image:width\" content=\"424\" \/>\n\t<meta property=\"og:image:height\" content=\"424\" \/>\n\t<meta property=\"og:image:type\" content=\"image\/png\" \/>\n<meta name=\"twitter:card\" content=\"summary_large_image\" \/>\n<meta name=\"twitter:label1\" content=\"Est. reading time\" \/>\n\t<meta name=\"twitter:data1\" content=\"1 minute\" \/>\n<script type=\"application\/ld+json\" class=\"yoast-schema-graph\">{\"@context\":\"https:\\\/\\\/schema.org\",\"@graph\":[{\"@type\":\"WebPage\",\"@id\":\"https:\\\/\\\/ga-p.com\\\/en\\\/person\\\/cristina-matia\\\/\",\"url\":\"https:\\\/\\\/ga-p.com\\\/en\\\/person\\\/cristina-matia\\\/\",\"name\":\"Cristina Mat\u00eda - Despacho de abogados G\u00f3mez-Acebo y Pombo\",\"isPartOf\":{\"@id\":\"https:\\\/\\\/ga-p.com\\\/en\\\/#website\"},\"primaryImageOfPage\":{\"@id\":\"https:\\\/\\\/ga-p.com\\\/en\\\/person\\\/cristina-matia\\\/#primaryimage\"},\"image\":{\"@id\":\"https:\\\/\\\/ga-p.com\\\/en\\\/person\\\/cristina-matia\\\/#primaryimage\"},\"thumbnailUrl\":\"https:\\\/\\\/ga-p.com\\\/wp-content\\\/uploads\\\/2024\\\/06\\\/Cristina-Matia-Garay.png\",\"datePublished\":\"2024-06-26T07:39:19+00:00\",\"dateModified\":\"2026-02-04T10:15:02+00:00\",\"description\":\"Cristina is a senior associate in the Public and Regulated Sectors practice of G\u00f3mez-Acebo & Pombo. She specialises in energy and administrative law.\",\"breadcrumb\":{\"@id\":\"https:\\\/\\\/ga-p.com\\\/en\\\/person\\\/cristina-matia\\\/#breadcrumb\"},\"inLanguage\":\"en-US\",\"potentialAction\":[{\"@type\":\"ReadAction\",\"target\":[\"https:\\\/\\\/ga-p.com\\\/en\\\/person\\\/cristina-matia\\\/\"]}]},{\"@type\":\"ImageObject\",\"inLanguage\":\"en-US\",\"@id\":\"https:\\\/\\\/ga-p.com\\\/en\\\/person\\\/cristina-matia\\\/#primaryimage\",\"url\":\"https:\\\/\\\/ga-p.com\\\/wp-content\\\/uploads\\\/2024\\\/06\\\/Cristina-Matia-Garay.png\",\"contentUrl\":\"https:\\\/\\\/ga-p.com\\\/wp-content\\\/uploads\\\/2024\\\/06\\\/Cristina-Matia-Garay.png\",\"width\":424,\"height\":424,\"caption\":\"Cristina Mati\u0301a Garay\"},{\"@type\":\"BreadcrumbList\",\"@id\":\"https:\\\/\\\/ga-p.com\\\/en\\\/person\\\/cristina-matia\\\/#breadcrumb\",\"itemListElement\":[{\"@type\":\"ListItem\",\"position\":1,\"name\":\"Portada\",\"item\":\"https:\\\/\\\/ga-p.com\\\/en\\\/\"},{\"@type\":\"ListItem\",\"position\":2,\"name\":\"Cristina Mat\u00eda\"}]},{\"@type\":\"WebSite\",\"@id\":\"https:\\\/\\\/ga-p.com\\\/en\\\/#website\",\"url\":\"https:\\\/\\\/ga-p.com\\\/en\\\/\",\"name\":\"Despacho de abogados G\u00f3mez-Acebo & Pombo\",\"description\":\"G\u00f3mez-Acebo y Pombo es una firma de abogados independiente, con experiencia internacional, especializada en todas las \u00e1reas del derecho de los negocio.\",\"publisher\":{\"@id\":\"https:\\\/\\\/ga-p.com\\\/en\\\/#organization\"},\"potentialAction\":[{\"@type\":\"SearchAction\",\"target\":{\"@type\":\"EntryPoint\",\"urlTemplate\":\"https:\\\/\\\/ga-p.com\\\/en\\\/?s={search_term_string}\"},\"query-input\":{\"@type\":\"PropertyValueSpecification\",\"valueRequired\":true,\"valueName\":\"search_term_string\"}}],\"inLanguage\":\"en-US\"},{\"@type\":\"Organization\",\"@id\":\"https:\\\/\\\/ga-p.com\\\/en\\\/#organization\",\"name\":\"Despacho de abogados G\u00f3mez-Acebo & Pombo\",\"url\":\"https:\\\/\\\/ga-p.com\\\/en\\\/\",\"logo\":{\"@type\":\"ImageObject\",\"inLanguage\":\"en-US\",\"@id\":\"https:\\\/\\\/ga-p.com\\\/en\\\/#\\\/schema\\\/logo\\\/image\\\/\",\"url\":\"https:\\\/\\\/ga-p.com\\\/wp-content\\\/uploads\\\/2024\\\/09\\\/Logo-1-1.svg\",\"contentUrl\":\"https:\\\/\\\/ga-p.com\\\/wp-content\\\/uploads\\\/2024\\\/09\\\/Logo-1-1.svg\",\"caption\":\"Despacho de abogados G\u00f3mez-Acebo & Pombo\"},\"image\":{\"@id\":\"https:\\\/\\\/ga-p.com\\\/en\\\/#\\\/schema\\\/logo\\\/image\\\/\"}}]}<\/script>\n<!-- \/ Yoast SEO plugin. -->","yoast_head_json":{"title":"Cristina Mat\u00eda - Despacho de abogados G\u00f3mez-Acebo y Pombo","description":"Cristina is a senior associate in the Public and Regulated Sectors practice of G\u00f3mez-Acebo & Pombo. She specialises in energy and administrative law.","robots":{"index":"index","follow":"follow","max-snippet":"max-snippet:-1","max-image-preview":"max-image-preview:large","max-video-preview":"max-video-preview:-1"},"canonical":"https:\/\/ga-p.com\/en\/person\/cristina-matia\/","og_locale":"en_US","og_type":"article","og_title":"Cristina Mat\u00eda - Despacho de abogados G\u00f3mez-Acebo y Pombo","og_description":"Cristina is a senior associate in the Public and Regulated Sectors practice of G\u00f3mez-Acebo & Pombo. She specialises in energy and administrative law.","og_url":"https:\/\/ga-p.com\/en\/person\/cristina-matia\/","og_site_name":"Despacho de abogados G\u00f3mez-Acebo y Pombo","article_modified_time":"2026-02-04T10:15:02+00:00","og_image":[{"width":424,"height":424,"url":"https:\/\/ga-p.com\/wp-content\/uploads\/2024\/06\/Cristina-Matia-Garay.png","type":"image\/png"}],"twitter_card":"summary_large_image","twitter_misc":{"Est. reading time":"1 minute"},"schema":{"@context":"https:\/\/schema.org","@graph":[{"@type":"WebPage","@id":"https:\/\/ga-p.com\/en\/person\/cristina-matia\/","url":"https:\/\/ga-p.com\/en\/person\/cristina-matia\/","name":"Cristina Mat\u00eda - Despacho de abogados G\u00f3mez-Acebo y Pombo","isPartOf":{"@id":"https:\/\/ga-p.com\/en\/#website"},"primaryImageOfPage":{"@id":"https:\/\/ga-p.com\/en\/person\/cristina-matia\/#primaryimage"},"image":{"@id":"https:\/\/ga-p.com\/en\/person\/cristina-matia\/#primaryimage"},"thumbnailUrl":"https:\/\/ga-p.com\/wp-content\/uploads\/2024\/06\/Cristina-Matia-Garay.png","datePublished":"2024-06-26T07:39:19+00:00","dateModified":"2026-02-04T10:15:02+00:00","description":"Cristina is a senior associate in the Public and Regulated Sectors practice of G\u00f3mez-Acebo & Pombo. She specialises in energy and administrative law.","breadcrumb":{"@id":"https:\/\/ga-p.com\/en\/person\/cristina-matia\/#breadcrumb"},"inLanguage":"en-US","potentialAction":[{"@type":"ReadAction","target":["https:\/\/ga-p.com\/en\/person\/cristina-matia\/"]}]},{"@type":"ImageObject","inLanguage":"en-US","@id":"https:\/\/ga-p.com\/en\/person\/cristina-matia\/#primaryimage","url":"https:\/\/ga-p.com\/wp-content\/uploads\/2024\/06\/Cristina-Matia-Garay.png","contentUrl":"https:\/\/ga-p.com\/wp-content\/uploads\/2024\/06\/Cristina-Matia-Garay.png","width":424,"height":424,"caption":"Cristina Mati\u0301a Garay"},{"@type":"BreadcrumbList","@id":"https:\/\/ga-p.com\/en\/person\/cristina-matia\/#breadcrumb","itemListElement":[{"@type":"ListItem","position":1,"name":"Portada","item":"https:\/\/ga-p.com\/en\/"},{"@type":"ListItem","position":2,"name":"Cristina Mat\u00eda"}]},{"@type":"WebSite","@id":"https:\/\/ga-p.com\/en\/#website","url":"https:\/\/ga-p.com\/en\/","name":"Despacho de abogados G\u00f3mez-Acebo & Pombo","description":"G\u00f3mez-Acebo y Pombo es una firma de abogados independiente, con experiencia internacional, especializada en todas las \u00e1reas del derecho de los negocio.","publisher":{"@id":"https:\/\/ga-p.com\/en\/#organization"},"potentialAction":[{"@type":"SearchAction","target":{"@type":"EntryPoint","urlTemplate":"https:\/\/ga-p.com\/en\/?s={search_term_string}"},"query-input":{"@type":"PropertyValueSpecification","valueRequired":true,"valueName":"search_term_string"}}],"inLanguage":"en-US"},{"@type":"Organization","@id":"https:\/\/ga-p.com\/en\/#organization","name":"Despacho de abogados G\u00f3mez-Acebo & Pombo","url":"https:\/\/ga-p.com\/en\/","logo":{"@type":"ImageObject","inLanguage":"en-US","@id":"https:\/\/ga-p.com\/en\/#\/schema\/logo\/image\/","url":"https:\/\/ga-p.com\/wp-content\/uploads\/2024\/09\/Logo-1-1.svg","contentUrl":"https:\/\/ga-p.com\/wp-content\/uploads\/2024\/09\/Logo-1-1.svg","caption":"Despacho de abogados G\u00f3mez-Acebo & Pombo"},"image":{"@id":"https:\/\/ga-p.com\/en\/#\/schema\/logo\/image\/"}}]}},"_links":{"self":[{"href":"https:\/\/ga-p.com\/en\/wp-json\/wp\/v2\/persona\/67126","targetHints":{"allow":["GET"]}}],"collection":[{"href":"https:\/\/ga-p.com\/en\/wp-json\/wp\/v2\/persona"}],"about":[{"href":"https:\/\/ga-p.com\/en\/wp-json\/wp\/v2\/types\/persona"}],"wp:featuredmedia":[{"embeddable":true,"href":"https:\/\/ga-p.com\/en\/wp-json\/wp\/v2\/media\/295402"}],"wp:attachment":[{"href":"https:\/\/ga-p.com\/en\/wp-json\/wp\/v2\/media?parent=67126"}],"wp:term":[{"taxonomy":"cargo","embeddable":true,"href":"https:\/\/ga-p.com\/en\/wp-json\/wp\/v2\/cargo?post=67126"},{"taxonomy":"cargo-por-genero","embeddable":true,"href":"https:\/\/ga-p.com\/en\/wp-json\/wp\/v2\/cargo-por-genero?post=67126"},{"taxonomy":"personas-categoria","embeddable":true,"href":"https:\/\/ga-p.com\/en\/wp-json\/wp\/v2\/personas-categoria?post=67126"}],"curies":[{"name":"wp","href":"https:\/\/api.w.org\/{rel}","templated":true}]}}