{"id":67194,"date":"2024-06-26T09:47:19","date_gmt":"2024-06-26T07:47:19","guid":{"rendered":"https:\/\/ga-p.com\/persona\/inigo-arrieta-rodriguez\/"},"modified":"2026-02-11T19:15:25","modified_gmt":"2026-02-11T18:15:25","slug":"inigo-arrieta","status":"publish","type":"persona","link":"https:\/\/ga-p.com\/en\/person\/inigo-arrieta\/","title":{"rendered":"In\u0303igo Arrieta"},"content":{"rendered":"\n\n<div id=\"Volver-block_1cb163a949e942a15e8f0f69f8c207be\" class=\"d-none d-lg-block Volver\" style=\"background-color: #FFFFFF\">\n    <div class=\"container\">\n        <div class=\"row\">\n            <div class=\"col-12\">\n                <div class=\"backTo d-flex align-items-center gap-2\" onclick=\"window.location.href='https:\/\/ga-p.com\/en\/people\/';\">\n                    <img decoding=\"async\" alt=\"icon\" src=\"https:\/\/ga-p.com\/wp-content\/themes\/ga-p\/assets\/images\/left-arrow-orange.svg\" \/>\n                    <div class=\"text\">Go back to <strong>People<\/strong><\/div>\n                <\/div>\n            <\/div>\n        <\/div>\n    <\/div>\n<\/div>\n\n\n\n<div id=\"PersonaHeader-block_454611a4de3074a3ad9550a9e3990188\" class=\"PersonaHeader\">\n    <div class=\"customContainer right\">\n        <div class=\"content\" style=\"background-image:url(https:\/\/ga-p.com\/wp-content\/uploads\/2024\/05\/Fondo-personas-nueva-web.webp)\">\n            <img fetchpriority=\"high\" decoding=\"async\" width=\"424\" height=\"424\" src=\"https:\/\/ga-p.com\/wp-content\/uploads\/2024\/06\/Inigo-Arrieta-Rodriguez.png\" class=\"personaThumb wp-post-image\" alt=\"In\u0303igo Arrieta\" loading=\"eager\" srcset=\"https:\/\/ga-p.com\/wp-content\/uploads\/2024\/06\/Inigo-Arrieta-Rodriguez.png 424w, https:\/\/ga-p.com\/wp-content\/uploads\/2024\/06\/Inigo-Arrieta-Rodriguez-300x300.png 300w, https:\/\/ga-p.com\/wp-content\/uploads\/2024\/06\/Inigo-Arrieta-Rodriguez-150x150.png 150w\" sizes=\"(max-width: 424px) 100vw, 424px\" \/>        <\/div>\n        <h1 class=\"col-lg-4 col-12 p-0 title\">In\u0303igo Arrieta<\/h1>\n    <\/div>\n    <div class=\"personalFixedTitle d-block d-md-none\">\n        <div class=\"container\">\n            <div class=\"row\">\n                <div class=\"col-12\">\n                    <div class=\"personalFixed\">\n                        <img decoding=\"async\" width=\"424\" height=\"424\" src=\"https:\/\/ga-p.com\/wp-content\/uploads\/2024\/06\/Inigo-Arrieta-Rodriguez.png\" class=\"personaThumb wp-post-image\" alt=\"In\u0303igo Arrieta\" loading=\"eager\" style=\"background-image:url(https:\/\/ga-p.com\/wp-content\/uploads\/2024\/05\/Fondo-personas-nueva-web.webp)\" srcset=\"https:\/\/ga-p.com\/wp-content\/uploads\/2024\/06\/Inigo-Arrieta-Rodriguez.png 424w, https:\/\/ga-p.com\/wp-content\/uploads\/2024\/06\/Inigo-Arrieta-Rodriguez-300x300.png 300w, https:\/\/ga-p.com\/wp-content\/uploads\/2024\/06\/Inigo-Arrieta-Rodriguez-150x150.png 150w\" sizes=\"(max-width: 424px) 100vw, 424px\" \/>                        <div class=\"modalTitle\">In\u0303igo Arrieta<\/div>\n                    <\/div>\n                <\/div>\n            <\/div>\n        <\/div>\n    <\/div>\n    <style>\n        .PersonaHeader{opacity:0;}\n    <\/style>\n<\/div>\n\n<div class=\"personaCV\" style=\"display:none\">\n    <div class=\"container\">\n        <a class=\"primaryCta scaleFromLeft rotateIcon\" id=\"cv\"><span>See full resume<\/span>\n            <div class=\"containerImg\"><img decoding=\"async\" alt=\"icon\" src=\"https:\/\/ga-p.com\/wp-content\/themes\/ga-p\/assets\/images\/external-icon.svg\" \/><\/div>\n        <\/a>\n    <\/div>\n    <script>\n        const post_name_persona=\"inigo-arrieta\";\n    <\/script>\n<\/div>\n\n\n\n<div class=\"pdf\" style=\"display:none\">\n    <div class=\"PersonaHeaderCV\">\n        <div class=\"customContainer right\">\n            <div class=\"content\" style=\"background-image:url(https:\/\/ga-p.com\/wp-content\/uploads\/2024\/05\/Fondo-personas-nueva-web.webp)\">\n                <img decoding=\"async\" src=\"https:\/\/ga-p.com\/wp-content\/uploads\/2024\/06\/Inigo-Arrieta-Rodriguez.png\" class=\"personaThumb\">\n            <\/div>\n        <\/div>\n    <\/div>\n\n    <div class=\"PersonaInformacionCV container\">\n        <div class=\"personal_office col-6 offset-6\">\n            <div class=\"personal\">\n                                    <div class=\"info\">\n                        <div class=\"title\">Position<\/div>\n                        <div class=\"text\">Senior Associate<\/div>\n                    <\/div>\n                \n                                    <div class=\"info\">\n                        <div class=\"title\">Telephone<\/div>\n                        <div class=\"text\">+34915829432<\/div>\n                    <\/div>\n                                                    <div class=\"info\">\n                        <div class=\"title\">Email<\/div>\n                        <div class=\"text\">iarrieta@ga-p.com<\/div>\n                    <\/div>\n                                                            <\/div>\n                            <div class=\"office\">\n                    <div class=\"title\">Office of Madrid<\/div>\n                                            <div class=\"d-flex align-item-center gap-2 mb-2\">\n                            <img decoding=\"async\" alt=\"icon\" src=\"https:\/\/ga-p.com\/wp-content\/themes\/ga-p\/assets\/images\/office-primary.svg\" \/>\n                            <div class=\"text\">Paseo de la Castellana, 216. 28046 Madrid (Spain)<\/div>\n                        <\/div>\n                                                                <div class=\"d-flex align-item-center gap-2 mb-2\">\n                            <img decoding=\"async\" alt=\"icon\" src=\"https:\/\/ga-p.com\/wp-content\/themes\/ga-p\/assets\/images\/mobile-primary.svg\" \/>\n                            <div class=\"text\">(+34) 91 582 91 00<\/div>\n                        <\/div>\n                                                                <div class=\"d-flex align-item-center gap-2\">\n                            <img decoding=\"async\" alt=\"icon\" src=\"https:\/\/ga-p.com\/wp-content\/themes\/ga-p\/assets\/images\/email-primary.svg\" \/>\n                            <div class=\"text\">madrid@ga-p.com<\/div>\n                        <\/div>\n                                    <\/div>\n                    <\/div>\n    <\/div>\n\n    <div class=\"container\">\n        <div class=\"row\">\n            <div class=\"col-6 izquierda\">\n                <div class=\"title\">In\u0303igo Arrieta<\/div>\n            <\/div>\n            <div class=\"col-6 derecha\">\n            <\/div>\n        <\/div>\n    <\/div>\n<\/div>\n\n<div id=\"ColumnaContenido-block_f96fb6a44fc771269386680b09f34936\" class=\"transparente ColumnaContenido\">\n    <div class=\"container\">\n        <div class=\"row\">\n            <div class=\"col-12 col-lg-7 offset-lg-5\">\n                <div class=\"acf-innerblocks-container\">\n\n\n<div id=\"PersonaInformacion-block_c494d7b1fd69078b7923f1fac10d0e21\" class=\"PersonaInformacion\">\n\n    <div class=\"personal_office\">\n        <div class=\"personal\">\n\n                            <div class=\"info\">\n                    <div class=\"title\">Position<\/div>\n                    <div class=\"text\">Senior Associate<\/div>\n                <\/div>\n            \n                        <div class=\"info\">\n                <div class=\"title\">Telephone<\/div>\n                <div class=\"text\">+34915829432<\/div>\n            <\/div>\n                                        <div class=\"info\">\n                    <div class=\"title\">Email<\/div>\n                    <div class=\"text\">iarrieta@ga-p.com<\/div>\n                <\/div>\n                                <\/div>\n                    <div class=\"office\">\n                <div class=\"title\">Madrid Office<\/div>\n\n                                <div class=\"d-flex align-item-center gap-2 mb-2\">\n                    <img decoding=\"async\" alt=\"icon\" src=\"https:\/\/ga-p.com\/wp-content\/themes\/ga-p\/assets\/images\/office-primary.svg\" \/>\n                    <div class=\"text\">Paseo de la Castellana, 216. 28046 Madrid (Spain)<\/div>\n                <\/div>\n                                                    <div class=\"d-flex align-item-center gap-2 mb-2\">\n                        <img decoding=\"async\" alt=\"icon\" src=\"https:\/\/ga-p.com\/wp-content\/themes\/ga-p\/assets\/images\/mobile-primary.svg\" \/>\n                        <div class=\"text\">(+34) 91 582 91 00<\/div>\n                    <\/div>\n                                                    <div class=\"d-flex align-item-center gap-2\">\n                        <img decoding=\"async\" alt=\"icon\" src=\"https:\/\/ga-p.com\/wp-content\/themes\/ga-p\/assets\/images\/email-primary.svg\" \/>\n                        <div class=\"text\">madrid@ga-p.com<\/div>\n                    <\/div>\n                            <\/div>\n            <\/div>\n    \n<\/div>\n\n<\/div>\n            <\/div>\n        <\/div>\n    <\/div>\n<\/div>\n\n\n<div id=\"ColumnaContenido-block_682dc9efa2993523b1ed6451a064311b\" class=\"blanco ColumnaContenido\">\n    <div class=\"container\">\n        <div class=\"row\">\n            <div class=\"col-12 col-lg-7 offset-lg-5\">\n                <div class=\"acf-innerblocks-container\">\n\n<h2 class=\"wp-block-heading\">I\u00f1igo is a senior associate in the Banking and Finance practice at G\u00f3mez-Acebo &amp; Pombo.<\/h2>\n\n\n\n<p>I\u00f1igo is a senior associate in the Banking &amp; Finance practice, where he advises financial institutions, companies and investment funds\u2014both domestic and international\u2014on the design, structuring and execution of complex financing transactions. He specialises in debt restructurings and refinancings, corporate finance, acquisition finance and project finance transactions, and has extensive experience in multidisciplinary and cross\u2011border transactions.<\/p>\n\n\n\n<p>His professional background includes a secondment in 2025 in Santiago de Chile, where he worked with the banking and finance team at Guerrero Olivos, participating in significant transactions within the Latin American market. He also completed a secondment in 2021 at the legal department of Soci\u00e9t\u00e9 G\u00e9n\u00e9rale, Spanish Branch, further strengthening his expertise in legal advisory work from an in\u2011house perspective.<\/p>\n\n\n\n<p>He holds a double degree in Law and Business Administration from the University of Navarra (Spain), and completed the University of Navarra \u2013 IESE Programme at IESE Business School.<\/p>\n\n\n\n<p>I\u00f1igo has participated as an author and co\u2011author of several specialised legal publications.<\/p>\n\n\n\n\n<div id=\"PersonaAreasSectores-block_1a90721872b40df7297836354a770b71\" class=\"PersonaAreasSectores\">\n\n    <div class=\"content\">\n        <div class=\"title\"><h2 class='title'>Areas and sectors in which he collaborates<\/h2>\n<\/div>\n        <div class=\"areas_sectores\">\n            <div class=\"out itemCont\">\n                                    <a class=\"item\" href=\"https:\/\/ga-p.com\/en\/area\/baking-and-finance\/\">Banking and Finance<\/a>\n                                    <a class=\"item\" href=\"https:\/\/ga-p.com\/en\/area\/restructuring-and-special-situations\/\">Restructuring and Special Situations<\/a>\n                            <\/div>\n                    <\/div>\n    <\/div>\n\n    <div class=\"menos\">\n\n    <\/div>\n\n\n\n\n<\/div>\n\n\n\n\n\n<div id=\"PersonaAcordeon-block_2de4d12ec51ae7327584090e405bf985\" class=\"PersonaAcordeon\">\n\n    <div class=\"accordion accordion-flush\" id=\"accordion-PersonaAcordeon-block_2de4d12ec51ae7327584090e405bf985\">\n        <div class=\"accordion-item\">\n            <h2 class=\"accordion-header\">\n                <button class=\"accordion-button collapsed gap-3 align-items-start\" type=\"button\" data-bs-toggle=\"collapse\" data-bs-target=\"#flush-PersonaAcordeon-block_2de4d12ec51ae7327584090e405bf985\" aria-expanded=\"false\" aria-controls=\"flush-PersonaAcordeon-block_2de4d12ec51ae7327584090e405bf985\">\n                    <img decoding=\"async\" width=\"1\" height=\"1\" src=\"https:\/\/ga-p.com\/wp-content\/uploads\/2024\/04\/educacion-icon.svg\" class=\"\" alt=\"educacion-icon\" loading=\"lazy\" \/>                    \n\n\nEducation and professional careers\n\n\n\n                <\/button>\n            <\/h2>\n            <div id=\"flush-PersonaAcordeon-block_2de4d12ec51ae7327584090e405bf985\" class=\"accordion-collapse collapse\" data-bs-parent=\"#accordion-PersonaAcordeon-block_2de4d12ec51ae7327584090e405bf985\">\n                <div class=\"accordion-body\">\n                                                                        <div class=\"itemCont noDate\">\n                                <div class=\"item-no-bullet\"><div class=\"page\" title=\"Page 1\">\n<div class=\"layoutArea\">\n<div class=\"column\">\n<p><strong>He joins Go\u0301mez-Acebo &amp; Pombo in 2014.<\/strong><\/p>\n<\/div>\n<\/div>\n<\/div>\n<\/div>\n                            <\/div>\n                                                    <div class=\"itemCont noDate\">\n                                <div class=\"item\"><div class=\"page\" title=\"Page 1\">\n<div class=\"layoutArea\">\n<div class=\"column\">\n<div class=\"page\" title=\"Page 1\">\n<div class=\"layoutArea\">\n<div class=\"column\">\n<p>2013 | IESE Programme, University of Navarra (Spain).<\/p>\n<\/div>\n<\/div>\n<\/div>\n<\/div>\n<\/div>\n<\/div>\n<\/div>\n                            <\/div>\n                                                    <div class=\"itemCont noDate\">\n                                <div class=\"item\"><div class=\"page\" title=\"Page 1\">\n<div class=\"layoutArea\">\n<div class=\"column\">\n<div class=\"page\" title=\"Page 1\">\n<div class=\"layoutArea\">\n<div class=\"column\">\n<p>2014 | Degree in Law from the University of Navarra.<\/p>\n<\/div>\n<\/div>\n<\/div>\n<\/div>\n<\/div>\n<\/div>\n<\/div>\n                            <\/div>\n                                                    <div class=\"itemCont noDate\">\n                                <div class=\"item\"><div class=\"page\" title=\"Page 1\">\n<div class=\"layoutArea\">\n<div class=\"column\">\n<div class=\"page\" title=\"Page 1\">\n<div class=\"layoutArea\">\n<div class=\"column\">\n<p>2014 | Degree in Business Administration and Management from the University of Navarra.<\/p>\n<\/div>\n<\/div>\n<\/div>\n<\/div>\n<\/div>\n<\/div>\n<\/div>\n                            <\/div>\n                                                            <\/div>\n            <\/div>\n        <\/div>\n    <\/div>\n\n<\/div>\n\n\n\n<div id=\"PersonaAcordeon-block_8dd3a5815fda949d1c4e8ede64bd7f50\" class=\"PersonaAcordeon\">\n\n    <div class=\"accordion accordion-flush\" id=\"accordion-PersonaAcordeon-block_8dd3a5815fda949d1c4e8ede64bd7f50\">\n        <div class=\"accordion-item\">\n            <h2 class=\"accordion-header\">\n                <button class=\"accordion-button collapsed gap-3 align-items-start\" type=\"button\" data-bs-toggle=\"collapse\" data-bs-target=\"#flush-PersonaAcordeon-block_8dd3a5815fda949d1c4e8ede64bd7f50\" aria-expanded=\"false\" aria-controls=\"flush-PersonaAcordeon-block_8dd3a5815fda949d1c4e8ede64bd7f50\">\n                    <img decoding=\"async\" width=\"1\" height=\"1\" src=\"https:\/\/ga-p.com\/wp-content\/uploads\/2024\/04\/entidades.svg\" class=\"\" alt=\"entidades\" loading=\"lazy\" \/>                    \n\n\nMember of professional bodies and associations\n\n\n\n                <\/button>\n            <\/h2>\n            <div id=\"flush-PersonaAcordeon-block_8dd3a5815fda949d1c4e8ede64bd7f50\" class=\"accordion-collapse collapse\" data-bs-parent=\"#accordion-PersonaAcordeon-block_8dd3a5815fda949d1c4e8ede64bd7f50\">\n                <div class=\"accordion-body\">\n                                                                        <div class=\"itemCont noDate\">\n                                <div class=\"item\"><div class=\"page\" title=\"Page 1\">\n<div class=\"layoutArea\">\n<div class=\"column\">\n<div class=\"page\" title=\"Page 1\">\n<div class=\"layoutArea\">\n<div class=\"column\">\n<p>Member of Madrid Bar Association (since 2014).<\/p>\n<\/div>\n<\/div>\n<\/div>\n<\/div>\n<\/div>\n<\/div>\n<\/div>\n                            <\/div>\n                                                            <\/div>\n            <\/div>\n        <\/div>\n    <\/div>\n\n<\/div>\n\n\n\n<div id=\"PersonaAcordeon-block_97de3a62a3f2802d1b263a4d77962a8a\" class=\"PersonaAcordeon\">\n\n    <div class=\"accordion accordion-flush\" id=\"accordion-PersonaAcordeon-block_97de3a62a3f2802d1b263a4d77962a8a\">\n        <div class=\"accordion-item\">\n            <h2 class=\"accordion-header\">\n                <button class=\"accordion-button collapsed gap-3 align-items-start\" type=\"button\" data-bs-toggle=\"collapse\" data-bs-target=\"#flush-PersonaAcordeon-block_97de3a62a3f2802d1b263a4d77962a8a\" aria-expanded=\"false\" aria-controls=\"flush-PersonaAcordeon-block_97de3a62a3f2802d1b263a4d77962a8a\">\n                    <img decoding=\"async\" width=\"1\" height=\"1\" src=\"https:\/\/ga-p.com\/wp-content\/uploads\/2024\/04\/idiomas-icon.svg\" class=\"\" alt=\"idiomas-icon\" loading=\"lazy\" \/>                    \n\n\nLanguages\n\n\n\n                <\/button>\n            <\/h2>\n            <div id=\"flush-PersonaAcordeon-block_97de3a62a3f2802d1b263a4d77962a8a\" class=\"accordion-collapse collapse\" data-bs-parent=\"#accordion-PersonaAcordeon-block_97de3a62a3f2802d1b263a4d77962a8a\">\n                <div class=\"accordion-body\">\n                                                                        <div class=\"itemCont noDate\">\n                                <div class=\"item\"><div class=\"page\" title=\"Page 1\">\n<div class=\"layoutArea\">\n<div class=\"column\">\n<p>Spanish<\/p>\n<\/div>\n<\/div>\n<\/div>\n<\/div>\n                            <\/div>\n                                                    <div class=\"itemCont noDate\">\n                                <div class=\"item\"><div class=\"page\" title=\"Page 1\">\n<div class=\"layoutArea\">\n<div class=\"column\">\n<p>English<\/p>\n<\/div>\n<\/div>\n<\/div>\n<\/div>\n                            <\/div>\n                                                    <div class=\"itemCont noDate\">\n                                <div class=\"item\"><div class=\"page\" title=\"Page 1\">\n<div class=\"layoutArea\">\n<div class=\"column\">\n<p>Basque<\/p>\n<\/div>\n<\/div>\n<\/div>\n<\/div>\n                            <\/div>\n                                                            <\/div>\n            <\/div>\n        <\/div>\n    <\/div>\n\n<\/div>\n\n\n\n<div id=\"Boton-block_77d09c9910debb25016ecfa310d11d3d\" class=\"Boton\">\n\n    <\/div>\n\n<\/div>\n            <\/div>\n        <\/div>\n    <\/div>\n<\/div>\n\n\n<div id=\"PersonaParticipacion-block_ffbdfcb3e48cc90ba298868aa6118afe\" class=\"PersonaParticipacion\">\n\n    <div class=\"container\">\n        <div class=\"row align-items-end flex-column flex-lg-row\">\n            <div class=\"col-12 col-lg-10\">\n                <div class=\"title\"><h2 class=''>Learn more about my participation in G\u00f3mez-Acebo &amp; Pombo<\/h2>\n<\/div>\n            <\/div>\n            <div class=\"col-12 col-lg-2 px-0\">\n                <div id=\"selector_fechas\"><\/div>\n\n            <\/div>\n        <\/div>\n       <div class=\"row align-items-end\">\n           <div class=\"col-12 col-lg-11 px-0\">\n               <div class=\"selectores\">\n                   <div class=\"nav nav-tabs\" id=\"nav-tab\" role=\"tablist\">\n                                                  <button class=\"nav-link y2021 \" id=\"nav-reconocimientos-tab\" data-bs-toggle=\"tab\" data-bs-target=\"#nav-reconocimientos\" type=\"button\" role=\"tab\" aria-controls=\"nav-reconocimientos\" aria-selected=\"true\">Recognitions<\/button>\n                                                                         <button class=\"nav-link y2024  \" id=\"nav-noticias-tab\" data-bs-toggle=\"tab\" data-bs-target=\"#nav-noticias\" type=\"button\" role=\"tab\" aria-controls=\"nav-noticias\" aria-selected=\"false\">News<\/button>\n                                                                 <\/div>\n               <\/div>\n               <div class=\"d-block d-lg-none\">\n\n                   <select class=\"selectorSliders\">\n                       <option value=\"reconocimientos\">Recognitions<\/option>                       <option value=\"noticias\">News<\/option>                                          <\/select>\n\n               <\/div>\n           <\/div>\n           <div class=\"d-none d-lg-block col-1\">\n               <div class=\"swiperRecArrows swiperArrows active\" data-arrows=\"#nav-reconocimientos\">\n                   <div class=\"d-flex align-items-center gap-4 justify-content-end\">\n                       <div class=\"swiper-button-prev\"><img decoding=\"async\" alt=\"icon\" src=\"https:\/\/ga-p.com\/wp-content\/themes\/ga-p\/assets\/images\/slider-arrow.svg\" \/><\/div>\n                       <div class=\"swiper-button-next\"><img decoding=\"async\" alt=\"icon\" src=\"https:\/\/ga-p.com\/wp-content\/themes\/ga-p\/assets\/images\/slider-arrow.svg\" \/><\/div>\n                   <\/div>\n               <\/div>\n               <div class=\"swiperNotArrows swiperArrows\" data-arrows=\"#nav-noticias\">\n                   <div class=\"d-flex align-items-center gap-4 justify-content-end\">\n                       <div class=\"swiper-button-prev\"><img decoding=\"async\" alt=\"icon\" src=\"https:\/\/ga-p.com\/wp-content\/themes\/ga-p\/assets\/images\/slider-arrow.svg\" \/><\/div>\n                       <div class=\"swiper-button-next\"><img decoding=\"async\" alt=\"icon\" src=\"https:\/\/ga-p.com\/wp-content\/themes\/ga-p\/assets\/images\/slider-arrow.svg\" \/><\/div>\n                   <\/div>\n               <\/div>\n               <div class=\"swiperComArrows swiperArrows\" data-arrows=\"#nav-comit\u00e9s\">\n                   <div class=\"d-flex align-items-center gap-4 justify-content-end\">\n                       <div class=\"swiper-button-prev\"><img decoding=\"async\" alt=\"icon\" src=\"https:\/\/ga-p.com\/wp-content\/themes\/ga-p\/assets\/images\/slider-arrow.svg\" \/><\/div>\n                       <div class=\"swiper-button-next\"><img decoding=\"async\" alt=\"icon\" src=\"https:\/\/ga-p.com\/wp-content\/themes\/ga-p\/assets\/images\/slider-arrow.svg\" \/><\/div>\n                   <\/div>\n               <\/div>\n           <\/div>\n       <\/div>\n    <\/div>\n    <div class=\"tab-content\" id=\"nav-tabContent\">\n                <div class=\"tab-pane fade\" id=\"nav-reconocimientos\" role=\"tabpanel\" aria-labelledby=\"nav-reconocimientos-tab\" tabindex=\"0\">\n            <div class=\"swiper mySwiper swiperRec\">\n                <div class=\"swiper-wrapper\">\n                                        <div class=\"swiper-slide y2021\">\n                        <div class=\"reconocimento \">\n    <div class=\"rewardBlock\">\n        <div>\n                            <img decoding=\"async\" width=\"250\" height=\"270\" src=\"https:\/\/ga-p.com\/wp-content\/uploads\/2018\/03\/reconocimiento_the_legal_500_60-e1533553443883.jpg\" class=\"imagen\" alt=\"The Legal 500 2021. Projects and energy\" loading=\"lazy\" \/>                    <\/div>\n\n\n        \n        <div class=\"info\">\n            <div class=\"titulo\">\n                The Legal 500 2021. Projects and energy            <\/div>\n            <div class=\"excerpt\">\n                \u2018The personalized treatment and knowledge of the sector makes them differentiate themselves from their competitors. Ver\u00f3nica Roman\u00ed\u2019s team inspires a lot of confidence, they are always ready to solve any problem and are very innovative and imaginative in the solutions they provide. From Ver\u00f3nica\u2019s team, in addition to the excellence of Ver\u00f3nica herself, Juan P\u00e9rez G\u00f3mez and I\u00f1igo Arrieta stand out, both very great professionals with great potential.\u2019            <\/div>\n            \n        <\/div>\n                        <\/div>\n    <\/div>                    <\/div>\n                                    <\/div>\n            <\/div>\n        <\/div>\n                            <div class=\"tab-pane fade \" id=\"nav-noticias\" role=\"tabpanel\" aria-labelledby=\"nav-noticias-tab\" tabindex=\"0\">\n                <div class=\"swiper mySwiper swiperNot\">\n                    <div class=\"swiper-wrapper\">\n                                                    <div class=\"swiper-slide y2024\">\n                                <a style=\"text-decoration: none\" href=\"https:\/\/ga-p.com\/en\/news\/the-judge-gives-the-green-light-to-bondholders-to-take-telepizza-expansion\/\">\n    <div class=\"noticiaCard\">\n        <div class=\"content\">\n            <div class=\"tag\">NEWS<\/div>\n            <div class=\"titulo\">\n                The judge gives the green light to bondholders to take Telepizza | Expansi\u00f3n            <\/div>\n            <div class=\"excerpt\">\n                The Commercial Court number 5 of Madrid has agreed to approve the restructuring plan of Food Delivery Brands, parent company of Telepizza, which will give full control of the company to the bondholders, among which groups such as Blantyre, Oak Hill and Fortress stand out, as stated in a judicial resolution to which Expansi\u00f3n has&#8230;            <\/div>\n            <div class=\"fecha d-flex align-items-center gap-2\">\n                <img decoding=\"async\" alt=\"icon\" src=\"https:\/\/ga-p.com\/wp-content\/themes\/ga-p\/assets\/images\/clock-icon.svg\" \/>\n                13 Jun, 2024            <\/div>\n\n\n                            <div class=\"author d-flex align-items-center gap-2\">\n                    <img decoding=\"async\" alt=\"icon\" src=\"https:\/\/ga-p.com\/wp-content\/themes\/ga-p\/assets\/images\/author-icon.svg\" \/><span>\n                    Miguel Lamo de Espinosa, Santiago Go\u0301mez-Acebo, Paula Zarzalejos, \u00cdn\u0303igo Arrieta, Mari\u0301a Fanego, Irene Are\u0301valo, Julio Jime\u0301nez, Pablo Fern\u00e1ndez Cortijo, Miguel A\u0301ngel Melero, Andr\u00e9s Castro, Miguel Troncoso, Laura Lence, Remedios Garci\u0301a, Roc\u00edo Arias, Mo\u0301nica Esteve, Irene Ferna\u0301ndez Puyol, Juan Ignacio Romero                <\/span><\/div>\n            \n        <\/div>\n        <div class=\"openCard me-0 ms-auto\">\n            <img decoding=\"async\" alt=\"icon\" src=\"https:\/\/ga-p.com\/wp-content\/themes\/ga-p\/assets\/images\/arrow-open.svg\" \/>\n            <img decoding=\"async\" alt=\"icon\" src=\"https:\/\/ga-p.com\/wp-content\/themes\/ga-p\/assets\/images\/arrow-open.svg\" \/>\n        <\/div>\n    <\/div>\n<\/a>\n                            <\/div>\n                                                    <div class=\"swiper-slide y2024\">\n                                <a style=\"text-decoration: none\" href=\"https:\/\/ga-p.com\/en\/news\/ga_p-advises-uriach-on-the-acquisition-of-the-german-group-pascoe\/\">\n    <div class=\"noticiaCard\">\n        <div class=\"content\">\n            <div class=\"tag\">NEWS<\/div>\n            <div class=\"titulo\">\n                GA_P advises Uriach on the acquisition of the German group Pascoe            <\/div>\n            <div class=\"excerpt\">\n                G\u00f3mez-Acebo &amp; Pombo has advised Grupo J. Uriach, S.L.U., a Catalan company specialized in the Natural Consumer Healthcare sector, in the acquisition of the German group Pascoe, leader in this sector in Germany with more than 125 years of experience. The alliance allows Uriach to strengthen the group&#8217;s presence in Germany, the Czech Republic and&#8230;            <\/div>\n            <div class=\"fecha d-flex align-items-center gap-2\">\n                <img decoding=\"async\" alt=\"icon\" src=\"https:\/\/ga-p.com\/wp-content\/themes\/ga-p\/assets\/images\/clock-icon.svg\" \/>\n                16 May, 2024            <\/div>\n\n\n                            <div class=\"author d-flex align-items-center gap-2\">\n                    <img decoding=\"async\" alt=\"icon\" src=\"https:\/\/ga-p.com\/wp-content\/themes\/ga-p\/assets\/images\/author-icon.svg\" \/><span>\n                    Daniel Mar\u00edn, Carolina Posse Van Der Laat, Beatriz Dosd\u00e1, Jes\u00fas Antonio Urriza, \u00cdn\u0303igo Arrieta                <\/span><\/div>\n            \n        <\/div>\n        <div class=\"openCard me-0 ms-auto\">\n            <img decoding=\"async\" alt=\"icon\" src=\"https:\/\/ga-p.com\/wp-content\/themes\/ga-p\/assets\/images\/arrow-open.svg\" \/>\n            <img decoding=\"async\" alt=\"icon\" src=\"https:\/\/ga-p.com\/wp-content\/themes\/ga-p\/assets\/images\/arrow-open.svg\" \/>\n        <\/div>\n    <\/div>\n<\/a>\n                            <\/div>\n                                            <\/div>\n                <\/div>\n            <\/div>\n                    <\/div>\n    <div class=\"swiperPagination\">\n        <div class=\"container\">\n            <div class=\"row\">\n                <div class=\"col-6 col-lg-12 swiperBulletsMobile\">\n                    <div class=\"swiperBullets swiperRecPagination active\" data-bullets=\"#nav-reconocimientos\"><\/div>\n                    <div class=\"swiperBullets swiperNotPagination\" data-bullets=\"#nav-noticias\"><\/div>\n                    <div class=\"swiperBullets swiperComPagination\" data-bullets=\"#nav-comit\u00e9s\"><\/div>\n                <\/div>\n                <div class=\"d-block d-lg-none col-6 swiperArrowsMobile\">\n                    <div class=\"swiperRecArrows swiperArrows active\" data-arrows=\"#nav-reconocimientos\">\n                        <div class=\"d-flex align-items-center gap-4 justify-content-end\">\n                            <div class=\"swiper-button-prev\"><img decoding=\"async\" alt=\"icon\" src=\"https:\/\/ga-p.com\/wp-content\/themes\/ga-p\/assets\/images\/slider-arrow.svg\" \/><\/div>\n                            <div class=\"swiper-button-next\"><img decoding=\"async\" alt=\"icon\" src=\"https:\/\/ga-p.com\/wp-content\/themes\/ga-p\/assets\/images\/slider-arrow.svg\" \/><\/div>\n                        <\/div>\n                    <\/div>\n                    <div class=\"swiperNotArrows swiperArrows\" data-arrows=\"#nav-noticias\">\n                        <div class=\"d-flex align-items-center gap-4 justify-content-end\">\n                            <div class=\"swiper-button-prev\"><img decoding=\"async\" alt=\"icon\" src=\"https:\/\/ga-p.com\/wp-content\/themes\/ga-p\/assets\/images\/slider-arrow.svg\" \/><\/div>\n                            <div class=\"swiper-button-next\"><img decoding=\"async\" alt=\"icon\" src=\"https:\/\/ga-p.com\/wp-content\/themes\/ga-p\/assets\/images\/slider-arrow.svg\" \/><\/div>\n                        <\/div>\n                    <\/div>\n                    <div class=\"swiperComArrows swiperArrows\" data-arrows=\"#nav-comit\u00e9s\">\n                        <div class=\"d-flex align-items-center gap-4 justify-content-end\">\n                            <div class=\"swiper-button-prev\"><img decoding=\"async\" alt=\"icon\" src=\"https:\/\/ga-p.com\/wp-content\/themes\/ga-p\/assets\/images\/slider-arrow.svg\" \/><\/div>\n                            <div class=\"swiper-button-next\"><img decoding=\"async\" alt=\"icon\" src=\"https:\/\/ga-p.com\/wp-content\/themes\/ga-p\/assets\/images\/slider-arrow.svg\" \/><\/div>\n                        <\/div>\n                    <\/div>\n                <\/div>\n            <\/div>\n        <\/div>\n    <\/div>\n<\/div>\n\n<script>\n    const opciones_participacion_array = [\n                {label: '2024', value: 'y2024'},\n                {label: '2021', value: 'y2021'},\n            ]\n<\/script>\n\n        ","protected":false},"excerpt":{"rendered":"","protected":false},"featured_media":295688,"template":"","cargo":[151],"cargo-por-genero":[],"personas-categoria":[],"class_list":["post-67194","persona","type-persona","status-publish","has-post-thumbnail","hentry","cargo-senior-associate"],"acf":[],"yoast_head":"<!-- This site is optimized with the Yoast SEO plugin v27.3 - https:\/\/yoast.com\/product\/yoast-seo-wordpress\/ -->\n<title>In\u0303igo Arrieta - Despacho de abogados G\u00f3mez-Acebo y Pombo<\/title>\n<meta name=\"description\" content=\"I\u00f1igo is a senior associate in Banking and Finance at G\u00f3mez-Acebo &amp; Pombo. He holds a degree in Law and in Business Administration and Management.\" \/>\n<meta name=\"robots\" content=\"index, follow, max-snippet:-1, max-image-preview:large, max-video-preview:-1\" \/>\n<link rel=\"canonical\" href=\"https:\/\/ga-p.com\/en\/person\/inigo-arrieta\/\" \/>\n<meta property=\"og:locale\" content=\"en_US\" \/>\n<meta property=\"og:type\" content=\"article\" \/>\n<meta property=\"og:title\" content=\"In\u0303igo Arrieta - Despacho de abogados G\u00f3mez-Acebo y Pombo\" \/>\n<meta property=\"og:description\" content=\"I\u00f1igo is a senior associate in Banking and Finance at G\u00f3mez-Acebo &amp; Pombo. He holds a degree in Law and in Business Administration and Management.\" \/>\n<meta property=\"og:url\" content=\"https:\/\/ga-p.com\/en\/person\/inigo-arrieta\/\" \/>\n<meta property=\"og:site_name\" content=\"Despacho de abogados G\u00f3mez-Acebo y Pombo\" \/>\n<meta property=\"article:modified_time\" content=\"2026-02-11T18:15:25+00:00\" \/>\n<meta property=\"og:image\" content=\"https:\/\/ga-p.com\/wp-content\/uploads\/2024\/06\/Inigo-Arrieta-Rodriguez.png\" \/>\n\t<meta property=\"og:image:width\" content=\"424\" \/>\n\t<meta property=\"og:image:height\" content=\"424\" \/>\n\t<meta property=\"og:image:type\" content=\"image\/png\" \/>\n<meta name=\"twitter:card\" content=\"summary_large_image\" \/>\n<meta name=\"twitter:label1\" content=\"Est. reading time\" \/>\n\t<meta name=\"twitter:data1\" content=\"1 minute\" \/>\n<script type=\"application\/ld+json\" class=\"yoast-schema-graph\">{\"@context\":\"https:\\\/\\\/schema.org\",\"@graph\":[{\"@type\":\"WebPage\",\"@id\":\"https:\\\/\\\/ga-p.com\\\/en\\\/person\\\/inigo-arrieta\\\/\",\"url\":\"https:\\\/\\\/ga-p.com\\\/en\\\/person\\\/inigo-arrieta\\\/\",\"name\":\"In\u0303igo Arrieta - Despacho de abogados G\u00f3mez-Acebo y Pombo\",\"isPartOf\":{\"@id\":\"https:\\\/\\\/ga-p.com\\\/en\\\/#website\"},\"primaryImageOfPage\":{\"@id\":\"https:\\\/\\\/ga-p.com\\\/en\\\/person\\\/inigo-arrieta\\\/#primaryimage\"},\"image\":{\"@id\":\"https:\\\/\\\/ga-p.com\\\/en\\\/person\\\/inigo-arrieta\\\/#primaryimage\"},\"thumbnailUrl\":\"https:\\\/\\\/ga-p.com\\\/wp-content\\\/uploads\\\/2024\\\/06\\\/Inigo-Arrieta-Rodriguez.png\",\"datePublished\":\"2024-06-26T07:47:19+00:00\",\"dateModified\":\"2026-02-11T18:15:25+00:00\",\"description\":\"I\u00f1igo is a senior associate in Banking and Finance at G\u00f3mez-Acebo & Pombo. He holds a degree in Law and in Business Administration and Management.\",\"breadcrumb\":{\"@id\":\"https:\\\/\\\/ga-p.com\\\/en\\\/person\\\/inigo-arrieta\\\/#breadcrumb\"},\"inLanguage\":\"en-US\",\"potentialAction\":[{\"@type\":\"ReadAction\",\"target\":[\"https:\\\/\\\/ga-p.com\\\/en\\\/person\\\/inigo-arrieta\\\/\"]}]},{\"@type\":\"ImageObject\",\"inLanguage\":\"en-US\",\"@id\":\"https:\\\/\\\/ga-p.com\\\/en\\\/person\\\/inigo-arrieta\\\/#primaryimage\",\"url\":\"https:\\\/\\\/ga-p.com\\\/wp-content\\\/uploads\\\/2024\\\/06\\\/Inigo-Arrieta-Rodriguez.png\",\"contentUrl\":\"https:\\\/\\\/ga-p.com\\\/wp-content\\\/uploads\\\/2024\\\/06\\\/Inigo-Arrieta-Rodriguez.png\",\"width\":424,\"height\":424,\"caption\":\"I\u00f1igo Arrieta Rodriguez\"},{\"@type\":\"BreadcrumbList\",\"@id\":\"https:\\\/\\\/ga-p.com\\\/en\\\/person\\\/inigo-arrieta\\\/#breadcrumb\",\"itemListElement\":[{\"@type\":\"ListItem\",\"position\":1,\"name\":\"Portada\",\"item\":\"https:\\\/\\\/ga-p.com\\\/en\\\/\"},{\"@type\":\"ListItem\",\"position\":2,\"name\":\"In\u0303igo Arrieta\"}]},{\"@type\":\"WebSite\",\"@id\":\"https:\\\/\\\/ga-p.com\\\/en\\\/#website\",\"url\":\"https:\\\/\\\/ga-p.com\\\/en\\\/\",\"name\":\"Despacho de abogados G\u00f3mez-Acebo & Pombo\",\"description\":\"G\u00f3mez-Acebo y Pombo es una firma de abogados independiente, con experiencia internacional, especializada en todas las \u00e1reas del derecho de los negocio.\",\"publisher\":{\"@id\":\"https:\\\/\\\/ga-p.com\\\/en\\\/#organization\"},\"potentialAction\":[{\"@type\":\"SearchAction\",\"target\":{\"@type\":\"EntryPoint\",\"urlTemplate\":\"https:\\\/\\\/ga-p.com\\\/en\\\/?s={search_term_string}\"},\"query-input\":{\"@type\":\"PropertyValueSpecification\",\"valueRequired\":true,\"valueName\":\"search_term_string\"}}],\"inLanguage\":\"en-US\"},{\"@type\":\"Organization\",\"@id\":\"https:\\\/\\\/ga-p.com\\\/en\\\/#organization\",\"name\":\"Despacho de abogados G\u00f3mez-Acebo & Pombo\",\"url\":\"https:\\\/\\\/ga-p.com\\\/en\\\/\",\"logo\":{\"@type\":\"ImageObject\",\"inLanguage\":\"en-US\",\"@id\":\"https:\\\/\\\/ga-p.com\\\/en\\\/#\\\/schema\\\/logo\\\/image\\\/\",\"url\":\"https:\\\/\\\/ga-p.com\\\/wp-content\\\/uploads\\\/2024\\\/09\\\/Logo-1-1.svg\",\"contentUrl\":\"https:\\\/\\\/ga-p.com\\\/wp-content\\\/uploads\\\/2024\\\/09\\\/Logo-1-1.svg\",\"caption\":\"Despacho de abogados G\u00f3mez-Acebo & Pombo\"},\"image\":{\"@id\":\"https:\\\/\\\/ga-p.com\\\/en\\\/#\\\/schema\\\/logo\\\/image\\\/\"}}]}<\/script>\n<!-- \/ Yoast SEO plugin. -->","yoast_head_json":{"title":"In\u0303igo Arrieta - Despacho de abogados G\u00f3mez-Acebo y Pombo","description":"I\u00f1igo is a senior associate in Banking and Finance at G\u00f3mez-Acebo & Pombo. He holds a degree in Law and in Business Administration and Management.","robots":{"index":"index","follow":"follow","max-snippet":"max-snippet:-1","max-image-preview":"max-image-preview:large","max-video-preview":"max-video-preview:-1"},"canonical":"https:\/\/ga-p.com\/en\/person\/inigo-arrieta\/","og_locale":"en_US","og_type":"article","og_title":"In\u0303igo Arrieta - Despacho de abogados G\u00f3mez-Acebo y Pombo","og_description":"I\u00f1igo is a senior associate in Banking and Finance at G\u00f3mez-Acebo & Pombo. He holds a degree in Law and in Business Administration and Management.","og_url":"https:\/\/ga-p.com\/en\/person\/inigo-arrieta\/","og_site_name":"Despacho de abogados G\u00f3mez-Acebo y Pombo","article_modified_time":"2026-02-11T18:15:25+00:00","og_image":[{"width":424,"height":424,"url":"https:\/\/ga-p.com\/wp-content\/uploads\/2024\/06\/Inigo-Arrieta-Rodriguez.png","type":"image\/png"}],"twitter_card":"summary_large_image","twitter_misc":{"Est. reading time":"1 minute"},"schema":{"@context":"https:\/\/schema.org","@graph":[{"@type":"WebPage","@id":"https:\/\/ga-p.com\/en\/person\/inigo-arrieta\/","url":"https:\/\/ga-p.com\/en\/person\/inigo-arrieta\/","name":"In\u0303igo Arrieta - Despacho de abogados G\u00f3mez-Acebo y Pombo","isPartOf":{"@id":"https:\/\/ga-p.com\/en\/#website"},"primaryImageOfPage":{"@id":"https:\/\/ga-p.com\/en\/person\/inigo-arrieta\/#primaryimage"},"image":{"@id":"https:\/\/ga-p.com\/en\/person\/inigo-arrieta\/#primaryimage"},"thumbnailUrl":"https:\/\/ga-p.com\/wp-content\/uploads\/2024\/06\/Inigo-Arrieta-Rodriguez.png","datePublished":"2024-06-26T07:47:19+00:00","dateModified":"2026-02-11T18:15:25+00:00","description":"I\u00f1igo is a senior associate in Banking and Finance at G\u00f3mez-Acebo & Pombo. He holds a degree in Law and in Business Administration and Management.","breadcrumb":{"@id":"https:\/\/ga-p.com\/en\/person\/inigo-arrieta\/#breadcrumb"},"inLanguage":"en-US","potentialAction":[{"@type":"ReadAction","target":["https:\/\/ga-p.com\/en\/person\/inigo-arrieta\/"]}]},{"@type":"ImageObject","inLanguage":"en-US","@id":"https:\/\/ga-p.com\/en\/person\/inigo-arrieta\/#primaryimage","url":"https:\/\/ga-p.com\/wp-content\/uploads\/2024\/06\/Inigo-Arrieta-Rodriguez.png","contentUrl":"https:\/\/ga-p.com\/wp-content\/uploads\/2024\/06\/Inigo-Arrieta-Rodriguez.png","width":424,"height":424,"caption":"I\u00f1igo Arrieta Rodriguez"},{"@type":"BreadcrumbList","@id":"https:\/\/ga-p.com\/en\/person\/inigo-arrieta\/#breadcrumb","itemListElement":[{"@type":"ListItem","position":1,"name":"Portada","item":"https:\/\/ga-p.com\/en\/"},{"@type":"ListItem","position":2,"name":"In\u0303igo Arrieta"}]},{"@type":"WebSite","@id":"https:\/\/ga-p.com\/en\/#website","url":"https:\/\/ga-p.com\/en\/","name":"Despacho de abogados G\u00f3mez-Acebo & Pombo","description":"G\u00f3mez-Acebo y Pombo es una firma de abogados independiente, con experiencia internacional, especializada en todas las \u00e1reas del derecho de los negocio.","publisher":{"@id":"https:\/\/ga-p.com\/en\/#organization"},"potentialAction":[{"@type":"SearchAction","target":{"@type":"EntryPoint","urlTemplate":"https:\/\/ga-p.com\/en\/?s={search_term_string}"},"query-input":{"@type":"PropertyValueSpecification","valueRequired":true,"valueName":"search_term_string"}}],"inLanguage":"en-US"},{"@type":"Organization","@id":"https:\/\/ga-p.com\/en\/#organization","name":"Despacho de abogados G\u00f3mez-Acebo & Pombo","url":"https:\/\/ga-p.com\/en\/","logo":{"@type":"ImageObject","inLanguage":"en-US","@id":"https:\/\/ga-p.com\/en\/#\/schema\/logo\/image\/","url":"https:\/\/ga-p.com\/wp-content\/uploads\/2024\/09\/Logo-1-1.svg","contentUrl":"https:\/\/ga-p.com\/wp-content\/uploads\/2024\/09\/Logo-1-1.svg","caption":"Despacho de abogados G\u00f3mez-Acebo & Pombo"},"image":{"@id":"https:\/\/ga-p.com\/en\/#\/schema\/logo\/image\/"}}]}},"_links":{"self":[{"href":"https:\/\/ga-p.com\/en\/wp-json\/wp\/v2\/persona\/67194","targetHints":{"allow":["GET"]}}],"collection":[{"href":"https:\/\/ga-p.com\/en\/wp-json\/wp\/v2\/persona"}],"about":[{"href":"https:\/\/ga-p.com\/en\/wp-json\/wp\/v2\/types\/persona"}],"wp:featuredmedia":[{"embeddable":true,"href":"https:\/\/ga-p.com\/en\/wp-json\/wp\/v2\/media\/295688"}],"wp:attachment":[{"href":"https:\/\/ga-p.com\/en\/wp-json\/wp\/v2\/media?parent=67194"}],"wp:term":[{"taxonomy":"cargo","embeddable":true,"href":"https:\/\/ga-p.com\/en\/wp-json\/wp\/v2\/cargo?post=67194"},{"taxonomy":"cargo-por-genero","embeddable":true,"href":"https:\/\/ga-p.com\/en\/wp-json\/wp\/v2\/cargo-por-genero?post=67194"},{"taxonomy":"personas-categoria","embeddable":true,"href":"https:\/\/ga-p.com\/en\/wp-json\/wp\/v2\/personas-categoria?post=67194"}],"curies":[{"name":"wp","href":"https:\/\/api.w.org\/{rel}","templated":true}]}}