{"id":67587,"date":"2024-06-25T16:56:50","date_gmt":"2024-06-25T14:56:50","guid":{"rendered":"https:\/\/ga-p.com\/persona\/alfonso-pascual-maldonado\/"},"modified":"2026-02-04T12:43:37","modified_gmt":"2026-02-04T11:43:37","slug":"alfonso-g-pascual-maldonado","status":"publish","type":"persona","link":"https:\/\/ga-p.com\/en\/person\/alfonso-g-pascual-maldonado\/","title":{"rendered":"Alfonso G. Pascual Maldonado"},"content":{"rendered":"\n\n<div id=\"Volver-block_d02e2384a4ca2dd95675df7b4d8d7c15\" class=\"d-none d-lg-block Volver\" style=\"background-color: #FFFFFF\">\n    <div class=\"container\">\n        <div class=\"row\">\n            <div class=\"col-12\">\n                <div class=\"backTo d-flex align-items-center gap-2\" onclick=\"window.location.href='https:\/\/ga-p.com\/en\/people\/';\">\n                    <img decoding=\"async\" alt=\"icon\" src=\"https:\/\/ga-p.com\/wp-content\/themes\/ga-p\/assets\/images\/left-arrow-orange.svg\" \/>\n                    <div class=\"text\">Go back to <strong>People<\/strong><\/div>\n                <\/div>\n            <\/div>\n        <\/div>\n    <\/div>\n<\/div>\n\n\n\n<div id=\"PersonaHeader-block_ced832126babe6c3893efcb41c2fbb50\" class=\"PersonaHeader\">\n    <div class=\"customContainer right\">\n        <div class=\"content\" style=\"background-image:url(https:\/\/ga-p.com\/wp-content\/uploads\/2024\/05\/Fondo-personas-nueva-web.webp)\">\n            <img fetchpriority=\"high\" decoding=\"async\" width=\"424\" height=\"424\" src=\"https:\/\/ga-p.com\/wp-content\/uploads\/2024\/06\/Alfonso-Pascual.png\" class=\"personaThumb wp-post-image\" alt=\"Alfonso G. Pascual Maldonado\" loading=\"eager\" srcset=\"https:\/\/ga-p.com\/wp-content\/uploads\/2024\/06\/Alfonso-Pascual.png 424w, https:\/\/ga-p.com\/wp-content\/uploads\/2024\/06\/Alfonso-Pascual-300x300.png 300w, https:\/\/ga-p.com\/wp-content\/uploads\/2024\/06\/Alfonso-Pascual-150x150.png 150w\" sizes=\"(max-width: 424px) 100vw, 424px\" \/>        <\/div>\n        <h1 class=\"col-lg-4 col-12 p-0 title\">Alfonso G. Pascual Maldonado<\/h1>\n    <\/div>\n    <div class=\"personalFixedTitle d-block d-md-none\">\n        <div class=\"container\">\n            <div class=\"row\">\n                <div class=\"col-12\">\n                    <div class=\"personalFixed\">\n                        <img decoding=\"async\" width=\"424\" height=\"424\" src=\"https:\/\/ga-p.com\/wp-content\/uploads\/2024\/06\/Alfonso-Pascual.png\" class=\"personaThumb wp-post-image\" alt=\"Alfonso G. Pascual Maldonado\" loading=\"eager\" style=\"background-image:url(https:\/\/ga-p.com\/wp-content\/uploads\/2024\/05\/Fondo-personas-nueva-web.webp)\" srcset=\"https:\/\/ga-p.com\/wp-content\/uploads\/2024\/06\/Alfonso-Pascual.png 424w, https:\/\/ga-p.com\/wp-content\/uploads\/2024\/06\/Alfonso-Pascual-300x300.png 300w, https:\/\/ga-p.com\/wp-content\/uploads\/2024\/06\/Alfonso-Pascual-150x150.png 150w\" sizes=\"(max-width: 424px) 100vw, 424px\" \/>                        <div class=\"modalTitle\">Alfonso G. Pascual Maldonado<\/div>\n                    <\/div>\n                <\/div>\n            <\/div>\n        <\/div>\n    <\/div>\n    <style>\n        .PersonaHeader{opacity:0;}\n    <\/style>\n<\/div>\n\n<div class=\"personaCV\" style=\"display:none\">\n    <div class=\"container\">\n        <a class=\"primaryCta scaleFromLeft rotateIcon\" id=\"cv\"><span>See full resume<\/span>\n            <div class=\"containerImg\"><img decoding=\"async\" alt=\"icon\" src=\"https:\/\/ga-p.com\/wp-content\/themes\/ga-p\/assets\/images\/external-icon.svg\" \/><\/div>\n        <\/a>\n    <\/div>\n    <script>\n        const post_name_persona=\"alfonso-g-pascual-maldonado\";\n    <\/script>\n<\/div>\n\n\n\n<div class=\"pdf\" style=\"display:none\">\n    <div class=\"PersonaHeaderCV\">\n        <div class=\"customContainer right\">\n            <div class=\"content\" style=\"background-image:url(https:\/\/ga-p.com\/wp-content\/uploads\/2024\/05\/Fondo-personas-nueva-web.webp)\">\n                <img decoding=\"async\" src=\"https:\/\/ga-p.com\/wp-content\/uploads\/2024\/06\/Alfonso-Pascual.png\" class=\"personaThumb\">\n            <\/div>\n        <\/div>\n    <\/div>\n\n    <div class=\"PersonaInformacionCV container\">\n        <div class=\"personal_office col-6 offset-6\">\n            <div class=\"personal\">\n                                    <div class=\"info\">\n                        <div class=\"title\">Position<\/div>\n                        <div class=\"text\">Senior Associate<\/div>\n                    <\/div>\n                \n                                    <div class=\"info\">\n                        <div class=\"title\">Telephone<\/div>\n                        <div class=\"text\">+34 96 351 38 35<\/div>\n                    <\/div>\n                                                    <div class=\"info\">\n                        <div class=\"title\">Email<\/div>\n                        <div class=\"text\">apascual@ga-p.com<\/div>\n                    <\/div>\n                                                    <div class=\"info\">\n                        <div class=\"title\">N\u00ba collegiate member<\/div>\n                        <div class=\"text\">17.569 ICAV (Valencia)<\/div>\n                    <\/div>\n                                            <\/div>\n                            <div class=\"office\">\n                    <div class=\"title\">Office of Valencia<\/div>\n                                            <div class=\"d-flex align-item-center gap-2 mb-2\">\n                            <img decoding=\"async\" alt=\"icon\" src=\"https:\/\/ga-p.com\/wp-content\/themes\/ga-p\/assets\/images\/office-primary.svg\" \/>\n                            <div class=\"text\">Gran V\u00eda Marqu\u00e9s del Turia, 49, 46005 Valencia (Espa\u00f1a)<\/div>\n                        <\/div>\n                                                                <div class=\"d-flex align-item-center gap-2 mb-2\">\n                            <img decoding=\"async\" alt=\"icon\" src=\"https:\/\/ga-p.com\/wp-content\/themes\/ga-p\/assets\/images\/mobile-primary.svg\" \/>\n                            <div class=\"text\">(+34) 96 351 38 35<\/div>\n                        <\/div>\n                                                                <div class=\"d-flex align-item-center gap-2\">\n                            <img decoding=\"async\" alt=\"icon\" src=\"https:\/\/ga-p.com\/wp-content\/themes\/ga-p\/assets\/images\/email-primary.svg\" \/>\n                            <div class=\"text\">valencia@ga-p.com<\/div>\n                        <\/div>\n                                    <\/div>\n                    <\/div>\n    <\/div>\n\n    <div class=\"container\">\n        <div class=\"row\">\n            <div class=\"col-6 izquierda\">\n                <div class=\"title\">Alfonso G. Pascual Maldonado<\/div>\n            <\/div>\n            <div class=\"col-6 derecha\">\n            <\/div>\n        <\/div>\n    <\/div>\n<\/div>\n\n<div id=\"ColumnaContenido-block_3edeffb2616cfe17ac9388771749e97c\" class=\"transparente ColumnaContenido\">\n    <div class=\"container\">\n        <div class=\"row\">\n            <div class=\"col-12 col-lg-7 offset-lg-5\">\n                <div class=\"acf-innerblocks-container\">\n\n\n<div id=\"PersonaInformacion-block_df520b2bd59a72e25a2f3bf755d04b74\" class=\"PersonaInformacion\">\n\n    <div class=\"personal_office\">\n        <div class=\"personal\">\n\n                            <div class=\"info\">\n                    <div class=\"title\">Position<\/div>\n                    <div class=\"text\">Senior Associate<\/div>\n                <\/div>\n            \n                        <div class=\"info\">\n                <div class=\"title\">Telephone<\/div>\n                <div class=\"text\">+34 96 351 38 35<\/div>\n            <\/div>\n                                        <div class=\"info\">\n                    <div class=\"title\">Email<\/div>\n                    <div class=\"text\">apascual@ga-p.com<\/div>\n                <\/div>\n                                        <div class=\"info\">\n                    <div class=\"title\">N\u00ba collegiate member<\/div>\n                    <div class=\"text\">17.569 ICAV (Valencia)<\/div>\n                <\/div>\n                    <\/div>\n                    <div class=\"office\">\n                <div class=\"title\">Valencia Office<\/div>\n\n                                <div class=\"d-flex align-item-center gap-2 mb-2\">\n                    <img decoding=\"async\" alt=\"icon\" src=\"https:\/\/ga-p.com\/wp-content\/themes\/ga-p\/assets\/images\/office-primary.svg\" \/>\n                    <div class=\"text\">Gran V\u00eda Marqu\u00e9s del Turia, 49, 46005 Valencia (Espa\u00f1a)<\/div>\n                <\/div>\n                                                    <div class=\"d-flex align-item-center gap-2 mb-2\">\n                        <img decoding=\"async\" alt=\"icon\" src=\"https:\/\/ga-p.com\/wp-content\/themes\/ga-p\/assets\/images\/mobile-primary.svg\" \/>\n                        <div class=\"text\">(+34) 96 351 38 35<\/div>\n                    <\/div>\n                                                    <div class=\"d-flex align-item-center gap-2\">\n                        <img decoding=\"async\" alt=\"icon\" src=\"https:\/\/ga-p.com\/wp-content\/themes\/ga-p\/assets\/images\/email-primary.svg\" \/>\n                        <div class=\"text\">valencia@ga-p.com<\/div>\n                    <\/div>\n                            <\/div>\n            <\/div>\n    \n<\/div>\n\n<\/div>\n            <\/div>\n        <\/div>\n    <\/div>\n<\/div>\n\n\n<div id=\"ColumnaContenido-block_b142858b921a6668fd8a3369f6d9ddd4\" class=\"blanco ColumnaContenido\">\n    <div class=\"container\">\n        <div class=\"row\">\n            <div class=\"col-12 col-lg-7 offset-lg-5\">\n                <div class=\"acf-innerblocks-container\">\n\n<h2 class=\"wp-block-heading\">Alfonso is a senior associate in the Corporate and M&amp;A practice at G\u00f3mez- Acebo &amp; Pombo.<\/h2>\n\n\n\n<p>He specialises on corporate law, civil and commercial contracts, mergers and acquisitions, having advised large multinational companies in various M&amp;A transactions and corporate restructurings. He also has extensive experience in ongoing advice on corporate matters and in civil and commercial contracts.<\/p>\n\n\n\n<p>He holds a degree in Law from the University of Valencia, having completed the last year of the degree at the Pierre Mendes France University, Grenoble (France).<\/p>\n\n\n\n<p>He has participated as a speaker in different courses on commercial law and international contracting in Chambers of Commerce and is the current organizer of the G\u00f3mez-Acebo &amp; Pombo Multidisciplinary Legal Contest &#8220;MOOT GA_P&#8221;, held annually at the University of Valencia.<\/p>\n\n\n\n<p>Alfonso has participated as author or coauthor in several specialised legal publications.<\/p>\n\n\n\n\n<div id=\"PersonaAreasSectores-block_3b73f898c01d536988f86380c523c70f\" class=\"PersonaAreasSectores\">\n\n    <div class=\"content\">\n        <div class=\"title\"><h2 class='title'>Areas and sectors in which he collaborates<\/h2>\n<\/div>\n        <div class=\"areas_sectores\">\n            <div class=\"out itemCont\">\n                                    <a class=\"item\" href=\"https:\/\/ga-p.com\/en\/area\/corporate-and-m-a\/\">Corporate and M&amp;A<\/a>\n                            <\/div>\n                    <\/div>\n    <\/div>\n\n    <div class=\"menos\">\n\n    <\/div>\n\n\n\n\n<\/div>\n\n\n\n\n\n<div id=\"PersonaAcordeon-block_6d7881da88178ec10dcbf030b3ae87c8\" class=\"PersonaAcordeon\">\n\n    <div class=\"accordion accordion-flush\" id=\"accordion-PersonaAcordeon-block_6d7881da88178ec10dcbf030b3ae87c8\">\n        <div class=\"accordion-item\">\n            <h2 class=\"accordion-header\">\n                <button class=\"accordion-button collapsed gap-3 align-items-start\" type=\"button\" data-bs-toggle=\"collapse\" data-bs-target=\"#flush-PersonaAcordeon-block_6d7881da88178ec10dcbf030b3ae87c8\" aria-expanded=\"false\" aria-controls=\"flush-PersonaAcordeon-block_6d7881da88178ec10dcbf030b3ae87c8\">\n                    <img decoding=\"async\" width=\"1\" height=\"1\" src=\"https:\/\/ga-p.com\/wp-content\/uploads\/2024\/04\/educacion-icon.svg\" class=\"\" alt=\"educacion-icon\" loading=\"lazy\" \/>                    \n\n\nEducation and professional career\n\n\n\n                <\/button>\n            <\/h2>\n            <div id=\"flush-PersonaAcordeon-block_6d7881da88178ec10dcbf030b3ae87c8\" class=\"accordion-collapse collapse\" data-bs-parent=\"#accordion-PersonaAcordeon-block_6d7881da88178ec10dcbf030b3ae87c8\">\n                <div class=\"accordion-body\">\n                                                                        <div class=\"itemCont noDate\">\n                                <div class=\"item-no-bullet\"><div class=\"page\" title=\"Page 1\">\n<div class=\"layoutArea\">\n<div class=\"column\">\n<p><strong>He joins Go\u0301mez-Acebo &amp; Pombo in 2014.<\/strong><\/p>\n<\/div>\n<\/div>\n<\/div>\n<\/div>\n                            <\/div>\n                                                    <div class=\"itemCont noDate\">\n                                <div class=\"item\"><div class=\"page\" title=\"Page 1\">\n<div class=\"layoutArea\">\n<div class=\"column\">\n<div class=\"page\" title=\"Page 1\">\n<div class=\"layoutArea\">\n<div class=\"column\">\n<p>2013 | Law degree from the University of Valencia, and the Pierre Mendes France University, Grenoble (France).<\/p>\n<\/div>\n<\/div>\n<\/div>\n<\/div>\n<\/div>\n<\/div>\n<\/div>\n                            <\/div>\n                                                    <div class=\"itemCont noDate\">\n                                <div class=\"item\"><div class=\"page\" title=\"Page 1\">\n<div class=\"layoutArea\">\n<div class=\"column\">\n<div class=\"page\" title=\"Page 1\">\n<div class=\"layoutArea\">\n<div class=\"column\">\n<p>2014 | Legal defense for Bankia at an important law Catalan firm.<\/p>\n<\/div>\n<\/div>\n<\/div>\n<\/div>\n<\/div>\n<\/div>\n<\/div>\n                            <\/div>\n                                                            <\/div>\n            <\/div>\n        <\/div>\n    <\/div>\n\n<\/div>\n\n\n\n<div id=\"PersonaAcordeon-block_04cdbf1cbba8b2021951537ed4e40ee3\" class=\"PersonaAcordeon\">\n\n    <div class=\"accordion accordion-flush\" id=\"accordion-PersonaAcordeon-block_04cdbf1cbba8b2021951537ed4e40ee3\">\n        <div class=\"accordion-item\">\n            <h2 class=\"accordion-header\">\n                <button class=\"accordion-button collapsed gap-3 align-items-start\" type=\"button\" data-bs-toggle=\"collapse\" data-bs-target=\"#flush-PersonaAcordeon-block_04cdbf1cbba8b2021951537ed4e40ee3\" aria-expanded=\"false\" aria-controls=\"flush-PersonaAcordeon-block_04cdbf1cbba8b2021951537ed4e40ee3\">\n                    <img decoding=\"async\" width=\"1\" height=\"1\" src=\"https:\/\/ga-p.com\/wp-content\/uploads\/2024\/04\/entidades.svg\" class=\"\" alt=\"entidades\" loading=\"lazy\" \/>                    \n\n\nMembership of professional bodies and associations\n\n\n\n                <\/button>\n            <\/h2>\n            <div id=\"flush-PersonaAcordeon-block_04cdbf1cbba8b2021951537ed4e40ee3\" class=\"accordion-collapse collapse\" data-bs-parent=\"#accordion-PersonaAcordeon-block_04cdbf1cbba8b2021951537ed4e40ee3\">\n                <div class=\"accordion-body\">\n                                                                        <div class=\"itemCont noDate\">\n                                <div class=\"item\"><div class=\"page\" title=\"Page 1\">\n<div class=\"layoutArea\">\n<div class=\"column\">\n<div class=\"page\" title=\"Page 1\">\n<div class=\"layoutArea\">\n<div class=\"column\">\n<p>Member of the Valencia Bar Association (since 2014).<\/p>\n<\/div>\n<\/div>\n<\/div>\n<\/div>\n<\/div>\n<\/div>\n<\/div>\n                            <\/div>\n                                                            <\/div>\n            <\/div>\n        <\/div>\n    <\/div>\n\n<\/div>\n\n\n\n<div id=\"PersonaAcordeon-block_deee7f9f8deb34d64f2828a321118a92\" class=\"PersonaAcordeon\">\n\n    <div class=\"accordion accordion-flush\" id=\"accordion-PersonaAcordeon-block_deee7f9f8deb34d64f2828a321118a92\">\n        <div class=\"accordion-item\">\n            <h2 class=\"accordion-header\">\n                <button class=\"accordion-button collapsed gap-3 align-items-start\" type=\"button\" data-bs-toggle=\"collapse\" data-bs-target=\"#flush-PersonaAcordeon-block_deee7f9f8deb34d64f2828a321118a92\" aria-expanded=\"false\" aria-controls=\"flush-PersonaAcordeon-block_deee7f9f8deb34d64f2828a321118a92\">\n                    <img decoding=\"async\" width=\"1\" height=\"1\" src=\"https:\/\/ga-p.com\/wp-content\/uploads\/2024\/04\/idiomas-icon.svg\" class=\"\" alt=\"idiomas-icon\" loading=\"lazy\" \/>                    \n\n\nLanguages\n\n\n\n                <\/button>\n            <\/h2>\n            <div id=\"flush-PersonaAcordeon-block_deee7f9f8deb34d64f2828a321118a92\" class=\"accordion-collapse collapse\" data-bs-parent=\"#accordion-PersonaAcordeon-block_deee7f9f8deb34d64f2828a321118a92\">\n                <div class=\"accordion-body\">\n                                                                        <div class=\"itemCont noDate\">\n                                <div class=\"item\"><div class=\"page\" title=\"Page 1\">\n<div class=\"layoutArea\">\n<div class=\"column\">\n<p>Spanish<\/p>\n<\/div>\n<\/div>\n<\/div>\n<\/div>\n                            <\/div>\n                                                    <div class=\"itemCont noDate\">\n                                <div class=\"item\"><div class=\"page\" title=\"Page 1\">\n<div class=\"layoutArea\">\n<div class=\"column\">\n<p>English<\/p>\n<\/div>\n<\/div>\n<\/div>\n<\/div>\n                            <\/div>\n                                                    <div class=\"itemCont noDate\">\n                                <div class=\"item\"><div class=\"page\" title=\"Page 1\">\n<div class=\"layoutArea\">\n<div class=\"column\">\n<p>French<\/p>\n<\/div>\n<\/div>\n<\/div>\n<\/div>\n                            <\/div>\n                                                            <\/div>\n            <\/div>\n        <\/div>\n    <\/div>\n\n<\/div>\n\n\n\n<div id=\"Boton-block_3324e44861102f0de4ed9fb145ea722c\" class=\"Boton\">\n\n    <\/div>\n\n<\/div>\n            <\/div>\n        <\/div>\n    <\/div>\n<\/div>\n\n\n<div id=\"PersonaParticipacion-block_b61d214303c6428d21df3a437e786d49\" class=\"PersonaParticipacion\">\n\n    <div class=\"container\">\n        <div class=\"row align-items-end flex-column flex-lg-row\">\n            <div class=\"col-12 col-lg-10\">\n                <div class=\"title\"><h2 class=''>Learn about my participation at G\u00f3mez-Acebo &amp; Pombo<\/h2>\n<\/div>\n            <\/div>\n            <div class=\"col-12 col-lg-2 px-0\">\n                <div id=\"selector_fechas\"><\/div>\n\n            <\/div>\n        <\/div>\n       <div class=\"row align-items-end\">\n           <div class=\"col-12 col-lg-11 px-0\">\n               <div class=\"selectores\">\n                   <div class=\"nav nav-tabs\" id=\"nav-tab\" role=\"tablist\">\n                                                                         <button class=\"nav-link y2025 y2024  active\" id=\"nav-noticias-tab\" data-bs-toggle=\"tab\" data-bs-target=\"#nav-noticias\" type=\"button\" role=\"tab\" aria-controls=\"nav-noticias\" aria-selected=\"false\">News<\/button>\n                                                                 <\/div>\n               <\/div>\n               <div class=\"d-block d-lg-none\">\n\n                   <select class=\"selectorSliders\">\n                                              <option value=\"noticias\">News<\/option>                                          <\/select>\n\n               <\/div>\n           <\/div>\n           <div class=\"d-none d-lg-block col-1\">\n               <div class=\"swiperRecArrows swiperArrows active\" data-arrows=\"#nav-reconocimientos\">\n                   <div class=\"d-flex align-items-center gap-4 justify-content-end\">\n                       <div class=\"swiper-button-prev\"><img decoding=\"async\" alt=\"icon\" src=\"https:\/\/ga-p.com\/wp-content\/themes\/ga-p\/assets\/images\/slider-arrow.svg\" \/><\/div>\n                       <div class=\"swiper-button-next\"><img decoding=\"async\" alt=\"icon\" src=\"https:\/\/ga-p.com\/wp-content\/themes\/ga-p\/assets\/images\/slider-arrow.svg\" \/><\/div>\n                   <\/div>\n               <\/div>\n               <div class=\"swiperNotArrows swiperArrows\" data-arrows=\"#nav-noticias\">\n                   <div class=\"d-flex align-items-center gap-4 justify-content-end\">\n                       <div class=\"swiper-button-prev\"><img decoding=\"async\" alt=\"icon\" src=\"https:\/\/ga-p.com\/wp-content\/themes\/ga-p\/assets\/images\/slider-arrow.svg\" \/><\/div>\n                       <div class=\"swiper-button-next\"><img decoding=\"async\" alt=\"icon\" src=\"https:\/\/ga-p.com\/wp-content\/themes\/ga-p\/assets\/images\/slider-arrow.svg\" \/><\/div>\n                   <\/div>\n               <\/div>\n               <div class=\"swiperComArrows swiperArrows\" data-arrows=\"#nav-comit\u00e9s\">\n                   <div class=\"d-flex align-items-center gap-4 justify-content-end\">\n                       <div class=\"swiper-button-prev\"><img decoding=\"async\" alt=\"icon\" src=\"https:\/\/ga-p.com\/wp-content\/themes\/ga-p\/assets\/images\/slider-arrow.svg\" \/><\/div>\n                       <div class=\"swiper-button-next\"><img decoding=\"async\" alt=\"icon\" src=\"https:\/\/ga-p.com\/wp-content\/themes\/ga-p\/assets\/images\/slider-arrow.svg\" \/><\/div>\n                   <\/div>\n               <\/div>\n           <\/div>\n       <\/div>\n    <\/div>\n    <div class=\"tab-content\" id=\"nav-tabContent\">\n                            <div class=\"tab-pane fade show active\" id=\"nav-noticias\" role=\"tabpanel\" aria-labelledby=\"nav-noticias-tab\" tabindex=\"0\">\n                <div class=\"swiper mySwiper swiperNot\">\n                    <div class=\"swiper-wrapper\">\n                                                    <div class=\"swiper-slide y2025\">\n                                <a style=\"text-decoration: none\" href=\"https:\/\/ga-p.com\/en\/news\/ga_p-advises-partech-partners-in-the-series-a-financing-round-of-shakers-global-solutions\/\">\n    <div class=\"noticiaCard\">\n        <div class=\"content\">\n            <div class=\"tag\">NEWS<\/div>\n            <div class=\"titulo\">\n                GA_P advises Partech Partners in the Series A financing round of Shakers Global Solutions            <\/div>\n            <div class=\"excerpt\">\n                G\u00f3mez-Acebo &#038; Pombo has advised Partech Partners, the global investment platform for technology and digital companies, in the \u20ac14 million Series A financing round of Shakers Global Solutions, the workforce platform that connects companies with technology freelancers and AI freelance agents. In addition, the deal has included a capital raise and secondary buyout.            <\/div>\n            <div class=\"fecha d-flex align-items-center gap-2\">\n                <img decoding=\"async\" alt=\"icon\" src=\"https:\/\/ga-p.com\/wp-content\/themes\/ga-p\/assets\/images\/clock-icon.svg\" \/>\n                14 May, 2025            <\/div>\n\n\n                            <div class=\"author d-flex align-items-center gap-2\">\n                    <img decoding=\"async\" alt=\"icon\" src=\"https:\/\/ga-p.com\/wp-content\/themes\/ga-p\/assets\/images\/author-icon.svg\" \/><span>\n                    Jes\u00fas Ib\u00e1\u00f1ez, Alfonso G. Pascual Maldonado                <\/span><\/div>\n            \n        <\/div>\n        <div class=\"openCard me-0 ms-auto\">\n            <img decoding=\"async\" alt=\"icon\" src=\"https:\/\/ga-p.com\/wp-content\/themes\/ga-p\/assets\/images\/arrow-open.svg\" \/>\n            <img decoding=\"async\" alt=\"icon\" src=\"https:\/\/ga-p.com\/wp-content\/themes\/ga-p\/assets\/images\/arrow-open.svg\" \/>\n        <\/div>\n    <\/div>\n<\/a>\n                            <\/div>\n                                                    <div class=\"swiper-slide y2025\">\n                                <a style=\"text-decoration: none\" href=\"https:\/\/ga-p.com\/en\/news\/ga_p-advises-in-quibims-financing-round\/\">\n    <div class=\"noticiaCard\">\n        <div class=\"content\">\n            <div class=\"tag\">NEWS<\/div>\n            <div class=\"titulo\">\n                GA_P advises in Quibim\u00b4s financing round            <\/div>\n            <div class=\"excerpt\">\n                G\u00f3mez-Acebo &#038; Pombo has advised investment partners Amadeus Capital Partners, APEX Ventures, Partech, Adara Ventures and Leadwind (KFund), in the Series A round of Quibim, S.L., amounting to forty-eight million euros (\u20ac48m).            <\/div>\n            <div class=\"fecha d-flex align-items-center gap-2\">\n                <img decoding=\"async\" alt=\"icon\" src=\"https:\/\/ga-p.com\/wp-content\/themes\/ga-p\/assets\/images\/clock-icon.svg\" \/>\n                04 Feb, 2025            <\/div>\n\n\n                            <div class=\"author d-flex align-items-center gap-2\">\n                    <img decoding=\"async\" alt=\"icon\" src=\"https:\/\/ga-p.com\/wp-content\/themes\/ga-p\/assets\/images\/author-icon.svg\" \/><span>\n                    Jes\u00fas Ib\u00e1\u00f1ez, Alfonso G. Pascual Maldonado                <\/span><\/div>\n            \n        <\/div>\n        <div class=\"openCard me-0 ms-auto\">\n            <img decoding=\"async\" alt=\"icon\" src=\"https:\/\/ga-p.com\/wp-content\/themes\/ga-p\/assets\/images\/arrow-open.svg\" \/>\n            <img decoding=\"async\" alt=\"icon\" src=\"https:\/\/ga-p.com\/wp-content\/themes\/ga-p\/assets\/images\/arrow-open.svg\" \/>\n        <\/div>\n    <\/div>\n<\/a>\n                            <\/div>\n                                                    <div class=\"swiper-slide y2024\">\n                                <a style=\"text-decoration: none\" href=\"https:\/\/ga-p.com\/en\/news\/ga_p-advises-beachbox-villaco-on-debt-refinancing\/\">\n    <div class=\"noticiaCard\">\n        <div class=\"content\">\n            <div class=\"tag\">NEWS<\/div>\n            <div class=\"titulo\">\n                GA_P advises BeachBox Villaco on debt refinancing            <\/div>\n            <div class=\"excerpt\">\n                BeachBox Villaco, co-owner of Hotel Six Senses Ibiza, completes refinancing of its debt with the advice of G\u00f3mez-Acebo &#038; Pombo.            <\/div>\n            <div class=\"fecha d-flex align-items-center gap-2\">\n                <img decoding=\"async\" alt=\"icon\" src=\"https:\/\/ga-p.com\/wp-content\/themes\/ga-p\/assets\/images\/clock-icon.svg\" \/>\n                25 Nov, 2024            <\/div>\n\n\n                            <div class=\"author d-flex align-items-center gap-2\">\n                    <img decoding=\"async\" alt=\"icon\" src=\"https:\/\/ga-p.com\/wp-content\/themes\/ga-p\/assets\/images\/author-icon.svg\" \/><span>\n                    Jose Manuel Palau, Antonio Rami\u0301rez, Alicia Olaso, Alfonso G. Pascual Maldonado, \u00c1ngel Va\u00edllo, Luis Villar                <\/span><\/div>\n            \n        <\/div>\n        <div class=\"openCard me-0 ms-auto\">\n            <img decoding=\"async\" alt=\"icon\" src=\"https:\/\/ga-p.com\/wp-content\/themes\/ga-p\/assets\/images\/arrow-open.svg\" \/>\n            <img decoding=\"async\" alt=\"icon\" src=\"https:\/\/ga-p.com\/wp-content\/themes\/ga-p\/assets\/images\/arrow-open.svg\" \/>\n        <\/div>\n    <\/div>\n<\/a>\n                            <\/div>\n                                                    <div class=\"swiper-slide y2024\">\n                                <a style=\"text-decoration: none\" href=\"https:\/\/ga-p.com\/en\/news\/ga_p-advises-grupo-beachbox-on-the-sale-of-hotel-six-senses-ibiza\/\">\n    <div class=\"noticiaCard\">\n        <div class=\"content\">\n            <div class=\"tag\">NEWS<\/div>\n            <div class=\"titulo\">\n                GA_P advises Grupo BeachBox on the sale of Hotel Six Senses Ibiza            <\/div>\n            <div class=\"excerpt\">\n                G\u00f3mez-Acebo &amp; Pombo has advised Grupo BeachBox on the sale of Hotel Six Senses Ibiza, recognised as one of the best hotels on the planet in the first edition of The World&#8217;s 50 Best Hotels 2023, to Gruppo Statuto. This transaction not only represents one of the most significant sales on the island, but also&#8230;            <\/div>\n            <div class=\"fecha d-flex align-items-center gap-2\">\n                <img decoding=\"async\" alt=\"icon\" src=\"https:\/\/ga-p.com\/wp-content\/themes\/ga-p\/assets\/images\/clock-icon.svg\" \/>\n                27 Jun, 2024            <\/div>\n\n\n                            <div class=\"author d-flex align-items-center gap-2\">\n                    <img decoding=\"async\" alt=\"icon\" src=\"https:\/\/ga-p.com\/wp-content\/themes\/ga-p\/assets\/images\/author-icon.svg\" \/><span>\n                    Jose Manuel Palau, Alicia Olaso, Alfonso G. Pascual Maldonado, Antonio Rami\u0301rez, \u00c1ngel Va\u00edllo, Luis Villar                <\/span><\/div>\n            \n        <\/div>\n        <div class=\"openCard me-0 ms-auto\">\n            <img decoding=\"async\" alt=\"icon\" src=\"https:\/\/ga-p.com\/wp-content\/themes\/ga-p\/assets\/images\/arrow-open.svg\" \/>\n            <img decoding=\"async\" alt=\"icon\" src=\"https:\/\/ga-p.com\/wp-content\/themes\/ga-p\/assets\/images\/arrow-open.svg\" \/>\n        <\/div>\n    <\/div>\n<\/a>\n                            <\/div>\n                                            <\/div>\n                <\/div>\n            <\/div>\n                    <\/div>\n    <div class=\"swiperPagination\">\n        <div class=\"container\">\n            <div class=\"row\">\n                <div class=\"col-6 col-lg-12 swiperBulletsMobile\">\n                    <div class=\"swiperBullets swiperRecPagination active\" data-bullets=\"#nav-reconocimientos\"><\/div>\n                    <div class=\"swiperBullets swiperNotPagination\" data-bullets=\"#nav-noticias\"><\/div>\n                    <div class=\"swiperBullets swiperComPagination\" data-bullets=\"#nav-comit\u00e9s\"><\/div>\n                <\/div>\n                <div class=\"d-block d-lg-none col-6 swiperArrowsMobile\">\n                    <div class=\"swiperRecArrows swiperArrows active\" data-arrows=\"#nav-reconocimientos\">\n                        <div class=\"d-flex align-items-center gap-4 justify-content-end\">\n                            <div class=\"swiper-button-prev\"><img decoding=\"async\" alt=\"icon\" src=\"https:\/\/ga-p.com\/wp-content\/themes\/ga-p\/assets\/images\/slider-arrow.svg\" \/><\/div>\n                            <div class=\"swiper-button-next\"><img decoding=\"async\" alt=\"icon\" src=\"https:\/\/ga-p.com\/wp-content\/themes\/ga-p\/assets\/images\/slider-arrow.svg\" \/><\/div>\n                        <\/div>\n                    <\/div>\n                    <div class=\"swiperNotArrows swiperArrows\" data-arrows=\"#nav-noticias\">\n                        <div class=\"d-flex align-items-center gap-4 justify-content-end\">\n                            <div class=\"swiper-button-prev\"><img decoding=\"async\" alt=\"icon\" src=\"https:\/\/ga-p.com\/wp-content\/themes\/ga-p\/assets\/images\/slider-arrow.svg\" \/><\/div>\n                            <div class=\"swiper-button-next\"><img decoding=\"async\" alt=\"icon\" src=\"https:\/\/ga-p.com\/wp-content\/themes\/ga-p\/assets\/images\/slider-arrow.svg\" \/><\/div>\n                        <\/div>\n                    <\/div>\n                    <div class=\"swiperComArrows swiperArrows\" data-arrows=\"#nav-comit\u00e9s\">\n                        <div class=\"d-flex align-items-center gap-4 justify-content-end\">\n                            <div class=\"swiper-button-prev\"><img decoding=\"async\" alt=\"icon\" src=\"https:\/\/ga-p.com\/wp-content\/themes\/ga-p\/assets\/images\/slider-arrow.svg\" \/><\/div>\n                            <div class=\"swiper-button-next\"><img decoding=\"async\" alt=\"icon\" src=\"https:\/\/ga-p.com\/wp-content\/themes\/ga-p\/assets\/images\/slider-arrow.svg\" \/><\/div>\n                        <\/div>\n                    <\/div>\n                <\/div>\n            <\/div>\n        <\/div>\n    <\/div>\n<\/div>\n\n<script>\n    const opciones_participacion_array = [\n                {label: '2025', value: 'y2025'},\n                {label: '2024', value: 'y2024'},\n            ]\n<\/script>\n\n        ","protected":false},"excerpt":{"rendered":"","protected":false},"featured_media":294267,"template":"","cargo":[151],"cargo-por-genero":[],"personas-categoria":[],"class_list":["post-67587","persona","type-persona","status-publish","has-post-thumbnail","hentry","cargo-senior-associate"],"acf":[],"yoast_head":"<!-- This site is optimized with the Yoast SEO plugin v27.3 - https:\/\/yoast.com\/product\/yoast-seo-wordpress\/ -->\n<title>Alfonso G. Pascual Maldonado - Despacho de abogados G\u00f3mez-Acebo y Pombo<\/title>\n<meta name=\"description\" content=\"Alfonso is a senior associate of G\u00f3mez-Acebo &amp; Pombo. He specializes in corporate law, civil and commercial contracts, mergers and acquisitions.\" \/>\n<meta name=\"robots\" content=\"index, follow, max-snippet:-1, max-image-preview:large, max-video-preview:-1\" \/>\n<link rel=\"canonical\" href=\"https:\/\/ga-p.com\/en\/person\/alfonso-g-pascual-maldonado\/\" \/>\n<meta property=\"og:locale\" content=\"en_US\" \/>\n<meta property=\"og:type\" content=\"article\" \/>\n<meta property=\"og:title\" content=\"Alfonso G. Pascual Maldonado - Despacho de abogados G\u00f3mez-Acebo y Pombo\" \/>\n<meta property=\"og:description\" content=\"Alfonso is a senior associate of G\u00f3mez-Acebo &amp; Pombo. He specializes in corporate law, civil and commercial contracts, mergers and acquisitions.\" \/>\n<meta property=\"og:url\" content=\"https:\/\/ga-p.com\/en\/person\/alfonso-g-pascual-maldonado\/\" \/>\n<meta property=\"og:site_name\" content=\"Despacho de abogados G\u00f3mez-Acebo y Pombo\" \/>\n<meta property=\"article:modified_time\" content=\"2026-02-04T11:43:37+00:00\" \/>\n<meta property=\"og:image\" content=\"https:\/\/ga-p.com\/wp-content\/uploads\/2024\/06\/Alfonso-Pascual.png\" \/>\n\t<meta property=\"og:image:width\" content=\"424\" \/>\n\t<meta property=\"og:image:height\" content=\"424\" \/>\n\t<meta property=\"og:image:type\" content=\"image\/png\" \/>\n<meta name=\"twitter:card\" content=\"summary_large_image\" \/>\n<meta name=\"twitter:label1\" content=\"Est. reading time\" \/>\n\t<meta name=\"twitter:data1\" content=\"1 minute\" \/>\n<script type=\"application\/ld+json\" class=\"yoast-schema-graph\">{\"@context\":\"https:\\\/\\\/schema.org\",\"@graph\":[{\"@type\":\"WebPage\",\"@id\":\"https:\\\/\\\/ga-p.com\\\/en\\\/person\\\/alfonso-g-pascual-maldonado\\\/\",\"url\":\"https:\\\/\\\/ga-p.com\\\/en\\\/person\\\/alfonso-g-pascual-maldonado\\\/\",\"name\":\"Alfonso G. Pascual Maldonado - Despacho de abogados G\u00f3mez-Acebo y Pombo\",\"isPartOf\":{\"@id\":\"https:\\\/\\\/ga-p.com\\\/en\\\/#website\"},\"primaryImageOfPage\":{\"@id\":\"https:\\\/\\\/ga-p.com\\\/en\\\/person\\\/alfonso-g-pascual-maldonado\\\/#primaryimage\"},\"image\":{\"@id\":\"https:\\\/\\\/ga-p.com\\\/en\\\/person\\\/alfonso-g-pascual-maldonado\\\/#primaryimage\"},\"thumbnailUrl\":\"https:\\\/\\\/ga-p.com\\\/wp-content\\\/uploads\\\/2024\\\/06\\\/Alfonso-Pascual.png\",\"datePublished\":\"2024-06-25T14:56:50+00:00\",\"dateModified\":\"2026-02-04T11:43:37+00:00\",\"description\":\"Alfonso is a senior associate of G\u00f3mez-Acebo & Pombo. He specializes in corporate law, civil and commercial contracts, mergers and acquisitions.\",\"breadcrumb\":{\"@id\":\"https:\\\/\\\/ga-p.com\\\/en\\\/person\\\/alfonso-g-pascual-maldonado\\\/#breadcrumb\"},\"inLanguage\":\"en-US\",\"potentialAction\":[{\"@type\":\"ReadAction\",\"target\":[\"https:\\\/\\\/ga-p.com\\\/en\\\/person\\\/alfonso-g-pascual-maldonado\\\/\"]}]},{\"@type\":\"ImageObject\",\"inLanguage\":\"en-US\",\"@id\":\"https:\\\/\\\/ga-p.com\\\/en\\\/person\\\/alfonso-g-pascual-maldonado\\\/#primaryimage\",\"url\":\"https:\\\/\\\/ga-p.com\\\/wp-content\\\/uploads\\\/2024\\\/06\\\/Alfonso-Pascual.png\",\"contentUrl\":\"https:\\\/\\\/ga-p.com\\\/wp-content\\\/uploads\\\/2024\\\/06\\\/Alfonso-Pascual.png\",\"width\":424,\"height\":424,\"caption\":\"Alfonso Pascual\"},{\"@type\":\"BreadcrumbList\",\"@id\":\"https:\\\/\\\/ga-p.com\\\/en\\\/person\\\/alfonso-g-pascual-maldonado\\\/#breadcrumb\",\"itemListElement\":[{\"@type\":\"ListItem\",\"position\":1,\"name\":\"Portada\",\"item\":\"https:\\\/\\\/ga-p.com\\\/en\\\/\"},{\"@type\":\"ListItem\",\"position\":2,\"name\":\"Alfonso G. Pascual Maldonado\"}]},{\"@type\":\"WebSite\",\"@id\":\"https:\\\/\\\/ga-p.com\\\/en\\\/#website\",\"url\":\"https:\\\/\\\/ga-p.com\\\/en\\\/\",\"name\":\"Despacho de abogados G\u00f3mez-Acebo & Pombo\",\"description\":\"G\u00f3mez-Acebo y Pombo es una firma de abogados independiente, con experiencia internacional, especializada en todas las \u00e1reas del derecho de los negocio.\",\"publisher\":{\"@id\":\"https:\\\/\\\/ga-p.com\\\/en\\\/#organization\"},\"potentialAction\":[{\"@type\":\"SearchAction\",\"target\":{\"@type\":\"EntryPoint\",\"urlTemplate\":\"https:\\\/\\\/ga-p.com\\\/en\\\/?s={search_term_string}\"},\"query-input\":{\"@type\":\"PropertyValueSpecification\",\"valueRequired\":true,\"valueName\":\"search_term_string\"}}],\"inLanguage\":\"en-US\"},{\"@type\":\"Organization\",\"@id\":\"https:\\\/\\\/ga-p.com\\\/en\\\/#organization\",\"name\":\"Despacho de abogados G\u00f3mez-Acebo & Pombo\",\"url\":\"https:\\\/\\\/ga-p.com\\\/en\\\/\",\"logo\":{\"@type\":\"ImageObject\",\"inLanguage\":\"en-US\",\"@id\":\"https:\\\/\\\/ga-p.com\\\/en\\\/#\\\/schema\\\/logo\\\/image\\\/\",\"url\":\"https:\\\/\\\/ga-p.com\\\/wp-content\\\/uploads\\\/2024\\\/09\\\/Logo-1-1.svg\",\"contentUrl\":\"https:\\\/\\\/ga-p.com\\\/wp-content\\\/uploads\\\/2024\\\/09\\\/Logo-1-1.svg\",\"caption\":\"Despacho de abogados G\u00f3mez-Acebo & Pombo\"},\"image\":{\"@id\":\"https:\\\/\\\/ga-p.com\\\/en\\\/#\\\/schema\\\/logo\\\/image\\\/\"}}]}<\/script>\n<!-- \/ Yoast SEO plugin. -->","yoast_head_json":{"title":"Alfonso G. Pascual Maldonado - Despacho de abogados G\u00f3mez-Acebo y Pombo","description":"Alfonso is a senior associate of G\u00f3mez-Acebo & Pombo. He specializes in corporate law, civil and commercial contracts, mergers and acquisitions.","robots":{"index":"index","follow":"follow","max-snippet":"max-snippet:-1","max-image-preview":"max-image-preview:large","max-video-preview":"max-video-preview:-1"},"canonical":"https:\/\/ga-p.com\/en\/person\/alfonso-g-pascual-maldonado\/","og_locale":"en_US","og_type":"article","og_title":"Alfonso G. Pascual Maldonado - Despacho de abogados G\u00f3mez-Acebo y Pombo","og_description":"Alfonso is a senior associate of G\u00f3mez-Acebo & Pombo. He specializes in corporate law, civil and commercial contracts, mergers and acquisitions.","og_url":"https:\/\/ga-p.com\/en\/person\/alfonso-g-pascual-maldonado\/","og_site_name":"Despacho de abogados G\u00f3mez-Acebo y Pombo","article_modified_time":"2026-02-04T11:43:37+00:00","og_image":[{"width":424,"height":424,"url":"https:\/\/ga-p.com\/wp-content\/uploads\/2024\/06\/Alfonso-Pascual.png","type":"image\/png"}],"twitter_card":"summary_large_image","twitter_misc":{"Est. reading time":"1 minute"},"schema":{"@context":"https:\/\/schema.org","@graph":[{"@type":"WebPage","@id":"https:\/\/ga-p.com\/en\/person\/alfonso-g-pascual-maldonado\/","url":"https:\/\/ga-p.com\/en\/person\/alfonso-g-pascual-maldonado\/","name":"Alfonso G. Pascual Maldonado - Despacho de abogados G\u00f3mez-Acebo y Pombo","isPartOf":{"@id":"https:\/\/ga-p.com\/en\/#website"},"primaryImageOfPage":{"@id":"https:\/\/ga-p.com\/en\/person\/alfonso-g-pascual-maldonado\/#primaryimage"},"image":{"@id":"https:\/\/ga-p.com\/en\/person\/alfonso-g-pascual-maldonado\/#primaryimage"},"thumbnailUrl":"https:\/\/ga-p.com\/wp-content\/uploads\/2024\/06\/Alfonso-Pascual.png","datePublished":"2024-06-25T14:56:50+00:00","dateModified":"2026-02-04T11:43:37+00:00","description":"Alfonso is a senior associate of G\u00f3mez-Acebo & Pombo. He specializes in corporate law, civil and commercial contracts, mergers and acquisitions.","breadcrumb":{"@id":"https:\/\/ga-p.com\/en\/person\/alfonso-g-pascual-maldonado\/#breadcrumb"},"inLanguage":"en-US","potentialAction":[{"@type":"ReadAction","target":["https:\/\/ga-p.com\/en\/person\/alfonso-g-pascual-maldonado\/"]}]},{"@type":"ImageObject","inLanguage":"en-US","@id":"https:\/\/ga-p.com\/en\/person\/alfonso-g-pascual-maldonado\/#primaryimage","url":"https:\/\/ga-p.com\/wp-content\/uploads\/2024\/06\/Alfonso-Pascual.png","contentUrl":"https:\/\/ga-p.com\/wp-content\/uploads\/2024\/06\/Alfonso-Pascual.png","width":424,"height":424,"caption":"Alfonso Pascual"},{"@type":"BreadcrumbList","@id":"https:\/\/ga-p.com\/en\/person\/alfonso-g-pascual-maldonado\/#breadcrumb","itemListElement":[{"@type":"ListItem","position":1,"name":"Portada","item":"https:\/\/ga-p.com\/en\/"},{"@type":"ListItem","position":2,"name":"Alfonso G. Pascual Maldonado"}]},{"@type":"WebSite","@id":"https:\/\/ga-p.com\/en\/#website","url":"https:\/\/ga-p.com\/en\/","name":"Despacho de abogados G\u00f3mez-Acebo & Pombo","description":"G\u00f3mez-Acebo y Pombo es una firma de abogados independiente, con experiencia internacional, especializada en todas las \u00e1reas del derecho de los negocio.","publisher":{"@id":"https:\/\/ga-p.com\/en\/#organization"},"potentialAction":[{"@type":"SearchAction","target":{"@type":"EntryPoint","urlTemplate":"https:\/\/ga-p.com\/en\/?s={search_term_string}"},"query-input":{"@type":"PropertyValueSpecification","valueRequired":true,"valueName":"search_term_string"}}],"inLanguage":"en-US"},{"@type":"Organization","@id":"https:\/\/ga-p.com\/en\/#organization","name":"Despacho de abogados G\u00f3mez-Acebo & Pombo","url":"https:\/\/ga-p.com\/en\/","logo":{"@type":"ImageObject","inLanguage":"en-US","@id":"https:\/\/ga-p.com\/en\/#\/schema\/logo\/image\/","url":"https:\/\/ga-p.com\/wp-content\/uploads\/2024\/09\/Logo-1-1.svg","contentUrl":"https:\/\/ga-p.com\/wp-content\/uploads\/2024\/09\/Logo-1-1.svg","caption":"Despacho de abogados G\u00f3mez-Acebo & Pombo"},"image":{"@id":"https:\/\/ga-p.com\/en\/#\/schema\/logo\/image\/"}}]}},"_links":{"self":[{"href":"https:\/\/ga-p.com\/en\/wp-json\/wp\/v2\/persona\/67587","targetHints":{"allow":["GET"]}}],"collection":[{"href":"https:\/\/ga-p.com\/en\/wp-json\/wp\/v2\/persona"}],"about":[{"href":"https:\/\/ga-p.com\/en\/wp-json\/wp\/v2\/types\/persona"}],"wp:featuredmedia":[{"embeddable":true,"href":"https:\/\/ga-p.com\/en\/wp-json\/wp\/v2\/media\/294267"}],"wp:attachment":[{"href":"https:\/\/ga-p.com\/en\/wp-json\/wp\/v2\/media?parent=67587"}],"wp:term":[{"taxonomy":"cargo","embeddable":true,"href":"https:\/\/ga-p.com\/en\/wp-json\/wp\/v2\/cargo?post=67587"},{"taxonomy":"cargo-por-genero","embeddable":true,"href":"https:\/\/ga-p.com\/en\/wp-json\/wp\/v2\/cargo-por-genero?post=67587"},{"taxonomy":"personas-categoria","embeddable":true,"href":"https:\/\/ga-p.com\/en\/wp-json\/wp\/v2\/personas-categoria?post=67587"}],"curies":[{"name":"wp","href":"https:\/\/api.w.org\/{rel}","templated":true}]}}