{"id":67782,"date":"2024-06-26T14:13:07","date_gmt":"2024-06-26T12:13:07","guid":{"rendered":"https:\/\/ga-p.com\/persona\/ignacio-del-fraile\/"},"modified":"2025-02-03T12:31:10","modified_gmt":"2025-02-03T11:31:10","slug":"ignacio-del-fraile","status":"publish","type":"persona","link":"https:\/\/ga-p.com\/en\/person\/ignacio-del-fraile\/","title":{"rendered":"Ignacio del Fraile"},"content":{"rendered":"\n\n<div id=\"Volver-block_2596f5f7547d88c25e4896dbc39d1dbd\" class=\"d-none d-lg-block Volver\" style=\"background-color: #FFFFFF\">\n    <div class=\"container\">\n        <div class=\"row\">\n            <div class=\"col-12\">\n                <div class=\"backTo d-flex align-items-center gap-2\" onclick=\"window.location.href='https:\/\/ga-p.com\/en\/people\/';\">\n                    <img decoding=\"async\" alt=\"icon\" src=\"https:\/\/ga-p.com\/wp-content\/themes\/ga-p\/assets\/images\/left-arrow-orange.svg\" \/>\n                    <div class=\"text\">Go back to <strong>People<\/strong><\/div>\n                <\/div>\n            <\/div>\n        <\/div>\n    <\/div>\n<\/div>\n\n\n\n<div id=\"PersonaHeader-block_1b521eeb9baeb084e7519f82a2f97025\" class=\"PersonaHeader\">\n    <div class=\"customContainer right\">\n        <div class=\"content\" style=\"background-image:url(https:\/\/ga-p.com\/wp-content\/uploads\/2024\/05\/Fondo-personas-nueva-web.webp)\">\n            <img fetchpriority=\"high\" decoding=\"async\" width=\"424\" height=\"424\" src=\"https:\/\/ga-p.com\/wp-content\/uploads\/2024\/06\/Ignacio-del-Fraile-1.png\" class=\"personaThumb wp-post-image\" alt=\"Ignacio del Fraile\" loading=\"eager\" srcset=\"https:\/\/ga-p.com\/wp-content\/uploads\/2024\/06\/Ignacio-del-Fraile-1.png 424w, https:\/\/ga-p.com\/wp-content\/uploads\/2024\/06\/Ignacio-del-Fraile-1-300x300.png 300w, https:\/\/ga-p.com\/wp-content\/uploads\/2024\/06\/Ignacio-del-Fraile-1-150x150.png 150w\" sizes=\"(max-width: 424px) 100vw, 424px\" \/>        <\/div>\n        <h1 class=\"col-lg-4 col-12 p-0 title\">Ignacio del Fraile<\/h1>\n    <\/div>\n    <div class=\"personalFixedTitle d-block d-md-none\">\n        <div class=\"container\">\n            <div class=\"row\">\n                <div class=\"col-12\">\n                    <div class=\"personalFixed\">\n                        <img decoding=\"async\" width=\"424\" height=\"424\" src=\"https:\/\/ga-p.com\/wp-content\/uploads\/2024\/06\/Ignacio-del-Fraile-1.png\" class=\"personaThumb wp-post-image\" alt=\"Ignacio del Fraile\" loading=\"eager\" style=\"background-image:url(https:\/\/ga-p.com\/wp-content\/uploads\/2024\/05\/Fondo-personas-nueva-web.webp)\" srcset=\"https:\/\/ga-p.com\/wp-content\/uploads\/2024\/06\/Ignacio-del-Fraile-1.png 424w, https:\/\/ga-p.com\/wp-content\/uploads\/2024\/06\/Ignacio-del-Fraile-1-300x300.png 300w, https:\/\/ga-p.com\/wp-content\/uploads\/2024\/06\/Ignacio-del-Fraile-1-150x150.png 150w\" sizes=\"(max-width: 424px) 100vw, 424px\" \/>                        <div class=\"modalTitle\">Ignacio del Fraile<\/div>\n                    <\/div>\n                <\/div>\n            <\/div>\n        <\/div>\n    <\/div>\n    <style>\n        .PersonaHeader{opacity:0;}\n    <\/style>\n<\/div>\n\n<div class=\"personaCV\" style=\"display:none\">\n    <div class=\"container\">\n        <a class=\"primaryCta scaleFromLeft rotateIcon\" id=\"cv\"><span>See full resume<\/span>\n            <div class=\"containerImg\"><img decoding=\"async\" alt=\"icon\" src=\"https:\/\/ga-p.com\/wp-content\/themes\/ga-p\/assets\/images\/external-icon.svg\" \/><\/div>\n        <\/a>\n    <\/div>\n    <script>\n        const post_name_persona=\"ignacio-del-fraile\";\n    <\/script>\n<\/div>\n\n\n\n<div class=\"pdf\" style=\"display:none\">\n    <div class=\"PersonaHeaderCV\">\n        <div class=\"customContainer right\">\n            <div class=\"content\" style=\"background-image:url(https:\/\/ga-p.com\/wp-content\/uploads\/2024\/05\/Fondo-personas-nueva-web.webp)\">\n                <img decoding=\"async\" src=\"https:\/\/ga-p.com\/wp-content\/uploads\/2024\/06\/Ignacio-del-Fraile-1.png\" class=\"personaThumb\">\n            <\/div>\n        <\/div>\n    <\/div>\n\n    <div class=\"PersonaInformacionCV container\">\n        <div class=\"personal_office col-6 offset-6\">\n            <div class=\"personal\">\n                                    <div class=\"info\">\n                        <div class=\"title\">Position<\/div>\n                        <div class=\"text\">Partner<\/div>\n                    <\/div>\n                \n                                    <div class=\"info\">\n                        <div class=\"title\">Telephone<\/div>\n                        <div class=\"text\">+34 915 829 100<\/div>\n                    <\/div>\n                                                    <div class=\"info\">\n                        <div class=\"title\">Email<\/div>\n                        <div class=\"text\">ifraile@ga-p.com<\/div>\n                    <\/div>\n                                                    <div class=\"info\">\n                        <div class=\"title\">N\u00ba collegiate member<\/div>\n                        <div class=\"text\">78,706 ICAM<\/div>\n                    <\/div>\n                                            <\/div>\n                            <div class=\"office\">\n                    <div class=\"title\">Office of Madrid<\/div>\n                                            <div class=\"d-flex align-item-center gap-2 mb-2\">\n                            <img decoding=\"async\" alt=\"icon\" src=\"https:\/\/ga-p.com\/wp-content\/themes\/ga-p\/assets\/images\/office-primary.svg\" \/>\n                            <div class=\"text\">Paseo de la Castellana, 216. 28046 Madrid (Spain)<\/div>\n                        <\/div>\n                                                                <div class=\"d-flex align-item-center gap-2 mb-2\">\n                            <img decoding=\"async\" alt=\"icon\" src=\"https:\/\/ga-p.com\/wp-content\/themes\/ga-p\/assets\/images\/mobile-primary.svg\" \/>\n                            <div class=\"text\">(+34) 91 582 91 00<\/div>\n                        <\/div>\n                                                                <div class=\"d-flex align-item-center gap-2\">\n                            <img decoding=\"async\" alt=\"icon\" src=\"https:\/\/ga-p.com\/wp-content\/themes\/ga-p\/assets\/images\/email-primary.svg\" \/>\n                            <div class=\"text\">madrid@ga-p.com<\/div>\n                        <\/div>\n                                    <\/div>\n                    <\/div>\n    <\/div>\n\n    <div class=\"container\">\n        <div class=\"row\">\n            <div class=\"col-6 izquierda\">\n                <div class=\"title\">Ignacio del Fraile<\/div>\n            <\/div>\n            <div class=\"col-6 derecha\">\n            <\/div>\n        <\/div>\n    <\/div>\n<\/div>\n\n<div id=\"ColumnaContenido-block_2bad2df8bb847bf79da900087c020b7a\" class=\"transparente ColumnaContenido\">\n    <div class=\"container\">\n        <div class=\"row\">\n            <div class=\"col-12 col-lg-7 offset-lg-5\">\n                <div class=\"acf-innerblocks-container\">\n\n\n<div id=\"PersonaInformacion-block_cd7a05bb9598399b3b97b4bbcbc6e724\" class=\"PersonaInformacion\">\n\n    <div class=\"personal_office\">\n        <div class=\"personal\">\n\n                            <div class=\"info\">\n                    <div class=\"title\">Position<\/div>\n                    <div class=\"text\">Partner<\/div>\n                <\/div>\n            \n                        <div class=\"info\">\n                <div class=\"title\">Telephone<\/div>\n                <div class=\"text\">+34 915 829 100<\/div>\n            <\/div>\n                                        <div class=\"info\">\n                    <div class=\"title\">Email<\/div>\n                    <div class=\"text\">ifraile@ga-p.com<\/div>\n                <\/div>\n                                        <div class=\"info\">\n                    <div class=\"title\">N\u00ba collegiate member<\/div>\n                    <div class=\"text\">78,706 ICAM<\/div>\n                <\/div>\n                    <\/div>\n                    <div class=\"office\">\n                <div class=\"title\">Madrid Office<\/div>\n\n                                <div class=\"d-flex align-item-center gap-2 mb-2\">\n                    <img decoding=\"async\" alt=\"icon\" src=\"https:\/\/ga-p.com\/wp-content\/themes\/ga-p\/assets\/images\/office-primary.svg\" \/>\n                    <div class=\"text\">Paseo de la Castellana, 216. 28046 Madrid (Spain)<\/div>\n                <\/div>\n                                                    <div class=\"d-flex align-item-center gap-2 mb-2\">\n                        <img decoding=\"async\" alt=\"icon\" src=\"https:\/\/ga-p.com\/wp-content\/themes\/ga-p\/assets\/images\/mobile-primary.svg\" \/>\n                        <div class=\"text\">(+34) 91 582 91 00<\/div>\n                    <\/div>\n                                                    <div class=\"d-flex align-item-center gap-2\">\n                        <img decoding=\"async\" alt=\"icon\" src=\"https:\/\/ga-p.com\/wp-content\/themes\/ga-p\/assets\/images\/email-primary.svg\" \/>\n                        <div class=\"text\">madrid@ga-p.com<\/div>\n                    <\/div>\n                            <\/div>\n            <\/div>\n    \n<\/div>\n\n<\/div>\n            <\/div>\n        <\/div>\n    <\/div>\n<\/div>\n\n\n<div id=\"ColumnaContenido-block_d4f5101d16cafac72d3fd798176f9004\" class=\"blanco ColumnaContenido\">\n    <div class=\"container\">\n        <div class=\"row\">\n            <div class=\"col-12 col-lg-7 offset-lg-5\">\n                <div class=\"acf-innerblocks-container\">\n\n<h2 class=\"wp-block-heading\">Ignacio is a partner, Head of Employment and member of the Board of Directors at G\u00f3mez-Acebo &amp; Pombo.<\/h2>\n\n\n\n<p>He specialises in labour law and social security and is an expert in labour implications derived from mergers, acquisitions and corporate restructuring processes, as well as outsourcing, top management, modification of working conditions, negotiation of collective agreements, collective dismissals and legal defence in judicial proceedings before the labour courts.<\/p>\n\n\n\n<p>He holds a law degree from the University of Valladolid (Spain) and is a qualified Senior Technician in Health and Safety. He teaches on the master&#8217;s degree at the UNAV and at the Garrigues Study Centre. He completed the advanced programme in Labour Relations at the IE University (Spain) and an advanced course in International Law at the George Washington University, (USA).<\/p>\n\n\n\n<p>Ignacio is recognised in the prestigious legal directories Chambers &amp; Partners and Legal 500 as one of the leading professionals in Employment.<\/p>\n\n\n\n<p>Ignacio has participated as the author in several specialised legal publications and is a usual speaker at employment conferences and seminars and he is a usual speaker at employment conferences and seminars both national and international.<\/p>\n\n\n\n\n<div id=\"PersonaAreasSectores-block_fc3ec75a5d8f0cca7ceeccc25b8f49c7\" class=\"PersonaAreasSectores\">\n\n    <div class=\"content\">\n        <div class=\"title\"><h2 class='title'>Areas and sectors in which he collaborates<\/h2>\n<\/div>\n        <div class=\"areas_sectores\">\n            <div class=\"out itemCont\">\n                                    <a class=\"item\" href=\"https:\/\/ga-p.com\/en\/area\/employment\/\">Employment<\/a>\n                            <\/div>\n                    <\/div>\n    <\/div>\n\n    <div class=\"menos\">\n\n    <\/div>\n\n\n\n\n<\/div>\n\n\n\n\n\n<div id=\"PersonaAcordeon-block_f14109e874ef72d9759820354dc29c54\" class=\"PersonaAcordeon\">\n\n    <div class=\"accordion accordion-flush\" id=\"accordion-PersonaAcordeon-block_f14109e874ef72d9759820354dc29c54\">\n        <div class=\"accordion-item\">\n            <h2 class=\"accordion-header\">\n                <button class=\"accordion-button collapsed gap-3 align-items-start\" type=\"button\" data-bs-toggle=\"collapse\" data-bs-target=\"#flush-PersonaAcordeon-block_f14109e874ef72d9759820354dc29c54\" aria-expanded=\"false\" aria-controls=\"flush-PersonaAcordeon-block_f14109e874ef72d9759820354dc29c54\">\n                    <img decoding=\"async\" width=\"1\" height=\"1\" src=\"https:\/\/ga-p.com\/wp-content\/uploads\/2024\/04\/educacion-icon.svg\" class=\"\" alt=\"educacion-icon\" loading=\"lazy\" \/>                    \n\n\nEducation and professional career\n\n\n\n                <\/button>\n            <\/h2>\n            <div id=\"flush-PersonaAcordeon-block_f14109e874ef72d9759820354dc29c54\" class=\"accordion-collapse collapse\" data-bs-parent=\"#accordion-PersonaAcordeon-block_f14109e874ef72d9759820354dc29c54\">\n                <div class=\"accordion-body\">\n                                                                        <div class=\"itemCont noDate\">\n                                <div class=\"item-no-bullet\"><div class=\"page\" title=\"Page 1\">\n<div class=\"layoutArea\">\n<div class=\"column\">\n<div class=\"page\" title=\"Page 1\">\n<div class=\"layoutArea\">\n<div class=\"column\">\n<p><strong>He joins Go\u0301mez-Acebo &amp; Pombo in 2005 and becomes a partner in 2020.<\/strong><\/p>\n<\/div>\n<\/div>\n<\/div>\n<\/div>\n<\/div>\n<\/div>\n<\/div>\n                            <\/div>\n                                                    <div class=\"itemCont noDate\">\n                                <div class=\"item\"><div class=\"page\" title=\"Page 1\">\n<div class=\"layoutArea\">\n<div class=\"column\">\n<div class=\"page\" title=\"Page 1\">\n<div class=\"layoutArea\">\n<div class=\"column\">\n<p>2005 | Degree in Law from the University of Valladolid (Spain), having studied Erasmus and Seneca scholarships in Bologna (Italy) and Granada (Spain), respectively.<\/p>\n<\/div>\n<\/div>\n<\/div>\n<\/div>\n<\/div>\n<\/div>\n<\/div>\n                            <\/div>\n                                                    <div class=\"itemCont noDate\">\n                                <div class=\"item\"><div class=\"page\" title=\"Page 1\">\n<div class=\"layoutArea\">\n<div class=\"column\">\n<div class=\"page\" title=\"Page 1\">\n<div class=\"layoutArea\">\n<div class=\"column\">\n<p>2007 | Advanced Programme in Employment Relationships from the IE University (Spain).<\/p>\n<\/div>\n<\/div>\n<\/div>\n<\/div>\n<\/div>\n<\/div>\n<\/div>\n                            <\/div>\n                                                    <div class=\"itemCont noDate\">\n                                <div class=\"item\"><div class=\"page\" title=\"Page 1\">\n<div class=\"layoutArea\">\n<div class=\"column\">\n<div class=\"page\" title=\"Page 1\">\n<div class=\"layoutArea\">\n<div class=\"column\">\n<p>2008 | Advanced Course on International Law at George Washington University, (USA).<\/p>\n<\/div>\n<\/div>\n<\/div>\n<\/div>\n<\/div>\n<\/div>\n<\/div>\n                            <\/div>\n                                                    <div class=\"itemCont noDate\">\n                                <div class=\"item\"><div class=\"page\" title=\"Page 1\">\n<div class=\"layoutArea\">\n<div class=\"column\">\n<div class=\"page\" title=\"Page 1\">\n<div class=\"layoutArea\">\n<div class=\"column\">\n<p>2018 | Master&#8217;s degree in Occupational Risk Prevention by UDIMA.<\/p>\n<\/div>\n<\/div>\n<\/div>\n<\/div>\n<\/div>\n<\/div>\n<\/div>\n                            <\/div>\n                                                    <div class=\"itemCont noDate\">\n                                <div class=\"item\"><div class=\"page\" title=\"Page 1\">\n<div class=\"layoutArea\">\n<div class=\"column\">\n<div class=\"page\" title=\"Page 1\">\n<div class=\"layoutArea\">\n<div class=\"column\">\n<p>2015 | Foreing associate at the American labour Law firm Litter Mendelson, New York (USA).<\/p>\n<\/div>\n<\/div>\n<\/div>\n<\/div>\n<\/div>\n<\/div>\n<\/div>\n                            <\/div>\n                                                            <\/div>\n            <\/div>\n        <\/div>\n    <\/div>\n\n<\/div>\n\n\n\n<div id=\"PersonaAcordeon-block_ee97ae7b0c1651ee549bc49eb1b5d92b\" class=\"PersonaAcordeon\">\n\n    <div class=\"accordion accordion-flush\" id=\"accordion-PersonaAcordeon-block_ee97ae7b0c1651ee549bc49eb1b5d92b\">\n        <div class=\"accordion-item\">\n            <h2 class=\"accordion-header\">\n                <button class=\"accordion-button collapsed gap-3 align-items-start\" type=\"button\" data-bs-toggle=\"collapse\" data-bs-target=\"#flush-PersonaAcordeon-block_ee97ae7b0c1651ee549bc49eb1b5d92b\" aria-expanded=\"false\" aria-controls=\"flush-PersonaAcordeon-block_ee97ae7b0c1651ee549bc49eb1b5d92b\">\n                    <img decoding=\"async\" width=\"1\" height=\"1\" src=\"https:\/\/ga-p.com\/wp-content\/uploads\/2024\/04\/entidades.svg\" class=\"\" alt=\"entidades\" loading=\"lazy\" \/>                    \n\n\nMembership of professional bodies and associations\n\n\n\n                <\/button>\n            <\/h2>\n            <div id=\"flush-PersonaAcordeon-block_ee97ae7b0c1651ee549bc49eb1b5d92b\" class=\"accordion-collapse collapse\" data-bs-parent=\"#accordion-PersonaAcordeon-block_ee97ae7b0c1651ee549bc49eb1b5d92b\">\n                <div class=\"accordion-body\">\n                                                                        <div class=\"itemCont noDate\">\n                                <div class=\"item\"><div class=\"page\" title=\"Page 1\">\n<div class=\"layoutArea\">\n<div class=\"column\">\n<div class=\"page\" title=\"Page 1\">\n<div class=\"layoutArea\">\n<div class=\"column\">\n<p>Member of the Madrid Bar Association (since 2005).<\/p>\n<\/div>\n<\/div>\n<\/div>\n<\/div>\n<\/div>\n<\/div>\n<\/div>\n                            <\/div>\n                                                    <div class=\"itemCont noDate\">\n                                <div class=\"item\"><div class=\"page\" title=\"Page 2\">\n<div class=\"layoutArea\">\n<div class=\"column\">\n<div class=\"page\" title=\"Page 1\">\n<div class=\"layoutArea\">\n<div class=\"column\">\n<p>Member of the International Bar Association (IBA).<\/p>\n<\/div>\n<\/div>\n<\/div>\n<\/div>\n<\/div>\n<\/div>\n<\/div>\n                            <\/div>\n                                                    <div class=\"itemCont noDate\">\n                                <div class=\"item\"><div class=\"page\" title=\"Page 2\">\n<div class=\"layoutArea\">\n<div class=\"column\">\n<div class=\"page\" title=\"Page 1\">\n<div class=\"layoutArea\">\n<div class=\"column\">\n<p>Member of the European Employment Lawyers Association (EELA).<\/p>\n<\/div>\n<\/div>\n<\/div>\n<\/div>\n<\/div>\n<\/div>\n<\/div>\n                            <\/div>\n                                                    <div class=\"itemCont noDate\">\n                                <div class=\"item\"><div class=\"page\" title=\"Page 2\">\n<div class=\"layoutArea\">\n<div class=\"column\">\n<div class=\"page\" title=\"Page 1\">\n<div class=\"layoutArea\">\n<div class=\"column\">\n<p>Member of the Association of the Employment Lawyers (AEL).<\/p>\n<\/div>\n<\/div>\n<\/div>\n<\/div>\n<\/div>\n<\/div>\n<\/div>\n                            <\/div>\n                                                            <\/div>\n            <\/div>\n        <\/div>\n    <\/div>\n\n<\/div>\n\n\n\n<div id=\"PersonaAcordeon-block_0f0d972221725ebe0b464789ce25b58c\" class=\"PersonaAcordeon\">\n\n    <div class=\"accordion accordion-flush\" id=\"accordion-PersonaAcordeon-block_0f0d972221725ebe0b464789ce25b58c\">\n        <div class=\"accordion-item\">\n            <h2 class=\"accordion-header\">\n                <button class=\"accordion-button collapsed gap-3 align-items-start\" type=\"button\" data-bs-toggle=\"collapse\" data-bs-target=\"#flush-PersonaAcordeon-block_0f0d972221725ebe0b464789ce25b58c\" aria-expanded=\"false\" aria-controls=\"flush-PersonaAcordeon-block_0f0d972221725ebe0b464789ce25b58c\">\n                    <img decoding=\"async\" width=\"1\" height=\"1\" src=\"https:\/\/ga-p.com\/wp-content\/uploads\/2024\/04\/idiomas-icon.svg\" class=\"\" alt=\"idiomas-icon\" loading=\"lazy\" \/>                    \n\n\nLanguages\n\n\n\n                <\/button>\n            <\/h2>\n            <div id=\"flush-PersonaAcordeon-block_0f0d972221725ebe0b464789ce25b58c\" class=\"accordion-collapse collapse\" data-bs-parent=\"#accordion-PersonaAcordeon-block_0f0d972221725ebe0b464789ce25b58c\">\n                <div class=\"accordion-body\">\n                                                                        <div class=\"itemCont noDate\">\n                                <div class=\"item\"><div class=\"page\" title=\"Page 2\">\n<div class=\"layoutArea\">\n<div class=\"column\">\n<p>Spanish<\/p>\n<\/div>\n<\/div>\n<\/div>\n<\/div>\n                            <\/div>\n                                                    <div class=\"itemCont noDate\">\n                                <div class=\"item\"><div class=\"page\" title=\"Page 2\">\n<div class=\"layoutArea\">\n<div class=\"column\">\n<p>English<\/p>\n<\/div>\n<\/div>\n<\/div>\n<\/div>\n                            <\/div>\n                                                    <div class=\"itemCont noDate\">\n                                <div class=\"item\"><div class=\"page\" title=\"Page 2\">\n<div class=\"layoutArea\">\n<div class=\"column\">\n<p>Italian<\/p>\n<\/div>\n<\/div>\n<\/div>\n<\/div>\n                            <\/div>\n                                                            <\/div>\n            <\/div>\n        <\/div>\n    <\/div>\n\n<\/div>\n\n\n\n<div id=\"Boton-block_bbeed804e09c6ba38a0aa6da4a4d2af5\" class=\"Boton\">\n\n    <\/div>\n\n<\/div>\n            <\/div>\n        <\/div>\n    <\/div>\n<\/div>\n\n\n<div id=\"PersonaParticipacion-block_5e5bd2c02b3c1b824aabf2d0ae01858d\" class=\"PersonaParticipacion\">\n\n    <div class=\"container\">\n        <div class=\"row align-items-end flex-column flex-lg-row\">\n            <div class=\"col-12 col-lg-10\">\n                <div class=\"title\"><h2 class=''>Learn more about my participation in G\u00f3mez-Acebo &amp; Pombo<\/h2>\n<\/div>\n            <\/div>\n            <div class=\"col-12 col-lg-2 px-0\">\n                <div id=\"selector_fechas\"><\/div>\n\n            <\/div>\n        <\/div>\n       <div class=\"row align-items-end\">\n           <div class=\"col-12 col-lg-11 px-0\">\n               <div class=\"selectores\">\n                   <div class=\"nav nav-tabs\" id=\"nav-tab\" role=\"tablist\">\n                                                  <button class=\"nav-link y2025 y2024 y2023 y2022 y2021 \" id=\"nav-reconocimientos-tab\" data-bs-toggle=\"tab\" data-bs-target=\"#nav-reconocimientos\" type=\"button\" role=\"tab\" aria-controls=\"nav-reconocimientos\" aria-selected=\"true\">Recognitions<\/button>\n                                                                         <button class=\"nav-link y2026 y2025 y2024 y2023 y2022 y2021  \" id=\"nav-noticias-tab\" data-bs-toggle=\"tab\" data-bs-target=\"#nav-noticias\" type=\"button\" role=\"tab\" aria-controls=\"nav-noticias\" aria-selected=\"false\">News<\/button>\n                                                                 <\/div>\n               <\/div>\n               <div class=\"d-block d-lg-none\">\n\n                   <select class=\"selectorSliders\">\n                       <option value=\"reconocimientos\">Recognitions<\/option>                       <option value=\"noticias\">News<\/option>                                          <\/select>\n\n               <\/div>\n           <\/div>\n           <div class=\"d-none d-lg-block col-1\">\n               <div class=\"swiperRecArrows swiperArrows active\" data-arrows=\"#nav-reconocimientos\">\n                   <div class=\"d-flex align-items-center gap-4 justify-content-end\">\n                       <div class=\"swiper-button-prev\"><img decoding=\"async\" alt=\"icon\" src=\"https:\/\/ga-p.com\/wp-content\/themes\/ga-p\/assets\/images\/slider-arrow.svg\" \/><\/div>\n                       <div class=\"swiper-button-next\"><img decoding=\"async\" alt=\"icon\" src=\"https:\/\/ga-p.com\/wp-content\/themes\/ga-p\/assets\/images\/slider-arrow.svg\" \/><\/div>\n                   <\/div>\n               <\/div>\n               <div class=\"swiperNotArrows swiperArrows\" data-arrows=\"#nav-noticias\">\n                   <div class=\"d-flex align-items-center gap-4 justify-content-end\">\n                       <div class=\"swiper-button-prev\"><img decoding=\"async\" alt=\"icon\" src=\"https:\/\/ga-p.com\/wp-content\/themes\/ga-p\/assets\/images\/slider-arrow.svg\" \/><\/div>\n                       <div class=\"swiper-button-next\"><img decoding=\"async\" alt=\"icon\" src=\"https:\/\/ga-p.com\/wp-content\/themes\/ga-p\/assets\/images\/slider-arrow.svg\" \/><\/div>\n                   <\/div>\n               <\/div>\n               <div class=\"swiperComArrows swiperArrows\" data-arrows=\"#nav-comit\u00e9s\">\n                   <div class=\"d-flex align-items-center gap-4 justify-content-end\">\n                       <div class=\"swiper-button-prev\"><img decoding=\"async\" alt=\"icon\" src=\"https:\/\/ga-p.com\/wp-content\/themes\/ga-p\/assets\/images\/slider-arrow.svg\" \/><\/div>\n                       <div class=\"swiper-button-next\"><img decoding=\"async\" alt=\"icon\" src=\"https:\/\/ga-p.com\/wp-content\/themes\/ga-p\/assets\/images\/slider-arrow.svg\" \/><\/div>\n                   <\/div>\n               <\/div>\n           <\/div>\n       <\/div>\n    <\/div>\n    <div class=\"tab-content\" id=\"nav-tabContent\">\n                <div class=\"tab-pane fade\" id=\"nav-reconocimientos\" role=\"tabpanel\" aria-labelledby=\"nav-reconocimientos-tab\" tabindex=\"0\">\n            <div class=\"swiper mySwiper swiperRec\">\n                <div class=\"swiper-wrapper\">\n                                        <div class=\"swiper-slide y2025\">\n                        <div class=\"reconocimento \">\n    <div class=\"rewardBlock\">\n        <div>\n                            <img decoding=\"async\" width=\"300\" height=\"252\" src=\"https:\/\/ga-p.com\/wp-content\/uploads\/2025\/03\/Firm-Logo-Europe-2025-300x252.jpg\" class=\"imagen\" alt=\"Chambers &amp; Partners Europe, 2025. Employment: Highly Regarded\" loading=\"lazy\" srcset=\"https:\/\/ga-p.com\/wp-content\/uploads\/2025\/03\/Firm-Logo-Europe-2025-300x252.jpg 300w, https:\/\/ga-p.com\/wp-content\/uploads\/2025\/03\/Firm-Logo-Europe-2025-1024x860.jpg 1024w, https:\/\/ga-p.com\/wp-content\/uploads\/2025\/03\/Firm-Logo-Europe-2025-768x645.jpg 768w, https:\/\/ga-p.com\/wp-content\/uploads\/2025\/03\/Firm-Logo-Europe-2025.jpg 1072w\" sizes=\"auto, (max-width: 300px) 100vw, 300px\" \/>                    <\/div>\n\n\n        \n        <div class=\"info\">\n            <div class=\"titulo\">\n                Chambers &#038; Partners Europe, 2025. Employment: Highly Regarded            <\/div>\n            <div class=\"excerpt\">\n                &#8220;Ignacio del Fraile is very tenacious and offers clients a personal treatment.&#8221;            <\/div>\n            \n        <\/div>\n                        <\/div>\n    <\/div>                    <\/div>\n                                        <div class=\"swiper-slide y2024\">\n                        <div class=\"reconocimento \">\n    <div class=\"rewardBlock\">\n        <div>\n                            <img decoding=\"async\" width=\"300\" height=\"252\" src=\"https:\/\/ga-p.com\/wp-content\/uploads\/2024\/03\/Firm-Logo-300x252.jpg\" class=\"imagen\" alt=\"Chambers &amp; Partners Europe 2024. Employment\" loading=\"lazy\" srcset=\"https:\/\/ga-p.com\/wp-content\/uploads\/2024\/03\/Firm-Logo-300x252.jpg 300w, https:\/\/ga-p.com\/wp-content\/uploads\/2024\/03\/Firm-Logo-1024x860.jpg 1024w, https:\/\/ga-p.com\/wp-content\/uploads\/2024\/03\/Firm-Logo-768x645.jpg 768w, https:\/\/ga-p.com\/wp-content\/uploads\/2024\/03\/Firm-Logo.jpg 1072w\" sizes=\"auto, (max-width: 300px) 100vw, 300px\" \/>                    <\/div>\n\n\n        \n        <div class=\"info\">\n            <div class=\"titulo\">\n                Chambers &#038; Partners Europe 2024. Employment            <\/div>\n            <div class=\"excerpt\">\n                &#8220;Ignacio provides solutions to employment problems. He has a global vision of the different alternatives, providing accurate and clever solutions. &#8221;            <\/div>\n            \n        <\/div>\n                        <\/div>\n    <\/div>                    <\/div>\n                                        <div class=\"swiper-slide y2023\">\n                        <div class=\"reconocimento \">\n    <div class=\"rewardBlock\">\n        <div>\n                            <img decoding=\"async\" width=\"300\" height=\"252\" src=\"https:\/\/ga-p.com\/wp-content\/uploads\/2023\/04\/Firm-Logo-eur-300x252.jpg\" class=\"imagen\" alt=\"Chambers &amp; Partners Europe 2023. Employment\" loading=\"lazy\" srcset=\"https:\/\/ga-p.com\/wp-content\/uploads\/2023\/04\/Firm-Logo-eur-300x252.jpg 300w, https:\/\/ga-p.com\/wp-content\/uploads\/2023\/04\/Firm-Logo-eur-1024x860.jpg 1024w, https:\/\/ga-p.com\/wp-content\/uploads\/2023\/04\/Firm-Logo-eur-768x645.jpg 768w, https:\/\/ga-p.com\/wp-content\/uploads\/2023\/04\/Firm-Logo-eur.jpg 1072w\" sizes=\"auto, (max-width: 300px) 100vw, 300px\" \/>                    <\/div>\n\n\n        \n        <div class=\"info\">\n            <div class=\"titulo\">\n                Chambers &#038; Partners Europe 2023. Employment            <\/div>\n            <div class=\"excerpt\">\n                &#8220;He offers an excellent understanding of clients&#8217; needs and pragmatic opinions.&#8221;            <\/div>\n            \n        <\/div>\n                        <\/div>\n    <\/div>                    <\/div>\n                                        <div class=\"swiper-slide y2022\">\n                        <div class=\"reconocimento \">\n    <div class=\"rewardBlock\">\n        <div>\n                            <img decoding=\"async\" width=\"300\" height=\"252\" src=\"https:\/\/ga-p.com\/wp-content\/uploads\/2022\/03\/large-300x252.jpg\" class=\"imagen\" alt=\"Chambers &amp; Partners Europe 2022. Employment\" loading=\"lazy\" srcset=\"https:\/\/ga-p.com\/wp-content\/uploads\/2022\/03\/large-300x252.jpg 300w, https:\/\/ga-p.com\/wp-content\/uploads\/2022\/03\/large-1024x860.jpg 1024w, https:\/\/ga-p.com\/wp-content\/uploads\/2022\/03\/large-768x645.jpg 768w, https:\/\/ga-p.com\/wp-content\/uploads\/2022\/03\/large.jpg 1072w\" sizes=\"auto, (max-width: 300px) 100vw, 300px\" \/>                    <\/div>\n\n\n        \n        <div class=\"info\">\n            <div class=\"titulo\">\n                Chambers &#038; Partners Europe 2022. Employment            <\/div>\n            <div class=\"excerpt\">\n                &#8220;Ignacio is great to deal with; he is helpful and gives us the commercial advice that we need&#8221;            <\/div>\n            \n        <\/div>\n                        <\/div>\n    <\/div>                    <\/div>\n                                        <div class=\"swiper-slide y2021\">\n                        <div class=\"reconocimento \">\n    <div class=\"rewardBlock\">\n        <div>\n                            <img decoding=\"async\" width=\"250\" height=\"270\" src=\"https:\/\/ga-p.com\/wp-content\/uploads\/2018\/03\/reconocimiento_the_legal_500_60-e1533553443883.jpg\" class=\"imagen\" alt=\"The Legal 500 2021. Employment\" loading=\"lazy\" \/>                    <\/div>\n\n\n        \n        <div class=\"info\">\n            <div class=\"titulo\">\n                The Legal 500 2021. Employment            <\/div>\n            <div class=\"excerpt\">\n                \u2018Ignacio del Fraile: Deep knowledge of labour law and jurisdiction and high professional level and experience; practice approach.\u2019            <\/div>\n            \n        <\/div>\n                        <\/div>\n    <\/div>                    <\/div>\n                                        <div class=\"swiper-slide y2021\">\n                        <div class=\"reconocimento \">\n    <div class=\"rewardBlock\">\n        <div>\n                            <img decoding=\"async\" width=\"250\" height=\"270\" src=\"https:\/\/ga-p.com\/wp-content\/uploads\/2018\/03\/reconocimiento_the_legal_500_60-e1533553443883.jpg\" class=\"imagen\" alt=\"The Legal 500 2021. Employment\" loading=\"lazy\" \/>                    <\/div>\n\n\n        \n        <div class=\"info\">\n            <div class=\"titulo\">\n                The Legal 500 2021. Employment            <\/div>\n            <div class=\"excerpt\">\n                \u2018Ignacio del Fraile stands out for his practical approach, providing solutions adapted to each situation and company. He is in permanent contact, anticipates questions and acts as an ally, beyond the customer-service provider relationship.\u2019            <\/div>\n            \n        <\/div>\n                        <\/div>\n    <\/div>                    <\/div>\n                                        <div class=\"swiper-slide y2021\">\n                        <div class=\"reconocimento \">\n    <div class=\"rewardBlock\">\n        <div>\n                            <img decoding=\"async\" width=\"250\" height=\"270\" src=\"https:\/\/ga-p.com\/wp-content\/uploads\/2018\/03\/reconocimiento_the_legal_500_60-e1533553443883.jpg\" class=\"imagen\" alt=\"The Legal 500 2021. Employment\" loading=\"lazy\" \/>                    <\/div>\n\n\n        \n        <div class=\"info\">\n            <div class=\"titulo\">\n                The Legal 500 2021. Employment            <\/div>\n            <div class=\"excerpt\">\n                Ignacio Campos and Ignacio del Fraile: Excellent all round. They spent a considerable amount of time learning about our business so that they would know how best to advise us from a practical as well as legal perspective. Very responsive and very clear.\u2019            <\/div>\n            \n        <\/div>\n                        <\/div>\n    <\/div>                    <\/div>\n                                        <div class=\"swiper-slide y2021\">\n                        <div class=\"reconocimento \">\n    <div class=\"rewardBlock\">\n        <div>\n                            <img decoding=\"async\" width=\"300\" height=\"252\" src=\"https:\/\/ga-p.com\/wp-content\/uploads\/2021\/03\/Chambers-Europe-300x252.jpg\" class=\"imagen\" alt=\"Chambers &#038; Partners Europe 2021. Employment\" loading=\"lazy\" srcset=\"https:\/\/ga-p.com\/wp-content\/uploads\/2021\/03\/Chambers-Europe-300x252.jpg 300w, https:\/\/ga-p.com\/wp-content\/uploads\/2021\/03\/Chambers-Europe-1024x860.jpg 1024w, https:\/\/ga-p.com\/wp-content\/uploads\/2021\/03\/Chambers-Europe-768x645.jpg 768w, https:\/\/ga-p.com\/wp-content\/uploads\/2021\/03\/Chambers-Europe.jpg 1072w\" sizes=\"auto, (max-width: 300px) 100vw, 300px\" \/>                    <\/div>\n\n\n        \n        <div class=\"info\">\n            <div class=\"titulo\">\n                Chambers &#038; Partners Europe 2021. Employment            <\/div>\n            <div class=\"excerpt\">\n                &#8220;He has unbeatable knowledge of employment legislation.&#8221;\r\n&#8220;He doesn&#8217;t just tell us the law but also gives his point of view on the risks derived from our decisions.&#8221;            <\/div>\n            \n        <\/div>\n                        <\/div>\n    <\/div>                    <\/div>\n                                    <\/div>\n            <\/div>\n        <\/div>\n                            <div class=\"tab-pane fade \" id=\"nav-noticias\" role=\"tabpanel\" aria-labelledby=\"nav-noticias-tab\" tabindex=\"0\">\n                <div class=\"swiper mySwiper swiperNot\">\n                    <div class=\"swiper-wrapper\">\n                                                    <div class=\"swiper-slide y2026\">\n                                <a style=\"text-decoration: none\" href=\"https:\/\/ga-p.com\/en\/news\/ignacio-del-fraile-addresses-the-increase-in-the-minimum-wage-and-changes-in-the-spanish-labor-market-el-confidencial\/\">\n    <div class=\"noticiaCard\">\n        <div class=\"content\">\n            <div class=\"tag\">NEWS<\/div>\n            <div class=\"titulo\">\n                Ignacio del Fraile addresses the increase in the minimum wage and changes in the Spanish labor market | El Confidencial            <\/div>\n            <div class=\"excerpt\">\n                Ignacio del Fraile, partner in the Labor area at G\u00f3mez-Acebo &#038; Pombo, analyzes in El Confidencial the impact of the increase in the Minimum Interprofessional Wage (SMI) on labor costs. According to del Fraile, this rise \u201cwill lead to a significant increase in wage and social security costs,\u201d with a particularly relevant effect in sectors with high labor intensity.            <\/div>\n            <div class=\"fecha d-flex align-items-center gap-2\">\n                <img decoding=\"async\" alt=\"icon\" src=\"https:\/\/ga-p.com\/wp-content\/themes\/ga-p\/assets\/images\/clock-icon.svg\" \/>\n                03 Mar, 2026            <\/div>\n\n\n                            <div class=\"author d-flex align-items-center gap-2\">\n                    <img decoding=\"async\" alt=\"icon\" src=\"https:\/\/ga-p.com\/wp-content\/themes\/ga-p\/assets\/images\/author-icon.svg\" \/><span>\n                    Ignacio del Fraile                <\/span><\/div>\n            \n        <\/div>\n        <div class=\"openCard me-0 ms-auto\">\n            <img decoding=\"async\" alt=\"icon\" src=\"https:\/\/ga-p.com\/wp-content\/themes\/ga-p\/assets\/images\/arrow-open.svg\" \/>\n            <img decoding=\"async\" alt=\"icon\" src=\"https:\/\/ga-p.com\/wp-content\/themes\/ga-p\/assets\/images\/arrow-open.svg\" \/>\n        <\/div>\n    <\/div>\n<\/a>\n                            <\/div>\n                                                    <div class=\"swiper-slide y2026\">\n                                <a style=\"text-decoration: none\" href=\"https:\/\/ga-p.com\/en\/news\/ignacio-del-fraile-y-lourdes-escassi-analizan-los-limites-legales-de-los-incentivos-al-absentismo-laboral-el-mundo\/\">\n    <div class=\"noticiaCard\">\n        <div class=\"content\">\n            <div class=\"tag\">NEWS<\/div>\n            <div class=\"titulo\">\n                Ignacio del Fraile and Lourdes Escassi analyze the legal limits of incentives to reduce absenteeism at work | El Mundo            <\/div>\n            <div class=\"excerpt\">\n                Ignacio del Fraile and Lourdes Escassi, partner and counsel of the Employment team at G\u00f3mez-Acebo &#038; Pombo, comment in El Mundo on the impact of current jurisprudence on corporate policies aimed at reducing absenteeism at work.            <\/div>\n            <div class=\"fecha d-flex align-items-center gap-2\">\n                <img decoding=\"async\" alt=\"icon\" src=\"https:\/\/ga-p.com\/wp-content\/themes\/ga-p\/assets\/images\/clock-icon.svg\" \/>\n                23 Feb, 2026            <\/div>\n\n\n                            <div class=\"author d-flex align-items-center gap-2\">\n                    <img decoding=\"async\" alt=\"icon\" src=\"https:\/\/ga-p.com\/wp-content\/themes\/ga-p\/assets\/images\/author-icon.svg\" \/><span>\n                    Ignacio del Fraile, Lourdes Escassi                <\/span><\/div>\n            \n        <\/div>\n        <div class=\"openCard me-0 ms-auto\">\n            <img decoding=\"async\" alt=\"icon\" src=\"https:\/\/ga-p.com\/wp-content\/themes\/ga-p\/assets\/images\/arrow-open.svg\" \/>\n            <img decoding=\"async\" alt=\"icon\" src=\"https:\/\/ga-p.com\/wp-content\/themes\/ga-p\/assets\/images\/arrow-open.svg\" \/>\n        <\/div>\n    <\/div>\n<\/a>\n                            <\/div>\n                                                    <div class=\"swiper-slide y2026\">\n                                <a style=\"text-decoration: none\" href=\"https:\/\/ga-p.com\/en\/news\/ignacio-del-fraile-and-lourdes-escassi-assess-the-impact-of-labour-reform-on-dismissals-in-spain-eleconomista\/\">\n    <div class=\"noticiaCard\">\n        <div class=\"content\">\n            <div class=\"tag\">NEWS<\/div>\n            <div class=\"titulo\">\n                Ignacio del Fraile and Lourdes Escassi assess the impact of labour reform on dismissals in Spain | elEconomista            <\/div>\n            <div class=\"excerpt\">\n                Ignacio del Fraile and Lourdes Escassi, partner and counsel in the Employment practice at G\u00f3mez-Acebo &#038; Pombo, analyse in elEconomista the implications of recent legislative and case law developments regarding dismissals in Spain, in a context of increasing litigation and legal uncertainty for companies.            <\/div>\n            <div class=\"fecha d-flex align-items-center gap-2\">\n                <img decoding=\"async\" alt=\"icon\" src=\"https:\/\/ga-p.com\/wp-content\/themes\/ga-p\/assets\/images\/clock-icon.svg\" \/>\n                17 Feb, 2026            <\/div>\n\n\n                            <div class=\"author d-flex align-items-center gap-2\">\n                    <img decoding=\"async\" alt=\"icon\" src=\"https:\/\/ga-p.com\/wp-content\/themes\/ga-p\/assets\/images\/author-icon.svg\" \/><span>\n                    Ignacio del Fraile, Lourdes Escassi                <\/span><\/div>\n            \n        <\/div>\n        <div class=\"openCard me-0 ms-auto\">\n            <img decoding=\"async\" alt=\"icon\" src=\"https:\/\/ga-p.com\/wp-content\/themes\/ga-p\/assets\/images\/arrow-open.svg\" \/>\n            <img decoding=\"async\" alt=\"icon\" src=\"https:\/\/ga-p.com\/wp-content\/themes\/ga-p\/assets\/images\/arrow-open.svg\" \/>\n        <\/div>\n    <\/div>\n<\/a>\n                            <\/div>\n                                                    <div class=\"swiper-slide y2025\">\n                                <a style=\"text-decoration: none\" href=\"https:\/\/ga-p.com\/en\/news\/gomez-acebo-pombo-shortlisted-for-employment-national-firm-of-the-year-iel-awards-2025\/\">\n    <div class=\"noticiaCard\">\n        <div class=\"content\">\n            <div class=\"tag\">NEWS<\/div>\n            <div class=\"titulo\">\n                G\u00f3mez-Acebo &amp; Pombo shortlisted for Employment National Firm of the Year | IEL Awards 2025            <\/div>\n            <div class=\"excerpt\">\n                G\u00f3mez-Acebo &#038; Pombo shortlisted for Employment National Firm of the Year at the International Employment Lawyer Awards 2025, recognising the excellence and leadership of law firms in employment law in Spain.            <\/div>\n            <div class=\"fecha d-flex align-items-center gap-2\">\n                <img decoding=\"async\" alt=\"icon\" src=\"https:\/\/ga-p.com\/wp-content\/themes\/ga-p\/assets\/images\/clock-icon.svg\" \/>\n                20 Nov, 2025            <\/div>\n\n\n                            <div class=\"author d-flex align-items-center gap-2\">\n                    <img decoding=\"async\" alt=\"icon\" src=\"https:\/\/ga-p.com\/wp-content\/themes\/ga-p\/assets\/images\/author-icon.svg\" \/><span>\n                    Ignacio del Fraile, Pablo Santos, Borja Gonz\u00e1lez Elejabarrieta, Juan Antonio de Lanzas, Lourdes Escassi, J. Manuel Luis Carrasco, Delia Castan\u0303os, Clara Molina, Diego Rizo, Jesu\u0301s Tallos,                 <\/span><\/div>\n            \n        <\/div>\n        <div class=\"openCard me-0 ms-auto\">\n            <img decoding=\"async\" alt=\"icon\" src=\"https:\/\/ga-p.com\/wp-content\/themes\/ga-p\/assets\/images\/arrow-open.svg\" \/>\n            <img decoding=\"async\" alt=\"icon\" src=\"https:\/\/ga-p.com\/wp-content\/themes\/ga-p\/assets\/images\/arrow-open.svg\" \/>\n        <\/div>\n    <\/div>\n<\/a>\n                            <\/div>\n                                                    <div class=\"swiper-slide y2025\">\n                                <a style=\"text-decoration: none\" href=\"https:\/\/ga-p.com\/en\/news\/gomez-acebo-pombo-re-elects-inigo-erlaiz-as-managing-partner-of-the-firm\/\">\n    <div class=\"noticiaCard\">\n        <div class=\"content\">\n            <div class=\"tag\">NEWS<\/div>\n            <div class=\"titulo\">\n                G\u00f3mez-Acebo &amp; Pombo re-elects \u00cd\u00f1igo Erl\u00e1iz as Managing Partner of the Firm            <\/div>\n            <div class=\"excerpt\">\n                The General Meeting of Partners of G\u00f3mez-Acebo &#038; Pombo has approved the re-election of \u00cd\u00f1igo Erl\u00e1iz as Managing Partner for the period 2025-2027.            <\/div>\n            <div class=\"fecha d-flex align-items-center gap-2\">\n                <img decoding=\"async\" alt=\"icon\" src=\"https:\/\/ga-p.com\/wp-content\/themes\/ga-p\/assets\/images\/clock-icon.svg\" \/>\n                18 Feb, 2025            <\/div>\n\n\n                            <div class=\"author d-flex align-items-center gap-2\">\n                    <img decoding=\"async\" alt=\"icon\" src=\"https:\/\/ga-p.com\/wp-content\/themes\/ga-p\/assets\/images\/author-icon.svg\" \/><span>\n                    \u00cd\u00f1igo Erlaiz, Ver\u00f3nica Roman\u00ed, Miguel Lamo de Espinosa, \u00c1lvaro Mateo Sixto, Mafalda Barreto, Francisco Fita, Ignacio del Fraile, Sof\u00eda Mart\u00ednez-Almeida                <\/span><\/div>\n            \n        <\/div>\n        <div class=\"openCard me-0 ms-auto\">\n            <img decoding=\"async\" alt=\"icon\" src=\"https:\/\/ga-p.com\/wp-content\/themes\/ga-p\/assets\/images\/arrow-open.svg\" \/>\n            <img decoding=\"async\" alt=\"icon\" src=\"https:\/\/ga-p.com\/wp-content\/themes\/ga-p\/assets\/images\/arrow-open.svg\" \/>\n        <\/div>\n    <\/div>\n<\/a>\n                            <\/div>\n                                                    <div class=\"swiper-slide y2024\">\n                                <a style=\"text-decoration: none\" href=\"https:\/\/ga-p.com\/en\/news\/ignacio-del-fraile-analyses-the-new-framework-for-severance-payments-el-economista\/\">\n    <div class=\"noticiaCard\">\n        <div class=\"content\">\n            <div class=\"tag\">NEWS<\/div>\n            <div class=\"titulo\">\n                Ignacio del Fraile analyses the new framework for severance payments | El Economista            <\/div>\n            <div class=\"excerpt\">\n                G\u00f3mez-Acebo &#038; Pombo&#8217;s labour partner comments on the limits placed by judges on \u2018extra\u2019 compensation and the greater rigour required in the justifications.            <\/div>\n            <div class=\"fecha d-flex align-items-center gap-2\">\n                <img decoding=\"async\" alt=\"icon\" src=\"https:\/\/ga-p.com\/wp-content\/themes\/ga-p\/assets\/images\/clock-icon.svg\" \/>\n                07 Nov, 2024            <\/div>\n\n\n                            <div class=\"author d-flex align-items-center gap-2\">\n                    <img decoding=\"async\" alt=\"icon\" src=\"https:\/\/ga-p.com\/wp-content\/themes\/ga-p\/assets\/images\/author-icon.svg\" \/><span>\n                    Ignacio del Fraile                <\/span><\/div>\n            \n        <\/div>\n        <div class=\"openCard me-0 ms-auto\">\n            <img decoding=\"async\" alt=\"icon\" src=\"https:\/\/ga-p.com\/wp-content\/themes\/ga-p\/assets\/images\/arrow-open.svg\" \/>\n            <img decoding=\"async\" alt=\"icon\" src=\"https:\/\/ga-p.com\/wp-content\/themes\/ga-p\/assets\/images\/arrow-open.svg\" \/>\n        <\/div>\n    <\/div>\n<\/a>\n                            <\/div>\n                                                    <div class=\"swiper-slide y2024\">\n                                <a style=\"text-decoration: none\" href=\"https:\/\/ga-p.com\/en\/news\/ga_p-advises-synlab-group-on-the-sale-of-synlab-spain-to-eurofins\/\">\n    <div class=\"noticiaCard\">\n        <div class=\"content\">\n            <div class=\"tag\">NEWS<\/div>\n            <div class=\"titulo\">\n                GA_P advises Synlab Group on the sale of Synlab Spain to Eurofins            <\/div>\n            <div class=\"excerpt\">\n                G\u00f3mez-Acebo &#038; Pombo has advised the Synlab Group, a leader in medical diagnostic services and specialized testing in Europe, on the sale of Synlab Spain to Eurofins Scientific (EUFI.PA).            <\/div>\n            <div class=\"fecha d-flex align-items-center gap-2\">\n                <img decoding=\"async\" alt=\"icon\" src=\"https:\/\/ga-p.com\/wp-content\/themes\/ga-p\/assets\/images\/clock-icon.svg\" \/>\n                28 Oct, 2024            <\/div>\n\n\n                            <div class=\"author d-flex align-items-center gap-2\">\n                    <img decoding=\"async\" alt=\"icon\" src=\"https:\/\/ga-p.com\/wp-content\/themes\/ga-p\/assets\/images\/author-icon.svg\" \/><span>\n                    Pablo Fern\u00e1ndez Cortijo, Diana Linage, Samara Schaar, Miguel Troncoso, Laura Lence, Iv\u00e1n Escribano, Isabel Band\u00edn, Jesu\u0301s Tallos, Ignacio del Fraile,                 <\/span><\/div>\n            \n        <\/div>\n        <div class=\"openCard me-0 ms-auto\">\n            <img decoding=\"async\" alt=\"icon\" src=\"https:\/\/ga-p.com\/wp-content\/themes\/ga-p\/assets\/images\/arrow-open.svg\" \/>\n            <img decoding=\"async\" alt=\"icon\" src=\"https:\/\/ga-p.com\/wp-content\/themes\/ga-p\/assets\/images\/arrow-open.svg\" \/>\n        <\/div>\n    <\/div>\n<\/a>\n                            <\/div>\n                                                    <div class=\"swiper-slide y2024\">\n                                <a style=\"text-decoration: none\" href=\"https:\/\/ga-p.com\/en\/news\/requests-to-change-the-timetable-in-order-to-reconcile-work-and-family-life-soar-el-mundo\/\">\n    <div class=\"noticiaCard\">\n        <div class=\"content\">\n            <div class=\"tag\">NEWS<\/div>\n            <div class=\"titulo\">\n                Requests to change the timetable in order to reconcile work and family life soar | El Mundo            <\/div>\n            <div class=\"excerpt\">\n                El Mundo publishes an article on the commerce sector. It explains how medium-sized companies in Spain are optimistic about their future, with a 57% increase in the belief that their income will increase in the next twelve months. However, only 18% consider increasing the salaries of their workers. Almost half of these companies consider competing&#8230;            <\/div>\n            <div class=\"fecha d-flex align-items-center gap-2\">\n                <img decoding=\"async\" alt=\"icon\" src=\"https:\/\/ga-p.com\/wp-content\/themes\/ga-p\/assets\/images\/clock-icon.svg\" \/>\n                24 Jun, 2024            <\/div>\n\n\n                            <div class=\"author d-flex align-items-center gap-2\">\n                    <img decoding=\"async\" alt=\"icon\" src=\"https:\/\/ga-p.com\/wp-content\/themes\/ga-p\/assets\/images\/author-icon.svg\" \/><span>\n                    Ignacio del Fraile, Lourdes Escassi                <\/span><\/div>\n            \n        <\/div>\n        <div class=\"openCard me-0 ms-auto\">\n            <img decoding=\"async\" alt=\"icon\" src=\"https:\/\/ga-p.com\/wp-content\/themes\/ga-p\/assets\/images\/arrow-open.svg\" \/>\n            <img decoding=\"async\" alt=\"icon\" src=\"https:\/\/ga-p.com\/wp-content\/themes\/ga-p\/assets\/images\/arrow-open.svg\" \/>\n        <\/div>\n    <\/div>\n<\/a>\n                            <\/div>\n                                                    <div class=\"swiper-slide y2024\">\n                                <a style=\"text-decoration: none\" href=\"https:\/\/ga-p.com\/en\/news\/can-i-be-fired-for-a-robot-iberian-lawyer\/\">\n    <div class=\"noticiaCard\">\n        <div class=\"content\">\n            <div class=\"tag\">NEWS<\/div>\n            <div class=\"titulo\">\n                \u00bfCan I be fired for a robot?| Iberian lawyer            <\/div>\n            <div class=\"excerpt\">\n                The uprising of AI and automation in the workplace poses ethical, legal and economic challenges, raising concerns about the loss of human jobs. While the impact on labor demand is not negative, it is crucial to recognize its consequences. New technologies replace, transform and create jobs. This is why Ignacio del Fraile stresses that gradual&#8230;            <\/div>\n            <div class=\"fecha d-flex align-items-center gap-2\">\n                <img decoding=\"async\" alt=\"icon\" src=\"https:\/\/ga-p.com\/wp-content\/themes\/ga-p\/assets\/images\/clock-icon.svg\" \/>\n                09 May, 2024            <\/div>\n\n\n            \n        <\/div>\n        <div class=\"openCard me-0 ms-auto\">\n            <img decoding=\"async\" alt=\"icon\" src=\"https:\/\/ga-p.com\/wp-content\/themes\/ga-p\/assets\/images\/arrow-open.svg\" \/>\n            <img decoding=\"async\" alt=\"icon\" src=\"https:\/\/ga-p.com\/wp-content\/themes\/ga-p\/assets\/images\/arrow-open.svg\" \/>\n        <\/div>\n    <\/div>\n<\/a>\n                            <\/div>\n                                                    <div class=\"swiper-slide y2024\">\n                                <a style=\"text-decoration: none\" href=\"https:\/\/ga-p.com\/en\/news\/95-of-dismissal-lawsuits-ask-for-nullity-not-more-compensation-eleconomista\/\">\n    <div class=\"noticiaCard\">\n        <div class=\"content\">\n            <div class=\"tag\">NEWS<\/div>\n            <div class=\"titulo\">\n                95% of dismissal lawsuits ask for nullity, not more compensation | ElEconomista            <\/div>\n            <div class=\"excerpt\">\n                Our partners of Employment, Ignacio del Fraile and Carlos de la Torre, analyse the direct impact of the new dismissal regulations on companies and law firms, as well as the formulas used by the courts to determine the full legal scope of these changes, in this article in ElEconomista. Read the article            <\/div>\n            <div class=\"fecha d-flex align-items-center gap-2\">\n                <img decoding=\"async\" alt=\"icon\" src=\"https:\/\/ga-p.com\/wp-content\/themes\/ga-p\/assets\/images\/clock-icon.svg\" \/>\n                27 Mar, 2024            <\/div>\n\n\n                            <div class=\"author d-flex align-items-center gap-2\">\n                    <img decoding=\"async\" alt=\"icon\" src=\"https:\/\/ga-p.com\/wp-content\/themes\/ga-p\/assets\/images\/author-icon.svg\" \/><span>\n                    Ignacio del Fraile,                 <\/span><\/div>\n            \n        <\/div>\n        <div class=\"openCard me-0 ms-auto\">\n            <img decoding=\"async\" alt=\"icon\" src=\"https:\/\/ga-p.com\/wp-content\/themes\/ga-p\/assets\/images\/arrow-open.svg\" \/>\n            <img decoding=\"async\" alt=\"icon\" src=\"https:\/\/ga-p.com\/wp-content\/themes\/ga-p\/assets\/images\/arrow-open.svg\" \/>\n        <\/div>\n    <\/div>\n<\/a>\n                            <\/div>\n                                                    <div class=\"swiper-slide y2024\">\n                                <a style=\"text-decoration: none\" href=\"https:\/\/ga-p.com\/en\/news\/avalanche-of-demands-to-adapt-reduced-working-hours-and-new-conciliation-measures-cincodias\/\">\n    <div class=\"noticiaCard\">\n        <div class=\"content\">\n            <div class=\"tag\">NEWS<\/div>\n            <div class=\"titulo\">\n                Avalanche of demands to adapt reduced working hours and new conciliation measures | CincoD\u00edas            <\/div>\n            <div class=\"excerpt\">\n                Our partners of Employment, Ignacio del Fraile and Carlos de la Torre, discuss the latest developments in work-life balance and how the adaptation of working hours and other work-life balance measures are generating thousands of requests from workers, which are overwhelming the human resources departments of companies, in this CincoD\u00edas article. Read full article            <\/div>\n            <div class=\"fecha d-flex align-items-center gap-2\">\n                <img decoding=\"async\" alt=\"icon\" src=\"https:\/\/ga-p.com\/wp-content\/themes\/ga-p\/assets\/images\/clock-icon.svg\" \/>\n                26 Mar, 2024            <\/div>\n\n\n                            <div class=\"author d-flex align-items-center gap-2\">\n                    <img decoding=\"async\" alt=\"icon\" src=\"https:\/\/ga-p.com\/wp-content\/themes\/ga-p\/assets\/images\/author-icon.svg\" \/><span>\n                    Ignacio del Fraile,                 <\/span><\/div>\n            \n        <\/div>\n        <div class=\"openCard me-0 ms-auto\">\n            <img decoding=\"async\" alt=\"icon\" src=\"https:\/\/ga-p.com\/wp-content\/themes\/ga-p\/assets\/images\/arrow-open.svg\" \/>\n            <img decoding=\"async\" alt=\"icon\" src=\"https:\/\/ga-p.com\/wp-content\/themes\/ga-p\/assets\/images\/arrow-open.svg\" \/>\n        <\/div>\n    <\/div>\n<\/a>\n                            <\/div>\n                                                    <div class=\"swiper-slide y2024\">\n                                <a style=\"text-decoration: none\" href=\"https:\/\/ga-p.com\/en\/news\/the-change-in-collective-regional-agreements-will-worsen-the-gap-between-workers-from-different-communities-el-mundo\/\">\n    <div class=\"noticiaCard\">\n        <div class=\"content\">\n            <div class=\"tag\">NEWS<\/div>\n            <div class=\"titulo\">\n                The change in collective regional agreements will worsen the gap between workers from different communities | El Mundo            <\/div>\n            <div class=\"excerpt\">\n                Experts and trade unions warn that the priority of the collective regional agreement will create differences and conflicts, and will most likely cause more litigation and breakage of the market unity sought by the European Union. Ignacio del Fraile, labour law partner at G\u00f3mez-Acebo &amp; Pombo, talks about the change in collective regional agreements. Read&#8230;            <\/div>\n            <div class=\"fecha d-flex align-items-center gap-2\">\n                <img decoding=\"async\" alt=\"icon\" src=\"https:\/\/ga-p.com\/wp-content\/themes\/ga-p\/assets\/images\/clock-icon.svg\" \/>\n                08 Jan, 2024            <\/div>\n\n\n            \n        <\/div>\n        <div class=\"openCard me-0 ms-auto\">\n            <img decoding=\"async\" alt=\"icon\" src=\"https:\/\/ga-p.com\/wp-content\/themes\/ga-p\/assets\/images\/arrow-open.svg\" \/>\n            <img decoding=\"async\" alt=\"icon\" src=\"https:\/\/ga-p.com\/wp-content\/themes\/ga-p\/assets\/images\/arrow-open.svg\" \/>\n        <\/div>\n    <\/div>\n<\/a>\n                            <\/div>\n                                                    <div class=\"swiper-slide y2023\">\n                                <a style=\"text-decoration: none\" href=\"https:\/\/ga-p.com\/en\/news\/33-more-hours-of-medical-leave-per-employee-el-mundo\/\">\n    <div class=\"noticiaCard\">\n        <div class=\"content\">\n            <div class=\"tag\">NEWS<\/div>\n            <div class=\"titulo\">\n                33% more hours of medical leave per employee | El Mundo            <\/div>\n            <div class=\"excerpt\">\n                Our Employment team talks about the latest sentences for dismissal of workers on Temporary Disability due to medical leave, in this article by Alejandra Olcese Zulueta for El Mundo. Thanks for having us! Read more\u00a0            <\/div>\n            <div class=\"fecha d-flex align-items-center gap-2\">\n                <img decoding=\"async\" alt=\"icon\" src=\"https:\/\/ga-p.com\/wp-content\/themes\/ga-p\/assets\/images\/clock-icon.svg\" \/>\n                20 Nov, 2023            <\/div>\n\n\n                            <div class=\"author d-flex align-items-center gap-2\">\n                    <img decoding=\"async\" alt=\"icon\" src=\"https:\/\/ga-p.com\/wp-content\/themes\/ga-p\/assets\/images\/author-icon.svg\" \/><span>\n                    Ignacio del Fraile, , Lourdes Escassi                <\/span><\/div>\n            \n        <\/div>\n        <div class=\"openCard me-0 ms-auto\">\n            <img decoding=\"async\" alt=\"icon\" src=\"https:\/\/ga-p.com\/wp-content\/themes\/ga-p\/assets\/images\/arrow-open.svg\" \/>\n            <img decoding=\"async\" alt=\"icon\" src=\"https:\/\/ga-p.com\/wp-content\/themes\/ga-p\/assets\/images\/arrow-open.svg\" \/>\n        <\/div>\n    <\/div>\n<\/a>\n                            <\/div>\n                                                    <div class=\"swiper-slide y2023\">\n                                <a style=\"text-decoration: none\" href=\"https:\/\/ga-p.com\/en\/news\/conciliation-requests-increase-considerably-el-mundo\/\">\n    <div class=\"noticiaCard\">\n        <div class=\"content\">\n            <div class=\"tag\">NEWS<\/div>\n            <div class=\"titulo\">\n                Conciliation requests increase considerably | El Mundo            <\/div>\n            <div class=\"excerpt\">\n                Our Employment team, Ignacio del Fraile, Carlos de la Torre and Lourdes Escassi, talk about the latest legislative developments in labor matters in this article by Alejandra Olcese Zulueta for El Mundo. G\u00f3mez Acebo &amp; Pombo\u00b4s Employment team warns of companies&#8217; concern about the increase in requests for adaptation of working hours, and specifically requests&#8230;            <\/div>\n            <div class=\"fecha d-flex align-items-center gap-2\">\n                <img decoding=\"async\" alt=\"icon\" src=\"https:\/\/ga-p.com\/wp-content\/themes\/ga-p\/assets\/images\/clock-icon.svg\" \/>\n                16 Nov, 2023            <\/div>\n\n\n                            <div class=\"author d-flex align-items-center gap-2\">\n                    <img decoding=\"async\" alt=\"icon\" src=\"https:\/\/ga-p.com\/wp-content\/themes\/ga-p\/assets\/images\/author-icon.svg\" \/><span>\n                    Ignacio del Fraile, , Lourdes Escassi                <\/span><\/div>\n            \n        <\/div>\n        <div class=\"openCard me-0 ms-auto\">\n            <img decoding=\"async\" alt=\"icon\" src=\"https:\/\/ga-p.com\/wp-content\/themes\/ga-p\/assets\/images\/arrow-open.svg\" \/>\n            <img decoding=\"async\" alt=\"icon\" src=\"https:\/\/ga-p.com\/wp-content\/themes\/ga-p\/assets\/images\/arrow-open.svg\" \/>\n        <\/div>\n    <\/div>\n<\/a>\n                            <\/div>\n                                                    <div class=\"swiper-slide y2023\">\n                                <a style=\"text-decoration: none\" href=\"https:\/\/ga-p.com\/en\/news\/the-cases-of-employment-discrimination-are-expanded-el-economista\/\">\n    <div class=\"noticiaCard\">\n        <div class=\"content\">\n            <div class=\"tag\">NEWS<\/div>\n            <div class=\"titulo\">\n                The cases of employment discrimination are expanded | El Economista            <\/div>\n            <div class=\"excerpt\">\n                Ignacio del Fraile, Carlos de la Torre and Lourdes Escassi talk about the modifications implemented in the latest labor reform presented by the Government in this article by Javier Esteban for El Economista. Read more            <\/div>\n            <div class=\"fecha d-flex align-items-center gap-2\">\n                <img decoding=\"async\" alt=\"icon\" src=\"https:\/\/ga-p.com\/wp-content\/themes\/ga-p\/assets\/images\/clock-icon.svg\" \/>\n                13 Nov, 2023            <\/div>\n\n\n                            <div class=\"author d-flex align-items-center gap-2\">\n                    <img decoding=\"async\" alt=\"icon\" src=\"https:\/\/ga-p.com\/wp-content\/themes\/ga-p\/assets\/images\/author-icon.svg\" \/><span>\n                    Ignacio del Fraile, , Lourdes Escassi                <\/span><\/div>\n            \n        <\/div>\n        <div class=\"openCard me-0 ms-auto\">\n            <img decoding=\"async\" alt=\"icon\" src=\"https:\/\/ga-p.com\/wp-content\/themes\/ga-p\/assets\/images\/arrow-open.svg\" \/>\n            <img decoding=\"async\" alt=\"icon\" src=\"https:\/\/ga-p.com\/wp-content\/themes\/ga-p\/assets\/images\/arrow-open.svg\" \/>\n        <\/div>\n    <\/div>\n<\/a>\n                            <\/div>\n                                                    <div class=\"swiper-slide y2023\">\n                                <a style=\"text-decoration: none\" href=\"https:\/\/ga-p.com\/en\/news\/ga_p-advises-zegona-on-the-acquisition-of-vodafone-spain\/\">\n    <div class=\"noticiaCard\">\n        <div class=\"content\">\n            <div class=\"tag\">NEWS<\/div>\n            <div class=\"titulo\">\n                GA_P advises Zegona on the acquisition of Vodafone Spain            <\/div>\n            <div class=\"excerpt\">\n                G\u00f3mez-Acebo &#038; Pombo ha asesorado a Zegona en la adquisici\u00f3n del 100% de Vodafone Espa\u00f1a por \u20ac5.100 millones, en colaboraci\u00f3n con Travers Smith en la adquisici\u00f3n y con Milbank Tweed en la financiaci\u00f3n.            <\/div>\n            <div class=\"fecha d-flex align-items-center gap-2\">\n                <img decoding=\"async\" alt=\"icon\" src=\"https:\/\/ga-p.com\/wp-content\/themes\/ga-p\/assets\/images\/clock-icon.svg\" \/>\n                31 Oct, 2023            <\/div>\n\n\n                            <div class=\"author d-flex align-items-center gap-2\">\n                    <img decoding=\"async\" alt=\"icon\" src=\"https:\/\/ga-p.com\/wp-content\/themes\/ga-p\/assets\/images\/author-icon.svg\" \/><span>\n                    , , Irene Ferna\u0301ndez Puyol, Juan Ignacio Romero, I\u00f1igo Igartua, Miguel Troncoso, Laura Lence, Fernando Herrero, Ignacio del Fraile, Jesu\u0301s Tallos, Oliver Padilla                <\/span><\/div>\n            \n        <\/div>\n        <div class=\"openCard me-0 ms-auto\">\n            <img decoding=\"async\" alt=\"icon\" src=\"https:\/\/ga-p.com\/wp-content\/themes\/ga-p\/assets\/images\/arrow-open.svg\" \/>\n            <img decoding=\"async\" alt=\"icon\" src=\"https:\/\/ga-p.com\/wp-content\/themes\/ga-p\/assets\/images\/arrow-open.svg\" \/>\n        <\/div>\n    <\/div>\n<\/a>\n                            <\/div>\n                                                    <div class=\"swiper-slide y2023\">\n                                <a style=\"text-decoration: none\" href=\"https:\/\/ga-p.com\/en\/news\/companies-are-preparing-redundancies-and-job-adjustments-for-this-autumn\/\">\n    <div class=\"noticiaCard\">\n        <div class=\"content\">\n            <div class=\"tag\">NEWS<\/div>\n            <div class=\"titulo\">\n                Companies are preparing redundancies and job adjustments for this autumn.            <\/div>\n            <div class=\"excerpt\">\n                The end of the summer has ended with poor results in terms of both the number of Social Security affiliates and the number of unemployed, and companies are preparing redundancy plans and labour readjustments for this autumn. The economic contraction is triggering an increase in collective redundancies in industry, while other sectors are considering less&#8230;            <\/div>\n            <div class=\"fecha d-flex align-items-center gap-2\">\n                <img decoding=\"async\" alt=\"icon\" src=\"https:\/\/ga-p.com\/wp-content\/themes\/ga-p\/assets\/images\/clock-icon.svg\" \/>\n                11 Sep, 2023            <\/div>\n\n\n                            <div class=\"author d-flex align-items-center gap-2\">\n                    <img decoding=\"async\" alt=\"icon\" src=\"https:\/\/ga-p.com\/wp-content\/themes\/ga-p\/assets\/images\/author-icon.svg\" \/><span>\n                    Ignacio del Fraile                <\/span><\/div>\n            \n        <\/div>\n        <div class=\"openCard me-0 ms-auto\">\n            <img decoding=\"async\" alt=\"icon\" src=\"https:\/\/ga-p.com\/wp-content\/themes\/ga-p\/assets\/images\/arrow-open.svg\" \/>\n            <img decoding=\"async\" alt=\"icon\" src=\"https:\/\/ga-p.com\/wp-content\/themes\/ga-p\/assets\/images\/arrow-open.svg\" \/>\n        <\/div>\n    <\/div>\n<\/a>\n                            <\/div>\n                                                    <div class=\"swiper-slide y2023\">\n                                <a style=\"text-decoration: none\" href=\"https:\/\/ga-p.com\/en\/news\/ignacio-del-fraile-on-the-distribution-of-dividends-during-the-erte-covid-el-confidencial\/\">\n    <div class=\"noticiaCard\">\n        <div class=\"content\">\n            <div class=\"tag\">NEWS<\/div>\n            <div class=\"titulo\">\n                Ignacio del Fraile on the distribution of dividends during the ERTE covid | El Confidencial            <\/div>\n            <div class=\"excerpt\">\n                Employment launches an offensive to hunt down the distribution of dividends during the ERTE covid. Ignacio del Fraile, partner of Employment, talks in this article published by El Confidencial, about the distribution of dividends during the ERTE covid. &#8220;The criterion of the Inspectorate is that, if the ERTE was applied in 2020, that is the&#8230;            <\/div>\n            <div class=\"fecha d-flex align-items-center gap-2\">\n                <img decoding=\"async\" alt=\"icon\" src=\"https:\/\/ga-p.com\/wp-content\/themes\/ga-p\/assets\/images\/clock-icon.svg\" \/>\n                26 Jun, 2023            <\/div>\n\n\n                            <div class=\"author d-flex align-items-center gap-2\">\n                    <img decoding=\"async\" alt=\"icon\" src=\"https:\/\/ga-p.com\/wp-content\/themes\/ga-p\/assets\/images\/author-icon.svg\" \/><span>\n                    Ignacio del Fraile                <\/span><\/div>\n            \n        <\/div>\n        <div class=\"openCard me-0 ms-auto\">\n            <img decoding=\"async\" alt=\"icon\" src=\"https:\/\/ga-p.com\/wp-content\/themes\/ga-p\/assets\/images\/arrow-open.svg\" \/>\n            <img decoding=\"async\" alt=\"icon\" src=\"https:\/\/ga-p.com\/wp-content\/themes\/ga-p\/assets\/images\/arrow-open.svg\" \/>\n        <\/div>\n    <\/div>\n<\/a>\n                            <\/div>\n                                                    <div class=\"swiper-slide y2023\">\n                                <a style=\"text-decoration: none\" href=\"https:\/\/ga-p.com\/en\/news\/the-national-court-relaxes-the-conditions-for-carrying-out-a-preventive-erte-temporary-lay-off-el-confidencial\/\">\n    <div class=\"noticiaCard\">\n        <div class=\"content\">\n            <div class=\"tag\">NEWS<\/div>\n            <div class=\"titulo\">\n                The National Court relaxes the conditions for carrying out a preventive ERTE (temporary lay-off) | El Confidencial            <\/div>\n            <div class=\"excerpt\">\n                The National Court has made the assumptions for carrying out an ERTE more flexible. This article in El Confidencial includes statements by Ignacio del Fraile, coordinating partner of the labour law department. &#8220;When the regulations talk about previsions, they only talk about economic causes. However, the Court of Appeal applies the provision to other types&#8230;            <\/div>\n            <div class=\"fecha d-flex align-items-center gap-2\">\n                <img decoding=\"async\" alt=\"icon\" src=\"https:\/\/ga-p.com\/wp-content\/themes\/ga-p\/assets\/images\/clock-icon.svg\" \/>\n                05 Jun, 2023            <\/div>\n\n\n                            <div class=\"author d-flex align-items-center gap-2\">\n                    <img decoding=\"async\" alt=\"icon\" src=\"https:\/\/ga-p.com\/wp-content\/themes\/ga-p\/assets\/images\/author-icon.svg\" \/><span>\n                    Ignacio del Fraile                <\/span><\/div>\n            \n        <\/div>\n        <div class=\"openCard me-0 ms-auto\">\n            <img decoding=\"async\" alt=\"icon\" src=\"https:\/\/ga-p.com\/wp-content\/themes\/ga-p\/assets\/images\/arrow-open.svg\" \/>\n            <img decoding=\"async\" alt=\"icon\" src=\"https:\/\/ga-p.com\/wp-content\/themes\/ga-p\/assets\/images\/arrow-open.svg\" \/>\n        <\/div>\n    <\/div>\n<\/a>\n                            <\/div>\n                                                    <div class=\"swiper-slide y2023\">\n                                <a style=\"text-decoration: none\" href=\"https:\/\/ga-p.com\/en\/news\/ignacio-del-fraile-on-unfair-dismissal-compensation-in-spain-el-economista\/\">\n    <div class=\"noticiaCard\">\n        <div class=\"content\">\n            <div class=\"tag\">NEWS<\/div>\n            <div class=\"titulo\">\n                Ignacio del Fraile on unfair dismissal compensation in Spain | El Economista            <\/div>\n            <div class=\"excerpt\">\n                Our Labor Law partner, Ignacio del Fraile, provides his opinion in this article for El Economista on the ongoing debate regarding unfair dismissal compensation in Spain, which is awaiting a ruling from the European Committee of Social Rights (ECSR). Read the full article.            <\/div>\n            <div class=\"fecha d-flex align-items-center gap-2\">\n                <img decoding=\"async\" alt=\"icon\" src=\"https:\/\/ga-p.com\/wp-content\/themes\/ga-p\/assets\/images\/clock-icon.svg\" \/>\n                04 Apr, 2023            <\/div>\n\n\n                            <div class=\"author d-flex align-items-center gap-2\">\n                    <img decoding=\"async\" alt=\"icon\" src=\"https:\/\/ga-p.com\/wp-content\/themes\/ga-p\/assets\/images\/author-icon.svg\" \/><span>\n                    Ignacio del Fraile                <\/span><\/div>\n            \n        <\/div>\n        <div class=\"openCard me-0 ms-auto\">\n            <img decoding=\"async\" alt=\"icon\" src=\"https:\/\/ga-p.com\/wp-content\/themes\/ga-p\/assets\/images\/arrow-open.svg\" \/>\n            <img decoding=\"async\" alt=\"icon\" src=\"https:\/\/ga-p.com\/wp-content\/themes\/ga-p\/assets\/images\/arrow-open.svg\" \/>\n        <\/div>\n    <\/div>\n<\/a>\n                            <\/div>\n                                                    <div class=\"swiper-slide y2023\">\n                                <a style=\"text-decoration: none\" href=\"https:\/\/ga-p.com\/en\/news\/a-flood-of-lawsuits-and-punishment-of-companies-for-undue-erte-payments-temporary-employment-regulation-procedure-el-economista\/\">\n    <div class=\"noticiaCard\">\n        <div class=\"content\">\n            <div class=\"tag\">NEWS<\/div>\n            <div class=\"titulo\">\n                A flood of lawsuits and punishment of companies for &#8216;undue&#8217; ERTE payments (Temporary employment regulation procedure) | El Economista            <\/div>\n            <div class=\"excerpt\">\n                Today&#8217;s article in El Economista includes the statements made by Ignacio del Fraile and Carlos de la Torre, partners in the Labour and Employment department, at the Breakfast organised in the Madrid office to address the labour trends of 2023 and delve into issues such as the expected resolution of the European Committee of Social&#8230;            <\/div>\n            <div class=\"fecha d-flex align-items-center gap-2\">\n                <img decoding=\"async\" alt=\"icon\" src=\"https:\/\/ga-p.com\/wp-content\/themes\/ga-p\/assets\/images\/clock-icon.svg\" \/>\n                23 Jan, 2023            <\/div>\n\n\n                            <div class=\"author d-flex align-items-center gap-2\">\n                    <img decoding=\"async\" alt=\"icon\" src=\"https:\/\/ga-p.com\/wp-content\/themes\/ga-p\/assets\/images\/author-icon.svg\" \/><span>\n                    , Ignacio del Fraile                <\/span><\/div>\n            \n        <\/div>\n        <div class=\"openCard me-0 ms-auto\">\n            <img decoding=\"async\" alt=\"icon\" src=\"https:\/\/ga-p.com\/wp-content\/themes\/ga-p\/assets\/images\/arrow-open.svg\" \/>\n            <img decoding=\"async\" alt=\"icon\" src=\"https:\/\/ga-p.com\/wp-content\/themes\/ga-p\/assets\/images\/arrow-open.svg\" \/>\n        <\/div>\n    <\/div>\n<\/a>\n                            <\/div>\n                                                    <div class=\"swiper-slide y2022\">\n                                <a style=\"text-decoration: none\" href=\"https:\/\/ga-p.com\/en\/news\/ignacio-del-fraile-on-the-gap-between-job-creation-and-permanent-seasonal-contracts-el-economista\/\">\n    <div class=\"noticiaCard\">\n        <div class=\"content\">\n            <div class=\"tag\">NEWS<\/div>\n            <div class=\"titulo\">\n                Ignacio del Fraile on the gap between job creation and permanent seasonal contracts | El Economista            <\/div>\n            <div class=\"excerpt\">\n                In his article regarding &#8220;phantom&#8221; permanent contracts, El Economista includes the statements made by Ignacio del Fraile, partner in G\u00f3mez-Acebo &amp; Pombo&#8217;s Employment law team. &#8220;Companies do not feel comfortable with the figure of the permanent contract and doubts are growing around this figure, which is used as a wild card between various positions, which&#8230;            <\/div>\n            <div class=\"fecha d-flex align-items-center gap-2\">\n                <img decoding=\"async\" alt=\"icon\" src=\"https:\/\/ga-p.com\/wp-content\/themes\/ga-p\/assets\/images\/clock-icon.svg\" \/>\n                28 Nov, 2022            <\/div>\n\n\n                            <div class=\"author d-flex align-items-center gap-2\">\n                    <img decoding=\"async\" alt=\"icon\" src=\"https:\/\/ga-p.com\/wp-content\/themes\/ga-p\/assets\/images\/author-icon.svg\" \/><span>\n                    Ignacio del Fraile                <\/span><\/div>\n            \n        <\/div>\n        <div class=\"openCard me-0 ms-auto\">\n            <img decoding=\"async\" alt=\"icon\" src=\"https:\/\/ga-p.com\/wp-content\/themes\/ga-p\/assets\/images\/arrow-open.svg\" \/>\n            <img decoding=\"async\" alt=\"icon\" src=\"https:\/\/ga-p.com\/wp-content\/themes\/ga-p\/assets\/images\/arrow-open.svg\" \/>\n        <\/div>\n    <\/div>\n<\/a>\n                            <\/div>\n                                                    <div class=\"swiper-slide y2022\">\n                                <a style=\"text-decoration: none\" href=\"https:\/\/ga-p.com\/en\/news\/ignacio-del-fraile-on-the-unrest-among-madrid-companies-over-the-new-office-collective-agreement-el-confidencial\/\">\n    <div class=\"noticiaCard\">\n        <div class=\"content\">\n            <div class=\"tag\">NEWS<\/div>\n            <div class=\"titulo\">\n                Ignacio del Fraile on the unrest among Madrid companies over the new office collective agreement | El Confidencial            <\/div>\n            <div class=\"excerpt\">\n                El Confidencial, in today&#8217;s article, reports the statements of Ignacio del Fraile, Employment Partner at G\u00f3mez-Acebo &amp; Pombo, on the discontent among Madrid companies about the new collective agreement for offices and firms in Madrid, which was approved in mid-August. The text introduces many changes, including the regulation of teleworking. In the articles, the agreement&#8230;            <\/div>\n            <div class=\"fecha d-flex align-items-center gap-2\">\n                <img decoding=\"async\" alt=\"icon\" src=\"https:\/\/ga-p.com\/wp-content\/themes\/ga-p\/assets\/images\/clock-icon.svg\" \/>\n                21 Nov, 2022            <\/div>\n\n\n                            <div class=\"author d-flex align-items-center gap-2\">\n                    <img decoding=\"async\" alt=\"icon\" src=\"https:\/\/ga-p.com\/wp-content\/themes\/ga-p\/assets\/images\/author-icon.svg\" \/><span>\n                    Ignacio del Fraile                <\/span><\/div>\n            \n        <\/div>\n        <div class=\"openCard me-0 ms-auto\">\n            <img decoding=\"async\" alt=\"icon\" src=\"https:\/\/ga-p.com\/wp-content\/themes\/ga-p\/assets\/images\/arrow-open.svg\" \/>\n            <img decoding=\"async\" alt=\"icon\" src=\"https:\/\/ga-p.com\/wp-content\/themes\/ga-p\/assets\/images\/arrow-open.svg\" \/>\n        <\/div>\n    <\/div>\n<\/a>\n                            <\/div>\n                                                    <div class=\"swiper-slide y2022\">\n                                <a style=\"text-decoration: none\" href=\"https:\/\/ga-p.com\/en\/news\/ga_p-appoints-carlos-de-la-torre-as-employment-partner\/\">\n    <div class=\"noticiaCard\">\n        <div class=\"content\">\n            <div class=\"tag\">NEWS<\/div>\n            <div class=\"titulo\">\n                GA_P appoints Carlos de la Torre as Employment partner            <\/div>\n            <div class=\"excerpt\">\n                G\u00f3mez-Acebo &amp; Pombo appoints Carlos de la Torre as partner of Employment in the Madrid office. The professional of Baker &amp; McKenzie, Carlos de la Torre, has more than thirty years of experience and legal knowledge in the field of employment law in Spain and the United Kingdom. He specializes in advising national and international&#8230;            <\/div>\n            <div class=\"fecha d-flex align-items-center gap-2\">\n                <img decoding=\"async\" alt=\"icon\" src=\"https:\/\/ga-p.com\/wp-content\/themes\/ga-p\/assets\/images\/clock-icon.svg\" \/>\n                16 Nov, 2022            <\/div>\n\n\n                            <div class=\"author d-flex align-items-center gap-2\">\n                    <img decoding=\"async\" alt=\"icon\" src=\"https:\/\/ga-p.com\/wp-content\/themes\/ga-p\/assets\/images\/author-icon.svg\" \/><span>\n                    Ignacio del Fraile                <\/span><\/div>\n            \n        <\/div>\n        <div class=\"openCard me-0 ms-auto\">\n            <img decoding=\"async\" alt=\"icon\" src=\"https:\/\/ga-p.com\/wp-content\/themes\/ga-p\/assets\/images\/arrow-open.svg\" \/>\n            <img decoding=\"async\" alt=\"icon\" src=\"https:\/\/ga-p.com\/wp-content\/themes\/ga-p\/assets\/images\/arrow-open.svg\" \/>\n        <\/div>\n    <\/div>\n<\/a>\n                            <\/div>\n                                                    <div class=\"swiper-slide y2022\">\n                                <a style=\"text-decoration: none\" href=\"https:\/\/ga-p.com\/en\/news\/ignacio-del-fraile-on-the-gap-in-job-generation-among-discontinuous-permanent-employees-el-economista\/\">\n    <div class=\"noticiaCard\">\n        <div class=\"content\">\n            <div class=\"tag\">NEWS<\/div>\n            <div class=\"titulo\">\n                Ignacio del Fraile on the gap in job generation among discontinuous permanent employees | El Economista            <\/div>\n            <div class=\"excerpt\">\n                El Economista includes in its article on the high weight of permanent employees in the recent unemployment figures and the lack of confidence in this figure on the part of experts and companies, the statements of Ignacio del Fraile, labour law partner at G\u00f3mez-Acebo &amp; Pombo. Read full article.\u00a0            <\/div>\n            <div class=\"fecha d-flex align-items-center gap-2\">\n                <img decoding=\"async\" alt=\"icon\" src=\"https:\/\/ga-p.com\/wp-content\/themes\/ga-p\/assets\/images\/clock-icon.svg\" \/>\n                10 Nov, 2022            <\/div>\n\n\n                            <div class=\"author d-flex align-items-center gap-2\">\n                    <img decoding=\"async\" alt=\"icon\" src=\"https:\/\/ga-p.com\/wp-content\/themes\/ga-p\/assets\/images\/author-icon.svg\" \/><span>\n                    Ignacio del Fraile                <\/span><\/div>\n            \n        <\/div>\n        <div class=\"openCard me-0 ms-auto\">\n            <img decoding=\"async\" alt=\"icon\" src=\"https:\/\/ga-p.com\/wp-content\/themes\/ga-p\/assets\/images\/arrow-open.svg\" \/>\n            <img decoding=\"async\" alt=\"icon\" src=\"https:\/\/ga-p.com\/wp-content\/themes\/ga-p\/assets\/images\/arrow-open.svg\" \/>\n        <\/div>\n    <\/div>\n<\/a>\n                            <\/div>\n                                                    <div class=\"swiper-slide y2022\">\n                                <a style=\"text-decoration: none\" href=\"https:\/\/ga-p.com\/en\/news\/ignacio-del-fraile-on-the-new-reasons-for-dismissal-to-be-included-in-the-labour-reform-expansion\/\">\n    <div class=\"noticiaCard\">\n        <div class=\"content\">\n            <div class=\"tag\">NEWS<\/div>\n            <div class=\"titulo\">\n                Ignacio del Fraile on the new reasons for dismissal to be included in the labour reform | Expansi\u00f3n            <\/div>\n            <div class=\"excerpt\">\n                Today, Expansi\u00f3n includes in its article, on the labour reform and the possible new causes for dismissal that would be included in the reform, the statements offered by Ignacio del Fraile, partner at Laboral. &#8220;The instability of companies and workers in this matter would be caused by several factors. It would be chaos for companies&#8230;            <\/div>\n            <div class=\"fecha d-flex align-items-center gap-2\">\n                <img decoding=\"async\" alt=\"icon\" src=\"https:\/\/ga-p.com\/wp-content\/themes\/ga-p\/assets\/images\/clock-icon.svg\" \/>\n                28 Oct, 2022            <\/div>\n\n\n                            <div class=\"author d-flex align-items-center gap-2\">\n                    <img decoding=\"async\" alt=\"icon\" src=\"https:\/\/ga-p.com\/wp-content\/themes\/ga-p\/assets\/images\/author-icon.svg\" \/><span>\n                    Ignacio del Fraile                <\/span><\/div>\n            \n        <\/div>\n        <div class=\"openCard me-0 ms-auto\">\n            <img decoding=\"async\" alt=\"icon\" src=\"https:\/\/ga-p.com\/wp-content\/themes\/ga-p\/assets\/images\/arrow-open.svg\" \/>\n            <img decoding=\"async\" alt=\"icon\" src=\"https:\/\/ga-p.com\/wp-content\/themes\/ga-p\/assets\/images\/arrow-open.svg\" \/>\n        <\/div>\n    <\/div>\n<\/a>\n                            <\/div>\n                                                    <div class=\"swiper-slide y2022\">\n                                <a style=\"text-decoration: none\" href=\"https:\/\/ga-p.com\/en\/news\/ignacio-del-fraile-on-labor-reform-and-the-forecasts-for-the-next-2023-el-economista\/\">\n    <div class=\"noticiaCard\">\n        <div class=\"content\">\n            <div class=\"tag\">NEWS<\/div>\n            <div class=\"titulo\">\n                Ignacio del Fraile on labor reform and the forecasts for the next 2023| El Economista            <\/div>\n            <div class=\"excerpt\">\n                In this article of El Economista, Ignacio del Fraile, labour partner at G\u00f3mez-Acebo &amp; Pombo, gives his opinion on the labour reform and the forecasts for 2023 with regard to labour inspections, &#8220;after a decade without prior administrative authorisation, companies and trade unions have become accustomed to a model of negotiation without interventionism&#8221; states Ignacio&#8230;            <\/div>\n            <div class=\"fecha d-flex align-items-center gap-2\">\n                <img decoding=\"async\" alt=\"icon\" src=\"https:\/\/ga-p.com\/wp-content\/themes\/ga-p\/assets\/images\/clock-icon.svg\" \/>\n                24 Oct, 2022            <\/div>\n\n\n                            <div class=\"author d-flex align-items-center gap-2\">\n                    <img decoding=\"async\" alt=\"icon\" src=\"https:\/\/ga-p.com\/wp-content\/themes\/ga-p\/assets\/images\/author-icon.svg\" \/><span>\n                    Ignacio del Fraile                <\/span><\/div>\n            \n        <\/div>\n        <div class=\"openCard me-0 ms-auto\">\n            <img decoding=\"async\" alt=\"icon\" src=\"https:\/\/ga-p.com\/wp-content\/themes\/ga-p\/assets\/images\/arrow-open.svg\" \/>\n            <img decoding=\"async\" alt=\"icon\" src=\"https:\/\/ga-p.com\/wp-content\/themes\/ga-p\/assets\/images\/arrow-open.svg\" \/>\n        <\/div>\n    <\/div>\n<\/a>\n                            <\/div>\n                                                    <div class=\"swiper-slide y2022\">\n                                <a style=\"text-decoration: none\" href=\"https:\/\/ga-p.com\/en\/news\/ignacio-del-fraile-and-lourdes-escassi-on-labor-reform-and-the-ways-to-overcome-the-pressure-of-inflation-on-salaries-el-economista\/\">\n    <div class=\"noticiaCard\">\n        <div class=\"content\">\n            <div class=\"tag\">NEWS<\/div>\n            <div class=\"titulo\">\n                Ignacio del Fraile and Lourdes Escassi on labor reform and the ways to overcome the pressure of inflation on salaries | El Economista            <\/div>\n            <div class=\"excerpt\">\n                El Economista reports today in its article on labor reform and rising wages the testimony offered by Ignacio del Fraile and Lourdes Escassi, partner and senior associate of Employment, at the Breakfast organized in the Madrid office to discuss issues such as labor reform and formulas to circumvent the pressure of inflation on salaries. Regarding&#8230;            <\/div>\n            <div class=\"fecha d-flex align-items-center gap-2\">\n                <img decoding=\"async\" alt=\"icon\" src=\"https:\/\/ga-p.com\/wp-content\/themes\/ga-p\/assets\/images\/clock-icon.svg\" \/>\n                18 Oct, 2022            <\/div>\n\n\n                            <div class=\"author d-flex align-items-center gap-2\">\n                    <img decoding=\"async\" alt=\"icon\" src=\"https:\/\/ga-p.com\/wp-content\/themes\/ga-p\/assets\/images\/author-icon.svg\" \/><span>\n                    Ignacio del Fraile, Lourdes Escassi                <\/span><\/div>\n            \n        <\/div>\n        <div class=\"openCard me-0 ms-auto\">\n            <img decoding=\"async\" alt=\"icon\" src=\"https:\/\/ga-p.com\/wp-content\/themes\/ga-p\/assets\/images\/arrow-open.svg\" \/>\n            <img decoding=\"async\" alt=\"icon\" src=\"https:\/\/ga-p.com\/wp-content\/themes\/ga-p\/assets\/images\/arrow-open.svg\" \/>\n        <\/div>\n    <\/div>\n<\/a>\n                            <\/div>\n                                                    <div class=\"swiper-slide y2022\">\n                                <a style=\"text-decoration: none\" href=\"https:\/\/ga-p.com\/en\/news\/ignacio-del-fraile-on-the-audit-of-temporary-contracts-el-confidencial\/\">\n    <div class=\"noticiaCard\">\n        <div class=\"content\">\n            <div class=\"tag\">NEWS<\/div>\n            <div class=\"titulo\">\n                Ignacio del Fraile on the audit of temporary contracts | El Confidencial            <\/div>\n            <div class=\"excerpt\">\n                In this article published in El Confidencial, Ignacio del Fraile, labour partner at G\u00f3mez-Acebo &amp; Pombo, gives his opinion on the audits carried out by the Ministry of Labour and Social Economy in relation to temporary contracts. According to Ignacio, the audits or inspections that are being carried out seek to verify the legitimacy of&#8230;            <\/div>\n            <div class=\"fecha d-flex align-items-center gap-2\">\n                <img decoding=\"async\" alt=\"icon\" src=\"https:\/\/ga-p.com\/wp-content\/themes\/ga-p\/assets\/images\/clock-icon.svg\" \/>\n                03 Oct, 2022            <\/div>\n\n\n                            <div class=\"author d-flex align-items-center gap-2\">\n                    <img decoding=\"async\" alt=\"icon\" src=\"https:\/\/ga-p.com\/wp-content\/themes\/ga-p\/assets\/images\/author-icon.svg\" \/><span>\n                    Ignacio del Fraile                <\/span><\/div>\n            \n        <\/div>\n        <div class=\"openCard me-0 ms-auto\">\n            <img decoding=\"async\" alt=\"icon\" src=\"https:\/\/ga-p.com\/wp-content\/themes\/ga-p\/assets\/images\/arrow-open.svg\" \/>\n            <img decoding=\"async\" alt=\"icon\" src=\"https:\/\/ga-p.com\/wp-content\/themes\/ga-p\/assets\/images\/arrow-open.svg\" \/>\n        <\/div>\n    <\/div>\n<\/a>\n                            <\/div>\n                                                    <div class=\"swiper-slide y2022\">\n                                <a style=\"text-decoration: none\" href=\"https:\/\/ga-p.com\/en\/news\/and-to-the-workers-in-the-metaverse-what-law-do-we-apply-el-pais\/\">\n    <div class=\"noticiaCard\">\n        <div class=\"content\">\n            <div class=\"tag\">NEWS<\/div>\n            <div class=\"titulo\">\n                And to the workers in the metaverse&#8230; what law do we apply? | El Pa\u00eds            <\/div>\n            <div class=\"excerpt\">\n                The newspaper El Pa\u00eds publishes an article which includes the statements of Ignacio del Fraile, labour partner at G\u00f3mez-Acebo &amp; Pombo, in relation to the metaverse and the applicable labour legislation. Ignacio del Fraile advises to &#8220;follow the judicial interpretations of the employment figures that have similarities to those that will be developed within the&#8230;            <\/div>\n            <div class=\"fecha d-flex align-items-center gap-2\">\n                <img decoding=\"async\" alt=\"icon\" src=\"https:\/\/ga-p.com\/wp-content\/themes\/ga-p\/assets\/images\/clock-icon.svg\" \/>\n                22 Aug, 2022            <\/div>\n\n\n                            <div class=\"author d-flex align-items-center gap-2\">\n                    <img decoding=\"async\" alt=\"icon\" src=\"https:\/\/ga-p.com\/wp-content\/themes\/ga-p\/assets\/images\/author-icon.svg\" \/><span>\n                    Ignacio del Fraile                <\/span><\/div>\n            \n        <\/div>\n        <div class=\"openCard me-0 ms-auto\">\n            <img decoding=\"async\" alt=\"icon\" src=\"https:\/\/ga-p.com\/wp-content\/themes\/ga-p\/assets\/images\/arrow-open.svg\" \/>\n            <img decoding=\"async\" alt=\"icon\" src=\"https:\/\/ga-p.com\/wp-content\/themes\/ga-p\/assets\/images\/arrow-open.svg\" \/>\n        <\/div>\n    <\/div>\n<\/a>\n                            <\/div>\n                                                    <div class=\"swiper-slide y2022\">\n                                <a style=\"text-decoration: none\" href=\"https:\/\/ga-p.com\/en\/news\/ga_p-advises-banca-march-on-the-acquisition-of-the-private-banking-area-of-bnp-paribas\/\">\n    <div class=\"noticiaCard\">\n        <div class=\"content\">\n            <div class=\"tag\">NEWS<\/div>\n            <div class=\"titulo\">\n                GA_P advises Banca March on the acquisition of the private banking area of BNP Paribas            <\/div>\n            <div class=\"excerpt\">\n                G\u00f3mez-Acebo &amp; Pombo has advised Banca March on the acquisition of the domestic private banking area of BNP Paribas, together with the 100% of the shares of the fund manager BNP Paribas Asset Management. This has enabled the bank to incorporate BNP Paribas Wealth Management&#8217;s High Net Worth and Very High Net Worth business in&#8230;            <\/div>\n            <div class=\"fecha d-flex align-items-center gap-2\">\n                <img decoding=\"async\" alt=\"icon\" src=\"https:\/\/ga-p.com\/wp-content\/themes\/ga-p\/assets\/images\/clock-icon.svg\" \/>\n                01 Aug, 2022            <\/div>\n\n\n                            <div class=\"author d-flex align-items-center gap-2\">\n                    <img decoding=\"async\" alt=\"icon\" src=\"https:\/\/ga-p.com\/wp-content\/themes\/ga-p\/assets\/images\/author-icon.svg\" \/><span>\n                    Santiago Go\u0301mez-Acebo, Ana Mart\u00ednez-Pina, Jos\u00e9 Francisco Canalejas, , Ignacio del Fraile, Luis Nicol\u00e1s Pinedo, Eduardo G\u00f3mez de la Cruz, Remedios Garci\u0301a, , , Vanessa Ferna\u0301ndez-Lled\u00f3, , Marta Mart\u00ednez-Almeida                <\/span><\/div>\n            \n        <\/div>\n        <div class=\"openCard me-0 ms-auto\">\n            <img decoding=\"async\" alt=\"icon\" src=\"https:\/\/ga-p.com\/wp-content\/themes\/ga-p\/assets\/images\/arrow-open.svg\" \/>\n            <img decoding=\"async\" alt=\"icon\" src=\"https:\/\/ga-p.com\/wp-content\/themes\/ga-p\/assets\/images\/arrow-open.svg\" \/>\n        <\/div>\n    <\/div>\n<\/a>\n                            <\/div>\n                                                    <div class=\"swiper-slide y2022\">\n                                <a style=\"text-decoration: none\" href=\"https:\/\/ga-p.com\/en\/news\/massive-labour-inspections-and-fines-campaign-to-turn-temporary-employment-into-permanent-employment-el-confidencial\/\">\n    <div class=\"noticiaCard\">\n        <div class=\"content\">\n            <div class=\"tag\">NEWS<\/div>\n            <div class=\"titulo\">\n                Massive labour inspections and fines campaign to turn temporary employment into permanent employment | El Confidencial            <\/div>\n            <div class=\"excerpt\">\n                Today, Ignacio del Fraile, labour partner at G\u00f3mez-Acebo &amp; Pombo, comments on the labour reform and the new inspection campaigns in this article for El Confidencial. &#8220;We are witnessing more aggressiveness and sanctions. There are two blocks, the first problem is that temporary contracts must meet the criteria of cause and duration of the reform,&#8230;            <\/div>\n            <div class=\"fecha d-flex align-items-center gap-2\">\n                <img decoding=\"async\" alt=\"icon\" src=\"https:\/\/ga-p.com\/wp-content\/themes\/ga-p\/assets\/images\/clock-icon.svg\" \/>\n                13 Jun, 2022            <\/div>\n\n\n                            <div class=\"author d-flex align-items-center gap-2\">\n                    <img decoding=\"async\" alt=\"icon\" src=\"https:\/\/ga-p.com\/wp-content\/themes\/ga-p\/assets\/images\/author-icon.svg\" \/><span>\n                    Ignacio del Fraile                <\/span><\/div>\n            \n        <\/div>\n        <div class=\"openCard me-0 ms-auto\">\n            <img decoding=\"async\" alt=\"icon\" src=\"https:\/\/ga-p.com\/wp-content\/themes\/ga-p\/assets\/images\/arrow-open.svg\" \/>\n            <img decoding=\"async\" alt=\"icon\" src=\"https:\/\/ga-p.com\/wp-content\/themes\/ga-p\/assets\/images\/arrow-open.svg\" \/>\n        <\/div>\n    <\/div>\n<\/a>\n                            <\/div>\n                                                    <div class=\"swiper-slide y2021\">\n                                <a style=\"text-decoration: none\" href=\"https:\/\/ga-p.com\/en\/news\/ga_p-advises-homerun-technologies-oy-on-the-acquisition-of-spanish-company-urban-share\/\">\n    <div class=\"noticiaCard\">\n        <div class=\"content\">\n            <div class=\"tag\">NEWS<\/div>\n            <div class=\"titulo\">\n                GA_P advises Homerun Technologies OY on the acquisition of Spanish company Urban Share            <\/div>\n            <div class=\"excerpt\">\n                G\u00f3mez-Acebo &amp; Pombo has advised Homerun Technologies OY (KODIT.IO) on the acquisition of 100% of the Spanish company URBAN SHARE, S.L. (&#8220;HOLA LUCAS&#8221;), a leading rental housing platform. Homerun (KODIT) is a Finnish multinational company specialised in activating fast real estate sales (iBuyer). Finland&#8217;s Kodit.io, powered by artificial intelligence, helps sellers receive instant cash offers&#8230;            <\/div>\n            <div class=\"fecha d-flex align-items-center gap-2\">\n                <img decoding=\"async\" alt=\"icon\" src=\"https:\/\/ga-p.com\/wp-content\/themes\/ga-p\/assets\/images\/clock-icon.svg\" \/>\n                22 Sep, 2021            <\/div>\n\n\n                            <div class=\"author d-flex align-items-center gap-2\">\n                    <img decoding=\"async\" alt=\"icon\" src=\"https:\/\/ga-p.com\/wp-content\/themes\/ga-p\/assets\/images\/author-icon.svg\" \/><span>\n                    Pablo Fern\u00e1ndez Cortijo, Ignacio del Fraile                <\/span><\/div>\n            \n        <\/div>\n        <div class=\"openCard me-0 ms-auto\">\n            <img decoding=\"async\" alt=\"icon\" src=\"https:\/\/ga-p.com\/wp-content\/themes\/ga-p\/assets\/images\/arrow-open.svg\" \/>\n            <img decoding=\"async\" alt=\"icon\" src=\"https:\/\/ga-p.com\/wp-content\/themes\/ga-p\/assets\/images\/arrow-open.svg\" \/>\n        <\/div>\n    <\/div>\n<\/a>\n                            <\/div>\n                                                    <div class=\"swiper-slide y2021\">\n                                <a style=\"text-decoration: none\" href=\"https:\/\/ga-p.com\/en\/news\/ga_p-advises-lamosa-on-the-purchase-of-the-flat-ceramic-business-from-roca\/\">\n    <div class=\"noticiaCard\">\n        <div class=\"content\">\n            <div class=\"tag\">NEWS<\/div>\n            <div class=\"titulo\">\n                GA_P advises Lamosa on the purchase of the flat ceramic business from Roca            <\/div>\n            <div class=\"excerpt\">\n                G\u00f3mez-Acebo &amp; Pombo has advised Mexico&#8217;s Grupo Lamosa on the acquisition of Roca&#8217;s flat ceramic business for \u20ac220 million. Lamosa is one of the world&#8217;s leading ceramic tile manufacturers. The operation includes the indirect acquisition of the Roca Group&#8217;s subsidiaries in this business, with a presence in Spain, the USA and Brazil, and the subsequent&#8230;            <\/div>\n            <div class=\"fecha d-flex align-items-center gap-2\">\n                <img decoding=\"async\" alt=\"icon\" src=\"https:\/\/ga-p.com\/wp-content\/themes\/ga-p\/assets\/images\/clock-icon.svg\" \/>\n                03 Aug, 2021            <\/div>\n\n\n                            <div class=\"author d-flex align-items-center gap-2\">\n                    <img decoding=\"async\" alt=\"icon\" src=\"https:\/\/ga-p.com\/wp-content\/themes\/ga-p\/assets\/images\/author-icon.svg\" \/><span>\n                    Pablo Fern\u00e1ndez Cortijo, Constantino P\u00e9rez, Andr\u00e9s Castro, Santiago Go\u0301mez-Acebo, Irene Ferna\u0301ndez Puyol, Marta Rey, , Isabel Band\u00edn, , Remedios Garci\u0301a, Carla Fandi\u00f1o, I\u00f1igo Igartua, Miguel Troncoso, Ignacio del Fraile, Diego Rizo, Claudia Ga\u0301lvez, Marta Mart\u00ednez-Almeida                <\/span><\/div>\n            \n        <\/div>\n        <div class=\"openCard me-0 ms-auto\">\n            <img decoding=\"async\" alt=\"icon\" src=\"https:\/\/ga-p.com\/wp-content\/themes\/ga-p\/assets\/images\/arrow-open.svg\" \/>\n            <img decoding=\"async\" alt=\"icon\" src=\"https:\/\/ga-p.com\/wp-content\/themes\/ga-p\/assets\/images\/arrow-open.svg\" \/>\n        <\/div>\n    <\/div>\n<\/a>\n                            <\/div>\n                                            <\/div>\n                <\/div>\n            <\/div>\n                    <\/div>\n    <div class=\"swiperPagination\">\n        <div class=\"container\">\n            <div class=\"row\">\n                <div class=\"col-6 col-lg-12 swiperBulletsMobile\">\n                    <div class=\"swiperBullets swiperRecPagination active\" data-bullets=\"#nav-reconocimientos\"><\/div>\n                    <div class=\"swiperBullets swiperNotPagination\" data-bullets=\"#nav-noticias\"><\/div>\n                    <div class=\"swiperBullets swiperComPagination\" data-bullets=\"#nav-comit\u00e9s\"><\/div>\n                <\/div>\n                <div class=\"d-block d-lg-none col-6 swiperArrowsMobile\">\n                    <div class=\"swiperRecArrows swiperArrows active\" data-arrows=\"#nav-reconocimientos\">\n                        <div class=\"d-flex align-items-center gap-4 justify-content-end\">\n                            <div class=\"swiper-button-prev\"><img decoding=\"async\" alt=\"icon\" src=\"https:\/\/ga-p.com\/wp-content\/themes\/ga-p\/assets\/images\/slider-arrow.svg\" \/><\/div>\n                            <div class=\"swiper-button-next\"><img decoding=\"async\" alt=\"icon\" src=\"https:\/\/ga-p.com\/wp-content\/themes\/ga-p\/assets\/images\/slider-arrow.svg\" \/><\/div>\n                        <\/div>\n                    <\/div>\n                    <div class=\"swiperNotArrows swiperArrows\" data-arrows=\"#nav-noticias\">\n                        <div class=\"d-flex align-items-center gap-4 justify-content-end\">\n                            <div class=\"swiper-button-prev\"><img decoding=\"async\" alt=\"icon\" src=\"https:\/\/ga-p.com\/wp-content\/themes\/ga-p\/assets\/images\/slider-arrow.svg\" \/><\/div>\n                            <div class=\"swiper-button-next\"><img decoding=\"async\" alt=\"icon\" src=\"https:\/\/ga-p.com\/wp-content\/themes\/ga-p\/assets\/images\/slider-arrow.svg\" \/><\/div>\n                        <\/div>\n                    <\/div>\n                    <div class=\"swiperComArrows swiperArrows\" data-arrows=\"#nav-comit\u00e9s\">\n                        <div class=\"d-flex align-items-center gap-4 justify-content-end\">\n                            <div class=\"swiper-button-prev\"><img decoding=\"async\" alt=\"icon\" src=\"https:\/\/ga-p.com\/wp-content\/themes\/ga-p\/assets\/images\/slider-arrow.svg\" \/><\/div>\n                            <div class=\"swiper-button-next\"><img decoding=\"async\" alt=\"icon\" src=\"https:\/\/ga-p.com\/wp-content\/themes\/ga-p\/assets\/images\/slider-arrow.svg\" \/><\/div>\n                        <\/div>\n                    <\/div>\n                <\/div>\n            <\/div>\n        <\/div>\n    <\/div>\n<\/div>\n\n<script>\n    const opciones_participacion_array = [\n                {label: '2026', value: 'y2026'},\n                {label: '2025', value: 'y2025'},\n                {label: '2024', value: 'y2024'},\n                {label: '2023', value: 'y2023'},\n                {label: '2022', value: 'y2022'},\n                {label: '2021', value: 'y2021'},\n            ]\n<\/script>\n\n        ","protected":false},"excerpt":{"rendered":"","protected":false},"featured_media":330843,"template":"","cargo":[201],"cargo-por-genero":[],"personas-categoria":[225],"class_list":["post-67782","persona","type-persona","status-publish","has-post-thumbnail","hentry","cargo-partner-en","personas-categoria-management-counsel"],"acf":[],"yoast_head":"<!-- This site is optimized with the Yoast SEO plugin v27.3 - https:\/\/yoast.com\/product\/yoast-seo-wordpress\/ -->\n<title>Ignacio del Fraile - Despacho de abogados G\u00f3mez-Acebo y Pombo<\/title>\n<meta name=\"description\" content=\"Ignacio is a partner of Employment. He specialises in labour law and social security and is an expert in labour implications derived from mergers.\" \/>\n<meta name=\"robots\" content=\"index, follow, max-snippet:-1, max-image-preview:large, max-video-preview:-1\" \/>\n<link rel=\"canonical\" href=\"https:\/\/ga-p.com\/en\/person\/ignacio-del-fraile\/\" \/>\n<meta property=\"og:locale\" content=\"en_US\" \/>\n<meta property=\"og:type\" content=\"article\" \/>\n<meta property=\"og:title\" content=\"Ignacio del Fraile - Despacho de abogados G\u00f3mez-Acebo y Pombo\" \/>\n<meta property=\"og:description\" content=\"Ignacio is a partner of Employment. He specialises in labour law and social security and is an expert in labour implications derived from mergers.\" \/>\n<meta property=\"og:url\" content=\"https:\/\/ga-p.com\/en\/person\/ignacio-del-fraile\/\" \/>\n<meta property=\"og:site_name\" content=\"Despacho de abogados G\u00f3mez-Acebo y Pombo\" \/>\n<meta property=\"article:modified_time\" content=\"2025-02-03T11:31:10+00:00\" \/>\n<meta property=\"og:image\" content=\"https:\/\/ga-p.com\/wp-content\/uploads\/2024\/06\/Ignacio-del-Fraile-1.png\" \/>\n\t<meta property=\"og:image:width\" content=\"424\" \/>\n\t<meta property=\"og:image:height\" content=\"424\" \/>\n\t<meta property=\"og:image:type\" content=\"image\/png\" \/>\n<meta name=\"twitter:card\" content=\"summary_large_image\" \/>\n<meta name=\"twitter:label1\" content=\"Est. reading time\" \/>\n\t<meta name=\"twitter:data1\" content=\"2 minutes\" \/>\n<script type=\"application\/ld+json\" class=\"yoast-schema-graph\">{\"@context\":\"https:\\\/\\\/schema.org\",\"@graph\":[{\"@type\":\"WebPage\",\"@id\":\"https:\\\/\\\/ga-p.com\\\/en\\\/person\\\/ignacio-del-fraile\\\/\",\"url\":\"https:\\\/\\\/ga-p.com\\\/en\\\/person\\\/ignacio-del-fraile\\\/\",\"name\":\"Ignacio del Fraile - Despacho de abogados G\u00f3mez-Acebo y Pombo\",\"isPartOf\":{\"@id\":\"https:\\\/\\\/ga-p.com\\\/en\\\/#website\"},\"primaryImageOfPage\":{\"@id\":\"https:\\\/\\\/ga-p.com\\\/en\\\/person\\\/ignacio-del-fraile\\\/#primaryimage\"},\"image\":{\"@id\":\"https:\\\/\\\/ga-p.com\\\/en\\\/person\\\/ignacio-del-fraile\\\/#primaryimage\"},\"thumbnailUrl\":\"https:\\\/\\\/ga-p.com\\\/wp-content\\\/uploads\\\/2024\\\/06\\\/Ignacio-del-Fraile-1.png\",\"datePublished\":\"2024-06-26T12:13:07+00:00\",\"dateModified\":\"2025-02-03T11:31:10+00:00\",\"description\":\"Ignacio is a partner of Employment. He specialises in labour law and social security and is an expert in labour implications derived from mergers.\",\"breadcrumb\":{\"@id\":\"https:\\\/\\\/ga-p.com\\\/en\\\/person\\\/ignacio-del-fraile\\\/#breadcrumb\"},\"inLanguage\":\"en-US\",\"potentialAction\":[{\"@type\":\"ReadAction\",\"target\":[\"https:\\\/\\\/ga-p.com\\\/en\\\/person\\\/ignacio-del-fraile\\\/\"]}]},{\"@type\":\"ImageObject\",\"inLanguage\":\"en-US\",\"@id\":\"https:\\\/\\\/ga-p.com\\\/en\\\/person\\\/ignacio-del-fraile\\\/#primaryimage\",\"url\":\"https:\\\/\\\/ga-p.com\\\/wp-content\\\/uploads\\\/2024\\\/06\\\/Ignacio-del-Fraile-1.png\",\"contentUrl\":\"https:\\\/\\\/ga-p.com\\\/wp-content\\\/uploads\\\/2024\\\/06\\\/Ignacio-del-Fraile-1.png\",\"width\":424,\"height\":424},{\"@type\":\"BreadcrumbList\",\"@id\":\"https:\\\/\\\/ga-p.com\\\/en\\\/person\\\/ignacio-del-fraile\\\/#breadcrumb\",\"itemListElement\":[{\"@type\":\"ListItem\",\"position\":1,\"name\":\"Portada\",\"item\":\"https:\\\/\\\/ga-p.com\\\/en\\\/\"},{\"@type\":\"ListItem\",\"position\":2,\"name\":\"Ignacio del Fraile\"}]},{\"@type\":\"WebSite\",\"@id\":\"https:\\\/\\\/ga-p.com\\\/en\\\/#website\",\"url\":\"https:\\\/\\\/ga-p.com\\\/en\\\/\",\"name\":\"Despacho de abogados G\u00f3mez-Acebo & Pombo\",\"description\":\"G\u00f3mez-Acebo y Pombo es una firma de abogados independiente, con experiencia internacional, especializada en todas las \u00e1reas del derecho de los negocio.\",\"publisher\":{\"@id\":\"https:\\\/\\\/ga-p.com\\\/en\\\/#organization\"},\"potentialAction\":[{\"@type\":\"SearchAction\",\"target\":{\"@type\":\"EntryPoint\",\"urlTemplate\":\"https:\\\/\\\/ga-p.com\\\/en\\\/?s={search_term_string}\"},\"query-input\":{\"@type\":\"PropertyValueSpecification\",\"valueRequired\":true,\"valueName\":\"search_term_string\"}}],\"inLanguage\":\"en-US\"},{\"@type\":\"Organization\",\"@id\":\"https:\\\/\\\/ga-p.com\\\/en\\\/#organization\",\"name\":\"Despacho de abogados G\u00f3mez-Acebo & Pombo\",\"url\":\"https:\\\/\\\/ga-p.com\\\/en\\\/\",\"logo\":{\"@type\":\"ImageObject\",\"inLanguage\":\"en-US\",\"@id\":\"https:\\\/\\\/ga-p.com\\\/en\\\/#\\\/schema\\\/logo\\\/image\\\/\",\"url\":\"https:\\\/\\\/ga-p.com\\\/wp-content\\\/uploads\\\/2024\\\/09\\\/Logo-1-1.svg\",\"contentUrl\":\"https:\\\/\\\/ga-p.com\\\/wp-content\\\/uploads\\\/2024\\\/09\\\/Logo-1-1.svg\",\"caption\":\"Despacho de abogados G\u00f3mez-Acebo & Pombo\"},\"image\":{\"@id\":\"https:\\\/\\\/ga-p.com\\\/en\\\/#\\\/schema\\\/logo\\\/image\\\/\"}}]}<\/script>\n<!-- \/ Yoast SEO plugin. -->","yoast_head_json":{"title":"Ignacio del Fraile - Despacho de abogados G\u00f3mez-Acebo y Pombo","description":"Ignacio is a partner of Employment. He specialises in labour law and social security and is an expert in labour implications derived from mergers.","robots":{"index":"index","follow":"follow","max-snippet":"max-snippet:-1","max-image-preview":"max-image-preview:large","max-video-preview":"max-video-preview:-1"},"canonical":"https:\/\/ga-p.com\/en\/person\/ignacio-del-fraile\/","og_locale":"en_US","og_type":"article","og_title":"Ignacio del Fraile - Despacho de abogados G\u00f3mez-Acebo y Pombo","og_description":"Ignacio is a partner of Employment. He specialises in labour law and social security and is an expert in labour implications derived from mergers.","og_url":"https:\/\/ga-p.com\/en\/person\/ignacio-del-fraile\/","og_site_name":"Despacho de abogados G\u00f3mez-Acebo y Pombo","article_modified_time":"2025-02-03T11:31:10+00:00","og_image":[{"width":424,"height":424,"url":"https:\/\/ga-p.com\/wp-content\/uploads\/2024\/06\/Ignacio-del-Fraile-1.png","type":"image\/png"}],"twitter_card":"summary_large_image","twitter_misc":{"Est. reading time":"2 minutes"},"schema":{"@context":"https:\/\/schema.org","@graph":[{"@type":"WebPage","@id":"https:\/\/ga-p.com\/en\/person\/ignacio-del-fraile\/","url":"https:\/\/ga-p.com\/en\/person\/ignacio-del-fraile\/","name":"Ignacio del Fraile - Despacho de abogados G\u00f3mez-Acebo y Pombo","isPartOf":{"@id":"https:\/\/ga-p.com\/en\/#website"},"primaryImageOfPage":{"@id":"https:\/\/ga-p.com\/en\/person\/ignacio-del-fraile\/#primaryimage"},"image":{"@id":"https:\/\/ga-p.com\/en\/person\/ignacio-del-fraile\/#primaryimage"},"thumbnailUrl":"https:\/\/ga-p.com\/wp-content\/uploads\/2024\/06\/Ignacio-del-Fraile-1.png","datePublished":"2024-06-26T12:13:07+00:00","dateModified":"2025-02-03T11:31:10+00:00","description":"Ignacio is a partner of Employment. He specialises in labour law and social security and is an expert in labour implications derived from mergers.","breadcrumb":{"@id":"https:\/\/ga-p.com\/en\/person\/ignacio-del-fraile\/#breadcrumb"},"inLanguage":"en-US","potentialAction":[{"@type":"ReadAction","target":["https:\/\/ga-p.com\/en\/person\/ignacio-del-fraile\/"]}]},{"@type":"ImageObject","inLanguage":"en-US","@id":"https:\/\/ga-p.com\/en\/person\/ignacio-del-fraile\/#primaryimage","url":"https:\/\/ga-p.com\/wp-content\/uploads\/2024\/06\/Ignacio-del-Fraile-1.png","contentUrl":"https:\/\/ga-p.com\/wp-content\/uploads\/2024\/06\/Ignacio-del-Fraile-1.png","width":424,"height":424},{"@type":"BreadcrumbList","@id":"https:\/\/ga-p.com\/en\/person\/ignacio-del-fraile\/#breadcrumb","itemListElement":[{"@type":"ListItem","position":1,"name":"Portada","item":"https:\/\/ga-p.com\/en\/"},{"@type":"ListItem","position":2,"name":"Ignacio del Fraile"}]},{"@type":"WebSite","@id":"https:\/\/ga-p.com\/en\/#website","url":"https:\/\/ga-p.com\/en\/","name":"Despacho de abogados G\u00f3mez-Acebo & Pombo","description":"G\u00f3mez-Acebo y Pombo es una firma de abogados independiente, con experiencia internacional, especializada en todas las \u00e1reas del derecho de los negocio.","publisher":{"@id":"https:\/\/ga-p.com\/en\/#organization"},"potentialAction":[{"@type":"SearchAction","target":{"@type":"EntryPoint","urlTemplate":"https:\/\/ga-p.com\/en\/?s={search_term_string}"},"query-input":{"@type":"PropertyValueSpecification","valueRequired":true,"valueName":"search_term_string"}}],"inLanguage":"en-US"},{"@type":"Organization","@id":"https:\/\/ga-p.com\/en\/#organization","name":"Despacho de abogados G\u00f3mez-Acebo & Pombo","url":"https:\/\/ga-p.com\/en\/","logo":{"@type":"ImageObject","inLanguage":"en-US","@id":"https:\/\/ga-p.com\/en\/#\/schema\/logo\/image\/","url":"https:\/\/ga-p.com\/wp-content\/uploads\/2024\/09\/Logo-1-1.svg","contentUrl":"https:\/\/ga-p.com\/wp-content\/uploads\/2024\/09\/Logo-1-1.svg","caption":"Despacho de abogados G\u00f3mez-Acebo & Pombo"},"image":{"@id":"https:\/\/ga-p.com\/en\/#\/schema\/logo\/image\/"}}]}},"_links":{"self":[{"href":"https:\/\/ga-p.com\/en\/wp-json\/wp\/v2\/persona\/67782","targetHints":{"allow":["GET"]}}],"collection":[{"href":"https:\/\/ga-p.com\/en\/wp-json\/wp\/v2\/persona"}],"about":[{"href":"https:\/\/ga-p.com\/en\/wp-json\/wp\/v2\/types\/persona"}],"wp:featuredmedia":[{"embeddable":true,"href":"https:\/\/ga-p.com\/en\/wp-json\/wp\/v2\/media\/330843"}],"wp:attachment":[{"href":"https:\/\/ga-p.com\/en\/wp-json\/wp\/v2\/media?parent=67782"}],"wp:term":[{"taxonomy":"cargo","embeddable":true,"href":"https:\/\/ga-p.com\/en\/wp-json\/wp\/v2\/cargo?post=67782"},{"taxonomy":"cargo-por-genero","embeddable":true,"href":"https:\/\/ga-p.com\/en\/wp-json\/wp\/v2\/cargo-por-genero?post=67782"},{"taxonomy":"personas-categoria","embeddable":true,"href":"https:\/\/ga-p.com\/en\/wp-json\/wp\/v2\/personas-categoria?post=67782"}],"curies":[{"name":"wp","href":"https:\/\/api.w.org\/{rel}","templated":true}]}}