{"id":67946,"date":"2024-06-26T14:35:09","date_gmt":"2024-06-26T12:35:09","guid":{"rendered":"https:\/\/ga-p.com\/persona\/veronica-romani\/"},"modified":"2025-02-03T13:17:07","modified_gmt":"2025-02-03T12:17:07","slug":"veronica-romani","status":"publish","type":"persona","link":"https:\/\/ga-p.com\/en\/person\/veronica-romani\/","title":{"rendered":"Ver\u00f3nica Roman\u00ed"},"content":{"rendered":"\n\n<div id=\"Volver-block_0e04d9773319660db223a2aba497cb47\" class=\"d-none d-lg-block Volver\" style=\"background-color: #FFFFFF\">\n    <div class=\"container\">\n        <div class=\"row\">\n            <div class=\"col-12\">\n                <div class=\"backTo d-flex align-items-center gap-2\" onclick=\"window.location.href='https:\/\/ga-p.com\/en\/people\/';\">\n                    <img decoding=\"async\" alt=\"icon\" src=\"https:\/\/ga-p.com\/wp-content\/themes\/ga-p\/assets\/images\/left-arrow-orange.svg\" \/>\n                    <div class=\"text\">Go back to <strong>People<\/strong><\/div>\n                <\/div>\n            <\/div>\n        <\/div>\n    <\/div>\n<\/div>\n\n\n\n<div id=\"PersonaHeader-block_222659c21ed6caa34215bc15a9be6b00\" class=\"PersonaHeader\">\n    <div class=\"customContainer right\">\n        <div class=\"content\" style=\"background-image:url(https:\/\/ga-p.com\/wp-content\/uploads\/2024\/05\/Fondo-personas-nueva-web.webp)\">\n            <img fetchpriority=\"high\" decoding=\"async\" width=\"424\" height=\"424\" src=\"https:\/\/ga-p.com\/wp-content\/uploads\/2024\/06\/Varonica-Romani.png\" class=\"personaThumb wp-post-image\" alt=\"Ver\u00f3nica Roman\u00ed\" loading=\"eager\" srcset=\"https:\/\/ga-p.com\/wp-content\/uploads\/2024\/06\/Varonica-Romani.png 424w, https:\/\/ga-p.com\/wp-content\/uploads\/2024\/06\/Varonica-Romani-300x300.png 300w, https:\/\/ga-p.com\/wp-content\/uploads\/2024\/06\/Varonica-Romani-150x150.png 150w\" sizes=\"(max-width: 424px) 100vw, 424px\" \/>        <\/div>\n        <h1 class=\"col-lg-4 col-12 p-0 title\">Ver\u00f3nica Roman\u00ed<\/h1>\n    <\/div>\n    <div class=\"personalFixedTitle d-block d-md-none\">\n        <div class=\"container\">\n            <div class=\"row\">\n                <div class=\"col-12\">\n                    <div class=\"personalFixed\">\n                        <img decoding=\"async\" width=\"424\" height=\"424\" src=\"https:\/\/ga-p.com\/wp-content\/uploads\/2024\/06\/Varonica-Romani.png\" class=\"personaThumb wp-post-image\" alt=\"Ver\u00f3nica Roman\u00ed\" loading=\"eager\" style=\"background-image:url(https:\/\/ga-p.com\/wp-content\/uploads\/2024\/05\/Fondo-personas-nueva-web.webp)\" srcset=\"https:\/\/ga-p.com\/wp-content\/uploads\/2024\/06\/Varonica-Romani.png 424w, https:\/\/ga-p.com\/wp-content\/uploads\/2024\/06\/Varonica-Romani-300x300.png 300w, https:\/\/ga-p.com\/wp-content\/uploads\/2024\/06\/Varonica-Romani-150x150.png 150w\" sizes=\"(max-width: 424px) 100vw, 424px\" \/>                        <div class=\"modalTitle\">Ver\u00f3nica Roman\u00ed<\/div>\n                    <\/div>\n                <\/div>\n            <\/div>\n        <\/div>\n    <\/div>\n    <style>\n        .PersonaHeader{opacity:0;}\n    <\/style>\n<\/div>\n\n<div class=\"personaCV\" style=\"display:none\">\n    <div class=\"container\">\n        <a class=\"primaryCta scaleFromLeft rotateIcon\" id=\"cv\"><span>See full resume<\/span>\n            <div class=\"containerImg\"><img decoding=\"async\" alt=\"icon\" src=\"https:\/\/ga-p.com\/wp-content\/themes\/ga-p\/assets\/images\/external-icon.svg\" \/><\/div>\n        <\/a>\n    <\/div>\n    <script>\n        const post_name_persona=\"veronica-romani\";\n    <\/script>\n<\/div>\n\n\n\n<div class=\"pdf\" style=\"display:none\">\n    <div class=\"PersonaHeaderCV\">\n        <div class=\"customContainer right\">\n            <div class=\"content\" style=\"background-image:url(https:\/\/ga-p.com\/wp-content\/uploads\/2024\/05\/Fondo-personas-nueva-web.webp)\">\n                <img decoding=\"async\" src=\"https:\/\/ga-p.com\/wp-content\/uploads\/2024\/06\/Varonica-Romani.png\" class=\"personaThumb\">\n            <\/div>\n        <\/div>\n    <\/div>\n\n    <div class=\"PersonaInformacionCV container\">\n        <div class=\"personal_office col-6 offset-6\">\n            <div class=\"personal\">\n                                    <div class=\"info\">\n                        <div class=\"title\">Position<\/div>\n                        <div class=\"text\">Partner<\/div>\n                    <\/div>\n                \n                                    <div class=\"info\">\n                        <div class=\"title\">Telephone<\/div>\n                        <div class=\"text\">+34 91 582 91 00<\/div>\n                    <\/div>\n                                                    <div class=\"info\">\n                        <div class=\"title\">Email<\/div>\n                        <div class=\"text\">vromani@ga-p.com<\/div>\n                    <\/div>\n                                                    <div class=\"info\">\n                        <div class=\"title\">N\u00ba collegiate member<\/div>\n                        <div class=\"text\">66.960 ICAM<\/div>\n                    <\/div>\n                                            <\/div>\n                            <div class=\"office\">\n                    <div class=\"title\">Office of Madrid<\/div>\n                                            <div class=\"d-flex align-item-center gap-2 mb-2\">\n                            <img decoding=\"async\" alt=\"icon\" src=\"https:\/\/ga-p.com\/wp-content\/themes\/ga-p\/assets\/images\/office-primary.svg\" \/>\n                            <div class=\"text\">Paseo de la Castellana, 216. 28046 Madrid (Spain)<\/div>\n                        <\/div>\n                                                                <div class=\"d-flex align-item-center gap-2 mb-2\">\n                            <img decoding=\"async\" alt=\"icon\" src=\"https:\/\/ga-p.com\/wp-content\/themes\/ga-p\/assets\/images\/mobile-primary.svg\" \/>\n                            <div class=\"text\">(+34) 91 582 91 00<\/div>\n                        <\/div>\n                                                                <div class=\"d-flex align-item-center gap-2\">\n                            <img decoding=\"async\" alt=\"icon\" src=\"https:\/\/ga-p.com\/wp-content\/themes\/ga-p\/assets\/images\/email-primary.svg\" \/>\n                            <div class=\"text\">madrid@ga-p.com<\/div>\n                        <\/div>\n                                    <\/div>\n                    <\/div>\n    <\/div>\n\n    <div class=\"container\">\n        <div class=\"row\">\n            <div class=\"col-6 izquierda\">\n                <div class=\"title\">Ver\u00f3nica Roman\u00ed<\/div>\n            <\/div>\n            <div class=\"col-6 derecha\">\n            <\/div>\n        <\/div>\n    <\/div>\n<\/div>\n\n<div id=\"ColumnaContenido-block_2183ab552630305fb98857eaf27e4c52\" class=\"transparente ColumnaContenido\">\n    <div class=\"container\">\n        <div class=\"row\">\n            <div class=\"col-12 col-lg-7 offset-lg-5\">\n                <div class=\"acf-innerblocks-container\">\n\n\n<div id=\"PersonaInformacion-block_7a7003fe87024bf1d670951926707fa8\" class=\"PersonaInformacion\">\n\n    <div class=\"personal_office\">\n        <div class=\"personal\">\n\n                            <div class=\"info\">\n                    <div class=\"title\">Position<\/div>\n                    <div class=\"text\">Partner<\/div>\n                <\/div>\n            \n                        <div class=\"info\">\n                <div class=\"title\">Telephone<\/div>\n                <div class=\"text\">+34 91 582 91 00<\/div>\n            <\/div>\n                                        <div class=\"info\">\n                    <div class=\"title\">Email<\/div>\n                    <div class=\"text\">vromani@ga-p.com<\/div>\n                <\/div>\n                                        <div class=\"info\">\n                    <div class=\"title\">N\u00ba collegiate member<\/div>\n                    <div class=\"text\">66.960 ICAM<\/div>\n                <\/div>\n                    <\/div>\n                    <div class=\"office\">\n                <div class=\"title\">Madrid Office<\/div>\n\n                                <div class=\"d-flex align-item-center gap-2 mb-2\">\n                    <img decoding=\"async\" alt=\"icon\" src=\"https:\/\/ga-p.com\/wp-content\/themes\/ga-p\/assets\/images\/office-primary.svg\" \/>\n                    <div class=\"text\">Paseo de la Castellana, 216. 28046 Madrid (Spain)<\/div>\n                <\/div>\n                                                    <div class=\"d-flex align-item-center gap-2 mb-2\">\n                        <img decoding=\"async\" alt=\"icon\" src=\"https:\/\/ga-p.com\/wp-content\/themes\/ga-p\/assets\/images\/mobile-primary.svg\" \/>\n                        <div class=\"text\">(+34) 91 582 91 00<\/div>\n                    <\/div>\n                                                    <div class=\"d-flex align-item-center gap-2\">\n                        <img decoding=\"async\" alt=\"icon\" src=\"https:\/\/ga-p.com\/wp-content\/themes\/ga-p\/assets\/images\/email-primary.svg\" \/>\n                        <div class=\"text\">madrid@ga-p.com<\/div>\n                    <\/div>\n                            <\/div>\n            <\/div>\n    \n<\/div>\n\n<\/div>\n            <\/div>\n        <\/div>\n    <\/div>\n<\/div>\n\n\n<div id=\"ColumnaContenido-block_70380f2f795b4461953ca1904f181b63\" class=\"blanco ColumnaContenido\">\n    <div class=\"container\">\n        <div class=\"row\">\n            <div class=\"col-12 col-lg-7 offset-lg-5\">\n                <div class=\"acf-innerblocks-container\">\n\n<h2 class=\"wp-block-heading\">Ver\u00f3nica is a Banking and Finance partner, Head of Energy and member of the Board of Directors\u00a0at G\u00f3mez-Acebo &amp; Pombo.<\/h2>\n\n\n\n<p>She has extensive experience in transactions related to energy and infrastructure, with a global profile that includes advising leading national and international clients on both acquisition and financing transactions of assets in regulated sectors. She has been involved in a significant number of the acquisition and financing processes that have taken place in these sectors. Her experience also includes acquisition financings, corporate finance and syndicated loans, refinancing and corporate restructuring transactions.<\/p>\n\n\n\n<p>She holds a law degree from the Complutense University of Madrid. She holds a master&#8217;s degree in Stock Exchange and Financial Markets from the Stock Market Studies Institute (IEB) and an advanced course in Energy Law from the IE University.<\/p>\n\n\n\n<p>Ver\u00f3nica is recognised as a Leading Individual in Legal 500 in the Projects and Energy category; in Chambers &amp; Partners as Band 1 in the Project Finance category and as Band 2 in Energy &amp; Natural Resources and Banking and Finance. In addition, she has been highlighted by IFLR 1000 as Highly Regarded for her work and extensive experience in the areas of Restructuring and Insolvency and Banking and Project Finance in recent years. Ver\u00f3nica is one of the most active lawyers in M&amp;A and Energy in Spain.<\/p>\n\n\n\n<p>She has participated as an author and coauthor in several specialised legal publications.<\/p>\n\n\n\n\n<div id=\"PersonaAreasSectores-block_fa718d2bc6633166cb2c88735219b7d7\" class=\"PersonaAreasSectores\">\n\n    <div class=\"content\">\n        <div class=\"title\"><h2 class='title'>Areas and sectors in which she collaborates<\/h2>\n<\/div>\n        <div class=\"areas_sectores\">\n            <div class=\"out itemCont\">\n                                    <a class=\"item\" href=\"https:\/\/ga-p.com\/en\/area\/baking-and-finance\/\">Banking and Finance<\/a>\n                                    <a class=\"item\" href=\"https:\/\/ga-p.com\/en\/sector\/energy\/\">Energy<\/a>\n                                    <a class=\"item\" href=\"https:\/\/ga-p.com\/en\/area\/sustainability\/\">Sustainability<\/a>\n                            <\/div>\n                    <\/div>\n    <\/div>\n\n    <div class=\"menos\">\n\n    <\/div>\n\n\n\n\n<\/div>\n\n\n\n\n\n<div id=\"PersonaAcordeon-block_034bf01fd9623f8ad94386e72ffbd254\" class=\"PersonaAcordeon\">\n\n    <div class=\"accordion accordion-flush\" id=\"accordion-PersonaAcordeon-block_034bf01fd9623f8ad94386e72ffbd254\">\n        <div class=\"accordion-item\">\n            <h2 class=\"accordion-header\">\n                <button class=\"accordion-button collapsed gap-3 align-items-start\" type=\"button\" data-bs-toggle=\"collapse\" data-bs-target=\"#flush-PersonaAcordeon-block_034bf01fd9623f8ad94386e72ffbd254\" aria-expanded=\"false\" aria-controls=\"flush-PersonaAcordeon-block_034bf01fd9623f8ad94386e72ffbd254\">\n                    <img decoding=\"async\" width=\"1\" height=\"1\" src=\"https:\/\/ga-p.com\/wp-content\/uploads\/2024\/04\/educacion-icon.svg\" class=\"\" alt=\"educacion-icon\" loading=\"lazy\" \/>                    \n\n\nEducation and professional career\n\n\n\n                <\/button>\n            <\/h2>\n            <div id=\"flush-PersonaAcordeon-block_034bf01fd9623f8ad94386e72ffbd254\" class=\"accordion-collapse collapse\" data-bs-parent=\"#accordion-PersonaAcordeon-block_034bf01fd9623f8ad94386e72ffbd254\">\n                <div class=\"accordion-body\">\n                                                                        <div class=\"itemCont noDate\">\n                                <div class=\"item-no-bullet\"><div class=\"page\" title=\"Page 1\">\n<div class=\"layoutArea\">\n<div class=\"column\">\n<p><strong>She joins Go\u0301mez-Acebo &amp; Pombo in 1999 and becomes a partner in 2011.<\/strong><\/p>\n<\/div>\n<\/div>\n<\/div>\n<\/div>\n                            <\/div>\n                                                    <div class=\"itemCont noDate\">\n                                <div class=\"item\"><div class=\"page\" title=\"Page 1\">\n<div class=\"layoutArea\">\n<div class=\"column\">\n<div class=\"page\" title=\"Page 1\">\n<div class=\"layoutArea\">\n<div class=\"column\">\n<p>1999 | Lawyer, degree in Law by Complutense University of Madrid.<\/p>\n<\/div>\n<\/div>\n<\/div>\n<\/div>\n<\/div>\n<\/div>\n<\/div>\n                            <\/div>\n                                                    <div class=\"itemCont noDate\">\n                                <div class=\"item\"><div class=\"page\" title=\"Page 1\">\n<div class=\"layoutArea\">\n<div class=\"column\">\n<div class=\"page\" title=\"Page 1\">\n<div class=\"layoutArea\">\n<div class=\"column\">\n<p>1999 | Master\u2019s degree in Stock Exchange and Financial Markets from the Stock Market Studies Institute (IEB)<\/p>\n<\/div>\n<\/div>\n<\/div>\n<\/div>\n<\/div>\n<\/div>\n<\/div>\n                            <\/div>\n                                                    <div class=\"itemCont noDate\">\n                                <div class=\"item\"><div class=\"page\" title=\"Page 1\">\n<div class=\"layoutArea\">\n<div class=\"column\">\n<div class=\"page\" title=\"Page 1\">\n<div class=\"layoutArea\">\n<div class=\"column\">\n<p>2002 | Advanced course in Energy Law from the IE University.<\/p>\n<\/div>\n<\/div>\n<\/div>\n<\/div>\n<\/div>\n<\/div>\n<\/div>\n                            <\/div>\n                                                            <\/div>\n            <\/div>\n        <\/div>\n    <\/div>\n\n<\/div>\n\n\n\n<div id=\"PersonaAcordeon-block_ff399c6b19de335fdf4b869cfc7ebd7f\" class=\"PersonaAcordeon\">\n\n    <div class=\"accordion accordion-flush\" id=\"accordion-PersonaAcordeon-block_ff399c6b19de335fdf4b869cfc7ebd7f\">\n        <div class=\"accordion-item\">\n            <h2 class=\"accordion-header\">\n                <button class=\"accordion-button collapsed gap-3 align-items-start\" type=\"button\" data-bs-toggle=\"collapse\" data-bs-target=\"#flush-PersonaAcordeon-block_ff399c6b19de335fdf4b869cfc7ebd7f\" aria-expanded=\"false\" aria-controls=\"flush-PersonaAcordeon-block_ff399c6b19de335fdf4b869cfc7ebd7f\">\n                    <img decoding=\"async\" width=\"1\" height=\"1\" src=\"https:\/\/ga-p.com\/wp-content\/uploads\/2024\/04\/entidades.svg\" class=\"\" alt=\"entidades\" loading=\"lazy\" \/>                    \n\n\nMembership of professional bodies and associations\n\n\n\n                <\/button>\n            <\/h2>\n            <div id=\"flush-PersonaAcordeon-block_ff399c6b19de335fdf4b869cfc7ebd7f\" class=\"accordion-collapse collapse\" data-bs-parent=\"#accordion-PersonaAcordeon-block_ff399c6b19de335fdf4b869cfc7ebd7f\">\n                <div class=\"accordion-body\">\n                                                                        <div class=\"itemCont noDate\">\n                                <div class=\"item\"><div class=\"page\" title=\"Page 1\">\n<div class=\"layoutArea\">\n<div class=\"column\">\n<div class=\"page\" title=\"Page 1\">\n<div class=\"layoutArea\">\n<div class=\"column\">\n<p>Member of the Madrid Bar Association (since 1999)<\/p>\n<\/div>\n<\/div>\n<\/div>\n<\/div>\n<\/div>\n<\/div>\n<\/div>\n                            <\/div>\n                                                            <\/div>\n            <\/div>\n        <\/div>\n    <\/div>\n\n<\/div>\n\n\n\n<div id=\"PersonaAcordeon-block_e92c2dd2eada1437a02b2254e75640a8\" class=\"PersonaAcordeon\">\n\n    <div class=\"accordion accordion-flush\" id=\"accordion-PersonaAcordeon-block_e92c2dd2eada1437a02b2254e75640a8\">\n        <div class=\"accordion-item\">\n            <h2 class=\"accordion-header\">\n                <button class=\"accordion-button collapsed gap-3 align-items-start\" type=\"button\" data-bs-toggle=\"collapse\" data-bs-target=\"#flush-PersonaAcordeon-block_e92c2dd2eada1437a02b2254e75640a8\" aria-expanded=\"false\" aria-controls=\"flush-PersonaAcordeon-block_e92c2dd2eada1437a02b2254e75640a8\">\n                    <img decoding=\"async\" width=\"1\" height=\"1\" src=\"https:\/\/ga-p.com\/wp-content\/uploads\/2024\/04\/idiomas-icon.svg\" class=\"\" alt=\"idiomas-icon\" loading=\"lazy\" \/>                    \n\n\nLanguages\n\n\n\n                <\/button>\n            <\/h2>\n            <div id=\"flush-PersonaAcordeon-block_e92c2dd2eada1437a02b2254e75640a8\" class=\"accordion-collapse collapse\" data-bs-parent=\"#accordion-PersonaAcordeon-block_e92c2dd2eada1437a02b2254e75640a8\">\n                <div class=\"accordion-body\">\n                                                                        <div class=\"itemCont noDate\">\n                                <div class=\"item\"><div class=\"page\" title=\"Page 2\">\n<div class=\"layoutArea\">\n<div class=\"column\">\n<p>Spanish<\/p>\n<\/div>\n<\/div>\n<\/div>\n<\/div>\n                            <\/div>\n                                                    <div class=\"itemCont noDate\">\n                                <div class=\"item\"><div class=\"page\" title=\"Page 2\">\n<div class=\"layoutArea\">\n<div class=\"column\">\n<p>English<\/p>\n<\/div>\n<\/div>\n<\/div>\n<\/div>\n                            <\/div>\n                                                            <\/div>\n            <\/div>\n        <\/div>\n    <\/div>\n\n<\/div>\n\n\n\n<div id=\"Boton-block_13d79bd81ed06aaae91c3fbb734956e8\" class=\"Boton\">\n\n    <\/div>\n\n<\/div>\n            <\/div>\n        <\/div>\n    <\/div>\n<\/div>\n\n\n<div id=\"PersonaParticipacion-block_e997e659abb09a24d8bba2539f0df80f\" class=\"PersonaParticipacion\">\n\n    <div class=\"container\">\n        <div class=\"row align-items-end flex-column flex-lg-row\">\n            <div class=\"col-12 col-lg-10\">\n                <div class=\"title\"><h2 class=''>Learn more about my participation in G\u00f3mez-Acebo &amp; Pombo<\/h2>\n<\/div>\n            <\/div>\n            <div class=\"col-12 col-lg-2 px-0\">\n                <div id=\"selector_fechas\"><\/div>\n\n            <\/div>\n        <\/div>\n       <div class=\"row align-items-end\">\n           <div class=\"col-12 col-lg-11 px-0\">\n               <div class=\"selectores\">\n                   <div class=\"nav nav-tabs\" id=\"nav-tab\" role=\"tablist\">\n                                                  <button class=\"nav-link y2025 y2024 y2023 y2022 y2021 y2020 y2019 y2018 \" id=\"nav-reconocimientos-tab\" data-bs-toggle=\"tab\" data-bs-target=\"#nav-reconocimientos\" type=\"button\" role=\"tab\" aria-controls=\"nav-reconocimientos\" aria-selected=\"true\">Recognitions<\/button>\n                                                                         <button class=\"nav-link y2026 y2025 y2024 y2023 y2022 y2021 y2020  \" id=\"nav-noticias-tab\" data-bs-toggle=\"tab\" data-bs-target=\"#nav-noticias\" type=\"button\" role=\"tab\" aria-controls=\"nav-noticias\" aria-selected=\"false\">News<\/button>\n                                                                 <\/div>\n               <\/div>\n               <div class=\"d-block d-lg-none\">\n\n                   <select class=\"selectorSliders\">\n                       <option value=\"reconocimientos\">Recognitions<\/option>                       <option value=\"noticias\">News<\/option>                                          <\/select>\n\n               <\/div>\n           <\/div>\n           <div class=\"d-none d-lg-block col-1\">\n               <div class=\"swiperRecArrows swiperArrows active\" data-arrows=\"#nav-reconocimientos\">\n                   <div class=\"d-flex align-items-center gap-4 justify-content-end\">\n                       <div class=\"swiper-button-prev\"><img decoding=\"async\" alt=\"icon\" src=\"https:\/\/ga-p.com\/wp-content\/themes\/ga-p\/assets\/images\/slider-arrow.svg\" \/><\/div>\n                       <div class=\"swiper-button-next\"><img decoding=\"async\" alt=\"icon\" src=\"https:\/\/ga-p.com\/wp-content\/themes\/ga-p\/assets\/images\/slider-arrow.svg\" \/><\/div>\n                   <\/div>\n               <\/div>\n               <div class=\"swiperNotArrows swiperArrows\" data-arrows=\"#nav-noticias\">\n                   <div class=\"d-flex align-items-center gap-4 justify-content-end\">\n                       <div class=\"swiper-button-prev\"><img decoding=\"async\" alt=\"icon\" src=\"https:\/\/ga-p.com\/wp-content\/themes\/ga-p\/assets\/images\/slider-arrow.svg\" \/><\/div>\n                       <div class=\"swiper-button-next\"><img decoding=\"async\" alt=\"icon\" src=\"https:\/\/ga-p.com\/wp-content\/themes\/ga-p\/assets\/images\/slider-arrow.svg\" \/><\/div>\n                   <\/div>\n               <\/div>\n               <div class=\"swiperComArrows swiperArrows\" data-arrows=\"#nav-comit\u00e9s\">\n                   <div class=\"d-flex align-items-center gap-4 justify-content-end\">\n                       <div class=\"swiper-button-prev\"><img decoding=\"async\" alt=\"icon\" src=\"https:\/\/ga-p.com\/wp-content\/themes\/ga-p\/assets\/images\/slider-arrow.svg\" \/><\/div>\n                       <div class=\"swiper-button-next\"><img decoding=\"async\" alt=\"icon\" src=\"https:\/\/ga-p.com\/wp-content\/themes\/ga-p\/assets\/images\/slider-arrow.svg\" \/><\/div>\n                   <\/div>\n               <\/div>\n           <\/div>\n       <\/div>\n    <\/div>\n    <div class=\"tab-content\" id=\"nav-tabContent\">\n                <div class=\"tab-pane fade\" id=\"nav-reconocimientos\" role=\"tabpanel\" aria-labelledby=\"nav-reconocimientos-tab\" tabindex=\"0\">\n            <div class=\"swiper mySwiper swiperRec\">\n                <div class=\"swiper-wrapper\">\n                                        <div class=\"swiper-slide y2025\">\n                        <div class=\"reconocimento \">\n    <div class=\"rewardBlock\">\n        <div>\n                            <img decoding=\"async\" width=\"300\" height=\"252\" src=\"https:\/\/ga-p.com\/wp-content\/uploads\/2025\/03\/Firm-Logo-Global-2025-300x252.jpg\" class=\"imagen\" alt=\"Chambers &amp; Partners Global, 2025. Energy &amp; Natural Resources\" loading=\"lazy\" srcset=\"https:\/\/ga-p.com\/wp-content\/uploads\/2025\/03\/Firm-Logo-Global-2025-300x252.jpg 300w, https:\/\/ga-p.com\/wp-content\/uploads\/2025\/03\/Firm-Logo-Global-2025-1024x860.jpg 1024w, https:\/\/ga-p.com\/wp-content\/uploads\/2025\/03\/Firm-Logo-Global-2025-768x645.jpg 768w, https:\/\/ga-p.com\/wp-content\/uploads\/2025\/03\/Firm-Logo-Global-2025.jpg 1072w\" sizes=\"auto, (max-width: 300px) 100vw, 300px\" \/>                    <\/div>\n\n\n        \n        <div class=\"info\">\n            <div class=\"titulo\">\n                Chambers &#038; Partners Global, 2025. Energy &#038; Natural Resources            <\/div>\n            <div class=\"excerpt\">\n                &#8220;She is involved in every closing and she has an incredible reputation. She is extremely good.&#8221;            <\/div>\n            \n        <\/div>\n                        <\/div>\n    <\/div>                    <\/div>\n                                        <div class=\"swiper-slide y2025\">\n                        <div class=\"reconocimento \">\n    <div class=\"rewardBlock\">\n        <div>\n                            <img decoding=\"async\" width=\"300\" height=\"252\" src=\"https:\/\/ga-p.com\/wp-content\/uploads\/2025\/03\/Firm-Logo-Global-2025-300x252.jpg\" class=\"imagen\" alt=\"Chambers &amp; Partners Global, 2025. Energy &amp; Natural Resources\" loading=\"lazy\" srcset=\"https:\/\/ga-p.com\/wp-content\/uploads\/2025\/03\/Firm-Logo-Global-2025-300x252.jpg 300w, https:\/\/ga-p.com\/wp-content\/uploads\/2025\/03\/Firm-Logo-Global-2025-1024x860.jpg 1024w, https:\/\/ga-p.com\/wp-content\/uploads\/2025\/03\/Firm-Logo-Global-2025-768x645.jpg 768w, https:\/\/ga-p.com\/wp-content\/uploads\/2025\/03\/Firm-Logo-Global-2025.jpg 1072w\" sizes=\"auto, (max-width: 300px) 100vw, 300px\" \/>                    <\/div>\n\n\n        \n        <div class=\"info\">\n            <div class=\"titulo\">\n                Chambers &#038; Partners Global, 2025. Energy &#038; Natural Resources            <\/div>\n            <div class=\"excerpt\">\n                &#8220;Ver\u00f3nica&#8217;s technical knowledge is great and she has very good commercial understanding too.&#8221;            <\/div>\n            \n        <\/div>\n                        <\/div>\n    <\/div>                    <\/div>\n                                        <div class=\"swiper-slide y2025\">\n                        <div class=\"reconocimento \">\n    <div class=\"rewardBlock\">\n        <div>\n                            <img decoding=\"async\" width=\"300\" height=\"252\" src=\"https:\/\/ga-p.com\/wp-content\/uploads\/2025\/03\/Firm-Logo-Global-2025-300x252.jpg\" class=\"imagen\" alt=\"Chambers &amp; Partners Global, 2025. Project Finance\" loading=\"lazy\" srcset=\"https:\/\/ga-p.com\/wp-content\/uploads\/2025\/03\/Firm-Logo-Global-2025-300x252.jpg 300w, https:\/\/ga-p.com\/wp-content\/uploads\/2025\/03\/Firm-Logo-Global-2025-1024x860.jpg 1024w, https:\/\/ga-p.com\/wp-content\/uploads\/2025\/03\/Firm-Logo-Global-2025-768x645.jpg 768w, https:\/\/ga-p.com\/wp-content\/uploads\/2025\/03\/Firm-Logo-Global-2025.jpg 1072w\" sizes=\"auto, (max-width: 300px) 100vw, 300px\" \/>                    <\/div>\n\n\n        \n        <div class=\"info\">\n            <div class=\"titulo\">\n                Chambers &#038; Partners Global, 2025. Project Finance            <\/div>\n            <div class=\"excerpt\">\n                &#8220;Ver\u00f3nica is fast and always has a solution for each issue, with very good knowledge of the energy sector.&#8221;            <\/div>\n            \n        <\/div>\n                        <\/div>\n    <\/div>                    <\/div>\n                                        <div class=\"swiper-slide y2025\">\n                        <div class=\"reconocimento \">\n    <div class=\"rewardBlock\">\n        <div>\n                            <img decoding=\"async\" width=\"300\" height=\"252\" src=\"https:\/\/ga-p.com\/wp-content\/uploads\/2025\/03\/Firm-Logo-Global-2025-300x252.jpg\" class=\"imagen\" alt=\"Chambers &amp; Partners Global, 2025. Project Finance\" loading=\"lazy\" srcset=\"https:\/\/ga-p.com\/wp-content\/uploads\/2025\/03\/Firm-Logo-Global-2025-300x252.jpg 300w, https:\/\/ga-p.com\/wp-content\/uploads\/2025\/03\/Firm-Logo-Global-2025-1024x860.jpg 1024w, https:\/\/ga-p.com\/wp-content\/uploads\/2025\/03\/Firm-Logo-Global-2025-768x645.jpg 768w, https:\/\/ga-p.com\/wp-content\/uploads\/2025\/03\/Firm-Logo-Global-2025.jpg 1072w\" sizes=\"auto, (max-width: 300px) 100vw, 300px\" \/>                    <\/div>\n\n\n        \n        <div class=\"info\">\n            <div class=\"titulo\">\n                Chambers &#038; Partners Global, 2025. Project Finance            <\/div>\n            <div class=\"excerpt\">\n                &#8220;She is one of the most qualified and experienced lawyers in the sector.&#8221;            <\/div>\n            \n        <\/div>\n                        <\/div>\n    <\/div>                    <\/div>\n                                        <div class=\"swiper-slide y2025\">\n                        <div class=\"reconocimento \">\n    <div class=\"rewardBlock\">\n        <div>\n                            <img decoding=\"async\" width=\"300\" height=\"252\" src=\"https:\/\/ga-p.com\/wp-content\/uploads\/2025\/03\/Firm-Logo-Global-2025-300x252.jpg\" class=\"imagen\" alt=\"Chambers &amp; Partners Global, 2025. Project Finance\" loading=\"lazy\" srcset=\"https:\/\/ga-p.com\/wp-content\/uploads\/2025\/03\/Firm-Logo-Global-2025-300x252.jpg 300w, https:\/\/ga-p.com\/wp-content\/uploads\/2025\/03\/Firm-Logo-Global-2025-1024x860.jpg 1024w, https:\/\/ga-p.com\/wp-content\/uploads\/2025\/03\/Firm-Logo-Global-2025-768x645.jpg 768w, https:\/\/ga-p.com\/wp-content\/uploads\/2025\/03\/Firm-Logo-Global-2025.jpg 1072w\" sizes=\"auto, (max-width: 300px) 100vw, 300px\" \/>                    <\/div>\n\n\n        \n        <div class=\"info\">\n            <div class=\"titulo\">\n                Chambers &#038; Partners Global, 2025. Project Finance            <\/div>\n            <div class=\"excerpt\">\n                &#8220;She delivers excellent work every time.&#8221;            <\/div>\n            \n        <\/div>\n                        <\/div>\n    <\/div>                    <\/div>\n                                        <div class=\"swiper-slide y2024\">\n                        <div class=\"reconocimento \">\n    <div class=\"rewardBlock\">\n        <div>\n                            <img decoding=\"async\" width=\"250\" height=\"270\" src=\"https:\/\/ga-p.com\/wp-content\/uploads\/2018\/03\/reconocimiento_the_legal_500_60-e1533553443883.jpg\" class=\"imagen\" alt=\"Legal 500 2024. Projects and Energy\" loading=\"lazy\" \/>                    <\/div>\n\n\n        \n        <div class=\"info\">\n            <div class=\"titulo\">\n                Legal 500 2024. Projects and Energy            <\/div>\n            <div class=\"excerpt\">\n                &#8220;Ver\u00f3nica Roman\u00ed is a very solid lawyer on all sides and with great technical knowledge who, at the same time, is very permeable to the circumstances of each company and deal.\u2019            <\/div>\n            \n        <\/div>\n                        <\/div>\n    <\/div>                    <\/div>\n                                        <div class=\"swiper-slide y2024\">\n                        <div class=\"reconocimento \">\n    <div class=\"rewardBlock\">\n        <div>\n                            <img decoding=\"async\" width=\"300\" height=\"252\" src=\"https:\/\/ga-p.com\/wp-content\/uploads\/2024\/03\/Firm-Logo-300x252.jpg\" class=\"imagen\" alt=\"Chambers &amp; Partners Europe 2024. Project Finance\" loading=\"lazy\" srcset=\"https:\/\/ga-p.com\/wp-content\/uploads\/2024\/03\/Firm-Logo-300x252.jpg 300w, https:\/\/ga-p.com\/wp-content\/uploads\/2024\/03\/Firm-Logo-1024x860.jpg 1024w, https:\/\/ga-p.com\/wp-content\/uploads\/2024\/03\/Firm-Logo-768x645.jpg 768w, https:\/\/ga-p.com\/wp-content\/uploads\/2024\/03\/Firm-Logo.jpg 1072w\" sizes=\"auto, (max-width: 300px) 100vw, 300px\" \/>                    <\/div>\n\n\n        \n        <div class=\"info\">\n            <div class=\"titulo\">\n                Chambers &#038; Partners Europe 2024. Project Finance            <\/div>\n            <div class=\"excerpt\">\n                &#8220;Ver\u00f3nica Roman\u00ed Sancho has huge expertise and knowledge. She&#8217;s always available to solve whatever issue we have.&#8221;            <\/div>\n            \n        <\/div>\n                        <\/div>\n    <\/div>                    <\/div>\n                                        <div class=\"swiper-slide y2023\">\n                        <div class=\"reconocimento \">\n    <div class=\"rewardBlock\">\n        <div>\n                            <img decoding=\"async\" width=\"300\" height=\"252\" src=\"https:\/\/ga-p.com\/wp-content\/uploads\/2023\/04\/Firm-Logo-glob-300x252.jpg\" class=\"imagen\" alt=\"Chambers &amp; Partners Global 2023. Energy &amp; Natural Resources\" loading=\"lazy\" srcset=\"https:\/\/ga-p.com\/wp-content\/uploads\/2023\/04\/Firm-Logo-glob-300x252.jpg 300w, https:\/\/ga-p.com\/wp-content\/uploads\/2023\/04\/Firm-Logo-glob-1024x860.jpg 1024w, https:\/\/ga-p.com\/wp-content\/uploads\/2023\/04\/Firm-Logo-glob-768x645.jpg 768w, https:\/\/ga-p.com\/wp-content\/uploads\/2023\/04\/Firm-Logo-glob.jpg 1072w\" sizes=\"auto, (max-width: 300px) 100vw, 300px\" \/>                    <\/div>\n\n\n        \n        <div class=\"info\">\n            <div class=\"titulo\">\n                Chambers &#038; Partners Global 2023. Energy &#038; Natural Resources            <\/div>\n            <div class=\"excerpt\">\n                &#8220;One of the best lawyers in Spain in energy project finance deals in Spain. Ver\u00f3nica has huge knowledge and experience. She&#8217;s always available when needed.&#8221;            <\/div>\n            \n        <\/div>\n                        <\/div>\n    <\/div>                    <\/div>\n                                        <div class=\"swiper-slide y2023\">\n                        <div class=\"reconocimento \">\n    <div class=\"rewardBlock\">\n        <div>\n                            <img decoding=\"async\" width=\"300\" height=\"252\" src=\"https:\/\/ga-p.com\/wp-content\/uploads\/2023\/04\/Firm-Logo-glob-300x252.jpg\" class=\"imagen\" alt=\"Chambers &amp; Partners Global 2023. Energy &amp; Natural Resources\" loading=\"lazy\" srcset=\"https:\/\/ga-p.com\/wp-content\/uploads\/2023\/04\/Firm-Logo-glob-300x252.jpg 300w, https:\/\/ga-p.com\/wp-content\/uploads\/2023\/04\/Firm-Logo-glob-1024x860.jpg 1024w, https:\/\/ga-p.com\/wp-content\/uploads\/2023\/04\/Firm-Logo-glob-768x645.jpg 768w, https:\/\/ga-p.com\/wp-content\/uploads\/2023\/04\/Firm-Logo-glob.jpg 1072w\" sizes=\"auto, (max-width: 300px) 100vw, 300px\" \/>                    <\/div>\n\n\n        \n        <div class=\"info\">\n            <div class=\"titulo\">\n                Chambers &#038; Partners Global 2023. Energy &#038; Natural Resources            <\/div>\n            <div class=\"excerpt\">\n                &#8220;She has a lot of experience in energy work. She is finance-focused but one of the partners who combine M&amp;A practice and energy practice.&#8221;            <\/div>\n            \n        <\/div>\n                        <\/div>\n    <\/div>                    <\/div>\n                                        <div class=\"swiper-slide y2023\">\n                        <div class=\"reconocimento \">\n    <div class=\"rewardBlock\">\n        <div>\n                            <img decoding=\"async\" width=\"300\" height=\"252\" src=\"https:\/\/ga-p.com\/wp-content\/uploads\/2023\/04\/Firm-Logo-glob-300x252.jpg\" class=\"imagen\" alt=\"Chambers &amp; Partners Global 2023. Project Finance\" loading=\"lazy\" srcset=\"https:\/\/ga-p.com\/wp-content\/uploads\/2023\/04\/Firm-Logo-glob-300x252.jpg 300w, https:\/\/ga-p.com\/wp-content\/uploads\/2023\/04\/Firm-Logo-glob-1024x860.jpg 1024w, https:\/\/ga-p.com\/wp-content\/uploads\/2023\/04\/Firm-Logo-glob-768x645.jpg 768w, https:\/\/ga-p.com\/wp-content\/uploads\/2023\/04\/Firm-Logo-glob.jpg 1072w\" sizes=\"auto, (max-width: 300px) 100vw, 300px\" \/>                    <\/div>\n\n\n        \n        <div class=\"info\">\n            <div class=\"titulo\">\n                Chambers &#038; Partners Global 2023. Project Finance            <\/div>\n            <div class=\"excerpt\">\n                &#8220;She&#8217;s one of the rainmakers in the sector.&#8221;            <\/div>\n            \n        <\/div>\n                        <\/div>\n    <\/div>                    <\/div>\n                                        <div class=\"swiper-slide y2023\">\n                        <div class=\"reconocimento \">\n    <div class=\"rewardBlock\">\n        <div>\n                            <img decoding=\"async\" width=\"300\" height=\"252\" src=\"https:\/\/ga-p.com\/wp-content\/uploads\/2023\/04\/Firm-Logo-eur-300x252.jpg\" class=\"imagen\" alt=\"Chambers &amp; Partners Europe 2023. Project Finance\" loading=\"lazy\" srcset=\"https:\/\/ga-p.com\/wp-content\/uploads\/2023\/04\/Firm-Logo-eur-300x252.jpg 300w, https:\/\/ga-p.com\/wp-content\/uploads\/2023\/04\/Firm-Logo-eur-1024x860.jpg 1024w, https:\/\/ga-p.com\/wp-content\/uploads\/2023\/04\/Firm-Logo-eur-768x645.jpg 768w, https:\/\/ga-p.com\/wp-content\/uploads\/2023\/04\/Firm-Logo-eur.jpg 1072w\" sizes=\"auto, (max-width: 300px) 100vw, 300px\" \/>                    <\/div>\n\n\n        \n        <div class=\"info\">\n            <div class=\"titulo\">\n                Chambers &#038; Partners Europe 2023. Project Finance            <\/div>\n            <div class=\"excerpt\">\n                &#8220;She has huge knowledge and experience and is always available when needed.&#8221;            <\/div>\n            \n        <\/div>\n                        <\/div>\n    <\/div>                    <\/div>\n                                        <div class=\"swiper-slide y2022\">\n                        <div class=\"reconocimento \">\n    <div class=\"rewardBlock\">\n        <div>\n                            <img decoding=\"async\" width=\"300\" height=\"252\" src=\"https:\/\/ga-p.com\/wp-content\/uploads\/2022\/03\/large-1-300x252.jpg\" class=\"imagen\" alt=\"Chambers &amp; Partners Global 2022. Project Finance \u2013 Spain\" loading=\"lazy\" srcset=\"https:\/\/ga-p.com\/wp-content\/uploads\/2022\/03\/large-1-300x252.jpg 300w, https:\/\/ga-p.com\/wp-content\/uploads\/2022\/03\/large-1-1024x860.jpg 1024w, https:\/\/ga-p.com\/wp-content\/uploads\/2022\/03\/large-1-768x645.jpg 768w, https:\/\/ga-p.com\/wp-content\/uploads\/2022\/03\/large-1.jpg 1072w\" sizes=\"auto, (max-width: 300px) 100vw, 300px\" \/>                    <\/div>\n\n\n        \n        <div class=\"info\">\n            <div class=\"titulo\">\n                Chambers &#038; Partners Global 2022. Project Finance \u2013 Spain            <\/div>\n            <div class=\"excerpt\">\n                            <\/div>\n            \n        <\/div>\n                        <\/div>\n    <\/div>                    <\/div>\n                                        <div class=\"swiper-slide y2022\">\n                        <div class=\"reconocimento \">\n    <div class=\"rewardBlock\">\n        <div>\n                            <img decoding=\"async\" width=\"300\" height=\"252\" src=\"https:\/\/ga-p.com\/wp-content\/uploads\/2022\/03\/large-1-300x252.jpg\" class=\"imagen\" alt=\"Chambers &amp; Partners Global 2022. Energy &amp; Natural Resources \u2013 Spain\" loading=\"lazy\" srcset=\"https:\/\/ga-p.com\/wp-content\/uploads\/2022\/03\/large-1-300x252.jpg 300w, https:\/\/ga-p.com\/wp-content\/uploads\/2022\/03\/large-1-1024x860.jpg 1024w, https:\/\/ga-p.com\/wp-content\/uploads\/2022\/03\/large-1-768x645.jpg 768w, https:\/\/ga-p.com\/wp-content\/uploads\/2022\/03\/large-1.jpg 1072w\" sizes=\"auto, (max-width: 300px) 100vw, 300px\" \/>                    <\/div>\n\n\n        \n        <div class=\"info\">\n            <div class=\"titulo\">\n                Chambers &#038; Partners Global 2022. Energy &#038; Natural Resources \u2013 Spain            <\/div>\n            <div class=\"excerpt\">\n                &#8220;super focused and commercial&#8221;            <\/div>\n            \n        <\/div>\n                        <\/div>\n    <\/div>                    <\/div>\n                                        <div class=\"swiper-slide y2022\">\n                        <div class=\"reconocimento \">\n    <div class=\"rewardBlock\">\n        <div>\n                            <img decoding=\"async\" width=\"300\" height=\"252\" src=\"https:\/\/ga-p.com\/wp-content\/uploads\/2022\/03\/large-300x252.jpg\" class=\"imagen\" alt=\"Chambers &amp; Partners Europe 2022. Project Finance\" loading=\"lazy\" srcset=\"https:\/\/ga-p.com\/wp-content\/uploads\/2022\/03\/large-300x252.jpg 300w, https:\/\/ga-p.com\/wp-content\/uploads\/2022\/03\/large-1024x860.jpg 1024w, https:\/\/ga-p.com\/wp-content\/uploads\/2022\/03\/large-768x645.jpg 768w, https:\/\/ga-p.com\/wp-content\/uploads\/2022\/03\/large.jpg 1072w\" sizes=\"auto, (max-width: 300px) 100vw, 300px\" \/>                    <\/div>\n\n\n        \n        <div class=\"info\">\n            <div class=\"titulo\">\n                Chambers &#038; Partners Europe 2022. Project Finance            <\/div>\n            <div class=\"excerpt\">\n                &#8220;She has not only extreme technical capabilities but also brilliant negotiation skills even when under a lot of stress and within very complex deals.&#8221;            <\/div>\n            \n        <\/div>\n                        <\/div>\n    <\/div>                    <\/div>\n                                        <div class=\"swiper-slide y2022\">\n                        <div class=\"reconocimento \">\n    <div class=\"rewardBlock\">\n        <div>\n                            <img decoding=\"async\" width=\"300\" height=\"252\" src=\"https:\/\/ga-p.com\/wp-content\/uploads\/2022\/03\/large-300x252.jpg\" class=\"imagen\" alt=\"Chambers &amp; Partners Europe 2022. Energy &amp; Natural Resources\" loading=\"lazy\" srcset=\"https:\/\/ga-p.com\/wp-content\/uploads\/2022\/03\/large-300x252.jpg 300w, https:\/\/ga-p.com\/wp-content\/uploads\/2022\/03\/large-1024x860.jpg 1024w, https:\/\/ga-p.com\/wp-content\/uploads\/2022\/03\/large-768x645.jpg 768w, https:\/\/ga-p.com\/wp-content\/uploads\/2022\/03\/large.jpg 1072w\" sizes=\"auto, (max-width: 300px) 100vw, 300px\" \/>                    <\/div>\n\n\n        \n        <div class=\"info\">\n            <div class=\"titulo\">\n                Chambers &#038; Partners Europe 2022. Energy &#038; Natural Resources            <\/div>\n            <div class=\"excerpt\">\n                &#8220;she has really good knowledge of the renewables market&#8221;            <\/div>\n            \n        <\/div>\n                        <\/div>\n    <\/div>                    <\/div>\n                                        <div class=\"swiper-slide y2022\">\n                        <div class=\"reconocimento \">\n    <div class=\"rewardBlock\">\n        <div>\n                            <img decoding=\"async\" width=\"300\" height=\"252\" src=\"https:\/\/ga-p.com\/wp-content\/uploads\/2022\/03\/large-300x252.jpg\" class=\"imagen\" alt=\"Chambers &amp; Partners Europe 2022. Banking &amp; Finance\" loading=\"lazy\" srcset=\"https:\/\/ga-p.com\/wp-content\/uploads\/2022\/03\/large-300x252.jpg 300w, https:\/\/ga-p.com\/wp-content\/uploads\/2022\/03\/large-1024x860.jpg 1024w, https:\/\/ga-p.com\/wp-content\/uploads\/2022\/03\/large-768x645.jpg 768w, https:\/\/ga-p.com\/wp-content\/uploads\/2022\/03\/large.jpg 1072w\" sizes=\"auto, (max-width: 300px) 100vw, 300px\" \/>                    <\/div>\n\n\n        \n        <div class=\"info\">\n            <div class=\"titulo\">\n                Chambers &#038; Partners Europe 2022. Banking &#038; Finance            <\/div>\n            <div class=\"excerpt\">\n                &#8220;Ver\u00f3nica is one of the best lawyers I have worked with&#8221;            <\/div>\n            \n        <\/div>\n                        <\/div>\n    <\/div>                    <\/div>\n                                        <div class=\"swiper-slide y2022\">\n                        <div class=\"reconocimento \">\n    <div class=\"rewardBlock\">\n        <div>\n                            <img decoding=\"async\" width=\"280\" height=\"75\" src=\"https:\/\/ga-p.com\/wp-content\/uploads\/2018\/11\/iflr1000-logo.png\" class=\"imagen\" alt=\"IFLR 1000 2022: Market Leader. Project Finance\" loading=\"lazy\" \/>                    <\/div>\n\n\n        \n        <div class=\"info\">\n            <div class=\"titulo\">\n                IFLR 1000 2022: Market Leader. Project Finance            <\/div>\n            <div class=\"excerpt\">\n                            <\/div>\n            \n        <\/div>\n                        <\/div>\n    <\/div>                    <\/div>\n                                        <div class=\"swiper-slide y2022\">\n                        <div class=\"reconocimento \">\n    <div class=\"rewardBlock\">\n        <div>\n                            <img decoding=\"async\" width=\"280\" height=\"75\" src=\"https:\/\/ga-p.com\/wp-content\/uploads\/2018\/11\/iflr1000-logo.png\" class=\"imagen\" alt=\"IFLR 1000 2022: Market Leader. Banking\" loading=\"lazy\" \/>                    <\/div>\n\n\n        \n        <div class=\"info\">\n            <div class=\"titulo\">\n                IFLR 1000 2022: Market Leader. Banking            <\/div>\n            <div class=\"excerpt\">\n                            <\/div>\n            \n        <\/div>\n                        <\/div>\n    <\/div>                    <\/div>\n                                        <div class=\"swiper-slide y2022\">\n                        <div class=\"reconocimento \">\n    <div class=\"rewardBlock\">\n        <div>\n                            <img decoding=\"async\" width=\"280\" height=\"75\" src=\"https:\/\/ga-p.com\/wp-content\/uploads\/2018\/11\/iflr1000-logo.png\" class=\"imagen\" alt=\"IFLR 1000 2022: Market Leader. Restructuring &amp; Insolvency\" loading=\"lazy\" \/>                    <\/div>\n\n\n        \n        <div class=\"info\">\n            <div class=\"titulo\">\n                IFLR 1000 2022: Market Leader. Restructuring &#038; Insolvency            <\/div>\n            <div class=\"excerpt\">\n                            <\/div>\n            \n        <\/div>\n                        <\/div>\n    <\/div>                    <\/div>\n                                        <div class=\"swiper-slide y2022\">\n                        <div class=\"reconocimento \">\n    <div class=\"rewardBlock\">\n        <div>\n                            <img decoding=\"async\" width=\"280\" height=\"75\" src=\"https:\/\/ga-p.com\/wp-content\/uploads\/2018\/11\/iflr1000-logo.png\" class=\"imagen\" alt=\"IFLR 1000 2022: Market Leader. Capital Markets\" loading=\"lazy\" \/>                    <\/div>\n\n\n        \n        <div class=\"info\">\n            <div class=\"titulo\">\n                IFLR 1000 2022: Market Leader. Capital Markets            <\/div>\n            <div class=\"excerpt\">\n                            <\/div>\n            \n        <\/div>\n                        <\/div>\n    <\/div>                    <\/div>\n                                        <div class=\"swiper-slide y2021\">\n                        <div class=\"reconocimento \">\n    <div class=\"rewardBlock\">\n        <div>\n                            <img decoding=\"async\" width=\"250\" height=\"270\" src=\"https:\/\/ga-p.com\/wp-content\/uploads\/2018\/03\/reconocimiento_the_legal_500_60-e1533553443883.jpg\" class=\"imagen\" alt=\"The Legal 500 2021. Projects and energy\" loading=\"lazy\" \/>                    <\/div>\n\n\n        \n        <div class=\"info\">\n            <div class=\"titulo\">\n                The Legal 500 2021. Projects and energy            <\/div>\n            <div class=\"excerpt\">\n                \u2018The personalized treatment and knowledge of the sector makes them differentiate themselves from their competitors. Ver\u00f3nica Roman\u00ed\u2019s team inspires a lot of confidence, they are always ready to solve any problem and are very innovative and imaginative in the solutions they provide. From Ver\u00f3nica\u2019s team, in addition to the excellence of Ver\u00f3nica herself, Juan P\u00e9rez G\u00f3mez and I\u00f1igo Arrieta stand out, both very great professionals with great potential.\u2019            <\/div>\n            \n        <\/div>\n                        <\/div>\n    <\/div>                    <\/div>\n                                        <div class=\"swiper-slide y2021\">\n                        <div class=\"reconocimento \">\n    <div class=\"rewardBlock\">\n        <div>\n                            <img decoding=\"async\" width=\"250\" height=\"270\" src=\"https:\/\/ga-p.com\/wp-content\/uploads\/2018\/03\/reconocimiento_the_legal_500_60-e1533553443883.jpg\" class=\"imagen\" alt=\"The Legal 500 2021. Projects and energy\" loading=\"lazy\" \/>                    <\/div>\n\n\n        \n        <div class=\"info\">\n            <div class=\"titulo\">\n                The Legal 500 2021. Projects and energy            <\/div>\n            <div class=\"excerpt\">\n                \u2018\u2019Ver\u00f3nica Roman\u00ed seems to me to be one of the best energy professionals.\u2019            <\/div>\n            \n        <\/div>\n                        <\/div>\n    <\/div>                    <\/div>\n                                        <div class=\"swiper-slide y2021\">\n                        <div class=\"reconocimento \">\n    <div class=\"rewardBlock\">\n        <div>\n                            <img decoding=\"async\" width=\"250\" height=\"270\" src=\"https:\/\/ga-p.com\/wp-content\/uploads\/2018\/03\/reconocimiento_the_legal_500_60-e1533553443883.jpg\" class=\"imagen\" alt=\"The Legal 500 2021. Projects and energy\" loading=\"lazy\" \/>                    <\/div>\n\n\n        \n        <div class=\"info\">\n            <div class=\"titulo\">\n                The Legal 500 2021. Projects and energy            <\/div>\n            <div class=\"excerpt\">\n                The highlights of the GAP energy team: \u2013 broad and very commercial vision of the market, being very active they understand complex operations well \u201cinterdisciplinary\u201d leader (Ver\u00f3nica knows energy well, all areas of DD, contracts) with support from the rest of the office in specific things.\u2019            <\/div>\n            \n        <\/div>\n                        <\/div>\n    <\/div>                    <\/div>\n                                        <div class=\"swiper-slide y2021\">\n                        <div class=\"reconocimento \">\n    <div class=\"rewardBlock\">\n        <div>\n                            <img decoding=\"async\" width=\"250\" height=\"270\" src=\"https:\/\/ga-p.com\/wp-content\/uploads\/2018\/03\/reconocimiento_the_legal_500_60-e1533553443883.jpg\" class=\"imagen\" alt=\"The Legal 500 2021. Projects and energy\" loading=\"lazy\" \/>                    <\/div>\n\n\n        \n        <div class=\"info\">\n            <div class=\"titulo\">\n                The Legal 500 2021. Projects and energy            <\/div>\n            <div class=\"excerpt\">\n                \u2018Santiago G\u00f3mez Acebo and Veronica Romani are recommended.\u2019            <\/div>\n            \n        <\/div>\n                        <\/div>\n    <\/div>                    <\/div>\n                                        <div class=\"swiper-slide y2021\">\n                        <div class=\"reconocimento \">\n    <div class=\"rewardBlock\">\n        <div>\n                            <img decoding=\"async\" width=\"250\" height=\"270\" src=\"https:\/\/ga-p.com\/wp-content\/uploads\/2018\/03\/reconocimiento_the_legal_500_60-e1533553443883.jpg\" class=\"imagen\" alt=\"The Legal 500 2021. Projects and energy\" loading=\"lazy\" \/>                    <\/div>\n\n\n        \n        <div class=\"info\">\n            <div class=\"titulo\">\n                The Legal 500 2021. Projects and energy            <\/div>\n            <div class=\"excerpt\">\n                \u2018Ver\u00f3nica Roman\u00ed is an extraordinary professional. Probably the highest quality and renowned partner in the renewable industry sector in recent years. Her involvement in projects, even the smallest ones, is relevant and her presence provides excellent value.\u2019            <\/div>\n            \n        <\/div>\n                        <\/div>\n    <\/div>                    <\/div>\n                                        <div class=\"swiper-slide y2021\">\n                        <div class=\"reconocimento \">\n    <div class=\"rewardBlock\">\n        <div>\n                            <img decoding=\"async\" width=\"250\" height=\"270\" src=\"https:\/\/ga-p.com\/wp-content\/uploads\/2018\/03\/reconocimiento_the_legal_500_60-e1533553443883.jpg\" class=\"imagen\" alt=\"The Legal 500 2021. Projects and energy\" loading=\"lazy\" \/>                    <\/div>\n\n\n        \n        <div class=\"info\">\n            <div class=\"titulo\">\n                The Legal 500 2021. Projects and energy            <\/div>\n            <div class=\"excerpt\">\n                \u2018Gomez Acebo\u2019s energy team is one of the best firms on these issues. Led by Ver\u00f3nica Roman\u00ed, this firm is one of the top 3 national and international firms in the sector. Their involvement in the processes and their understanding of the company\u2019s needs place them in an ideal position for any process and negotiation, forming part of the team as if it were an in-house lawyer. \u2018            <\/div>\n            \n        <\/div>\n                        <\/div>\n    <\/div>                    <\/div>\n                                        <div class=\"swiper-slide y2021\">\n                        <div class=\"reconocimento \">\n    <div class=\"rewardBlock\">\n        <div>\n                            <img decoding=\"async\" width=\"300\" height=\"252\" src=\"https:\/\/ga-p.com\/wp-content\/uploads\/2021\/03\/Chambers-Europe-300x252.jpg\" class=\"imagen\" alt=\"Chambers &#038; Partners Europe 2021. Project Finance\" loading=\"lazy\" srcset=\"https:\/\/ga-p.com\/wp-content\/uploads\/2021\/03\/Chambers-Europe-300x252.jpg 300w, https:\/\/ga-p.com\/wp-content\/uploads\/2021\/03\/Chambers-Europe-1024x860.jpg 1024w, https:\/\/ga-p.com\/wp-content\/uploads\/2021\/03\/Chambers-Europe-768x645.jpg 768w, https:\/\/ga-p.com\/wp-content\/uploads\/2021\/03\/Chambers-Europe.jpg 1072w\" sizes=\"auto, (max-width: 300px) 100vw, 300px\" \/>                    <\/div>\n\n\n        \n        <div class=\"info\">\n            <div class=\"titulo\">\n                Chambers &#038; Partners Europe 2021. Project Finance            <\/div>\n            <div class=\"excerpt\">\n                &#8220;one of the most important lawyers in this field.&#8221;\r\n&#8220;She has an extraordinary knowledge of the sector.&#8221;            <\/div>\n            \n        <\/div>\n                        <\/div>\n    <\/div>                    <\/div>\n                                        <div class=\"swiper-slide y2021\">\n                        <div class=\"reconocimento \">\n    <div class=\"rewardBlock\">\n        <div>\n                            <img decoding=\"async\" width=\"300\" height=\"252\" src=\"https:\/\/ga-p.com\/wp-content\/uploads\/2021\/03\/Chambers-Europe-300x252.jpg\" class=\"imagen\" alt=\"Chambers &#038; Partners Europe 2021. Energy\" loading=\"lazy\" srcset=\"https:\/\/ga-p.com\/wp-content\/uploads\/2021\/03\/Chambers-Europe-300x252.jpg 300w, https:\/\/ga-p.com\/wp-content\/uploads\/2021\/03\/Chambers-Europe-1024x860.jpg 1024w, https:\/\/ga-p.com\/wp-content\/uploads\/2021\/03\/Chambers-Europe-768x645.jpg 768w, https:\/\/ga-p.com\/wp-content\/uploads\/2021\/03\/Chambers-Europe.jpg 1072w\" sizes=\"auto, (max-width: 300px) 100vw, 300px\" \/>                    <\/div>\n\n\n        \n        <div class=\"info\">\n            <div class=\"titulo\">\n                Chambers &#038; Partners Europe 2021. Energy            <\/div>\n            <div class=\"excerpt\">\n                &#8220;very experienced and practical.&#8221;            <\/div>\n            \n        <\/div>\n                        <\/div>\n    <\/div>                    <\/div>\n                                        <div class=\"swiper-slide y2021\">\n                        <div class=\"reconocimento \">\n    <div class=\"rewardBlock\">\n        <div>\n                            <img decoding=\"async\" width=\"300\" height=\"252\" src=\"https:\/\/ga-p.com\/wp-content\/uploads\/2021\/03\/Chambers-Europe-300x252.jpg\" class=\"imagen\" alt=\"Chambers &#038; Partners Europe 2021.Banking &#038; Finance\" loading=\"lazy\" srcset=\"https:\/\/ga-p.com\/wp-content\/uploads\/2021\/03\/Chambers-Europe-300x252.jpg 300w, https:\/\/ga-p.com\/wp-content\/uploads\/2021\/03\/Chambers-Europe-1024x860.jpg 1024w, https:\/\/ga-p.com\/wp-content\/uploads\/2021\/03\/Chambers-Europe-768x645.jpg 768w, https:\/\/ga-p.com\/wp-content\/uploads\/2021\/03\/Chambers-Europe.jpg 1072w\" sizes=\"auto, (max-width: 300px) 100vw, 300px\" \/>                    <\/div>\n\n\n        \n        <div class=\"info\">\n            <div class=\"titulo\">\n                Chambers &#038; Partners Europe 2021.Banking &#038; Finance            <\/div>\n            <div class=\"excerpt\">\n                &#8220;creative and easy to work with.&#8221;\r\n\u00abClients value &#8220;her dedication, her knowledge of our operation and her commercial focus in negotiations.&#8221;\u00bb            <\/div>\n            \n        <\/div>\n                        <\/div>\n    <\/div>                    <\/div>\n                                        <div class=\"swiper-slide y2021\">\n                        <div class=\"reconocimento \">\n    <div class=\"rewardBlock\">\n        <div>\n                            <img decoding=\"async\" width=\"280\" height=\"75\" src=\"https:\/\/ga-p.com\/wp-content\/uploads\/2018\/11\/iflr1000-logo.png\" class=\"imagen\" alt=\"IFLR 1000 2021: Highly Regarded. Restructuring and Insolvency\" loading=\"lazy\" \/>                    <\/div>\n\n\n        \n        <div class=\"info\">\n            <div class=\"titulo\">\n                IFLR 1000 2021: Highly Regarded. Restructuring and Insolvency            <\/div>\n            <div class=\"excerpt\">\n                            <\/div>\n            \n        <\/div>\n                        <\/div>\n    <\/div>                    <\/div>\n                                        <div class=\"swiper-slide y2021\">\n                        <div class=\"reconocimento \">\n    <div class=\"rewardBlock\">\n        <div>\n                            <img decoding=\"async\" width=\"280\" height=\"75\" src=\"https:\/\/ga-p.com\/wp-content\/uploads\/2018\/11\/iflr1000-logo.png\" class=\"imagen\" alt=\"IFLR 1000 2021: Highly Regarded. Project Finance\" loading=\"lazy\" \/>                    <\/div>\n\n\n        \n        <div class=\"info\">\n            <div class=\"titulo\">\n                IFLR 1000 2021: Highly Regarded. Project Finance            <\/div>\n            <div class=\"excerpt\">\n                            <\/div>\n            \n        <\/div>\n                        <\/div>\n    <\/div>                    <\/div>\n                                        <div class=\"swiper-slide y2021\">\n                        <div class=\"reconocimento \">\n    <div class=\"rewardBlock\">\n        <div>\n                            <img decoding=\"async\" width=\"280\" height=\"75\" src=\"https:\/\/ga-p.com\/wp-content\/uploads\/2018\/11\/iflr1000-logo.png\" class=\"imagen\" alt=\"IFLR 1000 2021: Highly Regarded. Banking\" loading=\"lazy\" \/>                    <\/div>\n\n\n        \n        <div class=\"info\">\n            <div class=\"titulo\">\n                IFLR 1000 2021: Highly Regarded. Banking            <\/div>\n            <div class=\"excerpt\">\n                            <\/div>\n            \n        <\/div>\n                        <\/div>\n    <\/div>                    <\/div>\n                                        <div class=\"swiper-slide y2020\">\n                        <div class=\"reconocimento \">\n    <div class=\"rewardBlock\">\n        <div>\n                            <img decoding=\"async\" width=\"280\" height=\"75\" src=\"https:\/\/ga-p.com\/wp-content\/uploads\/2018\/11\/iflr1000-logo.png\" class=\"imagen\" alt=\"IFLR 1000 2020: Highly Regarded. Restructuring and Insolvency\" loading=\"lazy\" \/>                    <\/div>\n\n\n        \n        <div class=\"info\">\n            <div class=\"titulo\">\n                IFLR 1000 2020: Highly Regarded. Restructuring and Insolvency            <\/div>\n            <div class=\"excerpt\">\n                            <\/div>\n            \n        <\/div>\n                        <\/div>\n    <\/div>                    <\/div>\n                                        <div class=\"swiper-slide y2019\">\n                        <div class=\"reconocimento \">\n    <div class=\"rewardBlock\">\n        <div>\n                            <img decoding=\"async\" width=\"280\" height=\"75\" src=\"https:\/\/ga-p.com\/wp-content\/uploads\/2018\/11\/iflr1000-logo.png\" class=\"imagen\" alt=\"IFLR 1000 2019: Rising Star. Restructuring and Insolvency, Banking, Project Finance\" loading=\"lazy\" \/>                    <\/div>\n\n\n        \n        <div class=\"info\">\n            <div class=\"titulo\">\n                IFLR 1000 2019: Rising Star. Restructuring and Insolvency, Banking, Project Finance            <\/div>\n            <div class=\"excerpt\">\n                            <\/div>\n            \n        <\/div>\n                        <\/div>\n    <\/div>                    <\/div>\n                                        <div class=\"swiper-slide y2020\">\n                        <div class=\"reconocimento \">\n    <div class=\"rewardBlock\">\n        <div>\n                            <img decoding=\"async\" width=\"250\" height=\"270\" src=\"https:\/\/ga-p.com\/wp-content\/uploads\/2018\/03\/reconocimiento_the_legal_500_60-e1533553443883.jpg\" class=\"imagen\" alt=\"Legal 500 2020. Projects and energy\" loading=\"lazy\" \/>                    <\/div>\n\n\n        \n        <div class=\"info\">\n            <div class=\"titulo\">\n                Legal 500 2020. Projects and energy            <\/div>\n            <div class=\"excerpt\">\n                Lending Individuals            <\/div>\n            \n        <\/div>\n                        <\/div>\n    <\/div>                    <\/div>\n                                        <div class=\"swiper-slide y2020\">\n                        <div class=\"reconocimento \">\n    <div class=\"rewardBlock\">\n        <div>\n                            <img decoding=\"async\" width=\"300\" height=\"252\" src=\"https:\/\/ga-p.com\/wp-content\/uploads\/2020\/04\/veronica-romani-300x252.jpg\" class=\"imagen\" alt=\"The Chambers Europe 2020. Project Finance &#8211; Spain\" loading=\"lazy\" srcset=\"https:\/\/ga-p.com\/wp-content\/uploads\/2020\/04\/veronica-romani-300x252.jpg 300w, https:\/\/ga-p.com\/wp-content\/uploads\/2020\/04\/veronica-romani-1024x860.jpg 1024w, https:\/\/ga-p.com\/wp-content\/uploads\/2020\/04\/veronica-romani-768x645.jpg 768w, https:\/\/ga-p.com\/wp-content\/uploads\/2020\/04\/veronica-romani.jpg 1072w\" sizes=\"auto, (max-width: 300px) 100vw, 300px\" \/>                    <\/div>\n\n\n        \n        <div class=\"info\">\n            <div class=\"titulo\">\n                The Chambers Europe 2020. Project Finance &#8211; Spain            <\/div>\n            <div class=\"excerpt\">\n                &#8220;benchmark for complex issues in the field of renewable\u00a0energies.&#8221;            <\/div>\n            \n        <\/div>\n                        <\/div>\n    <\/div>                    <\/div>\n                                        <div class=\"swiper-slide y2020\">\n                        <div class=\"reconocimento \">\n    <div class=\"rewardBlock\">\n        <div>\n                            <img decoding=\"async\" width=\"300\" height=\"252\" src=\"https:\/\/ga-p.com\/wp-content\/uploads\/2020\/04\/veronica-romani-300x252.jpg\" class=\"imagen\" alt=\"The Chambers Europe 2020. Energy &#038; Natural Resources \u2013 Spain\" loading=\"lazy\" srcset=\"https:\/\/ga-p.com\/wp-content\/uploads\/2020\/04\/veronica-romani-300x252.jpg 300w, https:\/\/ga-p.com\/wp-content\/uploads\/2020\/04\/veronica-romani-1024x860.jpg 1024w, https:\/\/ga-p.com\/wp-content\/uploads\/2020\/04\/veronica-romani-768x645.jpg 768w, https:\/\/ga-p.com\/wp-content\/uploads\/2020\/04\/veronica-romani.jpg 1072w\" sizes=\"auto, (max-width: 300px) 100vw, 300px\" \/>                    <\/div>\n\n\n        \n        <div class=\"info\">\n            <div class=\"titulo\">\n                The Chambers Europe 2020. Energy &#038; Natural Resources \u2013 Spain            <\/div>\n            <div class=\"excerpt\">\n                &#8220;sector expertise and pro-deal\u00a0attitude,&#8221;\r\n&#8220;a strong finance\u00a0lawyer.&#8221;            <\/div>\n            \n        <\/div>\n                        <\/div>\n    <\/div>                    <\/div>\n                                        <div class=\"swiper-slide y2020\">\n                        <div class=\"reconocimento \">\n    <div class=\"rewardBlock\">\n        <div>\n                            <img decoding=\"async\" width=\"300\" height=\"252\" src=\"https:\/\/ga-p.com\/wp-content\/uploads\/2020\/04\/veronica-romani-300x252.jpg\" class=\"imagen\" alt=\"The Chambers Europe 2020. Banking &#038; Finance \u2013 Spain\" loading=\"lazy\" srcset=\"https:\/\/ga-p.com\/wp-content\/uploads\/2020\/04\/veronica-romani-300x252.jpg 300w, https:\/\/ga-p.com\/wp-content\/uploads\/2020\/04\/veronica-romani-1024x860.jpg 1024w, https:\/\/ga-p.com\/wp-content\/uploads\/2020\/04\/veronica-romani-768x645.jpg 768w, https:\/\/ga-p.com\/wp-content\/uploads\/2020\/04\/veronica-romani.jpg 1072w\" sizes=\"auto, (max-width: 300px) 100vw, 300px\" \/>                    <\/div>\n\n\n        \n        <div class=\"info\">\n            <div class=\"titulo\">\n                The Chambers Europe 2020. Banking &#038; Finance \u2013 Spain            <\/div>\n            <div class=\"excerpt\">\n                &#8220;strong\u00a0and capable lawyer.&#8221;            <\/div>\n            \n        <\/div>\n                        <\/div>\n    <\/div>                    <\/div>\n                                        <div class=\"swiper-slide y2020\">\n                        <div class=\"reconocimento \">\n    <div class=\"rewardBlock\">\n        <div>\n                            <img decoding=\"async\" width=\"280\" height=\"75\" src=\"https:\/\/ga-p.com\/wp-content\/uploads\/2018\/11\/iflr1000-logo.png\" class=\"imagen\" alt=\"IFLR 1000 2020: Highly Regarded. Project Finance\" loading=\"lazy\" \/>                    <\/div>\n\n\n        \n        <div class=\"info\">\n            <div class=\"titulo\">\n                IFLR 1000 2020: Highly Regarded. Project Finance            <\/div>\n            <div class=\"excerpt\">\n                            <\/div>\n            \n        <\/div>\n                        <\/div>\n    <\/div>                    <\/div>\n                                        <div class=\"swiper-slide y2020\">\n                        <div class=\"reconocimento \">\n    <div class=\"rewardBlock\">\n        <div>\n                            <img decoding=\"async\" width=\"280\" height=\"75\" src=\"https:\/\/ga-p.com\/wp-content\/uploads\/2018\/11\/iflr1000-logo.png\" class=\"imagen\" alt=\"IFLR 1000 2020: Highly Regarded.Banking\" loading=\"lazy\" \/>                    <\/div>\n\n\n        \n        <div class=\"info\">\n            <div class=\"titulo\">\n                IFLR 1000 2020: Highly Regarded.Banking            <\/div>\n            <div class=\"excerpt\">\n                            <\/div>\n            \n        <\/div>\n                        <\/div>\n    <\/div>                    <\/div>\n                                        <div class=\"swiper-slide y2020\">\n                        <div class=\"reconocimento \">\n    <div class=\"rewardBlock\">\n        <div>\n                            <img decoding=\"async\" width=\"300\" height=\"252\" src=\"https:\/\/ga-p.com\/wp-content\/uploads\/2020\/02\/Veronica-Romani-300x252.jpg\" class=\"imagen\" alt=\"The Chambers Global 2020. Project Finance \u2013 Spain\" loading=\"lazy\" srcset=\"https:\/\/ga-p.com\/wp-content\/uploads\/2020\/02\/Veronica-Romani-300x252.jpg 300w, https:\/\/ga-p.com\/wp-content\/uploads\/2020\/02\/Veronica-Romani-1024x860.jpg 1024w, https:\/\/ga-p.com\/wp-content\/uploads\/2020\/02\/Veronica-Romani-768x645.jpg 768w, https:\/\/ga-p.com\/wp-content\/uploads\/2020\/02\/Veronica-Romani.jpg 1072w\" sizes=\"auto, (max-width: 300px) 100vw, 300px\" \/>                    <\/div>\n\n\n        \n        <div class=\"info\">\n            <div class=\"titulo\">\n                The Chambers Global 2020. Project Finance \u2013 Spain            <\/div>\n            <div class=\"excerpt\">\n                            <\/div>\n            \n        <\/div>\n                        <\/div>\n    <\/div>                    <\/div>\n                                        <div class=\"swiper-slide y2020\">\n                        <div class=\"reconocimento \">\n    <div class=\"rewardBlock\">\n        <div>\n                            <img decoding=\"async\" width=\"300\" height=\"252\" src=\"https:\/\/ga-p.com\/wp-content\/uploads\/2020\/02\/Veronica-Romani-300x252.jpg\" class=\"imagen\" alt=\"The Chambers Global 2020. Energy &#038; Natural Resources \u2013 Spain\" loading=\"lazy\" srcset=\"https:\/\/ga-p.com\/wp-content\/uploads\/2020\/02\/Veronica-Romani-300x252.jpg 300w, https:\/\/ga-p.com\/wp-content\/uploads\/2020\/02\/Veronica-Romani-1024x860.jpg 1024w, https:\/\/ga-p.com\/wp-content\/uploads\/2020\/02\/Veronica-Romani-768x645.jpg 768w, https:\/\/ga-p.com\/wp-content\/uploads\/2020\/02\/Veronica-Romani.jpg 1072w\" sizes=\"auto, (max-width: 300px) 100vw, 300px\" \/>                    <\/div>\n\n\n        \n        <div class=\"info\">\n            <div class=\"titulo\">\n                The Chambers Global 2020. Energy &#038; Natural Resources \u2013 Spain            <\/div>\n            <div class=\"excerpt\">\n                            <\/div>\n            \n        <\/div>\n                        <\/div>\n    <\/div>                    <\/div>\n                                        <div class=\"swiper-slide y2020\">\n                        <div class=\"reconocimento \">\n    <div class=\"rewardBlock\">\n        <div>\n                            <img decoding=\"async\" width=\"300\" height=\"252\" src=\"https:\/\/ga-p.com\/wp-content\/uploads\/2020\/02\/Veronica-Romani-300x252.jpg\" class=\"imagen\" alt=\"The Chambers Global 2020. Banking &#038; Finance\" loading=\"lazy\" srcset=\"https:\/\/ga-p.com\/wp-content\/uploads\/2020\/02\/Veronica-Romani-300x252.jpg 300w, https:\/\/ga-p.com\/wp-content\/uploads\/2020\/02\/Veronica-Romani-1024x860.jpg 1024w, https:\/\/ga-p.com\/wp-content\/uploads\/2020\/02\/Veronica-Romani-768x645.jpg 768w, https:\/\/ga-p.com\/wp-content\/uploads\/2020\/02\/Veronica-Romani.jpg 1072w\" sizes=\"auto, (max-width: 300px) 100vw, 300px\" \/>                    <\/div>\n\n\n        \n        <div class=\"info\">\n            <div class=\"titulo\">\n                The Chambers Global 2020. Banking &#038; Finance            <\/div>\n            <div class=\"excerpt\">\n                            <\/div>\n            \n        <\/div>\n                        <\/div>\n    <\/div>                    <\/div>\n                                        <div class=\"swiper-slide y2019\">\n                        <div class=\"reconocimento \">\n    <div class=\"rewardBlock\">\n        <div>\n                            <img decoding=\"async\" width=\"250\" height=\"270\" src=\"https:\/\/ga-p.com\/wp-content\/uploads\/2018\/03\/reconocimiento_the_legal_500_60-e1533553443883.jpg\" class=\"imagen\" alt=\"The Legal 500 2019. Projects and energy\" loading=\"lazy\" \/>                    <\/div>\n\n\n        \n        <div class=\"info\">\n            <div class=\"titulo\">\n                The Legal 500 2019. Projects and energy            <\/div>\n            <div class=\"excerpt\">\n                \u00abThe \u2018outstanding\u2019 Ver\u00f3nica Roman\u00ed has \u2018great technical skills\u2019\u00bb\r\nLeading lawyer            <\/div>\n            \n        <\/div>\n                        <\/div>\n    <\/div>                    <\/div>\n                                        <div class=\"swiper-slide y2019\">\n                        <div class=\"reconocimento \">\n    <div class=\"rewardBlock\">\n        <div>\n                            <img decoding=\"async\" width=\"300\" height=\"252\" src=\"https:\/\/ga-p.com\/wp-content\/uploads\/2019\/06\/Veronica-Roman\u00ed-300x252.jpg\" class=\"imagen\" alt=\"The Chambers Europe 2019. Banking &#038; Finance\" loading=\"lazy\" srcset=\"https:\/\/ga-p.com\/wp-content\/uploads\/2019\/06\/Veronica-Roman\u00ed-300x252.jpg 300w, https:\/\/ga-p.com\/wp-content\/uploads\/2019\/06\/Veronica-Roman\u00ed-1024x860.jpg 1024w, https:\/\/ga-p.com\/wp-content\/uploads\/2019\/06\/Veronica-Roman\u00ed-768x645.jpg 768w, https:\/\/ga-p.com\/wp-content\/uploads\/2019\/06\/Veronica-Roman\u00ed.jpg 1072w\" sizes=\"auto, (max-width: 300px) 100vw, 300px\" \/>                    <\/div>\n\n\n        \n        <div class=\"info\">\n            <div class=\"titulo\">\n                The Chambers Europe 2019. Banking &#038; Finance            <\/div>\n            <div class=\"excerpt\">\n                            <\/div>\n            \n        <\/div>\n                        <\/div>\n    <\/div>                    <\/div>\n                                        <div class=\"swiper-slide y2019\">\n                        <div class=\"reconocimento \">\n    <div class=\"rewardBlock\">\n        <div>\n                            <img decoding=\"async\" width=\"300\" height=\"252\" src=\"https:\/\/ga-p.com\/wp-content\/uploads\/2019\/06\/Veronica-Roman\u00ed-300x252.jpg\" class=\"imagen\" alt=\"The Chambers Europe 2019. Energy &#038; Natural Resources\" loading=\"lazy\" srcset=\"https:\/\/ga-p.com\/wp-content\/uploads\/2019\/06\/Veronica-Roman\u00ed-300x252.jpg 300w, https:\/\/ga-p.com\/wp-content\/uploads\/2019\/06\/Veronica-Roman\u00ed-1024x860.jpg 1024w, https:\/\/ga-p.com\/wp-content\/uploads\/2019\/06\/Veronica-Roman\u00ed-768x645.jpg 768w, https:\/\/ga-p.com\/wp-content\/uploads\/2019\/06\/Veronica-Roman\u00ed.jpg 1072w\" sizes=\"auto, (max-width: 300px) 100vw, 300px\" \/>                    <\/div>\n\n\n        \n        <div class=\"info\">\n            <div class=\"titulo\">\n                The Chambers Europe 2019. Energy &#038; Natural Resources            <\/div>\n            <div class=\"excerpt\">\n                &#8220;lead on any multidisciplinary issue in the renewable energy sector&#8221;            <\/div>\n            \n        <\/div>\n                        <\/div>\n    <\/div>                    <\/div>\n                                        <div class=\"swiper-slide y2019\">\n                        <div class=\"reconocimento \">\n    <div class=\"rewardBlock\">\n        <div>\n                            <img decoding=\"async\" width=\"300\" height=\"252\" src=\"https:\/\/ga-p.com\/wp-content\/uploads\/2019\/06\/Veronica-Roman\u00ed-300x252.jpg\" class=\"imagen\" alt=\"The Chambers Europe 2019. Project Finance\" loading=\"lazy\" srcset=\"https:\/\/ga-p.com\/wp-content\/uploads\/2019\/06\/Veronica-Roman\u00ed-300x252.jpg 300w, https:\/\/ga-p.com\/wp-content\/uploads\/2019\/06\/Veronica-Roman\u00ed-1024x860.jpg 1024w, https:\/\/ga-p.com\/wp-content\/uploads\/2019\/06\/Veronica-Roman\u00ed-768x645.jpg 768w, https:\/\/ga-p.com\/wp-content\/uploads\/2019\/06\/Veronica-Roman\u00ed.jpg 1072w\" sizes=\"auto, (max-width: 300px) 100vw, 300px\" \/>                    <\/div>\n\n\n        \n        <div class=\"info\">\n            <div class=\"titulo\">\n                The Chambers Europe 2019. Project Finance            <\/div>\n            <div class=\"excerpt\">\n                &#8220;clever, proactive and easy to work with&#8221;\r\n&#8220;technically very good, with a lot of experience and a lot of common sense&#8221;            <\/div>\n            \n        <\/div>\n                        <\/div>\n    <\/div>                    <\/div>\n                                        <div class=\"swiper-slide y2019\">\n                        <div class=\"reconocimento \">\n    <div class=\"rewardBlock\">\n        <div>\n                            <img decoding=\"async\" width=\"300\" height=\"252\" src=\"https:\/\/ga-p.com\/wp-content\/uploads\/2019\/02\/VERONICA-2-300x252.png\" class=\"imagen\" alt=\"The Chambers Global 2019. Project Finance &#8211; Spain\" loading=\"lazy\" srcset=\"https:\/\/ga-p.com\/wp-content\/uploads\/2019\/02\/VERONICA-2-300x252.png 300w, https:\/\/ga-p.com\/wp-content\/uploads\/2019\/02\/VERONICA-2-1024x860.png 1024w, https:\/\/ga-p.com\/wp-content\/uploads\/2019\/02\/VERONICA-2-768x645.png 768w, https:\/\/ga-p.com\/wp-content\/uploads\/2019\/02\/VERONICA-2.png 1072w\" sizes=\"auto, (max-width: 300px) 100vw, 300px\" \/>                    <\/div>\n\n\n        \n        <div class=\"info\">\n            <div class=\"titulo\">\n                The Chambers Global 2019. Project Finance &#8211; Spain            <\/div>\n            <div class=\"excerpt\">\n                &#8220;technically very good, with a lot of experience and a lot of common sense.&#8221;            <\/div>\n            \n        <\/div>\n                        <\/div>\n    <\/div>                    <\/div>\n                                        <div class=\"swiper-slide y2019\">\n                        <div class=\"reconocimento \">\n    <div class=\"rewardBlock\">\n        <div>\n                            <img decoding=\"async\" width=\"300\" height=\"252\" src=\"https:\/\/ga-p.com\/wp-content\/uploads\/2019\/02\/VERONICA-1-300x252.png\" class=\"imagen\" alt=\"The Chambers Global 2019. Energy &amp; Natural Resources &#8211; Spain\" loading=\"lazy\" srcset=\"https:\/\/ga-p.com\/wp-content\/uploads\/2019\/02\/VERONICA-1-300x252.png 300w, https:\/\/ga-p.com\/wp-content\/uploads\/2019\/02\/VERONICA-1-1024x860.png 1024w, https:\/\/ga-p.com\/wp-content\/uploads\/2019\/02\/VERONICA-1-768x645.png 768w, https:\/\/ga-p.com\/wp-content\/uploads\/2019\/02\/VERONICA-1.png 1072w\" sizes=\"auto, (max-width: 300px) 100vw, 300px\" \/>                    <\/div>\n\n\n        \n        <div class=\"info\">\n            <div class=\"titulo\">\n                The Chambers Global 2019. Energy &amp; Natural Resources &#8211; Spain            <\/div>\n            <div class=\"excerpt\">\n                &#8220;lead on any multidisciplinary issue in the renewable energy sector.&#8221;            <\/div>\n            \n        <\/div>\n                        <\/div>\n    <\/div>                    <\/div>\n                                        <div class=\"swiper-slide y2019\">\n                        <div class=\"reconocimento \">\n    <div class=\"rewardBlock\">\n        <div>\n                            <img decoding=\"async\" width=\"300\" height=\"252\" src=\"https:\/\/ga-p.com\/wp-content\/uploads\/2019\/02\/VERONICA-300x252.png\" class=\"imagen\" alt=\"The Chambers Global 2019. Banking and Finance &#8211; Spain\" loading=\"lazy\" srcset=\"https:\/\/ga-p.com\/wp-content\/uploads\/2019\/02\/VERONICA-300x252.png 300w, https:\/\/ga-p.com\/wp-content\/uploads\/2019\/02\/VERONICA-1024x860.png 1024w, https:\/\/ga-p.com\/wp-content\/uploads\/2019\/02\/VERONICA-768x645.png 768w, https:\/\/ga-p.com\/wp-content\/uploads\/2019\/02\/VERONICA.png 1072w\" sizes=\"auto, (max-width: 300px) 100vw, 300px\" \/>                    <\/div>\n\n\n        \n        <div class=\"info\">\n            <div class=\"titulo\">\n                The Chambers Global 2019. Banking and Finance &#8211; Spain            <\/div>\n            <div class=\"excerpt\">\n                &#8220;very detail-oriented, very precise in her work and extremely intelligent.&#8221;            <\/div>\n            \n        <\/div>\n                        <\/div>\n    <\/div>                    <\/div>\n                                        <div class=\"swiper-slide y2018\">\n                        <div class=\"reconocimento \">\n    <div class=\"rewardBlock\">\n        <div>\n                            <img decoding=\"async\" width=\"236\" height=\"244\" src=\"https:\/\/ga-p.com\/wp-content\/uploads\/2018\/07\/chambers_europe_2018.png\" class=\"imagen\" alt=\"Chambers Europe 2018. Energy and Natural Resources\" loading=\"lazy\" \/>                    <\/div>\n\n\n        \n        <div class=\"info\">\n            <div class=\"titulo\">\n                Chambers Europe 2018. Energy and Natural Resources            <\/div>\n            <div class=\"excerpt\">\n                            <\/div>\n            \n        <\/div>\n                        <\/div>\n    <\/div>                    <\/div>\n                                        <div class=\"swiper-slide y2018\">\n                        <div class=\"reconocimento \">\n    <div class=\"rewardBlock\">\n        <div>\n                            <img decoding=\"async\" width=\"236\" height=\"244\" src=\"https:\/\/ga-p.com\/wp-content\/uploads\/2018\/07\/chambers_europe_2018.png\" class=\"imagen\" alt=\"Chambers Europe 2018. Project Finance &#8211; Band 1\" loading=\"lazy\" \/>                    <\/div>\n\n\n        \n        <div class=\"info\">\n            <div class=\"titulo\">\n                Chambers Europe 2018. Project Finance &#8211; Band 1            <\/div>\n            <div class=\"excerpt\">\n                            <\/div>\n            \n        <\/div>\n                        <\/div>\n    <\/div>                    <\/div>\n                                        <div class=\"swiper-slide y2018\">\n                        <div class=\"reconocimento \">\n    <div class=\"rewardBlock\">\n        <div>\n                            <img decoding=\"async\" width=\"236\" height=\"244\" src=\"https:\/\/ga-p.com\/wp-content\/uploads\/2018\/07\/chambers_europe_2018.png\" class=\"imagen\" alt=\"Chambers Europe 2018. Banking &amp; Finance\" loading=\"lazy\" \/>                    <\/div>\n\n\n        \n        <div class=\"info\">\n            <div class=\"titulo\">\n                Chambers Europe 2018. Banking &amp; Finance            <\/div>\n            <div class=\"excerpt\">\n                            <\/div>\n            \n        <\/div>\n                        <\/div>\n    <\/div>                    <\/div>\n                                        <div class=\"swiper-slide y2018\">\n                        <div class=\"reconocimento \">\n    <div class=\"rewardBlock\">\n        <div>\n                            <img decoding=\"async\" width=\"278\" height=\"300\" src=\"https:\/\/ga-p.com\/wp-content\/uploads\/2018\/03\/reconocimiento_the_legal_500_60-278x300.jpg\" class=\"imagen\" alt=\"Legal 500 2018. Projects and energy\" loading=\"lazy\" srcset=\"https:\/\/ga-p.com\/wp-content\/uploads\/2018\/03\/reconocimiento_the_legal_500_60-278x300.jpg 278w, https:\/\/ga-p.com\/wp-content\/uploads\/2018\/03\/reconocimiento_the_legal_500_60.jpg 371w\" sizes=\"auto, (max-width: 278px) 100vw, 278px\" \/>                    <\/div>\n\n\n        \n        <div class=\"info\">\n            <div class=\"titulo\">\n                Legal 500 2018. Projects and energy            <\/div>\n            <div class=\"excerpt\">\n                            <\/div>\n            \n        <\/div>\n                        <\/div>\n    <\/div>                    <\/div>\n                                        <div class=\"swiper-slide y2018\">\n                        <div class=\"reconocimento \">\n    <div class=\"rewardBlock\">\n        <div>\n                            <img decoding=\"async\" width=\"150\" height=\"153\" src=\"https:\/\/ga-p.com\/wp-content\/uploads\/2018\/07\/chambers-global-2018.png\" class=\"imagen\" alt=\"Chambers Global 2018. Project Finance (Spain) Band 1\" loading=\"lazy\" \/>                    <\/div>\n\n\n        \n        <div class=\"info\">\n            <div class=\"titulo\">\n                Chambers Global 2018. Project Finance (Spain) Band 1            <\/div>\n            <div class=\"excerpt\">\n                Clients praise &#8220;her ability to evaluate and identify risks as well as establishing mechanisms to deal with them&#8221;            <\/div>\n            \n        <\/div>\n                        <\/div>\n    <\/div>                    <\/div>\n                                        <div class=\"swiper-slide y2018\">\n                        <div class=\"reconocimento \">\n    <div class=\"rewardBlock\">\n        <div>\n                            <img decoding=\"async\" width=\"150\" height=\"153\" src=\"https:\/\/ga-p.com\/wp-content\/uploads\/2018\/07\/chambers-global-2018.png\" class=\"imagen\" alt=\"Chambers Global 2018. Energy\" loading=\"lazy\" \/>                    <\/div>\n\n\n        \n        <div class=\"info\">\n            <div class=\"titulo\">\n                Chambers Global 2018. Energy            <\/div>\n            <div class=\"excerpt\">\n                &#8220;A good combination of someone who knows the technicalities of the law but is also quite commercial&#8221;            <\/div>\n            \n        <\/div>\n                        <\/div>\n    <\/div>                    <\/div>\n                                        <div class=\"swiper-slide y2018\">\n                        <div class=\"reconocimento \">\n    <div class=\"rewardBlock\">\n        <div>\n                            <img decoding=\"async\" width=\"150\" height=\"153\" src=\"https:\/\/ga-p.com\/wp-content\/uploads\/2018\/07\/chambers-global-2018.png\" class=\"imagen\" alt=\"Chambers Global 2018. Banking &#038; Finance (Spain)\" loading=\"lazy\" \/>                    <\/div>\n\n\n        \n        <div class=\"info\">\n            <div class=\"titulo\">\n                Chambers Global 2018. Banking &#038; Finance (Spain)            <\/div>\n            <div class=\"excerpt\">\n                &#8220;Very rigorous and organised&#8221;            <\/div>\n            \n        <\/div>\n                        <\/div>\n    <\/div>                    <\/div>\n                                    <\/div>\n            <\/div>\n        <\/div>\n                            <div class=\"tab-pane fade \" id=\"nav-noticias\" role=\"tabpanel\" aria-labelledby=\"nav-noticias-tab\" tabindex=\"0\">\n                <div class=\"swiper mySwiper swiperNot\">\n                    <div class=\"swiper-wrapper\">\n                                                    <div class=\"swiper-slide y2026\">\n                                <a style=\"text-decoration: none\" href=\"https:\/\/ga-p.com\/en\/news\/ga_p-advises-triodos-bank-and-icf-on-the-financing-of-a-photovoltaic-portfolio-in-spain\/\">\n    <div class=\"noticiaCard\">\n        <div class=\"content\">\n            <div class=\"tag\">NEWS<\/div>\n            <div class=\"titulo\">\n                GA_P advises Triodos Bank and ICF on the financing of a photovoltaic portfolio in Spain            <\/div>\n            <div class=\"excerpt\">\n                G\u00f3mez-Acebo &#038; Pombo has advised Triodos Bank and the Catalan Institute of Finance (ICF) on the financing of a \u20ac22 million loan granted to Estabanell, a leading company in the telecommunications sector in Catalonia, for the construction and commissioning of a portfolio of fifteen photovoltaic solar plants located across Catalonia, Madrid and Andalusia, with a total installed capacity of approximately 62.8 MWp.            <\/div>\n            <div class=\"fecha d-flex align-items-center gap-2\">\n                <img decoding=\"async\" alt=\"icon\" src=\"https:\/\/ga-p.com\/wp-content\/themes\/ga-p\/assets\/images\/clock-icon.svg\" \/>\n                10 Apr, 2026            <\/div>\n\n\n                            <div class=\"author d-flex align-items-center gap-2\">\n                    <img decoding=\"async\" alt=\"icon\" src=\"https:\/\/ga-p.com\/wp-content\/themes\/ga-p\/assets\/images\/author-icon.svg\" \/><span>\n                    Ver\u00f3nica Roman\u00ed, Juan Pe\u0301rez                <\/span><\/div>\n            \n        <\/div>\n        <div class=\"openCard me-0 ms-auto\">\n            <img decoding=\"async\" alt=\"icon\" src=\"https:\/\/ga-p.com\/wp-content\/themes\/ga-p\/assets\/images\/arrow-open.svg\" \/>\n            <img decoding=\"async\" alt=\"icon\" src=\"https:\/\/ga-p.com\/wp-content\/themes\/ga-p\/assets\/images\/arrow-open.svg\" \/>\n        <\/div>\n    <\/div>\n<\/a>\n                            <\/div>\n                                                    <div class=\"swiper-slide y2026\">\n                                <a style=\"text-decoration: none\" href=\"https:\/\/ga-p.com\/en\/news\/ga_p-advises-engie-on-the-acquisition-of-one-of-the-most-advanced-and-largest-stand-alone-battery-storage-portfolios-in-spaiga_p-advises-engie-on-the-acquisition-of-one-of-the-most-advanced-and-larges\/\">\n    <div class=\"noticiaCard\">\n        <div class=\"content\">\n            <div class=\"tag\">NEWS<\/div>\n            <div class=\"titulo\">\n                GA_P advises Engie on the acquisition of one of the most advanced and largest stand\u2011alone battery storage portfolios in Spain.            <\/div>\n            <div class=\"excerpt\">\n                G\u00f3mez-Acebo &#038; Pombo ha asesorado a Engie en la adquisici\u00f3n de dos de los mayores proyectos de almacenamiento energ\u00e9tico mediante bater\u00edas, ubicados en Palmosilla (C\u00e1diz) y Cerrillo (M\u00e1laga), con una capacidad combinada aproximada de 278 MW y 1.112 MWh promovidos por Rolwind Renovables. La operaci\u00f3n refuerza la apuesta estrat\u00e9gica de Engie por el desarrollo y consolidaci\u00f3n del almacenamiento energ\u00e9tico en Espa\u00f1a, un elemento clave para la integraci\u00f3n de energ\u00edas renovables y la transici\u00f3n hacia un sistema energ\u00e9tico m\u00e1s sostenible.            <\/div>\n            <div class=\"fecha d-flex align-items-center gap-2\">\n                <img decoding=\"async\" alt=\"icon\" src=\"https:\/\/ga-p.com\/wp-content\/themes\/ga-p\/assets\/images\/clock-icon.svg\" \/>\n                09 Apr, 2026            <\/div>\n\n\n                            <div class=\"author d-flex align-items-center gap-2\">\n                    <img decoding=\"async\" alt=\"icon\" src=\"https:\/\/ga-p.com\/wp-content\/themes\/ga-p\/assets\/images\/author-icon.svg\" \/><span>\n                    Ver\u00f3nica Roman\u00ed, Diego Mart\u00ednez Colino                <\/span><\/div>\n            \n        <\/div>\n        <div class=\"openCard me-0 ms-auto\">\n            <img decoding=\"async\" alt=\"icon\" src=\"https:\/\/ga-p.com\/wp-content\/themes\/ga-p\/assets\/images\/arrow-open.svg\" \/>\n            <img decoding=\"async\" alt=\"icon\" src=\"https:\/\/ga-p.com\/wp-content\/themes\/ga-p\/assets\/images\/arrow-open.svg\" \/>\n        <\/div>\n    <\/div>\n<\/a>\n                            <\/div>\n                                                    <div class=\"swiper-slide y2026\">\n                                <a style=\"text-decoration: none\" href=\"https:\/\/ga-p.com\/en\/news\/veronica-romani-in-the-top-100-women-leaders-in-the-legal-sector-2026-todojuristas\/\">\n    <div class=\"noticiaCard\">\n        <div class=\"content\">\n            <div class=\"tag\">NEWS<\/div>\n            <div class=\"titulo\">\n                Ver\u00f3nica Roman\u00ed in the Top 100 Women Leaders in the Legal Sector 2026 | Todojuristas            <\/div>\n            <div class=\"excerpt\">\n                Ver\u00f3nica Roman\u00ed, partner in Banking &#038; Finance and Head of the Energy team at G\u00f3mez\u2011Acebo &#038; Pombo, has been recognised by Todojuristas as one of the 100 Women Leaders in the Legal Sector, a list highlighting female leadership in 2026.            <\/div>\n            <div class=\"fecha d-flex align-items-center gap-2\">\n                <img decoding=\"async\" alt=\"icon\" src=\"https:\/\/ga-p.com\/wp-content\/themes\/ga-p\/assets\/images\/clock-icon.svg\" \/>\n                06 Mar, 2026            <\/div>\n\n\n                            <div class=\"author d-flex align-items-center gap-2\">\n                    <img decoding=\"async\" alt=\"icon\" src=\"https:\/\/ga-p.com\/wp-content\/themes\/ga-p\/assets\/images\/author-icon.svg\" \/><span>\n                    Ver\u00f3nica Roman\u00ed                <\/span><\/div>\n            \n        <\/div>\n        <div class=\"openCard me-0 ms-auto\">\n            <img decoding=\"async\" alt=\"icon\" src=\"https:\/\/ga-p.com\/wp-content\/themes\/ga-p\/assets\/images\/arrow-open.svg\" \/>\n            <img decoding=\"async\" alt=\"icon\" src=\"https:\/\/ga-p.com\/wp-content\/themes\/ga-p\/assets\/images\/arrow-open.svg\" \/>\n        <\/div>\n    <\/div>\n<\/a>\n                            <\/div>\n                                                    <div class=\"swiper-slide y2026\">\n                                <a style=\"text-decoration: none\" href=\"https:\/\/ga-p.com\/en\/news\/veronica-romani-among-the-most-active-lawyers-in-renewable-energy-ma-in-2025-cincodias\/\">\n    <div class=\"noticiaCard\">\n        <div class=\"content\">\n            <div class=\"tag\">NEWS<\/div>\n            <div class=\"titulo\">\n                Ver\u00f3nica Roman\u00ed, among the most active lawyers in renewable energy M&amp;A in 2025 | CincoD\u00edas            <\/div>\n            <div class=\"excerpt\">\n                The partner heading the Energy and Project Finance practice at G\u00f3mez-Acebo &#038; Pombo features in the ranking of the most active lawyers in renewable energy M&#038;A transactions, as one of only two women recognised in the list.            <\/div>\n            <div class=\"fecha d-flex align-items-center gap-2\">\n                <img decoding=\"async\" alt=\"icon\" src=\"https:\/\/ga-p.com\/wp-content\/themes\/ga-p\/assets\/images\/clock-icon.svg\" \/>\n                21 Jan, 2026            <\/div>\n\n\n            \n        <\/div>\n        <div class=\"openCard me-0 ms-auto\">\n            <img decoding=\"async\" alt=\"icon\" src=\"https:\/\/ga-p.com\/wp-content\/themes\/ga-p\/assets\/images\/arrow-open.svg\" \/>\n            <img decoding=\"async\" alt=\"icon\" src=\"https:\/\/ga-p.com\/wp-content\/themes\/ga-p\/assets\/images\/arrow-open.svg\" \/>\n        <\/div>\n    <\/div>\n<\/a>\n                            <\/div>\n                                                    <div class=\"swiper-slide y2025\">\n                                <a style=\"text-decoration: none\" href=\"https:\/\/ga-p.com\/en\/news\/ga_p-advises-bbva-on-financing-for-abei-energys-development-of-four-photovoltaic-plants-and-one-wind-farm\/\">\n    <div class=\"noticiaCard\">\n        <div class=\"content\">\n            <div class=\"tag\">NEWS<\/div>\n            <div class=\"titulo\">\n                GA_P advises BBVA on financing for Abei Energy\u2019s development of four photovoltaic plants and one wind farm            <\/div>\n            <div class=\"excerpt\">\n                G\u00f3mez-Acebo &#038; Pombo has advised Banco Bilbao Vizcaya Argentaria (BBVA) on providing financing to Abei Energy for the development of four photovoltaic plants, two located in the province of Almer\u00eda, one in C\u00e1diz, and one in Zamora and a wind farm in Burgos, with a combined capacity of 246 MW.            <\/div>\n            <div class=\"fecha d-flex align-items-center gap-2\">\n                <img decoding=\"async\" alt=\"icon\" src=\"https:\/\/ga-p.com\/wp-content\/themes\/ga-p\/assets\/images\/clock-icon.svg\" \/>\n                25 Nov, 2025            <\/div>\n\n\n                            <div class=\"author d-flex align-items-center gap-2\">\n                    <img decoding=\"async\" alt=\"icon\" src=\"https:\/\/ga-p.com\/wp-content\/themes\/ga-p\/assets\/images\/author-icon.svg\" \/><span>\n                    Ver\u00f3nica Roman\u00ed, Vanessa Armas, Jos\u00e9 Francisco Canalejas, , Alejandro Toste                <\/span><\/div>\n            \n        <\/div>\n        <div class=\"openCard me-0 ms-auto\">\n            <img decoding=\"async\" alt=\"icon\" src=\"https:\/\/ga-p.com\/wp-content\/themes\/ga-p\/assets\/images\/arrow-open.svg\" \/>\n            <img decoding=\"async\" alt=\"icon\" src=\"https:\/\/ga-p.com\/wp-content\/themes\/ga-p\/assets\/images\/arrow-open.svg\" \/>\n        <\/div>\n    <\/div>\n<\/a>\n                            <\/div>\n                                                    <div class=\"swiper-slide y2025\">\n                                <a style=\"text-decoration: none\" href=\"https:\/\/ga-p.com\/en\/news\/gomez-acebo-pombo-recognised-by-iflr1000-among-the-best-transactional-firms-globally\/\">\n    <div class=\"noticiaCard\">\n        <div class=\"content\">\n            <div class=\"tag\">NEWS<\/div>\n            <div class=\"titulo\">\n                G\u00f3mez-Acebo &amp; Pombo recognised by IFLR1000 among the best transactional firms globally            <\/div>\n            <div class=\"excerpt\">\n                The IFLR1000 directory has recognised G\u00f3mez-Acebo &#038; Pombo among the best firms globally in its latest edition.            <\/div>\n            <div class=\"fecha d-flex align-items-center gap-2\">\n                <img decoding=\"async\" alt=\"icon\" src=\"https:\/\/ga-p.com\/wp-content\/themes\/ga-p\/assets\/images\/clock-icon.svg\" \/>\n                10 Oct, 2025            <\/div>\n\n\n                            <div class=\"author d-flex align-items-center gap-2\">\n                    <img decoding=\"async\" alt=\"icon\" src=\"https:\/\/ga-p.com\/wp-content\/themes\/ga-p\/assets\/images\/author-icon.svg\" \/><span>\n                    Rafael Aguilera, Vanessa Armas, Irene Are\u0301valo, Jos\u00e9 Francisco Canalejas, Andr\u00e9s Castro, Ferran Foix, Francisco Gil, Santiago Go\u0301mez-Acebo, Fernando Herrero, Miguel Lamo de Espinosa, Rodrigo Lo\u0301pez, Josep Ortiz, Augusto Pi\u00f1el, Juan Pe\u0301rez, \u00c1lex Pujol, Antonio Rami\u0301rez, Ver\u00f3nica Roman\u00ed, Carlos Rueda, \u00c1lvaro S\u00e1inz, Monica Weimann, Paula Zarzalejos                <\/span><\/div>\n            \n        <\/div>\n        <div class=\"openCard me-0 ms-auto\">\n            <img decoding=\"async\" alt=\"icon\" src=\"https:\/\/ga-p.com\/wp-content\/themes\/ga-p\/assets\/images\/arrow-open.svg\" \/>\n            <img decoding=\"async\" alt=\"icon\" src=\"https:\/\/ga-p.com\/wp-content\/themes\/ga-p\/assets\/images\/arrow-open.svg\" \/>\n        <\/div>\n    <\/div>\n<\/a>\n                            <\/div>\n                                                    <div class=\"swiper-slide y2025\">\n                                <a style=\"text-decoration: none\" href=\"https:\/\/ga-p.com\/en\/news\/gomez-acebo-pombo-in-the-legal-industry-reviews-spain\/\">\n    <div class=\"noticiaCard\">\n        <div class=\"content\">\n            <div class=\"tag\">NEWS<\/div>\n            <div class=\"titulo\">\n                G\u00f3mez-Acebo &amp; Pombo Featured in The Legal Industry Reviews: Spain            <\/div>\n            <div class=\"excerpt\">\n                Ana Mart\u00ednez-Pina, partner in the Banking and Finance practice at G\u00f3mez-Acebo &#038; Pombo, along with the Firm, feature prominently in the latest edition of The Legal Industry Reviews: Spain.            <\/div>\n            <div class=\"fecha d-flex align-items-center gap-2\">\n                <img decoding=\"async\" alt=\"icon\" src=\"https:\/\/ga-p.com\/wp-content\/themes\/ga-p\/assets\/images\/clock-icon.svg\" \/>\n                08 Oct, 2025            <\/div>\n\n\n                            <div class=\"author d-flex align-items-center gap-2\">\n                    <img decoding=\"async\" alt=\"icon\" src=\"https:\/\/ga-p.com\/wp-content\/themes\/ga-p\/assets\/images\/author-icon.svg\" \/><span>\n                    Ana Mart\u00ednez-Pina, Ver\u00f3nica Roman\u00ed, Diego Mart\u00ednez Colino, Laura Rey, M\u00f3nica Sebares                <\/span><\/div>\n            \n        <\/div>\n        <div class=\"openCard me-0 ms-auto\">\n            <img decoding=\"async\" alt=\"icon\" src=\"https:\/\/ga-p.com\/wp-content\/themes\/ga-p\/assets\/images\/arrow-open.svg\" \/>\n            <img decoding=\"async\" alt=\"icon\" src=\"https:\/\/ga-p.com\/wp-content\/themes\/ga-p\/assets\/images\/arrow-open.svg\" \/>\n        <\/div>\n    <\/div>\n<\/a>\n                            <\/div>\n                                                    <div class=\"swiper-slide y2025\">\n                                <a style=\"text-decoration: none\" href=\"https:\/\/ga-p.com\/en\/news\/ga_p-advises-helia-renovables-ii-f-c-r-and-plenium-on-the-sale-of-a-renewables-portfolio-to-la-caisse-cdpq\/\">\n    <div class=\"noticiaCard\">\n        <div class=\"content\">\n            <div class=\"tag\">NEWS<\/div>\n            <div class=\"titulo\">\n                GA_P advises Helia Renovables II and Plenium on the sale of a renewables portfolio to La Caisse (CDPQ) for \u20ac1.1bn            <\/div>\n            <div class=\"excerpt\">\n                G\u00f3mez-Acebo &#038; Pombo has advised Helia Renovables II, F.C.R. and Plenium Partners on the sale of a portfolio of 53 operational photovoltaic assets, with a combined capacity of 260 MW, to Canadian investor La Caisse (CDPQ), through its subsidiary Velto Renewables, for approximately \u20ac1.1bn.            <\/div>\n            <div class=\"fecha d-flex align-items-center gap-2\">\n                <img decoding=\"async\" alt=\"icon\" src=\"https:\/\/ga-p.com\/wp-content\/themes\/ga-p\/assets\/images\/clock-icon.svg\" \/>\n                18 Sep, 2025            <\/div>\n\n\n                            <div class=\"author d-flex align-items-center gap-2\">\n                    <img decoding=\"async\" alt=\"icon\" src=\"https:\/\/ga-p.com\/wp-content\/themes\/ga-p\/assets\/images\/author-icon.svg\" \/><span>\n                    Ver\u00f3nica Roman\u00ed, Diego Mart\u00ednez Colino, Laura Rey, Juan Pe\u0301rez, Roberto Bustamante, , Paula Garc\u00eda, \u00c1lvaro Obreg\u00f3n, Carmen Garc\u00eda                <\/span><\/div>\n            \n        <\/div>\n        <div class=\"openCard me-0 ms-auto\">\n            <img decoding=\"async\" alt=\"icon\" src=\"https:\/\/ga-p.com\/wp-content\/themes\/ga-p\/assets\/images\/arrow-open.svg\" \/>\n            <img decoding=\"async\" alt=\"icon\" src=\"https:\/\/ga-p.com\/wp-content\/themes\/ga-p\/assets\/images\/arrow-open.svg\" \/>\n        <\/div>\n    <\/div>\n<\/a>\n                            <\/div>\n                                                    <div class=\"swiper-slide y2025\">\n                                <a style=\"text-decoration: none\" href=\"https:\/\/ga-p.com\/en\/news\/ga_p-advises-baywa-r-e-on-the-sale-of-two-photovoltaic-projects-to-kgal-investment-management\/\">\n    <div class=\"noticiaCard\">\n        <div class=\"content\">\n            <div class=\"tag\">NEWS<\/div>\n            <div class=\"titulo\">\n                GA_P advises BayWa r.e. on the sale of two photovoltaic projects to KGAL Investment Management.            <\/div>\n            <div class=\"excerpt\">\n                G\u00f3mez-Acebo &#038; Pombo has advised BayWa r.e. Projects Espa\u00f1a on the sale of two photovoltaic projects located in the municipality of Guillena, Seville: Gerena II (with an approximate capacity of 50 MWp) and Chamorro (with an approximate capacity of 10 MWp), to the fund KGAL Investment Management.            <\/div>\n            <div class=\"fecha d-flex align-items-center gap-2\">\n                <img decoding=\"async\" alt=\"icon\" src=\"https:\/\/ga-p.com\/wp-content\/themes\/ga-p\/assets\/images\/clock-icon.svg\" \/>\n                09 Sep, 2025            <\/div>\n\n\n                            <div class=\"author d-flex align-items-center gap-2\">\n                    <img decoding=\"async\" alt=\"icon\" src=\"https:\/\/ga-p.com\/wp-content\/themes\/ga-p\/assets\/images\/author-icon.svg\" \/><span>\n                    Ver\u00f3nica Roman\u00ed, Diego Mart\u00ednez Colino, Laura Rey, M\u00f3nica Sebares                <\/span><\/div>\n            \n        <\/div>\n        <div class=\"openCard me-0 ms-auto\">\n            <img decoding=\"async\" alt=\"icon\" src=\"https:\/\/ga-p.com\/wp-content\/themes\/ga-p\/assets\/images\/arrow-open.svg\" \/>\n            <img decoding=\"async\" alt=\"icon\" src=\"https:\/\/ga-p.com\/wp-content\/themes\/ga-p\/assets\/images\/arrow-open.svg\" \/>\n        <\/div>\n    <\/div>\n<\/a>\n                            <\/div>\n                                                    <div class=\"swiper-slide y2025\">\n                                <a style=\"text-decoration: none\" href=\"https:\/\/ga-p.com\/en\/news\/ga_p-advises-caixabank-on-the-refinancing-of-sonnedix-espana-albero\/\">\n    <div class=\"noticiaCard\">\n        <div class=\"content\">\n            <div class=\"tag\">NEWS<\/div>\n            <div class=\"titulo\">\n                GA_P advises CaixaBank on the refinancing of Sonnedix Espa\u00f1a Albero            <\/div>\n            <div class=\"excerpt\">\n                G\u00f3mez-Acebo &#038; Pombo has advised CaixaBank on the granting of a refinancing facility in favour of Sonnedix Espa\u00f1a Albero, the company that owns a portfolio of regulated assets with a total capacity of 154 MW in Spain.            <\/div>\n            <div class=\"fecha d-flex align-items-center gap-2\">\n                <img decoding=\"async\" alt=\"icon\" src=\"https:\/\/ga-p.com\/wp-content\/themes\/ga-p\/assets\/images\/clock-icon.svg\" \/>\n                03 Sep, 2025            <\/div>\n\n\n                            <div class=\"author d-flex align-items-center gap-2\">\n                    <img decoding=\"async\" alt=\"icon\" src=\"https:\/\/ga-p.com\/wp-content\/themes\/ga-p\/assets\/images\/author-icon.svg\" \/><span>\n                    Ver\u00f3nica Roman\u00ed, Jos\u00e9 Francisco Canalejas, Juan Pe\u0301rez,                 <\/span><\/div>\n            \n        <\/div>\n        <div class=\"openCard me-0 ms-auto\">\n            <img decoding=\"async\" alt=\"icon\" src=\"https:\/\/ga-p.com\/wp-content\/themes\/ga-p\/assets\/images\/arrow-open.svg\" \/>\n            <img decoding=\"async\" alt=\"icon\" src=\"https:\/\/ga-p.com\/wp-content\/themes\/ga-p\/assets\/images\/arrow-open.svg\" \/>\n        <\/div>\n    <\/div>\n<\/a>\n                            <\/div>\n                                                    <div class=\"swiper-slide y2025\">\n                                <a style=\"text-decoration: none\" href=\"https:\/\/ga-p.com\/en\/news\/gomez-acebo-pombo-finalist-in-the-legal-500-awards-2025\/\">\n    <div class=\"noticiaCard\">\n        <div class=\"content\">\n            <div class=\"tag\">NEWS<\/div>\n            <div class=\"titulo\">\n                G\u00f3mez-Acebo &amp; Pombo finalist in the Legal 500 Awards 2025            <\/div>\n            <div class=\"excerpt\">\n                Legal 500 EMEA has announced the shortlisted for the Legal 500 Awards, and we are particularly excited to share that G\u00f3mez-Acebo &#038; Pombo has been shortlisted in several categories. This recognition highlights the talent of our team and reinforces the firm&#8217;s positioning in the Iberian legal market.            <\/div>\n            <div class=\"fecha d-flex align-items-center gap-2\">\n                <img decoding=\"async\" alt=\"icon\" src=\"https:\/\/ga-p.com\/wp-content\/themes\/ga-p\/assets\/images\/clock-icon.svg\" \/>\n                06 Aug, 2025            <\/div>\n\n\n                            <div class=\"author d-flex align-items-center gap-2\">\n                    <img decoding=\"async\" alt=\"icon\" src=\"https:\/\/ga-p.com\/wp-content\/themes\/ga-p\/assets\/images\/author-icon.svg\" \/><span>\n                    Ver\u00f3nica Roman\u00ed, Santiago Garrido de las Heras, Pablo Muelas, Irene Ferna\u0301ndez Puyol, Filipa Cotta, Rodrigo Lo\u0301pez, Carlos S\u00e1iz, Ainara Renteri\u0301a,                 <\/span><\/div>\n            \n        <\/div>\n        <div class=\"openCard me-0 ms-auto\">\n            <img decoding=\"async\" alt=\"icon\" src=\"https:\/\/ga-p.com\/wp-content\/themes\/ga-p\/assets\/images\/arrow-open.svg\" \/>\n            <img decoding=\"async\" alt=\"icon\" src=\"https:\/\/ga-p.com\/wp-content\/themes\/ga-p\/assets\/images\/arrow-open.svg\" \/>\n        <\/div>\n    <\/div>\n<\/a>\n                            <\/div>\n                                                    <div class=\"swiper-slide y2025\">\n                                <a style=\"text-decoration: none\" href=\"https:\/\/ga-p.com\/en\/news\/gomez-acebo-pombo-strengthens-its-position-among-the-most-active-project-finance-firms-in-spain\/\">\n    <div class=\"noticiaCard\">\n        <div class=\"content\">\n            <div class=\"tag\">NEWS<\/div>\n            <div class=\"titulo\">\n                G\u00f3mez-Acebo &amp; Pombo strengthens its position among the most active project finance firms in Spain            <\/div>\n            <div class=\"excerpt\">\n                G\u00f3mez-Acebo &#038; Pombo consolidates its role as a key firm in the Spanish project finance market, having registered seven relevant transactions in the first half of the year, according to TTR Data&#8217;s ranking published by CincoD\u00edas.            <\/div>\n            <div class=\"fecha d-flex align-items-center gap-2\">\n                <img decoding=\"async\" alt=\"icon\" src=\"https:\/\/ga-p.com\/wp-content\/themes\/ga-p\/assets\/images\/clock-icon.svg\" \/>\n                11 Jul, 2025            <\/div>\n\n\n                            <div class=\"author d-flex align-items-center gap-2\">\n                    <img decoding=\"async\" alt=\"icon\" src=\"https:\/\/ga-p.com\/wp-content\/themes\/ga-p\/assets\/images\/author-icon.svg\" \/><span>\n                    Ver\u00f3nica Roman\u00ed                <\/span><\/div>\n            \n        <\/div>\n        <div class=\"openCard me-0 ms-auto\">\n            <img decoding=\"async\" alt=\"icon\" src=\"https:\/\/ga-p.com\/wp-content\/themes\/ga-p\/assets\/images\/arrow-open.svg\" \/>\n            <img decoding=\"async\" alt=\"icon\" src=\"https:\/\/ga-p.com\/wp-content\/themes\/ga-p\/assets\/images\/arrow-open.svg\" \/>\n        <\/div>\n    <\/div>\n<\/a>\n                            <\/div>\n                                                    <div class=\"swiper-slide y2025\">\n                                <a style=\"text-decoration: none\" href=\"https:\/\/ga-p.com\/en\/news\/gomez-acebo-pombo-received-the-award-for-best-law-firm-in-sustainable-transformation-at-the-expansion-juridico-awards\/\">\n    <div class=\"noticiaCard\">\n        <div class=\"content\">\n            <div class=\"tag\">NEWS<\/div>\n            <div class=\"titulo\">\n                G\u00f3mez-Acebo &amp; Pombo received the award for Best Law Firm in Sustainable Transformation at the Expansi\u00f3n Jur\u00eddico Awards            <\/div>\n            <div class=\"excerpt\">\n                G\u00f3mez-Acebo &#038; Pombo ha recibido en la d\u00e9cima edici\u00f3n de los Premios Expansi\u00f3n Jur\u00eddico, el premio a la Mejor Firma en Transformaci\u00f3n Sostenible por segundo a\u00f1o.            <\/div>\n            <div class=\"fecha d-flex align-items-center gap-2\">\n                <img decoding=\"async\" alt=\"icon\" src=\"https:\/\/ga-p.com\/wp-content\/themes\/ga-p\/assets\/images\/clock-icon.svg\" \/>\n                23 Jun, 2025            <\/div>\n\n\n                            <div class=\"author d-flex align-items-center gap-2\">\n                    <img decoding=\"async\" alt=\"icon\" src=\"https:\/\/ga-p.com\/wp-content\/themes\/ga-p\/assets\/images\/author-icon.svg\" \/><span>\n                    Ver\u00f3nica Roman\u00ed, Ana Mart\u00ednez-Pina, Borja Carvajal, In\u00e9s V\u00e1zquez, Carlos Va\u0301zquez, Carlos Rueda, I\u00f1igo Erlaiz                <\/span><\/div>\n            \n        <\/div>\n        <div class=\"openCard me-0 ms-auto\">\n            <img decoding=\"async\" alt=\"icon\" src=\"https:\/\/ga-p.com\/wp-content\/themes\/ga-p\/assets\/images\/arrow-open.svg\" \/>\n            <img decoding=\"async\" alt=\"icon\" src=\"https:\/\/ga-p.com\/wp-content\/themes\/ga-p\/assets\/images\/arrow-open.svg\" \/>\n        <\/div>\n    <\/div>\n<\/a>\n                            <\/div>\n                                                    <div class=\"swiper-slide y2025\">\n                                <a style=\"text-decoration: none\" href=\"https:\/\/ga-p.com\/en\/news\/gomez-acebo-pombo-re-elects-inigo-erlaiz-as-managing-partner-of-the-firm\/\">\n    <div class=\"noticiaCard\">\n        <div class=\"content\">\n            <div class=\"tag\">NEWS<\/div>\n            <div class=\"titulo\">\n                G\u00f3mez-Acebo &amp; Pombo re-elects \u00cd\u00f1igo Erl\u00e1iz as Managing Partner of the Firm            <\/div>\n            <div class=\"excerpt\">\n                The General Meeting of Partners of G\u00f3mez-Acebo &#038; Pombo has approved the re-election of \u00cd\u00f1igo Erl\u00e1iz as Managing Partner for the period 2025-2027.            <\/div>\n            <div class=\"fecha d-flex align-items-center gap-2\">\n                <img decoding=\"async\" alt=\"icon\" src=\"https:\/\/ga-p.com\/wp-content\/themes\/ga-p\/assets\/images\/clock-icon.svg\" \/>\n                18 Feb, 2025            <\/div>\n\n\n                            <div class=\"author d-flex align-items-center gap-2\">\n                    <img decoding=\"async\" alt=\"icon\" src=\"https:\/\/ga-p.com\/wp-content\/themes\/ga-p\/assets\/images\/author-icon.svg\" \/><span>\n                    \u00cd\u00f1igo Erlaiz, Ver\u00f3nica Roman\u00ed, Miguel Lamo de Espinosa, \u00c1lvaro Mateo Sixto, Mafalda Barreto, Francisco Fita, Ignacio del Fraile, Sof\u00eda Mart\u00ednez-Almeida                <\/span><\/div>\n            \n        <\/div>\n        <div class=\"openCard me-0 ms-auto\">\n            <img decoding=\"async\" alt=\"icon\" src=\"https:\/\/ga-p.com\/wp-content\/themes\/ga-p\/assets\/images\/arrow-open.svg\" \/>\n            <img decoding=\"async\" alt=\"icon\" src=\"https:\/\/ga-p.com\/wp-content\/themes\/ga-p\/assets\/images\/arrow-open.svg\" \/>\n        <\/div>\n    <\/div>\n<\/a>\n                            <\/div>\n                                                    <div class=\"swiper-slide y2025\">\n                                <a style=\"text-decoration: none\" href=\"https:\/\/ga-p.com\/en\/news\/ranking-project-finance-2024\/\">\n    <div class=\"noticiaCard\">\n        <div class=\"content\">\n            <div class=\"tag\">NEWS<\/div>\n            <div class=\"titulo\">\n                Ranking Project Finance 2024            <\/div>\n            <div class=\"excerpt\">\n                G\u00f3mez-Acebo &#038; Pombo consolidates its position among the leaders in Project Finance advisory services in Spain, standing out in the TTR Data 2024 ranking. The firm ranks second in terms of the number of projects, with 26 transactions advised.            <\/div>\n            <div class=\"fecha d-flex align-items-center gap-2\">\n                <img decoding=\"async\" alt=\"icon\" src=\"https:\/\/ga-p.com\/wp-content\/themes\/ga-p\/assets\/images\/clock-icon.svg\" \/>\n                15 Jan, 2025            <\/div>\n\n\n                            <div class=\"author d-flex align-items-center gap-2\">\n                    <img decoding=\"async\" alt=\"icon\" src=\"https:\/\/ga-p.com\/wp-content\/themes\/ga-p\/assets\/images\/author-icon.svg\" \/><span>\n                    Ver\u00f3nica Roman\u00ed                <\/span><\/div>\n            \n        <\/div>\n        <div class=\"openCard me-0 ms-auto\">\n            <img decoding=\"async\" alt=\"icon\" src=\"https:\/\/ga-p.com\/wp-content\/themes\/ga-p\/assets\/images\/arrow-open.svg\" \/>\n            <img decoding=\"async\" alt=\"icon\" src=\"https:\/\/ga-p.com\/wp-content\/themes\/ga-p\/assets\/images\/arrow-open.svg\" \/>\n        <\/div>\n    <\/div>\n<\/a>\n                            <\/div>\n                                                    <div class=\"swiper-slide y2024\">\n                                <a style=\"text-decoration: none\" href=\"https:\/\/ga-p.com\/en\/news\/gomez-acebo-pombo-asesora-a-caixabank-en-una-financiacion-concedida-a-sonnedix-por-valor-de-e750m\/\">\n    <div class=\"noticiaCard\">\n        <div class=\"content\">\n            <div class=\"tag\">NEWS<\/div>\n            <div class=\"titulo\">\n                GA_P advises Caixabank on a \u20ac750m financing to Sonnedix            <\/div>\n            <div class=\"excerpt\">\n                G\u00f3mez-Acebo &#038; Pombo has advised Caixabank, S.A. on a \u20ac750 million refinancing transaction in favour of Sonnedix for a 197 MW portfolio of regulated assets in Spain.            <\/div>\n            <div class=\"fecha d-flex align-items-center gap-2\">\n                <img decoding=\"async\" alt=\"icon\" src=\"https:\/\/ga-p.com\/wp-content\/themes\/ga-p\/assets\/images\/clock-icon.svg\" \/>\n                19 Dec, 2024            <\/div>\n\n\n                            <div class=\"author d-flex align-items-center gap-2\">\n                    <img decoding=\"async\" alt=\"icon\" src=\"https:\/\/ga-p.com\/wp-content\/themes\/ga-p\/assets\/images\/author-icon.svg\" \/><span>\n                    Ver\u00f3nica Roman\u00ed, Jos\u00e9 Francisco Canalejas, Juan Pe\u0301rez,                 <\/span><\/div>\n            \n        <\/div>\n        <div class=\"openCard me-0 ms-auto\">\n            <img decoding=\"async\" alt=\"icon\" src=\"https:\/\/ga-p.com\/wp-content\/themes\/ga-p\/assets\/images\/arrow-open.svg\" \/>\n            <img decoding=\"async\" alt=\"icon\" src=\"https:\/\/ga-p.com\/wp-content\/themes\/ga-p\/assets\/images\/arrow-open.svg\" \/>\n        <\/div>\n    <\/div>\n<\/a>\n                            <\/div>\n                                                    <div class=\"swiper-slide y2024\">\n                                <a style=\"text-decoration: none\" href=\"https:\/\/ga-p.com\/en\/news\/resultados-iflr1000\/\">\n    <div class=\"noticiaCard\">\n        <div class=\"content\">\n            <div class=\"tag\">NEWS<\/div>\n            <div class=\"titulo\">\n                IFLR1000 Results            <\/div>\n            <div class=\"excerpt\">\n                Recientemente se han publicado los resultados del directorio IFLR1000 en el que destaca nuestro posicionamiento en Restructuring &#038; Insolvency y Project Finance.            <\/div>\n            <div class=\"fecha d-flex align-items-center gap-2\">\n                <img decoding=\"async\" alt=\"icon\" src=\"https:\/\/ga-p.com\/wp-content\/themes\/ga-p\/assets\/images\/clock-icon.svg\" \/>\n                13 Sep, 2024            <\/div>\n\n\n                            <div class=\"author d-flex align-items-center gap-2\">\n                    <img decoding=\"async\" alt=\"icon\" src=\"https:\/\/ga-p.com\/wp-content\/themes\/ga-p\/assets\/images\/author-icon.svg\" \/><span>\n                    \u00c1lex Pujol, Carlos Rueda, Augusto Pi\u00f1el, , Fernando Herrero, Ferran Foix, Miguel Lamo de Espinosa, Rafael Aguilera, Ver\u00f3nica Roman\u00ed, Santiago Go\u0301mez-Acebo, Rodrigo Lo\u0301pez, Irene Are\u0301valo, Josep Ortiz, Paula Zarzalejos, Juan Pe\u0301rez, Filipa Cotta, Mafalda Barreto, Ricardo Campos, Filipe Santos Barata                <\/span><\/div>\n            \n        <\/div>\n        <div class=\"openCard me-0 ms-auto\">\n            <img decoding=\"async\" alt=\"icon\" src=\"https:\/\/ga-p.com\/wp-content\/themes\/ga-p\/assets\/images\/arrow-open.svg\" \/>\n            <img decoding=\"async\" alt=\"icon\" src=\"https:\/\/ga-p.com\/wp-content\/themes\/ga-p\/assets\/images\/arrow-open.svg\" \/>\n        <\/div>\n    <\/div>\n<\/a>\n                            <\/div>\n                                                    <div class=\"swiper-slide y2024\">\n                                <a style=\"text-decoration: none\" href=\"https:\/\/ga-p.com\/en\/news\/ga_p-advises-banco-de-sabadell-and-sinia-renovables-on-the-financing-of-the-construction-of-the-largest-self-consumption-project-in-spain\/\">\n    <div class=\"noticiaCard\">\n        <div class=\"content\">\n            <div class=\"tag\">NEWS<\/div>\n            <div class=\"titulo\">\n                GA_P advises Banco de Sabadell and Sinia Renovables on the financing of the construction of the largest self-consumption project in Spain            <\/div>\n            <div class=\"excerpt\">\n                The GA_P team led by Ver\u00f3nica Roman\u00ed, together with Vanessa Armas, Laura Rey and Patricia Gonz\u00e1lez from the Energy team.            <\/div>\n            <div class=\"fecha d-flex align-items-center gap-2\">\n                <img decoding=\"async\" alt=\"icon\" src=\"https:\/\/ga-p.com\/wp-content\/themes\/ga-p\/assets\/images\/clock-icon.svg\" \/>\n                05 Aug, 2024            <\/div>\n\n\n                            <div class=\"author d-flex align-items-center gap-2\">\n                    <img decoding=\"async\" alt=\"icon\" src=\"https:\/\/ga-p.com\/wp-content\/themes\/ga-p\/assets\/images\/author-icon.svg\" \/><span>\n                    Vanessa Armas, Laura Rey, Ver\u00f3nica Roman\u00ed, Patricia P\u00e9rez                <\/span><\/div>\n            \n        <\/div>\n        <div class=\"openCard me-0 ms-auto\">\n            <img decoding=\"async\" alt=\"icon\" src=\"https:\/\/ga-p.com\/wp-content\/themes\/ga-p\/assets\/images\/arrow-open.svg\" \/>\n            <img decoding=\"async\" alt=\"icon\" src=\"https:\/\/ga-p.com\/wp-content\/themes\/ga-p\/assets\/images\/arrow-open.svg\" \/>\n        <\/div>\n    <\/div>\n<\/a>\n                            <\/div>\n                                                    <div class=\"swiper-slide y2024\">\n                                <a style=\"text-decoration: none\" href=\"https:\/\/ga-p.com\/en\/news\/ga_p-advises-qualitas-energy-on-the-sale-of-the-largest-solar-plant-in-the-balearic-islands-to-mirova\/\">\n    <div class=\"noticiaCard\">\n        <div class=\"content\">\n            <div class=\"tag\">NEWS<\/div>\n            <div class=\"titulo\">\n                GA_P advises Qualitas Energy on the sale of the largest solar plant in the Balearic Islands to Mirova            <\/div>\n            <div class=\"excerpt\">\n                G\u00f3mez-Acebo &amp; Pombo has advised Qualitas Energy on an agreement to sell the largest solar plant in the Balearic Islands to Mirova. The alliance allows Mirova to continue financing key technologies for the transition to clean energy in OECD countries. These projects will initiate the energy transition in Menorca, significantly reducing emissions and pollution from&#8230;            <\/div>\n            <div class=\"fecha d-flex align-items-center gap-2\">\n                <img decoding=\"async\" alt=\"icon\" src=\"https:\/\/ga-p.com\/wp-content\/themes\/ga-p\/assets\/images\/clock-icon.svg\" \/>\n                16 May, 2024            <\/div>\n\n\n            \n        <\/div>\n        <div class=\"openCard me-0 ms-auto\">\n            <img decoding=\"async\" alt=\"icon\" src=\"https:\/\/ga-p.com\/wp-content\/themes\/ga-p\/assets\/images\/arrow-open.svg\" \/>\n            <img decoding=\"async\" alt=\"icon\" src=\"https:\/\/ga-p.com\/wp-content\/themes\/ga-p\/assets\/images\/arrow-open.svg\" \/>\n        <\/div>\n    <\/div>\n<\/a>\n                            <\/div>\n                                                    <div class=\"swiper-slide y2024\">\n                                <a style=\"text-decoration: none\" href=\"https:\/\/ga-p.com\/en\/news\/ga_p-advises-banco-santander-on-the-financing-of-a-photovoltaic-plant-in-segovia\/\">\n    <div class=\"noticiaCard\">\n        <div class=\"content\">\n            <div class=\"tag\">NEWS<\/div>\n            <div class=\"titulo\">\n                GA_P advises Banco Santander on the financing of a photovoltaic plant in Segovia            <\/div>\n            <div class=\"excerpt\">\n                G\u00f3mez-Acebo &amp; Pombo has advised Banco Santander on a financing in favour of Ib Vogt, a renewable energy development company, for the construction, operation and maintenance of a solar photovoltaic energy project, called Baobab, which will have a capacity of 95 MWp. The installation will be located in the region of Abades and Valverde del&#8230;            <\/div>\n            <div class=\"fecha d-flex align-items-center gap-2\">\n                <img decoding=\"async\" alt=\"icon\" src=\"https:\/\/ga-p.com\/wp-content\/themes\/ga-p\/assets\/images\/clock-icon.svg\" \/>\n                26 Apr, 2024            <\/div>\n\n\n                            <div class=\"author d-flex align-items-center gap-2\">\n                    <img decoding=\"async\" alt=\"icon\" src=\"https:\/\/ga-p.com\/wp-content\/themes\/ga-p\/assets\/images\/author-icon.svg\" \/><span>\n                    Ver\u00f3nica Roman\u00ed, , Roberto Bustamante                <\/span><\/div>\n            \n        <\/div>\n        <div class=\"openCard me-0 ms-auto\">\n            <img decoding=\"async\" alt=\"icon\" src=\"https:\/\/ga-p.com\/wp-content\/themes\/ga-p\/assets\/images\/arrow-open.svg\" \/>\n            <img decoding=\"async\" alt=\"icon\" src=\"https:\/\/ga-p.com\/wp-content\/themes\/ga-p\/assets\/images\/arrow-open.svg\" \/>\n        <\/div>\n    <\/div>\n<\/a>\n                            <\/div>\n                                                    <div class=\"swiper-slide y2024\">\n                                <a style=\"text-decoration: none\" href=\"https:\/\/ga-p.com\/en\/news\/the-project-finance-advisory-ranking-in-spain-cincodias\/\">\n    <div class=\"noticiaCard\">\n        <div class=\"content\">\n            <div class=\"tag\">NEWS<\/div>\n            <div class=\"titulo\">\n                The project finance advisory ranking in Spain | CincoD\u00edas            <\/div>\n            <div class=\"excerpt\">\n                G\u00f3mez &#8211; Acebo &amp; Pombo is included in the Top5 of the project finance advisory ranking in Spain. The firm maintains a similar trend to the same period last year. Additionally, it includes statements from Ver\u00f3nica Roman\u00ed regarding the impact that energy price fluctuations have had on certain operations. The full article. &nbsp;            <\/div>\n            <div class=\"fecha d-flex align-items-center gap-2\">\n                <img decoding=\"async\" alt=\"icon\" src=\"https:\/\/ga-p.com\/wp-content\/themes\/ga-p\/assets\/images\/clock-icon.svg\" \/>\n                19 Apr, 2024            <\/div>\n\n\n            \n        <\/div>\n        <div class=\"openCard me-0 ms-auto\">\n            <img decoding=\"async\" alt=\"icon\" src=\"https:\/\/ga-p.com\/wp-content\/themes\/ga-p\/assets\/images\/arrow-open.svg\" \/>\n            <img decoding=\"async\" alt=\"icon\" src=\"https:\/\/ga-p.com\/wp-content\/themes\/ga-p\/assets\/images\/arrow-open.svg\" \/>\n        <\/div>\n    <\/div>\n<\/a>\n                            <\/div>\n                                                    <div class=\"swiper-slide y2024\">\n                                <a style=\"text-decoration: none\" href=\"https:\/\/ga-p.com\/en\/news\/ga_p-advises-a-syndicate-of-financing-entities-in-the-provision-of-financing-for-three-photovoltaic-plants\/\">\n    <div class=\"noticiaCard\">\n        <div class=\"content\">\n            <div class=\"tag\">NEWS<\/div>\n            <div class=\"titulo\">\n                GA_P advises a syndicate of financing entities in the provision of financing for three photovoltaic plants            <\/div>\n            <div class=\"excerpt\">\n                G\u00f3mez-Acebo &amp; Pombo has advised Banco Santander, BBVA, and Nordlb on financing for ib vogt, a German renewable energy development company, for a portfolio of 418 MWp of photovoltaic energy. This portfolio includes three facilities located in Spain: Serbal (174 MWp), Casta\u00f1o (134 MWp), and Pato (110 MWp). The GA_P team was formed by Ver\u00f3nica&#8230;            <\/div>\n            <div class=\"fecha d-flex align-items-center gap-2\">\n                <img decoding=\"async\" alt=\"icon\" src=\"https:\/\/ga-p.com\/wp-content\/themes\/ga-p\/assets\/images\/clock-icon.svg\" \/>\n                19 Feb, 2024            <\/div>\n\n\n            \n        <\/div>\n        <div class=\"openCard me-0 ms-auto\">\n            <img decoding=\"async\" alt=\"icon\" src=\"https:\/\/ga-p.com\/wp-content\/themes\/ga-p\/assets\/images\/arrow-open.svg\" \/>\n            <img decoding=\"async\" alt=\"icon\" src=\"https:\/\/ga-p.com\/wp-content\/themes\/ga-p\/assets\/images\/arrow-open.svg\" \/>\n        <\/div>\n    <\/div>\n<\/a>\n                            <\/div>\n                                                    <div class=\"swiper-slide y2024\">\n                                <a style=\"text-decoration: none\" href=\"https:\/\/ga-p.com\/en\/news\/the-30-best-lawyers-in-spain-and-portugal-in-2023\/\">\n    <div class=\"noticiaCard\">\n        <div class=\"content\">\n            <div class=\"tag\">NEWS<\/div>\n            <div class=\"titulo\">\n                The 30 best lawyers in Spain and Portugal in 2023            <\/div>\n            <div class=\"excerpt\">\n                Ver\u00f3nica Roman\u00ed, partner of Banking and Finance, Mafalda Barreto Director of the Lisbon office and I\u00f1igo Erlaiz our managing partner, have been named by IBERIAN LAWYER among the best lawyers in Spain and Portugal. Read full article            <\/div>\n            <div class=\"fecha d-flex align-items-center gap-2\">\n                <img decoding=\"async\" alt=\"icon\" src=\"https:\/\/ga-p.com\/wp-content\/themes\/ga-p\/assets\/images\/clock-icon.svg\" \/>\n                07 Feb, 2024            <\/div>\n\n\n            \n        <\/div>\n        <div class=\"openCard me-0 ms-auto\">\n            <img decoding=\"async\" alt=\"icon\" src=\"https:\/\/ga-p.com\/wp-content\/themes\/ga-p\/assets\/images\/arrow-open.svg\" \/>\n            <img decoding=\"async\" alt=\"icon\" src=\"https:\/\/ga-p.com\/wp-content\/themes\/ga-p\/assets\/images\/arrow-open.svg\" \/>\n        <\/div>\n    <\/div>\n<\/a>\n                            <\/div>\n                                                    <div class=\"swiper-slide y2023\">\n                                <a style=\"text-decoration: none\" href=\"https:\/\/ga-p.com\/en\/news\/ga_p-advises-the-syndicate-of-lenders-on-the-refinancing-of-the-mula-solar-photovoltaic-project\/\">\n    <div class=\"noticiaCard\">\n        <div class=\"content\">\n            <div class=\"tag\">NEWS<\/div>\n            <div class=\"titulo\">\n                GA_P advises the syndicate of lenders on the refinancing of the Mula solar photovoltaic project            <\/div>\n            <div class=\"excerpt\">\n                G\u00f3mez-Acebo &amp; Pombo has advised the financing entities on the granting of financing to Qualitas Energy, owner of a photovoltaic plant located in Mula (Murcia) in order to refinance the existing debt of the Project, amounting to approximately 280 million euros. The solar PV plant, owned by Qualitas Energy and Northleaf Capital Partners and with&#8230;            <\/div>\n            <div class=\"fecha d-flex align-items-center gap-2\">\n                <img decoding=\"async\" alt=\"icon\" src=\"https:\/\/ga-p.com\/wp-content\/themes\/ga-p\/assets\/images\/clock-icon.svg\" \/>\n                18 Sep, 2023            <\/div>\n\n\n                            <div class=\"author d-flex align-items-center gap-2\">\n                    <img decoding=\"async\" alt=\"icon\" src=\"https:\/\/ga-p.com\/wp-content\/themes\/ga-p\/assets\/images\/author-icon.svg\" \/><span>\n                    Ver\u00f3nica Roman\u00ed, Vanessa Armas, , Jos\u00e9 Francisco Canalejas                <\/span><\/div>\n            \n        <\/div>\n        <div class=\"openCard me-0 ms-auto\">\n            <img decoding=\"async\" alt=\"icon\" src=\"https:\/\/ga-p.com\/wp-content\/themes\/ga-p\/assets\/images\/arrow-open.svg\" \/>\n            <img decoding=\"async\" alt=\"icon\" src=\"https:\/\/ga-p.com\/wp-content\/themes\/ga-p\/assets\/images\/arrow-open.svg\" \/>\n        <\/div>\n    <\/div>\n<\/a>\n                            <\/div>\n                                                    <div class=\"swiper-slide y2023\">\n                                <a style=\"text-decoration: none\" href=\"https:\/\/ga-p.com\/en\/news\/ga_p-advises-naturgy-on-the-acquisition-of-renewable-assets-from-ardian-in-spain\/\">\n    <div class=\"noticiaCard\">\n        <div class=\"content\">\n            <div class=\"tag\">NEWS<\/div>\n            <div class=\"titulo\">\n                GA_P advises Naturgy on the acquisition of renewable assets from Ardian in Spain.            <\/div>\n            <div class=\"excerpt\">\n                Naturgy has been advised by G\u00f3mez-Acebo &amp; Pombo n the acquisition of 100% of ASR Wind, owned by the French fund Ardian, for 536 million euros with an enterprise value of 650 million euros. ASR Wind has a total of 422 MW distributed among 12 operational wind farms in Spain. Additionally, the operation includes a&#8230;            <\/div>\n            <div class=\"fecha d-flex align-items-center gap-2\">\n                <img decoding=\"async\" alt=\"icon\" src=\"https:\/\/ga-p.com\/wp-content\/themes\/ga-p\/assets\/images\/clock-icon.svg\" \/>\n                16 May, 2023            <\/div>\n\n\n                            <div class=\"author d-flex align-items-center gap-2\">\n                    <img decoding=\"async\" alt=\"icon\" src=\"https:\/\/ga-p.com\/wp-content\/themes\/ga-p\/assets\/images\/author-icon.svg\" \/><span>\n                    Ver\u00f3nica Roman\u00ed, , Juan Ignacio Romero, Ignacio Castellanos, , \u00c1lvaro Obreg\u00f3n, Roberto Bustamante, Miguel Troncoso                <\/span><\/div>\n            \n        <\/div>\n        <div class=\"openCard me-0 ms-auto\">\n            <img decoding=\"async\" alt=\"icon\" src=\"https:\/\/ga-p.com\/wp-content\/themes\/ga-p\/assets\/images\/arrow-open.svg\" \/>\n            <img decoding=\"async\" alt=\"icon\" src=\"https:\/\/ga-p.com\/wp-content\/themes\/ga-p\/assets\/images\/arrow-open.svg\" \/>\n        <\/div>\n    <\/div>\n<\/a>\n                            <\/div>\n                                                    <div class=\"swiper-slide y2023\">\n                                <a style=\"text-decoration: none\" href=\"https:\/\/ga-p.com\/en\/news\/veronica-romani-sancho-and-borja-carvajal-borrero-on-the-uncertainties-in-the-energy-sector-capital-corporate\/\">\n    <div class=\"noticiaCard\">\n        <div class=\"content\">\n            <div class=\"tag\">NEWS<\/div>\n            <div class=\"titulo\">\n                Ver\u00f3nica Roman\u00ed Sancho and Borja Carvajal Borrero on the uncertainties in the energy sector | Capital &#038; Corporate            <\/div>\n            <div class=\"excerpt\">\n                Our partners in the energy team, Ver\u00f3nica Roman\u00ed and Borja Carvajal, in the monthly issue of Capital &amp; Corporate magazine, where they reflect on the evolution of the team, their positioning in the market and the most relevant recent transactions in which they have worked, as well as current issues such as the uncertainty of&#8230;            <\/div>\n            <div class=\"fecha d-flex align-items-center gap-2\">\n                <img decoding=\"async\" alt=\"icon\" src=\"https:\/\/ga-p.com\/wp-content\/themes\/ga-p\/assets\/images\/clock-icon.svg\" \/>\n                27 Mar, 2023            <\/div>\n\n\n                            <div class=\"author d-flex align-items-center gap-2\">\n                    <img decoding=\"async\" alt=\"icon\" src=\"https:\/\/ga-p.com\/wp-content\/themes\/ga-p\/assets\/images\/author-icon.svg\" \/><span>\n                    Ver\u00f3nica Roman\u00ed, Borja Carvajal                <\/span><\/div>\n            \n        <\/div>\n        <div class=\"openCard me-0 ms-auto\">\n            <img decoding=\"async\" alt=\"icon\" src=\"https:\/\/ga-p.com\/wp-content\/themes\/ga-p\/assets\/images\/arrow-open.svg\" \/>\n            <img decoding=\"async\" alt=\"icon\" src=\"https:\/\/ga-p.com\/wp-content\/themes\/ga-p\/assets\/images\/arrow-open.svg\" \/>\n        <\/div>\n    <\/div>\n<\/a>\n                            <\/div>\n                                                    <div class=\"swiper-slide y2023\">\n                                <a style=\"text-decoration: none\" href=\"https:\/\/ga-p.com\/en\/news\/star-lawyers-in-corporate-tax-and-antitrust-cincodias\/\">\n    <div class=\"noticiaCard\">\n        <div class=\"content\">\n            <div class=\"tag\">NEWS<\/div>\n            <div class=\"titulo\">\n                Star Lawyers in Corporate, Tax, and Antitrust | CincoD\u00edas            <\/div>\n            <div class=\"excerpt\">\n                Cinco D\u00edas publishes the list of outstanding partners and of counsels in corporate, tax, and antitrust operations between 2018 and 2022, developed by TTR Data. Ver\u00f3nica Roman\u00ed Sancho, M&amp;A partner of the law firm, holds the second position in the ranking of professionals by number of transactions. &nbsp; Read full article. &nbsp;            <\/div>\n            <div class=\"fecha d-flex align-items-center gap-2\">\n                <img decoding=\"async\" alt=\"icon\" src=\"https:\/\/ga-p.com\/wp-content\/themes\/ga-p\/assets\/images\/clock-icon.svg\" \/>\n                06 Mar, 2023            <\/div>\n\n\n                            <div class=\"author d-flex align-items-center gap-2\">\n                    <img decoding=\"async\" alt=\"icon\" src=\"https:\/\/ga-p.com\/wp-content\/themes\/ga-p\/assets\/images\/author-icon.svg\" \/><span>\n                    Ver\u00f3nica Roman\u00ed                <\/span><\/div>\n            \n        <\/div>\n        <div class=\"openCard me-0 ms-auto\">\n            <img decoding=\"async\" alt=\"icon\" src=\"https:\/\/ga-p.com\/wp-content\/themes\/ga-p\/assets\/images\/arrow-open.svg\" \/>\n            <img decoding=\"async\" alt=\"icon\" src=\"https:\/\/ga-p.com\/wp-content\/themes\/ga-p\/assets\/images\/arrow-open.svg\" \/>\n        <\/div>\n    <\/div>\n<\/a>\n                            <\/div>\n                                                    <div class=\"swiper-slide y2022\">\n                                <a style=\"text-decoration: none\" href=\"https:\/\/ga-p.com\/en\/news\/ga_p-advises-norddeutsche-landesbank-girozentrale-and-banco-santander-on-the-financing-for-garnacha-solar\/\">\n    <div class=\"noticiaCard\">\n        <div class=\"content\">\n            <div class=\"tag\">NEWS<\/div>\n            <div class=\"titulo\">\n                GA_P advises Norddeutsche Landesbank Girozentrale and Banco Santander on the financing for Garnacha Solar            <\/div>\n            <div class=\"excerpt\">\n                G\u00f3mez-Acebo &amp; Pombo has advised Norddeutsche Landesbank Girozentrale, Germany&#8217;s largest bank in the issuance of domestic and international bonds, and Banco Santander, a world leader in financing renewable energy projects and one of the three largest banks in the world by number of transactions, in a financing in favour of Garnacha Solar, as borrower, for&#8230;            <\/div>\n            <div class=\"fecha d-flex align-items-center gap-2\">\n                <img decoding=\"async\" alt=\"icon\" src=\"https:\/\/ga-p.com\/wp-content\/themes\/ga-p\/assets\/images\/clock-icon.svg\" \/>\n                30 Nov, 2022            <\/div>\n\n\n                            <div class=\"author d-flex align-items-center gap-2\">\n                    <img decoding=\"async\" alt=\"icon\" src=\"https:\/\/ga-p.com\/wp-content\/themes\/ga-p\/assets\/images\/author-icon.svg\" \/><span>\n                    Ver\u00f3nica Roman\u00ed, Juan Pe\u0301rez, Cristina Mat\u00eda, Anna Spuche, \u00c1lvaro Obreg\u00f3n                <\/span><\/div>\n            \n        <\/div>\n        <div class=\"openCard me-0 ms-auto\">\n            <img decoding=\"async\" alt=\"icon\" src=\"https:\/\/ga-p.com\/wp-content\/themes\/ga-p\/assets\/images\/arrow-open.svg\" \/>\n            <img decoding=\"async\" alt=\"icon\" src=\"https:\/\/ga-p.com\/wp-content\/themes\/ga-p\/assets\/images\/arrow-open.svg\" \/>\n        <\/div>\n    <\/div>\n<\/a>\n                            <\/div>\n                                                    <div class=\"swiper-slide y2022\">\n                                <a style=\"text-decoration: none\" href=\"https:\/\/ga-p.com\/en\/news\/gomez-acebo-pombo-the-most-active-firm-in-ma-in-the-energy-sector-so-far-this-year-el-confidencial\/\">\n    <div class=\"noticiaCard\">\n        <div class=\"content\">\n            <div class=\"tag\">NEWS<\/div>\n            <div class=\"titulo\">\n                G\u00f3mez-Acebo &#038; Pombo the most active firm in M&#038;A in the energy sector so far this year | El Confidencial            <\/div>\n            <div class=\"excerpt\">\n                G\u00f3mez-Acebo &amp; Pombo is ranked as the leading M&amp;A firm in the energy sector so far this year in terms of value and number of transactions. El Confidencial publishes the ranking and includes statements by our partner Ver\u00f3nica Roman\u00ed. &#8220;The renewables sector continues to grow very quickly and we are noticing significant changes in the&#8230;            <\/div>\n            <div class=\"fecha d-flex align-items-center gap-2\">\n                <img decoding=\"async\" alt=\"icon\" src=\"https:\/\/ga-p.com\/wp-content\/themes\/ga-p\/assets\/images\/clock-icon.svg\" \/>\n                02 Nov, 2022            <\/div>\n\n\n            \n        <\/div>\n        <div class=\"openCard me-0 ms-auto\">\n            <img decoding=\"async\" alt=\"icon\" src=\"https:\/\/ga-p.com\/wp-content\/themes\/ga-p\/assets\/images\/arrow-open.svg\" \/>\n            <img decoding=\"async\" alt=\"icon\" src=\"https:\/\/ga-p.com\/wp-content\/themes\/ga-p\/assets\/images\/arrow-open.svg\" \/>\n        <\/div>\n    <\/div>\n<\/a>\n                            <\/div>\n                                                    <div class=\"swiper-slide y2022\">\n                                <a style=\"text-decoration: none\" href=\"https:\/\/ga-p.com\/en\/news\/ga_p-advises-kobus-asset-finance-i-on-the-financing-of-a-renewables-project\/\">\n    <div class=\"noticiaCard\">\n        <div class=\"content\">\n            <div class=\"tag\">NEWS<\/div>\n            <div class=\"titulo\">\n                GA_P advises Kobus Asset Finance I on the financing of a renewables project            <\/div>\n            <div class=\"excerpt\">\n                G\u00f3mez-Acebo &amp; Pombo has advised Kobus Asset Finance I on the granting of financing to a special purpose vehicle owned by Exus Management Partners. The financing is for the construction and commissioning of a photovoltaic park in Portugal and will be financially guaranteed by the European Investment Fund (EIF). Professionals from the Madrid and Lisbon&#8230;            <\/div>\n            <div class=\"fecha d-flex align-items-center gap-2\">\n                <img decoding=\"async\" alt=\"icon\" src=\"https:\/\/ga-p.com\/wp-content\/themes\/ga-p\/assets\/images\/clock-icon.svg\" \/>\n                15 Sep, 2022            <\/div>\n\n\n                            <div class=\"author d-flex align-items-center gap-2\">\n                    <img decoding=\"async\" alt=\"icon\" src=\"https:\/\/ga-p.com\/wp-content\/themes\/ga-p\/assets\/images\/author-icon.svg\" \/><span>\n                    Ver\u00f3nica Roman\u00ed, Mafalda Barreto, Vanessa Armas, , Leonor Rocha                <\/span><\/div>\n            \n        <\/div>\n        <div class=\"openCard me-0 ms-auto\">\n            <img decoding=\"async\" alt=\"icon\" src=\"https:\/\/ga-p.com\/wp-content\/themes\/ga-p\/assets\/images\/arrow-open.svg\" \/>\n            <img decoding=\"async\" alt=\"icon\" src=\"https:\/\/ga-p.com\/wp-content\/themes\/ga-p\/assets\/images\/arrow-open.svg\" \/>\n        <\/div>\n    <\/div>\n<\/a>\n                            <\/div>\n                                                    <div class=\"swiper-slide y2022\">\n                                <a style=\"text-decoration: none\" href=\"https:\/\/ga-p.com\/en\/news\/ga_p-received-the-sustainable-transformation-award-at-premios-expansion-juridico\/\">\n    <div class=\"noticiaCard\">\n        <div class=\"content\">\n            <div class=\"tag\">NEWS<\/div>\n            <div class=\"titulo\">\n                GA_P received the Sustainable Transformation award at Premios Expansi\u00f3n Jur\u00eddico            <\/div>\n            <div class=\"excerpt\">\n                On 30th June, GA_P won the Sustainable Transformation award at the seventh edition of the Premios Expansi\u00f3n Jur\u00eddico.\u00a0 The award was collected by Ver\u00f3nica Roman\u00ed and Pedro Poveda. Read full article on Expansi\u00f3n            <\/div>\n            <div class=\"fecha d-flex align-items-center gap-2\">\n                <img decoding=\"async\" alt=\"icon\" src=\"https:\/\/ga-p.com\/wp-content\/themes\/ga-p\/assets\/images\/clock-icon.svg\" \/>\n                05 Jul, 2022            <\/div>\n\n\n                            <div class=\"author d-flex align-items-center gap-2\">\n                    <img decoding=\"async\" alt=\"icon\" src=\"https:\/\/ga-p.com\/wp-content\/themes\/ga-p\/assets\/images\/author-icon.svg\" \/><span>\n                    Ver\u00f3nica Roman\u00ed, Pedro Poveda                <\/span><\/div>\n            \n        <\/div>\n        <div class=\"openCard me-0 ms-auto\">\n            <img decoding=\"async\" alt=\"icon\" src=\"https:\/\/ga-p.com\/wp-content\/themes\/ga-p\/assets\/images\/arrow-open.svg\" \/>\n            <img decoding=\"async\" alt=\"icon\" src=\"https:\/\/ga-p.com\/wp-content\/themes\/ga-p\/assets\/images\/arrow-open.svg\" \/>\n        <\/div>\n    <\/div>\n<\/a>\n                            <\/div>\n                                                    <div class=\"swiper-slide y2022\">\n                                <a style=\"text-decoration: none\" href=\"https:\/\/ga-p.com\/en\/news\/veronica-romani-among-the-iflr-women-leaders-for-the-third-year-running\/\">\n    <div class=\"noticiaCard\">\n        <div class=\"content\">\n            <div class=\"tag\">NEWS<\/div>\n            <div class=\"titulo\">\n                Ver\u00f3nica Roman\u00ed among the IFLR Women Leaders for the third year running            <\/div>\n            <div class=\"excerpt\">\n                The fifth edition of the IFRL1000 Women Leaders guide has recently been published, where Ver\u00f3nica Roman\u00ed, partner in charge of the Energy and Project Finance Area of G\u00f3mez-Acebo y Pombo, is recognised as one of the most outstanding lawyers in Spain in the area referred to by the directory: financial and corporate transactions and contracts,&#8230;            <\/div>\n            <div class=\"fecha d-flex align-items-center gap-2\">\n                <img decoding=\"async\" alt=\"icon\" src=\"https:\/\/ga-p.com\/wp-content\/themes\/ga-p\/assets\/images\/clock-icon.svg\" \/>\n                04 Apr, 2022            <\/div>\n\n\n                            <div class=\"author d-flex align-items-center gap-2\">\n                    <img decoding=\"async\" alt=\"icon\" src=\"https:\/\/ga-p.com\/wp-content\/themes\/ga-p\/assets\/images\/author-icon.svg\" \/><span>\n                    Ver\u00f3nica Roman\u00ed                <\/span><\/div>\n            \n        <\/div>\n        <div class=\"openCard me-0 ms-auto\">\n            <img decoding=\"async\" alt=\"icon\" src=\"https:\/\/ga-p.com\/wp-content\/themes\/ga-p\/assets\/images\/arrow-open.svg\" \/>\n            <img decoding=\"async\" alt=\"icon\" src=\"https:\/\/ga-p.com\/wp-content\/themes\/ga-p\/assets\/images\/arrow-open.svg\" \/>\n        <\/div>\n    <\/div>\n<\/a>\n                            <\/div>\n                                                    <div class=\"swiper-slide y2022\">\n                                <a style=\"text-decoration: none\" href=\"https:\/\/ga-p.com\/en\/news\/top-10-of-star-female-lawyers-in-ma-el-confidencial\/\">\n    <div class=\"noticiaCard\">\n        <div class=\"content\">\n            <div class=\"tag\">NEWS<\/div>\n            <div class=\"titulo\">\n                Top 10&#8242; of star female lawyers in M&#038;A | El Confidencial            <\/div>\n            <div class=\"excerpt\">\n                Ver\u00f3nica Roman\u00ed and Irene Fern\u00e1ndez Puyol are mentioned in the Top 10 ranking of female lawyers. Press release            <\/div>\n            <div class=\"fecha d-flex align-items-center gap-2\">\n                <img decoding=\"async\" alt=\"icon\" src=\"https:\/\/ga-p.com\/wp-content\/themes\/ga-p\/assets\/images\/clock-icon.svg\" \/>\n                25 Jan, 2022            <\/div>\n\n\n                            <div class=\"author d-flex align-items-center gap-2\">\n                    <img decoding=\"async\" alt=\"icon\" src=\"https:\/\/ga-p.com\/wp-content\/themes\/ga-p\/assets\/images\/author-icon.svg\" \/><span>\n                    Ver\u00f3nica Roman\u00ed, Irene Ferna\u0301ndez Puyol                <\/span><\/div>\n            \n        <\/div>\n        <div class=\"openCard me-0 ms-auto\">\n            <img decoding=\"async\" alt=\"icon\" src=\"https:\/\/ga-p.com\/wp-content\/themes\/ga-p\/assets\/images\/arrow-open.svg\" \/>\n            <img decoding=\"async\" alt=\"icon\" src=\"https:\/\/ga-p.com\/wp-content\/themes\/ga-p\/assets\/images\/arrow-open.svg\" \/>\n        <\/div>\n    <\/div>\n<\/a>\n                            <\/div>\n                                                    <div class=\"swiper-slide y2022\">\n                                <a style=\"text-decoration: none\" href=\"https:\/\/ga-p.com\/en\/news\/ga_p-in-the-top-10-most-active-lawyers-in-ma-el-confidencial\/\">\n    <div class=\"noticiaCard\">\n        <div class=\"content\">\n            <div class=\"tag\">NEWS<\/div>\n            <div class=\"titulo\">\n                GA_P in the Top 10 most active lawyers in M&#038;A | El Confidencial            <\/div>\n            <div class=\"excerpt\">\n                G\u00f3mez-Acebo &amp; Pombo is the firm with the best results in the ranking of lawyers by number of transactions. The ranking is led by \u00c1lvaro Mateo, followed by Pablo Fern\u00e1ndez Cortijo in second position and Ver\u00f3nica Roman\u00ed in ninth position. Press release            <\/div>\n            <div class=\"fecha d-flex align-items-center gap-2\">\n                <img decoding=\"async\" alt=\"icon\" src=\"https:\/\/ga-p.com\/wp-content\/themes\/ga-p\/assets\/images\/clock-icon.svg\" \/>\n                11 Jan, 2022            <\/div>\n\n\n                            <div class=\"author d-flex align-items-center gap-2\">\n                    <img decoding=\"async\" alt=\"icon\" src=\"https:\/\/ga-p.com\/wp-content\/themes\/ga-p\/assets\/images\/author-icon.svg\" \/><span>\n                    \u00c1lvaro Mateo Sixto, Pablo Fern\u00e1ndez Cortijo, Ver\u00f3nica Roman\u00ed                <\/span><\/div>\n            \n        <\/div>\n        <div class=\"openCard me-0 ms-auto\">\n            <img decoding=\"async\" alt=\"icon\" src=\"https:\/\/ga-p.com\/wp-content\/themes\/ga-p\/assets\/images\/arrow-open.svg\" \/>\n            <img decoding=\"async\" alt=\"icon\" src=\"https:\/\/ga-p.com\/wp-content\/themes\/ga-p\/assets\/images\/arrow-open.svg\" \/>\n        <\/div>\n    <\/div>\n<\/a>\n                            <\/div>\n                                                    <div class=\"swiper-slide y2021\">\n                                <a style=\"text-decoration: none\" href=\"https:\/\/ga-p.com\/en\/news\/ga_p-advises-banco-santander-on-financing-granted-to-greenalia\/\">\n    <div class=\"noticiaCard\">\n        <div class=\"content\">\n            <div class=\"tag\">NEWS<\/div>\n            <div class=\"titulo\">\n                GA_P advises Banco Santander on financing granted to Greenalia            <\/div>\n            <div class=\"excerpt\">\n                G\u00f3mez-Acebo &amp; Pombo has advised Banco Santander in connection with a financing granted to Greenalia Power Development to, among other things, develop several wind projects with a cumulative capacity of 1,847.3 MW and several solar photovoltaic projects with a cumulative capacity of 659.9 MW. The GA_P team was formed by Ver\u00f3nica Roman\u00ed, Amelia Buergo, Carlos&#8230;            <\/div>\n            <div class=\"fecha d-flex align-items-center gap-2\">\n                <img decoding=\"async\" alt=\"icon\" src=\"https:\/\/ga-p.com\/wp-content\/themes\/ga-p\/assets\/images\/clock-icon.svg\" \/>\n                01 Dec, 2021            <\/div>\n\n\n                            <div class=\"author d-flex align-items-center gap-2\">\n                    <img decoding=\"async\" alt=\"icon\" src=\"https:\/\/ga-p.com\/wp-content\/themes\/ga-p\/assets\/images\/author-icon.svg\" \/><span>\n                    Ver\u00f3nica Roman\u00ed, Carlos de la Luna                <\/span><\/div>\n            \n        <\/div>\n        <div class=\"openCard me-0 ms-auto\">\n            <img decoding=\"async\" alt=\"icon\" src=\"https:\/\/ga-p.com\/wp-content\/themes\/ga-p\/assets\/images\/arrow-open.svg\" \/>\n            <img decoding=\"async\" alt=\"icon\" src=\"https:\/\/ga-p.com\/wp-content\/themes\/ga-p\/assets\/images\/arrow-open.svg\" \/>\n        <\/div>\n    <\/div>\n<\/a>\n                            <\/div>\n                                                    <div class=\"swiper-slide y2021\">\n                                <a style=\"text-decoration: none\" href=\"https:\/\/ga-p.com\/en\/news\/the-best-law-firms-2022-report-cinco-dias\/\">\n    <div class=\"noticiaCard\">\n        <div class=\"content\">\n            <div class=\"tag\">NEWS<\/div>\n            <div class=\"titulo\">\n                \u00abThe best law firms 2022\u00bb Report  | Cinco D\u00edas            <\/div>\n            <div class=\"excerpt\">\n                G\u00f3mez-Acebo &amp; Pombo appears on the report by Cinco D\u00edas and Statista on the best law firms in Spain. The report is accompanied by quotes from some of our partners in their areas of specialisation on trends and forecasts for 2022. Full article with the statements of our partners in the following links: \u00bfC\u00f3mo ser\u00e1&#8230;            <\/div>\n            <div class=\"fecha d-flex align-items-center gap-2\">\n                <img decoding=\"async\" alt=\"icon\" src=\"https:\/\/ga-p.com\/wp-content\/themes\/ga-p\/assets\/images\/clock-icon.svg\" \/>\n                22 Nov, 2021            <\/div>\n\n\n            \n        <\/div>\n        <div class=\"openCard me-0 ms-auto\">\n            <img decoding=\"async\" alt=\"icon\" src=\"https:\/\/ga-p.com\/wp-content\/themes\/ga-p\/assets\/images\/arrow-open.svg\" \/>\n            <img decoding=\"async\" alt=\"icon\" src=\"https:\/\/ga-p.com\/wp-content\/themes\/ga-p\/assets\/images\/arrow-open.svg\" \/>\n        <\/div>\n    <\/div>\n<\/a>\n                            <\/div>\n                                                    <div class=\"swiper-slide y2021\">\n                                <a style=\"text-decoration: none\" href=\"https:\/\/ga-p.com\/en\/news\/ga_p-advises-ferrovial-on-the-acquisition-of-a-solar-farm-from-infrared\/\">\n    <div class=\"noticiaCard\">\n        <div class=\"content\">\n            <div class=\"tag\">NEWS<\/div>\n            <div class=\"titulo\">\n                GA_P advises Ferrovial on the acquisition of a solar farm from Infrared            <\/div>\n            <div class=\"excerpt\">\n                G\u00f3mez-Acebo &amp; Pombo has advised Ferrovial on the acquisition of a solar farm from Infrared, a photovoltaic project to be developed, called Casilla Solar, located in Valencina de la Concepci\u00f3n, Seville. The project has a capacity of 49.3 megawatts (MW). The company will use this facility for self-consumption of its assets in Spain and Portugal&#8230;            <\/div>\n            <div class=\"fecha d-flex align-items-center gap-2\">\n                <img decoding=\"async\" alt=\"icon\" src=\"https:\/\/ga-p.com\/wp-content\/themes\/ga-p\/assets\/images\/clock-icon.svg\" \/>\n                03 Nov, 2021            <\/div>\n\n\n                            <div class=\"author d-flex align-items-center gap-2\">\n                    <img decoding=\"async\" alt=\"icon\" src=\"https:\/\/ga-p.com\/wp-content\/themes\/ga-p\/assets\/images\/author-icon.svg\" \/><span>\n                    Ver\u00f3nica Roman\u00ed, Diego Mart\u00ednez Colino, \u00cd\u00f1igo Valdenebro, Remedios Garci\u0301a                <\/span><\/div>\n            \n        <\/div>\n        <div class=\"openCard me-0 ms-auto\">\n            <img decoding=\"async\" alt=\"icon\" src=\"https:\/\/ga-p.com\/wp-content\/themes\/ga-p\/assets\/images\/arrow-open.svg\" \/>\n            <img decoding=\"async\" alt=\"icon\" src=\"https:\/\/ga-p.com\/wp-content\/themes\/ga-p\/assets\/images\/arrow-open.svg\" \/>\n        <\/div>\n    <\/div>\n<\/a>\n                            <\/div>\n                                                    <div class=\"swiper-slide y2021\">\n                                <a style=\"text-decoration: none\" href=\"https:\/\/ga-p.com\/en\/news\/top-60-business-lawyers-in-iberia-iberian-lawyer\/\">\n    <div class=\"noticiaCard\">\n        <div class=\"content\">\n            <div class=\"tag\">NEWS<\/div>\n            <div class=\"titulo\">\n                Top 60 Business Lawyers in Iberia | Iberian Lawyer            <\/div>\n            <div class=\"excerpt\">\n                Our partners Augusto Pi\u00f1el and Ver\u00f3nica Roman\u00ed have been recognised by Iberian Lawyer among the 60 best lawyers in Business Law in Iberia. See full magazine            <\/div>\n            <div class=\"fecha d-flex align-items-center gap-2\">\n                <img decoding=\"async\" alt=\"icon\" src=\"https:\/\/ga-p.com\/wp-content\/themes\/ga-p\/assets\/images\/clock-icon.svg\" \/>\n                08 Oct, 2021            <\/div>\n\n\n                            <div class=\"author d-flex align-items-center gap-2\">\n                    <img decoding=\"async\" alt=\"icon\" src=\"https:\/\/ga-p.com\/wp-content\/themes\/ga-p\/assets\/images\/author-icon.svg\" \/><span>\n                    Augusto Pi\u00f1el, Ver\u00f3nica Roman\u00ed                <\/span><\/div>\n            \n        <\/div>\n        <div class=\"openCard me-0 ms-auto\">\n            <img decoding=\"async\" alt=\"icon\" src=\"https:\/\/ga-p.com\/wp-content\/themes\/ga-p\/assets\/images\/arrow-open.svg\" \/>\n            <img decoding=\"async\" alt=\"icon\" src=\"https:\/\/ga-p.com\/wp-content\/themes\/ga-p\/assets\/images\/arrow-open.svg\" \/>\n        <\/div>\n    <\/div>\n<\/a>\n                            <\/div>\n                                                    <div class=\"swiper-slide y2021\">\n                                <a style=\"text-decoration: none\" href=\"https:\/\/ga-p.com\/en\/news\/ga_p-advises-octopus-energy-on-the-acquisition-of-umeme\/\">\n    <div class=\"noticiaCard\">\n        <div class=\"content\">\n            <div class=\"tag\">NEWS<\/div>\n            <div class=\"titulo\">\n                GA_P advises Octopus Energy on the acquisition of Umeme            <\/div>\n            <div class=\"excerpt\">\n                G\u00f3mez-Acebo &amp; Pombo has advised Octopus Energy Group Limited, a British energy company, on the acquisition of Umeme, a 100% renewable electricity supplier. Octopus is a sustainable energy technology company, which started operations in 2015 and currently has more than 2,300,000 customers in the UK, operating in 6 countries. The acquisition of Umeme aims to&#8230;            <\/div>\n            <div class=\"fecha d-flex align-items-center gap-2\">\n                <img decoding=\"async\" alt=\"icon\" src=\"https:\/\/ga-p.com\/wp-content\/themes\/ga-p\/assets\/images\/clock-icon.svg\" \/>\n                05 Aug, 2021            <\/div>\n\n\n                            <div class=\"author d-flex align-items-center gap-2\">\n                    <img decoding=\"async\" alt=\"icon\" src=\"https:\/\/ga-p.com\/wp-content\/themes\/ga-p\/assets\/images\/author-icon.svg\" \/><span>\n                    Ver\u00f3nica Roman\u00ed, Jos\u00e9 Francisco Canalejas, Estibaliz Aranburu                <\/span><\/div>\n            \n        <\/div>\n        <div class=\"openCard me-0 ms-auto\">\n            <img decoding=\"async\" alt=\"icon\" src=\"https:\/\/ga-p.com\/wp-content\/themes\/ga-p\/assets\/images\/arrow-open.svg\" \/>\n            <img decoding=\"async\" alt=\"icon\" src=\"https:\/\/ga-p.com\/wp-content\/themes\/ga-p\/assets\/images\/arrow-open.svg\" \/>\n        <\/div>\n    <\/div>\n<\/a>\n                            <\/div>\n                                                    <div class=\"swiper-slide y2021\">\n                                <a style=\"text-decoration: none\" href=\"https:\/\/ga-p.com\/en\/news\/ga_p-advises-dhamma-energy-on-the-sale-of-its-spanish-business-to-eni-gas-e-luce\/\">\n    <div class=\"noticiaCard\">\n        <div class=\"content\">\n            <div class=\"tag\">NEWS<\/div>\n            <div class=\"titulo\">\n                GA_P advises Dhamma Energy on the sale of its Spanish business to Eni gas e luce            <\/div>\n            <div class=\"excerpt\">\n                G\u00f3mez-Acebo &amp; Pombo has advised Dhamma Energy on the sale of its business in Spain to Eni gas e luce. This transaction also includes the sale of Dhamma business in France, advised by Fieldfisher. Dhamma Energy is an independent solar power producer that has developed more than 650 MW of PV projects to date. The&#8230;            <\/div>\n            <div class=\"fecha d-flex align-items-center gap-2\">\n                <img decoding=\"async\" alt=\"icon\" src=\"https:\/\/ga-p.com\/wp-content\/themes\/ga-p\/assets\/images\/clock-icon.svg\" \/>\n                27 Jul, 2021            <\/div>\n\n\n                            <div class=\"author d-flex align-items-center gap-2\">\n                    <img decoding=\"async\" alt=\"icon\" src=\"https:\/\/ga-p.com\/wp-content\/themes\/ga-p\/assets\/images\/author-icon.svg\" \/><span>\n                    , Ver\u00f3nica Roman\u00ed                <\/span><\/div>\n            \n        <\/div>\n        <div class=\"openCard me-0 ms-auto\">\n            <img decoding=\"async\" alt=\"icon\" src=\"https:\/\/ga-p.com\/wp-content\/themes\/ga-p\/assets\/images\/arrow-open.svg\" \/>\n            <img decoding=\"async\" alt=\"icon\" src=\"https:\/\/ga-p.com\/wp-content\/themes\/ga-p\/assets\/images\/arrow-open.svg\" \/>\n        <\/div>\n    <\/div>\n<\/a>\n                            <\/div>\n                                                    <div class=\"swiper-slide y2021\">\n                                <a style=\"text-decoration: none\" href=\"https:\/\/ga-p.com\/en\/news\/ga_p-advises-triodos-bank-on-the-first-self-consumption-project-finance-for-younergy\/\">\n    <div class=\"noticiaCard\">\n        <div class=\"content\">\n            <div class=\"tag\">NEWS<\/div>\n            <div class=\"titulo\">\n                GA_P advises Triodos Bank on the first self-consumption project finance for Younergy            <\/div>\n            <div class=\"excerpt\">\n                G\u00f3mez-Acebo &amp; Pombo advises Triodos Bank on the first self-consumption project finance for Younergy, which finances projects in the photovoltaic market. Triodos Bank, a recurring client of the firm, is a European benchmark in ethical banking. The operation will finance the operation of photovoltaic installations for self-consumption by companies in Spain, through 10 new construction&#8230;            <\/div>\n            <div class=\"fecha d-flex align-items-center gap-2\">\n                <img decoding=\"async\" alt=\"icon\" src=\"https:\/\/ga-p.com\/wp-content\/themes\/ga-p\/assets\/images\/clock-icon.svg\" \/>\n                05 Jul, 2021            <\/div>\n\n\n                            <div class=\"author d-flex align-items-center gap-2\">\n                    <img decoding=\"async\" alt=\"icon\" src=\"https:\/\/ga-p.com\/wp-content\/themes\/ga-p\/assets\/images\/author-icon.svg\" \/><span>\n                    Ver\u00f3nica Roman\u00ed                <\/span><\/div>\n            \n        <\/div>\n        <div class=\"openCard me-0 ms-auto\">\n            <img decoding=\"async\" alt=\"icon\" src=\"https:\/\/ga-p.com\/wp-content\/themes\/ga-p\/assets\/images\/arrow-open.svg\" \/>\n            <img decoding=\"async\" alt=\"icon\" src=\"https:\/\/ga-p.com\/wp-content\/themes\/ga-p\/assets\/images\/arrow-open.svg\" \/>\n        <\/div>\n    <\/div>\n<\/a>\n                            <\/div>\n                                                    <div class=\"swiper-slide y2021\">\n                                <a style=\"text-decoration: none\" href=\"https:\/\/ga-p.com\/en\/news\/veronica-romani-recognised-in-iflr1000-women-leaders-for-2021\/\">\n    <div class=\"noticiaCard\">\n        <div class=\"content\">\n            <div class=\"tag\">NEWS<\/div>\n            <div class=\"titulo\">\n                Ver\u00f3nica Roman\u00ed recognised in IFLR1000 Women Leaders for 2021            <\/div>\n            <div class=\"excerpt\">\n                The fourth edition of the IFRL1000 Women Leaders guide has recently been released, in which Ver\u00f3nica Roman\u00ed, Partner and co-head of the Energy and Project Finance group of G\u00f3mez-Acebo y Pombo, is recognised as one of the most outstanding female lawyers in Spain in the areas covered by the directory: financial and corporate transactions and&#8230;            <\/div>\n            <div class=\"fecha d-flex align-items-center gap-2\">\n                <img decoding=\"async\" alt=\"icon\" src=\"https:\/\/ga-p.com\/wp-content\/themes\/ga-p\/assets\/images\/clock-icon.svg\" \/>\n                06 May, 2021            <\/div>\n\n\n            \n        <\/div>\n        <div class=\"openCard me-0 ms-auto\">\n            <img decoding=\"async\" alt=\"icon\" src=\"https:\/\/ga-p.com\/wp-content\/themes\/ga-p\/assets\/images\/arrow-open.svg\" \/>\n            <img decoding=\"async\" alt=\"icon\" src=\"https:\/\/ga-p.com\/wp-content\/themes\/ga-p\/assets\/images\/arrow-open.svg\" \/>\n        <\/div>\n    <\/div>\n<\/a>\n                            <\/div>\n                                                    <div class=\"swiper-slide y2021\">\n                                <a style=\"text-decoration: none\" href=\"https:\/\/ga-p.com\/en\/news\/ga_p-has-advised-dif-capital-partners-on-the-acquisition-of-a-wind-project-located-in-uruguay\/\">\n    <div class=\"noticiaCard\">\n        <div class=\"content\">\n            <div class=\"tag\">NEWS<\/div>\n            <div class=\"titulo\">\n                GA_P has advised DIF Capital Partners on the acquisition of a wind project located in Uruguay            <\/div>\n            <div class=\"excerpt\">\n                G\u00f3mez-Acebo &amp; Pombo has advised DIF Capital Partners on the acquisition of a wind project with 117MW of capacity located in Uruguay from ENERCON. The project contains 50 Enercon E-92 of 2,35MW turbines and has been operating since October 2015 with a PPA contract of 100MW for 20 years with UTE, a public company from&#8230;            <\/div>\n            <div class=\"fecha d-flex align-items-center gap-2\">\n                <img decoding=\"async\" alt=\"icon\" src=\"https:\/\/ga-p.com\/wp-content\/themes\/ga-p\/assets\/images\/clock-icon.svg\" \/>\n                06 Apr, 2021            <\/div>\n\n\n            \n        <\/div>\n        <div class=\"openCard me-0 ms-auto\">\n            <img decoding=\"async\" alt=\"icon\" src=\"https:\/\/ga-p.com\/wp-content\/themes\/ga-p\/assets\/images\/arrow-open.svg\" \/>\n            <img decoding=\"async\" alt=\"icon\" src=\"https:\/\/ga-p.com\/wp-content\/themes\/ga-p\/assets\/images\/arrow-open.svg\" \/>\n        <\/div>\n    <\/div>\n<\/a>\n                            <\/div>\n                                                    <div class=\"swiper-slide y2020\">\n                                <a style=\"text-decoration: none\" href=\"https:\/\/ga-p.com\/en\/news\/gomez-acebo-pombo-advises-kobus-partners-in-the-investment-of-its-second-fund\/\">\n    <div class=\"noticiaCard\">\n        <div class=\"content\">\n            <div class=\"tag\">NEWS<\/div>\n            <div class=\"titulo\">\n                G\u00f3mez-Acebo &#038; Pombo advises Kobus Partners in the investment of its second fund            <\/div>\n            <div class=\"excerpt\">\n                G\u00f3mez-Acebo &amp; Pombo advises the private equity firm Kobus Partners, which specialises in renewable energy and infrastructure, on the acquisition of four photovoltaic plants in Valladolid, Huelva, Seville and C\u00f3rdoba. The team advising on the deal was formed by Ver\u00f3nica Roman\u00ed Sancho, partner of Banking and Capital Markets and Diego Mart\u00ednez Colino, Pablo Castresana and&#8230;            <\/div>\n            <div class=\"fecha d-flex align-items-center gap-2\">\n                <img decoding=\"async\" alt=\"icon\" src=\"https:\/\/ga-p.com\/wp-content\/themes\/ga-p\/assets\/images\/clock-icon.svg\" \/>\n                24 Nov, 2020            <\/div>\n\n\n            \n        <\/div>\n        <div class=\"openCard me-0 ms-auto\">\n            <img decoding=\"async\" alt=\"icon\" src=\"https:\/\/ga-p.com\/wp-content\/themes\/ga-p\/assets\/images\/arrow-open.svg\" \/>\n            <img decoding=\"async\" alt=\"icon\" src=\"https:\/\/ga-p.com\/wp-content\/themes\/ga-p\/assets\/images\/arrow-open.svg\" \/>\n        <\/div>\n    <\/div>\n<\/a>\n                            <\/div>\n                                            <\/div>\n                <\/div>\n            <\/div>\n                    <\/div>\n    <div class=\"swiperPagination\">\n        <div class=\"container\">\n            <div class=\"row\">\n                <div class=\"col-6 col-lg-12 swiperBulletsMobile\">\n                    <div class=\"swiperBullets swiperRecPagination active\" data-bullets=\"#nav-reconocimientos\"><\/div>\n                    <div class=\"swiperBullets swiperNotPagination\" data-bullets=\"#nav-noticias\"><\/div>\n                    <div class=\"swiperBullets swiperComPagination\" data-bullets=\"#nav-comit\u00e9s\"><\/div>\n                <\/div>\n                <div class=\"d-block d-lg-none col-6 swiperArrowsMobile\">\n                    <div class=\"swiperRecArrows swiperArrows active\" data-arrows=\"#nav-reconocimientos\">\n                        <div class=\"d-flex align-items-center gap-4 justify-content-end\">\n                            <div class=\"swiper-button-prev\"><img decoding=\"async\" alt=\"icon\" src=\"https:\/\/ga-p.com\/wp-content\/themes\/ga-p\/assets\/images\/slider-arrow.svg\" \/><\/div>\n                            <div class=\"swiper-button-next\"><img decoding=\"async\" alt=\"icon\" src=\"https:\/\/ga-p.com\/wp-content\/themes\/ga-p\/assets\/images\/slider-arrow.svg\" \/><\/div>\n                        <\/div>\n                    <\/div>\n                    <div class=\"swiperNotArrows swiperArrows\" data-arrows=\"#nav-noticias\">\n                        <div class=\"d-flex align-items-center gap-4 justify-content-end\">\n                            <div class=\"swiper-button-prev\"><img decoding=\"async\" alt=\"icon\" src=\"https:\/\/ga-p.com\/wp-content\/themes\/ga-p\/assets\/images\/slider-arrow.svg\" \/><\/div>\n                            <div class=\"swiper-button-next\"><img decoding=\"async\" alt=\"icon\" src=\"https:\/\/ga-p.com\/wp-content\/themes\/ga-p\/assets\/images\/slider-arrow.svg\" \/><\/div>\n                        <\/div>\n                    <\/div>\n                    <div class=\"swiperComArrows swiperArrows\" data-arrows=\"#nav-comit\u00e9s\">\n                        <div class=\"d-flex align-items-center gap-4 justify-content-end\">\n                            <div class=\"swiper-button-prev\"><img decoding=\"async\" alt=\"icon\" src=\"https:\/\/ga-p.com\/wp-content\/themes\/ga-p\/assets\/images\/slider-arrow.svg\" \/><\/div>\n                            <div class=\"swiper-button-next\"><img decoding=\"async\" alt=\"icon\" src=\"https:\/\/ga-p.com\/wp-content\/themes\/ga-p\/assets\/images\/slider-arrow.svg\" \/><\/div>\n                        <\/div>\n                    <\/div>\n                <\/div>\n            <\/div>\n        <\/div>\n    <\/div>\n<\/div>\n\n<script>\n    const opciones_participacion_array = [\n                {label: '2026', value: 'y2026'},\n                {label: '2025', value: 'y2025'},\n                {label: '2024', value: 'y2024'},\n                {label: '2023', value: 'y2023'},\n                {label: '2022', value: 'y2022'},\n                {label: '2021', value: 'y2021'},\n                {label: '2020', value: 'y2020'},\n                {label: '2019', value: 'y2019'},\n                {label: '2018', value: 'y2018'},\n            ]\n<\/script>\n\n        ","protected":false},"excerpt":{"rendered":"","protected":false},"featured_media":295947,"template":"","cargo":[201],"cargo-por-genero":[299],"personas-categoria":[225],"class_list":["post-67946","persona","type-persona","status-publish","has-post-thumbnail","hentry","cargo-partner-en","cargo-por-genero-partner","personas-categoria-management-counsel"],"acf":[],"yoast_head":"<!-- This site is optimized with the Yoast SEO plugin v27.3 - https:\/\/yoast.com\/product\/yoast-seo-wordpress\/ -->\n<title>Ver\u00f3nica Roman\u00ed - Despacho de abogados G\u00f3mez-Acebo y Pombo<\/title>\n<meta name=\"description\" content=\"Ver\u00f3nica is a partner in the Banking and Finance practice and head of Energy. She has extensive experience in energy and infrastructure related transactions.\" \/>\n<meta name=\"robots\" content=\"index, follow, max-snippet:-1, max-image-preview:large, max-video-preview:-1\" \/>\n<link rel=\"canonical\" href=\"https:\/\/ga-p.com\/en\/person\/veronica-romani\/\" \/>\n<meta property=\"og:locale\" content=\"en_US\" \/>\n<meta property=\"og:type\" content=\"article\" \/>\n<meta property=\"og:title\" content=\"Ver\u00f3nica Roman\u00ed - Despacho de abogados G\u00f3mez-Acebo y Pombo\" \/>\n<meta property=\"og:description\" content=\"Ver\u00f3nica is a partner in the Banking and Finance practice and head of Energy. She has extensive experience in energy and infrastructure related transactions.\" \/>\n<meta property=\"og:url\" content=\"https:\/\/ga-p.com\/en\/person\/veronica-romani\/\" \/>\n<meta property=\"og:site_name\" content=\"Despacho de abogados G\u00f3mez-Acebo y Pombo\" \/>\n<meta property=\"article:modified_time\" content=\"2025-02-03T12:17:07+00:00\" \/>\n<meta property=\"og:image\" content=\"https:\/\/ga-p.com\/wp-content\/uploads\/2024\/06\/Varonica-Romani.png\" \/>\n\t<meta property=\"og:image:width\" content=\"424\" \/>\n\t<meta property=\"og:image:height\" content=\"424\" \/>\n\t<meta property=\"og:image:type\" content=\"image\/png\" \/>\n<meta name=\"twitter:card\" content=\"summary_large_image\" \/>\n<meta name=\"twitter:label1\" content=\"Est. reading time\" \/>\n\t<meta name=\"twitter:data1\" content=\"2 minutes\" \/>\n<script type=\"application\/ld+json\" class=\"yoast-schema-graph\">{\"@context\":\"https:\\\/\\\/schema.org\",\"@graph\":[{\"@type\":\"WebPage\",\"@id\":\"https:\\\/\\\/ga-p.com\\\/en\\\/person\\\/veronica-romani\\\/\",\"url\":\"https:\\\/\\\/ga-p.com\\\/en\\\/person\\\/veronica-romani\\\/\",\"name\":\"Ver\u00f3nica Roman\u00ed - Despacho de abogados G\u00f3mez-Acebo y Pombo\",\"isPartOf\":{\"@id\":\"https:\\\/\\\/ga-p.com\\\/en\\\/#website\"},\"primaryImageOfPage\":{\"@id\":\"https:\\\/\\\/ga-p.com\\\/en\\\/person\\\/veronica-romani\\\/#primaryimage\"},\"image\":{\"@id\":\"https:\\\/\\\/ga-p.com\\\/en\\\/person\\\/veronica-romani\\\/#primaryimage\"},\"thumbnailUrl\":\"https:\\\/\\\/ga-p.com\\\/wp-content\\\/uploads\\\/2024\\\/06\\\/Varonica-Romani.png\",\"datePublished\":\"2024-06-26T12:35:09+00:00\",\"dateModified\":\"2025-02-03T12:17:07+00:00\",\"description\":\"Ver\u00f3nica is a partner in the Banking and Finance practice and head of Energy. She has extensive experience in energy and infrastructure related transactions.\",\"breadcrumb\":{\"@id\":\"https:\\\/\\\/ga-p.com\\\/en\\\/person\\\/veronica-romani\\\/#breadcrumb\"},\"inLanguage\":\"en-US\",\"potentialAction\":[{\"@type\":\"ReadAction\",\"target\":[\"https:\\\/\\\/ga-p.com\\\/en\\\/person\\\/veronica-romani\\\/\"]}]},{\"@type\":\"ImageObject\",\"inLanguage\":\"en-US\",\"@id\":\"https:\\\/\\\/ga-p.com\\\/en\\\/person\\\/veronica-romani\\\/#primaryimage\",\"url\":\"https:\\\/\\\/ga-p.com\\\/wp-content\\\/uploads\\\/2024\\\/06\\\/Varonica-Romani.png\",\"contentUrl\":\"https:\\\/\\\/ga-p.com\\\/wp-content\\\/uploads\\\/2024\\\/06\\\/Varonica-Romani.png\",\"width\":424,\"height\":424,\"caption\":\"Varonica Romani\u0301\"},{\"@type\":\"BreadcrumbList\",\"@id\":\"https:\\\/\\\/ga-p.com\\\/en\\\/person\\\/veronica-romani\\\/#breadcrumb\",\"itemListElement\":[{\"@type\":\"ListItem\",\"position\":1,\"name\":\"Portada\",\"item\":\"https:\\\/\\\/ga-p.com\\\/en\\\/\"},{\"@type\":\"ListItem\",\"position\":2,\"name\":\"Ver\u00f3nica Roman\u00ed\"}]},{\"@type\":\"WebSite\",\"@id\":\"https:\\\/\\\/ga-p.com\\\/en\\\/#website\",\"url\":\"https:\\\/\\\/ga-p.com\\\/en\\\/\",\"name\":\"Despacho de abogados G\u00f3mez-Acebo & Pombo\",\"description\":\"G\u00f3mez-Acebo y Pombo es una firma de abogados independiente, con experiencia internacional, especializada en todas las \u00e1reas del derecho de los negocio.\",\"publisher\":{\"@id\":\"https:\\\/\\\/ga-p.com\\\/en\\\/#organization\"},\"potentialAction\":[{\"@type\":\"SearchAction\",\"target\":{\"@type\":\"EntryPoint\",\"urlTemplate\":\"https:\\\/\\\/ga-p.com\\\/en\\\/?s={search_term_string}\"},\"query-input\":{\"@type\":\"PropertyValueSpecification\",\"valueRequired\":true,\"valueName\":\"search_term_string\"}}],\"inLanguage\":\"en-US\"},{\"@type\":\"Organization\",\"@id\":\"https:\\\/\\\/ga-p.com\\\/en\\\/#organization\",\"name\":\"Despacho de abogados G\u00f3mez-Acebo & Pombo\",\"url\":\"https:\\\/\\\/ga-p.com\\\/en\\\/\",\"logo\":{\"@type\":\"ImageObject\",\"inLanguage\":\"en-US\",\"@id\":\"https:\\\/\\\/ga-p.com\\\/en\\\/#\\\/schema\\\/logo\\\/image\\\/\",\"url\":\"https:\\\/\\\/ga-p.com\\\/wp-content\\\/uploads\\\/2024\\\/09\\\/Logo-1-1.svg\",\"contentUrl\":\"https:\\\/\\\/ga-p.com\\\/wp-content\\\/uploads\\\/2024\\\/09\\\/Logo-1-1.svg\",\"caption\":\"Despacho de abogados G\u00f3mez-Acebo & Pombo\"},\"image\":{\"@id\":\"https:\\\/\\\/ga-p.com\\\/en\\\/#\\\/schema\\\/logo\\\/image\\\/\"}}]}<\/script>\n<!-- \/ Yoast SEO plugin. -->","yoast_head_json":{"title":"Ver\u00f3nica Roman\u00ed - Despacho de abogados G\u00f3mez-Acebo y Pombo","description":"Ver\u00f3nica is a partner in the Banking and Finance practice and head of Energy. She has extensive experience in energy and infrastructure related transactions.","robots":{"index":"index","follow":"follow","max-snippet":"max-snippet:-1","max-image-preview":"max-image-preview:large","max-video-preview":"max-video-preview:-1"},"canonical":"https:\/\/ga-p.com\/en\/person\/veronica-romani\/","og_locale":"en_US","og_type":"article","og_title":"Ver\u00f3nica Roman\u00ed - Despacho de abogados G\u00f3mez-Acebo y Pombo","og_description":"Ver\u00f3nica is a partner in the Banking and Finance practice and head of Energy. She has extensive experience in energy and infrastructure related transactions.","og_url":"https:\/\/ga-p.com\/en\/person\/veronica-romani\/","og_site_name":"Despacho de abogados G\u00f3mez-Acebo y Pombo","article_modified_time":"2025-02-03T12:17:07+00:00","og_image":[{"width":424,"height":424,"url":"https:\/\/ga-p.com\/wp-content\/uploads\/2024\/06\/Varonica-Romani.png","type":"image\/png"}],"twitter_card":"summary_large_image","twitter_misc":{"Est. reading time":"2 minutes"},"schema":{"@context":"https:\/\/schema.org","@graph":[{"@type":"WebPage","@id":"https:\/\/ga-p.com\/en\/person\/veronica-romani\/","url":"https:\/\/ga-p.com\/en\/person\/veronica-romani\/","name":"Ver\u00f3nica Roman\u00ed - Despacho de abogados G\u00f3mez-Acebo y Pombo","isPartOf":{"@id":"https:\/\/ga-p.com\/en\/#website"},"primaryImageOfPage":{"@id":"https:\/\/ga-p.com\/en\/person\/veronica-romani\/#primaryimage"},"image":{"@id":"https:\/\/ga-p.com\/en\/person\/veronica-romani\/#primaryimage"},"thumbnailUrl":"https:\/\/ga-p.com\/wp-content\/uploads\/2024\/06\/Varonica-Romani.png","datePublished":"2024-06-26T12:35:09+00:00","dateModified":"2025-02-03T12:17:07+00:00","description":"Ver\u00f3nica is a partner in the Banking and Finance practice and head of Energy. She has extensive experience in energy and infrastructure related transactions.","breadcrumb":{"@id":"https:\/\/ga-p.com\/en\/person\/veronica-romani\/#breadcrumb"},"inLanguage":"en-US","potentialAction":[{"@type":"ReadAction","target":["https:\/\/ga-p.com\/en\/person\/veronica-romani\/"]}]},{"@type":"ImageObject","inLanguage":"en-US","@id":"https:\/\/ga-p.com\/en\/person\/veronica-romani\/#primaryimage","url":"https:\/\/ga-p.com\/wp-content\/uploads\/2024\/06\/Varonica-Romani.png","contentUrl":"https:\/\/ga-p.com\/wp-content\/uploads\/2024\/06\/Varonica-Romani.png","width":424,"height":424,"caption":"Varonica Romani\u0301"},{"@type":"BreadcrumbList","@id":"https:\/\/ga-p.com\/en\/person\/veronica-romani\/#breadcrumb","itemListElement":[{"@type":"ListItem","position":1,"name":"Portada","item":"https:\/\/ga-p.com\/en\/"},{"@type":"ListItem","position":2,"name":"Ver\u00f3nica Roman\u00ed"}]},{"@type":"WebSite","@id":"https:\/\/ga-p.com\/en\/#website","url":"https:\/\/ga-p.com\/en\/","name":"Despacho de abogados G\u00f3mez-Acebo & Pombo","description":"G\u00f3mez-Acebo y Pombo es una firma de abogados independiente, con experiencia internacional, especializada en todas las \u00e1reas del derecho de los negocio.","publisher":{"@id":"https:\/\/ga-p.com\/en\/#organization"},"potentialAction":[{"@type":"SearchAction","target":{"@type":"EntryPoint","urlTemplate":"https:\/\/ga-p.com\/en\/?s={search_term_string}"},"query-input":{"@type":"PropertyValueSpecification","valueRequired":true,"valueName":"search_term_string"}}],"inLanguage":"en-US"},{"@type":"Organization","@id":"https:\/\/ga-p.com\/en\/#organization","name":"Despacho de abogados G\u00f3mez-Acebo & Pombo","url":"https:\/\/ga-p.com\/en\/","logo":{"@type":"ImageObject","inLanguage":"en-US","@id":"https:\/\/ga-p.com\/en\/#\/schema\/logo\/image\/","url":"https:\/\/ga-p.com\/wp-content\/uploads\/2024\/09\/Logo-1-1.svg","contentUrl":"https:\/\/ga-p.com\/wp-content\/uploads\/2024\/09\/Logo-1-1.svg","caption":"Despacho de abogados G\u00f3mez-Acebo & Pombo"},"image":{"@id":"https:\/\/ga-p.com\/en\/#\/schema\/logo\/image\/"}}]}},"_links":{"self":[{"href":"https:\/\/ga-p.com\/en\/wp-json\/wp\/v2\/persona\/67946","targetHints":{"allow":["GET"]}}],"collection":[{"href":"https:\/\/ga-p.com\/en\/wp-json\/wp\/v2\/persona"}],"about":[{"href":"https:\/\/ga-p.com\/en\/wp-json\/wp\/v2\/types\/persona"}],"wp:featuredmedia":[{"embeddable":true,"href":"https:\/\/ga-p.com\/en\/wp-json\/wp\/v2\/media\/295947"}],"wp:attachment":[{"href":"https:\/\/ga-p.com\/en\/wp-json\/wp\/v2\/media?parent=67946"}],"wp:term":[{"taxonomy":"cargo","embeddable":true,"href":"https:\/\/ga-p.com\/en\/wp-json\/wp\/v2\/cargo?post=67946"},{"taxonomy":"cargo-por-genero","embeddable":true,"href":"https:\/\/ga-p.com\/en\/wp-json\/wp\/v2\/cargo-por-genero?post=67946"},{"taxonomy":"personas-categoria","embeddable":true,"href":"https:\/\/ga-p.com\/en\/wp-json\/wp\/v2\/personas-categoria?post=67946"}],"curies":[{"name":"wp","href":"https:\/\/api.w.org\/{rel}","templated":true}]}}