{"id":275691,"date":"2021-06-01T08:41:17","date_gmt":"2021-06-01T06:41:17","guid":{"rendered":"https:\/\/ga-p.servidortemporal.net\/publicacion\/radio-spectrum-700-mhz-band-auctioned-for-5g-technology-development-in-spain\/"},"modified":"2021-06-01T08:41:17","modified_gmt":"2021-06-01T06:41:17","slug":"radio-spectrum-700-mhz-band-auctioned-for-5g-technology-development-in-spain","status":"publish","type":"publicacion","link":"https:\/\/ga-p.com\/en\/publications\/radio-spectrum-700-mhz-band-auctioned-for-5g-technology-development-in-spain\/","title":{"rendered":"Radio spectrum (700 MHz band) auctioned for 5G technology development in Spain"},"content":{"rendered":"<div id=\"ColumnaMasSidebar-block_3911da15d4504e9db2cf6fd0c5a03c93\" class=\"ColumnaMasSidebar v1\">\n    <div class=\"container\">\n                <div class=\"hero-inner-blocks\">\n<div id=\"ColumnaIzquierda-block_46f3f11f8f4be4734f584b973da6cf76\" class=\"blanco ColumnaIzquierda\">\n    <div class=\"acf-innerblocks-container\">\n\nWith the aim of promoting 5G technology, the aforementioned Order ETD\/534\/2021 gives notice of a public auction and sets out the specifications and rules that will govern the bidding process for seven concessions for the exclusive use of the radio spectrum (State-owned property concessions) in the 700 MHz band (694 to 790 MHz).<br \/>\r\n<br \/>\r\nThe bidding will be conducted through a simultaneous ascending multi-round auction mechanism, which will be carried out via the Internet, using a secure Electronic Auction Platform (PES, for its acronym in Spanish).<br \/>\r\n<br \/>\r\nNatural or legal persons that hold the status of electronic communications operator, in accordance with the provisions of Articles 6 and 7 of the Telecommunications Act 9\/2014 of 9 May (notification to the Spanish Markets and Competition Authority and registration in the appropriate Register of operators), may bid in the auction.<br \/>\r\n<br \/>\r\nThe application (Schedule II to the referred Order) must be submitted at the gateway of the Ministry of Economic Affairs and Digital Transformation <strong>before 1 p.m. on 2 July 2021.<\/strong><br \/>\r\n<br \/>\r\nAmong other documents, bidders will have to provide proof to the Ministry of Economic Affairs and Digital Transformation of posting of the provisional guarantee in the form of a bond for the amount stated in clause 4.6 (different depending on the type of concession sought and the eligibility points requested).<br \/>\r\n<br \/>\r\nIn the operation of these concessions, any technology may be used (technological neutrality) and any type of electronic communications services may be provided (service neutrality).<br \/>\r\n<br \/>\r\nAll the State-owned property concessions are nationwide and are granted for a minimum period of twenty years, extendable once for a further twenty years, depending on the assessment of the criteria set out in the order (clause 19).<br \/>\r\n<br \/>\r\nThe cover targets provided in the notice must be reached by 30 June 2025 at the latest, with various intermediate milestones (cf. clauses 24 and 25).<br \/>\r\n<br \/>\r\nThe operation and use of the State-owned property concessions are carried out on a competitive basis and will be granted on a non-exclusive basis, meaning that the Public Administration may grant new concessions in the future, without this giving rise to any right to compensation in favour of the successful bidders.<br \/>\r\n<br \/>\r\n&nbsp;\n\n\n<p style=\"margin-top: 20px;\"><\/p>\n\n\n<\/div>\n<\/div>\n\n<div id=\"ColumnaSidebar-block_d8647792d3f49800ecdbc95a0052555e\" class=\"blanco ColumnaSidebar\">\n    <div class=\"acf-innerblocks-container\">\n\n\n<div id=\"NoticiaPublicacionInformacion-block_eb311fe177d77864e08913b8a5b5cc4f\" class=\"NoticiaPublicacionInformacion\">\n\n    <div class=\"personal_office\">\n        <div class=\"personal\">\n\n                            <div class=\"autores\">\n                    <div class=\"titleCategoria\">Autor\/s<\/div>\n                    <div class=\"out itemCont\">\n                                                                                                            <p class=\"item\">\n                                    <span class=\"rectangleBlu\"> <\/span>\n                                                                        <span class=\"nameAuthor text-decoration-none\">Ana I. Mendoza<\/span>\n                                                                        <span class=\"charge\"> &#8211; Conselho acad\u00e9mico<\/span>\n                                <\/p>\n                                                                        <\/div>\n                                    <\/div>\n            \n            \n                        <div class=\"categorias\">\n                <div class=\"titleCategoria\">Category<\/div>\n                                    <p class=\"item\">\n                        <span class=\"rectangleBlu\"> <\/span>\n                        <span class=\"nameAuthor text-decoration-none\">Legal News<\/span>\n                    <\/p>\n                            <\/div>\n            \n                        <div class=\"areas_sectores\">\n                <div class=\"titleCategoria\">Areas and sectors<\/div>\n                                                        <p class=\"item\">\n                        <span class=\"rectangleBlu\"> <\/span>\n                        <a href=\"https:\/\/ga-p.com\/en\/area\/public-law-and-regulated-sectors\/\" class=\"nameAuthor\">Public Law and Regulated Sectors<\/a>\n                    <\/p>\n                                                                                                <p class=\"item\">\n                            <span class=\"rectangleBlu\"> <\/span>\n                            <a href=\"https:\/\/ga-p.com\/en\/sector\/technology-media-and-telecommunications\/\" class=\"nameAuthor\">Technology, Media, and Telecommunications (TMT)<\/a>\n                        <\/p>\n                                                <\/div>\n                <\/div>\n<\/div>\n\n<\/div>\n<\/div>\n\n<\/div>\n\n    <\/div>\n\n<\/div>\n\n\n<div id=\"ColumnaMasSidebar-block_d0d0691ecd3ad8c7d00a6b4cfec96560\" class=\"ColumnaMasSidebar v1\">\n    <div class=\"container\">\n                <div class=\"hero-inner-blocks\">\n<div id=\"ColumnaIzquierda-block_46f3f11f8f4be4734f584b973da6cf76\" class=\"blanco ColumnaIzquierda\">\n    <div class=\"acf-innerblocks-container\">\n\n<div id=\"AnteriorSiguiente-block_4bd682e0d1d7ba71264ff53404cd2042\" class=\"AnteriorSiguiente\">\n\n\n            <div class=\"containerButtons\">\n            <a class=\"primaryCta prev \" href=\"https:\/\/ga-p.com\/en\/publications\/brussels-g-a-_-p-newsletter-may-2021\/\" target=\"_self\" title=\"prev post\">See previous                <img decoding=\"async\" alt=\"icon\" src=\"https:\/\/ga-p.com\/wp-content\/themes\/ga-p\/assets\/images\/arrow-left-primary.svg\" \/>\n            <\/a>\n            <a class=\"primaryCta next \" href=\"https:\/\/ga-p.com\/en\/publications\/digital-content-and-services-new-consumers-and-users-rights\/\" target=\"_self\" title=\"next post\">See next                <img decoding=\"async\" alt=\"icon\" src=\"https:\/\/ga-p.com\/wp-content\/themes\/ga-p\/assets\/images\/arrow-right-primary.svg\" \/>\n            <\/a>\n        <\/div>\n    <\/div>\n<\/div>\n<\/div>\n\n<div id=\"ColumnaSidebar-block_d8647792d3f49800ecdbc95a0052555e\" class=\"blanco ColumnaSidebar\">\n    <div class=\"acf-innerblocks-container\"><\/div>\n<\/div>\n\n<\/div>\n\n    <\/div>\n\n<\/div>\n","protected":false},"excerpt":{"rendered":"<p>Publication of Order ETD\/534\/2021, of 26 May, approving the technical specifications and the terms and criteria for award by auction of concessions for the non-shared use of the radio spectrum in the 700 MHz band and giving notice of the relevant auction<\/p>\n","protected":false},"featured_media":0,"template":"","publicacion_categoria":[124],"class_list":["post-275691","publicacion","type-publicacion","status-publish","hentry","publicacion_categoria-legal-news-en"],"acf":[],"yoast_head":"<!-- This site is optimized with the Yoast SEO plugin v27.3 - https:\/\/yoast.com\/product\/yoast-seo-wordpress\/ -->\n<title>Radio spectrum (700 MHz band) auctioned for 5G technology development in Spain - Despacho de abogados G\u00f3mez-Acebo y Pombo<\/title>\n<meta name=\"robots\" content=\"index, follow, max-snippet:-1, max-image-preview:large, max-video-preview:-1\" \/>\n<link rel=\"canonical\" href=\"https:\/\/ga-p.com\/en\/publications\/radio-spectrum-700-mhz-band-auctioned-for-5g-technology-development-in-spain\/\" \/>\n<meta property=\"og:locale\" content=\"en_US\" \/>\n<meta property=\"og:type\" content=\"article\" \/>\n<meta property=\"og:title\" content=\"Radio spectrum (700 MHz band) auctioned for 5G technology development in Spain - Despacho de abogados G\u00f3mez-Acebo y Pombo\" \/>\n<meta property=\"og:description\" content=\"Publication of Order ETD\/534\/2021, of 26 May, approving the technical specifications and the terms and criteria for award by auction of concessions for the non-shared use of the radio spectrum in the 700 MHz band and giving notice of the relevant auction\" \/>\n<meta property=\"og:url\" content=\"https:\/\/ga-p.com\/en\/publications\/radio-spectrum-700-mhz-band-auctioned-for-5g-technology-development-in-spain\/\" \/>\n<meta property=\"og:site_name\" content=\"Despacho de abogados G\u00f3mez-Acebo y Pombo\" \/>\n<meta name=\"twitter:card\" content=\"summary_large_image\" \/>\n<meta name=\"twitter:label1\" content=\"Est. reading time\" \/>\n\t<meta name=\"twitter:data1\" content=\"2 minutes\" \/>\n<script type=\"application\/ld+json\" class=\"yoast-schema-graph\">{\"@context\":\"https:\\\/\\\/schema.org\",\"@graph\":[{\"@type\":\"WebPage\",\"@id\":\"https:\\\/\\\/ga-p.com\\\/en\\\/publications\\\/radio-spectrum-700-mhz-band-auctioned-for-5g-technology-development-in-spain\\\/\",\"url\":\"https:\\\/\\\/ga-p.com\\\/en\\\/publications\\\/radio-spectrum-700-mhz-band-auctioned-for-5g-technology-development-in-spain\\\/\",\"name\":\"Radio spectrum (700 MHz band) auctioned for 5G technology development in Spain - Despacho de abogados G\u00f3mez-Acebo y Pombo\",\"isPartOf\":{\"@id\":\"https:\\\/\\\/ga-p.com\\\/en\\\/#website\"},\"datePublished\":\"2021-06-01T06:41:17+00:00\",\"breadcrumb\":{\"@id\":\"https:\\\/\\\/ga-p.com\\\/en\\\/publications\\\/radio-spectrum-700-mhz-band-auctioned-for-5g-technology-development-in-spain\\\/#breadcrumb\"},\"inLanguage\":\"en-US\",\"potentialAction\":[{\"@type\":\"ReadAction\",\"target\":[\"https:\\\/\\\/ga-p.com\\\/en\\\/publications\\\/radio-spectrum-700-mhz-band-auctioned-for-5g-technology-development-in-spain\\\/\"]}]},{\"@type\":\"BreadcrumbList\",\"@id\":\"https:\\\/\\\/ga-p.com\\\/en\\\/publications\\\/radio-spectrum-700-mhz-band-auctioned-for-5g-technology-development-in-spain\\\/#breadcrumb\",\"itemListElement\":[{\"@type\":\"ListItem\",\"position\":1,\"name\":\"Portada\",\"item\":\"https:\\\/\\\/ga-p.com\\\/en\\\/\"},{\"@type\":\"ListItem\",\"position\":2,\"name\":\"Radio spectrum (700 MHz band) auctioned for 5G technology development in Spain\"}]},{\"@type\":\"WebSite\",\"@id\":\"https:\\\/\\\/ga-p.com\\\/en\\\/#website\",\"url\":\"https:\\\/\\\/ga-p.com\\\/en\\\/\",\"name\":\"Despacho de abogados G\u00f3mez-Acebo & Pombo\",\"description\":\"G\u00f3mez-Acebo y Pombo es una firma de abogados independiente, con experiencia internacional, especializada en todas las \u00e1reas del derecho de los negocio.\",\"publisher\":{\"@id\":\"https:\\\/\\\/ga-p.com\\\/en\\\/#organization\"},\"potentialAction\":[{\"@type\":\"SearchAction\",\"target\":{\"@type\":\"EntryPoint\",\"urlTemplate\":\"https:\\\/\\\/ga-p.com\\\/en\\\/?s={search_term_string}\"},\"query-input\":{\"@type\":\"PropertyValueSpecification\",\"valueRequired\":true,\"valueName\":\"search_term_string\"}}],\"inLanguage\":\"en-US\"},{\"@type\":\"Organization\",\"@id\":\"https:\\\/\\\/ga-p.com\\\/en\\\/#organization\",\"name\":\"Despacho de abogados G\u00f3mez-Acebo & Pombo\",\"url\":\"https:\\\/\\\/ga-p.com\\\/en\\\/\",\"logo\":{\"@type\":\"ImageObject\",\"inLanguage\":\"en-US\",\"@id\":\"https:\\\/\\\/ga-p.com\\\/en\\\/#\\\/schema\\\/logo\\\/image\\\/\",\"url\":\"https:\\\/\\\/ga-p.com\\\/wp-content\\\/uploads\\\/2024\\\/09\\\/Logo-1-1.svg\",\"contentUrl\":\"https:\\\/\\\/ga-p.com\\\/wp-content\\\/uploads\\\/2024\\\/09\\\/Logo-1-1.svg\",\"caption\":\"Despacho de abogados G\u00f3mez-Acebo & Pombo\"},\"image\":{\"@id\":\"https:\\\/\\\/ga-p.com\\\/en\\\/#\\\/schema\\\/logo\\\/image\\\/\"}}]}<\/script>\n<!-- \/ Yoast SEO plugin. -->","yoast_head_json":{"title":"Radio spectrum (700 MHz band) auctioned for 5G technology development in Spain - Despacho de abogados G\u00f3mez-Acebo y Pombo","robots":{"index":"index","follow":"follow","max-snippet":"max-snippet:-1","max-image-preview":"max-image-preview:large","max-video-preview":"max-video-preview:-1"},"canonical":"https:\/\/ga-p.com\/en\/publications\/radio-spectrum-700-mhz-band-auctioned-for-5g-technology-development-in-spain\/","og_locale":"en_US","og_type":"article","og_title":"Radio spectrum (700 MHz band) auctioned for 5G technology development in Spain - Despacho de abogados G\u00f3mez-Acebo y Pombo","og_description":"Publication of Order ETD\/534\/2021, of 26 May, approving the technical specifications and the terms and criteria for award by auction of concessions for the non-shared use of the radio spectrum in the 700 MHz band and giving notice of the relevant auction","og_url":"https:\/\/ga-p.com\/en\/publications\/radio-spectrum-700-mhz-band-auctioned-for-5g-technology-development-in-spain\/","og_site_name":"Despacho de abogados G\u00f3mez-Acebo y Pombo","twitter_card":"summary_large_image","twitter_misc":{"Est. reading time":"2 minutes"},"schema":{"@context":"https:\/\/schema.org","@graph":[{"@type":"WebPage","@id":"https:\/\/ga-p.com\/en\/publications\/radio-spectrum-700-mhz-band-auctioned-for-5g-technology-development-in-spain\/","url":"https:\/\/ga-p.com\/en\/publications\/radio-spectrum-700-mhz-band-auctioned-for-5g-technology-development-in-spain\/","name":"Radio spectrum (700 MHz band) auctioned for 5G technology development in Spain - Despacho de abogados G\u00f3mez-Acebo y Pombo","isPartOf":{"@id":"https:\/\/ga-p.com\/en\/#website"},"datePublished":"2021-06-01T06:41:17+00:00","breadcrumb":{"@id":"https:\/\/ga-p.com\/en\/publications\/radio-spectrum-700-mhz-band-auctioned-for-5g-technology-development-in-spain\/#breadcrumb"},"inLanguage":"en-US","potentialAction":[{"@type":"ReadAction","target":["https:\/\/ga-p.com\/en\/publications\/radio-spectrum-700-mhz-band-auctioned-for-5g-technology-development-in-spain\/"]}]},{"@type":"BreadcrumbList","@id":"https:\/\/ga-p.com\/en\/publications\/radio-spectrum-700-mhz-band-auctioned-for-5g-technology-development-in-spain\/#breadcrumb","itemListElement":[{"@type":"ListItem","position":1,"name":"Portada","item":"https:\/\/ga-p.com\/en\/"},{"@type":"ListItem","position":2,"name":"Radio spectrum (700 MHz band) auctioned for 5G technology development in Spain"}]},{"@type":"WebSite","@id":"https:\/\/ga-p.com\/en\/#website","url":"https:\/\/ga-p.com\/en\/","name":"Despacho de abogados G\u00f3mez-Acebo & Pombo","description":"G\u00f3mez-Acebo y Pombo es una firma de abogados independiente, con experiencia internacional, especializada en todas las \u00e1reas del derecho de los negocio.","publisher":{"@id":"https:\/\/ga-p.com\/en\/#organization"},"potentialAction":[{"@type":"SearchAction","target":{"@type":"EntryPoint","urlTemplate":"https:\/\/ga-p.com\/en\/?s={search_term_string}"},"query-input":{"@type":"PropertyValueSpecification","valueRequired":true,"valueName":"search_term_string"}}],"inLanguage":"en-US"},{"@type":"Organization","@id":"https:\/\/ga-p.com\/en\/#organization","name":"Despacho de abogados G\u00f3mez-Acebo & Pombo","url":"https:\/\/ga-p.com\/en\/","logo":{"@type":"ImageObject","inLanguage":"en-US","@id":"https:\/\/ga-p.com\/en\/#\/schema\/logo\/image\/","url":"https:\/\/ga-p.com\/wp-content\/uploads\/2024\/09\/Logo-1-1.svg","contentUrl":"https:\/\/ga-p.com\/wp-content\/uploads\/2024\/09\/Logo-1-1.svg","caption":"Despacho de abogados G\u00f3mez-Acebo & Pombo"},"image":{"@id":"https:\/\/ga-p.com\/en\/#\/schema\/logo\/image\/"}}]}},"_links":{"self":[{"href":"https:\/\/ga-p.com\/en\/wp-json\/wp\/v2\/publicacion\/275691","targetHints":{"allow":["GET"]}}],"collection":[{"href":"https:\/\/ga-p.com\/en\/wp-json\/wp\/v2\/publicacion"}],"about":[{"href":"https:\/\/ga-p.com\/en\/wp-json\/wp\/v2\/types\/publicacion"}],"wp:attachment":[{"href":"https:\/\/ga-p.com\/en\/wp-json\/wp\/v2\/media?parent=275691"}],"wp:term":[{"taxonomy":"publicacion_categoria","embeddable":true,"href":"https:\/\/ga-p.com\/en\/wp-json\/wp\/v2\/publicacion_categoria?post=275691"}],"curies":[{"name":"wp","href":"https:\/\/api.w.org\/{rel}","templated":true}]}}