{"id":350033,"date":"2025-05-20T13:17:44","date_gmt":"2025-05-20T11:17:44","guid":{"rendered":"https:\/\/ga-p.com\/?post_type=publicacion&#038;p=350033"},"modified":"2025-06-11T13:09:00","modified_gmt":"2025-06-11T11:09:00","slug":"royal-decree-214-2025-obligation-to-calculate-carbon-footprints-draw-up-emission-reduction-plans-and-publicly-disclose-the-same","status":"publish","type":"publicacion","link":"https:\/\/ga-p.com\/en\/publications\/royal-decree-214-2025-obligation-to-calculate-carbon-footprints-draw-up-emission-reduction-plans-and-publicly-disclose-the-same\/","title":{"rendered":"Royal Decree 214\/2025: obligation to calculate carbon footprints, draw up emission reduction plans and publicly disclose the same"},"content":{"rendered":"<div id=\"ColumnaMasSidebar-block_382ba760bfb8a1be5e0854ca5db6472d\" class=\"ColumnaMasSidebar v1\">\n    <div class=\"container\">\n                <div class=\"hero-inner-blocks\">\n<div id=\"ColumnaIzquierda-block_6d40b75588f2ec3ce385df439f6b0e57\" class=\"blanco ColumnaIzquierda\">\n    <div class=\"acf-innerblocks-container\">\n\n<p>Royal Decree 214\/2025 does not create a new register, as its title suggests, but rather keeps and expands the one in place since 2014. What is truly new is the obligation imposed on specific companies and public bodies to calculate their carbon footprint and to draw up greenhouse gas emission reduction plans, as well as to publish the same.<\/p>\n\n\n\n<div id=\"Documento-block_98d9cd89ee3d5428c29a008598b402a5\" class=\"Documento\">\n    <div class=\"textImage col-12 col-lg-5 col-xl-6 col-xxl-7\">\n        <img decoding=\"async\" alt=\"icon\" src=\"https:\/\/ga-p.com\/wp-content\/themes\/ga-p\/assets\/images\/document-icon-blu.svg\" \/>\n        <div class=\"titulo\"><p>Download document<\/p>\n<\/div>\n    <\/div>\n    <div class=\"enlace\">\n                    <a class=\"primaryCta\" href=\"https:\/\/ga-p.com\/wp-content\/uploads\/2025\/05\/Real_Decreto_214_2025_eng-1.pdf\" target=\"_blank\">View document                <img decoding=\"async\" alt=\"icon\" src=\"https:\/\/ga-p.com\/wp-content\/themes\/ga-p\/assets\/images\/external-icon.svg\" \/>\n            <\/a>\n            <\/div>\n<\/div>\n\n<\/div>\n<\/div>\n\n\n<div id=\"ColumnaSidebar-block_7c8c6f1151f61daae62a7eef00bd3897\" class=\"blanco ColumnaSidebar\">\n    <div class=\"acf-innerblocks-container\">\n\n\n<div id=\"NoticiaPublicacionInformacion-block_f505f3c53ec9c0057bc029a4f49f691e\" class=\"NoticiaPublicacionInformacion\">\n\n    <div class=\"personal_office\">\n        <div class=\"personal\">\n\n                            <div class=\"autores\">\n                    <div class=\"titleCategoria\">Autor\/s<\/div>\n                    <div class=\"out itemCont\">\n                                                                                                            <p class=\"item\">\n                                    <span class=\"rectangleBlu\"> <\/span>\n                                                                        <span class=\"nameAuthor text-decoration-none\">Blanca Lozano<\/span>\n                                                                        <span class=\"charge\"> &#8211; Academic Counsel<\/span>\n                                <\/p>\n                                                                                                                                        <p class=\"item\">\n                                    <span class=\"rectangleBlu\"> <\/span>\n                                                                        <a href=\"https:\/\/ga-p.com\/en\/person\/helena-villena\/\" class=\"nameAuthor\">Helena Villena<\/a>\n                                                                        <span class=\"charge\"> &#8211; Senior associate<\/span>\n                                <\/p>\n                                                                        <\/div>\n                                    <\/div>\n            \n            \n                        <div class=\"categorias\">\n                <div class=\"titleCategoria\">Category<\/div>\n                                    <p class=\"item\">\n                        <span class=\"rectangleBlu\"> <\/span>\n                        <span class=\"nameAuthor text-decoration-none\">Analysis<\/span>\n                    <\/p>\n                            <\/div>\n            \n                        <div class=\"areas_sectores\">\n                <div class=\"titleCategoria\">Areas and sectors<\/div>\n                                                        <p class=\"item\">\n                        <span class=\"rectangleBlu\"> <\/span>\n                        <a href=\"https:\/\/ga-p.com\/en\/area\/public-law-and-regulated-sectors\/\" class=\"nameAuthor\">Public Law and Regulated Sectors<\/a>\n                    <\/p>\n                                        <p class=\"item\">\n                        <span class=\"rectangleBlu\"> <\/span>\n                        <a href=\"https:\/\/ga-p.com\/en\/area\/sustainability\/\" class=\"nameAuthor\">Sustainability<\/a>\n                    <\/p>\n                                                                <\/div>\n                <\/div>\n<\/div>\n\n<\/div>\n<\/div>\n\n<\/div>\n\n    <\/div>\n\n<\/div>\n\n\n<div id=\"ColumnaMasSidebar-block_df81acc386f017b2087ebc1400b1ea58\" class=\"ColumnaMasSidebar v1\">\n    <div class=\"container\">\n                <div class=\"hero-inner-blocks\">\n<div id=\"ColumnaIzquierda-block_6d40b75588f2ec3ce385df439f6b0e57\" class=\"blanco ColumnaIzquierda\">\n    <div class=\"acf-innerblocks-container\">\n\n<div id=\"AnteriorSiguiente-block_cfc4abab75589bf85405652cb389eb05\" class=\"AnteriorSiguiente\">\n\n\n            <div class=\"containerButtons\">\n            <a class=\"primaryCta prev \" href=\"https:\/\/ga-p.com\/en\/publications\/modification-of-concession-when-concessionaire-no-longer-has-in-housestatus-the-cjeu-clarifies-when-a-new-award-procedure-is-not-required\/\" target=\"_self\" title=\"prev post\">See previous                <img decoding=\"async\" alt=\"icon\" src=\"https:\/\/ga-p.com\/wp-content\/themes\/ga-p\/assets\/images\/arrow-left-primary.svg\" \/>\n            <\/a>\n            <a class=\"primaryCta next \" href=\"https:\/\/ga-p.com\/en\/publications\/secured-creditor-class-in-the-approval-of-a-pre-insolvency-restructuring-plan\/\" target=\"_self\" title=\"next post\">See next                <img decoding=\"async\" alt=\"icon\" src=\"https:\/\/ga-p.com\/wp-content\/themes\/ga-p\/assets\/images\/arrow-right-primary.svg\" \/>\n            <\/a>\n        <\/div>\n    <\/div>\n<\/div>\n<\/div>\n\n\n<div id=\"ColumnaSidebar-block_7c8c6f1151f61daae62a7eef00bd3897\" class=\"blanco ColumnaSidebar\">\n    <div class=\"acf-innerblocks-container\"><\/div>\n<\/div>\n\n<\/div>\n\n    <\/div>\n\n<\/div>\n\n\n\n\n<div id=\"CuadriculaPersonas-block_e7bc5b74ac53f3efa9eb7f821eec0cd2\" class=\"CuadriculaPersonas egeo\">\n            <div class=\"container\">\n            <div class=\"row\">\n                <div class=\"col-12\">\n                    <div class=\"title\"><\/div>\n                <\/div>\n            <\/div>\n            <div class=\"personasGrid\">\n                                        <div\n        class=\"personaCard  noDetail egeo\">\n        <div class=\"personaContent\">\n                            <div class=\"personaImage expandCardTrigger\"\n                    style=\"background:url(https:\/\/ga-p.com\/wp-content\/uploads\/2024\/05\/Fondo-personas-nueva-web.webp)\">\n                    <img fetchpriority=\"high\" decoding=\"async\" width=\"424\" height=\"424\" src=\"https:\/\/ga-p.com\/wp-content\/uploads\/2024\/06\/Blanca-Lozano-1.png\" class=\"\" alt=\"Blanca Lozano\" loading=\"eager\" srcset=\"https:\/\/ga-p.com\/wp-content\/uploads\/2024\/06\/Blanca-Lozano-1.png 424w, https:\/\/ga-p.com\/wp-content\/uploads\/2024\/06\/Blanca-Lozano-1-300x300.png 300w, https:\/\/ga-p.com\/wp-content\/uploads\/2024\/06\/Blanca-Lozano-1-150x150.png 150w\" sizes=\"(max-width: 424px) 100vw, 424px\" \/>                <\/div>\n                        <div class=\"personaInfo\">\n                <div class=\"name expandCardTrigger\">Blanca Lozano<\/div>\n                                    <div class=\"cargo\">Academic Counsel<\/div>\n                                <div class=\"specsCont\">\n                                            <div class=\"specs mb-2 d-flex align-items-center gap-2\">\n                                                            <img decoding=\"async\" class=\"image\" alt=\"email\"\n                                    src=\"https:\/\/ga-p.com\/wp-content\/themes\/ga-p\/assets\/images\/email-icon.svg\" \/>\n                                                        <a href=\"mailto:blozano@ga-p.com\">blozano@ga-p.com<\/a>\n                        <\/div>\n                                                                <div class=\"specs mb-2 d-flex align-items-center gap-2\">\n                                                            <img decoding=\"async\" class=\"image\"\n                                    src=\"https:\/\/ga-p.com\/wp-content\/themes\/ga-p\/assets\/images\/select-oficinas.svg\" \/>\n                                                        <a href=\"tel:(+34) 91 582 91 00\">Madrid<\/a>\n                        <\/div>\n                                    <\/div>\n            <\/div>\n            <div class=\"personaExtraInfo\" style=\"display: none\">\n                <div class=\"sectoresAreas w-100\">\n                                            <div class=\"areas\">\n                                                            <a\n                                    href=\"https:\/\/ga-p.com\/en\/area\/environment\/\">Environment<\/a>\n                                                    <\/div>\n                                    <\/div>\n            <\/div>\n        <\/div>\n                                    <img decoding=\"async\" class=\"expandCard align-self-start align-self-lg-end\" alt=\"icon\"\n                    src=\"https:\/\/ga-p.com\/wp-content\/themes\/ga-p\/assets\/images\/expand-card.svg\" \/>\n                <img decoding=\"async\" class=\"collapseCard align-self-start align-self-lg-end\" alt=\"icon\"\n                    src=\"https:\/\/ga-p.com\/wp-content\/themes\/ga-p\/assets\/images\/collapse-card.svg\" \/>\n                        <\/div>\n\n                                        <div\n        class=\"personaCard  egeo\">\n        <div class=\"personaContent\">\n                            <a href=\"https:\/\/ga-p.com\/en\/person\/helena-villena\/\">\n                    <div class=\"personaImage\"\n                        style=\"background:url(https:\/\/ga-p.com\/wp-content\/uploads\/2024\/05\/Fondo-personas-nueva-web.webp)\">\n                        <img decoding=\"async\" width=\"424\" height=\"424\" src=\"https:\/\/ga-p.com\/wp-content\/uploads\/2024\/06\/Helena-Villena-1.png\" class=\"\" alt=\"Helena Villena\" loading=\"eager\" srcset=\"https:\/\/ga-p.com\/wp-content\/uploads\/2024\/06\/Helena-Villena-1.png 424w, https:\/\/ga-p.com\/wp-content\/uploads\/2024\/06\/Helena-Villena-1-300x300.png 300w, https:\/\/ga-p.com\/wp-content\/uploads\/2024\/06\/Helena-Villena-1-150x150.png 150w\" sizes=\"(max-width: 424px) 100vw, 424px\" \/>                    <\/div>\n                <\/a>\n                        <div class=\"personaInfo\">\n                <a style=\"text-decoration: none;\" href=\"https:\/\/ga-p.com\/en\/person\/helena-villena\/\">\n                    <div class=\"name\">Helena Villena<\/div>\n                <\/a>\n                                    <div class=\"cargo\">Senior associate<\/div>\n                                                    <div class=\"specs mb-2 d-flex align-items-center gap-2\">\n                                                    <img decoding=\"async\" class=\"image\" alt=\"email\"\n                                src=\"https:\/\/ga-p.com\/wp-content\/themes\/ga-p\/assets\/images\/email-icon.svg\" \/>\n                                                <a href=\"mailto:hvillena@ga-p.com\">hvillena@ga-p.com<\/a>\n                    <\/div>\n                                                    <div class=\"specs mb-2 d-flex align-items-center gap-2\">\n                                                    <img decoding=\"async\" class=\"image\" src=\"https:\/\/ga-p.com\/wp-content\/themes\/ga-p\/assets\/images\/profession-icon.svg\" \/>\n                                                <div class=\"areas\">\n                                                            <a\n                                    href=\"https:\/\/ga-p.com\/en\/area\/environment\/\">Environment, <\/a>\n                                                            <a\n                                    href=\"https:\/\/ga-p.com\/en\/area\/public-law-and-regulated-sectors\/\">Public Law and Regulated Sectors<\/a>\n                                                    <\/div>\n                    <\/div>\n                                                    <div class=\"specs mb-2 d-flex align-items-center gap-2\">\n                                                    <img decoding=\"async\" class=\"image\" src=\"https:\/\/ga-p.com\/wp-content\/themes\/ga-p\/assets\/images\/select-oficinas.svg\" \/>\n                                                <a\n                            href=\"https:\/\/ga-p.com\/en\/office\/madrid\/\">Madrid<\/a>\n                    <\/div>\n                                                    <div class=\"specs mb-2 d-flex align-items-center gap-2\">\n                                                    <img decoding=\"async\" alt=\"icon\"\n                                src=\"https:\/\/ga-p.com\/wp-content\/themes\/ga-p\/assets\/images\/mobile-primary.svg\" \/>\n                                                <a href=\"tel:(+34) 91 582 91 00\">(+34) 91 582 91 00<\/a>\n                    <\/div>\n                            <\/div>\n        <\/div>\n\n        <a href=\"https:\/\/ga-p.com\/en\/person\/helena-villena\/\" class=\"align-self-start align-self-lg-end\">\n            <div class=\"openCard\">\n                                    <img decoding=\"async\" alt=\"icon\" src=\"https:\/\/ga-p.com\/wp-content\/themes\/ga-p\/assets\/images\/arrow-open.svg\" \/>\n                    <img decoding=\"async\" alt=\"icon\" src=\"https:\/\/ga-p.com\/wp-content\/themes\/ga-p\/assets\/images\/arrow-open.svg\" \/>\n                \n            <\/div>\n        <\/a>\n    <\/div>\n                            <\/div>\n            <div class=\"d-none\">\n                <div class=\"swiper swiperPers\">\n                    <div class=\"swiper-wrapper\">\n                                                    <div class=\"swiper-slide\">\n                                    <div\n        class=\"personaCard  noDetail egeo\">\n        <div class=\"personaContent\">\n                            <div class=\"personaImage expandCardTrigger\"\n                    style=\"background:url(https:\/\/ga-p.com\/wp-content\/uploads\/2024\/05\/Fondo-personas-nueva-web.webp)\">\n                    <img fetchpriority=\"high\" decoding=\"async\" width=\"424\" height=\"424\" src=\"https:\/\/ga-p.com\/wp-content\/uploads\/2024\/06\/Blanca-Lozano-1.png\" class=\"\" alt=\"Blanca Lozano\" loading=\"eager\" srcset=\"https:\/\/ga-p.com\/wp-content\/uploads\/2024\/06\/Blanca-Lozano-1.png 424w, https:\/\/ga-p.com\/wp-content\/uploads\/2024\/06\/Blanca-Lozano-1-300x300.png 300w, https:\/\/ga-p.com\/wp-content\/uploads\/2024\/06\/Blanca-Lozano-1-150x150.png 150w\" sizes=\"(max-width: 424px) 100vw, 424px\" \/>                <\/div>\n                        <div class=\"personaInfo\">\n                <div class=\"name expandCardTrigger\">Blanca Lozano<\/div>\n                                    <div class=\"cargo\">Academic Counsel<\/div>\n                                <div class=\"specsCont\">\n                                            <div class=\"specs mb-2 d-flex align-items-center gap-2\">\n                                                            <img decoding=\"async\" class=\"image\" alt=\"email\"\n                                    src=\"https:\/\/ga-p.com\/wp-content\/themes\/ga-p\/assets\/images\/email-icon.svg\" \/>\n                                                        <a href=\"mailto:blozano@ga-p.com\">blozano@ga-p.com<\/a>\n                        <\/div>\n                                                                <div class=\"specs mb-2 d-flex align-items-center gap-2\">\n                                                            <img decoding=\"async\" class=\"image\"\n                                    src=\"https:\/\/ga-p.com\/wp-content\/themes\/ga-p\/assets\/images\/select-oficinas.svg\" \/>\n                                                        <a href=\"tel:(+34) 91 582 91 00\">Madrid<\/a>\n                        <\/div>\n                                    <\/div>\n            <\/div>\n            <div class=\"personaExtraInfo\" style=\"display: none\">\n                <div class=\"sectoresAreas w-100\">\n                                            <div class=\"areas\">\n                                                            <a\n                                    href=\"https:\/\/ga-p.com\/en\/area\/environment\/\">Environment<\/a>\n                                                    <\/div>\n                                    <\/div>\n            <\/div>\n        <\/div>\n                                    <img decoding=\"async\" class=\"expandCard align-self-start align-self-lg-end\" alt=\"icon\"\n                    src=\"https:\/\/ga-p.com\/wp-content\/themes\/ga-p\/assets\/images\/expand-card.svg\" \/>\n                <img decoding=\"async\" class=\"collapseCard align-self-start align-self-lg-end\" alt=\"icon\"\n                    src=\"https:\/\/ga-p.com\/wp-content\/themes\/ga-p\/assets\/images\/collapse-card.svg\" \/>\n                        <\/div>\n\n                            <\/div>\n                                                    <div class=\"swiper-slide\">\n                                    <div\n        class=\"personaCard  egeo\">\n        <div class=\"personaContent\">\n                            <a href=\"https:\/\/ga-p.com\/en\/person\/helena-villena\/\">\n                    <div class=\"personaImage\"\n                        style=\"background:url(https:\/\/ga-p.com\/wp-content\/uploads\/2024\/05\/Fondo-personas-nueva-web.webp)\">\n                        <img decoding=\"async\" width=\"424\" height=\"424\" src=\"https:\/\/ga-p.com\/wp-content\/uploads\/2024\/06\/Helena-Villena-1.png\" class=\"\" alt=\"Helena Villena\" loading=\"eager\" srcset=\"https:\/\/ga-p.com\/wp-content\/uploads\/2024\/06\/Helena-Villena-1.png 424w, https:\/\/ga-p.com\/wp-content\/uploads\/2024\/06\/Helena-Villena-1-300x300.png 300w, https:\/\/ga-p.com\/wp-content\/uploads\/2024\/06\/Helena-Villena-1-150x150.png 150w\" sizes=\"(max-width: 424px) 100vw, 424px\" \/>                    <\/div>\n                <\/a>\n                        <div class=\"personaInfo\">\n                <a style=\"text-decoration: none;\" href=\"https:\/\/ga-p.com\/en\/person\/helena-villena\/\">\n                    <div class=\"name\">Helena Villena<\/div>\n                <\/a>\n                                    <div class=\"cargo\">Senior associate<\/div>\n                                                    <div class=\"specs mb-2 d-flex align-items-center gap-2\">\n                                                    <img decoding=\"async\" class=\"image\" alt=\"email\"\n                                src=\"https:\/\/ga-p.com\/wp-content\/themes\/ga-p\/assets\/images\/email-icon.svg\" \/>\n                                                <a href=\"mailto:hvillena@ga-p.com\">hvillena@ga-p.com<\/a>\n                    <\/div>\n                                                    <div class=\"specs mb-2 d-flex align-items-center gap-2\">\n                                                    <img decoding=\"async\" class=\"image\" src=\"https:\/\/ga-p.com\/wp-content\/themes\/ga-p\/assets\/images\/profession-icon.svg\" \/>\n                                                <div class=\"areas\">\n                                                            <a\n                                    href=\"https:\/\/ga-p.com\/en\/area\/environment\/\">Environment, <\/a>\n                                                            <a\n                                    href=\"https:\/\/ga-p.com\/en\/area\/public-law-and-regulated-sectors\/\">Public Law and Regulated Sectors<\/a>\n                                                    <\/div>\n                    <\/div>\n                                                    <div class=\"specs mb-2 d-flex align-items-center gap-2\">\n                                                    <img decoding=\"async\" class=\"image\" src=\"https:\/\/ga-p.com\/wp-content\/themes\/ga-p\/assets\/images\/select-oficinas.svg\" \/>\n                                                <a\n                            href=\"https:\/\/ga-p.com\/en\/office\/madrid\/\">Madrid<\/a>\n                    <\/div>\n                                                    <div class=\"specs mb-2 d-flex align-items-center gap-2\">\n                                                    <img decoding=\"async\" alt=\"icon\"\n                                src=\"https:\/\/ga-p.com\/wp-content\/themes\/ga-p\/assets\/images\/mobile-primary.svg\" \/>\n                                                <a href=\"tel:(+34) 91 582 91 00\">(+34) 91 582 91 00<\/a>\n                    <\/div>\n                            <\/div>\n        <\/div>\n\n        <a href=\"https:\/\/ga-p.com\/en\/person\/helena-villena\/\" class=\"align-self-start align-self-lg-end\">\n            <div class=\"openCard\">\n                                    <img decoding=\"async\" alt=\"icon\" src=\"https:\/\/ga-p.com\/wp-content\/themes\/ga-p\/assets\/images\/arrow-open.svg\" \/>\n                    <img decoding=\"async\" alt=\"icon\" src=\"https:\/\/ga-p.com\/wp-content\/themes\/ga-p\/assets\/images\/arrow-open.svg\" \/>\n                \n            <\/div>\n        <\/a>\n    <\/div>\n                            <\/div>\n                                            <\/div>\n                <\/div>\n                <div class=\"row align-items-center mt-4\">\n                    <div class=\"counter col-6\"><\/div>\n                    <div class=\"swiperArrowsPers col-6\">\n                        <div class=\"d-flex align-items-center gap-4 justify-content-end\">\n                            <div class=\"swiper-button-prev\"><img decoding=\"async\" alt=\"icon\" src=\"https:\/\/ga-p.com\/wp-content\/themes\/ga-p\/assets\/images\/slider-arrow.svg\" \/><\/div>\n                            <div class=\"swiper-button-next\"><img decoding=\"async\" alt=\"icon\" src=\"https:\/\/ga-p.com\/wp-content\/themes\/ga-p\/assets\/images\/slider-arrow.svg\" \/><\/div>\n                        <\/div>\n                    <\/div>\n                <\/div>\n            <\/div>\n        <\/div>\n    \n\n<\/div>\n","protected":false},"excerpt":{"rendered":"<p>Royal Decree 214\/2025 does not create a new register, as its title suggests, but rather keeps and expands the one in place since 2014. What is truly new is the obligation imposed on specific companies and public bodies to calculate their carbon footprint and to draw up greenhouse gas emission reduction plans, as well as to publish the same. <\/p>\n","protected":false},"featured_media":322569,"template":"","publicacion_categoria":[126],"class_list":["post-350033","publicacion","type-publicacion","status-publish","has-post-thumbnail","hentry","publicacion_categoria-analysis-en"],"acf":[],"yoast_head":"<!-- This site is optimized with the Yoast SEO plugin v27.3 - https:\/\/yoast.com\/product\/yoast-seo-wordpress\/ -->\n<title>Royal Decree 214\/2025: obligation to calculate carbon footprints, draw up emission reduction plans and publicly disclose the same - Despacho de abogados G\u00f3mez-Acebo y Pombo<\/title>\n<meta name=\"description\" content=\"Royal Decree 214\/2025 does not create a new register, as its title suggests, but rather keeps and expands the one in place since 2014. What is truly new is the obligation imposed on specific companies and public bodies to calculate their carbon footprint and to draw up greenhouse gas emission reduction plans, as well as to publish the same.\" \/>\n<meta name=\"robots\" content=\"index, follow, max-snippet:-1, max-image-preview:large, max-video-preview:-1\" \/>\n<link rel=\"canonical\" href=\"https:\/\/ga-p.com\/en\/publications\/royal-decree-214-2025-obligation-to-calculate-carbon-footprints-draw-up-emission-reduction-plans-and-publicly-disclose-the-same\/\" \/>\n<meta property=\"og:locale\" content=\"en_US\" \/>\n<meta property=\"og:type\" content=\"article\" \/>\n<meta property=\"og:title\" content=\"Royal Decree 214\/2025: obligation to calculate carbon footprints, draw up emission reduction plans and publicly disclose the same - Despacho de abogados G\u00f3mez-Acebo y Pombo\" \/>\n<meta property=\"og:description\" content=\"Royal Decree 214\/2025 does not create a new register, as its title suggests, but rather keeps and expands the one in place since 2014. What is truly new is the obligation imposed on specific companies and public bodies to calculate their carbon footprint and to draw up greenhouse gas emission reduction plans, as well as to publish the same.\" \/>\n<meta property=\"og:url\" content=\"https:\/\/ga-p.com\/en\/publications\/royal-decree-214-2025-obligation-to-calculate-carbon-footprints-draw-up-emission-reduction-plans-and-publicly-disclose-the-same\/\" \/>\n<meta property=\"og:site_name\" content=\"Despacho de abogados G\u00f3mez-Acebo y Pombo\" \/>\n<meta property=\"article:modified_time\" content=\"2025-06-11T11:09:00+00:00\" \/>\n<meta property=\"og:image\" content=\"https:\/\/ga-p.com\/wp-content\/uploads\/2024\/10\/Analysis.jpg\" \/>\n\t<meta property=\"og:image:width\" content=\"2500\" \/>\n\t<meta property=\"og:image:height\" content=\"1308\" \/>\n\t<meta property=\"og:image:type\" content=\"image\/jpeg\" \/>\n<meta name=\"twitter:card\" content=\"summary_large_image\" \/>\n<meta name=\"twitter:label1\" content=\"Est. reading time\" \/>\n\t<meta name=\"twitter:data1\" content=\"1 minute\" \/>\n<script type=\"application\/ld+json\" class=\"yoast-schema-graph\">{\"@context\":\"https:\\\/\\\/schema.org\",\"@graph\":[{\"@type\":\"WebPage\",\"@id\":\"https:\\\/\\\/ga-p.com\\\/en\\\/publications\\\/royal-decree-214-2025-obligation-to-calculate-carbon-footprints-draw-up-emission-reduction-plans-and-publicly-disclose-the-same\\\/\",\"url\":\"https:\\\/\\\/ga-p.com\\\/en\\\/publications\\\/royal-decree-214-2025-obligation-to-calculate-carbon-footprints-draw-up-emission-reduction-plans-and-publicly-disclose-the-same\\\/\",\"name\":\"Royal Decree 214\\\/2025: obligation to calculate carbon footprints, draw up emission reduction plans and publicly disclose the same - Despacho de abogados G\u00f3mez-Acebo y Pombo\",\"isPartOf\":{\"@id\":\"https:\\\/\\\/ga-p.com\\\/en\\\/#website\"},\"primaryImageOfPage\":{\"@id\":\"https:\\\/\\\/ga-p.com\\\/en\\\/publications\\\/royal-decree-214-2025-obligation-to-calculate-carbon-footprints-draw-up-emission-reduction-plans-and-publicly-disclose-the-same\\\/#primaryimage\"},\"image\":{\"@id\":\"https:\\\/\\\/ga-p.com\\\/en\\\/publications\\\/royal-decree-214-2025-obligation-to-calculate-carbon-footprints-draw-up-emission-reduction-plans-and-publicly-disclose-the-same\\\/#primaryimage\"},\"thumbnailUrl\":\"https:\\\/\\\/ga-p.com\\\/wp-content\\\/uploads\\\/2024\\\/10\\\/Analysis.jpg\",\"datePublished\":\"2025-05-20T11:17:44+00:00\",\"dateModified\":\"2025-06-11T11:09:00+00:00\",\"description\":\"Royal Decree 214\\\/2025 does not create a new register, as its title suggests, but rather keeps and expands the one in place since 2014. What is truly new is the obligation imposed on specific companies and public bodies to calculate their carbon footprint and to draw up greenhouse gas emission reduction plans, as well as to publish the same.\",\"breadcrumb\":{\"@id\":\"https:\\\/\\\/ga-p.com\\\/en\\\/publications\\\/royal-decree-214-2025-obligation-to-calculate-carbon-footprints-draw-up-emission-reduction-plans-and-publicly-disclose-the-same\\\/#breadcrumb\"},\"inLanguage\":\"en-US\",\"potentialAction\":[{\"@type\":\"ReadAction\",\"target\":[\"https:\\\/\\\/ga-p.com\\\/en\\\/publications\\\/royal-decree-214-2025-obligation-to-calculate-carbon-footprints-draw-up-emission-reduction-plans-and-publicly-disclose-the-same\\\/\"]}]},{\"@type\":\"ImageObject\",\"inLanguage\":\"en-US\",\"@id\":\"https:\\\/\\\/ga-p.com\\\/en\\\/publications\\\/royal-decree-214-2025-obligation-to-calculate-carbon-footprints-draw-up-emission-reduction-plans-and-publicly-disclose-the-same\\\/#primaryimage\",\"url\":\"https:\\\/\\\/ga-p.com\\\/wp-content\\\/uploads\\\/2024\\\/10\\\/Analysis.jpg\",\"contentUrl\":\"https:\\\/\\\/ga-p.com\\\/wp-content\\\/uploads\\\/2024\\\/10\\\/Analysis.jpg\",\"width\":2500,\"height\":1308},{\"@type\":\"BreadcrumbList\",\"@id\":\"https:\\\/\\\/ga-p.com\\\/en\\\/publications\\\/royal-decree-214-2025-obligation-to-calculate-carbon-footprints-draw-up-emission-reduction-plans-and-publicly-disclose-the-same\\\/#breadcrumb\",\"itemListElement\":[{\"@type\":\"ListItem\",\"position\":1,\"name\":\"Portada\",\"item\":\"https:\\\/\\\/ga-p.com\\\/en\\\/\"},{\"@type\":\"ListItem\",\"position\":2,\"name\":\"Royal Decree 214\\\/2025: obligation to calculate carbon footprints, draw up emission reduction plans and publicly disclose the same\"}]},{\"@type\":\"WebSite\",\"@id\":\"https:\\\/\\\/ga-p.com\\\/en\\\/#website\",\"url\":\"https:\\\/\\\/ga-p.com\\\/en\\\/\",\"name\":\"Despacho de abogados G\u00f3mez-Acebo & Pombo\",\"description\":\"G\u00f3mez-Acebo y Pombo es una firma de abogados independiente, con experiencia internacional, especializada en todas las \u00e1reas del derecho de los negocio.\",\"publisher\":{\"@id\":\"https:\\\/\\\/ga-p.com\\\/en\\\/#organization\"},\"potentialAction\":[{\"@type\":\"SearchAction\",\"target\":{\"@type\":\"EntryPoint\",\"urlTemplate\":\"https:\\\/\\\/ga-p.com\\\/en\\\/?s={search_term_string}\"},\"query-input\":{\"@type\":\"PropertyValueSpecification\",\"valueRequired\":true,\"valueName\":\"search_term_string\"}}],\"inLanguage\":\"en-US\"},{\"@type\":\"Organization\",\"@id\":\"https:\\\/\\\/ga-p.com\\\/en\\\/#organization\",\"name\":\"Despacho de abogados G\u00f3mez-Acebo & Pombo\",\"url\":\"https:\\\/\\\/ga-p.com\\\/en\\\/\",\"logo\":{\"@type\":\"ImageObject\",\"inLanguage\":\"en-US\",\"@id\":\"https:\\\/\\\/ga-p.com\\\/en\\\/#\\\/schema\\\/logo\\\/image\\\/\",\"url\":\"https:\\\/\\\/ga-p.com\\\/wp-content\\\/uploads\\\/2024\\\/09\\\/Logo-1-1.svg\",\"contentUrl\":\"https:\\\/\\\/ga-p.com\\\/wp-content\\\/uploads\\\/2024\\\/09\\\/Logo-1-1.svg\",\"caption\":\"Despacho de abogados G\u00f3mez-Acebo & Pombo\"},\"image\":{\"@id\":\"https:\\\/\\\/ga-p.com\\\/en\\\/#\\\/schema\\\/logo\\\/image\\\/\"}}]}<\/script>\n<!-- \/ Yoast SEO plugin. -->","yoast_head_json":{"title":"Royal Decree 214\/2025: obligation to calculate carbon footprints, draw up emission reduction plans and publicly disclose the same - Despacho de abogados G\u00f3mez-Acebo y Pombo","description":"Royal Decree 214\/2025 does not create a new register, as its title suggests, but rather keeps and expands the one in place since 2014. What is truly new is the obligation imposed on specific companies and public bodies to calculate their carbon footprint and to draw up greenhouse gas emission reduction plans, as well as to publish the same.","robots":{"index":"index","follow":"follow","max-snippet":"max-snippet:-1","max-image-preview":"max-image-preview:large","max-video-preview":"max-video-preview:-1"},"canonical":"https:\/\/ga-p.com\/en\/publications\/royal-decree-214-2025-obligation-to-calculate-carbon-footprints-draw-up-emission-reduction-plans-and-publicly-disclose-the-same\/","og_locale":"en_US","og_type":"article","og_title":"Royal Decree 214\/2025: obligation to calculate carbon footprints, draw up emission reduction plans and publicly disclose the same - Despacho de abogados G\u00f3mez-Acebo y Pombo","og_description":"Royal Decree 214\/2025 does not create a new register, as its title suggests, but rather keeps and expands the one in place since 2014. What is truly new is the obligation imposed on specific companies and public bodies to calculate their carbon footprint and to draw up greenhouse gas emission reduction plans, as well as to publish the same.","og_url":"https:\/\/ga-p.com\/en\/publications\/royal-decree-214-2025-obligation-to-calculate-carbon-footprints-draw-up-emission-reduction-plans-and-publicly-disclose-the-same\/","og_site_name":"Despacho de abogados G\u00f3mez-Acebo y Pombo","article_modified_time":"2025-06-11T11:09:00+00:00","og_image":[{"width":2500,"height":1308,"url":"https:\/\/ga-p.com\/wp-content\/uploads\/2024\/10\/Analysis.jpg","type":"image\/jpeg"}],"twitter_card":"summary_large_image","twitter_misc":{"Est. reading time":"1 minute"},"schema":{"@context":"https:\/\/schema.org","@graph":[{"@type":"WebPage","@id":"https:\/\/ga-p.com\/en\/publications\/royal-decree-214-2025-obligation-to-calculate-carbon-footprints-draw-up-emission-reduction-plans-and-publicly-disclose-the-same\/","url":"https:\/\/ga-p.com\/en\/publications\/royal-decree-214-2025-obligation-to-calculate-carbon-footprints-draw-up-emission-reduction-plans-and-publicly-disclose-the-same\/","name":"Royal Decree 214\/2025: obligation to calculate carbon footprints, draw up emission reduction plans and publicly disclose the same - Despacho de abogados G\u00f3mez-Acebo y Pombo","isPartOf":{"@id":"https:\/\/ga-p.com\/en\/#website"},"primaryImageOfPage":{"@id":"https:\/\/ga-p.com\/en\/publications\/royal-decree-214-2025-obligation-to-calculate-carbon-footprints-draw-up-emission-reduction-plans-and-publicly-disclose-the-same\/#primaryimage"},"image":{"@id":"https:\/\/ga-p.com\/en\/publications\/royal-decree-214-2025-obligation-to-calculate-carbon-footprints-draw-up-emission-reduction-plans-and-publicly-disclose-the-same\/#primaryimage"},"thumbnailUrl":"https:\/\/ga-p.com\/wp-content\/uploads\/2024\/10\/Analysis.jpg","datePublished":"2025-05-20T11:17:44+00:00","dateModified":"2025-06-11T11:09:00+00:00","description":"Royal Decree 214\/2025 does not create a new register, as its title suggests, but rather keeps and expands the one in place since 2014. What is truly new is the obligation imposed on specific companies and public bodies to calculate their carbon footprint and to draw up greenhouse gas emission reduction plans, as well as to publish the same.","breadcrumb":{"@id":"https:\/\/ga-p.com\/en\/publications\/royal-decree-214-2025-obligation-to-calculate-carbon-footprints-draw-up-emission-reduction-plans-and-publicly-disclose-the-same\/#breadcrumb"},"inLanguage":"en-US","potentialAction":[{"@type":"ReadAction","target":["https:\/\/ga-p.com\/en\/publications\/royal-decree-214-2025-obligation-to-calculate-carbon-footprints-draw-up-emission-reduction-plans-and-publicly-disclose-the-same\/"]}]},{"@type":"ImageObject","inLanguage":"en-US","@id":"https:\/\/ga-p.com\/en\/publications\/royal-decree-214-2025-obligation-to-calculate-carbon-footprints-draw-up-emission-reduction-plans-and-publicly-disclose-the-same\/#primaryimage","url":"https:\/\/ga-p.com\/wp-content\/uploads\/2024\/10\/Analysis.jpg","contentUrl":"https:\/\/ga-p.com\/wp-content\/uploads\/2024\/10\/Analysis.jpg","width":2500,"height":1308},{"@type":"BreadcrumbList","@id":"https:\/\/ga-p.com\/en\/publications\/royal-decree-214-2025-obligation-to-calculate-carbon-footprints-draw-up-emission-reduction-plans-and-publicly-disclose-the-same\/#breadcrumb","itemListElement":[{"@type":"ListItem","position":1,"name":"Portada","item":"https:\/\/ga-p.com\/en\/"},{"@type":"ListItem","position":2,"name":"Royal Decree 214\/2025: obligation to calculate carbon footprints, draw up emission reduction plans and publicly disclose the same"}]},{"@type":"WebSite","@id":"https:\/\/ga-p.com\/en\/#website","url":"https:\/\/ga-p.com\/en\/","name":"Despacho de abogados G\u00f3mez-Acebo & Pombo","description":"G\u00f3mez-Acebo y Pombo es una firma de abogados independiente, con experiencia internacional, especializada en todas las \u00e1reas del derecho de los negocio.","publisher":{"@id":"https:\/\/ga-p.com\/en\/#organization"},"potentialAction":[{"@type":"SearchAction","target":{"@type":"EntryPoint","urlTemplate":"https:\/\/ga-p.com\/en\/?s={search_term_string}"},"query-input":{"@type":"PropertyValueSpecification","valueRequired":true,"valueName":"search_term_string"}}],"inLanguage":"en-US"},{"@type":"Organization","@id":"https:\/\/ga-p.com\/en\/#organization","name":"Despacho de abogados G\u00f3mez-Acebo & Pombo","url":"https:\/\/ga-p.com\/en\/","logo":{"@type":"ImageObject","inLanguage":"en-US","@id":"https:\/\/ga-p.com\/en\/#\/schema\/logo\/image\/","url":"https:\/\/ga-p.com\/wp-content\/uploads\/2024\/09\/Logo-1-1.svg","contentUrl":"https:\/\/ga-p.com\/wp-content\/uploads\/2024\/09\/Logo-1-1.svg","caption":"Despacho de abogados G\u00f3mez-Acebo & Pombo"},"image":{"@id":"https:\/\/ga-p.com\/en\/#\/schema\/logo\/image\/"}}]}},"_links":{"self":[{"href":"https:\/\/ga-p.com\/en\/wp-json\/wp\/v2\/publicacion\/350033","targetHints":{"allow":["GET"]}}],"collection":[{"href":"https:\/\/ga-p.com\/en\/wp-json\/wp\/v2\/publicacion"}],"about":[{"href":"https:\/\/ga-p.com\/en\/wp-json\/wp\/v2\/types\/publicacion"}],"wp:featuredmedia":[{"embeddable":true,"href":"https:\/\/ga-p.com\/en\/wp-json\/wp\/v2\/media\/322569"}],"wp:attachment":[{"href":"https:\/\/ga-p.com\/en\/wp-json\/wp\/v2\/media?parent=350033"}],"wp:term":[{"taxonomy":"publicacion_categoria","embeddable":true,"href":"https:\/\/ga-p.com\/en\/wp-json\/wp\/v2\/publicacion_categoria?post=350033"}],"curies":[{"name":"wp","href":"https:\/\/api.w.org\/{rel}","templated":true}]}}