{"id":68469,"date":"2024-07-04T16:41:03","date_gmt":"2024-07-04T14:41:03","guid":{"rendered":"https:\/\/ga-p.com\/inicio\/"},"modified":"2026-08-12T11:36:57","modified_gmt":"2026-08-12T09:36:57","slug":"inicio","status":"publish","type":"page","link":"https:\/\/ga-p.com\/pt-pt\/","title":{"rendered":"Home"},"content":{"rendered":"<div id=\"InicioHeader-block_a613f106c32e333ea3a1e7896593b035\" class=\"InicioHeader\">\n    <div class=\"fullLogo\">G\u00f3mez-Acebo &#038; Pombo<\/div>\n    <div class=\"smallLogo\">\n        <div class=\"smallLogoUpper\">GA<span>_<\/span>P<\/div>\n        <div class=\"smallLogoSubtitle\">G\u00f3mez-Acebo &#038; Pombo<\/div>\n    <\/div>\n    <div class=\"scrollDown\">\n        SCROLL        <img decoding=\"async\" alt=\"icon\" src=\"https:\/\/ga-p.com\/wp-content\/themes\/ga-p\/assets\/images\/down-arrow.svg\" \/>\n    <\/div>\n    <div class=\"textContainer\">\n        <div class=\"container\">\n            <div class=\"row d-none d-lg-block\">\n                <div class=\"col-12 col-lg-7 ms-lg-auto\">\n                                            <div class=\"texto\"><p>SOMOS UMA EQUIPA EMPENHADA<br \/>\nQUE COMBINA DISCERNIMIENTO E INOVA\u00c7AO<br \/>\n<strong>PARA RESOLVER OS SEUS DESAFIOS JUR\u00cdDICOS<\/strong><\/p>\n<\/div>\n                                    <\/div>\n            <\/div>\n            <div class=\"row\">\n                <div class=\"col-12 col-lg-8\">\n                    <div class=\"pretitulo\">A sociedade que escolhemos<\/div>\n                    <div class=\"titulo\">SER<\/div>\n                <\/div>\n            <\/div>\n            <div class=\"row d-block d-lg-none\">\n                <div class=\"col-12 col-lg-7 ms-lg-auto\">\n                                            <div class=\"texto\"><p>SOMOS UMA EQUIPA EMPENHADA<br \/>\nQUE COMBINA DISCERNIMIENTO E INOVA\u00c7AO<br \/>\n<strong>PARA RESOLVER OS SEUS DESAFIOS JUR\u00cdDICOS<\/strong><\/p>\n<\/div>\n                                    <\/div>\n            <\/div>\n        <\/div>\n    <\/div>\n    <img decoding=\"async\" class=\"homeImage\" alt=\"image\" src=\"https:\/\/ga-p.com\/wp-content\/uploads\/2024\/05\/ricardo-gomez-angel-PzYiCWOHtfU-unsplash-1.webp\" \/>\n    <style>.InicioHeader{opacity:0;min-height:100dvh}<\/style>\n<\/div>\n\n\n\n<div id=\"Actualidad-block_d1676de71b7a2575010ad3f58debe6ed\" class=\"Actualidad\">\n    <div class=\"container\">\n        <div class=\"row align-items-end flex-column flex-lg-row titleRow\">\n            <div class=\"col-12 col-lg-8\">\n                <div class=\"title\"><h2 class='titulo'>ATUALIDADE<\/h2>\n<\/div>\n            <\/div>\n            <div class=\"col-12 col-lg-4\">\n                <div class=\"enlaces\">\n                                            <a href=\"https:\/\/ga-p.com\/pt-pt\/actualidade\/\" class=\"primaryCtaFull scaleFromLeft rotateIcon\">\n                            Ver mais not\u00edcias e eventos                            <img decoding=\"async\" alt=\"icon\" src=\"https:\/\/ga-p.com\/wp-content\/themes\/ga-p\/assets\/images\/arrow-right-2-white.svg\" \/>\n                        <\/a>\n                                                                <a href=\"https:\/\/ga-p.com\/pt-pt\/publicacoes\/\" class=\"primaryCta scaleFromLeft rotateIcon\">\n                            Publica\u00e7\u00f5es                            <img decoding=\"async\" alt=\"icon\" src=\"https:\/\/ga-p.com\/wp-content\/themes\/ga-p\/assets\/images\/arrow-right-primary.svg\" \/>\n                        <\/a>\n                                    <\/div>\n            <\/div>\n        <\/div>\n    <\/div>\n\n    <div class=\"eventSlideContainer\">\n        <!-- Contenedor para eventos cargados din\u00e1micamente -->\n        <div id=\"actualidad-events-container-block_d1676de71b7a2575010ad3f58debe6ed\" \n             class=\"actualidad-events-ajax-container\"\n             data-config='{&quot;evento_a_mostrar&quot;:&quot;ultimo&quot;,&quot;categorias&quot;:[],&quot;eventos&quot;:[],&quot;pagina_detalle&quot;:68512,&quot;nonce&quot;:&quot;6881e7d92d&quot;}'>\n            <!-- Los eventos se cargar\u00e1n aqu\u00ed v\u00eda AJAX -->\n            <img decoding=\"async\" src=\"https:\/\/ga-p.com\/wp-content\/themes\/ga-p\/assets\/images\/loadingImage.gif\" class=\"loadingImage active\" \/>\n        <\/div>\n        <div class=\"container-fluid\">\n            <div class=\"row\">\n                <div class=\"col-12 p-lg-0\">\n                    <div class=\"swiper mySwiper swiperActualidad\">\n                        <div class=\"swiper-wrapper\">\n                            <div class=\"swiper-slide lat-image\">\n                                <div class=\"imagen \" style=\"background:url(https:\/\/ga-p.com\/wp-content\/uploads\/2024\/05\/ricardo-gomez-angel-PzYiCWOHtfU-unsplash.webp)\"><\/div>\n                            <\/div>\n                                                                                                <div class=\"swiper-slide\">\n                                                                                        <a style=\"text-decoration: none\" href=\"https:\/\/ga-p.com\/pt-pt\/noticia\/nuno-oliveira-garcia-analisa-novas-regras-da-at-para-avaliacao-de-parques-eolicos-e-centrais-solares-jornal-de-negocios\/\">\n    <div class=\"noticiaCard\">\n        <div class=\"content\">\n            <div class=\"tag\">NOT\u00cdCIAS<\/div>\n            <div class=\"titulo\">\n                Nuno Oliveira Garcia analisa novas regras da AT para avalia\u00e7\u00e3o de parques e\u00f3licos e centrais solares | Jornal de Neg\u00f3cios            <\/div>\n            <div class=\"excerpt\">\n                Nuno Oliveira Garcia destaca que a nova orienta\u00e7\u00e3o da Autoridade Tribut\u00e1ria para a avalia\u00e7\u00e3o de parques e\u00f3licos e centrais solares representa uma mudan\u00e7a relevante na interpreta\u00e7\u00e3o do conceito de \u201cpr\u00e9dio\u201d para efeitos de IMI, passando a considerar os centros eletroprodutores renov\u00e1veis como uma universalidade de bens com valor econ\u00f3mico pr\u00f3prio.            <\/div>\n            <div class=\"fecha d-flex align-items-center gap-2\">\n                <img decoding=\"async\" alt=\"icon\" src=\"https:\/\/ga-p.com\/wp-content\/themes\/ga-p\/assets\/images\/clock-icon.svg\" \/>\n                19 Aug, 2026            <\/div>\n\n\n                            <div class=\"author d-flex align-items-center gap-2\">\n                    <img decoding=\"async\" alt=\"icon\" src=\"https:\/\/ga-p.com\/wp-content\/themes\/ga-p\/assets\/images\/author-icon.svg\" \/><span>\n                    Nuno de Oliveira Garcia                <\/span><\/div>\n            \n        <\/div>\n        <div class=\"openCard me-0 ms-auto\">\n            <img decoding=\"async\" alt=\"icon\" src=\"https:\/\/ga-p.com\/wp-content\/themes\/ga-p\/assets\/images\/arrow-open.svg\" \/>\n            <img decoding=\"async\" alt=\"icon\" src=\"https:\/\/ga-p.com\/wp-content\/themes\/ga-p\/assets\/images\/arrow-open.svg\" \/>\n        <\/div>\n    <\/div>\n<\/a>\n                                                                                    <\/div>\n                                                                    <div class=\"swiper-slide\">\n                                                                                        <a style=\"text-decoration: none\" href=\"https:\/\/ga-p.com\/pt-pt\/noticia\/gomez-acebo-pombo-y-la-fundacion-fernando-pombo-entre-las-mejores-iniciativas-pro-bono-de-los-xi-premios-expansion-juridico\/\">\n    <div class=\"noticiaCard\">\n        <div class=\"content\">\n            <div class=\"tag\">NOT\u00cdCIAS<\/div>\n            <div class=\"titulo\">\n                G\u00f3mez-Acebo &amp; Pombo se posiciona entre las mejores iniciativas Pro Bono de los XI Premios Expansi\u00f3n Jur\u00eddico | Expansi\u00f3n            <\/div>\n            <div class=\"excerpt\">\n                G\u00f3mez-Acebo &#038; Pombo y la Fundaci\u00f3n Fernando Pombo, entre las iniciativas finalistas de la categor\u00eda de Mejor Iniciativa Pro Bono de los XI Premios Expansi\u00f3n Jur\u00eddico            <\/div>\n            <div class=\"fecha d-flex align-items-center gap-2\">\n                <img decoding=\"async\" alt=\"icon\" src=\"https:\/\/ga-p.com\/wp-content\/themes\/ga-p\/assets\/images\/clock-icon.svg\" \/>\n                29 Jul, 2026            <\/div>\n\n\n            \n        <\/div>\n        <div class=\"openCard me-0 ms-auto\">\n            <img decoding=\"async\" alt=\"icon\" src=\"https:\/\/ga-p.com\/wp-content\/themes\/ga-p\/assets\/images\/arrow-open.svg\" \/>\n            <img decoding=\"async\" alt=\"icon\" src=\"https:\/\/ga-p.com\/wp-content\/themes\/ga-p\/assets\/images\/arrow-open.svg\" \/>\n        <\/div>\n    <\/div>\n<\/a>\n                                                                                    <\/div>\n                                                                    <div class=\"swiper-slide\">\n                                                                                        <a style=\"text-decoration: none\" href=\"https:\/\/ga-p.com\/pt-pt\/noticia\/chambers-high-net-worth-2026\/\">\n    <div class=\"noticiaCard\">\n        <div class=\"content\">\n            <div class=\"tag\">NOT\u00cdCIAS<\/div>\n            <div class=\"titulo\">\n                G\u00f3mez-Acebo &amp; Pombo consolida su reconocimiento en Chambers High Net Worth 2026            <\/div>\n            <div class=\"excerpt\">\n                Chambers High Net Worth 2026 reconoce a G\u00f3mez-Acebo &#038; Pombo y destaca a Guadalupe D\u00edaz-S\u00fanico y Javier Vinuesa en sus rankings individuales.            <\/div>\n            <div class=\"fecha d-flex align-items-center gap-2\">\n                <img decoding=\"async\" alt=\"icon\" src=\"https:\/\/ga-p.com\/wp-content\/themes\/ga-p\/assets\/images\/clock-icon.svg\" \/>\n                23 Jul, 2026            <\/div>\n\n\n                            <div class=\"author d-flex align-items-center gap-2\">\n                    <img decoding=\"async\" alt=\"icon\" src=\"https:\/\/ga-p.com\/wp-content\/themes\/ga-p\/assets\/images\/author-icon.svg\" \/><span>\n                    Javier Vinuesa, Guadalupe Di\u0301az-Su\u0301nico                <\/span><\/div>\n            \n        <\/div>\n        <div class=\"openCard me-0 ms-auto\">\n            <img decoding=\"async\" alt=\"icon\" src=\"https:\/\/ga-p.com\/wp-content\/themes\/ga-p\/assets\/images\/arrow-open.svg\" \/>\n            <img decoding=\"async\" alt=\"icon\" src=\"https:\/\/ga-p.com\/wp-content\/themes\/ga-p\/assets\/images\/arrow-open.svg\" \/>\n        <\/div>\n    <\/div>\n<\/a>\n                                                                                    <\/div>\n                                                                    <div class=\"swiper-slide\">\n                                                                                        <a style=\"text-decoration: none\" href=\"https:\/\/ga-p.com\/pt-pt\/noticia\/gomez-acebo-pombo-nominado-ft-innovative-lawyers-awards-europe-2026\/\">\n    <div class=\"noticiaCard\">\n        <div class=\"content\">\n            <div class=\"tag\">NOT\u00cdCIAS<\/div>\n            <div class=\"titulo\">\n                G\u00f3mez-Acebo &amp; Pombo, nomeado em cinco categorias dos FT Innovative Lawyers Awards Europe 2026            <\/div>\n            <div class=\"excerpt\">\n                A G\u00f3mez-Acebo &#038; Pombo foi nomeada em cinco categorias dos FT Innovative Lawyers Awards Europe 2026, reconhecendo o seu compromisso com a inova\u00e7\u00e3o jur\u00eddica e projetos de elevado impacto.            <\/div>\n            <div class=\"fecha d-flex align-items-center gap-2\">\n                <img decoding=\"async\" alt=\"icon\" src=\"https:\/\/ga-p.com\/wp-content\/themes\/ga-p\/assets\/images\/clock-icon.svg\" \/>\n                21 Jul, 2026            <\/div>\n\n\n            \n        <\/div>\n        <div class=\"openCard me-0 ms-auto\">\n            <img decoding=\"async\" alt=\"icon\" src=\"https:\/\/ga-p.com\/wp-content\/themes\/ga-p\/assets\/images\/arrow-open.svg\" \/>\n            <img decoding=\"async\" alt=\"icon\" src=\"https:\/\/ga-p.com\/wp-content\/themes\/ga-p\/assets\/images\/arrow-open.svg\" \/>\n        <\/div>\n    <\/div>\n<\/a>\n                                                                                    <\/div>\n                                                                    <div class=\"swiper-slide\">\n                                                                                        <a style=\"text-decoration: none\" href=\"https:\/\/ga-p.com\/pt-pt\/noticia\/gomez-acebo-pombo-asesora-velto-renewables-refinanciacion-cartera-solar-mas-800-millones\/\">\n    <div class=\"noticiaCard\">\n        <div class=\"content\">\n            <div class=\"tag\">NOT\u00cdCIAS<\/div>\n            <div class=\"titulo\">\n                G\u00f3mez-Acebo &amp; Pombo asesora a Velto Renewables en una refinanciaci\u00f3n de m\u00e1s de \u20ac800m            <\/div>\n            <div class=\"excerpt\">\n                GA_P ha asesorado a Velto Renewables en la refinanciaci\u00f3n de una cartera de 76 plantas solares en Espa\u00f1a y una financiaci\u00f3n de m\u00e1s de \u20ac800m.\n            <\/div>\n            <div class=\"fecha d-flex align-items-center gap-2\">\n                <img decoding=\"async\" alt=\"icon\" src=\"https:\/\/ga-p.com\/wp-content\/themes\/ga-p\/assets\/images\/clock-icon.svg\" \/>\n                16 Jul, 2026            <\/div>\n\n\n                            <div class=\"author d-flex align-items-center gap-2\">\n                    <img decoding=\"async\" alt=\"icon\" src=\"https:\/\/ga-p.com\/wp-content\/themes\/ga-p\/assets\/images\/author-icon.svg\" \/><span>\n                    Ver\u00f3nica Roman\u00ed, Jose\u0301 Francisco Canalejas, Juan Pe\u0301rez, Isabel Silva, Roberto Bustamante                <\/span><\/div>\n            \n        <\/div>\n        <div class=\"openCard me-0 ms-auto\">\n            <img decoding=\"async\" alt=\"icon\" src=\"https:\/\/ga-p.com\/wp-content\/themes\/ga-p\/assets\/images\/arrow-open.svg\" \/>\n            <img decoding=\"async\" alt=\"icon\" src=\"https:\/\/ga-p.com\/wp-content\/themes\/ga-p\/assets\/images\/arrow-open.svg\" \/>\n        <\/div>\n    <\/div>\n<\/a>\n                                                                                    <\/div>\n                                                                    <div class=\"swiper-slide\">\n                                                                                        <a style=\"text-decoration: none\" href=\"https:\/\/ga-p.com\/pt-pt\/noticia\/gomez-acebo-pombo-finalista-na-categoria-juridica-dos-500-iberia-awards-2026\/\">\n    <div class=\"noticiaCard\">\n        <div class=\"content\">\n            <div class=\"tag\">NOT\u00cdCIAS<\/div>\n            <div class=\"titulo\">\n                G\u00f3mez-Acebo &amp; Pombo \u00e9 finalista dos pr\u00e9mios Legal 500 Iberia Awards 2026            <\/div>\n            <div class=\"excerpt\">\n                \nA GA_P foi selecionada como finalista nos Legal 500 Iberia Awards 2026, com nomea\u00e7\u00f5es para o escrit\u00f3rio e para v\u00e1rios dos seus profissionais.            <\/div>\n            <div class=\"fecha d-flex align-items-center gap-2\">\n                <img decoding=\"async\" alt=\"icon\" src=\"https:\/\/ga-p.com\/wp-content\/themes\/ga-p\/assets\/images\/clock-icon.svg\" \/>\n                06 Jul, 2026            <\/div>\n\n\n                            <div class=\"author d-flex align-items-center gap-2\">\n                    <img decoding=\"async\" alt=\"icon\" src=\"https:\/\/ga-p.com\/wp-content\/themes\/ga-p\/assets\/images\/author-icon.svg\" \/><span>\n                    Ver\u00f3nica Roman\u00ed, Ainara Renteri\u0301a, Luis Lo\u0301pez, Pedro Poveda, Borja Carvajal, Ana Orondo, Irene Are\u0301valo, Mariana D\u00edaz-Moro, Daniel Reis, Vanessa Ferna\u0301ndez Lled\u00f3, Sof\u00eda Mart\u00ednez-Almeida, Enrique Isla                <\/span><\/div>\n            \n        <\/div>\n        <div class=\"openCard me-0 ms-auto\">\n            <img decoding=\"async\" alt=\"icon\" src=\"https:\/\/ga-p.com\/wp-content\/themes\/ga-p\/assets\/images\/arrow-open.svg\" \/>\n            <img decoding=\"async\" alt=\"icon\" src=\"https:\/\/ga-p.com\/wp-content\/themes\/ga-p\/assets\/images\/arrow-open.svg\" \/>\n        <\/div>\n    <\/div>\n<\/a>\n                                                                                    <\/div>\n                                                                    <div class=\"swiper-slide\">\n                                                                                        <a style=\"text-decoration: none\" href=\"https:\/\/ga-p.com\/pt-pt\/noticia\/ga_p-asesora-naiz-homes-azora-la-termica-malaga\/\">\n    <div class=\"noticiaCard\">\n        <div class=\"content\">\n            <div class=\"tag\">NOT\u00cdCIAS<\/div>\n            <div class=\"titulo\">\n                G\u00f3mez-Acebo &amp; Pombo asesora a Naiz Homes y Azora en la adquisici\u00f3n del desarrollo de La T\u00e9rmica en M\u00e1laga            <\/div>\n            <div class=\"excerpt\">\n                G\u00f3mez-Acebo &#038; Pombo ha asesorado a Naiz Homes y Azora en la adquisici\u00f3n de Nueva Marina Real Estate (NUMA), sociedad propietaria del desarrollo urban\u00edstico de La T\u00e9rmica, M\u00e1laga.            <\/div>\n            <div class=\"fecha d-flex align-items-center gap-2\">\n                <img decoding=\"async\" alt=\"icon\" src=\"https:\/\/ga-p.com\/wp-content\/themes\/ga-p\/assets\/images\/clock-icon.svg\" \/>\n                01 Jul, 2026            <\/div>\n\n\n                            <div class=\"author d-flex align-items-center gap-2\">\n                    <img decoding=\"async\" alt=\"icon\" src=\"https:\/\/ga-p.com\/wp-content\/themes\/ga-p\/assets\/images\/author-icon.svg\" \/><span>\n                    Jes\u00fas Iba\u00f1ez, Josep Ortiz, Carla Sancho-Tello, Ernesto Vidal, Javier de la Torre, \u00c1ngel Va\u00edllo, Emilio de Fuentes                <\/span><\/div>\n            \n        <\/div>\n        <div class=\"openCard me-0 ms-auto\">\n            <img decoding=\"async\" alt=\"icon\" src=\"https:\/\/ga-p.com\/wp-content\/themes\/ga-p\/assets\/images\/arrow-open.svg\" \/>\n            <img decoding=\"async\" alt=\"icon\" src=\"https:\/\/ga-p.com\/wp-content\/themes\/ga-p\/assets\/images\/arrow-open.svg\" \/>\n        <\/div>\n    <\/div>\n<\/a>\n                                                                                    <\/div>\n                                                                    <div class=\"swiper-slide\">\n                                                                                        <a style=\"text-decoration: none\" href=\"https:\/\/ga-p.com\/pt-pt\/noticia\/mejor-firma-ano-espana-women-business-law-awards-emea-2026\/\">\n    <div class=\"noticiaCard\">\n        <div class=\"content\">\n            <div class=\"tag\">NOT\u00cdCIAS<\/div>\n            <div class=\"titulo\">\n                A G\u00f3mez-Acebo &amp; Pombo recebe o pr\u00e9mio \u00abSpain Firm of the Year\u00bb nos IFLR Women in Business Law            <\/div>\n            <div class=\"excerpt\">\n                A G\u00f3mez-Acebo &#038; Pombo foi distinguida com o pr\u00e9mio \u00abMelhor Sociedade do Ano em Espanha\u00bb (Spain Firm of the Year) nos Women in Business Law Awards EMEA 2026, organizados pela IFLR em colabora\u00e7\u00e3o com a The Lawyer.            <\/div>\n            <div class=\"fecha d-flex align-items-center gap-2\">\n                <img decoding=\"async\" alt=\"icon\" src=\"https:\/\/ga-p.com\/wp-content\/themes\/ga-p\/assets\/images\/clock-icon.svg\" \/>\n                29 Jun, 2026            <\/div>\n\n\n            \n        <\/div>\n        <div class=\"openCard me-0 ms-auto\">\n            <img decoding=\"async\" alt=\"icon\" src=\"https:\/\/ga-p.com\/wp-content\/themes\/ga-p\/assets\/images\/arrow-open.svg\" \/>\n            <img decoding=\"async\" alt=\"icon\" src=\"https:\/\/ga-p.com\/wp-content\/themes\/ga-p\/assets\/images\/arrow-open.svg\" \/>\n        <\/div>\n    <\/div>\n<\/a>\n                                                                                    <\/div>\n                                                                    <div class=\"swiper-slide\">\n                                                                                        <a style=\"text-decoration: none\" href=\"https:\/\/ga-p.com\/pt-pt\/noticia\/ga_p-assessora-a-stay-na-venda-da-sociedade-a-realtime-reservation-rtr\/\">\n    <div class=\"noticiaCard\">\n        <div class=\"content\">\n            <div class=\"tag\">NOT\u00cdCIAS<\/div>\n            <div class=\"titulo\">\n                GA_P assessora a STAY na venda da sociedade \u00e0 RealTime Reservation (RTR).            <\/div>\n            <div class=\"excerpt\">\n                G\u00f3mez-Acebo &#038; Pombo assessorou os s\u00f3cios da STAY na venda de 100% da sociedade \u00e0 RealTime Reservation (RTR), l\u00edder em tecnologia de reservas para o setor hoteleiro. A aquisi\u00e7\u00e3o foi apoiada pelo fundo Wavecrest Growth Partners, uma firma de private equity growth especializada em software B2B, IA, dados e outros servi\u00e7os tecnol\u00f3gicos.            <\/div>\n            <div class=\"fecha d-flex align-items-center gap-2\">\n                <img decoding=\"async\" alt=\"icon\" src=\"https:\/\/ga-p.com\/wp-content\/themes\/ga-p\/assets\/images\/clock-icon.svg\" \/>\n                22 Jun, 2026            <\/div>\n\n\n                            <div class=\"author d-flex align-items-center gap-2\">\n                    <img decoding=\"async\" alt=\"icon\" src=\"https:\/\/ga-p.com\/wp-content\/themes\/ga-p\/assets\/images\/author-icon.svg\" \/><span>\n                    \u00c1lvaro Mateo Sixto, Carolina Posse Van Der Laat, Carles Armi\u00f1o, Luis Cuesta, Carmelo G\u00f3mez, Jesu\u0301s Tallos                <\/span><\/div>\n            \n        <\/div>\n        <div class=\"openCard me-0 ms-auto\">\n            <img decoding=\"async\" alt=\"icon\" src=\"https:\/\/ga-p.com\/wp-content\/themes\/ga-p\/assets\/images\/arrow-open.svg\" \/>\n            <img decoding=\"async\" alt=\"icon\" src=\"https:\/\/ga-p.com\/wp-content\/themes\/ga-p\/assets\/images\/arrow-open.svg\" \/>\n        <\/div>\n    <\/div>\n<\/a>\n                                                                                    <\/div>\n                                                                    <div class=\"swiper-slide\">\n                                                                                        <div class=\"publicacionTarjeta\">\n    <div class=\"content\">\n        <a class=\"tag\" href=\"https:\/\/ga-p.com\/blog-de-competencia\" >\n            PUBLICA\u00c7\u00c3O        <\/a>\n        <div class=\"titulo\">\n            Desafiar e executar senten\u00e7as arbitrais em Portugal \u2013 Guia GAR Know-How        <\/div>\n        <div class=\"excerpt\">\n            Desafiar e executar senten\u00e7as arbitrais em Portugal \u2013 Guia GAR Know-How        <\/div>\n        <div class=\"fecha d-flex align-items-center gap-2\">\n            <img decoding=\"async\" alt=\"icon\" src=\"https:\/\/ga-p.com\/wp-content\/themes\/ga-p\/assets\/images\/clock-icon-fum.svg\" \/>\n            17 Jul, 2026        <\/div>\n        \n    <\/div>\n    <a href=\"https:\/\/ga-p.com\/pt-pt\/publicacoes\/desafiar-e-executar-sentencas-arbitrais-em-portugal-guia-gar-know-how\/\" class=\"align-self-end\">\n        <div class=\"openCard\">\n            <img decoding=\"async\" alt=\"icon\" src=\"https:\/\/ga-p.com\/wp-content\/themes\/ga-p\/assets\/images\/arrow-open-fum.svg\" \/>\n            <img decoding=\"async\" alt=\"icon\" src=\"https:\/\/ga-p.com\/wp-content\/themes\/ga-p\/assets\/images\/arrow-open-fum.svg\" \/>\n        <\/div>\n    <\/a>\n<\/div>\n                                                                                <\/div>\n                                                                    <div class=\"swiper-slide\">\n                                                                                        <div class=\"publicacionTarjeta\">\n    <div class=\"content\">\n        <a class=\"tag\" href=\"https:\/\/ga-p.com\/blog-de-competencia\" >\n            PUBLICA\u00c7\u00c3O        <\/a>\n        <div class=\"titulo\">\n            Vis\u00e3o geral de litig\u00e2ncia civil em Portugal \u2013 Guia GAR Know-How        <\/div>\n        <div class=\"excerpt\">\n            Administrative modernisation, major infraestructure projects, defence and energy transition in the new cycle of Portuguese public law.        <\/div>\n        <div class=\"fecha d-flex align-items-center gap-2\">\n            <img decoding=\"async\" alt=\"icon\" src=\"https:\/\/ga-p.com\/wp-content\/themes\/ga-p\/assets\/images\/clock-icon-fum.svg\" \/>\n            11 Jun, 2026        <\/div>\n        \n    <\/div>\n    <a href=\"https:\/\/ga-p.com\/pt-pt\/publicacoes\/overview-of-civil-litigation-in-portugal-gar-know-how-guide\/\" class=\"align-self-end\">\n        <div class=\"openCard\">\n            <img decoding=\"async\" alt=\"icon\" src=\"https:\/\/ga-p.com\/wp-content\/themes\/ga-p\/assets\/images\/arrow-open-fum.svg\" \/>\n            <img decoding=\"async\" alt=\"icon\" src=\"https:\/\/ga-p.com\/wp-content\/themes\/ga-p\/assets\/images\/arrow-open-fum.svg\" \/>\n        <\/div>\n    <\/a>\n<\/div>\n                                                                                <\/div>\n                                                                    <div class=\"swiper-slide\">\n                                                                                        <div class=\"publicacionTarjeta\">\n    <div class=\"content\">\n        <a class=\"tag\" >\n            PUBLICA\u00c7\u00c3O        <\/a>\n        <div class=\"titulo\">\n            Diretiva Europeia sobre Transpar\u00eancia Salarial: o que as empresas devem come\u00e7ar a fazer j\u00e1        <\/div>\n        <div class=\"excerpt\">\n            A Diretiva Europeia sobre Transpar\u00eancia Salarial introduz um novo paradigma na forma como as empresas definem, justificam e comunicam a remunera\u00e7\u00e3o. O foco refor\u00e7ado na igualdade salarial, na transpar\u00eancia e na responsabiliza\u00e7\u00e3o dos empregadores exige mudan\u00e7as estruturais nas pol\u00edticas remunerat\u00f3rias, nos processos de recrutamento e na gest\u00e3o da informa\u00e7\u00e3o salarial.        <\/div>\n        <div class=\"fecha d-flex align-items-center gap-2\">\n            <img decoding=\"async\" alt=\"icon\" src=\"https:\/\/ga-p.com\/wp-content\/themes\/ga-p\/assets\/images\/clock-icon-fum.svg\" \/>\n            03 Mar, 2026        <\/div>\n        \n    <\/div>\n    <a href=\"https:\/\/ga-p.com\/pt-pt\/publicacoes\/diretiva-europeia-sobre-transparencia-salarial-o-que-as-empresas-devem-comecar-a-fazer-ja\/\" class=\"align-self-end\">\n        <div class=\"openCard\">\n            <img decoding=\"async\" alt=\"icon\" src=\"https:\/\/ga-p.com\/wp-content\/themes\/ga-p\/assets\/images\/arrow-open-fum.svg\" \/>\n            <img decoding=\"async\" alt=\"icon\" src=\"https:\/\/ga-p.com\/wp-content\/themes\/ga-p\/assets\/images\/arrow-open-fum.svg\" \/>\n        <\/div>\n    <\/a>\n<\/div>\n                                                                                <\/div>\n                                                                    <div class=\"swiper-slide\">\n                                                                                        <div class=\"publicacionTarjeta\">\n    <div class=\"content\">\n        <a class=\"tag\" >\n            PUBLICA\u00c7\u00c3O        <\/a>\n        <div class=\"titulo\">\n            Consulta p\u00fablica da ERSE para regulamentar o novo regime jur\u00eddico da mobilidade el\u00e9trica        <\/div>\n        <div class=\"excerpt\">\n            Est\u00e1 em curso (at\u00e9 25 de novembro de 2025) a consulta p\u00fablica relativa \u00e0s propostas da ERSE para regulamentar, principalmente atrav\u00e9s da altera\u00e7\u00e3o do Regulamento de Mobilidade El\u00e9trica, o novo regime da mobilidade el\u00e9trica previsto no Decreto-Lei 93\/2025, atrav\u00e9s e.g. (i) da introdu\u00e7\u00e3o de \u201cnovas figuras\u201d (PSME, EADME e pontos de entrega internos), (ii) da previs\u00e3o de um regime transit\u00f3rio em linha com o j\u00e1 previsto naquele Decreto-Lei, (iii) do refor\u00e7o das obriga\u00e7\u00f5es de transpar\u00eancia relativas aos pre\u00e7os e das obriga\u00e7\u00f5es de informa\u00e7\u00e3o p\u00fablica, e (iv) da clarifica\u00e7\u00e3o relativa \u00e0s tarifas de acesso \u00e0s redes e aos encargos com os equipamentos de medi\u00e7\u00e3o. Est\u00e1 ainda prevista a altera\u00e7\u00e3o ao Guia de Medi\u00e7\u00e3o, ao Regulamento do Autoconsumo e ao Regulamento de Qualidade de Servi\u00e7o.        <\/div>\n        <div class=\"fecha d-flex align-items-center gap-2\">\n            <img decoding=\"async\" alt=\"icon\" src=\"https:\/\/ga-p.com\/wp-content\/themes\/ga-p\/assets\/images\/clock-icon-fum.svg\" \/>\n            21 Oct, 2025        <\/div>\n        \n    <\/div>\n    <a href=\"https:\/\/ga-p.com\/pt-pt\/publicacoes\/consulta-publica-da-erse-para-regulamentar-o-novo-regime-juridico-da-mobilidade-eletrica\/\" class=\"align-self-end\">\n        <div class=\"openCard\">\n            <img decoding=\"async\" alt=\"icon\" src=\"https:\/\/ga-p.com\/wp-content\/themes\/ga-p\/assets\/images\/arrow-open-fum.svg\" \/>\n            <img decoding=\"async\" alt=\"icon\" src=\"https:\/\/ga-p.com\/wp-content\/themes\/ga-p\/assets\/images\/arrow-open-fum.svg\" \/>\n        <\/div>\n    <\/a>\n<\/div>\n                                                                                <\/div>\n                                                                    <div class=\"swiper-slide\">\n                                                                                        <div class=\"publicacionTarjeta\">\n    <div class=\"content\">\n        <a class=\"tag\" >\n            PUBLICA\u00c7\u00c3O        <\/a>\n        <div class=\"titulo\">\n            Consulta p\u00fablica do projeto de Decreto-Lei que transp\u00f5e a Diretiva RED III\u00a0e define metas nacionais para as energias renov\u00e1veis        <\/div>\n        <div class=\"excerpt\">\n            Est\u00e1 em curso (at\u00e9 25 de outubro de 2025) a consulta p\u00fablica relativa ao projeto de Decreto-Lei que (i) transp\u00f5e parcialmente a Diretiva RED III, (ii) fixa metas de renov\u00e1veis com objetivos setoriais para edif\u00edcios, ind\u00fastria, aquecimento\/arrefecimento e transportes, (iii) cria t\u00edtulos transacion\u00e1veis (TdB, TdC, TdE), (iv) refor\u00e7a\/inova os mecanismos de garantias de origem, (v) imp\u00f5e crit\u00e9rios de sustentabilidade e limiares de redu\u00e7\u00e3o de GEE, e (vi) prev\u00ea compensa\u00e7\u00f5es e coimas em caso de incumprimento.        <\/div>\n        <div class=\"fecha d-flex align-items-center gap-2\">\n            <img decoding=\"async\" alt=\"icon\" src=\"https:\/\/ga-p.com\/wp-content\/themes\/ga-p\/assets\/images\/clock-icon-fum.svg\" \/>\n            21 Oct, 2025        <\/div>\n        \n    <\/div>\n    <a href=\"https:\/\/ga-p.com\/pt-pt\/publicacoes\/consulta-publica-do-projeto-de-decreto-lei-que-transpoe-a-diretiva-red-iii-e-define-metas-nacionais-para-as-energias-renovaveis\/\" class=\"align-self-end\">\n        <div class=\"openCard\">\n            <img decoding=\"async\" alt=\"icon\" src=\"https:\/\/ga-p.com\/wp-content\/themes\/ga-p\/assets\/images\/arrow-open-fum.svg\" \/>\n            <img decoding=\"async\" alt=\"icon\" src=\"https:\/\/ga-p.com\/wp-content\/themes\/ga-p\/assets\/images\/arrow-open-fum.svg\" \/>\n        <\/div>\n    <\/a>\n<\/div>\n                                                                                <\/div>\n                                                                    <div class=\"swiper-slide\">\n                                                                                        <div class=\"publicacionTarjeta\">\n    <div class=\"content\">\n        <a class=\"tag\" >\n            PUBLICA\u00c7\u00c3O        <\/a>\n        <div class=\"titulo\">\n            O IMT sobre na cess\u00e3o de contratos-promessa de compra e venda de Im\u00f3veis em Portugal        <\/div>\n        <div class=\"excerpt\">\n            Neste artigo s\u00e3o analisadas situa\u00e7\u00f5es que, apesar de n\u00e3o envolverem a transmiss\u00e3o da propriedade sobre im\u00f3veis, s\u00e3o legalmente equiparadas \u00e0 compra e venda e sujeitas a tributa\u00e7\u00e3o em sede de Imposto Municipal sobre as Transmiss\u00f5es Onerosas de Im\u00f3veis em Portugal.        <\/div>\n        <div class=\"fecha d-flex align-items-center gap-2\">\n            <img decoding=\"async\" alt=\"icon\" src=\"https:\/\/ga-p.com\/wp-content\/themes\/ga-p\/assets\/images\/clock-icon-fum.svg\" \/>\n            02 Sep, 2025        <\/div>\n        \n    <\/div>\n    <a href=\"https:\/\/ga-p.com\/pt-pt\/publicacoes\/o-imt-sobre-na-cessao-de-contratos-promessa-de-compra-e-venda-de-imoveis-em-portugal\/\" class=\"align-self-end\">\n        <div class=\"openCard\">\n            <img decoding=\"async\" alt=\"icon\" src=\"https:\/\/ga-p.com\/wp-content\/themes\/ga-p\/assets\/images\/arrow-open-fum.svg\" \/>\n            <img decoding=\"async\" alt=\"icon\" src=\"https:\/\/ga-p.com\/wp-content\/themes\/ga-p\/assets\/images\/arrow-open-fum.svg\" \/>\n        <\/div>\n    <\/a>\n<\/div>\n                                                                                <\/div>\n                                                                    <div class=\"swiper-slide\">\n                                                                                        <div class=\"publicacionTarjeta\">\n    <div class=\"content\">\n        <a class=\"tag\" >\n            PUBLICA\u00c7\u00c3O        <\/a>\n        <div class=\"titulo\">\n            Um novo regime da mobilidade el\u00e9trica portugu\u00eas em consulta p\u00fablica        <\/div>\n        <div class=\"excerpt\">\n            O Conselho de Ministros aprovou em 26 de fevereiro de 2025 (h\u00e1 2 dias) uma proposta de decreto-lei que revoga o Decreto-Lei n.\u00ba 39\/2010, de 26 de abril, que cont\u00e9m o Regime Jur\u00eddico da Mobilidade El\u00e9trica, substituindo-o e modificando-o profundamente.        <\/div>\n        <div class=\"fecha d-flex align-items-center gap-2\">\n            <img decoding=\"async\" alt=\"icon\" src=\"https:\/\/ga-p.com\/wp-content\/themes\/ga-p\/assets\/images\/clock-icon-fum.svg\" \/>\n            28 Feb, 2025        <\/div>\n        \n    <\/div>\n    <a href=\"https:\/\/ga-p.com\/pt-pt\/publicacoes\/um-novo-regime-da-mobilidade-eletrica-portugues-em-consulta-publica\/\" class=\"align-self-end\">\n        <div class=\"openCard\">\n            <img decoding=\"async\" alt=\"icon\" src=\"https:\/\/ga-p.com\/wp-content\/themes\/ga-p\/assets\/images\/arrow-open-fum.svg\" \/>\n            <img decoding=\"async\" alt=\"icon\" src=\"https:\/\/ga-p.com\/wp-content\/themes\/ga-p\/assets\/images\/arrow-open-fum.svg\" \/>\n        <\/div>\n    <\/a>\n<\/div>\n                                                                                <\/div>\n                                                                    <div class=\"swiper-slide\">\n                                                                                        <div class=\"publicacionTarjeta\">\n    <div class=\"content\">\n        <a class=\"tag\" >\n            PUBLICA\u00c7\u00c3O        <\/a>\n        <div class=\"titulo\">\n            A Estrat\u00e9gia para as Energias Renov\u00e1veis Offshore aprovada pela Resolu\u00e7\u00e3o do Conselho de Ministros n.\u00ba 19\/2025, de 7 de fevereiro        <\/div>\n        <div class=\"excerpt\">\n            A Resolu\u00e7\u00e3o do Conselho de Ministros n.\u00ba 19\/2025 aprova o Plano de Afeta\u00e7\u00e3o para as Energias Renov\u00e1veis Offshore, visando a explora\u00e7\u00e3o de energia e\u00f3lica ao longo da costa portuguesa, com objetivos de independ\u00eancia energ\u00e9tica, transi\u00e7\u00e3o energ\u00e9tica e sustentabilidade.        <\/div>\n        <div class=\"fecha d-flex align-items-center gap-2\">\n            <img decoding=\"async\" alt=\"icon\" src=\"https:\/\/ga-p.com\/wp-content\/themes\/ga-p\/assets\/images\/clock-icon-fum.svg\" \/>\n            20 Feb, 2025        <\/div>\n        \n    <\/div>\n    <a href=\"https:\/\/ga-p.com\/pt-pt\/publicacoes\/a-estrategia-para-as-energias-renovaveis-offshore-aprovada-pela-resolucao-do-conselho-de-ministros-n-o-19-2025-de-7-de-fevereiro\/\" class=\"align-self-end\">\n        <div class=\"openCard\">\n            <img decoding=\"async\" alt=\"icon\" src=\"https:\/\/ga-p.com\/wp-content\/themes\/ga-p\/assets\/images\/arrow-open-fum.svg\" \/>\n            <img decoding=\"async\" alt=\"icon\" src=\"https:\/\/ga-p.com\/wp-content\/themes\/ga-p\/assets\/images\/arrow-open-fum.svg\" \/>\n        <\/div>\n    <\/a>\n<\/div>\n                                                                                <\/div>\n                                                                    <div class=\"swiper-slide\">\n                                                                                        <div class=\"publicacionTarjeta\">\n    <div class=\"content\">\n        <a class=\"tag\" >\n            PUBLICA\u00c7\u00c3O        <\/a>\n        <div class=\"titulo\">\n            As altera\u00e7\u00f5es ao regime do CELE: An\u00e1lise do Decreto-Lei n.\u00ba 101\/2024, de 4 de dezembro        <\/div>\n        <div class=\"excerpt\">\n            O Decreto-Lei n.\u00ba 101\/2024 redefine o CELE, estabelecendo novas metas de redu\u00e7\u00e3o de GEE e promovendo a ado\u00e7\u00e3o de tecnologias de baixo ou zero carbono, alinhando o Pa\u00eds com os objetivos clim\u00e1ticos da Uni\u00e3o Europeia.        <\/div>\n        <div class=\"fecha d-flex align-items-center gap-2\">\n            <img decoding=\"async\" alt=\"icon\" src=\"https:\/\/ga-p.com\/wp-content\/themes\/ga-p\/assets\/images\/clock-icon-fum.svg\" \/>\n            23 Dec, 2024        <\/div>\n        \n    <\/div>\n    <a href=\"https:\/\/ga-p.com\/pt-pt\/publicacoes\/as-alteracoes-ao-regime-do-cele-analise-do-decreto-lei-n-o-101-2024de-4-de-dezembro\/\" class=\"align-self-end\">\n        <div class=\"openCard\">\n            <img decoding=\"async\" alt=\"icon\" src=\"https:\/\/ga-p.com\/wp-content\/themes\/ga-p\/assets\/images\/arrow-open-fum.svg\" \/>\n            <img decoding=\"async\" alt=\"icon\" src=\"https:\/\/ga-p.com\/wp-content\/themes\/ga-p\/assets\/images\/arrow-open-fum.svg\" \/>\n        <\/div>\n    <\/a>\n<\/div>\n                                                                                <\/div>\n                                                                                    <\/div>\n                    <\/div>\n                <\/div>\n            <\/div>\n        <\/div>\n        <div class=\"swiperPagination mt-3 mt-lg-0\">\n            <div class=\"container\">\n                <div class=\"row\">\n                    <div class=\"col-6 col-lg-12\">\n                        <div class=\"swiperBulletsAct active\"><\/div>\n                    <\/div>\n                    <div class=\"d-block d-lg-none col-6\">\n                        <div class=\"swiperButtonActualidad swiperArrows active\">\n                            <div class=\"d-flex align-items-center gap-4 justify-content-end\">\n                                <div class=\"swiper-button-prev\"><img decoding=\"async\" alt=\"icon\" src=\"https:\/\/ga-p.com\/wp-content\/themes\/ga-p\/assets\/images\/slider-arrow.svg\" \/><\/div>\n                                <div class=\"swiper-button-next\"><img decoding=\"async\" alt=\"icon\" src=\"https:\/\/ga-p.com\/wp-content\/themes\/ga-p\/assets\/images\/slider-arrow.svg\" \/><\/div>\n                            <\/div>\n                        <\/div>\n                    <\/div>\n                <\/div>\n            <\/div>\n        <\/div>\n    <\/div>\n<\/div>\n\n<script type=\"text\/javascript\">\n    \/\/ Hacer disponible ajaxurl en el frontend\n    if (typeof ajaxurl === 'undefined') {\n        var ajaxurl = 'https:\/\/ga-p.com\/wp-admin\/admin-ajax.php';\n    }\n<\/script>\n\n\n\n<div id=\"Diapositivas-block_ba4981f2745e479c3b333a474a810101\" class=\"Diapositivas\">\n\n    <div class=\"container-fluid\">\n        <div class=\"row\">\n            <div class=\"col-12 p-0\">\n                <div class=\"swiper swiperDiapo\">\n                    <div class=\"swiper-wrapper\">\n                        <div class=\"logoImage\">\n                            <div class=\"logoCont\">\n                                <img decoding=\"async\" class=\"columna1\" alt=\"icono columna\" src=\"https:\/\/ga-p.com\/wp-content\/themes\/ga-p\/assets\/images\/columna-10-items.svg\" \/>\n                                <img decoding=\"async\" class=\"columna2\" alt=\"icono columna\" src=\"https:\/\/ga-p.com\/wp-content\/themes\/ga-p\/assets\/images\/columna-9-items.svg\" \/>\n                                <img decoding=\"async\" class=\"columna3\" alt=\"icono columna\" src=\"https:\/\/ga-p.com\/wp-content\/themes\/ga-p\/assets\/images\/columna-10-items.svg\" \/>\n                                <img decoding=\"async\" class=\"columna4\" alt=\"icono columna\" src=\"https:\/\/ga-p.com\/wp-content\/themes\/ga-p\/assets\/images\/columna-9-items.svg\" \/>\n                            <\/div>\n                        <\/div>\n                                                <div class=\"swiper-slide diapoNumb_1\">\n                            <div class=\"diapositiva d-none d-lg-flex\">\n                                <!-- <img decoding=\"async\" class=\"leftImage\" alt=\"image\" src=\"https:\/\/ga-p.com\/wp-content\/uploads\/2024\/05\/diapositiva-1.webp\" \/> -->\n                                <div class=\"contenido\">\n                                    <div class=\"titulo_superior\">Trabalhamos com<\/div>\n                                    <div class=\"inferior\">CRIT\u00c9RIO E EXCEL\u00caNCIA<\/div>\n                                    <div class=\"texto\"><p>Ser o escrit\u00f3rio de refer\u00eancia dos nossos clientes implica investir todo o nosso talento e esfor\u00e7o<\/p>\n<\/div>\n                                <\/div>\n                                <!-- <img decoding=\"async\" class=\"rightImage\" alt=\"image\" src=\"https:\/\/ga-p.com\/wp-content\/uploads\/2024\/05\/diapositiva-2.webp\" \/> -->\n                            <\/div>\n                            <div class=\"diapositiva d-flex d-lg-none diapositivaMobile\">\n                                <div class=\"contenido\">\n                                    <div class=\"titulo_superior\">Trabalhamos com<\/div>\n                                    <div class=\"inferior\">CRIT\u00c9RIO E EXCEL\u00caNCIA<\/div>\n                                    <div class=\"texto\"><p>Ser o escrit\u00f3rio de refer\u00eancia dos nossos clientes implica investir todo o nosso talento e esfor\u00e7o<\/p>\n<\/div>\n                                <\/div>\n                            <\/div>\n                        <\/div>\n                                                <div class=\"swiper-slide diapoNumb_2\">\n                            <div class=\"diapositiva d-none d-lg-flex\">\n                                <!-- <img decoding=\"async\" class=\"leftImage\" alt=\"image\" src=\"https:\/\/ga-p.com\/wp-content\/uploads\/2024\/05\/diapositiva-3.webp\" \/> -->\n                                <div class=\"contenido\">\n                                    <div class=\"titulo_superior\">Somos<\/div>\n                                    <div class=\"inferior\">PR\u00d3XIMOS<\/div>\n                                    <div class=\"texto\"><p>Constru\u00edmos rela\u00e7\u00f5es duradouras que nos permitem conhecer em profundidade o neg\u00f3cio dos nossos clientes<\/p>\n<\/div>\n                                <\/div>\n                                <!-- <img decoding=\"async\" class=\"rightImage\" alt=\"image\" src=\"https:\/\/ga-p.com\/wp-content\/uploads\/2024\/05\/diapositiva-4.webp\" \/> -->\n                            <\/div>\n                            <div class=\"diapositiva d-flex d-lg-none diapositivaMobile\">\n                                <div class=\"contenido\">\n                                    <div class=\"titulo_superior\">Somos<\/div>\n                                    <div class=\"inferior\">PR\u00d3XIMOS<\/div>\n                                    <div class=\"texto\"><p>Constru\u00edmos rela\u00e7\u00f5es duradouras que nos permitem conhecer em profundidade o neg\u00f3cio dos nossos clientes<\/p>\n<\/div>\n                                <\/div>\n                            <\/div>\n                        <\/div>\n                                                <div class=\"swiper-slide diapoNumb_3\">\n                            <div class=\"diapositiva d-none d-lg-flex\">\n                                <!-- <img decoding=\"async\" class=\"leftImage\" alt=\"image\" src=\"https:\/\/ga-p.com\/wp-content\/uploads\/2024\/07\/32.png\" \/> -->\n                                <div class=\"contenido\">\n                                    <div class=\"titulo_superior\">Somos<\/div>\n                                    <div class=\"inferior\">INOVADORES<\/div>\n                                    <div class=\"texto\"><p>A inova\u00e7\u00e3o \u00e9 uma quest\u00e3o de\u00a0atitude. Empreender a mudan\u00e7a &#8211; um desafio que assumimos com determina\u00e7\u00e3o<\/p>\n<\/div>\n                                <\/div>\n                                <!-- <img decoding=\"async\" class=\"rightImage\" alt=\"image\" src=\"https:\/\/ga-p.com\/wp-content\/uploads\/2024\/07\/31.png\" \/> -->\n                            <\/div>\n                            <div class=\"diapositiva d-flex d-lg-none diapositivaMobile\">\n                                <div class=\"contenido\">\n                                    <div class=\"titulo_superior\">Somos<\/div>\n                                    <div class=\"inferior\">INOVADORES<\/div>\n                                    <div class=\"texto\"><p>A inova\u00e7\u00e3o \u00e9 uma quest\u00e3o de\u00a0atitude. Empreender a mudan\u00e7a &#8211; um desafio que assumimos com determina\u00e7\u00e3o<\/p>\n<\/div>\n                                <\/div>\n                            <\/div>\n                        <\/div>\n                                                <div class=\"imagenLeft\"><\/div>\n                        <div class=\"imagenRight\"><\/div>\n                    <\/div>\n                <\/div>\n            <\/div>\n        <\/div>\n    <\/div>\n    <style>\n        .Diapositivas .imagenLeft, .Diapositivas .imagenRight {\n            position: absolute;\n            transition: all .7s linear;\n            top: 50%;\n            transform: translateY(-50%);\n            background-position: center;\n            background-repeat: no-repeat;\n            background-size: cover;\n        }\n\n        .Diapositivas .swiperDiapo:has(.diapoNumb_1.swiper-slide-visible) .imagenLeft,\n        .Diapositivas .swiperDiapo:has(.diapoNumb_1.swiper-slide-visible) .imagenRight { width: calc((100dvw \/ 2) - (740px \/ 2) - 85px); height: 509px; }\n        .Diapositivas .swiperDiapo:has(.diapoNumb_1.swiper-slide-visible) .imagenLeft { left: 0; background-image: url(\"https:\/\/ga-p.com\/wp-content\/uploads\/2024\/05\/diapositiva-1.webp\") }\n        .Diapositivas .swiperDiapo:has(.diapoNumb_1.swiper-slide-visible) .imagenRight { right: 0; background-image: url(\"https:\/\/ga-p.com\/wp-content\/uploads\/2024\/05\/diapositiva-2.webp\") }\n\n        .Diapositivas .swiperDiapo:has(.diapoNumb_2.swiper-slide-visible) .imagenLeft,\n        .Diapositivas .swiperDiapo:has(.diapoNumb_2.swiper-slide-visible) .imagenRight { width: 226px; height: 509px; }\n        .Diapositivas .swiperDiapo:has(.diapoNumb_2.swiper-slide-visible) .imagenLeft { left: calc(45% - (740px \/ 2) - 85px); background-image: url(\"https:\/\/ga-p.com\/wp-content\/uploads\/2024\/05\/diapositiva-3.webp\") }\n        .Diapositivas .swiperDiapo:has(.diapoNumb_2.swiper-slide-visible) .imagenRight { right: calc(45% - (740px \/ 2) - 85px); background-image: url(\"https:\/\/ga-p.com\/wp-content\/uploads\/2024\/05\/diapositiva-4.webp\") }\n\n        .Diapositivas .swiperDiapo:has(.diapoNumb_3.swiper-slide-visible) .imagenLeft,\n        .Diapositivas .swiperDiapo:has(.diapoNumb_3.swiper-slide-visible) .imagenRight { width: 226px; height: 509px; top: 0; }\n        .Diapositivas .swiperDiapo:has(.diapoNumb_3.swiper-slide-visible) .imagenLeft { left: 0; transform: rotate(90deg) translateY(0%); background-image: url(\"https:\/\/ga-p.com\/wp-content\/uploads\/2024\/07\/32.png\") }\n        .Diapositivas .swiperDiapo:has(.diapoNumb_3.swiper-slide-visible) .imagenRight { right: 0; transform: rotate(-90deg) translateY(0%); background-image: url(\"https:\/\/ga-p.com\/wp-content\/uploads\/2024\/07\/31.png\") }\n\n        @media screen and (max-width: 992px) {\n            .Diapositivas .imagenLeft, .Diapositivas .imagenRight { width: 126px !important; height: 272px !important; }\n\n            .Diapositivas .swiperDiapo:has(.diapoNumb_1.swiper-slide-visible) .imagenLeft,\n            .Diapositivas .swiperDiapo:has(.diapoNumb_1.swiper-slide-visible) .imagenRight { top: auto; transform: translateY(0); bottom: 40px; }\n\n            .Diapositivas .swiperDiapo:has(.diapoNumb_2.swiper-slide-visible) .imagenLeft { top: auto; transform: translateY(0); bottom: 40px; left: 20px; }\n            .Diapositivas .swiperDiapo:has(.diapoNumb_2.swiper-slide-visible) .imagenRight { top: auto; transform: translateY(0); bottom: 40px; right: 20px; }\n\n            .Diapositivas .swiperDiapo:has(.diapoNumb_3.swiper-slide-visible) .imagenLeft { top: auto; transform: rotate(90deg) translateY(0%) translateX(50%); bottom: 146px; left: 70px; }\n            .Diapositivas .swiperDiapo:has(.diapoNumb_3.swiper-slide-visible) .imagenRight { top: auto; transform: rotate(-90deg) translateY(0%) translateX(-50%); bottom: 0; right: 70px; }\n        }\n    <\/style>\n<\/div>\n\n\n\n\n<div id=\"Internacional-block_86f2fff2ceb8c6a83558c9bb050a9074\" class=\"Internacional\" style=\"background-color:#161129\">\n    <div class=\"contentBG position-relative\" style=\"background-color:#161129;color:#FFFFFF; background-image:url('https:\/\/ga-p.com\/wp-content\/uploads\/2025\/02\/Map.png')\">\n        <div class=\"d-none d-lg-block\">\n            <div class=\"container\">\n                <div class=\"row align-items-end\">\n                    <div class=\"col-12 col-lg-6\">\n                        <div class=\"titulo\"><h2 class=''>O NOSSO MUNDO \u00c9 ESTAR PERTO DE SI<\/h2>\n<\/div>\n                    <\/div>\n                    <div class=\"col-12 col-lg-6\">\n                                                    <a class=\"primaryCtaFull scaleFromLeft rotateIcon\" href=\"https:\/\/ga-p.com\/pt-pt\/internacional\/\" target=\"_blank\" style=\"color:#FFFFFF!important\">\n                                Internacionais                                                                    <img decoding=\"async\" alt=\"icon\" src=\"https:\/\/ga-p.com\/wp-content\/themes\/ga-p\/assets\/images\/external-icon-white.svg\" \/>\n                                                            <\/a>\n                                                <div class=\"texto_superior\"><p>Acompanhamos os nossos clientes onde quer que se desloquem, seguindo a estrat\u00e9gia de &#8220;<em>one-stop-shop<\/em>&#8221; e, quando necess\u00e1rio, de m\u00e3os dadas com as sociedades l\u00edderes em cada jurisdi\u00e7\u00e3o.<\/p>\n<\/div>\n                        <div class=\"texto\"><p>Para al\u00e9m dos nossos escrit\u00f3rios, a nossa assessoria estende-se a n\u00edvel mundial gra\u00e7as \u00e0s nossas fortes rela\u00e7\u00f5es com os principais escrit\u00f3rios de cada pa\u00eds. Esta rede permite-nos oferecer aos nossos clientes o mais elevado n\u00edvel de aconselhamento, onde quer que se encontrem.<\/p>\n<\/div>\n                    <\/div>\n                <\/div>\n            <\/div>\n        <\/div>\n        <div class=\"d-block d-lg-none\">\n            <div class=\"container\">\n                <div class=\"row align-items-end\">\n                    <div class=\"col-12 titleFirstText\">\n                        <div class=\"titulo\"><h2 class=''>O NOSSO MUNDO \u00c9 ESTAR PERTO DE SI<\/h2>\n<\/div>\n                        <div class=\"texto_superior\"><p>Acompanhamos os nossos clientes onde quer que se desloquem, seguindo a estrat\u00e9gia de &#8220;<em>one-stop-shop<\/em>&#8221; e, quando necess\u00e1rio, de m\u00e3os dadas com as sociedades l\u00edderes em cada jurisdi\u00e7\u00e3o.<\/p>\n<\/div>\n                    <\/div>\n                    <div class=\"col-12 textCta\">\n                        <div class=\"texto\"><p>Para al\u00e9m dos nossos escrit\u00f3rios, a nossa assessoria estende-se a n\u00edvel mundial gra\u00e7as \u00e0s nossas fortes rela\u00e7\u00f5es com os principais escrit\u00f3rios de cada pa\u00eds. Esta rede permite-nos oferecer aos nossos clientes o mais elevado n\u00edvel de aconselhamento, onde quer que se encontrem.<\/p>\n<\/div>\n                                                    <a class=\"primaryCtaFull scaleFromLeft rotateIcon\" href=\"https:\/\/ga-p.com\/pt-pt\/internacional\/\" target=\"_blank\" style=\"color:#FFFFFF!important\">\n                                Internacionais                                                                    <img decoding=\"async\" alt=\"icon\" src=\"https:\/\/ga-p.com\/wp-content\/themes\/ga-p\/assets\/images\/external-icon-white.svg\" \/>\n                                                            <\/a>\n                                            <\/div>\n                <\/div>\n            <\/div>\n        <\/div>\n    <\/div>\n<\/div>\n\n\n\n<div id=\"Cifras-block_3344417b7f0399bfe1f3eca8ce53f9d7\" class=\"Cifras\">\n\n    <div class=\"contentBG\" style=\"background: linear-gradient(180deg, #161129 0%, rgba(22, 17, 41, 0.00) 29.7%), linear-gradient(0deg, rgba(0, 0, 0, 0.40) 0%, rgba(0, 0, 0, 0.40) 100%), url(https:\/\/ga-p.com\/wp-content\/uploads\/2024\/05\/a08cd88df8f339ba421237b03cfd60b7.webp) lightgray -134.744px -88.28px \/ 134.028% 116.863% no-repeat; color:#FFFFFF\">\n        <div class=\"intro\">\n            <div class=\"container\">\n                <div class=\"row align-items-end\">\n                    <div class=\"col-12 col-lg-6\">\n                        <div class=\"titulo\"><h2 class=''>A SOCIEDADE EM N\u00daMEROS<\/h2>\n<\/div>\n                    <\/div>\n                    <div class=\"col-12 col-lg-6\">\n                        <div class=\"texto\"><p>Oferecemos assessoria especializada em todos os ramos do direito empresarial, garantindo a satisfa\u00e7\u00e3o das necessidades dos nossos clientes de forma \u00e1gil, eficiente e acess\u00edvel.<\/p>\n<\/div>\n                                                    <a class=\"primaryCtaFull scaleFromLeft rotateIcon\" href=\"https:\/\/ga-p.com\/pt-pt\/conheca-nos\/\" target=\"_blank\">\n                                Conhe\u00e7a-nos                                                                    <img decoding=\"async\" alt=\"icon\" src=\"https:\/\/ga-p.com\/wp-content\/themes\/ga-p\/assets\/images\/external-icon-white.svg\" \/>\n                                                            <\/a>\n                                            <\/div>\n                <\/div>\n            <\/div>\n        <\/div>\n        <div class=\"cifras\">\n            <div class=\"container\">\n                <div class=\"row\">\n                    <div class=\"col-12\">\n                        <div class=\"cifrasGrid\">\n                                                            <div class=\"cifra\">\n                                    <div class=\"numero\">20<\/div>\n                                    <div class=\"texto\">\u00c1reas de atividade<\/div>\n                                <\/div>\n                                                            <div class=\"cifra\">\n                                    <div class=\"numero\">10<\/div>\n                                    <div class=\"texto\">Sectores de atividade<\/div>\n                                <\/div>\n                                                            <div class=\"cifra\">\n                                    <div class=\"numero\">9<\/div>\n                                    <div class=\"texto\">Escrit\u00f3rios<\/div>\n                                <\/div>\n                                                            <div class=\"cifra\">\n                                    <div class=\"numero\">90%<\/div>\n                                    <div class=\"texto\">Clientes recorrentes<\/div>\n                                <\/div>\n                                                            <div class=\"cifra\">\n                                    <div class=\"numero\">+500<\/div>\n                                    <div class=\"texto\">Profissionais<\/div>\n                                <\/div>\n                                                    <\/div>\n                    <\/div>\n                <\/div>\n            <\/div>\n        <\/div>\n    <\/div>\n<\/div>\n\n\n\n<div id=\"Personas-block_a8ce9817656a59f14df28e7920d9d893\" class=\"Personas\">\n\n    <div class=\"d-none d-lg-block\">\n        <div class=\"container\">\n            <div class=\"row\">\n                <div class=\"col-12 col-lg-8 position-relative z-1\">\n                    <div data-aos=\"slide-up\" data-aos-duration=\"1500\" class=\"textsContainer\">\n                        <div class=\"titulo\"><h2 class=''>UMA SOCIEDADE FEITA DE PESSOAS<\/h2>\n<\/div>\n                        <div class=\"content\">\n                            <div class=\"texto\"><p>Na G\u00f3mez-Acebo &amp; Pombo combinamos a excel\u00eancia na pr\u00e1tica jur\u00eddica com uma convic\u00e7\u00e3o que temos mantido ao longo da nossa hist\u00f3ria e que faz parte da nossa ess\u00eancia diferenciadora: o valor nasce das pessoas e para as pessoas, que s\u00e3o a inspira\u00e7\u00e3o e o impulso para melhorar todos os dias.<\/p>\n<\/div>\n                            <div class=\"enlaces\">\n                                                                    <a class=\"primaryCtaFull scaleFromLeft rotateIcon\" href=\"https:\/\/ga-p.com\/pt-pt\/pessoas\/\" target=\"\">\n                                        A nossa equipa                                                                                    <img decoding=\"async\" alt=\"icon\" src=\"https:\/\/ga-p.com\/wp-content\/themes\/ga-p\/assets\/images\/arrow-right-2-white.svg\" \/>\n                                                                            <\/a>\n                                \n                                                                    <a class=\"primaryCta scaleFromLeft rotateIcon\" href=\"https:\/\/ga-p.com\/pt-pt\/talento\/\" target=\"\">\n                                        Junte-se a n\u00f3s                                                                                    <img decoding=\"async\" alt=\"icon\" src=\"https:\/\/ga-p.com\/wp-content\/themes\/ga-p\/assets\/images\/arrow-right-primary.svg\" \/>\n                                                                            <\/a>\n                                                            <\/div>\n                        <\/div>\n                    <\/div>\n                <\/div>\n                <div class=\"personasCont p-0\">\n                    <div class=\"izquierda\">\n                                                    <div class=\"personaFondo\" style=\"background-image:url(https:\/\/ga-p.com\/wp-content\/uploads\/2024\/05\/Fondo-personas-nueva-web.webp)\">\n                                <div class=\"persona\" style=\"background-image:url(https:\/\/ga-p.com\/wp-content\/uploads\/2024\/06\/Carolina-Posse.png);\"><\/div>\n                            <\/div>\n                                                    <div class=\"personaFondo\" style=\"background-image:url(https:\/\/ga-p.com\/wp-content\/uploads\/2024\/05\/Fondo-personas-nueva-web.webp)\">\n                                <div class=\"persona\" style=\"background-image:url(https:\/\/ga-p.com\/wp-content\/uploads\/2024\/06\/Alfonso-Pascual.png);\"><\/div>\n                            <\/div>\n                                                    <div class=\"personaFondo\" style=\"background-image:url(https:\/\/ga-p.com\/wp-content\/uploads\/2024\/05\/Fondo-personas-nueva-web.webp)\">\n                                <div class=\"persona\" style=\"background-image:url(https:\/\/ga-p.com\/wp-content\/uploads\/2024\/06\/Maria-Garcia-de-la-Concha.png);\"><\/div>\n                            <\/div>\n                                                    <div class=\"personaFondo\" style=\"background-image:url(https:\/\/ga-p.com\/wp-content\/uploads\/2024\/05\/Fondo-personas-nueva-web.webp)\">\n                                <div class=\"persona\" style=\"background-image:url(https:\/\/ga-p.com\/wp-content\/uploads\/2024\/06\/Daniel-Marin.png);\"><\/div>\n                            <\/div>\n                                                                            <div class=\"personaFondo\" style=\"background-image:url(https:\/\/ga-p.com\/wp-content\/uploads\/2024\/05\/Fondo-personas-nueva-web.webp)\">\n                                <div class=\"persona\" style=\"background-image:url(https:\/\/ga-p.com\/wp-content\/uploads\/2024\/06\/Carolina-Posse.png);\"><\/div>\n                            <\/div>\n                                                    <div class=\"personaFondo\" style=\"background-image:url(https:\/\/ga-p.com\/wp-content\/uploads\/2024\/05\/Fondo-personas-nueva-web.webp)\">\n                                <div class=\"persona\" style=\"background-image:url(https:\/\/ga-p.com\/wp-content\/uploads\/2024\/06\/Alfonso-Pascual.png);\"><\/div>\n                            <\/div>\n                                                    <div class=\"personaFondo\" style=\"background-image:url(https:\/\/ga-p.com\/wp-content\/uploads\/2024\/05\/Fondo-personas-nueva-web.webp)\">\n                                <div class=\"persona\" style=\"background-image:url(https:\/\/ga-p.com\/wp-content\/uploads\/2024\/06\/Maria-Garcia-de-la-Concha.png);\"><\/div>\n                            <\/div>\n                                                    <div class=\"personaFondo\" style=\"background-image:url(https:\/\/ga-p.com\/wp-content\/uploads\/2024\/05\/Fondo-personas-nueva-web.webp)\">\n                                <div class=\"persona\" style=\"background-image:url(https:\/\/ga-p.com\/wp-content\/uploads\/2024\/06\/Daniel-Marin.png);\"><\/div>\n                            <\/div>\n                                            <\/div>\n                    <div class=\"derecha\">\n                                                    <div class=\"personaFondo\" style=\"background-image:url(https:\/\/ga-p.com\/wp-content\/uploads\/2024\/05\/Fondo-personas-nueva-web.webp)\">\n                                <div class=\"persona\" style=\"background-image:url(https:\/\/ga-p.com\/wp-content\/uploads\/2024\/06\/Madalena-Caldeira-1.png);\"><\/div>\n                            <\/div>\n                                                    <div class=\"personaFondo\" style=\"background-image:url(https:\/\/ga-p.com\/wp-content\/uploads\/2024\/05\/Fondo-personas-nueva-web.webp)\">\n                                <div class=\"persona\" style=\"background-image:url(https:\/\/ga-p.com\/wp-content\/uploads\/2024\/06\/Mariana-Diaz-Moro.png);\"><\/div>\n                            <\/div>\n                                                    <div class=\"personaFondo\" style=\"background-image:url(https:\/\/ga-p.com\/wp-content\/uploads\/2024\/05\/Fondo-personas-nueva-web.webp)\">\n                                <div class=\"persona\" style=\"background-image:url(https:\/\/ga-p.com\/wp-content\/uploads\/2024\/06\/Alvaro-Mateo.png);\"><\/div>\n                            <\/div>\n                                                    <div class=\"personaFondo\" style=\"background-image:url(https:\/\/ga-p.com\/wp-content\/uploads\/2024\/05\/Fondo-personas-nueva-web.webp)\">\n                                <div class=\"persona\" style=\"background-image:url(https:\/\/ga-p.com\/wp-content\/uploads\/2024\/06\/Miguel-Troncoso.png);\"><\/div>\n                            <\/div>\n                                                                            <div class=\"personaFondo\" style=\"background-image:url(https:\/\/ga-p.com\/wp-content\/uploads\/2024\/05\/Fondo-personas-nueva-web.webp)\">\n                                <div class=\"persona\" style=\"background-image:url(https:\/\/ga-p.com\/wp-content\/uploads\/2024\/06\/Madalena-Caldeira-1.png);\"><\/div>\n                            <\/div>\n                                                    <div class=\"personaFondo\" style=\"background-image:url(https:\/\/ga-p.com\/wp-content\/uploads\/2024\/05\/Fondo-personas-nueva-web.webp)\">\n                                <div class=\"persona\" style=\"background-image:url(https:\/\/ga-p.com\/wp-content\/uploads\/2024\/06\/Mariana-Diaz-Moro.png);\"><\/div>\n                            <\/div>\n                                                    <div class=\"personaFondo\" style=\"background-image:url(https:\/\/ga-p.com\/wp-content\/uploads\/2024\/05\/Fondo-personas-nueva-web.webp)\">\n                                <div class=\"persona\" style=\"background-image:url(https:\/\/ga-p.com\/wp-content\/uploads\/2024\/06\/Alvaro-Mateo.png);\"><\/div>\n                            <\/div>\n                                                    <div class=\"personaFondo\" style=\"background-image:url(https:\/\/ga-p.com\/wp-content\/uploads\/2024\/05\/Fondo-personas-nueva-web.webp)\">\n                                <div class=\"persona\" style=\"background-image:url(https:\/\/ga-p.com\/wp-content\/uploads\/2024\/06\/Miguel-Troncoso.png);\"><\/div>\n                            <\/div>\n                                            <\/div>\n                <\/div>\n            <\/div>\n        <\/div>\n    <\/div>\n\n    <div class=\"d-block d-lg-none\">\n        <div class=\"container-fluid\">\n            <div class=\"row\">\n                <div class=\"col-12 p-0\">\n                    <div class=\"personasCont\">\n                        <div class=\"izquierda\">\n                                                            <div class=\"personaFondo\" style=\"background-image:url(https:\/\/ga-p.com\/wp-content\/uploads\/2024\/05\/Fondo-personas-nueva-web.webp)\">\n                                    <div class=\"persona\" style=\"background-image:url(https:\/\/ga-p.com\/wp-content\/uploads\/2024\/06\/Carolina-Posse.png);\"><\/div>\n                                <\/div>\n                                                            <div class=\"personaFondo\" style=\"background-image:url(https:\/\/ga-p.com\/wp-content\/uploads\/2024\/05\/Fondo-personas-nueva-web.webp)\">\n                                    <div class=\"persona\" style=\"background-image:url(https:\/\/ga-p.com\/wp-content\/uploads\/2024\/06\/Alfonso-Pascual.png);\"><\/div>\n                                <\/div>\n                                                            <div class=\"personaFondo\" style=\"background-image:url(https:\/\/ga-p.com\/wp-content\/uploads\/2024\/05\/Fondo-personas-nueva-web.webp)\">\n                                    <div class=\"persona\" style=\"background-image:url(https:\/\/ga-p.com\/wp-content\/uploads\/2024\/06\/Maria-Garcia-de-la-Concha.png);\"><\/div>\n                                <\/div>\n                                                            <div class=\"personaFondo\" style=\"background-image:url(https:\/\/ga-p.com\/wp-content\/uploads\/2024\/05\/Fondo-personas-nueva-web.webp)\">\n                                    <div class=\"persona\" style=\"background-image:url(https:\/\/ga-p.com\/wp-content\/uploads\/2024\/06\/Daniel-Marin.png);\"><\/div>\n                                <\/div>\n                                                                                        <div class=\"personaFondo\" style=\"background-image:url(https:\/\/ga-p.com\/wp-content\/uploads\/2024\/05\/Fondo-personas-nueva-web.webp)\">\n                                    <div class=\"persona\" style=\"background-image:url(https:\/\/ga-p.com\/wp-content\/uploads\/2024\/06\/Carolina-Posse.png);\"><\/div>\n                                <\/div>\n                                                            <div class=\"personaFondo\" style=\"background-image:url(https:\/\/ga-p.com\/wp-content\/uploads\/2024\/05\/Fondo-personas-nueva-web.webp)\">\n                                    <div class=\"persona\" style=\"background-image:url(https:\/\/ga-p.com\/wp-content\/uploads\/2024\/06\/Alfonso-Pascual.png);\"><\/div>\n                                <\/div>\n                                                            <div class=\"personaFondo\" style=\"background-image:url(https:\/\/ga-p.com\/wp-content\/uploads\/2024\/05\/Fondo-personas-nueva-web.webp)\">\n                                    <div class=\"persona\" style=\"background-image:url(https:\/\/ga-p.com\/wp-content\/uploads\/2024\/06\/Maria-Garcia-de-la-Concha.png);\"><\/div>\n                                <\/div>\n                                                            <div class=\"personaFondo\" style=\"background-image:url(https:\/\/ga-p.com\/wp-content\/uploads\/2024\/05\/Fondo-personas-nueva-web.webp)\">\n                                    <div class=\"persona\" style=\"background-image:url(https:\/\/ga-p.com\/wp-content\/uploads\/2024\/06\/Daniel-Marin.png);\"><\/div>\n                                <\/div>\n                                                    <\/div>\n                    <\/div>\n                <\/div>\n            <\/div>\n        <\/div>\n        <div class=\"container\">\n            <div class=\"row\">\n                <div class=\"col-12\">\n                    <div class=\"textsContainer\">\n                        <div class=\"titulo\"><h2 class=''>UMA SOCIEDADE FEITA DE PESSOAS<\/h2>\n<\/div>\n                        <div class=\"content\">\n                            <div class=\"texto\"><p>Na G\u00f3mez-Acebo &amp; Pombo combinamos a excel\u00eancia na pr\u00e1tica jur\u00eddica com uma convic\u00e7\u00e3o que temos mantido ao longo da nossa hist\u00f3ria e que faz parte da nossa ess\u00eancia diferenciadora: o valor nasce das pessoas e para as pessoas, que s\u00e3o a inspira\u00e7\u00e3o e o impulso para melhorar todos os dias.<\/p>\n<\/div>\n                            <div class=\"enlaces\">\n                                                                    <a class=\"primaryCtaFull scaleFromLeft rotateIcon\" href=\"https:\/\/ga-p.com\/pt-pt\/pessoas\/\" target=\"\">\n                                        A nossa equipa                                                                                    <img decoding=\"async\" alt=\"icon\" src=\"https:\/\/ga-p.com\/wp-content\/themes\/ga-p\/assets\/images\/arrow-right-2-white.svg\" \/>\n                                                                            <\/a>\n                                \n                                                                    <a class=\"primaryCta scaleFromLeft rotateIcon\" href=\"https:\/\/ga-p.com\/pt-pt\/talento\/\" target=\"\">\n                                        Junte-se a n\u00f3s                                                                                    <img decoding=\"async\" alt=\"icon\" src=\"https:\/\/ga-p.com\/wp-content\/themes\/ga-p\/assets\/images\/arrow-right-primary.svg\" \/>\n                                                                            <\/a>\n                                                            <\/div>\n                        <\/div>\n                    <\/div>\n                <\/div>\n            <\/div>\n        <\/div>\n        <div class=\"container-fluid\">\n            <div class=\"row\">\n                <div class=\"col-12 p-0\">\n                    <div class=\"personasCont\">\n                        <div class=\"derecha\">\n                                                            <div class=\"personaFondo\" style=\"background-image:url(https:\/\/ga-p.com\/wp-content\/uploads\/2024\/05\/Fondo-personas-nueva-web.webp)\">\n                                    <div class=\"persona\" style=\"background-image:url(https:\/\/ga-p.com\/wp-content\/uploads\/2024\/06\/Madalena-Caldeira-1.png);\"><\/div>\n                                <\/div>\n                                                            <div class=\"personaFondo\" style=\"background-image:url(https:\/\/ga-p.com\/wp-content\/uploads\/2024\/05\/Fondo-personas-nueva-web.webp)\">\n                                    <div class=\"persona\" style=\"background-image:url(https:\/\/ga-p.com\/wp-content\/uploads\/2024\/06\/Mariana-Diaz-Moro.png);\"><\/div>\n                                <\/div>\n                                                            <div class=\"personaFondo\" style=\"background-image:url(https:\/\/ga-p.com\/wp-content\/uploads\/2024\/05\/Fondo-personas-nueva-web.webp)\">\n                                    <div class=\"persona\" style=\"background-image:url(https:\/\/ga-p.com\/wp-content\/uploads\/2024\/06\/Alvaro-Mateo.png);\"><\/div>\n                                <\/div>\n                                                            <div class=\"personaFondo\" style=\"background-image:url(https:\/\/ga-p.com\/wp-content\/uploads\/2024\/05\/Fondo-personas-nueva-web.webp)\">\n                                    <div class=\"persona\" style=\"background-image:url(https:\/\/ga-p.com\/wp-content\/uploads\/2024\/06\/Miguel-Troncoso.png);\"><\/div>\n                                <\/div>\n                                                                                        <div class=\"personaFondo\" style=\"background-image:url(https:\/\/ga-p.com\/wp-content\/uploads\/2024\/05\/Fondo-personas-nueva-web.webp)\">\n                                    <div class=\"persona\" style=\"background-image:url(https:\/\/ga-p.com\/wp-content\/uploads\/2024\/06\/Madalena-Caldeira-1.png);\"><\/div>\n                                <\/div>\n                                                            <div class=\"personaFondo\" style=\"background-image:url(https:\/\/ga-p.com\/wp-content\/uploads\/2024\/05\/Fondo-personas-nueva-web.webp)\">\n                                    <div class=\"persona\" style=\"background-image:url(https:\/\/ga-p.com\/wp-content\/uploads\/2024\/06\/Mariana-Diaz-Moro.png);\"><\/div>\n                                <\/div>\n                                                            <div class=\"personaFondo\" style=\"background-image:url(https:\/\/ga-p.com\/wp-content\/uploads\/2024\/05\/Fondo-personas-nueva-web.webp)\">\n                                    <div class=\"persona\" style=\"background-image:url(https:\/\/ga-p.com\/wp-content\/uploads\/2024\/06\/Alvaro-Mateo.png);\"><\/div>\n                                <\/div>\n                                                            <div class=\"personaFondo\" style=\"background-image:url(https:\/\/ga-p.com\/wp-content\/uploads\/2024\/05\/Fondo-personas-nueva-web.webp)\">\n                                    <div class=\"persona\" style=\"background-image:url(https:\/\/ga-p.com\/wp-content\/uploads\/2024\/06\/Miguel-Troncoso.png);\"><\/div>\n                                <\/div>\n                                                    <\/div>\n                    <\/div>\n                <\/div>\n            <\/div>\n        <\/div>\n    <\/div>\n<\/div>\n\n\n<div id=\"Sostenibilidad-block_0e4c5609f4fd168d9aca68ee0829ecb9\" class=\"Sostenibilidad\">\n    <div class=\"imagenes galeria\" data-aos=\"slide-right\" data-aos-delay=\"200\" data-aos-duration=\"1500\" data-aos-easing=\"ease-in-out\">\n                    <img fetchpriority=\"high\" decoding=\"async\" width=\"471\" height=\"272\" src=\"https:\/\/ga-p.com\/wp-content\/uploads\/2024\/04\/2ccbbc80ce841033714f411fb8a8d299.webp\" class=\"imagen\" alt=\"\" loading=\"eager\" srcset=\"https:\/\/ga-p.com\/wp-content\/uploads\/2024\/04\/2ccbbc80ce841033714f411fb8a8d299.webp 471w, https:\/\/ga-p.com\/wp-content\/uploads\/2024\/04\/2ccbbc80ce841033714f411fb8a8d299-300x173.webp 300w\" sizes=\"(max-width: 471px) 100vw, 471px\" \/>                    <img decoding=\"async\" width=\"1707\" height=\"2560\" src=\"https:\/\/ga-p.com\/wp-content\/uploads\/2024\/04\/6eaa3711855942e2fc169ad31bf4dd73-scaled.webp\" class=\"imagen\" alt=\"\" loading=\"eager\" srcset=\"https:\/\/ga-p.com\/wp-content\/uploads\/2024\/04\/6eaa3711855942e2fc169ad31bf4dd73-scaled.webp 1707w, https:\/\/ga-p.com\/wp-content\/uploads\/2024\/04\/6eaa3711855942e2fc169ad31bf4dd73-200x300.webp 200w, https:\/\/ga-p.com\/wp-content\/uploads\/2024\/04\/6eaa3711855942e2fc169ad31bf4dd73-683x1024.webp 683w, https:\/\/ga-p.com\/wp-content\/uploads\/2024\/04\/6eaa3711855942e2fc169ad31bf4dd73-768x1152.webp 768w, https:\/\/ga-p.com\/wp-content\/uploads\/2024\/04\/6eaa3711855942e2fc169ad31bf4dd73-1024x1536.webp 1024w, https:\/\/ga-p.com\/wp-content\/uploads\/2024\/04\/6eaa3711855942e2fc169ad31bf4dd73-1366x2048.webp 1366w\" sizes=\"(max-width: 1707px) 100vw, 1707px\" \/>                    <img decoding=\"async\" width=\"2560\" height=\"1707\" src=\"https:\/\/ga-p.com\/wp-content\/uploads\/2024\/04\/0672cd81dd007ba6350221a1cab0cef7-scaled.webp\" class=\"imagen\" alt=\"\" loading=\"eager\" srcset=\"https:\/\/ga-p.com\/wp-content\/uploads\/2024\/04\/0672cd81dd007ba6350221a1cab0cef7-scaled.webp 2560w, https:\/\/ga-p.com\/wp-content\/uploads\/2024\/04\/0672cd81dd007ba6350221a1cab0cef7-300x200.webp 300w, https:\/\/ga-p.com\/wp-content\/uploads\/2024\/04\/0672cd81dd007ba6350221a1cab0cef7-1024x683.webp 1024w, https:\/\/ga-p.com\/wp-content\/uploads\/2024\/04\/0672cd81dd007ba6350221a1cab0cef7-768x512.webp 768w, https:\/\/ga-p.com\/wp-content\/uploads\/2024\/04\/0672cd81dd007ba6350221a1cab0cef7-1536x1024.webp 1536w, https:\/\/ga-p.com\/wp-content\/uploads\/2024\/04\/0672cd81dd007ba6350221a1cab0cef7-2048x1366.webp 2048w\" sizes=\"(max-width: 2560px) 100vw, 2560px\" \/>                    <img decoding=\"async\" width=\"1707\" height=\"2560\" src=\"https:\/\/ga-p.com\/wp-content\/uploads\/2024\/04\/3ba5948912dbadd3eb6a8aa9aa5752a6-scaled.webp\" class=\"imagen\" alt=\"\" loading=\"eager\" srcset=\"https:\/\/ga-p.com\/wp-content\/uploads\/2024\/04\/3ba5948912dbadd3eb6a8aa9aa5752a6-scaled.webp 1707w, https:\/\/ga-p.com\/wp-content\/uploads\/2024\/04\/3ba5948912dbadd3eb6a8aa9aa5752a6-200x300.webp 200w, https:\/\/ga-p.com\/wp-content\/uploads\/2024\/04\/3ba5948912dbadd3eb6a8aa9aa5752a6-683x1024.webp 683w, https:\/\/ga-p.com\/wp-content\/uploads\/2024\/04\/3ba5948912dbadd3eb6a8aa9aa5752a6-768x1152.webp 768w, https:\/\/ga-p.com\/wp-content\/uploads\/2024\/04\/3ba5948912dbadd3eb6a8aa9aa5752a6-1024x1536.webp 1024w, https:\/\/ga-p.com\/wp-content\/uploads\/2024\/04\/3ba5948912dbadd3eb6a8aa9aa5752a6-1366x2048.webp 1366w\" sizes=\"(max-width: 1707px) 100vw, 1707px\" \/>                    <img decoding=\"async\" width=\"2560\" height=\"1706\" src=\"https:\/\/ga-p.com\/wp-content\/uploads\/2024\/04\/d345e55288f2f09da7affb1ba77d1394-scaled.webp\" class=\"imagen\" alt=\"\" loading=\"eager\" srcset=\"https:\/\/ga-p.com\/wp-content\/uploads\/2024\/04\/d345e55288f2f09da7affb1ba77d1394-scaled.webp 2560w, https:\/\/ga-p.com\/wp-content\/uploads\/2024\/04\/d345e55288f2f09da7affb1ba77d1394-300x200.webp 300w, https:\/\/ga-p.com\/wp-content\/uploads\/2024\/04\/d345e55288f2f09da7affb1ba77d1394-1024x683.webp 1024w, https:\/\/ga-p.com\/wp-content\/uploads\/2024\/04\/d345e55288f2f09da7affb1ba77d1394-768x512.webp 768w, https:\/\/ga-p.com\/wp-content\/uploads\/2024\/04\/d345e55288f2f09da7affb1ba77d1394-1536x1024.webp 1536w, https:\/\/ga-p.com\/wp-content\/uploads\/2024\/04\/d345e55288f2f09da7affb1ba77d1394-2048x1365.webp 2048w\" sizes=\"(max-width: 2560px) 100vw, 2560px\" \/>            <\/div>\n    <div class=\"textos\"  data-aos=\"slide-left\" data-aos-duration=\"1500\">\n        <div class=\"container\">\n            <div class=\"row\">\n                <div class=\"col-12\">\n                    <div class=\"titulo\"><p class=''>COMPROMETIDOS<br \/>\nCOM A <a href=\"https:\/\/fr.zone-secure.net\/789275\/2667244\/#page=1\" target=\"_blank\" rel=\"noopener noreferrer\">Relat\u00f3rio de Sustentabilidade 2025<img decoding=\"async\" alt=\"icon\" src=\"https:\/\/ga-p.com\/wp-content\/themes\/ga-p\/assets\/images\/download-doc-primary.svg\" \/><\/a><br \/>\nSUSTENTABILIDAD<\/p>\n<\/div>\n                                        <a class=\"d-block d-lg-none primaryCta scaleFromLeft mx-auto\" href=\"https:\/\/fr.zone-secure.net\/789275\/2667244\/#page=1\" target=\"_blank\" rel=\"noopener noreferrer\">Relat\u00f3rio de Sustentabilidade 2025 <img decoding=\"async\" alt=\"icon\" src=\"https:\/\/ga-p.com\/wp-content\/themes\/ga-p\/assets\/images\/arrow-right-primary.svg\"\/><\/a>\n                                    <\/div>\n            <\/div>\n            <div class=\"row\">\n                <div class=\"col-12\">\n                    <div class=\"contenidos\">\n                        <div class=\"texto\"><p>A sustentabilidade e os crit\u00e9rios ESG s\u00e3o pilares da nossa estrat\u00e9gia.<\/p>\n<\/div>\n                                                    <a class=\"primaryCtaFull scaleFromLeft rotateIcon\" href=\"https:\/\/ga-p.com\/pt-pt\/susteinabilidade\/\" target=\"_blank\">\n                                Ir para Sustentabilidade                                                                    <img decoding=\"async\" alt=\"icon\" src=\"https:\/\/ga-p.com\/wp-content\/themes\/ga-p\/assets\/images\/external-icon-white.svg\" \/>\n                                                            <\/a>\n                        \n                                                    <a class=\"primaryCta scaleFromLeft\" href=\"https:\/\/www.fundacionpombo.org\/en\/\" target=\"_blank\">\n                                Fundaci\u00f3n Fernando Pombo                                                                    <img decoding=\"async\" alt=\"icon\" src=\"https:\/\/ga-p.com\/wp-content\/themes\/ga-p\/assets\/images\/external-icon.svg\" \/>\n                                                            <\/a>\n                                            <\/div>\n                <\/div>\n            <\/div>\n        <\/div>\n    <\/div>\n<\/div>\n","protected":false},"excerpt":{"rendered":"","protected":false},"author":24,"featured_media":0,"parent":0,"menu_order":0,"comment_status":"closed","ping_status":"closed","template":"","meta":{"_acf_changed":true,"footnotes":""},"class_list":["post-68469","page","type-page","status-publish","hentry"],"acf":[],"yoast_head":"<!-- This site is optimized with the Yoast SEO plugin v28.3 - https:\/\/yoast.com\/product\/yoast-seo-wordpress\/ -->\n<title>Home - Despacho de abogados G\u00f3mez-Acebo &amp; Pombo<\/title>\n<meta name=\"description\" content=\"GA_P combina a capacidade de julgamento e a inova\u00e7\u00e3o para resolver desafios jur\u00eddicos, oferece aconselhamento global e d\u00e1 prioridade \u00e0 sustentabilidade e \u00e0s rela\u00e7\u00f5es de proximidade.\" \/>\n<meta name=\"robots\" content=\"index, follow, max-snippet:-1, max-image-preview:large, max-video-preview:-1\" \/>\n<link rel=\"canonical\" href=\"https:\/\/ga-p.com\/pt-pt\/\" \/>\n<meta property=\"og:locale\" content=\"pt_PT\" \/>\n<meta property=\"og:type\" content=\"article\" \/>\n<meta property=\"og:title\" content=\"Home - Despacho de abogados G\u00f3mez-Acebo &amp; Pombo\" \/>\n<meta property=\"og:description\" content=\"GA_P combina a capacidade de julgamento e a inova\u00e7\u00e3o para resolver desafios jur\u00eddicos, oferece aconselhamento global e d\u00e1 prioridade \u00e0 sustentabilidade e \u00e0s rela\u00e7\u00f5es de proximidade.\" \/>\n<meta property=\"og:url\" content=\"https:\/\/ga-p.com\/pt-pt\/\" \/>\n<meta property=\"og:site_name\" content=\"Despacho de abogados G\u00f3mez-Acebo &amp; Pombo\" \/>\n<meta property=\"article:modified_time\" content=\"2026-08-12T09:36:57+00:00\" \/>\n<meta name=\"twitter:card\" content=\"summary_large_image\" \/>\n<script type=\"application\/ld+json\" class=\"yoast-schema-graph\">{\"@context\":\"https:\\\/\\\/schema.org\",\"@graph\":[{\"@type\":\"WebPage\",\"@id\":\"https:\\\/\\\/ga-p.com\\\/pt-pt\\\/\",\"url\":\"https:\\\/\\\/ga-p.com\\\/pt-pt\\\/\",\"name\":\"Home - Despacho de abogados G\u00f3mez-Acebo &amp; Pombo\",\"isPartOf\":{\"@id\":\"https:\\\/\\\/ga-p.com\\\/pt-pt\\\/#website\"},\"datePublished\":\"2024-07-04T14:41:03+00:00\",\"dateModified\":\"2026-08-12T09:36:57+00:00\",\"description\":\"GA_P combina a capacidade de julgamento e a inova\u00e7\u00e3o para resolver desafios jur\u00eddicos, oferece aconselhamento global e d\u00e1 prioridade \u00e0 sustentabilidade e \u00e0s rela\u00e7\u00f5es de proximidade.\",\"breadcrumb\":{\"@id\":\"https:\\\/\\\/ga-p.com\\\/pt-pt\\\/#breadcrumb\"},\"inLanguage\":\"pt-PT\",\"potentialAction\":[{\"@type\":\"ReadAction\",\"target\":[\"https:\\\/\\\/ga-p.com\\\/pt-pt\\\/\"]}]},{\"@type\":\"BreadcrumbList\",\"@id\":\"https:\\\/\\\/ga-p.com\\\/pt-pt\\\/#breadcrumb\",\"itemListElement\":[{\"@type\":\"ListItem\",\"position\":1,\"name\":\"Portada\",\"item\":\"https:\\\/\\\/ga-p.com\\\/pt-pt\\\/\"},{\"@type\":\"ListItem\",\"position\":2,\"name\":\"Home\"}]},{\"@type\":\"WebSite\",\"@id\":\"https:\\\/\\\/ga-p.com\\\/pt-pt\\\/#website\",\"url\":\"https:\\\/\\\/ga-p.com\\\/pt-pt\\\/\",\"name\":\"Despacho de abogados G\u00f3mez-Acebo & Pombo\",\"description\":\"G\u00f3mez-Acebo &amp; Pombo es una firma de abogados independiente, con experiencia internacional, especializada en todas las \u00e1reas del derecho de los negocio.\",\"publisher\":{\"@id\":\"https:\\\/\\\/ga-p.com\\\/pt-pt\\\/#organization\"},\"potentialAction\":[{\"@type\":\"SearchAction\",\"target\":{\"@type\":\"EntryPoint\",\"urlTemplate\":\"https:\\\/\\\/ga-p.com\\\/pt-pt\\\/?s={search_term_string}\"},\"query-input\":{\"@type\":\"PropertyValueSpecification\",\"valueRequired\":true,\"valueName\":\"search_term_string\"}}],\"inLanguage\":\"pt-PT\"},{\"@type\":\"Organization\",\"@id\":\"https:\\\/\\\/ga-p.com\\\/pt-pt\\\/#organization\",\"name\":\"Despacho de abogados G\u00f3mez-Acebo & Pombo\",\"url\":\"https:\\\/\\\/ga-p.com\\\/pt-pt\\\/\",\"logo\":{\"@type\":\"ImageObject\",\"inLanguage\":\"pt-PT\",\"@id\":\"https:\\\/\\\/ga-p.com\\\/pt-pt\\\/#\\\/schema\\\/logo\\\/image\\\/\",\"url\":\"https:\\\/\\\/ga-p.com\\\/wp-content\\\/uploads\\\/2024\\\/09\\\/Logo-1-1.svg\",\"contentUrl\":\"https:\\\/\\\/ga-p.com\\\/wp-content\\\/uploads\\\/2024\\\/09\\\/Logo-1-1.svg\",\"caption\":\"Despacho de abogados G\u00f3mez-Acebo & Pombo\"},\"image\":{\"@id\":\"https:\\\/\\\/ga-p.com\\\/pt-pt\\\/#\\\/schema\\\/logo\\\/image\\\/\"}}]}<\/script>\n<!-- \/ Yoast SEO plugin. -->","yoast_head_json":{"title":"Home - Despacho de abogados G\u00f3mez-Acebo &amp; Pombo","description":"GA_P combina a capacidade de julgamento e a inova\u00e7\u00e3o para resolver desafios jur\u00eddicos, oferece aconselhamento global e d\u00e1 prioridade \u00e0 sustentabilidade e \u00e0s rela\u00e7\u00f5es de proximidade.","robots":{"index":"index","follow":"follow","max-snippet":"max-snippet:-1","max-image-preview":"max-image-preview:large","max-video-preview":"max-video-preview:-1"},"canonical":"https:\/\/ga-p.com\/pt-pt\/","og_locale":"pt_PT","og_type":"article","og_title":"Home - Despacho de abogados G\u00f3mez-Acebo &amp; Pombo","og_description":"GA_P combina a capacidade de julgamento e a inova\u00e7\u00e3o para resolver desafios jur\u00eddicos, oferece aconselhamento global e d\u00e1 prioridade \u00e0 sustentabilidade e \u00e0s rela\u00e7\u00f5es de proximidade.","og_url":"https:\/\/ga-p.com\/pt-pt\/","og_site_name":"Despacho de abogados G\u00f3mez-Acebo &amp; Pombo","article_modified_time":"2026-08-12T09:36:57+00:00","twitter_card":"summary_large_image","schema":{"@context":"https:\/\/schema.org","@graph":[{"@type":"WebPage","@id":"https:\/\/ga-p.com\/pt-pt\/","url":"https:\/\/ga-p.com\/pt-pt\/","name":"Home - Despacho de abogados G\u00f3mez-Acebo &amp; Pombo","isPartOf":{"@id":"https:\/\/ga-p.com\/pt-pt\/#website"},"datePublished":"2024-07-04T14:41:03+00:00","dateModified":"2026-08-12T09:36:57+00:00","description":"GA_P combina a capacidade de julgamento e a inova\u00e7\u00e3o para resolver desafios jur\u00eddicos, oferece aconselhamento global e d\u00e1 prioridade \u00e0 sustentabilidade e \u00e0s rela\u00e7\u00f5es de proximidade.","breadcrumb":{"@id":"https:\/\/ga-p.com\/pt-pt\/#breadcrumb"},"inLanguage":"pt-PT","potentialAction":[{"@type":"ReadAction","target":["https:\/\/ga-p.com\/pt-pt\/"]}]},{"@type":"BreadcrumbList","@id":"https:\/\/ga-p.com\/pt-pt\/#breadcrumb","itemListElement":[{"@type":"ListItem","position":1,"name":"Portada","item":"https:\/\/ga-p.com\/pt-pt\/"},{"@type":"ListItem","position":2,"name":"Home"}]},{"@type":"WebSite","@id":"https:\/\/ga-p.com\/pt-pt\/#website","url":"https:\/\/ga-p.com\/pt-pt\/","name":"Despacho de abogados G\u00f3mez-Acebo & Pombo","description":"G\u00f3mez-Acebo &amp; Pombo es una firma de abogados independiente, con experiencia internacional, especializada en todas las \u00e1reas del derecho de los negocio.","publisher":{"@id":"https:\/\/ga-p.com\/pt-pt\/#organization"},"potentialAction":[{"@type":"SearchAction","target":{"@type":"EntryPoint","urlTemplate":"https:\/\/ga-p.com\/pt-pt\/?s={search_term_string}"},"query-input":{"@type":"PropertyValueSpecification","valueRequired":true,"valueName":"search_term_string"}}],"inLanguage":"pt-PT"},{"@type":"Organization","@id":"https:\/\/ga-p.com\/pt-pt\/#organization","name":"Despacho de abogados G\u00f3mez-Acebo & Pombo","url":"https:\/\/ga-p.com\/pt-pt\/","logo":{"@type":"ImageObject","inLanguage":"pt-PT","@id":"https:\/\/ga-p.com\/pt-pt\/#\/schema\/logo\/image\/","url":"https:\/\/ga-p.com\/wp-content\/uploads\/2024\/09\/Logo-1-1.svg","contentUrl":"https:\/\/ga-p.com\/wp-content\/uploads\/2024\/09\/Logo-1-1.svg","caption":"Despacho de abogados G\u00f3mez-Acebo & Pombo"},"image":{"@id":"https:\/\/ga-p.com\/pt-pt\/#\/schema\/logo\/image\/"}}]}},"_links":{"self":[{"href":"https:\/\/ga-p.com\/pt-pt\/wp-json\/wp\/v2\/pages\/68469","targetHints":{"allow":["GET"]}}],"collection":[{"href":"https:\/\/ga-p.com\/pt-pt\/wp-json\/wp\/v2\/pages"}],"about":[{"href":"https:\/\/ga-p.com\/pt-pt\/wp-json\/wp\/v2\/types\/page"}],"author":[{"embeddable":true,"href":"https:\/\/ga-p.com\/pt-pt\/wp-json\/wp\/v2\/users\/24"}],"replies":[{"embeddable":true,"href":"https:\/\/ga-p.com\/pt-pt\/wp-json\/wp\/v2\/comments?post=68469"}],"version-history":[{"count":0,"href":"https:\/\/ga-p.com\/pt-pt\/wp-json\/wp\/v2\/pages\/68469\/revisions"}],"wp:attachment":[{"href":"https:\/\/ga-p.com\/pt-pt\/wp-json\/wp\/v2\/media?parent=68469"}],"curies":[{"name":"wp","href":"https:\/\/api.w.org\/{rel}","templated":true}]}}