{"id":392788,"date":"2026-04-01T18:13:17","date_gmt":"2026-04-01T16:13:17","guid":{"rendered":"https:\/\/ga-p.com\/?post_type=persona&#038;p=392788"},"modified":"2026-04-01T18:13:50","modified_gmt":"2026-04-01T16:13:50","slug":"nuno-gomes","status":"publish","type":"persona","link":"https:\/\/ga-p.com\/pt-pt\/pessoa\/nuno-gomes\/","title":{"rendered":"Nuno Gomes"},"content":{"rendered":"\n\n<div id=\"Volver-block_5c0bed807a144986e71e2f4417208120\" class=\"d-none d-lg-block Volver\" style=\"background-color: #FFFFFF\">\n    <div class=\"container\">\n        <div class=\"row\">\n            <div class=\"col-12\">\n                <div class=\"backTo d-flex align-items-center gap-2\" onclick=\"window.location.href='https:\/\/ga-p.com\/pt-pt\/pessoas\/';\">\n                    <img decoding=\"async\" alt=\"icon\" src=\"https:\/\/ga-p.com\/wp-content\/themes\/ga-p\/assets\/images\/left-arrow-orange.svg\" \/>\n                    <div class=\"text\">Regressar a <strong>Pessoas<\/strong><\/div>\n                <\/div>\n            <\/div>\n        <\/div>\n    <\/div>\n<\/div>\n\n\n\n<div id=\"PersonaHeader-block_b3168edb6fb0ef0f3e1b39a810533e5b\" class=\"PersonaHeader\">\n    <div class=\"customContainer right\">\n        <div class=\"content\" style=\"background-image:url(https:\/\/ga-p.com\/wp-content\/uploads\/2024\/05\/Fondo-personas-nueva-web.webp)\">\n            <img fetchpriority=\"high\" decoding=\"async\" width=\"424\" height=\"424\" src=\"https:\/\/ga-p.com\/wp-content\/uploads\/2026\/04\/Nuno-Gomes-2.png\" class=\"personaThumb wp-post-image\" alt=\"Nuno Gomes\" loading=\"eager\" srcset=\"https:\/\/ga-p.com\/wp-content\/uploads\/2026\/04\/Nuno-Gomes-2.png 424w, https:\/\/ga-p.com\/wp-content\/uploads\/2026\/04\/Nuno-Gomes-2-300x300.png 300w, https:\/\/ga-p.com\/wp-content\/uploads\/2026\/04\/Nuno-Gomes-2-150x150.png 150w\" sizes=\"(max-width: 424px) 100vw, 424px\" \/>        <\/div>\n        <h1 class=\"col-lg-4 col-12 p-0 title\">Nuno Gomes<\/h1>\n    <\/div>\n    <div class=\"personalFixedTitle d-block d-md-none\">\n        <div class=\"container\">\n            <div class=\"row\">\n                <div class=\"col-12\">\n                    <div class=\"personalFixed\">\n                        <img decoding=\"async\" width=\"424\" height=\"424\" src=\"https:\/\/ga-p.com\/wp-content\/uploads\/2026\/04\/Nuno-Gomes-2.png\" class=\"personaThumb wp-post-image\" alt=\"Nuno Gomes\" loading=\"eager\" style=\"background-image:url(https:\/\/ga-p.com\/wp-content\/uploads\/2024\/05\/Fondo-personas-nueva-web.webp)\" srcset=\"https:\/\/ga-p.com\/wp-content\/uploads\/2026\/04\/Nuno-Gomes-2.png 424w, https:\/\/ga-p.com\/wp-content\/uploads\/2026\/04\/Nuno-Gomes-2-300x300.png 300w, https:\/\/ga-p.com\/wp-content\/uploads\/2026\/04\/Nuno-Gomes-2-150x150.png 150w\" sizes=\"(max-width: 424px) 100vw, 424px\" \/>                        <div class=\"modalTitle\">Nuno Gomes<\/div>\n                    <\/div>\n                <\/div>\n            <\/div>\n        <\/div>\n    <\/div>\n    <style>\n        .PersonaHeader{opacity:0;}\n    <\/style>\n<\/div>\n\n<div class=\"personaCV\" style=\"display:none\">\n    <div class=\"container\">\n        <a class=\"primaryCta scaleFromLeft rotateIcon\" id=\"cv\"><span>Ver curr\u00edculo completo<\/span>\n            <div class=\"containerImg\"><img decoding=\"async\" alt=\"icon\" src=\"https:\/\/ga-p.com\/wp-content\/themes\/ga-p\/assets\/images\/external-icon.svg\" \/><\/div>\n        <\/a>\n    <\/div>\n    <script>\n        const post_name_persona=\"nuno-gomes\";\n    <\/script>\n<\/div>\n\n\n\n<div class=\"pdf\" style=\"display:none\">\n    <div class=\"PersonaHeaderCV\">\n        <div class=\"customContainer right\">\n            <div class=\"content\" style=\"background-image:url(https:\/\/ga-p.com\/wp-content\/uploads\/2024\/05\/Fondo-personas-nueva-web.webp)\">\n                <img decoding=\"async\" src=\"https:\/\/ga-p.com\/wp-content\/uploads\/2026\/04\/Nuno-Gomes-2.png\" class=\"personaThumb\">\n            <\/div>\n        <\/div>\n    <\/div>\n\n    <div class=\"PersonaInformacionCV container\">\n        <div class=\"personal_office col-6 offset-6\">\n            <div class=\"personal\">\n                                    <div class=\"info\">\n                        <div class=\"title\">Posi\u00e7ao<\/div>\n                        <div class=\"text\">Counsel<\/div>\n                    <\/div>\n                \n                                    <div class=\"info\">\n                        <div class=\"title\">Telefone<\/div>\n                        <div class=\"text\">+351 213 40 86 00<\/div>\n                    <\/div>\n                                                    <div class=\"info\">\n                        <div class=\"title\">Email<\/div>\n                        <div class=\"text\">ngomes@ga-p.com<\/div>\n                    <\/div>\n                                                    <div class=\"info\">\n                        <div class=\"title\">N\u00ba de colegiado<\/div>\n                        <div class=\"text\">21.497L<\/div>\n                    <\/div>\n                                            <\/div>\n                            <div class=\"office\">\n                    <div class=\"title\">Escrit\u00f3rio de Lisboa<\/div>\n                                            <div class=\"d-flex align-item-center gap-2 mb-2\">\n                            <img decoding=\"async\" alt=\"icon\" src=\"https:\/\/ga-p.com\/wp-content\/themes\/ga-p\/assets\/images\/office-primary.svg\" \/>\n                            <div class=\"text\">Avenida Duque de \u00c1vila, n.\u00ba 46, 6, 1050-083 Lisboa (Portugal)<\/div>\n                        <\/div>\n                                                                <div class=\"d-flex align-item-center gap-2 mb-2\">\n                            <img decoding=\"async\" alt=\"icon\" src=\"https:\/\/ga-p.com\/wp-content\/themes\/ga-p\/assets\/images\/mobile-primary.svg\" \/>\n                            <div class=\"text\">(+351) 21 340 86 00<\/div>\n                        <\/div>\n                                                                <div class=\"d-flex align-item-center gap-2\">\n                            <img decoding=\"async\" alt=\"icon\" src=\"https:\/\/ga-p.com\/wp-content\/themes\/ga-p\/assets\/images\/email-primary.svg\" \/>\n                            <div class=\"text\">lisboa@ga-p.com<\/div>\n                        <\/div>\n                                    <\/div>\n                    <\/div>\n    <\/div>\n\n    <div class=\"container\">\n        <div class=\"row\">\n            <div class=\"col-6 izquierda\">\n                <div class=\"title\">Nuno Gomes<\/div>\n            <\/div>\n            <div class=\"col-6 derecha\">\n            <\/div>\n        <\/div>\n    <\/div>\n<\/div>\n\n<div id=\"ColumnaContenido-block_c51d47c3cb4f6ffadff1f5fd7a980787\" class=\"transparente ColumnaContenido\">\n    <div class=\"container\">\n        <div class=\"row\">\n            <div class=\"col-12 col-lg-7 offset-lg-5\">\n                <div class=\"acf-innerblocks-container\">\n\n\n<div id=\"PersonaInformacion-block_77efec97ab7ebefb469970a52856ab3e\" class=\"PersonaInformacion\">\n\n    <div class=\"personal_office\">\n        <div class=\"personal\">\n\n                            <div class=\"info\">\n                    <div class=\"title\">Posi\u00e7ao<\/div>\n                    <div class=\"text\">Counsel<\/div>\n                <\/div>\n            \n                        <div class=\"info\">\n                <div class=\"title\">Telefone<\/div>\n                <div class=\"text\">+351 213 40 86 00<\/div>\n            <\/div>\n                                        <div class=\"info\">\n                    <div class=\"title\">Email<\/div>\n                    <div class=\"text\">ngomes@ga-p.com<\/div>\n                <\/div>\n                                        <div class=\"info\">\n                    <div class=\"title\">N\u00ba de colegiado<\/div>\n                    <div class=\"text\">21.497L<\/div>\n                <\/div>\n                    <\/div>\n                    <div class=\"office\">\n                <div class=\"title\">Escrit\u00f3rio de Lisboa<\/div>\n\n                                <div class=\"d-flex align-item-center gap-2 mb-2\">\n                    <img decoding=\"async\" alt=\"icon\" src=\"https:\/\/ga-p.com\/wp-content\/themes\/ga-p\/assets\/images\/office-primary.svg\" \/>\n                    <div class=\"text\">Avenida Duque de \u00c1vila, n.\u00ba 46, 6, 1050-083 Lisboa (Portugal)<\/div>\n                <\/div>\n                                                    <div class=\"d-flex align-item-center gap-2 mb-2\">\n                        <img decoding=\"async\" alt=\"icon\" src=\"https:\/\/ga-p.com\/wp-content\/themes\/ga-p\/assets\/images\/mobile-primary.svg\" \/>\n                        <div class=\"text\">(+351) 21 340 86 00<\/div>\n                    <\/div>\n                                                    <div class=\"d-flex align-item-center gap-2\">\n                        <img decoding=\"async\" alt=\"icon\" src=\"https:\/\/ga-p.com\/wp-content\/themes\/ga-p\/assets\/images\/email-primary.svg\" \/>\n                        <div class=\"text\">lisboa@ga-p.com<\/div>\n                    <\/div>\n                            <\/div>\n            <\/div>\n    \n<\/div>\n\n<\/div>\n            <\/div>\n        <\/div>\n    <\/div>\n<\/div>\n\n\n<div id=\"ColumnaContenido-block_768d08f84f515282ab93c9737038e00a\" class=\"blanco ColumnaContenido\">\n    <div class=\"container\">\n        <div class=\"row\">\n            <div class=\"col-12 col-lg-7 offset-lg-5\">\n                <div class=\"acf-innerblocks-container\">\n\n<h2 class=\"wp-block-heading\">Nuno\u00a0\u00e9\u00a0<em>counsel<\/em>\u00a0do\u00a0departamento\u00a0de Laboral\u00a0da\u00a0G\u00f3mez-Acebo &amp; Pombo no escrit\u00f3rio de\u00a0Lisboa.\u00a0\u00a0<\/h2>\n\n\n\n<p>Nuno \u00e9 especialista&nbsp;em Direito do Trabalho e presta apoio jur\u00eddico a entidades nacionais, incluindo empresas privadas e do setor empresarial do Estado, intervindo regularmente em mat\u00e9rias de gest\u00e3o de recursos humanos, contrata\u00e7\u00e3o laboral, cessa\u00e7\u00e3o de rela\u00e7\u00f5es de trabalho e litig\u00e2ncia laboral.&nbsp;<\/p>\n\n\n\n<p>\u00c9 licenciado em Direito pela Faculdade de Direito da Universidade de Coimbra e concluiu a fase escolar do Mestrado em Direito do Trabalho, bem como&nbsp;uma p\u00f3s\u2011gradua\u00e7\u00e3o em Direito do Trabalho, na Faculdade de Direito da Universidade Cat\u00f3lica Portuguesa. Iniciou a sua carreira profissional na advocacia laboral, tendo exercido fun\u00e7\u00f5es como associado, associado s\u00e9nior, consultor e associado principal em sociedades de advogados de refer\u00eancia, integrando de forma continuada departamentos de Direito do Trabalho ao longo de mais de duas d\u00e9cadas de pr\u00e1tica profissional.&nbsp;<\/p>\n\n\n\n<p>Ao longo da sua carreira, adquiriu experi\u00eancia relevante na elabora\u00e7\u00e3o de contratos, instru\u00e7\u00e3o de processos disciplinares, elabora\u00e7\u00e3o de pareceres e acompanhamento de processos de reestrutura\u00e7\u00e3o empresarial, despedimentos coletivos e contencioso laboral.&nbsp;<\/p>\n\n\n\n<p>Participou como autor e coautor de artigos e publica\u00e7\u00f5es em revistas especializadas, tendo igualmente interven\u00e7\u00e3o como orador em confer\u00eancias e&nbsp;<em>webcasts&nbsp;<\/em>na \u00e1rea do Direito do Trabalho.&nbsp;<\/p>\n\n\n\n\n\n\n\n<div id=\"PersonaAcordeon-block_bcce382c93ac5e907bfdb990f556793c\" class=\"PersonaAcordeon\">\n\n    <div class=\"accordion accordion-flush\" id=\"accordion-PersonaAcordeon-block_bcce382c93ac5e907bfdb990f556793c\">\n        <div class=\"accordion-item\">\n            <h2 class=\"accordion-header\">\n                <button class=\"accordion-button collapsed gap-3 align-items-start\" type=\"button\" data-bs-toggle=\"collapse\" data-bs-target=\"#flush-PersonaAcordeon-block_bcce382c93ac5e907bfdb990f556793c\" aria-expanded=\"false\" aria-controls=\"flush-PersonaAcordeon-block_bcce382c93ac5e907bfdb990f556793c\">\n                    <img decoding=\"async\" width=\"1\" height=\"1\" src=\"https:\/\/ga-p.com\/wp-content\/uploads\/2024\/04\/educacion-icon.svg\" class=\"\" alt=\"educacion-icon\" loading=\"lazy\" \/>                    \n\n\nFormac\u0327a\u0303o e experie\u0302ncia profissional\n\n\n\n                <\/button>\n            <\/h2>\n            <div id=\"flush-PersonaAcordeon-block_bcce382c93ac5e907bfdb990f556793c\" class=\"accordion-collapse collapse\" data-bs-parent=\"#accordion-PersonaAcordeon-block_bcce382c93ac5e907bfdb990f556793c\">\n                <div class=\"accordion-body\">\n                                                                        <div class=\"itemCont noDate\">\n                                <div class=\"item-no-bullet\"><div class=\"page\" title=\"Page 1\">\n<div class=\"layoutArea\">\n<div class=\"column\">\n<div class=\"page\" title=\"Page 1\">\n<div class=\"layoutArea\">\n<div class=\"column\">\n<p><strong><span class=\"TextRun SCXW234585214 BCX0\" lang=\"PT-PT\" xml:lang=\"PT-PT\" data-contrast=\"auto\"><span class=\"NormalTextRun SCXW234585214 BCX0\">Integra a\u00a0<\/span><span class=\"NormalTextRun SpellingErrorV2Themed SCXW234585214 BCX0\">G\u00f3mez<\/span><span class=\"NormalTextRun SCXW234585214 BCX0\">-Acebo &amp; Pombo como\u00a0<\/span><\/span><span class=\"TextRun SCXW234585214 BCX0\" lang=\"PT-PT\" xml:lang=\"PT-PT\" data-contrast=\"auto\"><span class=\"NormalTextRun SpellingErrorV2Themed SCXW234585214 BCX0\">counsel<\/span><\/span><span class=\"TextRun SCXW234585214 BCX0\" lang=\"PT-PT\" xml:lang=\"PT-PT\" data-contrast=\"auto\"><span class=\"NormalTextRun SCXW234585214 BCX0\">\u00a0em 202<\/span><span class=\"NormalTextRun SCXW234585214 BCX0\">6<\/span><span class=\"NormalTextRun SCXW234585214 BCX0\">.\u00a0\u00a0<\/span><\/span><span class=\"EOP SCXW234585214 BCX0\" data-ccp-props=\"{&quot;201341983&quot;:2,&quot;335551550&quot;:6,&quot;335551620&quot;:6,&quot;335559739&quot;:60,&quot;335559740&quot;:300}\">\u00a0<\/span><\/strong><\/p>\n<\/div>\n<\/div>\n<\/div>\n<\/div>\n<\/div>\n<\/div>\n<\/div>\n                            <\/div>\n                                                    <div class=\"itemCont noDate\">\n                                <div class=\"item\"><div class=\"page\" title=\"Page 1\">\n<div class=\"layoutArea\">\n<div class=\"column\">\n<div class=\"page\" title=\"Page 1\">\n<div class=\"layoutArea\">\n<div class=\"column\">\n<p><span class=\"TextRun SCXW14094144 BCX0\" lang=\"PT-PT\" xml:lang=\"PT-PT\" data-contrast=\"auto\"><span class=\"NormalTextRun SCXW14094144 BCX0\">1998 | Licenciatura em Direito pela Universidade de Coimbra.<\/span><\/span><span class=\"EOP SCXW14094144 BCX0\" data-ccp-props=\"{&quot;201341983&quot;:2,&quot;335551550&quot;:6,&quot;335551620&quot;:6,&quot;335559738&quot;:120,&quot;335559739&quot;:60,&quot;335559740&quot;:300}\">\u00a0<\/span><\/p>\n<\/div>\n<\/div>\n<\/div>\n<\/div>\n<\/div>\n<\/div>\n<\/div>\n                            <\/div>\n                                                    <div class=\"itemCont noDate\">\n                                <div class=\"item\"><div class=\"page\" title=\"Page 1\">\n<div class=\"layoutArea\">\n<div class=\"column\">\n<div class=\"page\" title=\"Page 1\">\n<div class=\"layoutArea\">\n<div class=\"column\">\n<p><span class=\"TextRun SCXW178635827 BCX0\" lang=\"PT-PT\" xml:lang=\"PT-PT\" data-contrast=\"auto\"><span class=\"NormalTextRun SCXW178635827 BCX0\">2003 | Advogado estagi\u00e1rio no departamento Laboral numa firma nacional.\u00a0<\/span><\/span><span class=\"EOP SCXW178635827 BCX0\" data-ccp-props=\"{&quot;201341983&quot;:2,&quot;335551550&quot;:6,&quot;335551620&quot;:6,&quot;335559738&quot;:120,&quot;335559739&quot;:60,&quot;335559740&quot;:300}\">\u00a0<\/span><\/p>\n<\/div>\n<\/div>\n<\/div>\n<\/div>\n<\/div>\n<\/div>\n<\/div>\n                            <\/div>\n                                                    <div class=\"itemCont noDate\">\n                                <div class=\"item\"><div class=\"page\" title=\"Page 1\">\n<div class=\"layoutArea\">\n<div class=\"column\">\n<div class=\"page\" title=\"Page 1\">\n<div class=\"layoutArea\">\n<div class=\"column\">\n<p><span class=\"TextRun SCXW72054068 BCX0\" lang=\"PT-PT\" xml:lang=\"PT-PT\" data-contrast=\"auto\"><span class=\"NormalTextRun SCXW72054068 BCX0\">2005 | Associado no departamento Laboral numa firma nacional<\/span><\/span><span class=\"EOP SCXW72054068 BCX0\" data-ccp-props=\"{&quot;201341983&quot;:2,&quot;335551550&quot;:6,&quot;335551620&quot;:6,&quot;335559738&quot;:120,&quot;335559739&quot;:60,&quot;335559740&quot;:300}\">\u00a0<\/span><\/p>\n<\/div>\n<\/div>\n<\/div>\n<\/div>\n<\/div>\n<\/div>\n<\/div>\n                            <\/div>\n                                                    <div class=\"itemCont noDate\">\n                                <div class=\"item\"><p><span class=\"TextRun SCXW191931648 BCX0\" lang=\"PT-PT\" xml:lang=\"PT-PT\" data-contrast=\"auto\"><span class=\"NormalTextRun SCXW191931648 BCX0\">2004<\/span><span class=\"NormalTextRun SCXW191931648 BCX0\">\u00a0<\/span><span class=\"NormalTextRun SCXW191931648 BCX0\">|<\/span><span class=\"NormalTextRun SCXW191931648 BCX0\">\u00a0<\/span><span class=\"NormalTextRun SCXW191931648 BCX0\">P\u00f3s<\/span><\/span><span class=\"TextRun SCXW191931648 BCX0\" lang=\"PT-PT\" xml:lang=\"PT-PT\" data-contrast=\"auto\"><span class=\"NormalTextRun SCXW191931648 BCX0\">\u2011<\/span><\/span><span class=\"TextRun SCXW191931648 BCX0\" lang=\"PT-PT\" xml:lang=\"PT-PT\" data-contrast=\"auto\"><span class=\"NormalTextRun SCXW191931648 BCX0\">gradua<\/span><span class=\"NormalTextRun SCXW191931648 BCX0\">\u00e7\u00e3<\/span><span class=\"NormalTextRun SCXW191931648 BCX0\">o em Direito do Trabalho pela Universidade Cat<\/span><span class=\"NormalTextRun SCXW191931648 BCX0\">\u00f3<\/span><span class=\"NormalTextRun SCXW191931648 BCX0\">lica Portuguesa\u00a0<\/span><span class=\"NormalTextRun SCXW191931648 BCX0\">\u2013<\/span><span class=\"NormalTextRun SCXW191931648 BCX0\">\u00a0Faculdade de Direito.<\/span><\/span><span class=\"EOP SCXW191931648 BCX0\" data-ccp-props=\"{&quot;201341983&quot;:2,&quot;335551550&quot;:6,&quot;335551620&quot;:6,&quot;335559738&quot;:120,&quot;335559739&quot;:60,&quot;335559740&quot;:300}\">\u00a0<\/span><\/p>\n<\/div>\n                            <\/div>\n                                                    <div class=\"itemCont noDate\">\n                                <div class=\"item\"><p><span class=\"TextRun SCXW13458601 BCX0\" lang=\"PT-PT\" xml:lang=\"PT-PT\" data-contrast=\"auto\"><span class=\"NormalTextRun SCXW13458601 BCX0\">2005 |\u00a0<\/span><span class=\"NormalTextRun SCXW13458601 BCX0\">Fase escolar do m<\/span><span class=\"NormalTextRun SCXW13458601 BCX0\">estrado em Direito do Trabalho pela Universidade Cat\u00f3lica Portuguesa \u2013 Faculdade de Direito.<\/span><\/span><span class=\"EOP SCXW13458601 BCX0\" data-ccp-props=\"{&quot;201341983&quot;:2,&quot;335551550&quot;:6,&quot;335551620&quot;:6,&quot;335559738&quot;:120,&quot;335559739&quot;:60,&quot;335559740&quot;:300}\">\u00a0<\/span><\/p>\n<\/div>\n                            <\/div>\n                                                    <div class=\"itemCont noDate\">\n                                <div class=\"item\"><p><span class=\"TextRun SCXW33212672 BCX0\" lang=\"PT-PT\" xml:lang=\"PT-PT\" data-contrast=\"auto\"><span class=\"NormalTextRun SCXW33212672 BCX0\">2008 | Associado S\u00e9nior no departamento Laboral numa prestigiada firma nacional.<\/span><\/span><span class=\"EOP SCXW33212672 BCX0\" data-ccp-props=\"{&quot;201341983&quot;:2,&quot;335551550&quot;:6,&quot;335551620&quot;:6,&quot;335559738&quot;:120,&quot;335559739&quot;:60,&quot;335559740&quot;:300}\">\u00a0<\/span><\/p>\n<\/div>\n                            <\/div>\n                                                    <div class=\"itemCont noDate\">\n                                <div class=\"item\"><p><span class=\"TextRun SCXW99526916 BCX0\" lang=\"PT-PT\" xml:lang=\"PT-PT\" data-contrast=\"auto\"><span class=\"NormalTextRun SCXW99526916 BCX0\">2014 | Associado S\u00e9nior<\/span><span class=\"NormalTextRun SCXW99526916 BCX0\">\u00a0no d<\/span><span class=\"NormalTextRun SCXW99526916 BCX0\">epartamento<\/span><span class=\"NormalTextRun SCXW99526916 BCX0\">\u00a0de<\/span><span class=\"NormalTextRun SCXW99526916 BCX0\">\u00a0Laboral\u00a0<\/span><span class=\"NormalTextRun SCXW99526916 BCX0\">de uma firma nacional de refer\u00eancia.<\/span><\/span><span class=\"EOP SCXW99526916 BCX0\" data-ccp-props=\"{&quot;201341983&quot;:2,&quot;335551550&quot;:6,&quot;335551620&quot;:6,&quot;335559738&quot;:120,&quot;335559739&quot;:60,&quot;335559740&quot;:300}\">\u00a0<\/span><\/p>\n<\/div>\n                            <\/div>\n                                                    <div class=\"itemCont noDate\">\n                                <div class=\"item\"><p><span class=\"TextRun SCXW218503079 BCX0\" lang=\"PT-PT\" xml:lang=\"PT-PT\" data-contrast=\"auto\"><span class=\"NormalTextRun SCXW218503079 BCX0\">2<\/span><span class=\"NormalTextRun SCXW218503079 BCX0\">020 | Consultor\u00a0<\/span><span class=\"NormalTextRun SCXW218503079 BCX0\">no d<\/span><span class=\"NormalTextRun SCXW218503079 BCX0\">epartamento Laboral n<\/span><span class=\"NormalTextRun SCXW218503079 BCX0\">uma prestigiada firma nacional.\u00a0<\/span><\/span><span class=\"EOP SCXW218503079 BCX0\" data-ccp-props=\"{&quot;201341983&quot;:2,&quot;335551550&quot;:6,&quot;335551620&quot;:6,&quot;335559738&quot;:120,&quot;335559739&quot;:60,&quot;335559740&quot;:300}\">\u00a0<\/span><\/p>\n<\/div>\n                            <\/div>\n                                                    <div class=\"itemCont noDate\">\n                                <div class=\"item\"><p><span class=\"TextRun SCXW182460680 BCX0\" lang=\"PT-PT\" xml:lang=\"PT-PT\" data-contrast=\"auto\"><span class=\"NormalTextRun SCXW182460680 BCX0\">2024 | Associado principal\u00a0<\/span><span class=\"NormalTextRun SCXW182460680 BCX0\">no<\/span><span class=\"NormalTextRun SCXW182460680 BCX0\">\u00a0<\/span><span class=\"NormalTextRun SCXW182460680 BCX0\">d<\/span><span class=\"NormalTextRun SCXW182460680 BCX0\">epartamento Laboral\u00a0<\/span><span class=\"NormalTextRun SCXW182460680 BCX0\">numa prestigiada firma nacional.<\/span><\/span><span class=\"EOP SCXW182460680 BCX0\" data-ccp-props=\"{&quot;201341983&quot;:2,&quot;335551550&quot;:6,&quot;335551620&quot;:6,&quot;335559738&quot;:120,&quot;335559739&quot;:60,&quot;335559740&quot;:300}\">\u00a0<\/span><\/p>\n<\/div>\n                            <\/div>\n                                                    <div class=\"itemCont noDate\">\n                                <div class=\"item\"><p><span class=\"TextRun SCXW260539014 BCX0\" lang=\"PT-PT\" xml:lang=\"PT-PT\" data-contrast=\"auto\"><span class=\"NormalTextRun SCXW260539014 BCX0\">202<\/span><span class=\"NormalTextRun SCXW260539014 BCX0\">6\u00a0<\/span><span class=\"NormalTextRun SCXW260539014 BCX0\">| Consultor\u00a0<\/span><span class=\"NormalTextRun SCXW260539014 BCX0\">no<\/span><span class=\"NormalTextRun SCXW260539014 BCX0\">\u00a0<\/span><span class=\"NormalTextRun SCXW260539014 BCX0\">d<\/span><span class=\"NormalTextRun SCXW260539014 BCX0\">epartamento Laboral n<\/span><span class=\"NormalTextRun SCXW260539014 BCX0\">uma prestigiada firma nacional.<\/span><\/span><span class=\"EOP SCXW260539014 BCX0\" data-ccp-props=\"{&quot;201341983&quot;:2,&quot;335551550&quot;:6,&quot;335551620&quot;:6,&quot;335559738&quot;:120,&quot;335559739&quot;:60,&quot;335559740&quot;:300}\">\u00a0<\/span><\/p>\n<\/div>\n                            <\/div>\n                                                            <\/div>\n            <\/div>\n        <\/div>\n    <\/div>\n\n<\/div>\n\n\n\n<div id=\"PersonaAcordeon-block_2fc52f94b74d02d425231c8fe16da6d6\" class=\"PersonaAcordeon\">\n\n    <div class=\"accordion accordion-flush\" id=\"accordion-PersonaAcordeon-block_2fc52f94b74d02d425231c8fe16da6d6\">\n        <div class=\"accordion-item\">\n            <h2 class=\"accordion-header\">\n                <button class=\"accordion-button collapsed gap-3 align-items-start\" type=\"button\" data-bs-toggle=\"collapse\" data-bs-target=\"#flush-PersonaAcordeon-block_2fc52f94b74d02d425231c8fe16da6d6\" aria-expanded=\"false\" aria-controls=\"flush-PersonaAcordeon-block_2fc52f94b74d02d425231c8fe16da6d6\">\n                    <img decoding=\"async\" width=\"1\" height=\"1\" src=\"https:\/\/ga-p.com\/wp-content\/uploads\/2024\/04\/entidades.svg\" class=\"\" alt=\"entidades\" loading=\"lazy\" \/>                    \n\n\nEntidades e associac\u0327o\u0303es profissionais das quais e\u0301 membro\n\n\n\n                <\/button>\n            <\/h2>\n            <div id=\"flush-PersonaAcordeon-block_2fc52f94b74d02d425231c8fe16da6d6\" class=\"accordion-collapse collapse\" data-bs-parent=\"#accordion-PersonaAcordeon-block_2fc52f94b74d02d425231c8fe16da6d6\">\n                <div class=\"accordion-body\">\n                                                                        <div class=\"itemCont noDate\">\n                                <div class=\"item\"><div class=\"page\" title=\"Page 1\">\n<div class=\"layoutArea\">\n<div class=\"column\">\n<div class=\"page\" title=\"Page 1\">\n<div class=\"layoutArea\">\n<div class=\"column\">\n<p><span class=\"NormalTextRun SCXW61645685 BCX0\">Membro da Ordem dos Advogados<\/span><span class=\"NormalTextRun SCXW61645685 BCX0\">\u00a0de Lisboa<\/span><span class=\"NormalTextRun SCXW61645685 BCX0\">.<\/span><\/p>\n<\/div>\n<\/div>\n<\/div>\n<\/div>\n<\/div>\n<\/div>\n<\/div>\n                            <\/div>\n                                                            <\/div>\n            <\/div>\n        <\/div>\n    <\/div>\n\n<\/div>\n\n\n\n<div id=\"PersonaAcordeon-block_ba8ef4504fd7a2c020cb09d55fca3109\" class=\"PersonaAcordeon\">\n\n    <div class=\"accordion accordion-flush\" id=\"accordion-PersonaAcordeon-block_ba8ef4504fd7a2c020cb09d55fca3109\">\n        <div class=\"accordion-item\">\n            <h2 class=\"accordion-header\">\n                <button class=\"accordion-button collapsed gap-3 align-items-start\" type=\"button\" data-bs-toggle=\"collapse\" data-bs-target=\"#flush-PersonaAcordeon-block_ba8ef4504fd7a2c020cb09d55fca3109\" aria-expanded=\"false\" aria-controls=\"flush-PersonaAcordeon-block_ba8ef4504fd7a2c020cb09d55fca3109\">\n                    <img decoding=\"async\" width=\"1\" height=\"1\" src=\"https:\/\/ga-p.com\/wp-content\/uploads\/2024\/04\/idiomas-icon.svg\" class=\"\" alt=\"idiomas-icon\" loading=\"lazy\" \/>                    Idiomas\n                <\/button>\n            <\/h2>\n            <div id=\"flush-PersonaAcordeon-block_ba8ef4504fd7a2c020cb09d55fca3109\" class=\"accordion-collapse collapse\" data-bs-parent=\"#accordion-PersonaAcordeon-block_ba8ef4504fd7a2c020cb09d55fca3109\">\n                <div class=\"accordion-body\">\n                                                                        <div class=\"itemCont noDate\">\n                                <div class=\"item\"><div class=\"page\" title=\"Page 1\">\n<div class=\"layoutArea\">\n<div class=\"column\">\n<p>Portugue\u0302s<\/p>\n<\/div>\n<\/div>\n<\/div>\n<\/div>\n                            <\/div>\n                                                    <div class=\"itemCont noDate\">\n                                <div class=\"item\"><div class=\"page\" title=\"Page 1\">\n<div class=\"layoutArea\">\n<div class=\"column\">\n<p>Ingle\u0302s<\/p>\n<\/div>\n<\/div>\n<\/div>\n<\/div>\n                            <\/div>\n                                                    <div class=\"itemCont noDate\">\n                                <div class=\"item\"><div class=\"page\" title=\"Page 1\">\n<div class=\"layoutArea\">\n<div class=\"column\">\n<p>Espanhol<\/p>\n<\/div>\n<\/div>\n<\/div>\n<\/div>\n                            <\/div>\n                                                    <div class=\"itemCont noDate\">\n                                <div class=\"item\"><p>Franc\u00eas<\/p>\n<\/div>\n                            <\/div>\n                                                            <\/div>\n            <\/div>\n        <\/div>\n    <\/div>\n\n<\/div>\n\n\n\n<div id=\"Boton-block_20b523f6f162ba0302519e35be55d529\" class=\"Boton\">\n\n    <\/div>\n\n<\/div>\n            <\/div>\n        <\/div>\n    <\/div>\n<\/div>\n\n\n","protected":false},"excerpt":{"rendered":"<p>Nuno \u00e9 counsel do departamento de Laboral da G\u00f3mez-Acebo &#038; Pombo no escrit\u00f3rio de Lisboa.  <\/p>\n","protected":false},"featured_media":392789,"template":"","cargo":[210],"cargo-por-genero":[298],"personas-categoria":[227],"class_list":["post-392788","persona","type-persona","status-publish","has-post-thumbnail","hentry","cargo-counsel-pt-pt","cargo-por-genero-counsel-pt-pt","personas-categoria-conselho-de-administracao"],"acf":[],"yoast_head":"<!-- This site is optimized with the Yoast SEO plugin v27.3 - https:\/\/yoast.com\/product\/yoast-seo-wordpress\/ -->\n<title>Nuno Gomes - Despacho de abogados G\u00f3mez-Acebo &amp; Pombo<\/title>\n<meta name=\"description\" content=\"Nuno \u00e9 counsel do departamento de Laboral da G\u00f3mez-Acebo &amp; Pombo no escrit\u00f3rio de Lisboa.\" \/>\n<meta name=\"robots\" content=\"index, follow, max-snippet:-1, max-image-preview:large, max-video-preview:-1\" \/>\n<link rel=\"canonical\" href=\"https:\/\/ga-p.com\/pt-pt\/pessoa\/nuno-gomes\/\" \/>\n<meta property=\"og:locale\" content=\"pt_PT\" \/>\n<meta property=\"og:type\" content=\"article\" \/>\n<meta property=\"og:title\" content=\"Nuno Gomes - Despacho de abogados G\u00f3mez-Acebo &amp; Pombo\" \/>\n<meta property=\"og:description\" content=\"Nuno \u00e9 counsel do departamento de Laboral da G\u00f3mez-Acebo &amp; Pombo no escrit\u00f3rio de Lisboa.\" \/>\n<meta property=\"og:url\" content=\"https:\/\/ga-p.com\/pt-pt\/pessoa\/nuno-gomes\/\" \/>\n<meta property=\"og:site_name\" content=\"Despacho de abogados G\u00f3mez-Acebo &amp; Pombo\" \/>\n<meta property=\"article:modified_time\" content=\"2026-04-01T16:13:50+00:00\" \/>\n<meta property=\"og:image\" content=\"https:\/\/ga-p.com\/wp-content\/uploads\/2026\/04\/Nuno-Gomes-2.png\" \/>\n\t<meta property=\"og:image:width\" content=\"424\" \/>\n\t<meta property=\"og:image:height\" content=\"424\" \/>\n\t<meta property=\"og:image:type\" content=\"image\/png\" \/>\n<meta name=\"twitter:card\" content=\"summary_large_image\" \/>\n<meta name=\"twitter:label1\" content=\"Tempo estimado de leitura\" \/>\n\t<meta name=\"twitter:data1\" content=\"2 minutos\" \/>\n<script type=\"application\/ld+json\" class=\"yoast-schema-graph\">{\"@context\":\"https:\\\/\\\/schema.org\",\"@graph\":[{\"@type\":\"WebPage\",\"@id\":\"https:\\\/\\\/ga-p.com\\\/pt-pt\\\/pessoa\\\/nuno-gomes\\\/\",\"url\":\"https:\\\/\\\/ga-p.com\\\/pt-pt\\\/pessoa\\\/nuno-gomes\\\/\",\"name\":\"Nuno Gomes - Despacho de abogados G\u00f3mez-Acebo &amp; Pombo\",\"isPartOf\":{\"@id\":\"https:\\\/\\\/ga-p.com\\\/pt-pt\\\/#website\"},\"primaryImageOfPage\":{\"@id\":\"https:\\\/\\\/ga-p.com\\\/pt-pt\\\/pessoa\\\/nuno-gomes\\\/#primaryimage\"},\"image\":{\"@id\":\"https:\\\/\\\/ga-p.com\\\/pt-pt\\\/pessoa\\\/nuno-gomes\\\/#primaryimage\"},\"thumbnailUrl\":\"https:\\\/\\\/ga-p.com\\\/wp-content\\\/uploads\\\/2026\\\/04\\\/Nuno-Gomes-2.png\",\"datePublished\":\"2026-04-01T16:13:17+00:00\",\"dateModified\":\"2026-04-01T16:13:50+00:00\",\"description\":\"Nuno \u00e9 counsel do departamento de Laboral da G\u00f3mez-Acebo & Pombo no escrit\u00f3rio de Lisboa.\",\"breadcrumb\":{\"@id\":\"https:\\\/\\\/ga-p.com\\\/pt-pt\\\/pessoa\\\/nuno-gomes\\\/#breadcrumb\"},\"inLanguage\":\"pt-PT\",\"potentialAction\":[{\"@type\":\"ReadAction\",\"target\":[\"https:\\\/\\\/ga-p.com\\\/pt-pt\\\/pessoa\\\/nuno-gomes\\\/\"]}]},{\"@type\":\"ImageObject\",\"inLanguage\":\"pt-PT\",\"@id\":\"https:\\\/\\\/ga-p.com\\\/pt-pt\\\/pessoa\\\/nuno-gomes\\\/#primaryimage\",\"url\":\"https:\\\/\\\/ga-p.com\\\/wp-content\\\/uploads\\\/2026\\\/04\\\/Nuno-Gomes-2.png\",\"contentUrl\":\"https:\\\/\\\/ga-p.com\\\/wp-content\\\/uploads\\\/2026\\\/04\\\/Nuno-Gomes-2.png\",\"width\":424,\"height\":424},{\"@type\":\"BreadcrumbList\",\"@id\":\"https:\\\/\\\/ga-p.com\\\/pt-pt\\\/pessoa\\\/nuno-gomes\\\/#breadcrumb\",\"itemListElement\":[{\"@type\":\"ListItem\",\"position\":1,\"name\":\"Portada\",\"item\":\"https:\\\/\\\/ga-p.com\\\/pt-pt\\\/\"},{\"@type\":\"ListItem\",\"position\":2,\"name\":\"Nuno Gomes\"}]},{\"@type\":\"WebSite\",\"@id\":\"https:\\\/\\\/ga-p.com\\\/pt-pt\\\/#website\",\"url\":\"https:\\\/\\\/ga-p.com\\\/pt-pt\\\/\",\"name\":\"Despacho de abogados G\u00f3mez-Acebo & Pombo\",\"description\":\"G\u00f3mez-Acebo &amp; Pombo es una firma de abogados independiente, con experiencia internacional, especializada en todas las \u00e1reas del derecho de los negocio.\",\"publisher\":{\"@id\":\"https:\\\/\\\/ga-p.com\\\/pt-pt\\\/#organization\"},\"potentialAction\":[{\"@type\":\"SearchAction\",\"target\":{\"@type\":\"EntryPoint\",\"urlTemplate\":\"https:\\\/\\\/ga-p.com\\\/pt-pt\\\/?s={search_term_string}\"},\"query-input\":{\"@type\":\"PropertyValueSpecification\",\"valueRequired\":true,\"valueName\":\"search_term_string\"}}],\"inLanguage\":\"pt-PT\"},{\"@type\":\"Organization\",\"@id\":\"https:\\\/\\\/ga-p.com\\\/pt-pt\\\/#organization\",\"name\":\"Despacho de abogados G\u00f3mez-Acebo & Pombo\",\"url\":\"https:\\\/\\\/ga-p.com\\\/pt-pt\\\/\",\"logo\":{\"@type\":\"ImageObject\",\"inLanguage\":\"pt-PT\",\"@id\":\"https:\\\/\\\/ga-p.com\\\/pt-pt\\\/#\\\/schema\\\/logo\\\/image\\\/\",\"url\":\"https:\\\/\\\/ga-p.com\\\/wp-content\\\/uploads\\\/2024\\\/09\\\/Logo-1-1.svg\",\"contentUrl\":\"https:\\\/\\\/ga-p.com\\\/wp-content\\\/uploads\\\/2024\\\/09\\\/Logo-1-1.svg\",\"caption\":\"Despacho de abogados G\u00f3mez-Acebo & Pombo\"},\"image\":{\"@id\":\"https:\\\/\\\/ga-p.com\\\/pt-pt\\\/#\\\/schema\\\/logo\\\/image\\\/\"}}]}<\/script>\n<!-- \/ Yoast SEO plugin. -->","yoast_head_json":{"title":"Nuno Gomes - Despacho de abogados G\u00f3mez-Acebo &amp; Pombo","description":"Nuno \u00e9 counsel do departamento de Laboral da G\u00f3mez-Acebo & Pombo no escrit\u00f3rio de Lisboa.","robots":{"index":"index","follow":"follow","max-snippet":"max-snippet:-1","max-image-preview":"max-image-preview:large","max-video-preview":"max-video-preview:-1"},"canonical":"https:\/\/ga-p.com\/pt-pt\/pessoa\/nuno-gomes\/","og_locale":"pt_PT","og_type":"article","og_title":"Nuno Gomes - Despacho de abogados G\u00f3mez-Acebo &amp; Pombo","og_description":"Nuno \u00e9 counsel do departamento de Laboral da G\u00f3mez-Acebo & Pombo no escrit\u00f3rio de Lisboa.","og_url":"https:\/\/ga-p.com\/pt-pt\/pessoa\/nuno-gomes\/","og_site_name":"Despacho de abogados G\u00f3mez-Acebo &amp; Pombo","article_modified_time":"2026-04-01T16:13:50+00:00","og_image":[{"width":424,"height":424,"url":"https:\/\/ga-p.com\/wp-content\/uploads\/2026\/04\/Nuno-Gomes-2.png","type":"image\/png"}],"twitter_card":"summary_large_image","twitter_misc":{"Tempo estimado de leitura":"2 minutos"},"schema":{"@context":"https:\/\/schema.org","@graph":[{"@type":"WebPage","@id":"https:\/\/ga-p.com\/pt-pt\/pessoa\/nuno-gomes\/","url":"https:\/\/ga-p.com\/pt-pt\/pessoa\/nuno-gomes\/","name":"Nuno Gomes - Despacho de abogados G\u00f3mez-Acebo &amp; Pombo","isPartOf":{"@id":"https:\/\/ga-p.com\/pt-pt\/#website"},"primaryImageOfPage":{"@id":"https:\/\/ga-p.com\/pt-pt\/pessoa\/nuno-gomes\/#primaryimage"},"image":{"@id":"https:\/\/ga-p.com\/pt-pt\/pessoa\/nuno-gomes\/#primaryimage"},"thumbnailUrl":"https:\/\/ga-p.com\/wp-content\/uploads\/2026\/04\/Nuno-Gomes-2.png","datePublished":"2026-04-01T16:13:17+00:00","dateModified":"2026-04-01T16:13:50+00:00","description":"Nuno \u00e9 counsel do departamento de Laboral da G\u00f3mez-Acebo & Pombo no escrit\u00f3rio de Lisboa.","breadcrumb":{"@id":"https:\/\/ga-p.com\/pt-pt\/pessoa\/nuno-gomes\/#breadcrumb"},"inLanguage":"pt-PT","potentialAction":[{"@type":"ReadAction","target":["https:\/\/ga-p.com\/pt-pt\/pessoa\/nuno-gomes\/"]}]},{"@type":"ImageObject","inLanguage":"pt-PT","@id":"https:\/\/ga-p.com\/pt-pt\/pessoa\/nuno-gomes\/#primaryimage","url":"https:\/\/ga-p.com\/wp-content\/uploads\/2026\/04\/Nuno-Gomes-2.png","contentUrl":"https:\/\/ga-p.com\/wp-content\/uploads\/2026\/04\/Nuno-Gomes-2.png","width":424,"height":424},{"@type":"BreadcrumbList","@id":"https:\/\/ga-p.com\/pt-pt\/pessoa\/nuno-gomes\/#breadcrumb","itemListElement":[{"@type":"ListItem","position":1,"name":"Portada","item":"https:\/\/ga-p.com\/pt-pt\/"},{"@type":"ListItem","position":2,"name":"Nuno Gomes"}]},{"@type":"WebSite","@id":"https:\/\/ga-p.com\/pt-pt\/#website","url":"https:\/\/ga-p.com\/pt-pt\/","name":"Despacho de abogados G\u00f3mez-Acebo & Pombo","description":"G\u00f3mez-Acebo &amp; Pombo es una firma de abogados independiente, con experiencia internacional, especializada en todas las \u00e1reas del derecho de los negocio.","publisher":{"@id":"https:\/\/ga-p.com\/pt-pt\/#organization"},"potentialAction":[{"@type":"SearchAction","target":{"@type":"EntryPoint","urlTemplate":"https:\/\/ga-p.com\/pt-pt\/?s={search_term_string}"},"query-input":{"@type":"PropertyValueSpecification","valueRequired":true,"valueName":"search_term_string"}}],"inLanguage":"pt-PT"},{"@type":"Organization","@id":"https:\/\/ga-p.com\/pt-pt\/#organization","name":"Despacho de abogados G\u00f3mez-Acebo & Pombo","url":"https:\/\/ga-p.com\/pt-pt\/","logo":{"@type":"ImageObject","inLanguage":"pt-PT","@id":"https:\/\/ga-p.com\/pt-pt\/#\/schema\/logo\/image\/","url":"https:\/\/ga-p.com\/wp-content\/uploads\/2024\/09\/Logo-1-1.svg","contentUrl":"https:\/\/ga-p.com\/wp-content\/uploads\/2024\/09\/Logo-1-1.svg","caption":"Despacho de abogados G\u00f3mez-Acebo & Pombo"},"image":{"@id":"https:\/\/ga-p.com\/pt-pt\/#\/schema\/logo\/image\/"}}]}},"_links":{"self":[{"href":"https:\/\/ga-p.com\/pt-pt\/wp-json\/wp\/v2\/persona\/392788","targetHints":{"allow":["GET"]}}],"collection":[{"href":"https:\/\/ga-p.com\/pt-pt\/wp-json\/wp\/v2\/persona"}],"about":[{"href":"https:\/\/ga-p.com\/pt-pt\/wp-json\/wp\/v2\/types\/persona"}],"wp:featuredmedia":[{"embeddable":true,"href":"https:\/\/ga-p.com\/pt-pt\/wp-json\/wp\/v2\/media\/392789"}],"wp:attachment":[{"href":"https:\/\/ga-p.com\/pt-pt\/wp-json\/wp\/v2\/media?parent=392788"}],"wp:term":[{"taxonomy":"cargo","embeddable":true,"href":"https:\/\/ga-p.com\/pt-pt\/wp-json\/wp\/v2\/cargo?post=392788"},{"taxonomy":"cargo-por-genero","embeddable":true,"href":"https:\/\/ga-p.com\/pt-pt\/wp-json\/wp\/v2\/cargo-por-genero?post=392788"},{"taxonomy":"personas-categoria","embeddable":true,"href":"https:\/\/ga-p.com\/pt-pt\/wp-json\/wp\/v2\/personas-categoria?post=392788"}],"curies":[{"name":"wp","href":"https:\/\/api.w.org\/{rel}","templated":true}]}}