{"id":394779,"date":"2026-04-27T10:58:56","date_gmt":"2026-04-27T08:58:56","guid":{"rendered":"https:\/\/ga-p.com\/?post_type=persona&#038;p=394779"},"modified":"2026-04-27T11:10:24","modified_gmt":"2026-04-27T09:10:24","slug":"jose-luis-rodriguez-2","status":"publish","type":"persona","link":"https:\/\/ga-p.com\/pt-pt\/pessoa\/jose-luis-rodriguez-2\/","title":{"rendered":"Jos\u00e9 Luis Rodr\u00edguez"},"content":{"rendered":"\n\n<div id=\"Volver-block_dad602e367c30532bad538490f5a3d1d\" class=\"d-none d-lg-block Volver\" style=\"background-color: #FFFFFF\">\n    <div class=\"container\">\n        <div class=\"row\">\n            <div class=\"col-12\">\n                <div class=\"backTo d-flex align-items-center gap-2\" onclick=\"window.location.href='https:\/\/ga-p.com\/pt-pt\/pessoas\/';\">\n                    <img decoding=\"async\" alt=\"icon\" src=\"https:\/\/ga-p.com\/wp-content\/themes\/ga-p\/assets\/images\/left-arrow-orange.svg\" \/>\n                    <div class=\"text\">Regressar a <strong>Pessoas<\/strong><\/div>\n                <\/div>\n            <\/div>\n        <\/div>\n    <\/div>\n<\/div>\n\n\n\n<div id=\"PersonaHeader-block_e52cd8245fc6df34ce0926e41ee5545e\" class=\"PersonaHeader\">\n    <div class=\"customContainer right\">\n        <div class=\"content\" style=\"background-image:url(https:\/\/ga-p.com\/wp-content\/uploads\/2024\/05\/Fondo-personas-nueva-web.webp)\">\n            <img fetchpriority=\"high\" decoding=\"async\" width=\"424\" height=\"424\" src=\"https:\/\/ga-p.com\/wp-content\/uploads\/2026\/04\/Jose-Luis-Rodriguez-sem-fundo.png\" class=\"personaThumb wp-post-image\" alt=\"Jos\u00e9 Luis Rodr\u00edguez\" loading=\"eager\" srcset=\"https:\/\/ga-p.com\/wp-content\/uploads\/2026\/04\/Jose-Luis-Rodriguez-sem-fundo.png 424w, https:\/\/ga-p.com\/wp-content\/uploads\/2026\/04\/Jose-Luis-Rodriguez-sem-fundo-300x300.png 300w, https:\/\/ga-p.com\/wp-content\/uploads\/2026\/04\/Jose-Luis-Rodriguez-sem-fundo-150x150.png 150w\" sizes=\"(max-width: 424px) 100vw, 424px\" \/>        <\/div>\n        <h1 class=\"col-lg-4 col-12 p-0 title\">Jos\u00e9 Luis Rodr\u00edguez<\/h1>\n    <\/div>\n    <div class=\"personalFixedTitle d-block d-md-none\">\n        <div class=\"container\">\n            <div class=\"row\">\n                <div class=\"col-12\">\n                    <div class=\"personalFixed\">\n                        <img decoding=\"async\" width=\"424\" height=\"424\" src=\"https:\/\/ga-p.com\/wp-content\/uploads\/2026\/04\/Jose-Luis-Rodriguez-sem-fundo.png\" class=\"personaThumb wp-post-image\" alt=\"Jos\u00e9 Luis Rodr\u00edguez\" loading=\"eager\" style=\"background-image:url(https:\/\/ga-p.com\/wp-content\/uploads\/2024\/05\/Fondo-personas-nueva-web.webp)\" srcset=\"https:\/\/ga-p.com\/wp-content\/uploads\/2026\/04\/Jose-Luis-Rodriguez-sem-fundo.png 424w, https:\/\/ga-p.com\/wp-content\/uploads\/2026\/04\/Jose-Luis-Rodriguez-sem-fundo-300x300.png 300w, https:\/\/ga-p.com\/wp-content\/uploads\/2026\/04\/Jose-Luis-Rodriguez-sem-fundo-150x150.png 150w\" sizes=\"(max-width: 424px) 100vw, 424px\" \/>                        <div class=\"modalTitle\">Jos\u00e9 Luis Rodr\u00edguez<\/div>\n                    <\/div>\n                <\/div>\n            <\/div>\n        <\/div>\n    <\/div>\n    <style>\n        .PersonaHeader{opacity:0;}\n    <\/style>\n<\/div>\n\n<div class=\"personaCV\" style=\"display:none\">\n    <div class=\"container\">\n        <a class=\"primaryCta scaleFromLeft rotateIcon\" id=\"cv\"><span>Ver curr\u00edculo completo<\/span>\n            <div class=\"containerImg\"><img decoding=\"async\" alt=\"icon\" src=\"https:\/\/ga-p.com\/wp-content\/themes\/ga-p\/assets\/images\/external-icon.svg\" \/><\/div>\n        <\/a>\n    <\/div>\n    <script>\n        const post_name_persona=\"jose-luis-rodriguez-2\";\n    <\/script>\n<\/div>\n\n\n\n<div class=\"pdf\" style=\"display:none\">\n    <div class=\"PersonaHeaderCV\">\n        <div class=\"customContainer right\">\n            <div class=\"content\" style=\"background-image:url(https:\/\/ga-p.com\/wp-content\/uploads\/2024\/05\/Fondo-personas-nueva-web.webp)\">\n                <img decoding=\"async\" src=\"https:\/\/ga-p.com\/wp-content\/uploads\/2026\/04\/Jose-Luis-Rodriguez-sem-fundo.png\" class=\"personaThumb\">\n            <\/div>\n        <\/div>\n    <\/div>\n\n    <div class=\"PersonaInformacionCV container\">\n        <div class=\"personal_office col-6 offset-6\">\n            <div class=\"personal\">\n                                    <div class=\"info\">\n                        <div class=\"title\">Posi\u00e7ao<\/div>\n                        <div class=\"text\">Associado s\u00e9nior<\/div>\n                    <\/div>\n                \n                                    <div class=\"info\">\n                        <div class=\"title\">Telefone<\/div>\n                        <div class=\"text\">+34 649 966 899<\/div>\n                    <\/div>\n                                                    <div class=\"info\">\n                        <div class=\"title\">Email<\/div>\n                        <div class=\"text\">jlrodriguez@ga-p.com<\/div>\n                    <\/div>\n                                                    <div class=\"info\">\n                        <div class=\"title\">N\u00ba de colegiado<\/div>\n                        <div class=\"text\">129.902 ICAM<\/div>\n                    <\/div>\n                                            <\/div>\n                            <div class=\"office\">\n                    <div class=\"title\">Escrit\u00f3rio de Madrid<\/div>\n                                            <div class=\"d-flex align-item-center gap-2 mb-2\">\n                            <img decoding=\"async\" alt=\"icon\" src=\"https:\/\/ga-p.com\/wp-content\/themes\/ga-p\/assets\/images\/office-primary.svg\" \/>\n                            <div class=\"text\">Paseo de la Castellana, 216. 28046 Madrid (Espa\u00f1a)<\/div>\n                        <\/div>\n                                                                <div class=\"d-flex align-item-center gap-2 mb-2\">\n                            <img decoding=\"async\" alt=\"icon\" src=\"https:\/\/ga-p.com\/wp-content\/themes\/ga-p\/assets\/images\/mobile-primary.svg\" \/>\n                            <div class=\"text\">(+34) 91 582 91 00<\/div>\n                        <\/div>\n                                                                <div class=\"d-flex align-item-center gap-2\">\n                            <img decoding=\"async\" alt=\"icon\" src=\"https:\/\/ga-p.com\/wp-content\/themes\/ga-p\/assets\/images\/email-primary.svg\" \/>\n                            <div class=\"text\">madrid@ga-p.com<\/div>\n                        <\/div>\n                                    <\/div>\n                    <\/div>\n    <\/div>\n\n    <div class=\"container\">\n        <div class=\"row\">\n            <div class=\"col-6 izquierda\">\n                <div class=\"title\">Jos\u00e9 Luis Rodr\u00edguez<\/div>\n            <\/div>\n            <div class=\"col-6 derecha\">\n            <\/div>\n        <\/div>\n    <\/div>\n<\/div>\n\n<div id=\"ColumnaContenido-block_61c26fb754ecdecf03947796ccd8b613\" class=\"transparente ColumnaContenido\">\n    <div class=\"container\">\n        <div class=\"row\">\n            <div class=\"col-12 col-lg-7 offset-lg-5\">\n                <div class=\"acf-innerblocks-container\">\n\n\n<div id=\"PersonaInformacion-block_9b2c87618d4af1b6376ac7d3a777e1ee\" class=\"PersonaInformacion\">\n\n    <div class=\"personal_office\">\n        <div class=\"personal\">\n\n                            <div class=\"info\">\n                    <div class=\"title\">Posi\u00e7ao<\/div>\n                    <div class=\"text\">Associado s\u00e9nior<\/div>\n                <\/div>\n            \n                        <div class=\"info\">\n                <div class=\"title\">Telefone<\/div>\n                <div class=\"text\">+34 649 966 899<\/div>\n            <\/div>\n                                        <div class=\"info\">\n                    <div class=\"title\">Email<\/div>\n                    <div class=\"text\">jlrodriguez@ga-p.com<\/div>\n                <\/div>\n                                        <div class=\"info\">\n                    <div class=\"title\">N\u00ba de colegiado<\/div>\n                    <div class=\"text\">129.902 ICAM<\/div>\n                <\/div>\n                    <\/div>\n                    <div class=\"office\">\n                <div class=\"title\">Escrit\u00f3rio de Madrid<\/div>\n\n                                <div class=\"d-flex align-item-center gap-2 mb-2\">\n                    <img decoding=\"async\" alt=\"icon\" src=\"https:\/\/ga-p.com\/wp-content\/themes\/ga-p\/assets\/images\/office-primary.svg\" \/>\n                    <div class=\"text\">Paseo de la Castellana, 216. 28046 Madrid (Espa\u00f1a)<\/div>\n                <\/div>\n                                                    <div class=\"d-flex align-item-center gap-2 mb-2\">\n                        <img decoding=\"async\" alt=\"icon\" src=\"https:\/\/ga-p.com\/wp-content\/themes\/ga-p\/assets\/images\/mobile-primary.svg\" \/>\n                        <div class=\"text\">(+34) 91 582 91 00<\/div>\n                    <\/div>\n                                                    <div class=\"d-flex align-item-center gap-2\">\n                        <img decoding=\"async\" alt=\"icon\" src=\"https:\/\/ga-p.com\/wp-content\/themes\/ga-p\/assets\/images\/email-primary.svg\" \/>\n                        <div class=\"text\">madrid@ga-p.com<\/div>\n                    <\/div>\n                            <\/div>\n            <\/div>\n    \n<\/div>\n\n<\/div>\n            <\/div>\n        <\/div>\n    <\/div>\n<\/div>\n\n\n<div id=\"ColumnaContenido-block_dfe5755a329f6e3589d4e63389066ff0\" class=\"blanco ColumnaContenido\">\n    <div class=\"container\">\n        <div class=\"row\">\n            <div class=\"col-12 col-lg-7 offset-lg-5\">\n                <div class=\"acf-innerblocks-container\">\n\n<h2 class=\"wp-block-heading\">Jos\u00e9 Luis \u00e9 associado s\u00e9nior da \u00e1rea de Direito Societ\u00e1rio da\u00a0G\u00f3mez-Acebo &amp; Pombo.\u00a0\u00a0<\/h2>\n\n\n\n<p>\u00c9 especializado em direito societ\u00e1rio e fus\u00f5es e aquisi\u00e7\u00f5es (M&amp;A), com um forte foco em opera\u00e7\u00f5es de&nbsp;mid\u2011market, bem como em transa\u00e7\u00f5es de&nbsp;private&nbsp;equity&nbsp;e venture capital. Nos&nbsp;\u00faltimos anos, tem prestado assessoria jur\u00eddica em algumas das mais relevantes opera\u00e7\u00f5es nestas&nbsp;\u00e1reas no mercado espanhol.&nbsp;<\/p>\n\n\n\n<p>\u00c9 licenciado em Direito pela Universidade Complutense de Madrid (Espanha). Possui ainda um mestrado duplo em Direito dos Neg\u00f3cios e Pr\u00e1tica Jur\u00eddica pela Universidade de Navarra (Espanha), bem como um mestrado em Governo das Sociedades e Opera\u00e7\u00f5es de M&amp;A pela Universidade Aut\u00f3noma de Madrid.&nbsp;<\/p>\n\n\n\n<p>Jos\u00e9 Luis \u00e9 autor e coautor de diversas publica\u00e7\u00f5es jur\u00eddicas especializadas na \u00e1rea do direito societ\u00e1rio.&nbsp;<\/p>\n\n\n\n\n\n\n\n<div id=\"PersonaAcordeon-block_f89cd04ae4858bfd26ed96a86ed74fa1\" class=\"PersonaAcordeon\">\n\n    <div class=\"accordion accordion-flush\" id=\"accordion-PersonaAcordeon-block_f89cd04ae4858bfd26ed96a86ed74fa1\">\n        <div class=\"accordion-item\">\n            <h2 class=\"accordion-header\">\n                <button class=\"accordion-button collapsed gap-3 align-items-start\" type=\"button\" data-bs-toggle=\"collapse\" data-bs-target=\"#flush-PersonaAcordeon-block_f89cd04ae4858bfd26ed96a86ed74fa1\" aria-expanded=\"false\" aria-controls=\"flush-PersonaAcordeon-block_f89cd04ae4858bfd26ed96a86ed74fa1\">\n                    <img decoding=\"async\" width=\"1\" height=\"1\" src=\"https:\/\/ga-p.com\/wp-content\/uploads\/2024\/04\/educacion-icon.svg\" class=\"\" alt=\"educacion-icon\" loading=\"lazy\" \/>                    Formac\u0327a\u0303o e experie\u0302ncia profissional\n                <\/button>\n            <\/h2>\n            <div id=\"flush-PersonaAcordeon-block_f89cd04ae4858bfd26ed96a86ed74fa1\" class=\"accordion-collapse collapse\" data-bs-parent=\"#accordion-PersonaAcordeon-block_f89cd04ae4858bfd26ed96a86ed74fa1\">\n                <div class=\"accordion-body\">\n                                                                        <div class=\"itemCont noDate\">\n                                <div class=\"item-no-bullet\"><p><strong><span class=\"TextRun SCXW52998534 BCX0\" lang=\"PT-PT\" xml:lang=\"PT-PT\" data-contrast=\"auto\"><span class=\"NormalTextRun SCXW52998534 BCX0\" data-ccp-parastyle=\"Default\" data-ccp-parastyle-defn=\"{&quot;ObjectId&quot;:&quot;272499da-5523-5969-b17c-4f82c0ce3910|1&quot;,&quot;ClassId&quot;:1073872969,&quot;Properties&quot;:[469775450,&quot;Default&quot;,201340122,&quot;2&quot;,134233614,&quot;true&quot;,469778129,&quot;Default&quot;,335572020,&quot;1&quot;,469777842,&quot;Calibri&quot;,335551500,&quot;0&quot;,268442635,&quot;24&quot;,469777841,&quot;Calibri&quot;,469777843,&quot;Calibri&quot;,469777844,&quot;Calibri&quot;,469769226,&quot;Calibri,Times New Roman&quot;]}\">Integra a<\/span><span class=\"NormalTextRun SCXW52998534 BCX0\" data-ccp-parastyle=\"Default\">\u00a0<\/span><span class=\"NormalTextRun SpellingErrorV2Themed SCXW52998534 BCX0\" data-ccp-parastyle=\"Default\">G\u00f3mez<\/span><span class=\"NormalTextRun SCXW52998534 BCX0\" data-ccp-parastyle=\"Default\">-Acebo\u00a0<\/span><span class=\"NormalTextRun SCXW52998534 BCX0\" data-ccp-parastyle=\"Default\">&amp; Pombo in<\/span><span class=\"NormalTextRun SCXW52998534 BCX0\" data-ccp-parastyle=\"Default\">\u00a0202<\/span><span class=\"NormalTextRun SCXW52998534 BCX0\" data-ccp-parastyle=\"Default\">5<\/span><span class=\"NormalTextRun SCXW52998534 BCX0\" data-ccp-parastyle=\"Default\">.<\/span><\/span><span class=\"EOP SCXW52998534 BCX0\" data-ccp-props=\"{&quot;201341983&quot;:2,&quot;335559739&quot;:120,&quot;335559740&quot;:300}\">\u00a0<\/span><\/strong><\/p>\n<\/div>\n                            <\/div>\n                                                    <div class=\"itemCont noDate\">\n                                <div class=\"item\"><p><span class=\"TextRun SCXW177156249 BCX0\" lang=\"PT-PT\" xml:lang=\"PT-PT\" data-contrast=\"auto\"><span class=\"NormalTextRun SCXW177156249 BCX0\" data-ccp-parastyle=\"Default\" data-ccp-parastyle-defn=\"{&quot;ObjectId&quot;:&quot;272499da-5523-5969-b17c-4f82c0ce3910|1&quot;,&quot;ClassId&quot;:1073872969,&quot;Properties&quot;:[469775450,&quot;Default&quot;,201340122,&quot;2&quot;,134233614,&quot;true&quot;,469778129,&quot;Default&quot;,335572020,&quot;1&quot;,469777842,&quot;Calibri&quot;,335551500,&quot;0&quot;,268442635,&quot;24&quot;,469777841,&quot;Calibri&quot;,469777843,&quot;Calibri&quot;,469777844,&quot;Calibri&quot;,469769226,&quot;Calibri,Times New Roman&quot;]}\">2015 | Licenciatura em Direito \u2013 Universidade Complutense de Madrid (Espanha).<\/span><\/span><span class=\"EOP SCXW177156249 BCX0\" data-ccp-props=\"{&quot;201341983&quot;:2,&quot;335559739&quot;:120,&quot;335559740&quot;:300}\">\u00a0<\/span><\/p>\n<\/div>\n                            <\/div>\n                                                    <div class=\"itemCont noDate\">\n                                <div class=\"item\"><p><span class=\"TextRun SCXW253453635 BCX0\" lang=\"PT-PT\" xml:lang=\"PT-PT\" data-contrast=\"auto\"><span class=\"NormalTextRun SCXW253453635 BCX0\" data-ccp-parastyle=\"Default\" data-ccp-parastyle-defn=\"{&quot;ObjectId&quot;:&quot;272499da-5523-5969-b17c-4f82c0ce3910|1&quot;,&quot;ClassId&quot;:1073872969,&quot;Properties&quot;:[469775450,&quot;Default&quot;,201340122,&quot;2&quot;,134233614,&quot;true&quot;,469778129,&quot;Default&quot;,335572020,&quot;1&quot;,469777842,&quot;Calibri&quot;,335551500,&quot;0&quot;,268442635,&quot;24&quot;,469777841,&quot;Calibri&quot;,469777843,&quot;Calibri&quot;,469777844,&quot;Calibri&quot;,469769226,&quot;Calibri,Times New Roman&quot;]}\">2017 | Mestrado Duplo em Direito dos Neg\u00f3cios e Pr\u00e1tica Jur\u00eddica \u2013 Universidade de Navarra (Espanha).<\/span><\/span><span class=\"EOP SCXW253453635 BCX0\" data-ccp-props=\"{&quot;201341983&quot;:2,&quot;335559739&quot;:120,&quot;335559740&quot;:300}\">\u00a0<\/span><\/p>\n<\/div>\n                            <\/div>\n                                                    <div class=\"itemCont noDate\">\n                                <div class=\"item\"><p><span class=\"TextRun SCXW182659070 BCX0\" lang=\"PT-PT\" xml:lang=\"PT-PT\" data-contrast=\"auto\"><span class=\"NormalTextRun SCXW182659070 BCX0\" data-ccp-parastyle=\"Default\" data-ccp-parastyle-defn=\"{&quot;ObjectId&quot;:&quot;272499da-5523-5969-b17c-4f82c0ce3910|1&quot;,&quot;ClassId&quot;:1073872969,&quot;Properties&quot;:[469775450,&quot;Default&quot;,201340122,&quot;2&quot;,134233614,&quot;true&quot;,469778129,&quot;Default&quot;,335572020,&quot;1&quot;,469777842,&quot;Calibri&quot;,335551500,&quot;0&quot;,268442635,&quot;24&quot;,469777841,&quot;Calibri&quot;,469777843,&quot;Calibri&quot;,469777844,&quot;Calibri&quot;,469769226,&quot;Calibri,Times New Roman&quot;]}\">2023 | Mestrado em Governo das Sociedades e Opera\u00e7\u00f5es de M&amp;A \u2013 Universidade Aut\u00f3noma de Madrid (Espanha).<\/span><\/span><span class=\"EOP SCXW182659070 BCX0\" data-ccp-props=\"{&quot;201341983&quot;:2,&quot;335559739&quot;:120,&quot;335559740&quot;:300}\">\u00a0<\/span><\/p>\n<\/div>\n                            <\/div>\n                                                    <div class=\"itemCont noDate\">\n                                <div class=\"item\"><p><span class=\"TextRun SCXW85974099 BCX0\" lang=\"PT-PT\" xml:lang=\"PT-PT\" data-contrast=\"auto\"><span class=\"NormalTextRun SCXW85974099 BCX0\" data-ccp-parastyle=\"Default\" data-ccp-parastyle-defn=\"{&quot;ObjectId&quot;:&quot;272499da-5523-5969-b17c-4f82c0ce3910|1&quot;,&quot;ClassId&quot;:1073872969,&quot;Properties&quot;:[469775450,&quot;Default&quot;,201340122,&quot;2&quot;,134233614,&quot;true&quot;,469778129,&quot;Default&quot;,335572020,&quot;1&quot;,469777842,&quot;Calibri&quot;,335551500,&quot;0&quot;,268442635,&quot;24&quot;,469777841,&quot;Calibri&quot;,469777843,&quot;Calibri&quot;,469777844,&quot;Calibri&quot;,469769226,&quot;Calibri,Times New Roman&quot;]}\">2024 | Associado num escrit\u00f3rio de advogados nacional de refer\u00eancia.<\/span><\/span><\/p>\n<\/div>\n                            <\/div>\n                                                            <\/div>\n            <\/div>\n        <\/div>\n    <\/div>\n\n<\/div>\n\n\n\n<div id=\"PersonaAcordeon-block_6d424bd9461f9bd3f119ff8ba837bc5f\" class=\"PersonaAcordeon\">\n\n    <div class=\"accordion accordion-flush\" id=\"accordion-PersonaAcordeon-block_6d424bd9461f9bd3f119ff8ba837bc5f\">\n        <div class=\"accordion-item\">\n            <h2 class=\"accordion-header\">\n                <button class=\"accordion-button collapsed gap-3 align-items-start\" type=\"button\" data-bs-toggle=\"collapse\" data-bs-target=\"#flush-PersonaAcordeon-block_6d424bd9461f9bd3f119ff8ba837bc5f\" aria-expanded=\"false\" aria-controls=\"flush-PersonaAcordeon-block_6d424bd9461f9bd3f119ff8ba837bc5f\">\n                    <img decoding=\"async\" width=\"1\" height=\"1\" src=\"https:\/\/ga-p.com\/wp-content\/uploads\/2024\/04\/entidades.svg\" class=\"\" alt=\"entidades\" loading=\"lazy\" \/>                    Entidades e associac\u0327o\u0303es profissionais das quais e\u0301 membro\n                <\/button>\n            <\/h2>\n            <div id=\"flush-PersonaAcordeon-block_6d424bd9461f9bd3f119ff8ba837bc5f\" class=\"accordion-collapse collapse\" data-bs-parent=\"#accordion-PersonaAcordeon-block_6d424bd9461f9bd3f119ff8ba837bc5f\">\n                <div class=\"accordion-body\">\n                                                                        <div class=\"itemCont noDate\">\n                                <div class=\"item\"><p><span class=\"TextRun SCXW255636061 BCX0\" lang=\"PT-PT\" xml:lang=\"PT-PT\" data-contrast=\"auto\"><span class=\"NormalTextRun SCXW255636061 BCX0\">Membro da Ordem dos Advogados de Madrid (ICAM).<\/span><\/span><span class=\"EOP SCXW255636061 BCX0\" data-ccp-props=\"{&quot;201341983&quot;:2,&quot;335559739&quot;:60,&quot;335559740&quot;:300}\">\u00a0<\/span><\/p>\n<\/div>\n                            <\/div>\n                                                            <\/div>\n            <\/div>\n        <\/div>\n    <\/div>\n\n<\/div>\n\n\n\n<div id=\"PersonaAcordeon-block_7d5c4c6e45abb23e4dac49150b7bebc7\" class=\"PersonaAcordeon\">\n\n    <div class=\"accordion accordion-flush\" id=\"accordion-PersonaAcordeon-block_7d5c4c6e45abb23e4dac49150b7bebc7\">\n        <div class=\"accordion-item\">\n            <h2 class=\"accordion-header\">\n                <button class=\"accordion-button collapsed gap-3 align-items-start\" type=\"button\" data-bs-toggle=\"collapse\" data-bs-target=\"#flush-PersonaAcordeon-block_7d5c4c6e45abb23e4dac49150b7bebc7\" aria-expanded=\"false\" aria-controls=\"flush-PersonaAcordeon-block_7d5c4c6e45abb23e4dac49150b7bebc7\">\n                    <img decoding=\"async\" width=\"1\" height=\"1\" src=\"https:\/\/ga-p.com\/wp-content\/uploads\/2024\/04\/idiomas-icon.svg\" class=\"\" alt=\"idiomas-icon\" loading=\"lazy\" \/>                    Idiomas\n                <\/button>\n            <\/h2>\n            <div id=\"flush-PersonaAcordeon-block_7d5c4c6e45abb23e4dac49150b7bebc7\" class=\"accordion-collapse collapse\" data-bs-parent=\"#accordion-PersonaAcordeon-block_7d5c4c6e45abb23e4dac49150b7bebc7\">\n                <div class=\"accordion-body\">\n                                                                        <div class=\"itemCont noDate\">\n                                <div class=\"item\"><p>Espanhol.<\/p>\n<\/div>\n                            <\/div>\n                                                    <div class=\"itemCont noDate\">\n                                <div class=\"item\"><p><span class=\"TextRun SCXW256680005 BCX0\" lang=\"ES-ES\" xml:lang=\"ES-ES\" data-contrast=\"auto\"><span class=\"NormalTextRun ContextualSpellingAndGrammarErrorV2Themed GrammarErrorHighlight SCXW256680005 BCX0\">Ingl\u00eas.<\/span><\/span><\/p>\n<\/div>\n                            <\/div>\n                                                            <\/div>\n            <\/div>\n        <\/div>\n    <\/div>\n\n<\/div>\n\n\n\n\n\n<div id=\"Boton-block_86eca3fba1a9965542bc7055716f154c\" class=\"Boton\">\n\n    <\/div>\n\n<\/div>\n            <\/div>\n        <\/div>\n    <\/div>\n<\/div>\n","protected":false},"excerpt":{"rendered":"<p>Jos\u00e9 Luis es asociado senior de Mercantil de G\u00f3mez-Acebo &#038; Pombo.<\/p>\n","protected":false},"featured_media":394782,"template":"","cargo":[155],"cargo-por-genero":[296],"personas-categoria":[],"class_list":["post-394779","persona","type-persona","status-publish","has-post-thumbnail","hentry","cargo-associado-senior","cargo-por-genero-associado-senior"],"acf":[],"yoast_head":"<!-- This site is optimized with the Yoast SEO plugin v27.3 - https:\/\/yoast.com\/product\/yoast-seo-wordpress\/ -->\n<title>Jos\u00e9 Luis Rodr\u00edguez - Despacho de abogados G\u00f3mez-Acebo &amp; Pombo<\/title>\n<meta name=\"description\" content=\"Arnau Galera es asociado s\u00e9nior de Inmobiliario y Derecho P\u00fablico de G\u00f3mez-Acebo y Pombo.\" \/>\n<meta name=\"robots\" content=\"noindex, nofollow\" \/>\n<meta property=\"og:locale\" content=\"pt_PT\" \/>\n<meta property=\"og:type\" content=\"article\" \/>\n<meta property=\"og:title\" content=\"Jos\u00e9 Luis Rodr\u00edguez - Despacho de abogados G\u00f3mez-Acebo &amp; Pombo\" \/>\n<meta property=\"og:description\" content=\"Arnau Galera es asociado s\u00e9nior de Inmobiliario y Derecho P\u00fablico de G\u00f3mez-Acebo y Pombo.\" \/>\n<meta property=\"og:url\" content=\"https:\/\/ga-p.com\/pt-pt\/pessoa\/jose-luis-rodriguez-2\/\" \/>\n<meta property=\"og:site_name\" content=\"Despacho de abogados G\u00f3mez-Acebo &amp; Pombo\" \/>\n<meta property=\"article:modified_time\" content=\"2026-04-27T09:10:24+00:00\" \/>\n<meta property=\"og:image\" content=\"https:\/\/ga-p.com\/wp-content\/uploads\/2026\/04\/Jose-Luis-Rodriguez-sem-fundo.png\" \/>\n\t<meta property=\"og:image:width\" content=\"424\" \/>\n\t<meta property=\"og:image:height\" content=\"424\" \/>\n\t<meta property=\"og:image:type\" content=\"image\/png\" \/>\n<meta name=\"twitter:card\" content=\"summary_large_image\" \/>\n<meta name=\"twitter:label1\" content=\"Tempo estimado de leitura\" \/>\n\t<meta name=\"twitter:data1\" content=\"1 minuto\" \/>\n<script type=\"application\/ld+json\" class=\"yoast-schema-graph\">{\"@context\":\"https:\\\/\\\/schema.org\",\"@graph\":[{\"@type\":\"WebPage\",\"@id\":\"https:\\\/\\\/ga-p.com\\\/pt-pt\\\/pessoa\\\/jose-luis-rodriguez-2\\\/\",\"url\":\"https:\\\/\\\/ga-p.com\\\/pt-pt\\\/pessoa\\\/jose-luis-rodriguez-2\\\/\",\"name\":\"Jos\u00e9 Luis Rodr\u00edguez - Despacho de abogados G\u00f3mez-Acebo &amp; Pombo\",\"isPartOf\":{\"@id\":\"https:\\\/\\\/ga-p.com\\\/pt-pt\\\/#website\"},\"primaryImageOfPage\":{\"@id\":\"https:\\\/\\\/ga-p.com\\\/pt-pt\\\/pessoa\\\/jose-luis-rodriguez-2\\\/#primaryimage\"},\"image\":{\"@id\":\"https:\\\/\\\/ga-p.com\\\/pt-pt\\\/pessoa\\\/jose-luis-rodriguez-2\\\/#primaryimage\"},\"thumbnailUrl\":\"https:\\\/\\\/ga-p.com\\\/wp-content\\\/uploads\\\/2026\\\/04\\\/Jose-Luis-Rodriguez-sem-fundo.png\",\"datePublished\":\"2026-04-27T08:58:56+00:00\",\"dateModified\":\"2026-04-27T09:10:24+00:00\",\"description\":\"Arnau Galera es asociado s\u00e9nior de Inmobiliario y Derecho P\u00fablico de G\u00f3mez-Acebo y Pombo.\",\"breadcrumb\":{\"@id\":\"https:\\\/\\\/ga-p.com\\\/pt-pt\\\/pessoa\\\/jose-luis-rodriguez-2\\\/#breadcrumb\"},\"inLanguage\":\"pt-PT\",\"potentialAction\":[{\"@type\":\"ReadAction\",\"target\":[\"https:\\\/\\\/ga-p.com\\\/pt-pt\\\/pessoa\\\/jose-luis-rodriguez-2\\\/\"]}]},{\"@type\":\"ImageObject\",\"inLanguage\":\"pt-PT\",\"@id\":\"https:\\\/\\\/ga-p.com\\\/pt-pt\\\/pessoa\\\/jose-luis-rodriguez-2\\\/#primaryimage\",\"url\":\"https:\\\/\\\/ga-p.com\\\/wp-content\\\/uploads\\\/2026\\\/04\\\/Jose-Luis-Rodriguez-sem-fundo.png\",\"contentUrl\":\"https:\\\/\\\/ga-p.com\\\/wp-content\\\/uploads\\\/2026\\\/04\\\/Jose-Luis-Rodriguez-sem-fundo.png\",\"width\":424,\"height\":424},{\"@type\":\"BreadcrumbList\",\"@id\":\"https:\\\/\\\/ga-p.com\\\/pt-pt\\\/pessoa\\\/jose-luis-rodriguez-2\\\/#breadcrumb\",\"itemListElement\":[{\"@type\":\"ListItem\",\"position\":1,\"name\":\"Portada\",\"item\":\"https:\\\/\\\/ga-p.com\\\/pt-pt\\\/\"},{\"@type\":\"ListItem\",\"position\":2,\"name\":\"Jos\u00e9 Luis Rodr\u00edguez\"}]},{\"@type\":\"WebSite\",\"@id\":\"https:\\\/\\\/ga-p.com\\\/pt-pt\\\/#website\",\"url\":\"https:\\\/\\\/ga-p.com\\\/pt-pt\\\/\",\"name\":\"Despacho de abogados G\u00f3mez-Acebo & Pombo\",\"description\":\"G\u00f3mez-Acebo &amp; Pombo es una firma de abogados independiente, con experiencia internacional, especializada en todas las \u00e1reas del derecho de los negocio.\",\"publisher\":{\"@id\":\"https:\\\/\\\/ga-p.com\\\/pt-pt\\\/#organization\"},\"potentialAction\":[{\"@type\":\"SearchAction\",\"target\":{\"@type\":\"EntryPoint\",\"urlTemplate\":\"https:\\\/\\\/ga-p.com\\\/pt-pt\\\/?s={search_term_string}\"},\"query-input\":{\"@type\":\"PropertyValueSpecification\",\"valueRequired\":true,\"valueName\":\"search_term_string\"}}],\"inLanguage\":\"pt-PT\"},{\"@type\":\"Organization\",\"@id\":\"https:\\\/\\\/ga-p.com\\\/pt-pt\\\/#organization\",\"name\":\"Despacho de abogados G\u00f3mez-Acebo & Pombo\",\"url\":\"https:\\\/\\\/ga-p.com\\\/pt-pt\\\/\",\"logo\":{\"@type\":\"ImageObject\",\"inLanguage\":\"pt-PT\",\"@id\":\"https:\\\/\\\/ga-p.com\\\/pt-pt\\\/#\\\/schema\\\/logo\\\/image\\\/\",\"url\":\"https:\\\/\\\/ga-p.com\\\/wp-content\\\/uploads\\\/2024\\\/09\\\/Logo-1-1.svg\",\"contentUrl\":\"https:\\\/\\\/ga-p.com\\\/wp-content\\\/uploads\\\/2024\\\/09\\\/Logo-1-1.svg\",\"caption\":\"Despacho de abogados G\u00f3mez-Acebo & Pombo\"},\"image\":{\"@id\":\"https:\\\/\\\/ga-p.com\\\/pt-pt\\\/#\\\/schema\\\/logo\\\/image\\\/\"}}]}<\/script>\n<!-- \/ Yoast SEO plugin. -->","yoast_head_json":{"title":"Jos\u00e9 Luis Rodr\u00edguez - Despacho de abogados G\u00f3mez-Acebo &amp; Pombo","description":"Arnau Galera es asociado s\u00e9nior de Inmobiliario y Derecho P\u00fablico de G\u00f3mez-Acebo y Pombo.","robots":{"index":"noindex","follow":"nofollow"},"og_locale":"pt_PT","og_type":"article","og_title":"Jos\u00e9 Luis Rodr\u00edguez - Despacho de abogados G\u00f3mez-Acebo &amp; Pombo","og_description":"Arnau Galera es asociado s\u00e9nior de Inmobiliario y Derecho P\u00fablico de G\u00f3mez-Acebo y Pombo.","og_url":"https:\/\/ga-p.com\/pt-pt\/pessoa\/jose-luis-rodriguez-2\/","og_site_name":"Despacho de abogados G\u00f3mez-Acebo &amp; Pombo","article_modified_time":"2026-04-27T09:10:24+00:00","og_image":[{"width":424,"height":424,"url":"https:\/\/ga-p.com\/wp-content\/uploads\/2026\/04\/Jose-Luis-Rodriguez-sem-fundo.png","type":"image\/png"}],"twitter_card":"summary_large_image","twitter_misc":{"Tempo estimado de leitura":"1 minuto"},"schema":{"@context":"https:\/\/schema.org","@graph":[{"@type":"WebPage","@id":"https:\/\/ga-p.com\/pt-pt\/pessoa\/jose-luis-rodriguez-2\/","url":"https:\/\/ga-p.com\/pt-pt\/pessoa\/jose-luis-rodriguez-2\/","name":"Jos\u00e9 Luis Rodr\u00edguez - Despacho de abogados G\u00f3mez-Acebo &amp; Pombo","isPartOf":{"@id":"https:\/\/ga-p.com\/pt-pt\/#website"},"primaryImageOfPage":{"@id":"https:\/\/ga-p.com\/pt-pt\/pessoa\/jose-luis-rodriguez-2\/#primaryimage"},"image":{"@id":"https:\/\/ga-p.com\/pt-pt\/pessoa\/jose-luis-rodriguez-2\/#primaryimage"},"thumbnailUrl":"https:\/\/ga-p.com\/wp-content\/uploads\/2026\/04\/Jose-Luis-Rodriguez-sem-fundo.png","datePublished":"2026-04-27T08:58:56+00:00","dateModified":"2026-04-27T09:10:24+00:00","description":"Arnau Galera es asociado s\u00e9nior de Inmobiliario y Derecho P\u00fablico de G\u00f3mez-Acebo y Pombo.","breadcrumb":{"@id":"https:\/\/ga-p.com\/pt-pt\/pessoa\/jose-luis-rodriguez-2\/#breadcrumb"},"inLanguage":"pt-PT","potentialAction":[{"@type":"ReadAction","target":["https:\/\/ga-p.com\/pt-pt\/pessoa\/jose-luis-rodriguez-2\/"]}]},{"@type":"ImageObject","inLanguage":"pt-PT","@id":"https:\/\/ga-p.com\/pt-pt\/pessoa\/jose-luis-rodriguez-2\/#primaryimage","url":"https:\/\/ga-p.com\/wp-content\/uploads\/2026\/04\/Jose-Luis-Rodriguez-sem-fundo.png","contentUrl":"https:\/\/ga-p.com\/wp-content\/uploads\/2026\/04\/Jose-Luis-Rodriguez-sem-fundo.png","width":424,"height":424},{"@type":"BreadcrumbList","@id":"https:\/\/ga-p.com\/pt-pt\/pessoa\/jose-luis-rodriguez-2\/#breadcrumb","itemListElement":[{"@type":"ListItem","position":1,"name":"Portada","item":"https:\/\/ga-p.com\/pt-pt\/"},{"@type":"ListItem","position":2,"name":"Jos\u00e9 Luis Rodr\u00edguez"}]},{"@type":"WebSite","@id":"https:\/\/ga-p.com\/pt-pt\/#website","url":"https:\/\/ga-p.com\/pt-pt\/","name":"Despacho de abogados G\u00f3mez-Acebo & Pombo","description":"G\u00f3mez-Acebo &amp; Pombo es una firma de abogados independiente, con experiencia internacional, especializada en todas las \u00e1reas del derecho de los negocio.","publisher":{"@id":"https:\/\/ga-p.com\/pt-pt\/#organization"},"potentialAction":[{"@type":"SearchAction","target":{"@type":"EntryPoint","urlTemplate":"https:\/\/ga-p.com\/pt-pt\/?s={search_term_string}"},"query-input":{"@type":"PropertyValueSpecification","valueRequired":true,"valueName":"search_term_string"}}],"inLanguage":"pt-PT"},{"@type":"Organization","@id":"https:\/\/ga-p.com\/pt-pt\/#organization","name":"Despacho de abogados G\u00f3mez-Acebo & Pombo","url":"https:\/\/ga-p.com\/pt-pt\/","logo":{"@type":"ImageObject","inLanguage":"pt-PT","@id":"https:\/\/ga-p.com\/pt-pt\/#\/schema\/logo\/image\/","url":"https:\/\/ga-p.com\/wp-content\/uploads\/2024\/09\/Logo-1-1.svg","contentUrl":"https:\/\/ga-p.com\/wp-content\/uploads\/2024\/09\/Logo-1-1.svg","caption":"Despacho de abogados G\u00f3mez-Acebo & Pombo"},"image":{"@id":"https:\/\/ga-p.com\/pt-pt\/#\/schema\/logo\/image\/"}}]}},"_links":{"self":[{"href":"https:\/\/ga-p.com\/pt-pt\/wp-json\/wp\/v2\/persona\/394779","targetHints":{"allow":["GET"]}}],"collection":[{"href":"https:\/\/ga-p.com\/pt-pt\/wp-json\/wp\/v2\/persona"}],"about":[{"href":"https:\/\/ga-p.com\/pt-pt\/wp-json\/wp\/v2\/types\/persona"}],"wp:featuredmedia":[{"embeddable":true,"href":"https:\/\/ga-p.com\/pt-pt\/wp-json\/wp\/v2\/media\/394782"}],"wp:attachment":[{"href":"https:\/\/ga-p.com\/pt-pt\/wp-json\/wp\/v2\/media?parent=394779"}],"wp:term":[{"taxonomy":"cargo","embeddable":true,"href":"https:\/\/ga-p.com\/pt-pt\/wp-json\/wp\/v2\/cargo?post=394779"},{"taxonomy":"cargo-por-genero","embeddable":true,"href":"https:\/\/ga-p.com\/pt-pt\/wp-json\/wp\/v2\/cargo-por-genero?post=394779"},{"taxonomy":"personas-categoria","embeddable":true,"href":"https:\/\/ga-p.com\/pt-pt\/wp-json\/wp\/v2\/personas-categoria?post=394779"}],"curies":[{"name":"wp","href":"https:\/\/api.w.org\/{rel}","templated":true}]}}