{"id":67275,"date":"2024-06-26T09:57:54","date_gmt":"2024-06-26T07:57:54","guid":{"rendered":"https:\/\/ga-p.com\/persona\/luis-cuesta-cuesta\/"},"modified":"2024-12-20T13:06:31","modified_gmt":"2024-12-20T12:06:31","slug":"luis-cuesta","status":"publish","type":"persona","link":"https:\/\/ga-p.com\/pt-pt\/pessoa\/luis-cuesta\/","title":{"rendered":"Luis Cuesta"},"content":{"rendered":"\n\n<div id=\"Volver-block_a03d05a1fb07565cb40713103acdfdc4\" class=\"d-none d-lg-block Volver\" style=\"background-color: #FFFFFF\">\n    <div class=\"container\">\n        <div class=\"row\">\n            <div class=\"col-12\">\n                <div class=\"backTo d-flex align-items-center gap-2\" onclick=\"window.location.href='https:\/\/ga-p.com\/pt-pt\/pessoas\/';\">\n                    <img decoding=\"async\" alt=\"icon\" src=\"https:\/\/ga-p.com\/wp-content\/themes\/ga-p\/assets\/images\/left-arrow-orange.svg\" \/>\n                    <div class=\"text\">Regressar a <strong>Pessoas<\/strong><\/div>\n                <\/div>\n            <\/div>\n        <\/div>\n    <\/div>\n<\/div>\n\n\n\n<div id=\"PersonaHeader-block_4892c17072ce9419db344464800179df\" class=\"PersonaHeader\">\n    <div class=\"customContainer right\">\n        <div class=\"content\" style=\"background-image:url(https:\/\/ga-p.com\/wp-content\/uploads\/2024\/05\/Fondo-personas-nueva-web.webp)\">\n            <img fetchpriority=\"high\" decoding=\"async\" width=\"424\" height=\"424\" src=\"https:\/\/ga-p.com\/wp-content\/uploads\/2024\/06\/Luis-Cuesta-1.png\" class=\"personaThumb wp-post-image\" alt=\"Luis Cuesta\" loading=\"eager\" srcset=\"https:\/\/ga-p.com\/wp-content\/uploads\/2024\/06\/Luis-Cuesta-1.png 424w, https:\/\/ga-p.com\/wp-content\/uploads\/2024\/06\/Luis-Cuesta-1-300x300.png 300w, https:\/\/ga-p.com\/wp-content\/uploads\/2024\/06\/Luis-Cuesta-1-150x150.png 150w\" sizes=\"(max-width: 424px) 100vw, 424px\" \/>        <\/div>\n        <h1 class=\"col-lg-4 col-12 p-0 title\">Luis Cuesta<\/h1>\n    <\/div>\n    <div class=\"personalFixedTitle d-block d-md-none\">\n        <div class=\"container\">\n            <div class=\"row\">\n                <div class=\"col-12\">\n                    <div class=\"personalFixed\">\n                        <img decoding=\"async\" width=\"424\" height=\"424\" src=\"https:\/\/ga-p.com\/wp-content\/uploads\/2024\/06\/Luis-Cuesta-1.png\" class=\"personaThumb wp-post-image\" alt=\"Luis Cuesta\" loading=\"eager\" style=\"background-image:url(https:\/\/ga-p.com\/wp-content\/uploads\/2024\/05\/Fondo-personas-nueva-web.webp)\" srcset=\"https:\/\/ga-p.com\/wp-content\/uploads\/2024\/06\/Luis-Cuesta-1.png 424w, https:\/\/ga-p.com\/wp-content\/uploads\/2024\/06\/Luis-Cuesta-1-300x300.png 300w, https:\/\/ga-p.com\/wp-content\/uploads\/2024\/06\/Luis-Cuesta-1-150x150.png 150w\" sizes=\"(max-width: 424px) 100vw, 424px\" \/>                        <div class=\"modalTitle\">Luis Cuesta<\/div>\n                    <\/div>\n                <\/div>\n            <\/div>\n        <\/div>\n    <\/div>\n    <style>\n        .PersonaHeader{opacity:0;}\n    <\/style>\n<\/div>\n\n<div class=\"personaCV\" style=\"display:none\">\n    <div class=\"container\">\n        <a class=\"primaryCta scaleFromLeft rotateIcon\" id=\"cv\"><span>Ver curr\u00edculo completo<\/span>\n            <div class=\"containerImg\"><img decoding=\"async\" alt=\"icon\" src=\"https:\/\/ga-p.com\/wp-content\/themes\/ga-p\/assets\/images\/external-icon.svg\" \/><\/div>\n        <\/a>\n    <\/div>\n    <script>\n        const post_name_persona=\"luis-cuesta\";\n    <\/script>\n<\/div>\n\n\n\n<div class=\"pdf\" style=\"display:none\">\n    <div class=\"PersonaHeaderCV\">\n        <div class=\"customContainer right\">\n            <div class=\"content\" style=\"background-image:url(https:\/\/ga-p.com\/wp-content\/uploads\/2024\/05\/Fondo-personas-nueva-web.webp)\">\n                <img decoding=\"async\" src=\"https:\/\/ga-p.com\/wp-content\/uploads\/2024\/06\/Luis-Cuesta-1.png\" class=\"personaThumb\">\n            <\/div>\n        <\/div>\n    <\/div>\n\n    <div class=\"PersonaInformacionCV container\">\n        <div class=\"personal_office col-6 offset-6\">\n            <div class=\"personal\">\n                                    <div class=\"info\">\n                        <div class=\"title\">Posi\u00e7ao<\/div>\n                        <div class=\"text\">S\u00f3cio<\/div>\n                    <\/div>\n                \n                                    <div class=\"info\">\n                        <div class=\"title\">Telefone<\/div>\n                        <div class=\"text\">+34 934 157 400<\/div>\n                    <\/div>\n                                                    <div class=\"info\">\n                        <div class=\"title\">Email<\/div>\n                        <div class=\"text\">lcuesta@ga-p.com<\/div>\n                    <\/div>\n                                                    <div class=\"info\">\n                        <div class=\"title\">N\u00ba de colegiado<\/div>\n                        <div class=\"text\">36.906 ICAB<\/div>\n                    <\/div>\n                                            <\/div>\n                            <div class=\"office\">\n                    <div class=\"title\">Escrit\u00f3rio de Barcelona<\/div>\n                                            <div class=\"d-flex align-item-center gap-2 mb-2\">\n                            <img decoding=\"async\" alt=\"icon\" src=\"https:\/\/ga-p.com\/wp-content\/themes\/ga-p\/assets\/images\/office-primary.svg\" \/>\n                            <div class=\"text\">Avenida Diagonal, 640, 08017 Barcelona (Espa\u00f1a)<\/div>\n                        <\/div>\n                                                                <div class=\"d-flex align-item-center gap-2 mb-2\">\n                            <img decoding=\"async\" alt=\"icon\" src=\"https:\/\/ga-p.com\/wp-content\/themes\/ga-p\/assets\/images\/mobile-primary.svg\" \/>\n                            <div class=\"text\">(+34) 93 415 74 00<\/div>\n                        <\/div>\n                                                                <div class=\"d-flex align-item-center gap-2\">\n                            <img decoding=\"async\" alt=\"icon\" src=\"https:\/\/ga-p.com\/wp-content\/themes\/ga-p\/assets\/images\/email-primary.svg\" \/>\n                            <div class=\"text\">barcelona@ga-p.com<\/div>\n                        <\/div>\n                                    <\/div>\n                    <\/div>\n    <\/div>\n\n    <div class=\"container\">\n        <div class=\"row\">\n            <div class=\"col-6 izquierda\">\n                <div class=\"title\">Luis Cuesta<\/div>\n            <\/div>\n            <div class=\"col-6 derecha\">\n            <\/div>\n        <\/div>\n    <\/div>\n<\/div>\n\n<div id=\"ColumnaContenido-block_a5908272ce4ead50459ce6bdf45edb9e\" class=\"transparente ColumnaContenido\">\n    <div class=\"container\">\n        <div class=\"row\">\n            <div class=\"col-12 col-lg-7 offset-lg-5\">\n                <div class=\"acf-innerblocks-container\">\n\n\n<div id=\"PersonaInformacion-block_32b91789957b16db039a1c37b79401a6\" class=\"PersonaInformacion\">\n\n    <div class=\"personal_office\">\n        <div class=\"personal\">\n\n                            <div class=\"info\">\n                    <div class=\"title\">Posi\u00e7ao<\/div>\n                    <div class=\"text\">S\u00f3cio<\/div>\n                <\/div>\n            \n                        <div class=\"info\">\n                <div class=\"title\">Telefone<\/div>\n                <div class=\"text\">+34 934 157 400<\/div>\n            <\/div>\n                                        <div class=\"info\">\n                    <div class=\"title\">Email<\/div>\n                    <div class=\"text\">lcuesta@ga-p.com<\/div>\n                <\/div>\n                                        <div class=\"info\">\n                    <div class=\"title\">N\u00ba de colegiado<\/div>\n                    <div class=\"text\">36.906 ICAB<\/div>\n                <\/div>\n                    <\/div>\n                    <div class=\"office\">\n                <div class=\"title\">Escrit\u00f3rio de Barcelona<\/div>\n\n                                <div class=\"d-flex align-item-center gap-2 mb-2\">\n                    <img decoding=\"async\" alt=\"icon\" src=\"https:\/\/ga-p.com\/wp-content\/themes\/ga-p\/assets\/images\/office-primary.svg\" \/>\n                    <div class=\"text\">Avenida Diagonal, 640, 08017 Barcelona (Espa\u00f1a)<\/div>\n                <\/div>\n                                                    <div class=\"d-flex align-item-center gap-2 mb-2\">\n                        <img decoding=\"async\" alt=\"icon\" src=\"https:\/\/ga-p.com\/wp-content\/themes\/ga-p\/assets\/images\/mobile-primary.svg\" \/>\n                        <div class=\"text\">(+34) 93 415 74 00<\/div>\n                    <\/div>\n                                                    <div class=\"d-flex align-item-center gap-2\">\n                        <img decoding=\"async\" alt=\"icon\" src=\"https:\/\/ga-p.com\/wp-content\/themes\/ga-p\/assets\/images\/email-primary.svg\" \/>\n                        <div class=\"text\">barcelona@ga-p.com<\/div>\n                    <\/div>\n                            <\/div>\n            <\/div>\n    \n<\/div>\n\n<\/div>\n            <\/div>\n        <\/div>\n    <\/div>\n<\/div>\n\n\n<div id=\"ColumnaContenido-block_46e4d039aaa458b728c7c2aaddc822ec\" class=\"blanco ColumnaContenido\">\n    <div class=\"container\">\n        <div class=\"row\">\n            <div class=\"col-12 col-lg-7 offset-lg-5\">\n                <div class=\"acf-innerblocks-container\">\n\n<h2 class=\"wp-block-heading\">Luis \u00e9 s\u00f3cio de Fiscal da G\u00f3mez-Acebo &amp; Pombo.<\/h2>\n\n\n\n<p>Tem uma vasta experi\u00eancia no aconselhamento sobre o regime de consolida\u00e7\u00e3o fiscal e reestrutura\u00e7\u00e3o de grupos familiares e multinacionais. Tem uma s\u00f3lida experi\u00eancia em processos de clientes privados\/gest\u00e3o de patrim\u00f3nio e auditorias fiscais.<\/p>\n\n\n\n<p>\u00c9 especialista em assessoria em opera\u00e7\u00f5es de M&amp;A e reestrutura\u00e7\u00f5es de fundos de <em>private equity<\/em>, grupos familiares e multinacionais. Presta igualmente aconselhamento a empresas de <em>private equity <\/em>e de capital de risco na estrutura\u00e7\u00e3o dos seus fundos e plataformas de investimento, no \u00e2mbito da equipa integrada de Forma\u00e7\u00e3o de Fundos. Presta ainda assessoria a grupos familiares nas suas estrat\u00e9gias patrimoniais e sucess\u00f3rias, incluindo casos complexos com uma componente internacional.<\/p>\n\n\n\n<p>\u00c9 licenciado em Direito e em Administra\u00e7\u00e3o e Dire\u00e7\u00e3o de Empresas pela Universidade Abat Oliba CEU; possui um Mestrado Executivo em Direito Empresarial pelo Centro de Estudos Garrigues; e um M\u00f3dulo de Especializa\u00e7\u00e3o em Fiscalidade Internacional pelo Centro de Estudos Financeiros (CEF).<\/p>\n\n\n\n<p>Al\u00e9m disso, \u00e9 professor associado da Universidade de Barcelona na disciplina de Fiscalidade Empresarial, bem como tutor de Projetos de Fim de Curso e de Mestrado em mat\u00e9ria fiscal, e da Universidade Internacional da Catalunha na disciplina com o mesmo nome.<\/p>\n\n\n\n<p>Publicou v\u00e1rios artigos de an\u00e1lise em revistas t\u00e9cnicas de direito fiscal.<\/p>\n\n\n\n\n<div id=\"PersonaAreasSectores-block_d29dcb70960b4614439ac85c39f45ff6\" class=\"PersonaAreasSectores\">\n\n    <div class=\"content\">\n        <div class=\"title\"><h2 class='title'>\u00c1reas e sectores em que colabora<\/h2>\n<\/div>\n        <div class=\"areas_sectores\">\n            <div class=\"out itemCont\">\n                                    <a class=\"item\" href=\"https:\/\/ga-p.com\/pt-pt\/area\/fiscal\/\">Fiscal<\/a>\n                            <\/div>\n                    <\/div>\n    <\/div>\n\n    <div class=\"menos\">\n\n    <\/div>\n\n\n\n\n<\/div>\n\n\n\n\n\n<div id=\"PersonaAcordeon-block_56176790b00a46446dfddb3459d3b754\" class=\"PersonaAcordeon\">\n\n    <div class=\"accordion accordion-flush\" id=\"accordion-PersonaAcordeon-block_56176790b00a46446dfddb3459d3b754\">\n        <div class=\"accordion-item\">\n            <h2 class=\"accordion-header\">\n                <button class=\"accordion-button collapsed gap-3 align-items-start\" type=\"button\" data-bs-toggle=\"collapse\" data-bs-target=\"#flush-PersonaAcordeon-block_56176790b00a46446dfddb3459d3b754\" aria-expanded=\"false\" aria-controls=\"flush-PersonaAcordeon-block_56176790b00a46446dfddb3459d3b754\">\n                    <img decoding=\"async\" width=\"1\" height=\"1\" src=\"https:\/\/ga-p.com\/wp-content\/uploads\/2024\/04\/educacion-icon.svg\" class=\"\" alt=\"educacion-icon\" loading=\"lazy\" \/>                    \n\n\nFormac\u0327a\u0303o e experie\u0302ncia profissional\n\n\n\n                <\/button>\n            <\/h2>\n            <div id=\"flush-PersonaAcordeon-block_56176790b00a46446dfddb3459d3b754\" class=\"accordion-collapse collapse\" data-bs-parent=\"#accordion-PersonaAcordeon-block_56176790b00a46446dfddb3459d3b754\">\n                <div class=\"accordion-body\">\n                                                                        <div class=\"itemCont noDate\">\n                                <div class=\"item-no-bullet\"><div class=\"page\" title=\"Page 1\">\n<div class=\"layoutArea\">\n<div class=\"column\">\n<p>Integra a Go\u0301mez-Acebo &amp; Pombo em 2014 e \u00e9 s\u00f3cio desde 2024.<\/p>\n<\/div>\n<\/div>\n<\/div>\n<\/div>\n                            <\/div>\n                                                    <div class=\"itemCont noDate\">\n                                <div class=\"item\"><div class=\"page\" title=\"Page 1\">\n<div class=\"layoutArea\">\n<div class=\"column\">\n<div class=\"page\" title=\"Page 1\">\n<div class=\"layoutArea\">\n<div class=\"column\">\n<p>2012 | Licenciado em Direito e em Administrac\u0327a\u0303o e Direc\u0327a\u0303o de Empresas pela Universidade Abat Oliba CEU ( Espanha).<\/p>\n<\/div>\n<\/div>\n<\/div>\n<\/div>\n<\/div>\n<\/div>\n<\/div>\n                            <\/div>\n                                                    <div class=\"itemCont noDate\">\n                                <div class=\"item\"><div class=\"page\" title=\"Page 1\">\n<div class=\"layoutArea\">\n<div class=\"column\">\n<p>2012 | Mestrado Executivo em Direito Empresarial pelo Centro de Estudios Garrigues (Espanha).<\/p>\n<\/div>\n<\/div>\n<\/div>\n<\/div>\n                            <\/div>\n                                                    <div class=\"itemCont noDate\">\n                                <div class=\"item\"><div class=\"page\" title=\"Page 1\">\n<div class=\"layoutArea\">\n<div class=\"column\">\n<p>2015 | Mo\u0301dulo de Especializac\u0327a\u0303o em Fiscalidade Internacional pelo Centro de Estudios Financieros (CEF).<\/p>\n<\/div>\n<\/div>\n<\/div>\n<\/div>\n                            <\/div>\n                                                    <div class=\"itemCont noDate\">\n                                <div class=\"item\"><div class=\"page\" title=\"Page 2\">\n<div class=\"layoutArea\">\n<div class=\"column\">\n<div class=\"page\" title=\"Page 1\">\n<div class=\"layoutArea\">\n<div class=\"column\">\n<p>2018 | Professor Associado em Fiscalidade Empresarial em Barcelona.<\/p>\n<\/div>\n<\/div>\n<\/div>\n<\/div>\n<\/div>\n<\/div>\n<\/div>\n                            <\/div>\n                                                    <div class=\"itemCont noDate\">\n                                <div class=\"item\"><div class=\"page\" title=\"Page 2\">\n<div class=\"layoutArea\">\n<div class=\"column\">\n<div class=\"page\" title=\"Page 2\">\n<div class=\"layoutArea\">\n<div class=\"column\">\n<p>2021 | Professor de Fiscalidade na Universidade Internacional da Catalunha (UIC).<\/p>\n<\/div>\n<\/div>\n<\/div>\n<\/div>\n<\/div>\n<\/div>\n<\/div>\n                            <\/div>\n                                                            <\/div>\n            <\/div>\n        <\/div>\n    <\/div>\n\n<\/div>\n\n\n\n<div id=\"PersonaAcordeon-block_cd86a8ecedadd7be5ebe5c4f017e22bf\" class=\"PersonaAcordeon\">\n\n    <div class=\"accordion accordion-flush\" id=\"accordion-PersonaAcordeon-block_cd86a8ecedadd7be5ebe5c4f017e22bf\">\n        <div class=\"accordion-item\">\n            <h2 class=\"accordion-header\">\n                <button class=\"accordion-button collapsed gap-3 align-items-start\" type=\"button\" data-bs-toggle=\"collapse\" data-bs-target=\"#flush-PersonaAcordeon-block_cd86a8ecedadd7be5ebe5c4f017e22bf\" aria-expanded=\"false\" aria-controls=\"flush-PersonaAcordeon-block_cd86a8ecedadd7be5ebe5c4f017e22bf\">\n                    <img decoding=\"async\" width=\"1\" height=\"1\" src=\"https:\/\/ga-p.com\/wp-content\/uploads\/2024\/04\/entidades.svg\" class=\"\" alt=\"entidades\" loading=\"lazy\" \/>                    \n\n\n\n\n\nEntidades e associac\u0327o\u0303es profissionais das quais e\u0301 membro\n\n\n\n\n\n\n                <\/button>\n            <\/h2>\n            <div id=\"flush-PersonaAcordeon-block_cd86a8ecedadd7be5ebe5c4f017e22bf\" class=\"accordion-collapse collapse\" data-bs-parent=\"#accordion-PersonaAcordeon-block_cd86a8ecedadd7be5ebe5c4f017e22bf\">\n                <div class=\"accordion-body\">\n                                                                        <div class=\"itemCont noDate\">\n                                <div class=\"item\"><div class=\"page\" title=\"Page 2\">\n<div class=\"layoutArea\">\n<div class=\"column\">\n<div class=\"page\" title=\"Page 2\">\n<div class=\"layoutArea\">\n<div class=\"column\">\n<p>Membro da Ordem dos Advogados de Barcelona (ICAB).<\/p>\n<\/div>\n<\/div>\n<\/div>\n<\/div>\n<\/div>\n<\/div>\n<\/div>\n                            <\/div>\n                                                            <\/div>\n            <\/div>\n        <\/div>\n    <\/div>\n\n<\/div>\n\n\n\n<div id=\"PersonaAcordeon-block_bfd6036bcf7cb30c68581179567c966a\" class=\"PersonaAcordeon\">\n\n    <div class=\"accordion accordion-flush\" id=\"accordion-PersonaAcordeon-block_bfd6036bcf7cb30c68581179567c966a\">\n        <div class=\"accordion-item\">\n            <h2 class=\"accordion-header\">\n                <button class=\"accordion-button collapsed gap-3 align-items-start\" type=\"button\" data-bs-toggle=\"collapse\" data-bs-target=\"#flush-PersonaAcordeon-block_bfd6036bcf7cb30c68581179567c966a\" aria-expanded=\"false\" aria-controls=\"flush-PersonaAcordeon-block_bfd6036bcf7cb30c68581179567c966a\">\n                    <img decoding=\"async\" width=\"1\" height=\"1\" src=\"https:\/\/ga-p.com\/wp-content\/uploads\/2024\/04\/idiomas-icon.svg\" class=\"\" alt=\"idiomas-icon\" loading=\"lazy\" \/>                    Idiomas\n                <\/button>\n            <\/h2>\n            <div id=\"flush-PersonaAcordeon-block_bfd6036bcf7cb30c68581179567c966a\" class=\"accordion-collapse collapse\" data-bs-parent=\"#accordion-PersonaAcordeon-block_bfd6036bcf7cb30c68581179567c966a\">\n                <div class=\"accordion-body\">\n                                                                        <div class=\"itemCont noDate\">\n                                <div class=\"item\"><p>Espa\u00f1ol<\/p>\n<\/div>\n                            <\/div>\n                                                    <div class=\"itemCont noDate\">\n                                <div class=\"item\"><div class=\"page\" title=\"Page 2\">\n<div class=\"layoutArea\">\n<div class=\"column\">\n<p>Ingle\u0302s.<\/p>\n<\/div>\n<\/div>\n<\/div>\n<\/div>\n                            <\/div>\n                                                    <div class=\"itemCont noDate\">\n                                <div class=\"item\"><div class=\"page\" title=\"Page 2\">\n<div class=\"layoutArea\">\n<div class=\"column\">\n<div class=\"page\" title=\"Page 2\">\n<div class=\"layoutArea\">\n<div class=\"column\">\n<p>Catala\u0303o<\/p>\n<\/div>\n<\/div>\n<\/div>\n<\/div>\n<\/div>\n<\/div>\n<\/div>\n                            <\/div>\n                                                            <\/div>\n            <\/div>\n        <\/div>\n    <\/div>\n\n<\/div>\n\n\n\n<div id=\"Boton-block_a21ffeb3e6ffa1e07c9d1736b9624e20\" class=\"Boton\">\n\n    <\/div>\n\n<\/div>\n            <\/div>\n        <\/div>\n    <\/div>\n<\/div>\n\n\n<div id=\"PersonaParticipacion-block_4099b9ec440361e55e16d44c1e96432b\" class=\"PersonaParticipacion\">\n\n    <div class=\"container\">\n        <div class=\"row align-items-end flex-column flex-lg-row\">\n            <div class=\"col-12 col-lg-10\">\n                <div class=\"title\"><h2 class=''>Mais informa\u00e7\u00f5es sobre a minha participa\u00e7\u00e3o na G\u00f3mez-Acebo &amp; Pombo<\/h2>\n<\/div>\n            <\/div>\n            <div class=\"col-12 col-lg-2 px-0\">\n                <div id=\"selector_fechas\"><\/div>\n\n            <\/div>\n        <\/div>\n       <div class=\"row align-items-end\">\n           <div class=\"col-12 col-lg-11 px-0\">\n               <div class=\"selectores\">\n                   <div class=\"nav nav-tabs\" id=\"nav-tab\" role=\"tablist\">\n                                                                         <button class=\"nav-link y2025 y2024 y2023 y2022  active\" id=\"nav-noticias-tab\" data-bs-toggle=\"tab\" data-bs-target=\"#nav-noticias\" type=\"button\" role=\"tab\" aria-controls=\"nav-noticias\" aria-selected=\"false\">Not\u00edcias<\/button>\n                                                                 <\/div>\n               <\/div>\n               <div class=\"d-block d-lg-none\">\n\n                   <select class=\"selectorSliders\">\n                                              <option value=\"noticias\">Not\u00edcias<\/option>                                          <\/select>\n\n               <\/div>\n           <\/div>\n           <div class=\"d-none d-lg-block col-1\">\n               <div class=\"swiperRecArrows swiperArrows active\" data-arrows=\"#nav-reconocimientos\">\n                   <div class=\"d-flex align-items-center gap-4 justify-content-end\">\n                       <div class=\"swiper-button-prev\"><img decoding=\"async\" alt=\"icon\" src=\"https:\/\/ga-p.com\/wp-content\/themes\/ga-p\/assets\/images\/slider-arrow.svg\" \/><\/div>\n                       <div class=\"swiper-button-next\"><img decoding=\"async\" alt=\"icon\" src=\"https:\/\/ga-p.com\/wp-content\/themes\/ga-p\/assets\/images\/slider-arrow.svg\" \/><\/div>\n                   <\/div>\n               <\/div>\n               <div class=\"swiperNotArrows swiperArrows\" data-arrows=\"#nav-noticias\">\n                   <div class=\"d-flex align-items-center gap-4 justify-content-end\">\n                       <div class=\"swiper-button-prev\"><img decoding=\"async\" alt=\"icon\" src=\"https:\/\/ga-p.com\/wp-content\/themes\/ga-p\/assets\/images\/slider-arrow.svg\" \/><\/div>\n                       <div class=\"swiper-button-next\"><img decoding=\"async\" alt=\"icon\" src=\"https:\/\/ga-p.com\/wp-content\/themes\/ga-p\/assets\/images\/slider-arrow.svg\" \/><\/div>\n                   <\/div>\n               <\/div>\n               <div class=\"swiperComArrows swiperArrows\" data-arrows=\"#nav-comit\u00e9s\">\n                   <div class=\"d-flex align-items-center gap-4 justify-content-end\">\n                       <div class=\"swiper-button-prev\"><img decoding=\"async\" alt=\"icon\" src=\"https:\/\/ga-p.com\/wp-content\/themes\/ga-p\/assets\/images\/slider-arrow.svg\" \/><\/div>\n                       <div class=\"swiper-button-next\"><img decoding=\"async\" alt=\"icon\" src=\"https:\/\/ga-p.com\/wp-content\/themes\/ga-p\/assets\/images\/slider-arrow.svg\" \/><\/div>\n                   <\/div>\n               <\/div>\n           <\/div>\n       <\/div>\n    <\/div>\n    <div class=\"tab-content\" id=\"nav-tabContent\">\n                            <div class=\"tab-pane fade show active\" id=\"nav-noticias\" role=\"tabpanel\" aria-labelledby=\"nav-noticias-tab\" tabindex=\"0\">\n                <div class=\"swiper mySwiper swiperNot\">\n                    <div class=\"swiper-wrapper\">\n                                                    <div class=\"swiper-slide y2025\">\n                                <a style=\"text-decoration: none\" href=\"https:\/\/ga-p.com\/pt-pt\/noticia\/gomez-acebo-pombo-assessora-a-pai-partners-na-venda-do-grupo-uvesco-bm-supermercados-e-super-amara\/\">\n    <div class=\"noticiaCard\">\n        <div class=\"content\">\n            <div class=\"tag\">NOT\u00cdCIAS<\/div>\n            <div class=\"titulo\">\n                G\u00f3mez-Acebo &amp; Pombo assessora a PAI Partners na venda do Grupo Uvesco (BM Supermercados e Super Amara).            <\/div>\n            <div class=\"excerpt\">\n                G\u00f3mez-Acebo &#038; Pombo assessorou a PAI Partners na venda do Grupo Uvesco (BM Supermercados e Super Amara) a um cons\u00f3rcio de investidores bascos liderado pelo seu CEO (Angel Jare\u00f1o) e tamb\u00e9m composto pela Stellum Capital, Inveready e Indar (Kutxabank), entre outros. A GA_P assessorou a PAI em todas as etapas do processo jur\u00eddico.            <\/div>\n            <div class=\"fecha d-flex align-items-center gap-2\">\n                <img decoding=\"async\" alt=\"icon\" src=\"https:\/\/ga-p.com\/wp-content\/themes\/ga-p\/assets\/images\/clock-icon.svg\" \/>\n                26 Dec, 2025            <\/div>\n\n\n                            <div class=\"author d-flex align-items-center gap-2\">\n                    <img decoding=\"async\" alt=\"icon\" src=\"https:\/\/ga-p.com\/wp-content\/themes\/ga-p\/assets\/images\/author-icon.svg\" \/><span>\n                    Pablo Fern\u00e1ndez Cortijo, Andr\u00e9s Castro, Jos\u00e9 Luis Rodr\u00edguez, Andrew Ward, Luis Cuesta, Carles Armi\u00f1o, Rafael Espinosa, Carmen Garc\u00eda, Diego Rizo, Carmen Abad, Beatriz Garc\u00eda-Ferrer, Fernando Trigo, Marta Rey, Isabel Band\u00edn, Marta Mart\u00ednez-Almeida                <\/span><\/div>\n            \n        <\/div>\n        <div class=\"openCard me-0 ms-auto\">\n            <img decoding=\"async\" alt=\"icon\" src=\"https:\/\/ga-p.com\/wp-content\/themes\/ga-p\/assets\/images\/arrow-open.svg\" \/>\n            <img decoding=\"async\" alt=\"icon\" src=\"https:\/\/ga-p.com\/wp-content\/themes\/ga-p\/assets\/images\/arrow-open.svg\" \/>\n        <\/div>\n    <\/div>\n<\/a>\n                            <\/div>\n                                                    <div class=\"swiper-slide y2025\">\n                                <a style=\"text-decoration: none\" href=\"https:\/\/ga-p.com\/pt-pt\/noticia\/ga_p-assessora-a-goros-investments-na-aquisicao-da-premium-mixes\/\">\n    <div class=\"noticiaCard\">\n        <div class=\"content\">\n            <div class=\"tag\">NOT\u00cdCIAS<\/div>\n            <div class=\"titulo\">\n                GA_P assessora a Goros Investments na aquisi\u00e7\u00e3o da Premium Mixes            <\/div>\n            <div class=\"excerpt\">\n                A G\u00f3mez-Acebo &#038; Pombo assessorou a Goros Investments na aquisi\u00e7\u00e3o, por parte da Workout Business Group (The Workout Group), da sociedade que opera sob a marca Premium Mixes, uma refer\u00eancia em mixologia premium e experi\u00eancias de marca.            <\/div>\n            <div class=\"fecha d-flex align-items-center gap-2\">\n                <img decoding=\"async\" alt=\"icon\" src=\"https:\/\/ga-p.com\/wp-content\/themes\/ga-p\/assets\/images\/clock-icon.svg\" \/>\n                03 Dec, 2025            <\/div>\n\n\n                            <div class=\"author d-flex align-items-center gap-2\">\n                    <img decoding=\"async\" alt=\"icon\" src=\"https:\/\/ga-p.com\/wp-content\/themes\/ga-p\/assets\/images\/author-icon.svg\" \/><span>\n                    Pablo Fern\u00e1ndez Cortijo, Diana Linage, Patricia Medina, Antonio Rami\u0301rez, Isabel Silva, Luis Cuesta, Carles Armi\u00f1o, B\u00e1rbara Sa\u00ednz de Vicun\u0303a, Diego Ib\u00e1\u00f1ez                <\/span><\/div>\n            \n        <\/div>\n        <div class=\"openCard me-0 ms-auto\">\n            <img decoding=\"async\" alt=\"icon\" src=\"https:\/\/ga-p.com\/wp-content\/themes\/ga-p\/assets\/images\/arrow-open.svg\" \/>\n            <img decoding=\"async\" alt=\"icon\" src=\"https:\/\/ga-p.com\/wp-content\/themes\/ga-p\/assets\/images\/arrow-open.svg\" \/>\n        <\/div>\n    <\/div>\n<\/a>\n                            <\/div>\n                                                    <div class=\"swiper-slide y2025\">\n                                <a style=\"text-decoration: none\" href=\"https:\/\/ga-p.com\/pt-pt\/noticia\/ga_p-assessora-a-indra-no-lancamento-do-fundo-de-capital-de-risco-indraventures-i\/\">\n    <div class=\"noticiaCard\">\n        <div class=\"content\">\n            <div class=\"tag\">NOT\u00cdCIAS<\/div>\n            <div class=\"titulo\">\n                GA_P assessora a Indra no lan\u00e7amento do fundo de capital de risco Indraventures I            <\/div>\n            <div class=\"excerpt\">\n                G\u00f3mez-Acebo &#038; Pombo assessorou a Indra Sistemas no lan\u00e7amento de um fundo de capital de risco denominado Indraventures I, FCR, registado na Comisi\u00f3n Nacional del Mercado de Valores (CNMV) de Espanha, destinado a investir no desenvolvimento de tecnologias de defesa de utiliza\u00e7\u00e3o dual. O fundo tem como objetivo captar compromissos at\u00e9 200 milh\u00f5es de euros por parte de investidores profissionais, tanto p\u00fablicos como privados.            <\/div>\n            <div class=\"fecha d-flex align-items-center gap-2\">\n                <img decoding=\"async\" alt=\"icon\" src=\"https:\/\/ga-p.com\/wp-content\/themes\/ga-p\/assets\/images\/clock-icon.svg\" \/>\n                27 Nov, 2025            <\/div>\n\n\n                            <div class=\"author d-flex align-items-center gap-2\">\n                    <img decoding=\"async\" alt=\"icon\" src=\"https:\/\/ga-p.com\/wp-content\/themes\/ga-p\/assets\/images\/author-icon.svg\" \/><span>\n                    Guillermo Guerra, Andrea Esbr\u00ed, Luis Cuesta                <\/span><\/div>\n            \n        <\/div>\n        <div class=\"openCard me-0 ms-auto\">\n            <img decoding=\"async\" alt=\"icon\" src=\"https:\/\/ga-p.com\/wp-content\/themes\/ga-p\/assets\/images\/arrow-open.svg\" \/>\n            <img decoding=\"async\" alt=\"icon\" src=\"https:\/\/ga-p.com\/wp-content\/themes\/ga-p\/assets\/images\/arrow-open.svg\" \/>\n        <\/div>\n    <\/div>\n<\/a>\n                            <\/div>\n                                                    <div class=\"swiper-slide y2025\">\n                                <a style=\"text-decoration: none\" href=\"https:\/\/ga-p.com\/pt-pt\/noticia\/ga_p-assessora-a-duna-house-na-aquisicao-gradual-da-donpiso-e-na-criacao-de-uma-joint-venture\/\">\n    <div class=\"noticiaCard\">\n        <div class=\"content\">\n            <div class=\"tag\">NOT\u00cdCIAS<\/div>\n            <div class=\"titulo\">\n                GA_P assessora a Duna House na aquisi\u00e7\u00e3o gradual da Donpiso e na cria\u00e7\u00e3o de uma joint venture\u00a0            <\/div>\n            <div class=\"excerpt\">\n                G\u00f3mez-Acebo &#038; Pombo assessorou a Duna House, grupo imobili\u00e1rio h\u00fangaro de refer\u00eancia na Europa Central e de Leste, na aquisi\u00e7\u00e3o gradual da Donpiso, rede imobili\u00e1ria l\u00edder em Espanha, e na cria\u00e7\u00e3o de uma joint venture para implementar em Espanha os servi\u00e7os de intermedia\u00e7\u00e3o financeira da sua marca Credipass em colabora\u00e7\u00e3o com os clientes da Donpiso.            <\/div>\n            <div class=\"fecha d-flex align-items-center gap-2\">\n                <img decoding=\"async\" alt=\"icon\" src=\"https:\/\/ga-p.com\/wp-content\/themes\/ga-p\/assets\/images\/clock-icon.svg\" \/>\n                26 Nov, 2025            <\/div>\n\n\n                            <div class=\"author d-flex align-items-center gap-2\">\n                    <img decoding=\"async\" alt=\"icon\" src=\"https:\/\/ga-p.com\/wp-content\/themes\/ga-p\/assets\/images\/author-icon.svg\" \/><span>\n                    Daniel Mar\u00edn, Jos\u00e9 Manuel Sa\u0301nchez Penade\u0301s, Luis Cuesta, Pablo Santos                <\/span><\/div>\n            \n        <\/div>\n        <div class=\"openCard me-0 ms-auto\">\n            <img decoding=\"async\" alt=\"icon\" src=\"https:\/\/ga-p.com\/wp-content\/themes\/ga-p\/assets\/images\/arrow-open.svg\" \/>\n            <img decoding=\"async\" alt=\"icon\" src=\"https:\/\/ga-p.com\/wp-content\/themes\/ga-p\/assets\/images\/arrow-open.svg\" \/>\n        <\/div>\n    <\/div>\n<\/a>\n                            <\/div>\n                                                    <div class=\"swiper-slide y2025\">\n                                <a style=\"text-decoration: none\" href=\"https:\/\/ga-p.com\/pt-pt\/noticia\/gomez-acebo-pombo-reconhecida-pela-itr-como-uma-das-principais-consultoras-fiscais-em-espanha-e-portugal\/\">\n    <div class=\"noticiaCard\">\n        <div class=\"content\">\n            <div class=\"tag\">NOT\u00cdCIAS<\/div>\n            <div class=\"titulo\">\n                G\u00f3mez-Acebo &amp; Pombo, reconhecida pela ITR como uma das principais consultoras fiscais em Espanha e Portugal            <\/div>\n            <div class=\"excerpt\">\n                A International Tax Review (ITR) publicou a \u00faltima edi\u00e7\u00e3o do seu ranking, destacando as principais empresas de consultoria fiscal em mais de 150 jurisdi\u00e7\u00f5es em todo o mundo.            <\/div>\n            <div class=\"fecha d-flex align-items-center gap-2\">\n                <img decoding=\"async\" alt=\"icon\" src=\"https:\/\/ga-p.com\/wp-content\/themes\/ga-p\/assets\/images\/clock-icon.svg\" \/>\n                15 Oct, 2025            <\/div>\n\n\n                            <div class=\"author d-flex align-items-center gap-2\">\n                    <img decoding=\"async\" alt=\"icon\" src=\"https:\/\/ga-p.com\/wp-content\/themes\/ga-p\/assets\/images\/author-icon.svg\" \/><span>\n                    Ana Paula Basilio, \u00c1ngel Va\u00edllo, Catarina Rosa, Eduardo Marti\u0301nez-Matosas, Enrique Ortega, Guadalupe Di\u0301az-Su\u0301nico, Javier Gazulla, Javier Vinuesa, Luis Cuesta, Mafalda Barreto, Mariana D\u00edaz-Moro, Mar\u00eda Rita Nascimento, Nuno de Oliveira Garcia                <\/span><\/div>\n            \n        <\/div>\n        <div class=\"openCard me-0 ms-auto\">\n            <img decoding=\"async\" alt=\"icon\" src=\"https:\/\/ga-p.com\/wp-content\/themes\/ga-p\/assets\/images\/arrow-open.svg\" \/>\n            <img decoding=\"async\" alt=\"icon\" src=\"https:\/\/ga-p.com\/wp-content\/themes\/ga-p\/assets\/images\/arrow-open.svg\" \/>\n        <\/div>\n    <\/div>\n<\/a>\n                            <\/div>\n                                                    <div class=\"swiper-slide y2025\">\n                                <a style=\"text-decoration: none\" href=\"https:\/\/ga-p.com\/pt-pt\/noticia\/ga_p-assessora-a-inpost-na-aquisicao-do-grupo-sending\/\">\n    <div class=\"noticiaCard\">\n        <div class=\"content\">\n            <div class=\"tag\">NOT\u00cdCIAS<\/div>\n            <div class=\"titulo\">\n                GA_P assessora InPost na aquisi\u00e7\u00e3o do Grupo Sending            <\/div>\n            <div class=\"excerpt\">\n                A G\u00f3mez-Acebo &#038; Pombo assessorou a InPost, grupo cotado na Euronext Amesterd\u00e3o e um dos principais fornecedores log\u00edsticos da Europa para o setor do com\u00e9rcio eletr\u00f3nico, na aquisi\u00e7\u00e3o do Grupo Sending, empresa de transporte expresso especializada em envios ao domic\u00edlio.            <\/div>\n            <div class=\"fecha d-flex align-items-center gap-2\">\n                <img decoding=\"async\" alt=\"icon\" src=\"https:\/\/ga-p.com\/wp-content\/themes\/ga-p\/assets\/images\/clock-icon.svg\" \/>\n                15 Jul, 2025            <\/div>\n\n\n                            <div class=\"author d-flex align-items-center gap-2\">\n                    <img decoding=\"async\" alt=\"icon\" src=\"https:\/\/ga-p.com\/wp-content\/themes\/ga-p\/assets\/images\/author-icon.svg\" \/><span>\n                    Carolina Posse Van Der Laat, Daniel Mar\u00edn, Beatriz Dosd\u00e1, Susana Morgado, Luis Cuesta, Nuno de Oliveira Garcia, Andrea D\u00edez de Ur\u00e9, Pablo Santos, Luis Lo\u0301pez,                 <\/span><\/div>\n            \n        <\/div>\n        <div class=\"openCard me-0 ms-auto\">\n            <img decoding=\"async\" alt=\"icon\" src=\"https:\/\/ga-p.com\/wp-content\/themes\/ga-p\/assets\/images\/arrow-open.svg\" \/>\n            <img decoding=\"async\" alt=\"icon\" src=\"https:\/\/ga-p.com\/wp-content\/themes\/ga-p\/assets\/images\/arrow-open.svg\" \/>\n        <\/div>\n    <\/div>\n<\/a>\n                            <\/div>\n                                                    <div class=\"swiper-slide y2025\">\n                                <a style=\"text-decoration: none\" href=\"https:\/\/ga-p.com\/pt-pt\/noticia\/ga_p-asesora-a-los-socios-de-the-hotels-network-en-su-venta-a-lighthouse\/\">\n    <div class=\"noticiaCard\">\n        <div class=\"content\">\n            <div class=\"tag\">NOT\u00cdCIAS<\/div>\n            <div class=\"titulo\">\n                GA_P assessora os s\u00f3cios da The Hotels Network na sua venda \u00e0 Lighthouse            <\/div>\n            <div class=\"excerpt\">\n                G\u00f3mez-Acebo &#038; Pombo assessorou os s\u00f3cios da The Hotels Network na venda de 100% do seu capital social ao Lighthouse Group.            <\/div>\n            <div class=\"fecha d-flex align-items-center gap-2\">\n                <img decoding=\"async\" alt=\"icon\" src=\"https:\/\/ga-p.com\/wp-content\/themes\/ga-p\/assets\/images\/clock-icon.svg\" \/>\n                21 Apr, 2025            <\/div>\n\n\n                            <div class=\"author d-flex align-items-center gap-2\">\n                    <img decoding=\"async\" alt=\"icon\" src=\"https:\/\/ga-p.com\/wp-content\/themes\/ga-p\/assets\/images\/author-icon.svg\" \/><span>\n                    \u00c1lex Pujol, Andr\u00e9s Castro, Pablo Soler, Luis Cuesta                <\/span><\/div>\n            \n        <\/div>\n        <div class=\"openCard me-0 ms-auto\">\n            <img decoding=\"async\" alt=\"icon\" src=\"https:\/\/ga-p.com\/wp-content\/themes\/ga-p\/assets\/images\/arrow-open.svg\" \/>\n            <img decoding=\"async\" alt=\"icon\" src=\"https:\/\/ga-p.com\/wp-content\/themes\/ga-p\/assets\/images\/arrow-open.svg\" \/>\n        <\/div>\n    <\/div>\n<\/a>\n                            <\/div>\n                                                    <div class=\"swiper-slide y2025\">\n                                <a style=\"text-decoration: none\" href=\"https:\/\/ga-p.com\/pt-pt\/noticia\/ga_p-asesora-a-antai-ventures-en-la-creacion-del-fondo-necta-ventures\/\">\n    <div class=\"noticiaCard\">\n        <div class=\"content\">\n            <div class=\"tag\">NOT\u00cdCIAS<\/div>\n            <div class=\"titulo\">\n                GA_P assessora Antai Ventures na cria\u00e7\u00e3o do fundo Necta Ventures            <\/div>\n            <div class=\"excerpt\">\n                GA_P assessorou  Antai Ventures, empresa de capital de risco, na cria\u00e7\u00e3o de Necta Ventures, um fundo de fundos de capital de risco que tem como objetivo atingir uma dimens\u00e3o de \u20ac100m.             <\/div>\n            <div class=\"fecha d-flex align-items-center gap-2\">\n                <img decoding=\"async\" alt=\"icon\" src=\"https:\/\/ga-p.com\/wp-content\/themes\/ga-p\/assets\/images\/clock-icon.svg\" \/>\n                12 Feb, 2025            <\/div>\n\n\n                            <div class=\"author d-flex align-items-center gap-2\">\n                    <img decoding=\"async\" alt=\"icon\" src=\"https:\/\/ga-p.com\/wp-content\/themes\/ga-p\/assets\/images\/author-icon.svg\" \/><span>\n                    \u00c1lex Pujol, Luis Cuesta, Andrea Esbr\u00ed                <\/span><\/div>\n            \n        <\/div>\n        <div class=\"openCard me-0 ms-auto\">\n            <img decoding=\"async\" alt=\"icon\" src=\"https:\/\/ga-p.com\/wp-content\/themes\/ga-p\/assets\/images\/arrow-open.svg\" \/>\n            <img decoding=\"async\" alt=\"icon\" src=\"https:\/\/ga-p.com\/wp-content\/themes\/ga-p\/assets\/images\/arrow-open.svg\" \/>\n        <\/div>\n    <\/div>\n<\/a>\n                            <\/div>\n                                                    <div class=\"swiper-slide y2024\">\n                                <a style=\"text-decoration: none\" href=\"https:\/\/ga-p.com\/pt-pt\/noticia\/gomez-acebo-pombo-nombra-a-cuatro-nuevos-socios\/\">\n    <div class=\"noticiaCard\">\n        <div class=\"content\">\n            <div class=\"tag\">NOT\u00cdCIAS<\/div>\n            <div class=\"titulo\">\n                G\u00f3mez-Acebo &amp; Pombo nomeia quatro novos s\u00f3cios            <\/div>\n            <div class=\"excerpt\">\n                G\u00f3mez-Acebo &#038; Pombo nomeou como s\u00f3cios Ainara Renter\u00eda, Antonio Ram\u00edrez, Pedro Soto e Luis Cuesta na Assembleia Geral Anual celebrada na quinta-feira, 19 de dezembro. Estas novas nomea\u00e7\u00f5es refletem a aposta da firma no talento interno.            <\/div>\n            <div class=\"fecha d-flex align-items-center gap-2\">\n                <img decoding=\"async\" alt=\"icon\" src=\"https:\/\/ga-p.com\/wp-content\/themes\/ga-p\/assets\/images\/clock-icon.svg\" \/>\n                19 Dec, 2024            <\/div>\n\n\n                            <div class=\"author d-flex align-items-center gap-2\">\n                    <img decoding=\"async\" alt=\"icon\" src=\"https:\/\/ga-p.com\/wp-content\/themes\/ga-p\/assets\/images\/author-icon.svg\" \/><span>\n                    Ainara Renteri\u0301a, Pedro Soto, Antonio Rami\u0301rez, Luis Cuesta                <\/span><\/div>\n            \n        <\/div>\n        <div class=\"openCard me-0 ms-auto\">\n            <img decoding=\"async\" alt=\"icon\" src=\"https:\/\/ga-p.com\/wp-content\/themes\/ga-p\/assets\/images\/arrow-open.svg\" \/>\n            <img decoding=\"async\" alt=\"icon\" src=\"https:\/\/ga-p.com\/wp-content\/themes\/ga-p\/assets\/images\/arrow-open.svg\" \/>\n        <\/div>\n    <\/div>\n<\/a>\n                            <\/div>\n                                                    <div class=\"swiper-slide y2024\">\n                                <a style=\"text-decoration: none\" href=\"https:\/\/ga-p.com\/pt-pt\/noticia\/ga_p-asesora-a-siemens-gamesa-en-la-venta-de-su-negocio-de-electronica-de-potencia-a-abb\/\">\n    <div class=\"noticiaCard\">\n        <div class=\"content\">\n            <div class=\"tag\">NOT\u00cdCIAS<\/div>\n            <div class=\"titulo\">\n                GA_P assesora Siemens Gamesa na venda do seu neg\u00f3cio de eletr\u00f3nica de pot\u00eancia \u00e0 ABB            <\/div>\n            <div class=\"excerpt\">\n                Com esta transa\u00e7\u00e3o, Siemens Gamesa avan\u00e7a com a sua estrat\u00e9gia de se concentrar no seu neg\u00f3cio principal, refor\u00e7ando a sua posi\u00e7\u00e3o de lideran\u00e7a, nesse mercado, globalmente. A transa\u00e7\u00e3o est\u00e1 sujeita \u00e0s aprova\u00e7\u00f5es regulamentares correspondentes, entre outras.            <\/div>\n            <div class=\"fecha d-flex align-items-center gap-2\">\n                <img decoding=\"async\" alt=\"icon\" src=\"https:\/\/ga-p.com\/wp-content\/themes\/ga-p\/assets\/images\/clock-icon.svg\" \/>\n                18 Dec, 2024            <\/div>\n\n\n                            <div class=\"author d-flex align-items-center gap-2\">\n                    <img decoding=\"async\" alt=\"icon\" src=\"https:\/\/ga-p.com\/wp-content\/themes\/ga-p\/assets\/images\/author-icon.svg\" \/><span>\n                    \u00c1lvaro Mateo Sixto, Clara Rivero, Patricia P\u00e9rez, Juan Ignacio Romero, Miguel Troncoso, Borja Gonz\u00e1lez Elejabarrieta, Jesu\u0301s Tallos, Luis Cuesta                <\/span><\/div>\n            \n        <\/div>\n        <div class=\"openCard me-0 ms-auto\">\n            <img decoding=\"async\" alt=\"icon\" src=\"https:\/\/ga-p.com\/wp-content\/themes\/ga-p\/assets\/images\/arrow-open.svg\" \/>\n            <img decoding=\"async\" alt=\"icon\" src=\"https:\/\/ga-p.com\/wp-content\/themes\/ga-p\/assets\/images\/arrow-open.svg\" \/>\n        <\/div>\n    <\/div>\n<\/a>\n                            <\/div>\n                                                    <div class=\"swiper-slide y2024\">\n                                <a style=\"text-decoration: none\" href=\"https:\/\/ga-p.com\/pt-pt\/noticia\/ga_p-assessora-a-sanitas-no-seu-investimento-na-mimo-biosciences-spin-off-da-universidade-cima-de-navarra\/\">\n    <div class=\"noticiaCard\">\n        <div class=\"content\">\n            <div class=\"tag\">NOT\u00cdCIAS<\/div>\n            <div class=\"titulo\">\n                GA_P assessora a Sanitas no seu investimento na MIMO Biosciences, spin-off da Universidade CIMA de Navarra            <\/div>\n            <div class=\"excerpt\">\n                Trata-se de um acordo-quadro para a investiga\u00e7\u00e3o no dom\u00ednio da sa\u00fade, na primeira fase do qual ser\u00e3o desenvolvidos novos modelos para acelerar o desenvolvimento de medicamentos de imunoterapia para diferentes tipos de cancros hematol\u00f3gicos.            <\/div>\n            <div class=\"fecha d-flex align-items-center gap-2\">\n                <img decoding=\"async\" alt=\"icon\" src=\"https:\/\/ga-p.com\/wp-content\/themes\/ga-p\/assets\/images\/clock-icon.svg\" \/>\n                10 Dec, 2024            <\/div>\n\n\n                            <div class=\"author d-flex align-items-center gap-2\">\n                    <img decoding=\"async\" alt=\"icon\" src=\"https:\/\/ga-p.com\/wp-content\/themes\/ga-p\/assets\/images\/author-icon.svg\" \/><span>\n                    \u00c1lvaro Mateo Sixto, Patricia P\u00e9rez, Borja Carvajal, Irene Ferna\u0301ndez Puyol, Luis Cuesta, Pablo Soler, Silvia Mu\u00f1oz, Borja Gonz\u00e1lez                <\/span><\/div>\n            \n        <\/div>\n        <div class=\"openCard me-0 ms-auto\">\n            <img decoding=\"async\" alt=\"icon\" src=\"https:\/\/ga-p.com\/wp-content\/themes\/ga-p\/assets\/images\/arrow-open.svg\" \/>\n            <img decoding=\"async\" alt=\"icon\" src=\"https:\/\/ga-p.com\/wp-content\/themes\/ga-p\/assets\/images\/arrow-open.svg\" \/>\n        <\/div>\n    <\/div>\n<\/a>\n                            <\/div>\n                                                    <div class=\"swiper-slide y2024\">\n                                <a style=\"text-decoration: none\" href=\"https:\/\/ga-p.com\/pt-pt\/noticia\/ga_p-aconselha-a-kartesia-e-a-gto-partners-na-aquisicao-da-smarttech-a-ayesa-2\/\">\n    <div class=\"noticiaCard\">\n        <div class=\"content\">\n            <div class=\"tag\">NOT\u00cdCIAS<\/div>\n            <div class=\"titulo\">\n                GA_P aconselha a Kartesia e a GTO Partners na aquisi\u00e7\u00e3o da Smarttech \u00e0 Ayesa            <\/div>\n            <div class=\"excerpt\">\n                A G\u00f3mez-Acebo &#038; Pombo assessorou a Kertesia e a GTO Partners na aquisi\u00e7\u00e3o em Espanha da Smarttech Industry Software Solutions, um fornecedor de solu\u00e7\u00f5es de software para processos industriais.             <\/div>\n            <div class=\"fecha d-flex align-items-center gap-2\">\n                <img decoding=\"async\" alt=\"icon\" src=\"https:\/\/ga-p.com\/wp-content\/themes\/ga-p\/assets\/images\/clock-icon.svg\" \/>\n                25 Sep, 2024            <\/div>\n\n\n                            <div class=\"author d-flex align-items-center gap-2\">\n                    <img decoding=\"async\" alt=\"icon\" src=\"https:\/\/ga-p.com\/wp-content\/themes\/ga-p\/assets\/images\/author-icon.svg\" \/><span>\n                    \u00c1lvaro Mateo Sixto, Andr\u00e9s Castro, Luis Cuesta, Aitor Soloeta, Isabel Band\u00edn, , Vanessa Ferna\u0301ndez-Lled\u00f3, Diego Rizo                <\/span><\/div>\n            \n        <\/div>\n        <div class=\"openCard me-0 ms-auto\">\n            <img decoding=\"async\" alt=\"icon\" src=\"https:\/\/ga-p.com\/wp-content\/themes\/ga-p\/assets\/images\/arrow-open.svg\" \/>\n            <img decoding=\"async\" alt=\"icon\" src=\"https:\/\/ga-p.com\/wp-content\/themes\/ga-p\/assets\/images\/arrow-open.svg\" \/>\n        <\/div>\n    <\/div>\n<\/a>\n                            <\/div>\n                                                    <div class=\"swiper-slide y2024\">\n                                <a style=\"text-decoration: none\" href=\"https:\/\/ga-p.com\/pt-pt\/noticia\/ga_p-assessora-a-familia-luna-na-venda-do-grupo-ht-ao-fundo-fremman-capital\/\">\n    <div class=\"noticiaCard\">\n        <div class=\"content\">\n            <div class=\"tag\">NOT\u00cdCIAS<\/div>\n            <div class=\"titulo\">\n                GA_P assessora a Fam\u00edlia Luna na venda do Grupo HT ao fundo Fremman Capital            <\/div>\n            <div class=\"excerpt\">\n                A G\u00f3mez-Acebo &amp; Pombo assessorou a fam\u00edlia Luna na venda \u00e0 Fremman Capital de uma participa\u00e7\u00e3o maiorit\u00e1ria no Grupo HT, l\u00edder em Espanha na presta\u00e7\u00e3o de servi\u00e7os de radiologia e diagn\u00f3stico por imagem. Trata-se de uma das transac\u00e7\u00f5es mais significativas deste trimestre nos sectores de Private Equity e da Sa\u00fade. A transa\u00e7\u00e3o est\u00e1 sujeita \u00e0&#8230;            <\/div>\n            <div class=\"fecha d-flex align-items-center gap-2\">\n                <img decoding=\"async\" alt=\"icon\" src=\"https:\/\/ga-p.com\/wp-content\/themes\/ga-p\/assets\/images\/clock-icon.svg\" \/>\n                27 May, 2024            <\/div>\n\n\n                            <div class=\"author d-flex align-items-center gap-2\">\n                    <img decoding=\"async\" alt=\"icon\" src=\"https:\/\/ga-p.com\/wp-content\/themes\/ga-p\/assets\/images\/author-icon.svg\" \/><span>\n                    Pablo Fern\u00e1ndez Cortijo, Andr\u00e9s Castro, In\u00e9s L\u00f3pez Seco, Nicol\u00e1s Z\u00fa\u00f1iga, Luis Cuesta, , Irene Ferna\u0301ndez Puyol, Marta Rey, Miguel Troncoso, Eduardo G\u00f3mez de la Cruz, Jes\u00fas Antonio Urriza, Lourdes Escassi, Carmen Abad, , Isabel Band\u00edn, Natalia Lastres                <\/span><\/div>\n            \n        <\/div>\n        <div class=\"openCard me-0 ms-auto\">\n            <img decoding=\"async\" alt=\"icon\" src=\"https:\/\/ga-p.com\/wp-content\/themes\/ga-p\/assets\/images\/arrow-open.svg\" \/>\n            <img decoding=\"async\" alt=\"icon\" src=\"https:\/\/ga-p.com\/wp-content\/themes\/ga-p\/assets\/images\/arrow-open.svg\" \/>\n        <\/div>\n    <\/div>\n<\/a>\n                            <\/div>\n                                                    <div class=\"swiper-slide y2024\">\n                                <a style=\"text-decoration: none\" href=\"https:\/\/ga-p.com\/pt-pt\/noticia\/ga_p-presta-assessoria-aos-accionistas-da-plusnet-solutions-na-venda-da-empresa\/\">\n    <div class=\"noticiaCard\">\n        <div class=\"content\">\n            <div class=\"tag\">NOT\u00cdCIAS<\/div>\n            <div class=\"titulo\">\n                GA_P presta assessoria aos accionistas da Plusnet Solutions na venda da empresa            <\/div>\n            <div class=\"excerpt\">\n                A G\u00f3mez-Acebo &amp; Pombo assessorou os accionistas da Plusnet Solutions na venda da empresa, adquirida pela empresa tecnol\u00f3gica Evolutio, especialista na integra\u00e7\u00e3o de servi\u00e7os cloud. A transa\u00e7\u00e3o permitir\u00e1 \u00e0 Evolutio acelerar as suas capacidades em \u00e1reas-chave como a integra\u00e7\u00e3o e o desenvolvimento de componentes tecnol\u00f3gicos, a an\u00e1lise, a intelig\u00eancia artificial, a automatiza\u00e7\u00e3o e a biometria&#8230;            <\/div>\n            <div class=\"fecha d-flex align-items-center gap-2\">\n                <img decoding=\"async\" alt=\"icon\" src=\"https:\/\/ga-p.com\/wp-content\/themes\/ga-p\/assets\/images\/clock-icon.svg\" \/>\n                07 Feb, 2024            <\/div>\n\n\n                            <div class=\"author d-flex align-items-center gap-2\">\n                    <img decoding=\"async\" alt=\"icon\" src=\"https:\/\/ga-p.com\/wp-content\/themes\/ga-p\/assets\/images\/author-icon.svg\" \/><span>\n                    Andr\u00e9s Castro                <\/span><\/div>\n            \n        <\/div>\n        <div class=\"openCard me-0 ms-auto\">\n            <img decoding=\"async\" alt=\"icon\" src=\"https:\/\/ga-p.com\/wp-content\/themes\/ga-p\/assets\/images\/arrow-open.svg\" \/>\n            <img decoding=\"async\" alt=\"icon\" src=\"https:\/\/ga-p.com\/wp-content\/themes\/ga-p\/assets\/images\/arrow-open.svg\" \/>\n        <\/div>\n    <\/div>\n<\/a>\n                            <\/div>\n                                                    <div class=\"swiper-slide y2023\">\n                                <a style=\"text-decoration: none\" href=\"https:\/\/ga-p.com\/pt-pt\/noticia\/ga_p-assessora-a-viserion-na-compra-da-fabrica-da-cargill-em-barcelona\/\">\n    <div class=\"noticiaCard\">\n        <div class=\"content\">\n            <div class=\"tag\">NOT\u00cdCIAS<\/div>\n            <div class=\"titulo\">\n                GA_P assessora a Viserion na compra da f\u00e1brica da Cargill em Barcelona            <\/div>\n            <div class=\"excerpt\">\n                A G\u00f3mez-Acebo &amp; Pombo assessorou a Viserion International, multinacional norte-americana que opera no sector dos cereais e da alimenta\u00e7\u00e3o animal, na compra da f\u00e1brica de esmagamento de soja no Porto de Barcelona. Atrav\u00e9s da filial de Barcelona Elian, controlada a 100% pelo grupo norte-americano Viserion International, a multinacional est\u00e1 a adquirir a f\u00e1brica de moagem&#8230;            <\/div>\n            <div class=\"fecha d-flex align-items-center gap-2\">\n                <img decoding=\"async\" alt=\"icon\" src=\"https:\/\/ga-p.com\/wp-content\/themes\/ga-p\/assets\/images\/clock-icon.svg\" \/>\n                26 Oct, 2023            <\/div>\n\n\n                            <div class=\"author d-flex align-items-center gap-2\">\n                    <img decoding=\"async\" alt=\"icon\" src=\"https:\/\/ga-p.com\/wp-content\/themes\/ga-p\/assets\/images\/author-icon.svg\" \/><span>\n                    Jos\u00e9 Manuel Sa\u0301nchez Penade\u0301s, I\u00f1igo Igartua, Victoria Rivas, , Juan Ignacio Romero, Luis Cuesta                <\/span><\/div>\n            \n        <\/div>\n        <div class=\"openCard me-0 ms-auto\">\n            <img decoding=\"async\" alt=\"icon\" src=\"https:\/\/ga-p.com\/wp-content\/themes\/ga-p\/assets\/images\/arrow-open.svg\" \/>\n            <img decoding=\"async\" alt=\"icon\" src=\"https:\/\/ga-p.com\/wp-content\/themes\/ga-p\/assets\/images\/arrow-open.svg\" \/>\n        <\/div>\n    <\/div>\n<\/a>\n                            <\/div>\n                                                    <div class=\"swiper-slide y2023\">\n                                <a style=\"text-decoration: none\" href=\"https:\/\/ga-p.com\/pt-pt\/noticia\/ga_p-assessora-a-aurea-green-gass-na-venda-de-uma-carteira-de-projetos-de-biometano-a-verdalia-bioenergy-uma-investida-da-goldman-sachs\/\">\n    <div class=\"noticiaCard\">\n        <div class=\"content\">\n            <div class=\"tag\">NOT\u00cdCIAS<\/div>\n            <div class=\"titulo\">\n                GA_P assessora a Aurea Green Gass na venda de uma carteira de projetos de biometano \u00e0 Verdalia Bioenergy, uma investida da Goldman Sachs.            <\/div>\n            <div class=\"excerpt\">\n                A G\u00f3mez-Acebo &amp; Pombo assessorou a Aurea Green Gass, uma empresa dedicada \u00e0 constru\u00e7\u00e3o de instala\u00e7\u00f5es de produ\u00e7\u00e3o de biometano, na venda de uma carteira de projectos de 150GWh\/ano de biometano \u00e0 Verdalia Bioenergy, especializada no funcionamento de instala\u00e7\u00f5es de biometano. O acordo entre as duas empresas consistir\u00e1 em cinco projectos de biog\u00e1s em desenvolvimento&#8230;            <\/div>\n            <div class=\"fecha d-flex align-items-center gap-2\">\n                <img decoding=\"async\" alt=\"icon\" src=\"https:\/\/ga-p.com\/wp-content\/themes\/ga-p\/assets\/images\/clock-icon.svg\" \/>\n                23 Mar, 2023            <\/div>\n\n\n                            <div class=\"author d-flex align-items-center gap-2\">\n                    <img decoding=\"async\" alt=\"icon\" src=\"https:\/\/ga-p.com\/wp-content\/themes\/ga-p\/assets\/images\/author-icon.svg\" \/><span>\n                    \u00c1lvaro Mateo Sixto, Clara Rivero, Luis Cuesta, Andr\u00e9s Castro                <\/span><\/div>\n            \n        <\/div>\n        <div class=\"openCard me-0 ms-auto\">\n            <img decoding=\"async\" alt=\"icon\" src=\"https:\/\/ga-p.com\/wp-content\/themes\/ga-p\/assets\/images\/arrow-open.svg\" \/>\n            <img decoding=\"async\" alt=\"icon\" src=\"https:\/\/ga-p.com\/wp-content\/themes\/ga-p\/assets\/images\/arrow-open.svg\" \/>\n        <\/div>\n    <\/div>\n<\/a>\n                            <\/div>\n                                                    <div class=\"swiper-slide y2022\">\n                                <a style=\"text-decoration: none\" href=\"https:\/\/ga-p.com\/pt-pt\/noticia\/luis-cuesta-sobre-os-criterios-relevantes-para-o-investimento-de-escritorios-familiares-em-participacoes-privadas-expansion\/\">\n    <div class=\"noticiaCard\">\n        <div class=\"content\">\n            <div class=\"tag\">NOT\u00cdCIAS<\/div>\n            <div class=\"titulo\">\n                Luis Cuesta sobre os crit\u00e9rios relevantes para o investimento de escrit\u00f3rios familiares em participa\u00e7\u00f5es privadas | Expansi\u00f3n            <\/div>\n            <div class=\"excerpt\">\n                Luis Cuesta, associado da equipa de Fiscal da G\u00f3mez-Acebo &amp; Pombo, d\u00e1 a sua opini\u00e3o nesta coluna da Expansi\u00f3n sobre os crit\u00e9rios relevantes para o investimento dos escrit\u00f3rios familiares em participa\u00e7\u00f5es privadas. A DGT emitiu recentemente uma decis\u00e3o favor\u00e1vel sobre a aplica\u00e7\u00e3o da isen\u00e7\u00e3o da &#8220;empresa familiar&#8221; do Imposto sobre a Riqueza (IP), que pode&#8230;            <\/div>\n            <div class=\"fecha d-flex align-items-center gap-2\">\n                <img decoding=\"async\" alt=\"icon\" src=\"https:\/\/ga-p.com\/wp-content\/themes\/ga-p\/assets\/images\/clock-icon.svg\" \/>\n                29 Dec, 2022            <\/div>\n\n\n            \n        <\/div>\n        <div class=\"openCard me-0 ms-auto\">\n            <img decoding=\"async\" alt=\"icon\" src=\"https:\/\/ga-p.com\/wp-content\/themes\/ga-p\/assets\/images\/arrow-open.svg\" \/>\n            <img decoding=\"async\" alt=\"icon\" src=\"https:\/\/ga-p.com\/wp-content\/themes\/ga-p\/assets\/images\/arrow-open.svg\" \/>\n        <\/div>\n    <\/div>\n<\/a>\n                            <\/div>\n                                            <\/div>\n                <\/div>\n            <\/div>\n                    <\/div>\n    <div class=\"swiperPagination\">\n        <div class=\"container\">\n            <div class=\"row\">\n                <div class=\"col-6 col-lg-12 swiperBulletsMobile\">\n                    <div class=\"swiperBullets swiperRecPagination active\" data-bullets=\"#nav-reconocimientos\"><\/div>\n                    <div class=\"swiperBullets swiperNotPagination\" data-bullets=\"#nav-noticias\"><\/div>\n                    <div class=\"swiperBullets swiperComPagination\" data-bullets=\"#nav-comit\u00e9s\"><\/div>\n                <\/div>\n                <div class=\"d-block d-lg-none col-6 swiperArrowsMobile\">\n                    <div class=\"swiperRecArrows swiperArrows active\" data-arrows=\"#nav-reconocimientos\">\n                        <div class=\"d-flex align-items-center gap-4 justify-content-end\">\n                            <div class=\"swiper-button-prev\"><img decoding=\"async\" alt=\"icon\" src=\"https:\/\/ga-p.com\/wp-content\/themes\/ga-p\/assets\/images\/slider-arrow.svg\" \/><\/div>\n                            <div class=\"swiper-button-next\"><img decoding=\"async\" alt=\"icon\" src=\"https:\/\/ga-p.com\/wp-content\/themes\/ga-p\/assets\/images\/slider-arrow.svg\" \/><\/div>\n                        <\/div>\n                    <\/div>\n                    <div class=\"swiperNotArrows swiperArrows\" data-arrows=\"#nav-noticias\">\n                        <div class=\"d-flex align-items-center gap-4 justify-content-end\">\n                            <div class=\"swiper-button-prev\"><img decoding=\"async\" alt=\"icon\" src=\"https:\/\/ga-p.com\/wp-content\/themes\/ga-p\/assets\/images\/slider-arrow.svg\" \/><\/div>\n                            <div class=\"swiper-button-next\"><img decoding=\"async\" alt=\"icon\" src=\"https:\/\/ga-p.com\/wp-content\/themes\/ga-p\/assets\/images\/slider-arrow.svg\" \/><\/div>\n                        <\/div>\n                    <\/div>\n                    <div class=\"swiperComArrows swiperArrows\" data-arrows=\"#nav-comit\u00e9s\">\n                        <div class=\"d-flex align-items-center gap-4 justify-content-end\">\n                            <div class=\"swiper-button-prev\"><img decoding=\"async\" alt=\"icon\" src=\"https:\/\/ga-p.com\/wp-content\/themes\/ga-p\/assets\/images\/slider-arrow.svg\" \/><\/div>\n                            <div class=\"swiper-button-next\"><img decoding=\"async\" alt=\"icon\" src=\"https:\/\/ga-p.com\/wp-content\/themes\/ga-p\/assets\/images\/slider-arrow.svg\" \/><\/div>\n                        <\/div>\n                    <\/div>\n                <\/div>\n            <\/div>\n        <\/div>\n    <\/div>\n<\/div>\n\n<script>\n    const opciones_participacion_array = [\n                {label: '2025', value: 'y2025'},\n                {label: '2024', value: 'y2024'},\n                {label: '2023', value: 'y2023'},\n                {label: '2022', value: 'y2022'},\n            ]\n<\/script>\n\n        ","protected":false},"excerpt":{"rendered":"","protected":false},"featured_media":331776,"template":"","cargo":[203],"cargo-por-genero":[],"personas-categoria":[],"class_list":["post-67275","persona","type-persona","status-publish","has-post-thumbnail","hentry","cargo-socio-pt-pt"],"acf":[],"yoast_head":"<!-- This site is optimized with the Yoast SEO plugin v27.3 - https:\/\/yoast.com\/product\/yoast-seo-wordpress\/ -->\n<title>Luis Cuesta - Despacho de abogados G\u00f3mez-Acebo &amp; Pombo<\/title>\n<meta name=\"description\" content=\"Luis \u00e9 associado s\u00e9nior de Fiscal.Tem uma vasta experi\u00eancia no aconselhamento sobre o regime de consolida\u00e7\u00e3o fiscal e reestrutura\u00e7\u00e3o.\" \/>\n<meta name=\"robots\" content=\"index, follow, max-snippet:-1, max-image-preview:large, max-video-preview:-1\" \/>\n<link rel=\"canonical\" href=\"https:\/\/ga-p.com\/pt-pt\/pessoa\/luis-cuesta\/\" \/>\n<meta property=\"og:locale\" content=\"pt_PT\" \/>\n<meta property=\"og:type\" content=\"article\" \/>\n<meta property=\"og:title\" content=\"Luis Cuesta - Despacho de abogados G\u00f3mez-Acebo &amp; Pombo\" \/>\n<meta property=\"og:description\" content=\"Luis \u00e9 associado s\u00e9nior de Fiscal.Tem uma vasta experi\u00eancia no aconselhamento sobre o regime de consolida\u00e7\u00e3o fiscal e reestrutura\u00e7\u00e3o.\" \/>\n<meta property=\"og:url\" content=\"https:\/\/ga-p.com\/pt-pt\/pessoa\/luis-cuesta\/\" \/>\n<meta property=\"og:site_name\" content=\"Despacho de abogados G\u00f3mez-Acebo &amp; Pombo\" \/>\n<meta property=\"article:modified_time\" content=\"2024-12-20T12:06:31+00:00\" \/>\n<meta property=\"og:image\" content=\"https:\/\/ga-p.com\/wp-content\/uploads\/2024\/06\/Luis-Cuesta.png\" \/>\n\t<meta property=\"og:image:width\" content=\"424\" \/>\n\t<meta property=\"og:image:height\" content=\"424\" \/>\n\t<meta property=\"og:image:type\" content=\"image\/png\" \/>\n<meta name=\"twitter:card\" content=\"summary_large_image\" \/>\n<meta name=\"twitter:label1\" content=\"Tempo estimado de leitura\" \/>\n\t<meta name=\"twitter:data1\" content=\"2 minutos\" \/>\n<script type=\"application\/ld+json\" class=\"yoast-schema-graph\">{\"@context\":\"https:\\\/\\\/schema.org\",\"@graph\":[{\"@type\":\"WebPage\",\"@id\":\"https:\\\/\\\/ga-p.com\\\/pt-pt\\\/pessoa\\\/luis-cuesta\\\/\",\"url\":\"https:\\\/\\\/ga-p.com\\\/pt-pt\\\/pessoa\\\/luis-cuesta\\\/\",\"name\":\"Luis Cuesta - Despacho de abogados G\u00f3mez-Acebo &amp; Pombo\",\"isPartOf\":{\"@id\":\"https:\\\/\\\/ga-p.com\\\/pt-pt\\\/#website\"},\"primaryImageOfPage\":{\"@id\":\"https:\\\/\\\/ga-p.com\\\/pt-pt\\\/pessoa\\\/luis-cuesta\\\/#primaryimage\"},\"image\":{\"@id\":\"https:\\\/\\\/ga-p.com\\\/pt-pt\\\/pessoa\\\/luis-cuesta\\\/#primaryimage\"},\"thumbnailUrl\":\"https:\\\/\\\/ga-p.com\\\/wp-content\\\/uploads\\\/2024\\\/06\\\/Luis-Cuesta-1.png\",\"datePublished\":\"2024-06-26T07:57:54+00:00\",\"dateModified\":\"2024-12-20T12:06:31+00:00\",\"description\":\"Luis \u00e9 associado s\u00e9nior de Fiscal.Tem uma vasta experi\u00eancia no aconselhamento sobre o regime de consolida\u00e7\u00e3o fiscal e reestrutura\u00e7\u00e3o.\",\"breadcrumb\":{\"@id\":\"https:\\\/\\\/ga-p.com\\\/pt-pt\\\/pessoa\\\/luis-cuesta\\\/#breadcrumb\"},\"inLanguage\":\"pt-PT\",\"potentialAction\":[{\"@type\":\"ReadAction\",\"target\":[\"https:\\\/\\\/ga-p.com\\\/pt-pt\\\/pessoa\\\/luis-cuesta\\\/\"]}]},{\"@type\":\"ImageObject\",\"inLanguage\":\"pt-PT\",\"@id\":\"https:\\\/\\\/ga-p.com\\\/pt-pt\\\/pessoa\\\/luis-cuesta\\\/#primaryimage\",\"url\":\"https:\\\/\\\/ga-p.com\\\/wp-content\\\/uploads\\\/2024\\\/06\\\/Luis-Cuesta-1.png\",\"contentUrl\":\"https:\\\/\\\/ga-p.com\\\/wp-content\\\/uploads\\\/2024\\\/06\\\/Luis-Cuesta-1.png\",\"width\":424,\"height\":424},{\"@type\":\"BreadcrumbList\",\"@id\":\"https:\\\/\\\/ga-p.com\\\/pt-pt\\\/pessoa\\\/luis-cuesta\\\/#breadcrumb\",\"itemListElement\":[{\"@type\":\"ListItem\",\"position\":1,\"name\":\"Portada\",\"item\":\"https:\\\/\\\/ga-p.com\\\/pt-pt\\\/\"},{\"@type\":\"ListItem\",\"position\":2,\"name\":\"Luis Cuesta\"}]},{\"@type\":\"WebSite\",\"@id\":\"https:\\\/\\\/ga-p.com\\\/pt-pt\\\/#website\",\"url\":\"https:\\\/\\\/ga-p.com\\\/pt-pt\\\/\",\"name\":\"Despacho de abogados G\u00f3mez-Acebo & Pombo\",\"description\":\"G\u00f3mez-Acebo &amp; Pombo es una firma de abogados independiente, con experiencia internacional, especializada en todas las \u00e1reas del derecho de los negocio.\",\"publisher\":{\"@id\":\"https:\\\/\\\/ga-p.com\\\/pt-pt\\\/#organization\"},\"potentialAction\":[{\"@type\":\"SearchAction\",\"target\":{\"@type\":\"EntryPoint\",\"urlTemplate\":\"https:\\\/\\\/ga-p.com\\\/pt-pt\\\/?s={search_term_string}\"},\"query-input\":{\"@type\":\"PropertyValueSpecification\",\"valueRequired\":true,\"valueName\":\"search_term_string\"}}],\"inLanguage\":\"pt-PT\"},{\"@type\":\"Organization\",\"@id\":\"https:\\\/\\\/ga-p.com\\\/pt-pt\\\/#organization\",\"name\":\"Despacho de abogados G\u00f3mez-Acebo & Pombo\",\"url\":\"https:\\\/\\\/ga-p.com\\\/pt-pt\\\/\",\"logo\":{\"@type\":\"ImageObject\",\"inLanguage\":\"pt-PT\",\"@id\":\"https:\\\/\\\/ga-p.com\\\/pt-pt\\\/#\\\/schema\\\/logo\\\/image\\\/\",\"url\":\"https:\\\/\\\/ga-p.com\\\/wp-content\\\/uploads\\\/2024\\\/09\\\/Logo-1-1.svg\",\"contentUrl\":\"https:\\\/\\\/ga-p.com\\\/wp-content\\\/uploads\\\/2024\\\/09\\\/Logo-1-1.svg\",\"caption\":\"Despacho de abogados G\u00f3mez-Acebo & Pombo\"},\"image\":{\"@id\":\"https:\\\/\\\/ga-p.com\\\/pt-pt\\\/#\\\/schema\\\/logo\\\/image\\\/\"}}]}<\/script>\n<!-- \/ Yoast SEO plugin. -->","yoast_head_json":{"title":"Luis Cuesta - Despacho de abogados G\u00f3mez-Acebo &amp; Pombo","description":"Luis \u00e9 associado s\u00e9nior de Fiscal.Tem uma vasta experi\u00eancia no aconselhamento sobre o regime de consolida\u00e7\u00e3o fiscal e reestrutura\u00e7\u00e3o.","robots":{"index":"index","follow":"follow","max-snippet":"max-snippet:-1","max-image-preview":"max-image-preview:large","max-video-preview":"max-video-preview:-1"},"canonical":"https:\/\/ga-p.com\/pt-pt\/pessoa\/luis-cuesta\/","og_locale":"pt_PT","og_type":"article","og_title":"Luis Cuesta - Despacho de abogados G\u00f3mez-Acebo &amp; Pombo","og_description":"Luis \u00e9 associado s\u00e9nior de Fiscal.Tem uma vasta experi\u00eancia no aconselhamento sobre o regime de consolida\u00e7\u00e3o fiscal e reestrutura\u00e7\u00e3o.","og_url":"https:\/\/ga-p.com\/pt-pt\/pessoa\/luis-cuesta\/","og_site_name":"Despacho de abogados G\u00f3mez-Acebo &amp; Pombo","article_modified_time":"2024-12-20T12:06:31+00:00","og_image":[{"width":424,"height":424,"url":"https:\/\/ga-p.com\/wp-content\/uploads\/2024\/06\/Luis-Cuesta.png","type":"image\/png"}],"twitter_card":"summary_large_image","twitter_misc":{"Tempo estimado de leitura":"2 minutos"},"schema":{"@context":"https:\/\/schema.org","@graph":[{"@type":"WebPage","@id":"https:\/\/ga-p.com\/pt-pt\/pessoa\/luis-cuesta\/","url":"https:\/\/ga-p.com\/pt-pt\/pessoa\/luis-cuesta\/","name":"Luis Cuesta - Despacho de abogados G\u00f3mez-Acebo &amp; Pombo","isPartOf":{"@id":"https:\/\/ga-p.com\/pt-pt\/#website"},"primaryImageOfPage":{"@id":"https:\/\/ga-p.com\/pt-pt\/pessoa\/luis-cuesta\/#primaryimage"},"image":{"@id":"https:\/\/ga-p.com\/pt-pt\/pessoa\/luis-cuesta\/#primaryimage"},"thumbnailUrl":"https:\/\/ga-p.com\/wp-content\/uploads\/2024\/06\/Luis-Cuesta-1.png","datePublished":"2024-06-26T07:57:54+00:00","dateModified":"2024-12-20T12:06:31+00:00","description":"Luis \u00e9 associado s\u00e9nior de Fiscal.Tem uma vasta experi\u00eancia no aconselhamento sobre o regime de consolida\u00e7\u00e3o fiscal e reestrutura\u00e7\u00e3o.","breadcrumb":{"@id":"https:\/\/ga-p.com\/pt-pt\/pessoa\/luis-cuesta\/#breadcrumb"},"inLanguage":"pt-PT","potentialAction":[{"@type":"ReadAction","target":["https:\/\/ga-p.com\/pt-pt\/pessoa\/luis-cuesta\/"]}]},{"@type":"ImageObject","inLanguage":"pt-PT","@id":"https:\/\/ga-p.com\/pt-pt\/pessoa\/luis-cuesta\/#primaryimage","url":"https:\/\/ga-p.com\/wp-content\/uploads\/2024\/06\/Luis-Cuesta-1.png","contentUrl":"https:\/\/ga-p.com\/wp-content\/uploads\/2024\/06\/Luis-Cuesta-1.png","width":424,"height":424},{"@type":"BreadcrumbList","@id":"https:\/\/ga-p.com\/pt-pt\/pessoa\/luis-cuesta\/#breadcrumb","itemListElement":[{"@type":"ListItem","position":1,"name":"Portada","item":"https:\/\/ga-p.com\/pt-pt\/"},{"@type":"ListItem","position":2,"name":"Luis Cuesta"}]},{"@type":"WebSite","@id":"https:\/\/ga-p.com\/pt-pt\/#website","url":"https:\/\/ga-p.com\/pt-pt\/","name":"Despacho de abogados G\u00f3mez-Acebo & Pombo","description":"G\u00f3mez-Acebo &amp; Pombo es una firma de abogados independiente, con experiencia internacional, especializada en todas las \u00e1reas del derecho de los negocio.","publisher":{"@id":"https:\/\/ga-p.com\/pt-pt\/#organization"},"potentialAction":[{"@type":"SearchAction","target":{"@type":"EntryPoint","urlTemplate":"https:\/\/ga-p.com\/pt-pt\/?s={search_term_string}"},"query-input":{"@type":"PropertyValueSpecification","valueRequired":true,"valueName":"search_term_string"}}],"inLanguage":"pt-PT"},{"@type":"Organization","@id":"https:\/\/ga-p.com\/pt-pt\/#organization","name":"Despacho de abogados G\u00f3mez-Acebo & Pombo","url":"https:\/\/ga-p.com\/pt-pt\/","logo":{"@type":"ImageObject","inLanguage":"pt-PT","@id":"https:\/\/ga-p.com\/pt-pt\/#\/schema\/logo\/image\/","url":"https:\/\/ga-p.com\/wp-content\/uploads\/2024\/09\/Logo-1-1.svg","contentUrl":"https:\/\/ga-p.com\/wp-content\/uploads\/2024\/09\/Logo-1-1.svg","caption":"Despacho de abogados G\u00f3mez-Acebo & Pombo"},"image":{"@id":"https:\/\/ga-p.com\/pt-pt\/#\/schema\/logo\/image\/"}}]}},"_links":{"self":[{"href":"https:\/\/ga-p.com\/pt-pt\/wp-json\/wp\/v2\/persona\/67275","targetHints":{"allow":["GET"]}}],"collection":[{"href":"https:\/\/ga-p.com\/pt-pt\/wp-json\/wp\/v2\/persona"}],"about":[{"href":"https:\/\/ga-p.com\/pt-pt\/wp-json\/wp\/v2\/types\/persona"}],"wp:featuredmedia":[{"embeddable":true,"href":"https:\/\/ga-p.com\/pt-pt\/wp-json\/wp\/v2\/media\/331776"}],"wp:attachment":[{"href":"https:\/\/ga-p.com\/pt-pt\/wp-json\/wp\/v2\/media?parent=67275"}],"wp:term":[{"taxonomy":"cargo","embeddable":true,"href":"https:\/\/ga-p.com\/pt-pt\/wp-json\/wp\/v2\/cargo?post=67275"},{"taxonomy":"cargo-por-genero","embeddable":true,"href":"https:\/\/ga-p.com\/pt-pt\/wp-json\/wp\/v2\/cargo-por-genero?post=67275"},{"taxonomy":"personas-categoria","embeddable":true,"href":"https:\/\/ga-p.com\/pt-pt\/wp-json\/wp\/v2\/personas-categoria?post=67275"}],"curies":[{"name":"wp","href":"https:\/\/api.w.org\/{rel}","templated":true}]}}