{"id":67485,"date":"2024-06-26T10:30:43","date_gmt":"2024-06-26T08:30:43","guid":{"rendered":"https:\/\/ga-p.com\/persona\/juan-antonio-de-lanzas\/"},"modified":"2024-09-16T10:16:46","modified_gmt":"2024-09-16T08:16:46","slug":"juan-antonio-de-lanzas","status":"publish","type":"persona","link":"https:\/\/ga-p.com\/pt-pt\/pessoa\/juan-antonio-de-lanzas\/","title":{"rendered":"Juan Antonio de Lanzas"},"content":{"rendered":"\n\n<div id=\"Volver-block_1f175b7d515b2658151355fdad151bc6\" class=\"d-none d-lg-block Volver\" style=\"background-color: #FFFFFF\">\n    <div class=\"container\">\n        <div class=\"row\">\n            <div class=\"col-12\">\n                <div class=\"backTo d-flex align-items-center gap-2\" onclick=\"window.location.href='https:\/\/ga-p.com\/pt-pt\/pessoas\/';\">\n                    <img decoding=\"async\" alt=\"icon\" src=\"https:\/\/ga-p.com\/wp-content\/themes\/ga-p\/assets\/images\/left-arrow-orange.svg\" \/>\n                    <div class=\"text\">Regressar a <strong>Pessoas<\/strong><\/div>\n                <\/div>\n            <\/div>\n        <\/div>\n    <\/div>\n<\/div>\n\n\n\n<div id=\"PersonaHeader-block_8eb65f27c641050ca35112c36cf24a28\" class=\"PersonaHeader\">\n    <div class=\"customContainer right\">\n        <div class=\"content\" style=\"background-image:url(https:\/\/ga-p.com\/wp-content\/uploads\/2024\/05\/Fondo-personas-nueva-web.webp)\">\n            <img fetchpriority=\"high\" decoding=\"async\" width=\"424\" height=\"424\" src=\"https:\/\/ga-p.com\/wp-content\/uploads\/2024\/06\/Juan-Antonio-de-Lanzas.png\" class=\"personaThumb wp-post-image\" alt=\"Juan Antonio de Lanzas\" loading=\"eager\" srcset=\"https:\/\/ga-p.com\/wp-content\/uploads\/2024\/06\/Juan-Antonio-de-Lanzas.png 424w, https:\/\/ga-p.com\/wp-content\/uploads\/2024\/06\/Juan-Antonio-de-Lanzas-300x300.png 300w, https:\/\/ga-p.com\/wp-content\/uploads\/2024\/06\/Juan-Antonio-de-Lanzas-150x150.png 150w\" sizes=\"(max-width: 424px) 100vw, 424px\" \/>        <\/div>\n        <h1 class=\"col-lg-4 col-12 p-0 title\">Juan Antonio de Lanzas<\/h1>\n    <\/div>\n    <div class=\"personalFixedTitle d-block d-md-none\">\n        <div class=\"container\">\n            <div class=\"row\">\n                <div class=\"col-12\">\n                    <div class=\"personalFixed\">\n                        <img decoding=\"async\" width=\"424\" height=\"424\" src=\"https:\/\/ga-p.com\/wp-content\/uploads\/2024\/06\/Juan-Antonio-de-Lanzas.png\" class=\"personaThumb wp-post-image\" alt=\"Juan Antonio de Lanzas\" loading=\"eager\" style=\"background-image:url(https:\/\/ga-p.com\/wp-content\/uploads\/2024\/05\/Fondo-personas-nueva-web.webp)\" srcset=\"https:\/\/ga-p.com\/wp-content\/uploads\/2024\/06\/Juan-Antonio-de-Lanzas.png 424w, https:\/\/ga-p.com\/wp-content\/uploads\/2024\/06\/Juan-Antonio-de-Lanzas-300x300.png 300w, https:\/\/ga-p.com\/wp-content\/uploads\/2024\/06\/Juan-Antonio-de-Lanzas-150x150.png 150w\" sizes=\"(max-width: 424px) 100vw, 424px\" \/>                        <div class=\"modalTitle\">Juan Antonio de Lanzas<\/div>\n                    <\/div>\n                <\/div>\n            <\/div>\n        <\/div>\n    <\/div>\n    <style>\n        .PersonaHeader{opacity:0;}\n    <\/style>\n<\/div>\n\n<div class=\"personaCV\" style=\"display:none\">\n    <div class=\"container\">\n        <a class=\"primaryCta scaleFromLeft rotateIcon\" id=\"cv\"><span>Ver curr\u00edculo completo<\/span>\n            <div class=\"containerImg\"><img decoding=\"async\" alt=\"icon\" src=\"https:\/\/ga-p.com\/wp-content\/themes\/ga-p\/assets\/images\/external-icon.svg\" \/><\/div>\n        <\/a>\n    <\/div>\n    <script>\n        const post_name_persona=\"juan-antonio-de-lanzas\";\n    <\/script>\n<\/div>\n\n\n\n<div class=\"pdf\" style=\"display:none\">\n    <div class=\"PersonaHeaderCV\">\n        <div class=\"customContainer right\">\n            <div class=\"content\" style=\"background-image:url(https:\/\/ga-p.com\/wp-content\/uploads\/2024\/05\/Fondo-personas-nueva-web.webp)\">\n                <img decoding=\"async\" src=\"https:\/\/ga-p.com\/wp-content\/uploads\/2024\/06\/Juan-Antonio-de-Lanzas.png\" class=\"personaThumb\">\n            <\/div>\n        <\/div>\n    <\/div>\n\n    <div class=\"PersonaInformacionCV container\">\n        <div class=\"personal_office col-6 offset-6\">\n            <div class=\"personal\">\n                                    <div class=\"info\">\n                        <div class=\"title\">Posi\u00e7ao<\/div>\n                        <div class=\"text\">Counsel<\/div>\n                    <\/div>\n                \n                                    <div class=\"info\">\n                        <div class=\"title\">Telefone<\/div>\n                        <div class=\"text\">+34 963 513 835<\/div>\n                    <\/div>\n                                                    <div class=\"info\">\n                        <div class=\"title\">Email<\/div>\n                        <div class=\"text\">jalanzas@ga-p.com<\/div>\n                    <\/div>\n                                                    <div class=\"info\">\n                        <div class=\"title\">N\u00ba de colegiado<\/div>\n                        <div class=\"text\">8.008 ICAV <\/div>\n                    <\/div>\n                                            <\/div>\n                            <div class=\"office\">\n                    <div class=\"title\">Escrit\u00f3rio de Val\u00eancia<\/div>\n                                            <div class=\"d-flex align-item-center gap-2 mb-2\">\n                            <img decoding=\"async\" alt=\"icon\" src=\"https:\/\/ga-p.com\/wp-content\/themes\/ga-p\/assets\/images\/office-primary.svg\" \/>\n                            <div class=\"text\">Gran V\u00eda Marqu\u00e9s del Turia, 49, 46005 Valencia (Espa\u00f1a)<\/div>\n                        <\/div>\n                                                                <div class=\"d-flex align-item-center gap-2 mb-2\">\n                            <img decoding=\"async\" alt=\"icon\" src=\"https:\/\/ga-p.com\/wp-content\/themes\/ga-p\/assets\/images\/mobile-primary.svg\" \/>\n                            <div class=\"text\">(+34) 96 351 38 35<\/div>\n                        <\/div>\n                                                                <div class=\"d-flex align-item-center gap-2\">\n                            <img decoding=\"async\" alt=\"icon\" src=\"https:\/\/ga-p.com\/wp-content\/themes\/ga-p\/assets\/images\/email-primary.svg\" \/>\n                            <div class=\"text\">valencia@ga-p.com<\/div>\n                        <\/div>\n                                    <\/div>\n                    <\/div>\n    <\/div>\n\n    <div class=\"container\">\n        <div class=\"row\">\n            <div class=\"col-6 izquierda\">\n                <div class=\"title\">Juan Antonio de Lanzas<\/div>\n            <\/div>\n            <div class=\"col-6 derecha\">\n            <\/div>\n        <\/div>\n    <\/div>\n<\/div>\n\n<div id=\"ColumnaContenido-block_721a6011f55736d295dbe6d2b3328c43\" class=\"transparente ColumnaContenido\">\n    <div class=\"container\">\n        <div class=\"row\">\n            <div class=\"col-12 col-lg-7 offset-lg-5\">\n                <div class=\"acf-innerblocks-container\">\n\n\n<div id=\"PersonaInformacion-block_94e6d8db9b93b3ea4fe1a7051c40ffef\" class=\"PersonaInformacion\">\n\n    <div class=\"personal_office\">\n        <div class=\"personal\">\n\n                            <div class=\"info\">\n                    <div class=\"title\">Posi\u00e7ao<\/div>\n                    <div class=\"text\">Counsel<\/div>\n                <\/div>\n            \n                        <div class=\"info\">\n                <div class=\"title\">Telefone<\/div>\n                <div class=\"text\">+34 963 513 835<\/div>\n            <\/div>\n                                        <div class=\"info\">\n                    <div class=\"title\">Email<\/div>\n                    <div class=\"text\">jalanzas@ga-p.com<\/div>\n                <\/div>\n                                        <div class=\"info\">\n                    <div class=\"title\">N\u00ba de colegiado<\/div>\n                    <div class=\"text\">8.008 ICAV <\/div>\n                <\/div>\n                    <\/div>\n                    <div class=\"office\">\n                <div class=\"title\">Escrit\u00f3rio de Val\u00eancia<\/div>\n\n                                <div class=\"d-flex align-item-center gap-2 mb-2\">\n                    <img decoding=\"async\" alt=\"icon\" src=\"https:\/\/ga-p.com\/wp-content\/themes\/ga-p\/assets\/images\/office-primary.svg\" \/>\n                    <div class=\"text\">Gran V\u00eda Marqu\u00e9s del Turia, 49, 46005 Valencia (Espa\u00f1a)<\/div>\n                <\/div>\n                                                    <div class=\"d-flex align-item-center gap-2 mb-2\">\n                        <img decoding=\"async\" alt=\"icon\" src=\"https:\/\/ga-p.com\/wp-content\/themes\/ga-p\/assets\/images\/mobile-primary.svg\" \/>\n                        <div class=\"text\">(+34) 96 351 38 35<\/div>\n                    <\/div>\n                                                    <div class=\"d-flex align-item-center gap-2\">\n                        <img decoding=\"async\" alt=\"icon\" src=\"https:\/\/ga-p.com\/wp-content\/themes\/ga-p\/assets\/images\/email-primary.svg\" \/>\n                        <div class=\"text\">valencia@ga-p.com<\/div>\n                    <\/div>\n                            <\/div>\n            <\/div>\n    \n<\/div>\n\n<\/div>\n            <\/div>\n        <\/div>\n    <\/div>\n<\/div>\n\n\n<div id=\"ColumnaContenido-block_d87f199b0e6259cf4e12c26b038e3932\" class=\"blanco ColumnaContenido\">\n    <div class=\"container\">\n        <div class=\"row\">\n            <div class=\"col-12 col-lg-7 offset-lg-5\">\n                <div class=\"acf-innerblocks-container\">\n\n<h2 class=\"wp-block-heading\">Juan Antonio \u00e9 counsel de Direito do Trabalho da G\u00f3mez-Acebo &amp; Pombo.<\/h2>\n\n\n\n<p>Especializa-se em Direito do Trabalho e da Seguran\u00e7a Social.<\/p>\n\n\n\n<p>\u00c9 licenciado em Direito, com especializa\u00e7\u00e3o em Direito Empresarial, pela Universidade de Val\u00eancia. Diplomado em Direito do Trabalho e da Seguran\u00e7a Social pela Fundaci\u00f3n Universidad Empresa (ADEIT). \u00c9 doutorando no departamento de Direito do Trabalho da Universidade de Direito de Val\u00eancia. Tem um Mestrado em Assessoria Jur\u00eddica Empresarial pela Funda\u00e7\u00e3o de Estudos Burs\u00e1teis e Financeiros (FEBF) e um Mestrado em Gest\u00e3o Empresarial pela Associa\u00e7\u00e3o do Progresso da Dire\u00e7\u00e3o (APD).<\/p>\n\n\n\n<p>Juan Antonio \u00e9 reconhecido no prestigiado diret\u00f3rio Legal 500 como um dos profissionais de refer\u00eancia na \u00e1rea de Employment.<\/p>\n\n\n\n<p>Possui uma vasta experi\u00eancia no ensino do Direito do Trabalho, sendo atualmente professor de Direito do Trabalho no Mestrado em Assessoria Jur\u00eddica Empresarial da Fundaci\u00f3n de Estudios Burs\u00e1tiles y Financieros e coordenador da \u00e1rea laboral do Mestrado em Acesso \u00e0 Profiss\u00e3o Jur\u00eddica da Universidade Europeia.<\/p>\n\n\n\n<p>Juan Antonio participou como autor e coautor em v\u00e1rias publica\u00e7\u00f5es jur\u00eddicas especializadas.<\/p>\n\n\n\n\n<div id=\"PersonaAreasSectores-block_35296e9e6e2d6db64d65001480cc1bb1\" class=\"PersonaAreasSectores\">\n\n    <div class=\"content\">\n        <div class=\"title\"><h2 class='title'>\u00c1reas e sectores em que colabora<\/h2>\n<\/div>\n        <div class=\"areas_sectores\">\n            <div class=\"out itemCont\">\n                                    <a class=\"item\" href=\"https:\/\/ga-p.com\/pt-pt\/area\/direito-do-trabalho\/\">Direito do Trabalho<\/a>\n                            <\/div>\n                    <\/div>\n    <\/div>\n\n    <div class=\"menos\">\n\n    <\/div>\n\n\n\n\n<\/div>\n\n\n\n\n\n<div id=\"PersonaAcordeon-block_b3e75845ade0e8156d9948c1d89c1704\" class=\"PersonaAcordeon\">\n\n    <div class=\"accordion accordion-flush\" id=\"accordion-PersonaAcordeon-block_b3e75845ade0e8156d9948c1d89c1704\">\n        <div class=\"accordion-item\">\n            <h2 class=\"accordion-header\">\n                <button class=\"accordion-button collapsed gap-3 align-items-start\" type=\"button\" data-bs-toggle=\"collapse\" data-bs-target=\"#flush-PersonaAcordeon-block_b3e75845ade0e8156d9948c1d89c1704\" aria-expanded=\"false\" aria-controls=\"flush-PersonaAcordeon-block_b3e75845ade0e8156d9948c1d89c1704\">\n                    <img decoding=\"async\" width=\"1\" height=\"1\" src=\"https:\/\/ga-p.com\/wp-content\/uploads\/2024\/04\/educacion-icon.svg\" class=\"\" alt=\"educacion-icon\" loading=\"lazy\" \/>                    Forma\u00e7\u00e3o e experi\u00eancia profissional\n                <\/button>\n            <\/h2>\n            <div id=\"flush-PersonaAcordeon-block_b3e75845ade0e8156d9948c1d89c1704\" class=\"accordion-collapse collapse\" data-bs-parent=\"#accordion-PersonaAcordeon-block_b3e75845ade0e8156d9948c1d89c1704\">\n                <div class=\"accordion-body\">\n                                                                        <div class=\"itemCont noDate\">\n                                <div class=\"item-no-bullet\"><p><strong>Integra a G\u00f3mez-Acebo &amp; Pombo em 2008 e \u00e9 counsel desde 2019. <\/strong><\/p>\n<\/div>\n                            <\/div>\n                                                    <div class=\"itemCont noDate\">\n                                <div class=\"item\"><p>1992 | Licenciado em Direito pela Universidade de Val\u00eancia, (Espanha) com especializa\u00e7\u00e3o em Direito das Sociedades.<\/p>\n<\/div>\n                            <\/div>\n                                                    <div class=\"itemCont noDate\">\n                                <div class=\"item\"><p>1998 | Associado num importante escrit\u00f3rio nacional.<\/p>\n<\/div>\n                            <\/div>\n                                                    <div class=\"itemCont noDate\">\n                                <div class=\"item\"><p>2002 | Associado num importante escrit\u00f3rio de advogados nacional.<\/p>\n<\/div>\n                            <\/div>\n                                                    <div class=\"itemCont noDate\">\n                                <div class=\"item\"><p>Atual | Doutorando no Departamento de Direito do Trabalho da Universidade de Direito de Val\u00eancia.<\/p>\n<\/div>\n                            <\/div>\n                                                    <div class=\"itemCont noDate\">\n                                <div class=\"item\"><p>Mestrado em Assessoria Jur\u00eddica Empresarial pela Fundaci\u00f3n de Estudios Burs\u00e1tiles-Financieros (FEBF).<\/p>\n<\/div>\n                            <\/div>\n                                                    <div class=\"itemCont noDate\">\n                                <div class=\"item\"><p>Mestrado em Gest\u00e3o Empresarial pela Asociaci\u00f3n del Progreso de la Direcci\u00f3n (APD).<\/p>\n<\/div>\n                            <\/div>\n                                                    <div class=\"itemCont noDate\">\n                                <div class=\"item\"><p>Diploma em Direito do Trabalho e da Seguran\u00e7a Social pela Funda\u00e7\u00e3o Universidade Empresa (ADEIT).<\/p>\n<\/div>\n                            <\/div>\n                                                            <\/div>\n            <\/div>\n        <\/div>\n    <\/div>\n\n<\/div>\n\n\n\n<div id=\"PersonaAcordeon-block_86b97c56f96c4850b8bd6d0b465d80ad\" class=\"PersonaAcordeon\">\n\n    <div class=\"accordion accordion-flush\" id=\"accordion-PersonaAcordeon-block_86b97c56f96c4850b8bd6d0b465d80ad\">\n        <div class=\"accordion-item\">\n            <h2 class=\"accordion-header\">\n                <button class=\"accordion-button collapsed gap-3 align-items-start\" type=\"button\" data-bs-toggle=\"collapse\" data-bs-target=\"#flush-PersonaAcordeon-block_86b97c56f96c4850b8bd6d0b465d80ad\" aria-expanded=\"false\" aria-controls=\"flush-PersonaAcordeon-block_86b97c56f96c4850b8bd6d0b465d80ad\">\n                    <img decoding=\"async\" width=\"1\" height=\"1\" src=\"https:\/\/ga-p.com\/wp-content\/uploads\/2024\/04\/entidades.svg\" class=\"\" alt=\"entidades\" loading=\"lazy\" \/>                    Entidades e associa\u00e7\u00f5es profissionais das quais \u00e9 membro\n                <\/button>\n            <\/h2>\n            <div id=\"flush-PersonaAcordeon-block_86b97c56f96c4850b8bd6d0b465d80ad\" class=\"accordion-collapse collapse\" data-bs-parent=\"#accordion-PersonaAcordeon-block_86b97c56f96c4850b8bd6d0b465d80ad\">\n                <div class=\"accordion-body\">\n                                                                        <div class=\"itemCont noDate\">\n                                <div class=\"item\"><p>Membro da Ordem dos Advogados de Val\u00eancia (desde 1995).<\/p>\n<\/div>\n                            <\/div>\n                                                            <\/div>\n            <\/div>\n        <\/div>\n    <\/div>\n\n<\/div>\n\n\n\n<div id=\"PersonaAcordeon-block_2a780d888d97d8318631f39882a0a8e1\" class=\"PersonaAcordeon\">\n\n    <div class=\"accordion accordion-flush\" id=\"accordion-PersonaAcordeon-block_2a780d888d97d8318631f39882a0a8e1\">\n        <div class=\"accordion-item\">\n            <h2 class=\"accordion-header\">\n                <button class=\"accordion-button collapsed gap-3 align-items-start\" type=\"button\" data-bs-toggle=\"collapse\" data-bs-target=\"#flush-PersonaAcordeon-block_2a780d888d97d8318631f39882a0a8e1\" aria-expanded=\"false\" aria-controls=\"flush-PersonaAcordeon-block_2a780d888d97d8318631f39882a0a8e1\">\n                    <img decoding=\"async\" width=\"1\" height=\"1\" src=\"https:\/\/ga-p.com\/wp-content\/uploads\/2024\/04\/idiomas-icon.svg\" class=\"\" alt=\"idiomas-icon\" loading=\"lazy\" \/>                    Idiomas\n                <\/button>\n            <\/h2>\n            <div id=\"flush-PersonaAcordeon-block_2a780d888d97d8318631f39882a0a8e1\" class=\"accordion-collapse collapse\" data-bs-parent=\"#accordion-PersonaAcordeon-block_2a780d888d97d8318631f39882a0a8e1\">\n                <div class=\"accordion-body\">\n                                                                        <div class=\"itemCont noDate\">\n                                <div class=\"item\"><p>Espanhol<\/p>\n<\/div>\n                            <\/div>\n                                                    <div class=\"itemCont noDate\">\n                                <div class=\"item\"><p>Ingl\u00eas<\/p>\n<\/div>\n                            <\/div>\n                                                            <\/div>\n            <\/div>\n        <\/div>\n    <\/div>\n\n<\/div>\n\n<\/div>\n            <\/div>\n        <\/div>\n    <\/div>\n<\/div>\n\n\n<div id=\"PersonaParticipacion-block_6081848d51be634a1c3a173d39cab102\" class=\"PersonaParticipacion\">\n\n    <div class=\"container\">\n        <div class=\"row align-items-end flex-column flex-lg-row\">\n            <div class=\"col-12 col-lg-10\">\n                <div class=\"title\"><h2 class=''>Mais informa\u00e7\u00f5es sobre a minha participa\u00e7\u00e3o na G\u00f3mez-Acebo &amp; Pombo<\/h2>\n<\/div>\n            <\/div>\n            <div class=\"col-12 col-lg-2 px-0\">\n                <div id=\"selector_fechas\"><\/div>\n\n            <\/div>\n        <\/div>\n       <div class=\"row align-items-end\">\n           <div class=\"col-12 col-lg-11 px-0\">\n               <div class=\"selectores\">\n                   <div class=\"nav nav-tabs\" id=\"nav-tab\" role=\"tablist\">\n                                                  <button class=\"nav-link y2019 y2018 \" id=\"nav-reconocimientos-tab\" data-bs-toggle=\"tab\" data-bs-target=\"#nav-reconocimientos\" type=\"button\" role=\"tab\" aria-controls=\"nav-reconocimientos\" aria-selected=\"true\">Reconhecimentos<\/button>\n                                                                         <button class=\"nav-link y2025  \" id=\"nav-noticias-tab\" data-bs-toggle=\"tab\" data-bs-target=\"#nav-noticias\" type=\"button\" role=\"tab\" aria-controls=\"nav-noticias\" aria-selected=\"false\">Not\u00edcias<\/button>\n                                                                 <\/div>\n               <\/div>\n               <div class=\"d-block d-lg-none\">\n\n                   <select class=\"selectorSliders\">\n                       <option value=\"reconocimientos\">Reconhecimentos<\/option>                       <option value=\"noticias\">Not\u00edcias<\/option>                                          <\/select>\n\n               <\/div>\n           <\/div>\n           <div class=\"d-none d-lg-block col-1\">\n               <div class=\"swiperRecArrows swiperArrows active\" data-arrows=\"#nav-reconocimientos\">\n                   <div class=\"d-flex align-items-center gap-4 justify-content-end\">\n                       <div class=\"swiper-button-prev\"><img decoding=\"async\" alt=\"icon\" src=\"https:\/\/ga-p.com\/wp-content\/themes\/ga-p\/assets\/images\/slider-arrow.svg\" \/><\/div>\n                       <div class=\"swiper-button-next\"><img decoding=\"async\" alt=\"icon\" src=\"https:\/\/ga-p.com\/wp-content\/themes\/ga-p\/assets\/images\/slider-arrow.svg\" \/><\/div>\n                   <\/div>\n               <\/div>\n               <div class=\"swiperNotArrows swiperArrows\" data-arrows=\"#nav-noticias\">\n                   <div class=\"d-flex align-items-center gap-4 justify-content-end\">\n                       <div class=\"swiper-button-prev\"><img decoding=\"async\" alt=\"icon\" src=\"https:\/\/ga-p.com\/wp-content\/themes\/ga-p\/assets\/images\/slider-arrow.svg\" \/><\/div>\n                       <div class=\"swiper-button-next\"><img decoding=\"async\" alt=\"icon\" src=\"https:\/\/ga-p.com\/wp-content\/themes\/ga-p\/assets\/images\/slider-arrow.svg\" \/><\/div>\n                   <\/div>\n               <\/div>\n               <div class=\"swiperComArrows swiperArrows\" data-arrows=\"#nav-comit\u00e9s\">\n                   <div class=\"d-flex align-items-center gap-4 justify-content-end\">\n                       <div class=\"swiper-button-prev\"><img decoding=\"async\" alt=\"icon\" src=\"https:\/\/ga-p.com\/wp-content\/themes\/ga-p\/assets\/images\/slider-arrow.svg\" \/><\/div>\n                       <div class=\"swiper-button-next\"><img decoding=\"async\" alt=\"icon\" src=\"https:\/\/ga-p.com\/wp-content\/themes\/ga-p\/assets\/images\/slider-arrow.svg\" \/><\/div>\n                   <\/div>\n               <\/div>\n           <\/div>\n       <\/div>\n    <\/div>\n    <div class=\"tab-content\" id=\"nav-tabContent\">\n                <div class=\"tab-pane fade\" id=\"nav-reconocimientos\" role=\"tabpanel\" aria-labelledby=\"nav-reconocimientos-tab\" tabindex=\"0\">\n            <div class=\"swiper mySwiper swiperRec\">\n                <div class=\"swiper-wrapper\">\n                                        <div class=\"swiper-slide y2019\">\n                        <div class=\"reconocimento \">\n    <div class=\"rewardBlock\">\n        <div>\n                            <img decoding=\"async\" width=\"250\" height=\"270\" src=\"https:\/\/ga-p.com\/wp-content\/uploads\/2018\/03\/reconocimiento_the_legal_500_60-e1533553443883.jpg\" class=\"imagen\" alt=\"The Legal 500 2019. Employment\" loading=\"lazy\" \/>                    <\/div>\n\n\n        \n        <div class=\"info\">\n            <div class=\"titulo\">\n                The Legal 500 2019. Employment            <\/div>\n            <div class=\"excerpt\">\n                            <\/div>\n            \n        <\/div>\n                        <\/div>\n    <\/div>                    <\/div>\n                                        <div class=\"swiper-slide y2018\">\n                        <div class=\"reconocimento \">\n    <div class=\"rewardBlock\">\n        <div>\n                            <img decoding=\"async\" width=\"278\" height=\"300\" src=\"https:\/\/ga-p.com\/wp-content\/uploads\/2018\/03\/reconocimiento_the_legal_500_60-278x300.jpg\" class=\"imagen\" alt=\"Legal 500 2018. Employment\" loading=\"lazy\" srcset=\"https:\/\/ga-p.com\/wp-content\/uploads\/2018\/03\/reconocimiento_the_legal_500_60-278x300.jpg 278w, https:\/\/ga-p.com\/wp-content\/uploads\/2018\/03\/reconocimiento_the_legal_500_60.jpg 371w\" sizes=\"auto, (max-width: 278px) 100vw, 278px\" \/>                    <\/div>\n\n\n        \n        <div class=\"info\">\n            <div class=\"titulo\">\n                Legal 500 2018. Employment            <\/div>\n            <div class=\"excerpt\">\n                            <\/div>\n            \n        <\/div>\n                        <\/div>\n    <\/div>                    <\/div>\n                                    <\/div>\n            <\/div>\n        <\/div>\n                            <div class=\"tab-pane fade \" id=\"nav-noticias\" role=\"tabpanel\" aria-labelledby=\"nav-noticias-tab\" tabindex=\"0\">\n                <div class=\"swiper mySwiper swiperNot\">\n                    <div class=\"swiper-wrapper\">\n                                                    <div class=\"swiper-slide y2025\">\n                                <a style=\"text-decoration: none\" href=\"https:\/\/ga-p.com\/pt-pt\/noticia\/gomez-acebo-pombo-pre-selecionado-como-firma-nacional-do-ano-em-direito-laboral-iel-awards-2025\/\">\n    <div class=\"noticiaCard\">\n        <div class=\"content\">\n            <div class=\"tag\">NOT\u00cdCIAS<\/div>\n            <div class=\"titulo\">\n                G\u00f3mez-Acebo &amp; Pombo, pr\u00e9-selecionado como Firma Nacional do Ano em Direito Laboral | IEL Awards 2025            <\/div>\n            <div class=\"excerpt\">\n                G\u00f3mez-Acebo &#038; Pombo foi pr\u00e9-selecionado como Firma Nacional do Ano em Direito Laboral nos International Employment Lawyer Awards 2025, reconhecendo a excel\u00eancia e a lideran\u00e7a dos escrit\u00f3rios de advocacia em direito laboral em Espanha.            <\/div>\n            <div class=\"fecha d-flex align-items-center gap-2\">\n                <img decoding=\"async\" alt=\"icon\" src=\"https:\/\/ga-p.com\/wp-content\/themes\/ga-p\/assets\/images\/clock-icon.svg\" \/>\n                20 Nov, 2025            <\/div>\n\n\n                            <div class=\"author d-flex align-items-center gap-2\">\n                    <img decoding=\"async\" alt=\"icon\" src=\"https:\/\/ga-p.com\/wp-content\/themes\/ga-p\/assets\/images\/author-icon.svg\" \/><span>\n                    Ignacio del Fraile, Pablo Santos, Borja Gonz\u00e1lez, Juan Antonio de Lanzas, Lourdes Escassi, J. Manuel Luis Carrasco, Delia Castan\u0303os, Clara Molina Perez, Diego Rizo, Jesu\u0301s Tallos, Rub\u00e9n Vidal                <\/span><\/div>\n            \n        <\/div>\n        <div class=\"openCard me-0 ms-auto\">\n            <img decoding=\"async\" alt=\"icon\" src=\"https:\/\/ga-p.com\/wp-content\/themes\/ga-p\/assets\/images\/arrow-open.svg\" \/>\n            <img decoding=\"async\" alt=\"icon\" src=\"https:\/\/ga-p.com\/wp-content\/themes\/ga-p\/assets\/images\/arrow-open.svg\" \/>\n        <\/div>\n    <\/div>\n<\/a>\n                            <\/div>\n                                            <\/div>\n                <\/div>\n            <\/div>\n                    <\/div>\n    <div class=\"swiperPagination\">\n        <div class=\"container\">\n            <div class=\"row\">\n                <div class=\"col-6 col-lg-12 swiperBulletsMobile\">\n                    <div class=\"swiperBullets swiperRecPagination active\" data-bullets=\"#nav-reconocimientos\"><\/div>\n                    <div class=\"swiperBullets swiperNotPagination\" data-bullets=\"#nav-noticias\"><\/div>\n                    <div class=\"swiperBullets swiperComPagination\" data-bullets=\"#nav-comit\u00e9s\"><\/div>\n                <\/div>\n                <div class=\"d-block d-lg-none col-6 swiperArrowsMobile\">\n                    <div class=\"swiperRecArrows swiperArrows active\" data-arrows=\"#nav-reconocimientos\">\n                        <div class=\"d-flex align-items-center gap-4 justify-content-end\">\n                            <div class=\"swiper-button-prev\"><img decoding=\"async\" alt=\"icon\" src=\"https:\/\/ga-p.com\/wp-content\/themes\/ga-p\/assets\/images\/slider-arrow.svg\" \/><\/div>\n                            <div class=\"swiper-button-next\"><img decoding=\"async\" alt=\"icon\" src=\"https:\/\/ga-p.com\/wp-content\/themes\/ga-p\/assets\/images\/slider-arrow.svg\" \/><\/div>\n                        <\/div>\n                    <\/div>\n                    <div class=\"swiperNotArrows swiperArrows\" data-arrows=\"#nav-noticias\">\n                        <div class=\"d-flex align-items-center gap-4 justify-content-end\">\n                            <div class=\"swiper-button-prev\"><img decoding=\"async\" alt=\"icon\" src=\"https:\/\/ga-p.com\/wp-content\/themes\/ga-p\/assets\/images\/slider-arrow.svg\" \/><\/div>\n                            <div class=\"swiper-button-next\"><img decoding=\"async\" alt=\"icon\" src=\"https:\/\/ga-p.com\/wp-content\/themes\/ga-p\/assets\/images\/slider-arrow.svg\" \/><\/div>\n                        <\/div>\n                    <\/div>\n                    <div class=\"swiperComArrows swiperArrows\" data-arrows=\"#nav-comit\u00e9s\">\n                        <div class=\"d-flex align-items-center gap-4 justify-content-end\">\n                            <div class=\"swiper-button-prev\"><img decoding=\"async\" alt=\"icon\" src=\"https:\/\/ga-p.com\/wp-content\/themes\/ga-p\/assets\/images\/slider-arrow.svg\" \/><\/div>\n                            <div class=\"swiper-button-next\"><img decoding=\"async\" alt=\"icon\" src=\"https:\/\/ga-p.com\/wp-content\/themes\/ga-p\/assets\/images\/slider-arrow.svg\" \/><\/div>\n                        <\/div>\n                    <\/div>\n                <\/div>\n            <\/div>\n        <\/div>\n    <\/div>\n<\/div>\n\n<script>\n    const opciones_participacion_array = [\n                {label: '2025', value: 'y2025'},\n                {label: '2019', value: 'y2019'},\n                {label: '2018', value: 'y2018'},\n            ]\n<\/script>\n\n        ","protected":false},"excerpt":{"rendered":"","protected":false},"featured_media":298140,"template":"","cargo":[210],"cargo-por-genero":[],"personas-categoria":[],"class_list":["post-67485","persona","type-persona","status-publish","has-post-thumbnail","hentry","cargo-counsel-pt-pt"],"acf":[],"yoast_head":"<!-- This site is optimized with the Yoast SEO plugin v27.3 - https:\/\/yoast.com\/product\/yoast-seo-wordpress\/ -->\n<title>Juan Antonio de Lanzas - Despacho de abogados G\u00f3mez-Acebo &amp; Pombo<\/title>\n<meta name=\"description\" content=\"Juan Antonio \u00e9 counsel de Direito do Trabalho da G\u00f3mez-Acebo &amp; Pombo. Especializa-se em Direito do Trabalho e da Seguran\u00e7a Social.\" \/>\n<meta name=\"robots\" content=\"index, follow, max-snippet:-1, max-image-preview:large, max-video-preview:-1\" \/>\n<link rel=\"canonical\" href=\"https:\/\/ga-p.com\/pt-pt\/pessoa\/juan-antonio-de-lanzas\/\" \/>\n<meta property=\"og:locale\" content=\"pt_PT\" \/>\n<meta property=\"og:type\" content=\"article\" \/>\n<meta property=\"og:title\" content=\"Juan Antonio de Lanzas - Despacho de abogados G\u00f3mez-Acebo &amp; Pombo\" \/>\n<meta property=\"og:description\" content=\"Juan Antonio \u00e9 counsel de Direito do Trabalho da G\u00f3mez-Acebo &amp; Pombo. Especializa-se em Direito do Trabalho e da Seguran\u00e7a Social.\" \/>\n<meta property=\"og:url\" content=\"https:\/\/ga-p.com\/pt-pt\/pessoa\/juan-antonio-de-lanzas\/\" \/>\n<meta property=\"og:site_name\" content=\"Despacho de abogados G\u00f3mez-Acebo &amp; Pombo\" \/>\n<meta property=\"article:modified_time\" content=\"2024-09-16T08:16:46+00:00\" \/>\n<meta property=\"og:image\" content=\"https:\/\/ga-p.com\/wp-content\/uploads\/2024\/06\/Juan-Antonio-de-Lanzas.png\" \/>\n\t<meta property=\"og:image:width\" content=\"424\" \/>\n\t<meta property=\"og:image:height\" content=\"424\" \/>\n\t<meta property=\"og:image:type\" content=\"image\/png\" \/>\n<meta name=\"twitter:card\" content=\"summary_large_image\" \/>\n<meta name=\"twitter:label1\" content=\"Tempo estimado de leitura\" \/>\n\t<meta name=\"twitter:data1\" content=\"1 minuto\" \/>\n<script type=\"application\/ld+json\" class=\"yoast-schema-graph\">{\"@context\":\"https:\\\/\\\/schema.org\",\"@graph\":[{\"@type\":\"WebPage\",\"@id\":\"https:\\\/\\\/ga-p.com\\\/pt-pt\\\/pessoa\\\/juan-antonio-de-lanzas\\\/\",\"url\":\"https:\\\/\\\/ga-p.com\\\/pt-pt\\\/pessoa\\\/juan-antonio-de-lanzas\\\/\",\"name\":\"Juan Antonio de Lanzas - Despacho de abogados G\u00f3mez-Acebo &amp; Pombo\",\"isPartOf\":{\"@id\":\"https:\\\/\\\/ga-p.com\\\/pt-pt\\\/#website\"},\"primaryImageOfPage\":{\"@id\":\"https:\\\/\\\/ga-p.com\\\/pt-pt\\\/pessoa\\\/juan-antonio-de-lanzas\\\/#primaryimage\"},\"image\":{\"@id\":\"https:\\\/\\\/ga-p.com\\\/pt-pt\\\/pessoa\\\/juan-antonio-de-lanzas\\\/#primaryimage\"},\"thumbnailUrl\":\"https:\\\/\\\/ga-p.com\\\/wp-content\\\/uploads\\\/2024\\\/06\\\/Juan-Antonio-de-Lanzas.png\",\"datePublished\":\"2024-06-26T08:30:43+00:00\",\"dateModified\":\"2024-09-16T08:16:46+00:00\",\"description\":\"Juan Antonio \u00e9 counsel de Direito do Trabalho da G\u00f3mez-Acebo & Pombo. Especializa-se em Direito do Trabalho e da Seguran\u00e7a Social.\",\"breadcrumb\":{\"@id\":\"https:\\\/\\\/ga-p.com\\\/pt-pt\\\/pessoa\\\/juan-antonio-de-lanzas\\\/#breadcrumb\"},\"inLanguage\":\"pt-PT\",\"potentialAction\":[{\"@type\":\"ReadAction\",\"target\":[\"https:\\\/\\\/ga-p.com\\\/pt-pt\\\/pessoa\\\/juan-antonio-de-lanzas\\\/\"]}]},{\"@type\":\"ImageObject\",\"inLanguage\":\"pt-PT\",\"@id\":\"https:\\\/\\\/ga-p.com\\\/pt-pt\\\/pessoa\\\/juan-antonio-de-lanzas\\\/#primaryimage\",\"url\":\"https:\\\/\\\/ga-p.com\\\/wp-content\\\/uploads\\\/2024\\\/06\\\/Juan-Antonio-de-Lanzas.png\",\"contentUrl\":\"https:\\\/\\\/ga-p.com\\\/wp-content\\\/uploads\\\/2024\\\/06\\\/Juan-Antonio-de-Lanzas.png\",\"width\":424,\"height\":424,\"caption\":\"Juan Antonio de Lanzas\"},{\"@type\":\"BreadcrumbList\",\"@id\":\"https:\\\/\\\/ga-p.com\\\/pt-pt\\\/pessoa\\\/juan-antonio-de-lanzas\\\/#breadcrumb\",\"itemListElement\":[{\"@type\":\"ListItem\",\"position\":1,\"name\":\"Portada\",\"item\":\"https:\\\/\\\/ga-p.com\\\/pt-pt\\\/\"},{\"@type\":\"ListItem\",\"position\":2,\"name\":\"Juan Antonio de Lanzas\"}]},{\"@type\":\"WebSite\",\"@id\":\"https:\\\/\\\/ga-p.com\\\/pt-pt\\\/#website\",\"url\":\"https:\\\/\\\/ga-p.com\\\/pt-pt\\\/\",\"name\":\"Despacho de abogados G\u00f3mez-Acebo & Pombo\",\"description\":\"G\u00f3mez-Acebo &amp; Pombo es una firma de abogados independiente, con experiencia internacional, especializada en todas las \u00e1reas del derecho de los negocio.\",\"publisher\":{\"@id\":\"https:\\\/\\\/ga-p.com\\\/pt-pt\\\/#organization\"},\"potentialAction\":[{\"@type\":\"SearchAction\",\"target\":{\"@type\":\"EntryPoint\",\"urlTemplate\":\"https:\\\/\\\/ga-p.com\\\/pt-pt\\\/?s={search_term_string}\"},\"query-input\":{\"@type\":\"PropertyValueSpecification\",\"valueRequired\":true,\"valueName\":\"search_term_string\"}}],\"inLanguage\":\"pt-PT\"},{\"@type\":\"Organization\",\"@id\":\"https:\\\/\\\/ga-p.com\\\/pt-pt\\\/#organization\",\"name\":\"Despacho de abogados G\u00f3mez-Acebo & Pombo\",\"url\":\"https:\\\/\\\/ga-p.com\\\/pt-pt\\\/\",\"logo\":{\"@type\":\"ImageObject\",\"inLanguage\":\"pt-PT\",\"@id\":\"https:\\\/\\\/ga-p.com\\\/pt-pt\\\/#\\\/schema\\\/logo\\\/image\\\/\",\"url\":\"https:\\\/\\\/ga-p.com\\\/wp-content\\\/uploads\\\/2024\\\/09\\\/Logo-1-1.svg\",\"contentUrl\":\"https:\\\/\\\/ga-p.com\\\/wp-content\\\/uploads\\\/2024\\\/09\\\/Logo-1-1.svg\",\"caption\":\"Despacho de abogados G\u00f3mez-Acebo & Pombo\"},\"image\":{\"@id\":\"https:\\\/\\\/ga-p.com\\\/pt-pt\\\/#\\\/schema\\\/logo\\\/image\\\/\"}}]}<\/script>\n<!-- \/ Yoast SEO plugin. -->","yoast_head_json":{"title":"Juan Antonio de Lanzas - Despacho de abogados G\u00f3mez-Acebo &amp; Pombo","description":"Juan Antonio \u00e9 counsel de Direito do Trabalho da G\u00f3mez-Acebo & Pombo. Especializa-se em Direito do Trabalho e da Seguran\u00e7a Social.","robots":{"index":"index","follow":"follow","max-snippet":"max-snippet:-1","max-image-preview":"max-image-preview:large","max-video-preview":"max-video-preview:-1"},"canonical":"https:\/\/ga-p.com\/pt-pt\/pessoa\/juan-antonio-de-lanzas\/","og_locale":"pt_PT","og_type":"article","og_title":"Juan Antonio de Lanzas - Despacho de abogados G\u00f3mez-Acebo &amp; Pombo","og_description":"Juan Antonio \u00e9 counsel de Direito do Trabalho da G\u00f3mez-Acebo & Pombo. Especializa-se em Direito do Trabalho e da Seguran\u00e7a Social.","og_url":"https:\/\/ga-p.com\/pt-pt\/pessoa\/juan-antonio-de-lanzas\/","og_site_name":"Despacho de abogados G\u00f3mez-Acebo &amp; Pombo","article_modified_time":"2024-09-16T08:16:46+00:00","og_image":[{"width":424,"height":424,"url":"https:\/\/ga-p.com\/wp-content\/uploads\/2024\/06\/Juan-Antonio-de-Lanzas.png","type":"image\/png"}],"twitter_card":"summary_large_image","twitter_misc":{"Tempo estimado de leitura":"1 minuto"},"schema":{"@context":"https:\/\/schema.org","@graph":[{"@type":"WebPage","@id":"https:\/\/ga-p.com\/pt-pt\/pessoa\/juan-antonio-de-lanzas\/","url":"https:\/\/ga-p.com\/pt-pt\/pessoa\/juan-antonio-de-lanzas\/","name":"Juan Antonio de Lanzas - Despacho de abogados G\u00f3mez-Acebo &amp; Pombo","isPartOf":{"@id":"https:\/\/ga-p.com\/pt-pt\/#website"},"primaryImageOfPage":{"@id":"https:\/\/ga-p.com\/pt-pt\/pessoa\/juan-antonio-de-lanzas\/#primaryimage"},"image":{"@id":"https:\/\/ga-p.com\/pt-pt\/pessoa\/juan-antonio-de-lanzas\/#primaryimage"},"thumbnailUrl":"https:\/\/ga-p.com\/wp-content\/uploads\/2024\/06\/Juan-Antonio-de-Lanzas.png","datePublished":"2024-06-26T08:30:43+00:00","dateModified":"2024-09-16T08:16:46+00:00","description":"Juan Antonio \u00e9 counsel de Direito do Trabalho da G\u00f3mez-Acebo & Pombo. Especializa-se em Direito do Trabalho e da Seguran\u00e7a Social.","breadcrumb":{"@id":"https:\/\/ga-p.com\/pt-pt\/pessoa\/juan-antonio-de-lanzas\/#breadcrumb"},"inLanguage":"pt-PT","potentialAction":[{"@type":"ReadAction","target":["https:\/\/ga-p.com\/pt-pt\/pessoa\/juan-antonio-de-lanzas\/"]}]},{"@type":"ImageObject","inLanguage":"pt-PT","@id":"https:\/\/ga-p.com\/pt-pt\/pessoa\/juan-antonio-de-lanzas\/#primaryimage","url":"https:\/\/ga-p.com\/wp-content\/uploads\/2024\/06\/Juan-Antonio-de-Lanzas.png","contentUrl":"https:\/\/ga-p.com\/wp-content\/uploads\/2024\/06\/Juan-Antonio-de-Lanzas.png","width":424,"height":424,"caption":"Juan Antonio de Lanzas"},{"@type":"BreadcrumbList","@id":"https:\/\/ga-p.com\/pt-pt\/pessoa\/juan-antonio-de-lanzas\/#breadcrumb","itemListElement":[{"@type":"ListItem","position":1,"name":"Portada","item":"https:\/\/ga-p.com\/pt-pt\/"},{"@type":"ListItem","position":2,"name":"Juan Antonio de Lanzas"}]},{"@type":"WebSite","@id":"https:\/\/ga-p.com\/pt-pt\/#website","url":"https:\/\/ga-p.com\/pt-pt\/","name":"Despacho de abogados G\u00f3mez-Acebo & Pombo","description":"G\u00f3mez-Acebo &amp; Pombo es una firma de abogados independiente, con experiencia internacional, especializada en todas las \u00e1reas del derecho de los negocio.","publisher":{"@id":"https:\/\/ga-p.com\/pt-pt\/#organization"},"potentialAction":[{"@type":"SearchAction","target":{"@type":"EntryPoint","urlTemplate":"https:\/\/ga-p.com\/pt-pt\/?s={search_term_string}"},"query-input":{"@type":"PropertyValueSpecification","valueRequired":true,"valueName":"search_term_string"}}],"inLanguage":"pt-PT"},{"@type":"Organization","@id":"https:\/\/ga-p.com\/pt-pt\/#organization","name":"Despacho de abogados G\u00f3mez-Acebo & Pombo","url":"https:\/\/ga-p.com\/pt-pt\/","logo":{"@type":"ImageObject","inLanguage":"pt-PT","@id":"https:\/\/ga-p.com\/pt-pt\/#\/schema\/logo\/image\/","url":"https:\/\/ga-p.com\/wp-content\/uploads\/2024\/09\/Logo-1-1.svg","contentUrl":"https:\/\/ga-p.com\/wp-content\/uploads\/2024\/09\/Logo-1-1.svg","caption":"Despacho de abogados G\u00f3mez-Acebo & Pombo"},"image":{"@id":"https:\/\/ga-p.com\/pt-pt\/#\/schema\/logo\/image\/"}}]}},"_links":{"self":[{"href":"https:\/\/ga-p.com\/pt-pt\/wp-json\/wp\/v2\/persona\/67485","targetHints":{"allow":["GET"]}}],"collection":[{"href":"https:\/\/ga-p.com\/pt-pt\/wp-json\/wp\/v2\/persona"}],"about":[{"href":"https:\/\/ga-p.com\/pt-pt\/wp-json\/wp\/v2\/types\/persona"}],"wp:featuredmedia":[{"embeddable":true,"href":"https:\/\/ga-p.com\/pt-pt\/wp-json\/wp\/v2\/media\/298140"}],"wp:attachment":[{"href":"https:\/\/ga-p.com\/pt-pt\/wp-json\/wp\/v2\/media?parent=67485"}],"wp:term":[{"taxonomy":"cargo","embeddable":true,"href":"https:\/\/ga-p.com\/pt-pt\/wp-json\/wp\/v2\/cargo?post=67485"},{"taxonomy":"cargo-por-genero","embeddable":true,"href":"https:\/\/ga-p.com\/pt-pt\/wp-json\/wp\/v2\/cargo-por-genero?post=67485"},{"taxonomy":"personas-categoria","embeddable":true,"href":"https:\/\/ga-p.com\/pt-pt\/wp-json\/wp\/v2\/personas-categoria?post=67485"}],"curies":[{"name":"wp","href":"https:\/\/api.w.org\/{rel}","templated":true}]}}