{"id":67662,"date":"2024-06-26T13:54:28","date_gmt":"2024-06-26T11:54:28","guid":{"rendered":"https:\/\/ga-p.com\/persona\/augusto-pinel\/"},"modified":"2025-01-20T09:57:37","modified_gmt":"2025-01-20T08:57:37","slug":"augusto-pinel","status":"publish","type":"persona","link":"https:\/\/ga-p.com\/pt-pt\/pessoa\/augusto-pinel\/","title":{"rendered":"Augusto Pi\u00f1el"},"content":{"rendered":"\n\n<div id=\"Volver-block_e550eb8d4b4a233d128635d43e8702da\" class=\"d-none d-lg-block Volver\" style=\"background-color: #FFFFFF\">\n    <div class=\"container\">\n        <div class=\"row\">\n            <div class=\"col-12\">\n                <div class=\"backTo d-flex align-items-center gap-2\" onclick=\"window.location.href='https:\/\/ga-p.com\/pt-pt\/pessoas\/';\">\n                    <img decoding=\"async\" alt=\"icon\" src=\"https:\/\/ga-p.com\/wp-content\/themes\/ga-p\/assets\/images\/left-arrow-orange.svg\" \/>\n                    <div class=\"text\">Regressar a <strong>Pessoas<\/strong><\/div>\n                <\/div>\n            <\/div>\n        <\/div>\n    <\/div>\n<\/div>\n\n\n\n<div id=\"PersonaHeader-block_318f2071bc2ff3fd91f2359d8bc85944\" class=\"PersonaHeader\">\n    <div class=\"customContainer right\">\n        <div class=\"content\" style=\"background-image:url(https:\/\/ga-p.com\/wp-content\/uploads\/2024\/05\/Fondo-personas-nueva-web.webp)\">\n            <img fetchpriority=\"high\" decoding=\"async\" width=\"424\" height=\"424\" src=\"https:\/\/ga-p.com\/wp-content\/uploads\/2024\/06\/Augusto-Pinel.png\" class=\"personaThumb wp-post-image\" alt=\"Augusto Pi\u00f1el\" loading=\"eager\" srcset=\"https:\/\/ga-p.com\/wp-content\/uploads\/2024\/06\/Augusto-Pinel.png 424w, https:\/\/ga-p.com\/wp-content\/uploads\/2024\/06\/Augusto-Pinel-300x300.png 300w, https:\/\/ga-p.com\/wp-content\/uploads\/2024\/06\/Augusto-Pinel-150x150.png 150w\" sizes=\"(max-width: 424px) 100vw, 424px\" \/>        <\/div>\n        <h1 class=\"col-lg-4 col-12 p-0 title\">Augusto Pi\u00f1el<\/h1>\n    <\/div>\n    <div class=\"personalFixedTitle d-block d-md-none\">\n        <div class=\"container\">\n            <div class=\"row\">\n                <div class=\"col-12\">\n                    <div class=\"personalFixed\">\n                        <img decoding=\"async\" width=\"424\" height=\"424\" src=\"https:\/\/ga-p.com\/wp-content\/uploads\/2024\/06\/Augusto-Pinel.png\" class=\"personaThumb wp-post-image\" alt=\"Augusto Pi\u00f1el\" loading=\"eager\" style=\"background-image:url(https:\/\/ga-p.com\/wp-content\/uploads\/2024\/05\/Fondo-personas-nueva-web.webp)\" srcset=\"https:\/\/ga-p.com\/wp-content\/uploads\/2024\/06\/Augusto-Pinel.png 424w, https:\/\/ga-p.com\/wp-content\/uploads\/2024\/06\/Augusto-Pinel-300x300.png 300w, https:\/\/ga-p.com\/wp-content\/uploads\/2024\/06\/Augusto-Pinel-150x150.png 150w\" sizes=\"(max-width: 424px) 100vw, 424px\" \/>                        <div class=\"modalTitle\">Augusto Pi\u00f1el<\/div>\n                    <\/div>\n                <\/div>\n            <\/div>\n        <\/div>\n    <\/div>\n    <style>\n        .PersonaHeader{opacity:0;}\n    <\/style>\n<\/div>\n\n<div class=\"personaCV\" style=\"display:none\">\n    <div class=\"container\">\n        <a class=\"primaryCta scaleFromLeft rotateIcon\" id=\"cv\"><span>Ver curr\u00edculo completo<\/span>\n            <div class=\"containerImg\"><img decoding=\"async\" alt=\"icon\" src=\"https:\/\/ga-p.com\/wp-content\/themes\/ga-p\/assets\/images\/external-icon.svg\" \/><\/div>\n        <\/a>\n    <\/div>\n    <script>\n        const post_name_persona=\"augusto-pinel\";\n    <\/script>\n<\/div>\n\n\n\n<div class=\"pdf\" style=\"display:none\">\n    <div class=\"PersonaHeaderCV\">\n        <div class=\"customContainer right\">\n            <div class=\"content\" style=\"background-image:url(https:\/\/ga-p.com\/wp-content\/uploads\/2024\/05\/Fondo-personas-nueva-web.webp)\">\n                <img decoding=\"async\" src=\"https:\/\/ga-p.com\/wp-content\/uploads\/2024\/06\/Augusto-Pinel.png\" class=\"personaThumb\">\n            <\/div>\n        <\/div>\n    <\/div>\n\n    <div class=\"PersonaInformacionCV container\">\n        <div class=\"personal_office col-6 offset-6\">\n            <div class=\"personal\">\n                                    <div class=\"info\">\n                        <div class=\"title\">Posi\u00e7ao<\/div>\n                        <div class=\"text\">S\u00f3cio<\/div>\n                    <\/div>\n                \n                                    <div class=\"info\">\n                        <div class=\"title\">Telefone<\/div>\n                        <div class=\"text\">+34 91 582 91 00<\/div>\n                    <\/div>\n                                                    <div class=\"info\">\n                        <div class=\"title\">Email<\/div>\n                        <div class=\"text\">apinel@ga-p.com<\/div>\n                    <\/div>\n                                                    <div class=\"info\">\n                        <div class=\"title\">N\u00ba de colegiado<\/div>\n                        <div class=\"text\">75.304 ICAM<\/div>\n                    <\/div>\n                                            <\/div>\n                            <div class=\"office\">\n                    <div class=\"title\">Escrit\u00f3rio de Madrid<\/div>\n                                            <div class=\"d-flex align-item-center gap-2 mb-2\">\n                            <img decoding=\"async\" alt=\"icon\" src=\"https:\/\/ga-p.com\/wp-content\/themes\/ga-p\/assets\/images\/office-primary.svg\" \/>\n                            <div class=\"text\">Paseo de la Castellana, 216. 28046 Madrid (Espa\u00f1a)<\/div>\n                        <\/div>\n                                                                <div class=\"d-flex align-item-center gap-2 mb-2\">\n                            <img decoding=\"async\" alt=\"icon\" src=\"https:\/\/ga-p.com\/wp-content\/themes\/ga-p\/assets\/images\/mobile-primary.svg\" \/>\n                            <div class=\"text\">(+34) 91 582 91 00<\/div>\n                        <\/div>\n                                                                <div class=\"d-flex align-item-center gap-2\">\n                            <img decoding=\"async\" alt=\"icon\" src=\"https:\/\/ga-p.com\/wp-content\/themes\/ga-p\/assets\/images\/email-primary.svg\" \/>\n                            <div class=\"text\">madrid@ga-p.com<\/div>\n                        <\/div>\n                                    <\/div>\n                    <\/div>\n    <\/div>\n\n    <div class=\"container\">\n        <div class=\"row\">\n            <div class=\"col-6 izquierda\">\n                <div class=\"title\">Augusto Pi\u00f1el<\/div>\n            <\/div>\n            <div class=\"col-6 derecha\">\n            <\/div>\n        <\/div>\n    <\/div>\n<\/div>\n\n<div id=\"ColumnaContenido-block_5fc9a9788f2d1259d14e87eb777ceef8\" class=\"transparente ColumnaContenido\">\n    <div class=\"container\">\n        <div class=\"row\">\n            <div class=\"col-12 col-lg-7 offset-lg-5\">\n                <div class=\"acf-innerblocks-container\">\n\n\n<div id=\"PersonaInformacion-block_545e209c8fa345a9c1db497f7b5247df\" class=\"PersonaInformacion\">\n\n    <div class=\"personal_office\">\n        <div class=\"personal\">\n\n                            <div class=\"info\">\n                    <div class=\"title\">Posi\u00e7ao<\/div>\n                    <div class=\"text\">S\u00f3cio<\/div>\n                <\/div>\n            \n                        <div class=\"info\">\n                <div class=\"title\">Telefone<\/div>\n                <div class=\"text\">+34 91 582 91 00<\/div>\n            <\/div>\n                                        <div class=\"info\">\n                    <div class=\"title\">Email<\/div>\n                    <div class=\"text\">apinel@ga-p.com<\/div>\n                <\/div>\n                                        <div class=\"info\">\n                    <div class=\"title\">N\u00ba de colegiado<\/div>\n                    <div class=\"text\">75.304 ICAM<\/div>\n                <\/div>\n                    <\/div>\n                    <div class=\"office\">\n                <div class=\"title\">Escrit\u00f3rio de Madrid<\/div>\n\n                                <div class=\"d-flex align-item-center gap-2 mb-2\">\n                    <img decoding=\"async\" alt=\"icon\" src=\"https:\/\/ga-p.com\/wp-content\/themes\/ga-p\/assets\/images\/office-primary.svg\" \/>\n                    <div class=\"text\">Paseo de la Castellana, 216. 28046 Madrid (Espa\u00f1a)<\/div>\n                <\/div>\n                                                    <div class=\"d-flex align-item-center gap-2 mb-2\">\n                        <img decoding=\"async\" alt=\"icon\" src=\"https:\/\/ga-p.com\/wp-content\/themes\/ga-p\/assets\/images\/mobile-primary.svg\" \/>\n                        <div class=\"text\">(+34) 91 582 91 00<\/div>\n                    <\/div>\n                                                    <div class=\"d-flex align-item-center gap-2\">\n                        <img decoding=\"async\" alt=\"icon\" src=\"https:\/\/ga-p.com\/wp-content\/themes\/ga-p\/assets\/images\/email-primary.svg\" \/>\n                        <div class=\"text\">madrid@ga-p.com<\/div>\n                    <\/div>\n                            <\/div>\n            <\/div>\n    \n<\/div>\n\n<\/div>\n            <\/div>\n        <\/div>\n    <\/div>\n<\/div>\n\n\n<div id=\"ColumnaContenido-block_45f22c6b94a3330c177cd0aa13a73233\" class=\"blanco ColumnaContenido\">\n    <div class=\"container\">\n        <div class=\"row\">\n            <div class=\"col-12 col-lg-7 offset-lg-5\">\n                <div class=\"acf-innerblocks-container\">\n\n<h2 class=\"wp-block-heading\">Augusto \u00e9 s\u00f3cio de Corporate e M&amp;A da G\u00f3mez-Acebo &amp; Pombo.<\/h2>\n\n\n\n<p>\u00c9 especialista em mercados de valores mobili\u00e1rios, titulariza\u00e7\u00f5es, corporate governance e fus\u00f5es e aquisi\u00e7\u00f5es. \u00c9 secret\u00e1rio n\u00e3o-diretor do Conselho de Administra\u00e7\u00e3o e dos Comit\u00e9s de Auditoria e de Nomea\u00e7\u00f5es e Remunera\u00e7\u00f5es de v\u00e1rias empresas cotadas.<br><br>Augusto foi reconhecido no \u00faltimo ano como Highly Regarded pelo IFLR 1000 pelo seu trabalho e vasta experi\u00eancia na \u00e1rea de Capital Markets. Foi tamb\u00e9m reconhecido no prestigiado diret\u00f3rio jur\u00eddico Chambers &amp; Partners como um dos principais advogados do mercado nas \u00e1reas de Corporate\/M&amp;A e Capital Markets: Equity.<br><br>Tem participado como autor e coautor em diversas publica\u00e7\u00f5es jur\u00eddicas especializadas.<\/p>\n\n\n\n\n<div id=\"PersonaAreasSectores-block_9b1eb187a16dcebb18636c2454fba1a4\" class=\"PersonaAreasSectores\">\n\n    <div class=\"content\">\n        <div class=\"title\"><h2 class='title'>\u00c1reas e sectores em que colabora<\/h2>\n<\/div>\n        <div class=\"areas_sectores\">\n            <div class=\"out itemCont\">\n                                    <a class=\"item\" href=\"https:\/\/ga-p.com\/pt-pt\/area\/direito-comercial-societario\/\">Comercial, Societ\u00e1rio e M&amp;A<\/a>\n                                    <a class=\"item\" href=\"https:\/\/ga-p.com\/pt-pt\/area\/mercado-de-capitais\/\">Mercado de Capitais<\/a>\n                                    <a class=\"item\" href=\"https:\/\/ga-p.com\/pt-pt\/sector\/seguros-e-fundos-de-pensoes\/\">Seguros e Fundos de Pens\u00f5es<\/a>\n                            <\/div>\n                    <\/div>\n    <\/div>\n\n    <div class=\"menos\">\n\n    <\/div>\n\n\n\n\n<\/div>\n\n\n\n\n\n<div id=\"PersonaAcordeon-block_2e98c449ee37ff28b863af68eac2878f\" class=\"PersonaAcordeon\">\n\n    <div class=\"accordion accordion-flush\" id=\"accordion-PersonaAcordeon-block_2e98c449ee37ff28b863af68eac2878f\">\n        <div class=\"accordion-item\">\n            <h2 class=\"accordion-header\">\n                <button class=\"accordion-button collapsed gap-3 align-items-start\" type=\"button\" data-bs-toggle=\"collapse\" data-bs-target=\"#flush-PersonaAcordeon-block_2e98c449ee37ff28b863af68eac2878f\" aria-expanded=\"false\" aria-controls=\"flush-PersonaAcordeon-block_2e98c449ee37ff28b863af68eac2878f\">\n                    <img decoding=\"async\" width=\"1\" height=\"1\" src=\"https:\/\/ga-p.com\/wp-content\/uploads\/2024\/04\/educacion-icon.svg\" class=\"\" alt=\"educacion-icon\" loading=\"lazy\" \/>                    Forma\u00e7\u00e3o e experi\u00eancia profissional\n                <\/button>\n            <\/h2>\n            <div id=\"flush-PersonaAcordeon-block_2e98c449ee37ff28b863af68eac2878f\" class=\"accordion-collapse collapse\" data-bs-parent=\"#accordion-PersonaAcordeon-block_2e98c449ee37ff28b863af68eac2878f\">\n                <div class=\"accordion-body\">\n                                                                        <div class=\"itemCont noDate\">\n                                <div class=\"item-no-bullet\"><p><strong>Integra a G\u00f3mez-Acebo &amp; Pombo como s\u00f3cio em 2018.<\/strong><\/p>\n<\/div>\n                            <\/div>\n                                                    <div class=\"itemCont noDate\">\n                                <div class=\"item\"><p>2009 | Licenciado em Direito pela Universidade San Pablo CEU (Espanha).<\/p>\n<\/div>\n                            <\/div>\n                                                    <div class=\"itemCont noDate\">\n                                <div class=\"item\"><p>2010 | LLM pela Universidade de Northwestern (Estados Unidos).<\/p>\n<\/div>\n                            <\/div>\n                                                    <div class=\"itemCont noDate\">\n                                <div class=\"item\"><p>2010 | CBA \u2013 Certificado em Administra\u00e7\u00e3o de Empresas pelo Instituto de Empresa (IE) (Espanha).<\/p>\n<\/div>\n                            <\/div>\n                                                    <div class=\"itemCont noDate\">\n                                <div class=\"item\"><p>2018 | S\u00f3cio numa das maiores empresas de consultoria.<\/p>\n<\/div>\n                            <\/div>\n                                                            <\/div>\n            <\/div>\n        <\/div>\n    <\/div>\n\n<\/div>\n\n\n\n<div id=\"PersonaAcordeon-block_6811732c8e8b2a5b78722ffbc0a5b68c\" class=\"PersonaAcordeon\">\n\n    <div class=\"accordion accordion-flush\" id=\"accordion-PersonaAcordeon-block_6811732c8e8b2a5b78722ffbc0a5b68c\">\n        <div class=\"accordion-item\">\n            <h2 class=\"accordion-header\">\n                <button class=\"accordion-button collapsed gap-3 align-items-start\" type=\"button\" data-bs-toggle=\"collapse\" data-bs-target=\"#flush-PersonaAcordeon-block_6811732c8e8b2a5b78722ffbc0a5b68c\" aria-expanded=\"false\" aria-controls=\"flush-PersonaAcordeon-block_6811732c8e8b2a5b78722ffbc0a5b68c\">\n                    <img decoding=\"async\" width=\"1\" height=\"1\" src=\"https:\/\/ga-p.com\/wp-content\/uploads\/2024\/04\/entidades.svg\" class=\"\" alt=\"entidades\" loading=\"lazy\" \/>                    Entidades e associa\u00e7\u00f5es profissionais das quais \u00e9 membro\n                <\/button>\n            <\/h2>\n            <div id=\"flush-PersonaAcordeon-block_6811732c8e8b2a5b78722ffbc0a5b68c\" class=\"accordion-collapse collapse\" data-bs-parent=\"#accordion-PersonaAcordeon-block_6811732c8e8b2a5b78722ffbc0a5b68c\">\n                <div class=\"accordion-body\">\n                                                                        <div class=\"itemCont noDate\">\n                                <div class=\"item\"><p>Membro da Ordem dos Advogados de Madrid (ICAM).<\/p>\n<\/div>\n                            <\/div>\n                                                            <\/div>\n            <\/div>\n        <\/div>\n    <\/div>\n\n<\/div>\n\n\n\n<div id=\"PersonaAcordeon-block_5b3b97c7444c3df6feb5901b76bfcf49\" class=\"PersonaAcordeon\">\n\n    <div class=\"accordion accordion-flush\" id=\"accordion-PersonaAcordeon-block_5b3b97c7444c3df6feb5901b76bfcf49\">\n        <div class=\"accordion-item\">\n            <h2 class=\"accordion-header\">\n                <button class=\"accordion-button collapsed gap-3 align-items-start\" type=\"button\" data-bs-toggle=\"collapse\" data-bs-target=\"#flush-PersonaAcordeon-block_5b3b97c7444c3df6feb5901b76bfcf49\" aria-expanded=\"false\" aria-controls=\"flush-PersonaAcordeon-block_5b3b97c7444c3df6feb5901b76bfcf49\">\n                    <img decoding=\"async\" width=\"1\" height=\"1\" src=\"https:\/\/ga-p.com\/wp-content\/uploads\/2024\/04\/idiomas-icon.svg\" class=\"\" alt=\"idiomas-icon\" loading=\"lazy\" \/>                    Idiomas\n                <\/button>\n            <\/h2>\n            <div id=\"flush-PersonaAcordeon-block_5b3b97c7444c3df6feb5901b76bfcf49\" class=\"accordion-collapse collapse\" data-bs-parent=\"#accordion-PersonaAcordeon-block_5b3b97c7444c3df6feb5901b76bfcf49\">\n                <div class=\"accordion-body\">\n                                                                        <div class=\"itemCont noDate\">\n                                <div class=\"item\"><p>Espanhol<\/p>\n<\/div>\n                            <\/div>\n                                                    <div class=\"itemCont noDate\">\n                                <div class=\"item\"><p>Ingl\u00eas<\/p>\n<\/div>\n                            <\/div>\n                                                            <\/div>\n            <\/div>\n        <\/div>\n    <\/div>\n\n<\/div>\n\n\n\n<div id=\"Boton-block_c521d703c022839e0d87b78755362da9\" class=\"Boton\">\n\n    <\/div>\n\n<\/div>\n            <\/div>\n        <\/div>\n    <\/div>\n<\/div>\n\n\n<div id=\"PersonaParticipacion-block_2a6b9108b051fe2fe40b925be1faf65c\" class=\"PersonaParticipacion\">\n\n    <div class=\"container\">\n        <div class=\"row align-items-end flex-column flex-lg-row\">\n            <div class=\"col-12 col-lg-10\">\n                <div class=\"title\"><h2 class=''>Mais informa\u00e7\u00f5es sobre a minha participa\u00e7\u00e3o na G\u00f3mez-Acebo &amp; Pombo<\/h2>\n<\/div>\n            <\/div>\n            <div class=\"col-12 col-lg-2 px-0\">\n                <div id=\"selector_fechas\"><\/div>\n\n            <\/div>\n        <\/div>\n       <div class=\"row align-items-end\">\n           <div class=\"col-12 col-lg-11 px-0\">\n               <div class=\"selectores\">\n                   <div class=\"nav nav-tabs\" id=\"nav-tab\" role=\"tablist\">\n                                                  <button class=\"nav-link y2022 y2021 y2020 y2019 \" id=\"nav-reconocimientos-tab\" data-bs-toggle=\"tab\" data-bs-target=\"#nav-reconocimientos\" type=\"button\" role=\"tab\" aria-controls=\"nav-reconocimientos\" aria-selected=\"true\">Reconhecimentos<\/button>\n                                                                         <button class=\"nav-link y2026 y2025 y2024 y2023 y2022  \" id=\"nav-noticias-tab\" data-bs-toggle=\"tab\" data-bs-target=\"#nav-noticias\" type=\"button\" role=\"tab\" aria-controls=\"nav-noticias\" aria-selected=\"false\">Not\u00edcias<\/button>\n                                                                 <\/div>\n               <\/div>\n               <div class=\"d-block d-lg-none\">\n\n                   <select class=\"selectorSliders\">\n                       <option value=\"reconocimientos\">Reconhecimentos<\/option>                       <option value=\"noticias\">Not\u00edcias<\/option>                                          <\/select>\n\n               <\/div>\n           <\/div>\n           <div class=\"d-none d-lg-block col-1\">\n               <div class=\"swiperRecArrows swiperArrows active\" data-arrows=\"#nav-reconocimientos\">\n                   <div class=\"d-flex align-items-center gap-4 justify-content-end\">\n                       <div class=\"swiper-button-prev\"><img decoding=\"async\" alt=\"icon\" src=\"https:\/\/ga-p.com\/wp-content\/themes\/ga-p\/assets\/images\/slider-arrow.svg\" \/><\/div>\n                       <div class=\"swiper-button-next\"><img decoding=\"async\" alt=\"icon\" src=\"https:\/\/ga-p.com\/wp-content\/themes\/ga-p\/assets\/images\/slider-arrow.svg\" \/><\/div>\n                   <\/div>\n               <\/div>\n               <div class=\"swiperNotArrows swiperArrows\" data-arrows=\"#nav-noticias\">\n                   <div class=\"d-flex align-items-center gap-4 justify-content-end\">\n                       <div class=\"swiper-button-prev\"><img decoding=\"async\" alt=\"icon\" src=\"https:\/\/ga-p.com\/wp-content\/themes\/ga-p\/assets\/images\/slider-arrow.svg\" \/><\/div>\n                       <div class=\"swiper-button-next\"><img decoding=\"async\" alt=\"icon\" src=\"https:\/\/ga-p.com\/wp-content\/themes\/ga-p\/assets\/images\/slider-arrow.svg\" \/><\/div>\n                   <\/div>\n               <\/div>\n               <div class=\"swiperComArrows swiperArrows\" data-arrows=\"#nav-comit\u00e9s\">\n                   <div class=\"d-flex align-items-center gap-4 justify-content-end\">\n                       <div class=\"swiper-button-prev\"><img decoding=\"async\" alt=\"icon\" src=\"https:\/\/ga-p.com\/wp-content\/themes\/ga-p\/assets\/images\/slider-arrow.svg\" \/><\/div>\n                       <div class=\"swiper-button-next\"><img decoding=\"async\" alt=\"icon\" src=\"https:\/\/ga-p.com\/wp-content\/themes\/ga-p\/assets\/images\/slider-arrow.svg\" \/><\/div>\n                   <\/div>\n               <\/div>\n           <\/div>\n       <\/div>\n    <\/div>\n    <div class=\"tab-content\" id=\"nav-tabContent\">\n                <div class=\"tab-pane fade\" id=\"nav-reconocimientos\" role=\"tabpanel\" aria-labelledby=\"nav-reconocimientos-tab\" tabindex=\"0\">\n            <div class=\"swiper mySwiper swiperRec\">\n                <div class=\"swiper-wrapper\">\n                                        <div class=\"swiper-slide y2022\">\n                        <div class=\"reconocimento \">\n    <div class=\"rewardBlock\">\n        <div>\n                            <img decoding=\"async\" width=\"280\" height=\"75\" src=\"https:\/\/ga-p.com\/wp-content\/uploads\/2018\/11\/iflr1000-logo.png\" class=\"imagen\" alt=\"IFLR 1000 2022: Highly Regarded. Capital Markets: Equity\" loading=\"lazy\" \/>                    <\/div>\n\n\n        \n        <div class=\"info\">\n            <div class=\"titulo\">\n                IFLR 1000 2022: Highly Regarded. Capital Markets: Equity            <\/div>\n            <div class=\"excerpt\">\n                            <\/div>\n            \n        <\/div>\n                        <\/div>\n    <\/div>                    <\/div>\n                                        <div class=\"swiper-slide y2022\">\n                        <div class=\"reconocimento \">\n    <div class=\"rewardBlock\">\n        <div>\n                            <img decoding=\"async\" width=\"280\" height=\"75\" src=\"https:\/\/ga-p.com\/wp-content\/uploads\/2018\/11\/iflr1000-logo.png\" class=\"imagen\" alt=\"IFLR 1000 2022: Highly Regarded. M&amp;A\" loading=\"lazy\" \/>                    <\/div>\n\n\n        \n        <div class=\"info\">\n            <div class=\"titulo\">\n                IFLR 1000 2022: Highly Regarded. M&#038;A            <\/div>\n            <div class=\"excerpt\">\n                            <\/div>\n            \n        <\/div>\n                        <\/div>\n    <\/div>                    <\/div>\n                                        <div class=\"swiper-slide y2022\">\n                        <div class=\"reconocimento \">\n    <div class=\"rewardBlock\">\n        <div>\n                            <img decoding=\"async\" width=\"280\" height=\"75\" src=\"https:\/\/ga-p.com\/wp-content\/uploads\/2018\/11\/iflr1000-logo.png\" class=\"imagen\" alt=\"IFLR 1000 2022: Highly Regarded. Capital Markets: Debt\" loading=\"lazy\" \/>                    <\/div>\n\n\n        \n        <div class=\"info\">\n            <div class=\"titulo\">\n                IFLR 1000 2022: Highly Regarded. Capital Markets: Debt            <\/div>\n            <div class=\"excerpt\">\n                            <\/div>\n            \n        <\/div>\n                        <\/div>\n    <\/div>                    <\/div>\n                                        <div class=\"swiper-slide y2021\">\n                        <div class=\"reconocimento \">\n    <div class=\"rewardBlock\">\n        <div>\n                            <img decoding=\"async\" width=\"250\" height=\"270\" src=\"https:\/\/ga-p.com\/wp-content\/uploads\/2018\/03\/reconocimiento_the_legal_500_60-e1533553443883.jpg\" class=\"imagen\" alt=\"The Legal 500 2021. Commercial, Corporate and M&#038;A\" loading=\"lazy\" \/>                    <\/div>\n\n\n        \n        <div class=\"info\">\n            <div class=\"titulo\">\n                The Legal 500 2021. Commercial, Corporate and M&#038;A            <\/div>\n            <div class=\"excerpt\">\n                \u2018Augusto\u2019s knowledge of the financial-real estate sector is exceptional and gives you peace of mind when advising you on any transaction.\u2019            <\/div>\n            \n        <\/div>\n                        <\/div>\n    <\/div>                    <\/div>\n                                        <div class=\"swiper-slide y2021\">\n                        <div class=\"reconocimento \">\n    <div class=\"rewardBlock\">\n        <div>\n                            <img decoding=\"async\" width=\"280\" height=\"75\" src=\"https:\/\/ga-p.com\/wp-content\/uploads\/2018\/11\/iflr1000-logo.png\" class=\"imagen\" alt=\"IFLR 1000 2021: Highly Regarded. M&#038;A\" loading=\"lazy\" \/>                    <\/div>\n\n\n        \n        <div class=\"info\">\n            <div class=\"titulo\">\n                IFLR 1000 2021: Highly Regarded. M&#038;A            <\/div>\n            <div class=\"excerpt\">\n                            <\/div>\n            \n        <\/div>\n                        <\/div>\n    <\/div>                    <\/div>\n                                        <div class=\"swiper-slide y2021\">\n                        <div class=\"reconocimento \">\n    <div class=\"rewardBlock\">\n        <div>\n                            <img decoding=\"async\" width=\"280\" height=\"75\" src=\"https:\/\/ga-p.com\/wp-content\/uploads\/2018\/11\/iflr1000-logo.png\" class=\"imagen\" alt=\"IFLR 1000 2021: Highly Regarded. Capital Markets &#8211; Equity\" loading=\"lazy\" \/>                    <\/div>\n\n\n        \n        <div class=\"info\">\n            <div class=\"titulo\">\n                IFLR 1000 2021: Highly Regarded. Capital Markets &#8211; Equity            <\/div>\n            <div class=\"excerpt\">\n                            <\/div>\n            \n        <\/div>\n                        <\/div>\n    <\/div>                    <\/div>\n                                        <div class=\"swiper-slide y2021\">\n                        <div class=\"reconocimento \">\n    <div class=\"rewardBlock\">\n        <div>\n                            <img decoding=\"async\" width=\"280\" height=\"75\" src=\"https:\/\/ga-p.com\/wp-content\/uploads\/2018\/11\/iflr1000-logo.png\" class=\"imagen\" alt=\"IFLR 1000 2021: Highly Regarded. Capital Markets &#8211; Debt\" loading=\"lazy\" \/>                    <\/div>\n\n\n        \n        <div class=\"info\">\n            <div class=\"titulo\">\n                IFLR 1000 2021: Highly Regarded. Capital Markets &#8211; Debt            <\/div>\n            <div class=\"excerpt\">\n                            <\/div>\n            \n        <\/div>\n                        <\/div>\n    <\/div>                    <\/div>\n                                        <div class=\"swiper-slide y2020\">\n                        <div class=\"reconocimento \">\n    <div class=\"rewardBlock\">\n        <div>\n                            <img decoding=\"async\" width=\"300\" height=\"252\" src=\"https:\/\/ga-p.com\/wp-content\/uploads\/2020\/04\/augusto-pi\u00f1el-300x252.jpg\" class=\"imagen\" alt=\"The Chambers Europe 2020. Corporate\/M&#038;A \u2013 Spain\" loading=\"lazy\" srcset=\"https:\/\/ga-p.com\/wp-content\/uploads\/2020\/04\/augusto-pi\u00f1el-300x252.jpg 300w, https:\/\/ga-p.com\/wp-content\/uploads\/2020\/04\/augusto-pi\u00f1el-1024x860.jpg 1024w, https:\/\/ga-p.com\/wp-content\/uploads\/2020\/04\/augusto-pi\u00f1el-768x645.jpg 768w, https:\/\/ga-p.com\/wp-content\/uploads\/2020\/04\/augusto-pi\u00f1el.jpg 1072w\" sizes=\"auto, (max-width: 300px) 100vw, 300px\" \/>                    <\/div>\n\n\n        \n        <div class=\"info\">\n            <div class=\"titulo\">\n                The Chambers Europe 2020. Corporate\/M&#038;A \u2013 Spain            <\/div>\n            <div class=\"excerpt\">\n                            <\/div>\n            \n        <\/div>\n                        <\/div>\n    <\/div>                    <\/div>\n                                        <div class=\"swiper-slide y2020\">\n                        <div class=\"reconocimento \">\n    <div class=\"rewardBlock\">\n        <div>\n                            <img decoding=\"async\" width=\"280\" height=\"75\" src=\"https:\/\/ga-p.com\/wp-content\/uploads\/2018\/11\/iflr1000-logo.png\" class=\"imagen\" alt=\"IFLR 1000 2020: Highly Regarded. M&#038;A\" loading=\"lazy\" \/>                    <\/div>\n\n\n        \n        <div class=\"info\">\n            <div class=\"titulo\">\n                IFLR 1000 2020: Highly Regarded. M&#038;A            <\/div>\n            <div class=\"excerpt\">\n                            <\/div>\n            \n        <\/div>\n                        <\/div>\n    <\/div>                    <\/div>\n                                        <div class=\"swiper-slide y2020\">\n                        <div class=\"reconocimento \">\n    <div class=\"rewardBlock\">\n        <div>\n                            <img decoding=\"async\" width=\"280\" height=\"75\" src=\"https:\/\/ga-p.com\/wp-content\/uploads\/2018\/11\/iflr1000-logo.png\" class=\"imagen\" alt=\"IFLR 1000 2020: Highly Regarded. Capital Markets:Equity\" loading=\"lazy\" \/>                    <\/div>\n\n\n        \n        <div class=\"info\">\n            <div class=\"titulo\">\n                IFLR 1000 2020: Highly Regarded. Capital Markets:Equity            <\/div>\n            <div class=\"excerpt\">\n                            <\/div>\n            \n        <\/div>\n                        <\/div>\n    <\/div>                    <\/div>\n                                        <div class=\"swiper-slide y2020\">\n                        <div class=\"reconocimento \">\n    <div class=\"rewardBlock\">\n        <div>\n                            <img decoding=\"async\" width=\"280\" height=\"75\" src=\"https:\/\/ga-p.com\/wp-content\/uploads\/2018\/11\/iflr1000-logo.png\" class=\"imagen\" alt=\"IFLR 1000 2020: Highly Regarded. Capital Markets: Debt\" loading=\"lazy\" \/>                    <\/div>\n\n\n        \n        <div class=\"info\">\n            <div class=\"titulo\">\n                IFLR 1000 2020: Highly Regarded. Capital Markets: Debt            <\/div>\n            <div class=\"excerpt\">\n                            <\/div>\n            \n        <\/div>\n                        <\/div>\n    <\/div>                    <\/div>\n                                        <div class=\"swiper-slide y2020\">\n                        <div class=\"reconocimento \">\n    <div class=\"rewardBlock\">\n        <div>\n                            <img decoding=\"async\" width=\"300\" height=\"252\" src=\"https:\/\/ga-p.com\/wp-content\/uploads\/2020\/02\/Augusto-Pi\u00f1el-300x252.jpg\" class=\"imagen\" alt=\"The Chambers Global 2020. Corporate\/M&#038;A \u2013 Spain\" loading=\"lazy\" srcset=\"https:\/\/ga-p.com\/wp-content\/uploads\/2020\/02\/Augusto-Pi\u00f1el-300x252.jpg 300w, https:\/\/ga-p.com\/wp-content\/uploads\/2020\/02\/Augusto-Pi\u00f1el-1024x860.jpg 1024w, https:\/\/ga-p.com\/wp-content\/uploads\/2020\/02\/Augusto-Pi\u00f1el-768x645.jpg 768w, https:\/\/ga-p.com\/wp-content\/uploads\/2020\/02\/Augusto-Pi\u00f1el.jpg 1072w\" sizes=\"auto, (max-width: 300px) 100vw, 300px\" \/>                    <\/div>\n\n\n        \n        <div class=\"info\">\n            <div class=\"titulo\">\n                The Chambers Global 2020. Corporate\/M&#038;A \u2013 Spain            <\/div>\n            <div class=\"excerpt\">\n                            <\/div>\n            \n        <\/div>\n                        <\/div>\n    <\/div>                    <\/div>\n                                        <div class=\"swiper-slide y2020\">\n                        <div class=\"reconocimento \">\n    <div class=\"rewardBlock\">\n        <div>\n                            <img decoding=\"async\" width=\"300\" height=\"252\" src=\"https:\/\/ga-p.com\/wp-content\/uploads\/2020\/02\/Augusto-Pi\u00f1el-300x252.jpg\" class=\"imagen\" alt=\"The Chambers Global 2020. Capital Markets: Equity \u2013 Spain \u2013Recognised Practitioner\" loading=\"lazy\" srcset=\"https:\/\/ga-p.com\/wp-content\/uploads\/2020\/02\/Augusto-Pi\u00f1el-300x252.jpg 300w, https:\/\/ga-p.com\/wp-content\/uploads\/2020\/02\/Augusto-Pi\u00f1el-1024x860.jpg 1024w, https:\/\/ga-p.com\/wp-content\/uploads\/2020\/02\/Augusto-Pi\u00f1el-768x645.jpg 768w, https:\/\/ga-p.com\/wp-content\/uploads\/2020\/02\/Augusto-Pi\u00f1el.jpg 1072w\" sizes=\"auto, (max-width: 300px) 100vw, 300px\" \/>                    <\/div>\n\n\n        \n        <div class=\"info\">\n            <div class=\"titulo\">\n                The Chambers Global 2020. Capital Markets: Equity \u2013 Spain \u2013Recognised Practitioner            <\/div>\n            <div class=\"excerpt\">\n                            <\/div>\n            \n        <\/div>\n                        <\/div>\n    <\/div>                    <\/div>\n                                        <div class=\"swiper-slide y2019\">\n                        <div class=\"reconocimento \">\n    <div class=\"rewardBlock\">\n        <div>\n                            <img decoding=\"async\" width=\"300\" height=\"252\" src=\"https:\/\/ga-p.com\/wp-content\/uploads\/2019\/05\/Augusto-Pi\u00f1el-300x252.png\" class=\"imagen\" alt=\"The Chambers Europe 2019. Capital Markets: Equity\" loading=\"lazy\" srcset=\"https:\/\/ga-p.com\/wp-content\/uploads\/2019\/05\/Augusto-Pi\u00f1el-300x252.png 300w, https:\/\/ga-p.com\/wp-content\/uploads\/2019\/05\/Augusto-Pi\u00f1el-1024x860.png 1024w, https:\/\/ga-p.com\/wp-content\/uploads\/2019\/05\/Augusto-Pi\u00f1el-768x645.png 768w, https:\/\/ga-p.com\/wp-content\/uploads\/2019\/05\/Augusto-Pi\u00f1el.png 1072w\" sizes=\"auto, (max-width: 300px) 100vw, 300px\" \/>                    <\/div>\n\n\n        \n        <div class=\"info\">\n            <div class=\"titulo\">\n                The Chambers Europe 2019. Capital Markets: Equity            <\/div>\n            <div class=\"excerpt\">\n                            <\/div>\n            \n        <\/div>\n                        <\/div>\n    <\/div>                    <\/div>\n                                        <div class=\"swiper-slide y2019\">\n                        <div class=\"reconocimento \">\n    <div class=\"rewardBlock\">\n        <div>\n                            <img decoding=\"async\" width=\"300\" height=\"252\" src=\"https:\/\/ga-p.com\/wp-content\/uploads\/2019\/05\/Augusto-Pi\u00f1el-300x252.png\" class=\"imagen\" alt=\"The Chambers Europe 2019. Corporate\/M&#038;A\" loading=\"lazy\" srcset=\"https:\/\/ga-p.com\/wp-content\/uploads\/2019\/05\/Augusto-Pi\u00f1el-300x252.png 300w, https:\/\/ga-p.com\/wp-content\/uploads\/2019\/05\/Augusto-Pi\u00f1el-1024x860.png 1024w, https:\/\/ga-p.com\/wp-content\/uploads\/2019\/05\/Augusto-Pi\u00f1el-768x645.png 768w, https:\/\/ga-p.com\/wp-content\/uploads\/2019\/05\/Augusto-Pi\u00f1el.png 1072w\" sizes=\"auto, (max-width: 300px) 100vw, 300px\" \/>                    <\/div>\n\n\n        \n        <div class=\"info\">\n            <div class=\"titulo\">\n                The Chambers Europe 2019. Corporate\/M&#038;A            <\/div>\n            <div class=\"excerpt\">\n                            <\/div>\n            \n        <\/div>\n                        <\/div>\n    <\/div>                    <\/div>\n                                        <div class=\"swiper-slide y2019\">\n                        <div class=\"reconocimento \">\n    <div class=\"rewardBlock\">\n        <div>\n                            <img decoding=\"async\" width=\"300\" height=\"252\" src=\"https:\/\/ga-p.com\/wp-content\/uploads\/2019\/02\/augusto-300x252.png\" class=\"imagen\" alt=\"The Chambers Global 2019. Capital Markets: Equity &#8211; Spain\" loading=\"lazy\" srcset=\"https:\/\/ga-p.com\/wp-content\/uploads\/2019\/02\/augusto-300x252.png 300w, https:\/\/ga-p.com\/wp-content\/uploads\/2019\/02\/augusto-1024x860.png 1024w, https:\/\/ga-p.com\/wp-content\/uploads\/2019\/02\/augusto-768x645.png 768w, https:\/\/ga-p.com\/wp-content\/uploads\/2019\/02\/augusto.png 1072w\" sizes=\"auto, (max-width: 300px) 100vw, 300px\" \/>                    <\/div>\n\n\n        \n        <div class=\"info\">\n            <div class=\"titulo\">\n                The Chambers Global 2019. Capital Markets: Equity &#8211; Spain            <\/div>\n            <div class=\"excerpt\">\n                            <\/div>\n            \n        <\/div>\n                        <\/div>\n    <\/div>                    <\/div>\n                                        <div class=\"swiper-slide y2019\">\n                        <div class=\"reconocimento \">\n    <div class=\"rewardBlock\">\n        <div>\n                            <img decoding=\"async\" width=\"300\" height=\"252\" src=\"https:\/\/ga-p.com\/wp-content\/uploads\/2019\/02\/augusto-300x252.png\" class=\"imagen\" alt=\"The Chambers Global 2019. Corporate\/M&amp;A &#8211; Spain\" loading=\"lazy\" srcset=\"https:\/\/ga-p.com\/wp-content\/uploads\/2019\/02\/augusto-300x252.png 300w, https:\/\/ga-p.com\/wp-content\/uploads\/2019\/02\/augusto-1024x860.png 1024w, https:\/\/ga-p.com\/wp-content\/uploads\/2019\/02\/augusto-768x645.png 768w, https:\/\/ga-p.com\/wp-content\/uploads\/2019\/02\/augusto.png 1072w\" sizes=\"auto, (max-width: 300px) 100vw, 300px\" \/>                    <\/div>\n\n\n        \n        <div class=\"info\">\n            <div class=\"titulo\">\n                The Chambers Global 2019. Corporate\/M&amp;A &#8211; Spain            <\/div>\n            <div class=\"excerpt\">\n                &#8220;As well as being a great deal closer, he&#8217;s a tireless worker&#8221;. &#8220;He builds trust and is very pleasant to work with, which gives him better negotiating leverage&#8221;            <\/div>\n            \n        <\/div>\n                        <\/div>\n    <\/div>                    <\/div>\n                                    <\/div>\n            <\/div>\n        <\/div>\n                            <div class=\"tab-pane fade \" id=\"nav-noticias\" role=\"tabpanel\" aria-labelledby=\"nav-noticias-tab\" tabindex=\"0\">\n                <div class=\"swiper mySwiper swiperNot\">\n                    <div class=\"swiper-wrapper\">\n                                                    <div class=\"swiper-slide y2026\">\n                                <a style=\"text-decoration: none\" href=\"https:\/\/ga-p.com\/pt-pt\/noticia\/ga_p-assessora-a-labiana-health-no-aumento-de-capital-realizado-no-ambito-da-refinanciacao-integral-da-sua-divida\/\">\n    <div class=\"noticiaCard\">\n        <div class=\"content\">\n            <div class=\"tag\">NOT\u00cdCIAS<\/div>\n            <div class=\"titulo\">\n                GA_P assessora a Labiana Health no aumento de capital realizado no \u00e2mbito da refinancia\u00e7\u00e3o integral da sua d\u00edvida            <\/div>\n            <div class=\"excerpt\">\n                G\u00f3mez-Acebo &#038; Pombo ha asesorado a un pool de 18 entidades bancarias, liderado por BBVA y Banco Santander, en la reorganizaci\u00f3n de 357 millones de euros de deuda del Grupo Incarlopsa, \u00a0l\u00edder en la industria de productos porcinos en Espa\u00f1a y principal proveedor c\u00e1rnico de Mercadona, con una facturaci\u00f3n superior a los 1.000 millones de euros.            <\/div>\n            <div class=\"fecha d-flex align-items-center gap-2\">\n                <img decoding=\"async\" alt=\"icon\" src=\"https:\/\/ga-p.com\/wp-content\/themes\/ga-p\/assets\/images\/clock-icon.svg\" \/>\n                25 Mar, 2026            <\/div>\n\n\n                            <div class=\"author d-flex align-items-center gap-2\">\n                    <img decoding=\"async\" alt=\"icon\" src=\"https:\/\/ga-p.com\/wp-content\/themes\/ga-p\/assets\/images\/author-icon.svg\" \/><span>\n                    Augusto Pi\u00f1el, Jacobo Palanca, Irene Carre\u00f1o Ur\u00eda                <\/span><\/div>\n            \n        <\/div>\n        <div class=\"openCard me-0 ms-auto\">\n            <img decoding=\"async\" alt=\"icon\" src=\"https:\/\/ga-p.com\/wp-content\/themes\/ga-p\/assets\/images\/arrow-open.svg\" \/>\n            <img decoding=\"async\" alt=\"icon\" src=\"https:\/\/ga-p.com\/wp-content\/themes\/ga-p\/assets\/images\/arrow-open.svg\" \/>\n        <\/div>\n    <\/div>\n<\/a>\n                            <\/div>\n                                                    <div class=\"swiper-slide y2025\">\n                                <a style=\"text-decoration: none\" href=\"https:\/\/ga-p.com\/pt-pt\/noticia\/ga_p-assessora-a-pollen-street-capital-finsolutia-na-aquisicao-da-hipoges-iberia-a-kkr\/\">\n    <div class=\"noticiaCard\">\n        <div class=\"content\">\n            <div class=\"tag\">NOT\u00cdCIAS<\/div>\n            <div class=\"titulo\">\n                GA_P assessora a Pollen Street Capital (FinSolutia) na aquisi\u00e7\u00e3o da HipoGes Iberia \u00e0 KKR\u00a0            <\/div>\n            <div class=\"excerpt\">\n                G\u00f3mez-Acebo &#038; Pombo assessorou a Pollen Street Capital, atrav\u00e9s da sua participada FinSolutia, uma plataforma ib\u00e9rica de servi\u00e7os tecnol\u00f3gicos aplicados \u00e0 gest\u00e3o de cr\u00e9ditos e ativos imobili\u00e1rios, na aquisi\u00e7\u00e3o da HipoGes Iberia, a plataforma l\u00edder do setor no sul da Europa, \u00e0 firma norte-americana de private equity KKR.            <\/div>\n            <div class=\"fecha d-flex align-items-center gap-2\">\n                <img decoding=\"async\" alt=\"icon\" src=\"https:\/\/ga-p.com\/wp-content\/themes\/ga-p\/assets\/images\/clock-icon.svg\" \/>\n                18 Nov, 2025            <\/div>\n\n\n                            <div class=\"author d-flex align-items-center gap-2\">\n                    <img decoding=\"async\" alt=\"icon\" src=\"https:\/\/ga-p.com\/wp-content\/themes\/ga-p\/assets\/images\/author-icon.svg\" \/><span>\n                    Augusto Pi\u00f1el, Valentina Rodri\u0301guez, Mafalda Barreto, Clara Rivero, Leonor Rocha, Remedios Garci\u0301a                <\/span><\/div>\n            \n        <\/div>\n        <div class=\"openCard me-0 ms-auto\">\n            <img decoding=\"async\" alt=\"icon\" src=\"https:\/\/ga-p.com\/wp-content\/themes\/ga-p\/assets\/images\/arrow-open.svg\" \/>\n            <img decoding=\"async\" alt=\"icon\" src=\"https:\/\/ga-p.com\/wp-content\/themes\/ga-p\/assets\/images\/arrow-open.svg\" \/>\n        <\/div>\n    <\/div>\n<\/a>\n                            <\/div>\n                                                    <div class=\"swiper-slide y2025\">\n                                <a style=\"text-decoration: none\" href=\"https:\/\/ga-p.com\/pt-pt\/noticia\/ga_p-assessora-a-socimi-de-messi-na-celebracao-do-seu-acordo-com-a-melia\/\">\n    <div class=\"noticiaCard\">\n        <div class=\"content\">\n            <div class=\"tag\">NOT\u00cdCIAS<\/div>\n            <div class=\"titulo\">\n                GA_P assessora a Socimi de Messi na celebra\u00e7\u00e3o do seu acordo com a Meli\u00e1            <\/div>\n            <div class=\"excerpt\">\n                A G\u00f3mez-Acebo &#038; Pombo assessorou a Edificio Rostower (Socimi do jogador argentino Lionel Messi) na celebra\u00e7\u00e3o do seu acordo com a Meli\u00e1 Hotels International para a gest\u00e3o dos seis hot\u00e9is que operam sob a marca MiM.            <\/div>\n            <div class=\"fecha d-flex align-items-center gap-2\">\n                <img decoding=\"async\" alt=\"icon\" src=\"https:\/\/ga-p.com\/wp-content\/themes\/ga-p\/assets\/images\/clock-icon.svg\" \/>\n                13 Nov, 2025            <\/div>\n\n\n                            <div class=\"author d-flex align-items-center gap-2\">\n                    <img decoding=\"async\" alt=\"icon\" src=\"https:\/\/ga-p.com\/wp-content\/themes\/ga-p\/assets\/images\/author-icon.svg\" \/><span>\n                    Augusto Pi\u00f1el, Jacobo Palanca, Beatriz Dosd\u00e1, Javier Vinuesa, Iv\u00e1n Escribano, Enrique Isla, Carmen Garc\u00eda, B\u00e1rbara Sa\u00ednz de Vicun\u0303a, Mo\u0301nica Esteve                <\/span><\/div>\n            \n        <\/div>\n        <div class=\"openCard me-0 ms-auto\">\n            <img decoding=\"async\" alt=\"icon\" src=\"https:\/\/ga-p.com\/wp-content\/themes\/ga-p\/assets\/images\/arrow-open.svg\" \/>\n            <img decoding=\"async\" alt=\"icon\" src=\"https:\/\/ga-p.com\/wp-content\/themes\/ga-p\/assets\/images\/arrow-open.svg\" \/>\n        <\/div>\n    <\/div>\n<\/a>\n                            <\/div>\n                                                    <div class=\"swiper-slide y2025\">\n                                <a style=\"text-decoration: none\" href=\"https:\/\/ga-p.com\/pt-pt\/noticia\/ga_p-assessora-a-entrada-da-nomadar-no-nasdaq\/\">\n    <div class=\"noticiaCard\">\n        <div class=\"content\">\n            <div class=\"tag\">NOT\u00cdCIAS<\/div>\n            <div class=\"titulo\">\n                GA_P assessora a entrada da Nomadar no Nasdaq            <\/div>\n            <div class=\"excerpt\">\n                A G\u00f3mez-Acebo &#038; Pombo assessorou a Nomadar Corp. na sua entrada no Nasdaq Capital Market, sob o s\u00edmbolo \u201cNOMA\u201d. A opera\u00e7\u00e3o marca um passo estrat\u00e9gico importante para a empresa, que actua na intersec\u00e7\u00e3o entre desporto, turismo, tecnologia e sa\u00fade, refor\u00e7ando o seu plano de expans\u00e3o internacional e o desenvolvimento de projectos emblem\u00e1ticos.            <\/div>\n            <div class=\"fecha d-flex align-items-center gap-2\">\n                <img decoding=\"async\" alt=\"icon\" src=\"https:\/\/ga-p.com\/wp-content\/themes\/ga-p\/assets\/images\/clock-icon.svg\" \/>\n                07 Nov, 2025            <\/div>\n\n\n                            <div class=\"author d-flex align-items-center gap-2\">\n                    <img decoding=\"async\" alt=\"icon\" src=\"https:\/\/ga-p.com\/wp-content\/themes\/ga-p\/assets\/images\/author-icon.svg\" \/><span>\n                    Augusto Pi\u00f1el, Jacobo Palanca                <\/span><\/div>\n            \n        <\/div>\n        <div class=\"openCard me-0 ms-auto\">\n            <img decoding=\"async\" alt=\"icon\" src=\"https:\/\/ga-p.com\/wp-content\/themes\/ga-p\/assets\/images\/arrow-open.svg\" \/>\n            <img decoding=\"async\" alt=\"icon\" src=\"https:\/\/ga-p.com\/wp-content\/themes\/ga-p\/assets\/images\/arrow-open.svg\" \/>\n        <\/div>\n    <\/div>\n<\/a>\n                            <\/div>\n                                                    <div class=\"swiper-slide y2025\">\n                                <a style=\"text-decoration: none\" href=\"https:\/\/ga-p.com\/pt-pt\/noticia\/gomez-acebo-pombo-reconhecida-pela-iflr1000-entre-as-melhores-sociedades-de-advogados-transacionais-a-nivel-global\/\">\n    <div class=\"noticiaCard\">\n        <div class=\"content\">\n            <div class=\"tag\">NOT\u00cdCIAS<\/div>\n            <div class=\"titulo\">\n                G\u00f3mez-Acebo &amp; Pombo reconhecida pela IFLR1000 entre as melhores sociedades de advogados transacionais a n\u00edvel global            <\/div>\n            <div class=\"excerpt\">\n                O diret\u00f3rio IFLR1000 reconheceu a G\u00f3mez-Acebo &#038; Pombo entre os melhores escrit\u00f3rios a n\u00edvel global na sua \u00faltima edi\u00e7\u00e3o.            <\/div>\n            <div class=\"fecha d-flex align-items-center gap-2\">\n                <img decoding=\"async\" alt=\"icon\" src=\"https:\/\/ga-p.com\/wp-content\/themes\/ga-p\/assets\/images\/clock-icon.svg\" \/>\n                10 Oct, 2025            <\/div>\n\n\n                            <div class=\"author d-flex align-items-center gap-2\">\n                    <img decoding=\"async\" alt=\"icon\" src=\"https:\/\/ga-p.com\/wp-content\/themes\/ga-p\/assets\/images\/author-icon.svg\" \/><span>\n                    Rafael Aguilera, Vanessa Armas, Irene Are\u0301valo, Jose\u0301 Francisco Canalejas, Andr\u00e9s Castro, Ferran Foix, Francisco Gil, Santiago Go\u0301mez-Acebo, Fernando Herrero, Miguel Lamo de Espinosa, Rodrigo Lo\u0301pez, Josep Ortiz, Augusto Pi\u00f1el, Juan Pe\u0301rez, \u00c1lex Pujol, Antonio Rami\u0301rez, Ver\u00f3nica Roman\u00ed, Carlos Rueda, \u00c1lvaro Sainz, M\u00f3nica Weimann, Paula Zarzalejos                <\/span><\/div>\n            \n        <\/div>\n        <div class=\"openCard me-0 ms-auto\">\n            <img decoding=\"async\" alt=\"icon\" src=\"https:\/\/ga-p.com\/wp-content\/themes\/ga-p\/assets\/images\/arrow-open.svg\" \/>\n            <img decoding=\"async\" alt=\"icon\" src=\"https:\/\/ga-p.com\/wp-content\/themes\/ga-p\/assets\/images\/arrow-open.svg\" \/>\n        <\/div>\n    <\/div>\n<\/a>\n                            <\/div>\n                                                    <div class=\"swiper-slide y2025\">\n                                <a style=\"text-decoration: none\" href=\"https:\/\/ga-p.com\/pt-pt\/noticia\/ga_p-assessora-a-intrum-na-sua-reestruturacao-societaria\/\">\n    <div class=\"noticiaCard\">\n        <div class=\"content\">\n            <div class=\"tag\">NOT\u00cdCIAS<\/div>\n            <div class=\"titulo\">\n                GA_P assessora a Intrum na sua reestrutura\u00e7\u00e3o societ\u00e1ria            <\/div>\n            <div class=\"excerpt\">\n                A G\u00f3mez-Acebo &#038; Pombo assessorou a Intrum, fornecedora l\u00edder de servi\u00e7os de gest\u00e3o de cr\u00e9dito na Europa, nos aspetos espanh\u00f3is da reestrutura\u00e7\u00e3o societ\u00e1ria e financeira no valor de 4,4 mil milh\u00f5es de euros.            <\/div>\n            <div class=\"fecha d-flex align-items-center gap-2\">\n                <img decoding=\"async\" alt=\"icon\" src=\"https:\/\/ga-p.com\/wp-content\/themes\/ga-p\/assets\/images\/clock-icon.svg\" \/>\n                01 Aug, 2025            <\/div>\n\n\n                            <div class=\"author d-flex align-items-center gap-2\">\n                    <img decoding=\"async\" alt=\"icon\" src=\"https:\/\/ga-p.com\/wp-content\/themes\/ga-p\/assets\/images\/author-icon.svg\" \/><span>\n                    Augusto Pi\u00f1el, Ferran Foix, \u00c1lvaro Sainz, Valentina Rodri\u0301guez, Irene Medina                <\/span><\/div>\n            \n        <\/div>\n        <div class=\"openCard me-0 ms-auto\">\n            <img decoding=\"async\" alt=\"icon\" src=\"https:\/\/ga-p.com\/wp-content\/themes\/ga-p\/assets\/images\/arrow-open.svg\" \/>\n            <img decoding=\"async\" alt=\"icon\" src=\"https:\/\/ga-p.com\/wp-content\/themes\/ga-p\/assets\/images\/arrow-open.svg\" \/>\n        <\/div>\n    <\/div>\n<\/a>\n                            <\/div>\n                                                    <div class=\"swiper-slide y2025\">\n                                <a style=\"text-decoration: none\" href=\"https:\/\/ga-p.com\/pt-pt\/noticia\/ga_p-asesora-a-corporacion-financiera-alba-en-la-venta-de-profand-a-lucasinas\/\">\n    <div class=\"noticiaCard\">\n        <div class=\"content\">\n            <div class=\"tag\">NOT\u00cdCIAS<\/div>\n            <div class=\"titulo\">\n                GA_P assessora Corporaci\u00f3n Financiera Alba na venda de Profand a Lucasi\u00f1as            <\/div>\n            <div class=\"excerpt\">\n                G\u00f3mez-Acebo &#038; Pombo assessorou Corporaci\u00f3n Financiera Alba, sociedade de investimento cotada no Mercado Cont\u00ednuo, na venda de 23,7% da Profand \u00e0 Lucasi\u00f1as,  sociedade gestora de participa\u00e7\u00f5es sociais, por 127 milh\u00f5es de euros.            <\/div>\n            <div class=\"fecha d-flex align-items-center gap-2\">\n                <img decoding=\"async\" alt=\"icon\" src=\"https:\/\/ga-p.com\/wp-content\/themes\/ga-p\/assets\/images\/clock-icon.svg\" \/>\n                26 Mar, 2025            <\/div>\n\n\n                            <div class=\"author d-flex align-items-center gap-2\">\n                    <img decoding=\"async\" alt=\"icon\" src=\"https:\/\/ga-p.com\/wp-content\/themes\/ga-p\/assets\/images\/author-icon.svg\" \/><span>\n                    Augusto Pi\u00f1el, Andr\u00e9s Castro,                 <\/span><\/div>\n            \n        <\/div>\n        <div class=\"openCard me-0 ms-auto\">\n            <img decoding=\"async\" alt=\"icon\" src=\"https:\/\/ga-p.com\/wp-content\/themes\/ga-p\/assets\/images\/arrow-open.svg\" \/>\n            <img decoding=\"async\" alt=\"icon\" src=\"https:\/\/ga-p.com\/wp-content\/themes\/ga-p\/assets\/images\/arrow-open.svg\" \/>\n        <\/div>\n    <\/div>\n<\/a>\n                            <\/div>\n                                                    <div class=\"swiper-slide y2025\">\n                                <a style=\"text-decoration: none\" href=\"https:\/\/ga-p.com\/pt-pt\/noticia\/ga_p-asesora-a-edificio-rostower-en-su-salida-al-mercado-alternativo-portfolio-stock-exchange\/\">\n    <div class=\"noticiaCard\">\n        <div class=\"content\">\n            <div class=\"tag\">NOT\u00cdCIAS<\/div>\n            <div class=\"titulo\">\n                GA_P assessora Rostower Building na sua admiss\u00e3o \u00e0 cota\u00e7\u00e3o no mercado alternativo Portfolio Stock Exchange            <\/div>\n            <div class=\"excerpt\">\n                G\u00f3mez-Acebo &#038; Pombo assessora Edificio Rostower, a Socimi do futebolista argentino Lionel Messi, na sua admiss\u00e3o \u00e0 cota\u00e7\u00e3o no mercado alternativo Portfolio Stock Exchange, com uma capitaliza\u00e7\u00e3o de 223 milh\u00f5es de euros.            <\/div>\n            <div class=\"fecha d-flex align-items-center gap-2\">\n                <img decoding=\"async\" alt=\"icon\" src=\"https:\/\/ga-p.com\/wp-content\/themes\/ga-p\/assets\/images\/clock-icon.svg\" \/>\n                07 Jan, 2025            <\/div>\n\n\n                            <div class=\"author d-flex align-items-center gap-2\">\n                    <img decoding=\"async\" alt=\"icon\" src=\"https:\/\/ga-p.com\/wp-content\/themes\/ga-p\/assets\/images\/author-icon.svg\" \/><span>\n                    Augusto Pi\u00f1el, Valentina Rodri\u0301guez, Jacobo Palanca                <\/span><\/div>\n            \n        <\/div>\n        <div class=\"openCard me-0 ms-auto\">\n            <img decoding=\"async\" alt=\"icon\" src=\"https:\/\/ga-p.com\/wp-content\/themes\/ga-p\/assets\/images\/arrow-open.svg\" \/>\n            <img decoding=\"async\" alt=\"icon\" src=\"https:\/\/ga-p.com\/wp-content\/themes\/ga-p\/assets\/images\/arrow-open.svg\" \/>\n        <\/div>\n    <\/div>\n<\/a>\n                            <\/div>\n                                                    <div class=\"swiper-slide y2024\">\n                                <a style=\"text-decoration: none\" href=\"https:\/\/ga-p.com\/pt-pt\/noticia\/resultados-iflr1000\/\">\n    <div class=\"noticiaCard\">\n        <div class=\"content\">\n            <div class=\"tag\">NOT\u00cdCIAS<\/div>\n            <div class=\"titulo\">\n                Resultados IFLR1000            <\/div>\n            <div class=\"excerpt\">\n                Os resultados do diret\u00f3rio IFLR1000 foram recentemente publicados, destacando o nosso posicionamento em Restructuring &#038; Insolvency e Project Finance.            <\/div>\n            <div class=\"fecha d-flex align-items-center gap-2\">\n                <img decoding=\"async\" alt=\"icon\" src=\"https:\/\/ga-p.com\/wp-content\/themes\/ga-p\/assets\/images\/clock-icon.svg\" \/>\n                13 Sep, 2024            <\/div>\n\n\n                            <div class=\"author d-flex align-items-center gap-2\">\n                    <img decoding=\"async\" alt=\"icon\" src=\"https:\/\/ga-p.com\/wp-content\/themes\/ga-p\/assets\/images\/author-icon.svg\" \/><span>\n                    \u00c1lex Pujol, Carlos Rueda, Augusto Pi\u00f1el, , Fernando Herrero, Ferran Foix, Miguel Lamo de Espinosa, Rafael Aguilera, Ver\u00f3nica Roman\u00ed, Santiago Go\u0301mez-Acebo, Rodrigo Lo\u0301pez, Irene Are\u0301valo, Josep Ortiz, Paula Zarzalejos, Juan Pe\u0301rez, Filipa Cotta, Mafalda Barreto, Ricardo Campos, Filipe Santos Barata                <\/span><\/div>\n            \n        <\/div>\n        <div class=\"openCard me-0 ms-auto\">\n            <img decoding=\"async\" alt=\"icon\" src=\"https:\/\/ga-p.com\/wp-content\/themes\/ga-p\/assets\/images\/arrow-open.svg\" \/>\n            <img decoding=\"async\" alt=\"icon\" src=\"https:\/\/ga-p.com\/wp-content\/themes\/ga-p\/assets\/images\/arrow-open.svg\" \/>\n        <\/div>\n    <\/div>\n<\/a>\n                            <\/div>\n                                                    <div class=\"swiper-slide y2024\">\n                                <a style=\"text-decoration: none\" href=\"https:\/\/ga-p.com\/pt-pt\/noticia\/a-ga_p-presta-assessoria-ao-orange-bank-no-seu-acordo-com-o-bnp-paribas-para-a-transferencia-da-sua-atividade-bancaria-em-espanha\/\">\n    <div class=\"noticiaCard\">\n        <div class=\"content\">\n            <div class=\"tag\">NOT\u00cdCIAS<\/div>\n            <div class=\"titulo\">\n                A GA_P presta assessoria ao Orange Bank no seu acordo com o BNP Paribas para a transfer\u00eancia da sua atividade banc\u00e1ria em Espanha            <\/div>\n            <div class=\"excerpt\">\n                A G\u00f3mez-Acebo &amp; Pombo assessorou o banco franc\u00eas Orange Bank em v\u00e1rios acordos de negocia\u00e7\u00e3o com o banco franc\u00eas BNP Paribas para a transfer\u00eancia da sua atividade banc\u00e1ria em Espanha. Esta venda faz parte de uma opera\u00e7\u00e3o que inclui tamb\u00e9m a transfer\u00eancia da atividade banc\u00e1ria do Orange Bank em Fran\u00e7a para o BNP Paribas. Ap\u00f3s&#8230;            <\/div>\n            <div class=\"fecha d-flex align-items-center gap-2\">\n                <img decoding=\"async\" alt=\"icon\" src=\"https:\/\/ga-p.com\/wp-content\/themes\/ga-p\/assets\/images\/clock-icon.svg\" \/>\n                12 Mar, 2024            <\/div>\n\n\n                            <div class=\"author d-flex align-items-center gap-2\">\n                    <img decoding=\"async\" alt=\"icon\" src=\"https:\/\/ga-p.com\/wp-content\/themes\/ga-p\/assets\/images\/author-icon.svg\" \/><span>\n                    Augusto Pi\u00f1el, Jos\u00e9 Francisco Canalejas, , Javier Vinuesa, Andrew Ward, Oliver Padilla                <\/span><\/div>\n            \n        <\/div>\n        <div class=\"openCard me-0 ms-auto\">\n            <img decoding=\"async\" alt=\"icon\" src=\"https:\/\/ga-p.com\/wp-content\/themes\/ga-p\/assets\/images\/arrow-open.svg\" \/>\n            <img decoding=\"async\" alt=\"icon\" src=\"https:\/\/ga-p.com\/wp-content\/themes\/ga-p\/assets\/images\/arrow-open.svg\" \/>\n        <\/div>\n    <\/div>\n<\/a>\n                            <\/div>\n                                                    <div class=\"swiper-slide y2023\">\n                                <a style=\"text-decoration: none\" href=\"https:\/\/ga-p.com\/pt-pt\/noticia\/a-ga_p-assessora-a-nortem-biogroup-s-a-no-seu-ipo-na-euronext\/\">\n    <div class=\"noticiaCard\">\n        <div class=\"content\">\n            <div class=\"tag\">NOT\u00cdCIAS<\/div>\n            <div class=\"titulo\">\n                A GA_P assessora a Nortem Biogroup, S.A. no seu IPO na Euronext            <\/div>\n            <div class=\"excerpt\">\n                A G\u00f3mez-Acebo &amp; Pombo assessorou a Nortem Chem, S.A. (parte do Nortem Biogroup), empresa andaluza de tecnologia alimentar e o maior fabricante de \u00e1cido c\u00edtrico org\u00e2nico da Uni\u00e3o Europeia, no seu IPO na Euronext. A equipa da GA_P que assessorou o processo foi constitu\u00edda por Augusto Pi\u00f1el, Valentina Rodr\u00edguez, Jacobo Palanca e Irene Carre\u00f1o Ur\u00eda&#8230;            <\/div>\n            <div class=\"fecha d-flex align-items-center gap-2\">\n                <img decoding=\"async\" alt=\"icon\" src=\"https:\/\/ga-p.com\/wp-content\/themes\/ga-p\/assets\/images\/clock-icon.svg\" \/>\n                02 Oct, 2023            <\/div>\n\n\n                            <div class=\"author d-flex align-items-center gap-2\">\n                    <img decoding=\"async\" alt=\"icon\" src=\"https:\/\/ga-p.com\/wp-content\/themes\/ga-p\/assets\/images\/author-icon.svg\" \/><span>\n                    Augusto Pi\u00f1el, Valentina Rodri\u0301guez, Jacobo Palanca                <\/span><\/div>\n            \n        <\/div>\n        <div class=\"openCard me-0 ms-auto\">\n            <img decoding=\"async\" alt=\"icon\" src=\"https:\/\/ga-p.com\/wp-content\/themes\/ga-p\/assets\/images\/arrow-open.svg\" \/>\n            <img decoding=\"async\" alt=\"icon\" src=\"https:\/\/ga-p.com\/wp-content\/themes\/ga-p\/assets\/images\/arrow-open.svg\" \/>\n        <\/div>\n    <\/div>\n<\/a>\n                            <\/div>\n                                                    <div class=\"swiper-slide y2023\">\n                                <a style=\"text-decoration: none\" href=\"https:\/\/ga-p.com\/pt-pt\/noticia\/a-ga_p-presta-assessoria-a-eidf-num-contrato-de-financiamento-com-a-alpha-blue-ocean\/\">\n    <div class=\"noticiaCard\">\n        <div class=\"content\">\n            <div class=\"tag\">NOT\u00cdCIAS<\/div>\n            <div class=\"titulo\">\n                A GA_P presta assessoria \u00e0 EiDF num contrato de financiamento com a Alpha Blue Ocean            <\/div>\n            <div class=\"excerpt\">\n                A G\u00f3mez-Acebo &amp; Pombo assessorou a Energ\u00eda, Innovaci\u00f3n y Desarrollo Fotovoltaico, S.A. (EiDF), empresa l\u00edder em Espanha na instala\u00e7\u00e3o de pain\u00e9is solares para autoconsumo fotovoltaico em empresas, num contrato de financiamento, atrav\u00e9s da emiss\u00e3o de obriga\u00e7\u00f5es convert\u00edveis por um montante m\u00e1ximo de 20 milh\u00f5es de euros, celebrado com a Global Corporate Finance Opportunities 24 Ltd.,&#8230;            <\/div>\n            <div class=\"fecha d-flex align-items-center gap-2\">\n                <img decoding=\"async\" alt=\"icon\" src=\"https:\/\/ga-p.com\/wp-content\/themes\/ga-p\/assets\/images\/clock-icon.svg\" \/>\n                02 Oct, 2023            <\/div>\n\n\n                            <div class=\"author d-flex align-items-center gap-2\">\n                    <img decoding=\"async\" alt=\"icon\" src=\"https:\/\/ga-p.com\/wp-content\/themes\/ga-p\/assets\/images\/author-icon.svg\" \/><span>\n                    Augusto Pi\u00f1el, Jacobo Palanca                <\/span><\/div>\n            \n        <\/div>\n        <div class=\"openCard me-0 ms-auto\">\n            <img decoding=\"async\" alt=\"icon\" src=\"https:\/\/ga-p.com\/wp-content\/themes\/ga-p\/assets\/images\/arrow-open.svg\" \/>\n            <img decoding=\"async\" alt=\"icon\" src=\"https:\/\/ga-p.com\/wp-content\/themes\/ga-p\/assets\/images\/arrow-open.svg\" \/>\n        <\/div>\n    <\/div>\n<\/a>\n                            <\/div>\n                                                    <div class=\"swiper-slide y2023\">\n                                <a style=\"text-decoration: none\" href=\"https:\/\/ga-p.com\/pt-pt\/noticia\/real-decreto-lei-5-2023-de-28-de-junho-a-cura-e-melhor-que-a-doenca-el-confidencial\/\">\n    <div class=\"noticiaCard\">\n        <div class=\"content\">\n            <div class=\"tag\">NOT\u00cdCIAS<\/div>\n            <div class=\"titulo\">\n                Real Decreto-Lei 5\/2023 de 28 de junho: a cura \u00e9 \u00abmelhor\u00bb que a doen\u00e7a | El Confidencial            <\/div>\n            <div class=\"excerpt\">\n                Augusto Pi\u00f1el, s\u00f3cio de Comercial, fala ao El Confidencial sobre o Real Decreto-Lei 5\/2023 de 28 de junho de 2023, que adopta e prorroga determinadas medidas em resposta \u00e0s consequ\u00eancias econ\u00f3micas e sociais da guerra na Ucr\u00e2nia. &#8220;A forma como o regulamento foi aprovado com urg\u00eancia por decreto-lei real, devido ao avan\u00e7o eleitoral, impediu a&#8230;            <\/div>\n            <div class=\"fecha d-flex align-items-center gap-2\">\n                <img decoding=\"async\" alt=\"icon\" src=\"https:\/\/ga-p.com\/wp-content\/themes\/ga-p\/assets\/images\/clock-icon.svg\" \/>\n                14 Jul, 2023            <\/div>\n\n\n                            <div class=\"author d-flex align-items-center gap-2\">\n                    <img decoding=\"async\" alt=\"icon\" src=\"https:\/\/ga-p.com\/wp-content\/themes\/ga-p\/assets\/images\/author-icon.svg\" \/><span>\n                    Augusto Pi\u00f1el                <\/span><\/div>\n            \n        <\/div>\n        <div class=\"openCard me-0 ms-auto\">\n            <img decoding=\"async\" alt=\"icon\" src=\"https:\/\/ga-p.com\/wp-content\/themes\/ga-p\/assets\/images\/arrow-open.svg\" \/>\n            <img decoding=\"async\" alt=\"icon\" src=\"https:\/\/ga-p.com\/wp-content\/themes\/ga-p\/assets\/images\/arrow-open.svg\" \/>\n        <\/div>\n    <\/div>\n<\/a>\n                            <\/div>\n                                                    <div class=\"swiper-slide y2023\">\n                                <a style=\"text-decoration: none\" href=\"https:\/\/ga-p.com\/pt-pt\/noticia\/ga_p-assessora-a-intrum-na-aquisicao-da-haya-real-estate\/\">\n    <div class=\"noticiaCard\">\n        <div class=\"content\">\n            <div class=\"tag\">NOT\u00cdCIAS<\/div>\n            <div class=\"titulo\">\n                GA_P assessora a Intrum na aquisi\u00e7\u00e3o da Haya Real Estate            <\/div>\n            <div class=\"excerpt\">\n                A G\u00f3mez-Acebo &amp; Pombo assessorou a Intrum na aquisi\u00e7\u00e3o da plataforma espanhola de gest\u00e3o de activos Haya Real Estate \u00e0 Cerberus por 140 milh\u00f5es de euros. Esta transac\u00e7\u00e3o expande o forte franchise da Intrum em Espanha, um dos seus principais mercados e o segundo pa\u00eds mais rent\u00e1vel, aborda uma das suas prioridades estrat\u00e9gicas definidas para&#8230;            <\/div>\n            <div class=\"fecha d-flex align-items-center gap-2\">\n                <img decoding=\"async\" alt=\"icon\" src=\"https:\/\/ga-p.com\/wp-content\/themes\/ga-p\/assets\/images\/clock-icon.svg\" \/>\n                11 May, 2023            <\/div>\n\n\n                            <div class=\"author d-flex align-items-center gap-2\">\n                    <img decoding=\"async\" alt=\"icon\" src=\"https:\/\/ga-p.com\/wp-content\/themes\/ga-p\/assets\/images\/author-icon.svg\" \/><span>\n                    Augusto Pi\u00f1el, Valentina Rodri\u0301guez                <\/span><\/div>\n            \n        <\/div>\n        <div class=\"openCard me-0 ms-auto\">\n            <img decoding=\"async\" alt=\"icon\" src=\"https:\/\/ga-p.com\/wp-content\/themes\/ga-p\/assets\/images\/arrow-open.svg\" \/>\n            <img decoding=\"async\" alt=\"icon\" src=\"https:\/\/ga-p.com\/wp-content\/themes\/ga-p\/assets\/images\/arrow-open.svg\" \/>\n        <\/div>\n    <\/div>\n<\/a>\n                            <\/div>\n                                                    <div class=\"swiper-slide y2023\">\n                                <a style=\"text-decoration: none\" href=\"https:\/\/ga-p.com\/pt-pt\/noticia\/ga_p-presta-assessoria-a-tecnicas-reunidas-no-seu-aumento-de-capital\/\">\n    <div class=\"noticiaCard\">\n        <div class=\"content\">\n            <div class=\"tag\">NOT\u00cdCIAS<\/div>\n            <div class=\"titulo\">\n                GA_P presta assessoria \u00e0 T\u00e9cnicas Reunidas no seu aumento de capital            <\/div>\n            <div class=\"excerpt\">\n                A G\u00f3mez-Acebo &amp; Pombo prestou assessoria \u00e0 T\u00e9cnicas Reunidas no processo de aumento de capital no montante de 150 milh\u00f5es de euros, acordado esta segunda-feira, 10 de Abril, pelo seu Conselho de Administra\u00e7\u00e3o. O aumento de capital ser\u00e1 realizado atrav\u00e9s de entradas em dinheiro e com reconhecimento dos direitos de subscri\u00e7\u00e3o preventiva dos accionistas da&#8230;            <\/div>\n            <div class=\"fecha d-flex align-items-center gap-2\">\n                <img decoding=\"async\" alt=\"icon\" src=\"https:\/\/ga-p.com\/wp-content\/themes\/ga-p\/assets\/images\/clock-icon.svg\" \/>\n                10 Apr, 2023            <\/div>\n\n\n                            <div class=\"author d-flex align-items-center gap-2\">\n                    <img decoding=\"async\" alt=\"icon\" src=\"https:\/\/ga-p.com\/wp-content\/themes\/ga-p\/assets\/images\/author-icon.svg\" \/><span>\n                    Jacobo Palanca, Augusto Pi\u00f1el                <\/span><\/div>\n            \n        <\/div>\n        <div class=\"openCard me-0 ms-auto\">\n            <img decoding=\"async\" alt=\"icon\" src=\"https:\/\/ga-p.com\/wp-content\/themes\/ga-p\/assets\/images\/arrow-open.svg\" \/>\n            <img decoding=\"async\" alt=\"icon\" src=\"https:\/\/ga-p.com\/wp-content\/themes\/ga-p\/assets\/images\/arrow-open.svg\" \/>\n        <\/div>\n    <\/div>\n<\/a>\n                            <\/div>\n                                                    <div class=\"swiper-slide y2022\">\n                                <a style=\"text-decoration: none\" href=\"https:\/\/ga-p.com\/pt-pt\/noticia\/ga_p-aconselha-tecnicas-reunidas-sobre-o-registo-de-um-novo-programa-de-emissao-de-obrigacoes\/\">\n    <div class=\"noticiaCard\">\n        <div class=\"content\">\n            <div class=\"tag\">NOT\u00cdCIAS<\/div>\n            <div class=\"titulo\">\n                GA_P aconselha T\u00e9cnicas Reunidas sobre o registo de um novo programa de emiss\u00e3o de obriga\u00e7\u00f5es            <\/div>\n            <div class=\"excerpt\">\n                GA_P assessorou a empresa T\u00e9cnicas Reunidas, uma multinacional espanhola, sobre o estabelecimento de um novo programa de obriga\u00e7\u00f5es num montante m\u00e1ximo de 100 milh\u00f5es de euros. O programa foi aprovado hoje pelo Mercado Alternativo de Renta Fija (MARF). T\u00e9cnicas Reunidas, uma empresa de engenharia centrada no ambiente e na energia, est\u00e1 mais uma vez a&#8230;            <\/div>\n            <div class=\"fecha d-flex align-items-center gap-2\">\n                <img decoding=\"async\" alt=\"icon\" src=\"https:\/\/ga-p.com\/wp-content\/themes\/ga-p\/assets\/images\/clock-icon.svg\" \/>\n                16 Dec, 2022            <\/div>\n\n\n                            <div class=\"author d-flex align-items-center gap-2\">\n                    <img decoding=\"async\" alt=\"icon\" src=\"https:\/\/ga-p.com\/wp-content\/themes\/ga-p\/assets\/images\/author-icon.svg\" \/><span>\n                    Augusto Pi\u00f1el, Jacobo Palanca                <\/span><\/div>\n            \n        <\/div>\n        <div class=\"openCard me-0 ms-auto\">\n            <img decoding=\"async\" alt=\"icon\" src=\"https:\/\/ga-p.com\/wp-content\/themes\/ga-p\/assets\/images\/arrow-open.svg\" \/>\n            <img decoding=\"async\" alt=\"icon\" src=\"https:\/\/ga-p.com\/wp-content\/themes\/ga-p\/assets\/images\/arrow-open.svg\" \/>\n        <\/div>\n    <\/div>\n<\/a>\n                            <\/div>\n                                                    <div class=\"swiper-slide y2022\">\n                                <a style=\"text-decoration: none\" href=\"https:\/\/ga-p.com\/pt-pt\/noticia\/ga_p-assessora-a-empresa-solventis-na-incorporacao-da-seresco-ao-crescimento-bme\/\">\n    <div class=\"noticiaCard\">\n        <div class=\"content\">\n            <div class=\"tag\">NOT\u00cdCIAS<\/div>\n            <div class=\"titulo\">\n                GA_P assessora a Empresa Solventis na incorpora\u00e7\u00e3o da Seresco ao Crescimento BME            <\/div>\n            <div class=\"excerpt\">\n                A G\u00f3mez-Acebo &amp; Pombo aconselhou o grupo Solventis como subscritor no processo de incorpora\u00e7\u00e3o da SERESCO no crescimento da BME. Com a sua IPO, a SERESCO tornar-se-\u00e1 a d\u00e9cima terceira empresa a juntar-se \u00e0 BME Growth at\u00e9 agora este ano e a terceira no sector da tecnologia. A SERESCO \u00e9 uma empresa tecnol\u00f3gica que fornece&#8230;            <\/div>\n            <div class=\"fecha d-flex align-items-center gap-2\">\n                <img decoding=\"async\" alt=\"icon\" src=\"https:\/\/ga-p.com\/wp-content\/themes\/ga-p\/assets\/images\/clock-icon.svg\" \/>\n                01 Dec, 2022            <\/div>\n\n\n                            <div class=\"author d-flex align-items-center gap-2\">\n                    <img decoding=\"async\" alt=\"icon\" src=\"https:\/\/ga-p.com\/wp-content\/themes\/ga-p\/assets\/images\/author-icon.svg\" \/><span>\n                    Augusto Pi\u00f1el, Jacobo Palanca,                 <\/span><\/div>\n            \n        <\/div>\n        <div class=\"openCard me-0 ms-auto\">\n            <img decoding=\"async\" alt=\"icon\" src=\"https:\/\/ga-p.com\/wp-content\/themes\/ga-p\/assets\/images\/arrow-open.svg\" \/>\n            <img decoding=\"async\" alt=\"icon\" src=\"https:\/\/ga-p.com\/wp-content\/themes\/ga-p\/assets\/images\/arrow-open.svg\" \/>\n        <\/div>\n    <\/div>\n<\/a>\n                            <\/div>\n                                            <\/div>\n                <\/div>\n            <\/div>\n                    <\/div>\n    <div class=\"swiperPagination\">\n        <div class=\"container\">\n            <div class=\"row\">\n                <div class=\"col-6 col-lg-12 swiperBulletsMobile\">\n                    <div class=\"swiperBullets swiperRecPagination active\" data-bullets=\"#nav-reconocimientos\"><\/div>\n                    <div class=\"swiperBullets swiperNotPagination\" data-bullets=\"#nav-noticias\"><\/div>\n                    <div class=\"swiperBullets swiperComPagination\" data-bullets=\"#nav-comit\u00e9s\"><\/div>\n                <\/div>\n                <div class=\"d-block d-lg-none col-6 swiperArrowsMobile\">\n                    <div class=\"swiperRecArrows swiperArrows active\" data-arrows=\"#nav-reconocimientos\">\n                        <div class=\"d-flex align-items-center gap-4 justify-content-end\">\n                            <div class=\"swiper-button-prev\"><img decoding=\"async\" alt=\"icon\" src=\"https:\/\/ga-p.com\/wp-content\/themes\/ga-p\/assets\/images\/slider-arrow.svg\" \/><\/div>\n                            <div class=\"swiper-button-next\"><img decoding=\"async\" alt=\"icon\" src=\"https:\/\/ga-p.com\/wp-content\/themes\/ga-p\/assets\/images\/slider-arrow.svg\" \/><\/div>\n                        <\/div>\n                    <\/div>\n                    <div class=\"swiperNotArrows swiperArrows\" data-arrows=\"#nav-noticias\">\n                        <div class=\"d-flex align-items-center gap-4 justify-content-end\">\n                            <div class=\"swiper-button-prev\"><img decoding=\"async\" alt=\"icon\" src=\"https:\/\/ga-p.com\/wp-content\/themes\/ga-p\/assets\/images\/slider-arrow.svg\" \/><\/div>\n                            <div class=\"swiper-button-next\"><img decoding=\"async\" alt=\"icon\" src=\"https:\/\/ga-p.com\/wp-content\/themes\/ga-p\/assets\/images\/slider-arrow.svg\" \/><\/div>\n                        <\/div>\n                    <\/div>\n                    <div class=\"swiperComArrows swiperArrows\" data-arrows=\"#nav-comit\u00e9s\">\n                        <div class=\"d-flex align-items-center gap-4 justify-content-end\">\n                            <div class=\"swiper-button-prev\"><img decoding=\"async\" alt=\"icon\" src=\"https:\/\/ga-p.com\/wp-content\/themes\/ga-p\/assets\/images\/slider-arrow.svg\" \/><\/div>\n                            <div class=\"swiper-button-next\"><img decoding=\"async\" alt=\"icon\" src=\"https:\/\/ga-p.com\/wp-content\/themes\/ga-p\/assets\/images\/slider-arrow.svg\" \/><\/div>\n                        <\/div>\n                    <\/div>\n                <\/div>\n            <\/div>\n        <\/div>\n    <\/div>\n<\/div>\n\n<script>\n    const opciones_participacion_array = [\n                {label: '2026', value: 'y2026'},\n                {label: '2025', value: 'y2025'},\n                {label: '2024', value: 'y2024'},\n                {label: '2023', value: 'y2023'},\n                {label: '2022', value: 'y2022'},\n                {label: '2021', value: 'y2021'},\n                {label: '2020', value: 'y2020'},\n                {label: '2019', value: 'y2019'},\n            ]\n<\/script>\n\n        ","protected":false},"excerpt":{"rendered":"","protected":false},"featured_media":296169,"template":"","cargo":[203],"cargo-por-genero":[],"personas-categoria":[],"class_list":["post-67662","persona","type-persona","status-publish","has-post-thumbnail","hentry","cargo-socio-pt-pt"],"acf":[],"yoast_head":"<!-- This site is optimized with the Yoast SEO plugin v27.3 - https:\/\/yoast.com\/product\/yoast-seo-wordpress\/ -->\n<title>Augusto Pi\u00f1el - Despacho de abogados G\u00f3mez-Acebo &amp; Pombo<\/title>\n<meta name=\"description\" content=\"Augusto \u00e9 s\u00f3cio de Corporate e M&amp;A da G\u00f3mez-Acebo &amp; Pombo. \u00c9 especialista em mercados de valores mobili\u00e1rios.\" \/>\n<meta name=\"robots\" content=\"index, follow, max-snippet:-1, max-image-preview:large, max-video-preview:-1\" \/>\n<link rel=\"canonical\" href=\"https:\/\/ga-p.com\/pt-pt\/pessoa\/augusto-pinel\/\" \/>\n<meta property=\"og:locale\" content=\"pt_PT\" \/>\n<meta property=\"og:type\" content=\"article\" \/>\n<meta property=\"og:title\" content=\"Augusto Pi\u00f1el - Despacho de abogados G\u00f3mez-Acebo &amp; Pombo\" \/>\n<meta property=\"og:description\" content=\"Augusto \u00e9 s\u00f3cio de Corporate e M&amp;A da G\u00f3mez-Acebo &amp; Pombo. \u00c9 especialista em mercados de valores mobili\u00e1rios.\" \/>\n<meta property=\"og:url\" content=\"https:\/\/ga-p.com\/pt-pt\/pessoa\/augusto-pinel\/\" \/>\n<meta property=\"og:site_name\" content=\"Despacho de abogados G\u00f3mez-Acebo &amp; Pombo\" \/>\n<meta property=\"article:modified_time\" content=\"2025-01-20T08:57:37+00:00\" \/>\n<meta property=\"og:image\" content=\"https:\/\/ga-p.com\/wp-content\/uploads\/2024\/06\/Augusto-Pinel.png\" \/>\n\t<meta property=\"og:image:width\" content=\"424\" \/>\n\t<meta property=\"og:image:height\" content=\"424\" \/>\n\t<meta property=\"og:image:type\" content=\"image\/png\" \/>\n<meta name=\"twitter:card\" content=\"summary_large_image\" \/>\n<meta name=\"twitter:label1\" content=\"Tempo estimado de leitura\" \/>\n\t<meta name=\"twitter:data1\" content=\"1 minuto\" \/>\n<script type=\"application\/ld+json\" class=\"yoast-schema-graph\">{\"@context\":\"https:\\\/\\\/schema.org\",\"@graph\":[{\"@type\":\"WebPage\",\"@id\":\"https:\\\/\\\/ga-p.com\\\/pt-pt\\\/pessoa\\\/augusto-pinel\\\/\",\"url\":\"https:\\\/\\\/ga-p.com\\\/pt-pt\\\/pessoa\\\/augusto-pinel\\\/\",\"name\":\"Augusto Pi\u00f1el - Despacho de abogados G\u00f3mez-Acebo &amp; Pombo\",\"isPartOf\":{\"@id\":\"https:\\\/\\\/ga-p.com\\\/pt-pt\\\/#website\"},\"primaryImageOfPage\":{\"@id\":\"https:\\\/\\\/ga-p.com\\\/pt-pt\\\/pessoa\\\/augusto-pinel\\\/#primaryimage\"},\"image\":{\"@id\":\"https:\\\/\\\/ga-p.com\\\/pt-pt\\\/pessoa\\\/augusto-pinel\\\/#primaryimage\"},\"thumbnailUrl\":\"https:\\\/\\\/ga-p.com\\\/wp-content\\\/uploads\\\/2024\\\/06\\\/Augusto-Pinel.png\",\"datePublished\":\"2024-06-26T11:54:28+00:00\",\"dateModified\":\"2025-01-20T08:57:37+00:00\",\"description\":\"Augusto \u00e9 s\u00f3cio de Corporate e M&A da G\u00f3mez-Acebo & Pombo. \u00c9 especialista em mercados de valores mobili\u00e1rios.\",\"breadcrumb\":{\"@id\":\"https:\\\/\\\/ga-p.com\\\/pt-pt\\\/pessoa\\\/augusto-pinel\\\/#breadcrumb\"},\"inLanguage\":\"pt-PT\",\"potentialAction\":[{\"@type\":\"ReadAction\",\"target\":[\"https:\\\/\\\/ga-p.com\\\/pt-pt\\\/pessoa\\\/augusto-pinel\\\/\"]}]},{\"@type\":\"ImageObject\",\"inLanguage\":\"pt-PT\",\"@id\":\"https:\\\/\\\/ga-p.com\\\/pt-pt\\\/pessoa\\\/augusto-pinel\\\/#primaryimage\",\"url\":\"https:\\\/\\\/ga-p.com\\\/wp-content\\\/uploads\\\/2024\\\/06\\\/Augusto-Pinel.png\",\"contentUrl\":\"https:\\\/\\\/ga-p.com\\\/wp-content\\\/uploads\\\/2024\\\/06\\\/Augusto-Pinel.png\",\"width\":424,\"height\":424,\"caption\":\"Augusto Pi\u00f1el\"},{\"@type\":\"BreadcrumbList\",\"@id\":\"https:\\\/\\\/ga-p.com\\\/pt-pt\\\/pessoa\\\/augusto-pinel\\\/#breadcrumb\",\"itemListElement\":[{\"@type\":\"ListItem\",\"position\":1,\"name\":\"Portada\",\"item\":\"https:\\\/\\\/ga-p.com\\\/pt-pt\\\/\"},{\"@type\":\"ListItem\",\"position\":2,\"name\":\"Augusto Pi\u00f1el\"}]},{\"@type\":\"WebSite\",\"@id\":\"https:\\\/\\\/ga-p.com\\\/pt-pt\\\/#website\",\"url\":\"https:\\\/\\\/ga-p.com\\\/pt-pt\\\/\",\"name\":\"Despacho de abogados G\u00f3mez-Acebo & Pombo\",\"description\":\"G\u00f3mez-Acebo &amp; Pombo es una firma de abogados independiente, con experiencia internacional, especializada en todas las \u00e1reas del derecho de los negocio.\",\"publisher\":{\"@id\":\"https:\\\/\\\/ga-p.com\\\/pt-pt\\\/#organization\"},\"potentialAction\":[{\"@type\":\"SearchAction\",\"target\":{\"@type\":\"EntryPoint\",\"urlTemplate\":\"https:\\\/\\\/ga-p.com\\\/pt-pt\\\/?s={search_term_string}\"},\"query-input\":{\"@type\":\"PropertyValueSpecification\",\"valueRequired\":true,\"valueName\":\"search_term_string\"}}],\"inLanguage\":\"pt-PT\"},{\"@type\":\"Organization\",\"@id\":\"https:\\\/\\\/ga-p.com\\\/pt-pt\\\/#organization\",\"name\":\"Despacho de abogados G\u00f3mez-Acebo & Pombo\",\"url\":\"https:\\\/\\\/ga-p.com\\\/pt-pt\\\/\",\"logo\":{\"@type\":\"ImageObject\",\"inLanguage\":\"pt-PT\",\"@id\":\"https:\\\/\\\/ga-p.com\\\/pt-pt\\\/#\\\/schema\\\/logo\\\/image\\\/\",\"url\":\"https:\\\/\\\/ga-p.com\\\/wp-content\\\/uploads\\\/2024\\\/09\\\/Logo-1-1.svg\",\"contentUrl\":\"https:\\\/\\\/ga-p.com\\\/wp-content\\\/uploads\\\/2024\\\/09\\\/Logo-1-1.svg\",\"caption\":\"Despacho de abogados G\u00f3mez-Acebo & Pombo\"},\"image\":{\"@id\":\"https:\\\/\\\/ga-p.com\\\/pt-pt\\\/#\\\/schema\\\/logo\\\/image\\\/\"}}]}<\/script>\n<!-- \/ Yoast SEO plugin. -->","yoast_head_json":{"title":"Augusto Pi\u00f1el - Despacho de abogados G\u00f3mez-Acebo &amp; Pombo","description":"Augusto \u00e9 s\u00f3cio de Corporate e M&A da G\u00f3mez-Acebo & Pombo. \u00c9 especialista em mercados de valores mobili\u00e1rios.","robots":{"index":"index","follow":"follow","max-snippet":"max-snippet:-1","max-image-preview":"max-image-preview:large","max-video-preview":"max-video-preview:-1"},"canonical":"https:\/\/ga-p.com\/pt-pt\/pessoa\/augusto-pinel\/","og_locale":"pt_PT","og_type":"article","og_title":"Augusto Pi\u00f1el - Despacho de abogados G\u00f3mez-Acebo &amp; Pombo","og_description":"Augusto \u00e9 s\u00f3cio de Corporate e M&A da G\u00f3mez-Acebo & Pombo. \u00c9 especialista em mercados de valores mobili\u00e1rios.","og_url":"https:\/\/ga-p.com\/pt-pt\/pessoa\/augusto-pinel\/","og_site_name":"Despacho de abogados G\u00f3mez-Acebo &amp; Pombo","article_modified_time":"2025-01-20T08:57:37+00:00","og_image":[{"width":424,"height":424,"url":"https:\/\/ga-p.com\/wp-content\/uploads\/2024\/06\/Augusto-Pinel.png","type":"image\/png"}],"twitter_card":"summary_large_image","twitter_misc":{"Tempo estimado de leitura":"1 minuto"},"schema":{"@context":"https:\/\/schema.org","@graph":[{"@type":"WebPage","@id":"https:\/\/ga-p.com\/pt-pt\/pessoa\/augusto-pinel\/","url":"https:\/\/ga-p.com\/pt-pt\/pessoa\/augusto-pinel\/","name":"Augusto Pi\u00f1el - Despacho de abogados G\u00f3mez-Acebo &amp; Pombo","isPartOf":{"@id":"https:\/\/ga-p.com\/pt-pt\/#website"},"primaryImageOfPage":{"@id":"https:\/\/ga-p.com\/pt-pt\/pessoa\/augusto-pinel\/#primaryimage"},"image":{"@id":"https:\/\/ga-p.com\/pt-pt\/pessoa\/augusto-pinel\/#primaryimage"},"thumbnailUrl":"https:\/\/ga-p.com\/wp-content\/uploads\/2024\/06\/Augusto-Pinel.png","datePublished":"2024-06-26T11:54:28+00:00","dateModified":"2025-01-20T08:57:37+00:00","description":"Augusto \u00e9 s\u00f3cio de Corporate e M&A da G\u00f3mez-Acebo & Pombo. \u00c9 especialista em mercados de valores mobili\u00e1rios.","breadcrumb":{"@id":"https:\/\/ga-p.com\/pt-pt\/pessoa\/augusto-pinel\/#breadcrumb"},"inLanguage":"pt-PT","potentialAction":[{"@type":"ReadAction","target":["https:\/\/ga-p.com\/pt-pt\/pessoa\/augusto-pinel\/"]}]},{"@type":"ImageObject","inLanguage":"pt-PT","@id":"https:\/\/ga-p.com\/pt-pt\/pessoa\/augusto-pinel\/#primaryimage","url":"https:\/\/ga-p.com\/wp-content\/uploads\/2024\/06\/Augusto-Pinel.png","contentUrl":"https:\/\/ga-p.com\/wp-content\/uploads\/2024\/06\/Augusto-Pinel.png","width":424,"height":424,"caption":"Augusto Pi\u00f1el"},{"@type":"BreadcrumbList","@id":"https:\/\/ga-p.com\/pt-pt\/pessoa\/augusto-pinel\/#breadcrumb","itemListElement":[{"@type":"ListItem","position":1,"name":"Portada","item":"https:\/\/ga-p.com\/pt-pt\/"},{"@type":"ListItem","position":2,"name":"Augusto Pi\u00f1el"}]},{"@type":"WebSite","@id":"https:\/\/ga-p.com\/pt-pt\/#website","url":"https:\/\/ga-p.com\/pt-pt\/","name":"Despacho de abogados G\u00f3mez-Acebo & Pombo","description":"G\u00f3mez-Acebo &amp; Pombo es una firma de abogados independiente, con experiencia internacional, especializada en todas las \u00e1reas del derecho de los negocio.","publisher":{"@id":"https:\/\/ga-p.com\/pt-pt\/#organization"},"potentialAction":[{"@type":"SearchAction","target":{"@type":"EntryPoint","urlTemplate":"https:\/\/ga-p.com\/pt-pt\/?s={search_term_string}"},"query-input":{"@type":"PropertyValueSpecification","valueRequired":true,"valueName":"search_term_string"}}],"inLanguage":"pt-PT"},{"@type":"Organization","@id":"https:\/\/ga-p.com\/pt-pt\/#organization","name":"Despacho de abogados G\u00f3mez-Acebo & Pombo","url":"https:\/\/ga-p.com\/pt-pt\/","logo":{"@type":"ImageObject","inLanguage":"pt-PT","@id":"https:\/\/ga-p.com\/pt-pt\/#\/schema\/logo\/image\/","url":"https:\/\/ga-p.com\/wp-content\/uploads\/2024\/09\/Logo-1-1.svg","contentUrl":"https:\/\/ga-p.com\/wp-content\/uploads\/2024\/09\/Logo-1-1.svg","caption":"Despacho de abogados G\u00f3mez-Acebo & Pombo"},"image":{"@id":"https:\/\/ga-p.com\/pt-pt\/#\/schema\/logo\/image\/"}}]}},"_links":{"self":[{"href":"https:\/\/ga-p.com\/pt-pt\/wp-json\/wp\/v2\/persona\/67662","targetHints":{"allow":["GET"]}}],"collection":[{"href":"https:\/\/ga-p.com\/pt-pt\/wp-json\/wp\/v2\/persona"}],"about":[{"href":"https:\/\/ga-p.com\/pt-pt\/wp-json\/wp\/v2\/types\/persona"}],"wp:featuredmedia":[{"embeddable":true,"href":"https:\/\/ga-p.com\/pt-pt\/wp-json\/wp\/v2\/media\/296169"}],"wp:attachment":[{"href":"https:\/\/ga-p.com\/pt-pt\/wp-json\/wp\/v2\/media?parent=67662"}],"wp:term":[{"taxonomy":"cargo","embeddable":true,"href":"https:\/\/ga-p.com\/pt-pt\/wp-json\/wp\/v2\/cargo?post=67662"},{"taxonomy":"cargo-por-genero","embeddable":true,"href":"https:\/\/ga-p.com\/pt-pt\/wp-json\/wp\/v2\/cargo-por-genero?post=67662"},{"taxonomy":"personas-categoria","embeddable":true,"href":"https:\/\/ga-p.com\/pt-pt\/wp-json\/wp\/v2\/personas-categoria?post=67662"}],"curies":[{"name":"wp","href":"https:\/\/api.w.org\/{rel}","templated":true}]}}