{"id":67905,"date":"2024-06-26T14:29:14","date_gmt":"2024-06-26T12:29:14","guid":{"rendered":"https:\/\/ga-p.com\/persona\/pedro-poveda\/"},"modified":"2024-09-16T09:55:16","modified_gmt":"2024-09-16T07:55:16","slug":"pedro-poveda","status":"publish","type":"persona","link":"https:\/\/ga-p.com\/pt-pt\/pessoa\/pedro-poveda\/","title":{"rendered":"Pedro Poveda"},"content":{"rendered":"\n\n<div id=\"Volver-block_e1a03489feabb504b4426ff1ec8728ff\" class=\"d-none d-lg-block Volver\" style=\"background-color: #FFFFFF\">\n    <div class=\"container\">\n        <div class=\"row\">\n            <div class=\"col-12\">\n                <div class=\"backTo d-flex align-items-center gap-2\" onclick=\"window.location.href='https:\/\/ga-p.com\/pt-pt\/pessoas\/';\">\n                    <img decoding=\"async\" alt=\"icon\" src=\"https:\/\/ga-p.com\/wp-content\/themes\/ga-p\/assets\/images\/left-arrow-orange.svg\" \/>\n                    <div class=\"text\">Regressar a <strong>Pessoas<\/strong><\/div>\n                <\/div>\n            <\/div>\n        <\/div>\n    <\/div>\n<\/div>\n\n\n\n<div id=\"PersonaHeader-block_7108a367ced0ce7c5e6c1fd3559b66d1\" class=\"PersonaHeader\">\n    <div class=\"customContainer right\">\n        <div class=\"content\" style=\"background-image:url(https:\/\/ga-p.com\/wp-content\/uploads\/2024\/05\/Fondo-personas-nueva-web.webp)\">\n            <img fetchpriority=\"high\" decoding=\"async\" width=\"424\" height=\"424\" src=\"https:\/\/ga-p.com\/wp-content\/uploads\/2024\/06\/Pedro-Poveda.png\" class=\"personaThumb wp-post-image\" alt=\"Pedro Poveda\" loading=\"eager\" srcset=\"https:\/\/ga-p.com\/wp-content\/uploads\/2024\/06\/Pedro-Poveda.png 424w, https:\/\/ga-p.com\/wp-content\/uploads\/2024\/06\/Pedro-Poveda-300x300.png 300w, https:\/\/ga-p.com\/wp-content\/uploads\/2024\/06\/Pedro-Poveda-150x150.png 150w\" sizes=\"(max-width: 424px) 100vw, 424px\" \/>        <\/div>\n        <h1 class=\"col-lg-4 col-12 p-0 title\">Pedro Poveda<\/h1>\n    <\/div>\n    <div class=\"personalFixedTitle d-block d-md-none\">\n        <div class=\"container\">\n            <div class=\"row\">\n                <div class=\"col-12\">\n                    <div class=\"personalFixed\">\n                        <img decoding=\"async\" width=\"424\" height=\"424\" src=\"https:\/\/ga-p.com\/wp-content\/uploads\/2024\/06\/Pedro-Poveda.png\" class=\"personaThumb wp-post-image\" alt=\"Pedro Poveda\" loading=\"eager\" style=\"background-image:url(https:\/\/ga-p.com\/wp-content\/uploads\/2024\/05\/Fondo-personas-nueva-web.webp)\" srcset=\"https:\/\/ga-p.com\/wp-content\/uploads\/2024\/06\/Pedro-Poveda.png 424w, https:\/\/ga-p.com\/wp-content\/uploads\/2024\/06\/Pedro-Poveda-300x300.png 300w, https:\/\/ga-p.com\/wp-content\/uploads\/2024\/06\/Pedro-Poveda-150x150.png 150w\" sizes=\"(max-width: 424px) 100vw, 424px\" \/>                        <div class=\"modalTitle\">Pedro Poveda<\/div>\n                    <\/div>\n                <\/div>\n            <\/div>\n        <\/div>\n    <\/div>\n    <style>\n        .PersonaHeader{opacity:0;}\n    <\/style>\n<\/div>\n\n<div class=\"personaCV\" style=\"display:none\">\n    <div class=\"container\">\n        <a class=\"primaryCta scaleFromLeft rotateIcon\" id=\"cv\"><span>Ver curr\u00edculo completo<\/span>\n            <div class=\"containerImg\"><img decoding=\"async\" alt=\"icon\" src=\"https:\/\/ga-p.com\/wp-content\/themes\/ga-p\/assets\/images\/external-icon.svg\" \/><\/div>\n        <\/a>\n    <\/div>\n    <script>\n        const post_name_persona=\"pedro-poveda\";\n    <\/script>\n<\/div>\n\n\n\n<div class=\"pdf\" style=\"display:none\">\n    <div class=\"PersonaHeaderCV\">\n        <div class=\"customContainer right\">\n            <div class=\"content\" style=\"background-image:url(https:\/\/ga-p.com\/wp-content\/uploads\/2024\/05\/Fondo-personas-nueva-web.webp)\">\n                <img decoding=\"async\" src=\"https:\/\/ga-p.com\/wp-content\/uploads\/2024\/06\/Pedro-Poveda.png\" class=\"personaThumb\">\n            <\/div>\n        <\/div>\n    <\/div>\n\n    <div class=\"PersonaInformacionCV container\">\n        <div class=\"personal_office col-6 offset-6\">\n            <div class=\"personal\">\n                                    <div class=\"info\">\n                        <div class=\"title\">Posi\u00e7ao<\/div>\n                        <div class=\"text\">S\u00f3cio<\/div>\n                    <\/div>\n                \n                                    <div class=\"info\">\n                        <div class=\"title\">Telefone<\/div>\n                        <div class=\"text\">+34 91 582 91 00<\/div>\n                    <\/div>\n                                                    <div class=\"info\">\n                        <div class=\"title\">Email<\/div>\n                        <div class=\"text\">ppoveda@ga-p.com<\/div>\n                    <\/div>\n                                                    <div class=\"info\">\n                        <div class=\"title\">N\u00ba de colegiado<\/div>\n                        <div class=\"text\">76.411 ICAM<\/div>\n                    <\/div>\n                                            <\/div>\n                            <div class=\"office\">\n                    <div class=\"title\">Escrit\u00f3rio de Madrid<\/div>\n                                            <div class=\"d-flex align-item-center gap-2 mb-2\">\n                            <img decoding=\"async\" alt=\"icon\" src=\"https:\/\/ga-p.com\/wp-content\/themes\/ga-p\/assets\/images\/office-primary.svg\" \/>\n                            <div class=\"text\">Paseo de la Castellana, 216. 28046 Madrid (Espa\u00f1a)<\/div>\n                        <\/div>\n                                                                <div class=\"d-flex align-item-center gap-2 mb-2\">\n                            <img decoding=\"async\" alt=\"icon\" src=\"https:\/\/ga-p.com\/wp-content\/themes\/ga-p\/assets\/images\/mobile-primary.svg\" \/>\n                            <div class=\"text\">(+34) 91 582 91 00<\/div>\n                        <\/div>\n                                                                <div class=\"d-flex align-item-center gap-2\">\n                            <img decoding=\"async\" alt=\"icon\" src=\"https:\/\/ga-p.com\/wp-content\/themes\/ga-p\/assets\/images\/email-primary.svg\" \/>\n                            <div class=\"text\">madrid@ga-p.com<\/div>\n                        <\/div>\n                                    <\/div>\n                    <\/div>\n    <\/div>\n\n    <div class=\"container\">\n        <div class=\"row\">\n            <div class=\"col-6 izquierda\">\n                <div class=\"title\">Pedro Poveda<\/div>\n            <\/div>\n            <div class=\"col-6 derecha\">\n            <\/div>\n        <\/div>\n    <\/div>\n<\/div>\n\n<div id=\"ColumnaContenido-block_f7bc50b82db98bc2f2ec86fbcfac2ef8\" class=\"transparente ColumnaContenido\">\n    <div class=\"container\">\n        <div class=\"row\">\n            <div class=\"col-12 col-lg-7 offset-lg-5\">\n                <div class=\"acf-innerblocks-container\">\n\n\n<div id=\"PersonaInformacion-block_788859a59bc6af171130cff1332c26df\" class=\"PersonaInformacion\">\n\n    <div class=\"personal_office\">\n        <div class=\"personal\">\n\n                            <div class=\"info\">\n                    <div class=\"title\">Posi\u00e7ao<\/div>\n                    <div class=\"text\">S\u00f3cio<\/div>\n                <\/div>\n            \n                        <div class=\"info\">\n                <div class=\"title\">Telefone<\/div>\n                <div class=\"text\">+34 91 582 91 00<\/div>\n            <\/div>\n                                        <div class=\"info\">\n                    <div class=\"title\">Email<\/div>\n                    <div class=\"text\">ppoveda@ga-p.com<\/div>\n                <\/div>\n                                        <div class=\"info\">\n                    <div class=\"title\">N\u00ba de colegiado<\/div>\n                    <div class=\"text\">76.411 ICAM<\/div>\n                <\/div>\n                    <\/div>\n                    <div class=\"office\">\n                <div class=\"title\">Escrit\u00f3rio de Madrid<\/div>\n\n                                <div class=\"d-flex align-item-center gap-2 mb-2\">\n                    <img decoding=\"async\" alt=\"icon\" src=\"https:\/\/ga-p.com\/wp-content\/themes\/ga-p\/assets\/images\/office-primary.svg\" \/>\n                    <div class=\"text\">Paseo de la Castellana, 216. 28046 Madrid (Espa\u00f1a)<\/div>\n                <\/div>\n                                                    <div class=\"d-flex align-item-center gap-2 mb-2\">\n                        <img decoding=\"async\" alt=\"icon\" src=\"https:\/\/ga-p.com\/wp-content\/themes\/ga-p\/assets\/images\/mobile-primary.svg\" \/>\n                        <div class=\"text\">(+34) 91 582 91 00<\/div>\n                    <\/div>\n                                                    <div class=\"d-flex align-item-center gap-2\">\n                        <img decoding=\"async\" alt=\"icon\" src=\"https:\/\/ga-p.com\/wp-content\/themes\/ga-p\/assets\/images\/email-primary.svg\" \/>\n                        <div class=\"text\">madrid@ga-p.com<\/div>\n                    <\/div>\n                            <\/div>\n            <\/div>\n    \n<\/div>\n\n<\/div>\n            <\/div>\n        <\/div>\n    <\/div>\n<\/div>\n\n\n<div id=\"ColumnaContenido-block_3e68cf5d3c9f2fafa661ee31398d94c1\" class=\"blanco ColumnaContenido\">\n    <div class=\"container\">\n        <div class=\"row\">\n            <div class=\"col-12 col-lg-7 offset-lg-5\">\n                <div class=\"acf-innerblocks-container\">\n\n<h2 class=\"wp-block-heading\">Pedro \u00e9 s\u00f3cio de P\u00fablico e Sectores Regulados e respons\u00e1vel pela \u00e1rea de Ambiente da G\u00f3mez-Acebo &amp; Pombo.<\/h2>\n\n\n\n<p>Tem uma vasta experi\u00eancia em direito do ambiente, res\u00edduos, preven\u00e7\u00e3o e controlo integrados da polui\u00e7\u00e3o (PCIP) e autoriza\u00e7\u00f5es ambientais.<\/p>\n\n\n\n<p>Foi presidente da Sigma Enviro S.A., empresa de consultoria em gest\u00e3o ambiental integral, especialmente especializada no dom\u00ednio dos res\u00edduos e PCIP. Tamb\u00e9m desempenhou diferentes cargos como funcion\u00e1rio p\u00fablico no Minist\u00e9rio do Ambiente (chefe da \u00c1rea de Regulamenta\u00e7\u00e3o, subdiretor-geral de Regulamenta\u00e7\u00e3o B\u00e1sica e membro assessor do Secretariado T\u00e9cnico Geral).<\/p>\n\n\n\n<p>Pedro \u00e9 reconhecido nos prestigiados diret\u00f3rios jur\u00eddicos Chambers and Partners e Legal500 como um dos profissionais mais destacados na \u00e1rea do Ambiente. O <em>International Who\u2019s Who of Business Lawyers <\/em>reconheceu-o nas \u00e1reas do Ambiente e das Altera\u00e7\u00f5es Clim\u00e1ticas.<\/p>\n\n\n\n<p>Participou como autor em diversas publica\u00e7\u00f5es jur\u00eddicas especializadas<\/p>\n\n\n\n\n<div id=\"PersonaAreasSectores-block_6f8f2de52d9724bbbabc96708035da93\" class=\"PersonaAreasSectores\">\n\n    <div class=\"content\">\n        <div class=\"title\"><h2 class='title'>\u00c1reas e sectores em que colabora<\/h2>\n<\/div>\n        <div class=\"areas_sectores\">\n            <div class=\"out itemCont\">\n                                    <a class=\"item\" href=\"https:\/\/ga-p.com\/pt-pt\/area\/meio-ambiente\/\">Meio Ambiente<\/a>\n                                    <a class=\"item\" href=\"https:\/\/ga-p.com\/pt-pt\/area\/publico-e-sectores-regulados\/\">P\u00fablico e Setores Regulados<\/a>\n                                    <a class=\"item\" href=\"https:\/\/ga-p.com\/pt-pt\/area\/sustentabilidade\/\">Sustentabilidade<\/a>\n                            <\/div>\n                    <\/div>\n    <\/div>\n\n    <div class=\"menos\">\n\n    <\/div>\n\n\n\n\n<\/div>\n\n\n\n\n\n<div id=\"PersonaAcordeon-block_55b88906336e278450e575d8420c2eb9\" class=\"PersonaAcordeon\">\n\n    <div class=\"accordion accordion-flush\" id=\"accordion-PersonaAcordeon-block_55b88906336e278450e575d8420c2eb9\">\n        <div class=\"accordion-item\">\n            <h2 class=\"accordion-header\">\n                <button class=\"accordion-button collapsed gap-3 align-items-start\" type=\"button\" data-bs-toggle=\"collapse\" data-bs-target=\"#flush-PersonaAcordeon-block_55b88906336e278450e575d8420c2eb9\" aria-expanded=\"false\" aria-controls=\"flush-PersonaAcordeon-block_55b88906336e278450e575d8420c2eb9\">\n                    <img decoding=\"async\" width=\"1\" height=\"1\" src=\"https:\/\/ga-p.com\/wp-content\/uploads\/2024\/04\/educacion-icon.svg\" class=\"\" alt=\"educacion-icon\" loading=\"lazy\" \/>                    \n\n\nFormac\u0327a\u0303o e experie\u0302ncia profissional\n\n\n\n                <\/button>\n            <\/h2>\n            <div id=\"flush-PersonaAcordeon-block_55b88906336e278450e575d8420c2eb9\" class=\"accordion-collapse collapse\" data-bs-parent=\"#accordion-PersonaAcordeon-block_55b88906336e278450e575d8420c2eb9\">\n                <div class=\"accordion-body\">\n                                                                        <div class=\"itemCont noDate\">\n                                <div class=\"item-no-bullet\"><div class=\"page\" title=\"Page 1\">\n<div class=\"layoutArea\">\n<div class=\"column\">\n<div class=\"page\" title=\"Page 1\">\n<div class=\"layoutArea\">\n<div class=\"column\">\n<p><strong>Integra a Go\u0301mez-Acebo &amp; Pombo em 2005 e e\u0301 so\u0301cio desde 2010.<\/strong><\/p>\n<\/div>\n<\/div>\n<\/div>\n<\/div>\n<\/div>\n<\/div>\n<\/div>\n                            <\/div>\n                                                    <div class=\"itemCont noDate\">\n                                <div class=\"item\"><div class=\"page\" title=\"Page 1\">\n<div class=\"layoutArea\">\n<div class=\"column\">\n<div class=\"page\" title=\"Page 1\">\n<div class=\"layoutArea\">\n<div class=\"column\">\n<p>1980 | Licenciado em Direito pela Universidade Auto\u0301noma de Madrid (Espanha).<\/p>\n<\/div>\n<\/div>\n<\/div>\n<\/div>\n<\/div>\n<\/div>\n<\/div>\n                            <\/div>\n                                                    <div class=\"itemCont noDate\">\n                                <div class=\"item\"><div class=\"page\" title=\"Page 1\">\n<div class=\"layoutArea\">\n<div class=\"column\">\n<p>1987 | Diploma de Direito Comunita\u0301rio pela Universidade de Castilla-La Mancha (1987) (Espanha).<\/p>\n<p>Programa de Doutoramento em Instrumentos Socioecono\u0301micos, Territoriais, Juri\u0301dicos e Educativos do Meio Ambiente da Universidade Complutense de Madrid (Espanha): Diploma de Estudos Avanc\u0327ados (DEA) que certifica que superou a fase de investigac\u0327a\u0303o e registou o seu projeto de tese de doutoramento sobre o regime juri\u0301dico dos resi\u0301duos de embalagens IMSs.<\/p>\n<p>Presidente da SIGMA ENVIRO S. A., empresa de consultoria em gesta\u0303o ambiental integrada, especializada no domi\u0301nio dos resi\u0301duos e da PCIP.<\/p>\n<p>So\u0301cio da Alya Abogados, especializada em direito da a\u0301gua, energia e alterac\u0327o\u0303es clima\u0301ticas.<\/p>\n<\/div>\n<\/div>\n<\/div>\n<\/div>\n                            <\/div>\n                                                    <div class=\"itemCont noDate\">\n                                <div class=\"item\"><div class=\"page\" title=\"Page 1\">\n<div class=\"layoutArea\">\n<div class=\"column\">\n<div class=\"page\" title=\"Page 1\">\n<div class=\"layoutArea\">\n<div class=\"column\">\n<p>1993 &#8211; 2002 | Desempenhou va\u0301rios cargos como funciona\u0301rio pu\u0301blico no Ministe\u0301rio do Ambiente (chefe da A\u0301rea de\u00a0Regulamentac\u0327a\u0303o, subdiretor-geral de Regulamentac\u0327a\u0303o Ba\u0301sica e assessor do Secretariado Te\u0301cnico Geral) (1993-2002).<\/p>\n<\/div>\n<\/div>\n<\/div>\n<\/div>\n<\/div>\n<\/div>\n<\/div>\n                            <\/div>\n                                                            <\/div>\n            <\/div>\n        <\/div>\n    <\/div>\n\n<\/div>\n\n\n\n<div id=\"PersonaAcordeon-block_c693044b211a077a9664fde5d46f8df3\" class=\"PersonaAcordeon\">\n\n    <div class=\"accordion accordion-flush\" id=\"accordion-PersonaAcordeon-block_c693044b211a077a9664fde5d46f8df3\">\n        <div class=\"accordion-item\">\n            <h2 class=\"accordion-header\">\n                <button class=\"accordion-button collapsed gap-3 align-items-start\" type=\"button\" data-bs-toggle=\"collapse\" data-bs-target=\"#flush-PersonaAcordeon-block_c693044b211a077a9664fde5d46f8df3\" aria-expanded=\"false\" aria-controls=\"flush-PersonaAcordeon-block_c693044b211a077a9664fde5d46f8df3\">\n                    <img decoding=\"async\" width=\"1\" height=\"1\" src=\"https:\/\/ga-p.com\/wp-content\/uploads\/2024\/04\/entidades.svg\" class=\"\" alt=\"entidades\" loading=\"lazy\" \/>                    \n\n\nEntidades e associac\u0327o\u0303es profissionais das quais e\u0301 membro\n\n\n\n                <\/button>\n            <\/h2>\n            <div id=\"flush-PersonaAcordeon-block_c693044b211a077a9664fde5d46f8df3\" class=\"accordion-collapse collapse\" data-bs-parent=\"#accordion-PersonaAcordeon-block_c693044b211a077a9664fde5d46f8df3\">\n                <div class=\"accordion-body\">\n                                                                        <div class=\"itemCont noDate\">\n                                <div class=\"item\"><div class=\"page\" title=\"Page 2\">\n<div class=\"layoutArea\">\n<div class=\"column\">\n<div class=\"page\" title=\"Page 2\">\n<div class=\"layoutArea\">\n<div class=\"column\">\n<p>Membro da Ordem dos Advogados de Madrid (ICAM)<\/p>\n<\/div>\n<\/div>\n<\/div>\n<\/div>\n<\/div>\n<\/div>\n<\/div>\n                            <\/div>\n                                                            <\/div>\n            <\/div>\n        <\/div>\n    <\/div>\n\n<\/div>\n\n\n\n<div id=\"PersonaAcordeon-block_b0249427b8a12a9ef862e48ed2bab8cc\" class=\"PersonaAcordeon\">\n\n    <div class=\"accordion accordion-flush\" id=\"accordion-PersonaAcordeon-block_b0249427b8a12a9ef862e48ed2bab8cc\">\n        <div class=\"accordion-item\">\n            <h2 class=\"accordion-header\">\n                <button class=\"accordion-button collapsed gap-3 align-items-start\" type=\"button\" data-bs-toggle=\"collapse\" data-bs-target=\"#flush-PersonaAcordeon-block_b0249427b8a12a9ef862e48ed2bab8cc\" aria-expanded=\"false\" aria-controls=\"flush-PersonaAcordeon-block_b0249427b8a12a9ef862e48ed2bab8cc\">\n                    <img decoding=\"async\" width=\"1\" height=\"1\" src=\"https:\/\/ga-p.com\/wp-content\/uploads\/2024\/04\/idiomas-icon.svg\" class=\"\" alt=\"idiomas-icon\" loading=\"lazy\" \/>                    Idiomas\n                <\/button>\n            <\/h2>\n            <div id=\"flush-PersonaAcordeon-block_b0249427b8a12a9ef862e48ed2bab8cc\" class=\"accordion-collapse collapse\" data-bs-parent=\"#accordion-PersonaAcordeon-block_b0249427b8a12a9ef862e48ed2bab8cc\">\n                <div class=\"accordion-body\">\n                                                                        <div class=\"itemCont noDate\">\n                                <div class=\"item\"><div class=\"page\" title=\"Page 2\">\n<div class=\"layoutArea\">\n<div class=\"column\">\n<p>Espanhol<\/p>\n<\/div>\n<\/div>\n<\/div>\n<\/div>\n                            <\/div>\n                                                    <div class=\"itemCont noDate\">\n                                <div class=\"item\"><div class=\"page\" title=\"Page 2\">\n<div class=\"layoutArea\">\n<div class=\"column\">\n<p>France\u0302s<\/p>\n<\/div>\n<\/div>\n<\/div>\n<\/div>\n                            <\/div>\n                                                            <\/div>\n            <\/div>\n        <\/div>\n    <\/div>\n\n<\/div>\n\n\n\n<div id=\"Boton-block_491ba2a192c2e7000f817b8ae85631bd\" class=\"Boton\">\n\n    <\/div>\n\n<\/div>\n            <\/div>\n        <\/div>\n    <\/div>\n<\/div>\n\n\n<div id=\"PersonaParticipacion-block_e303bb975ef83f311ffaff1c8c3e1e3c\" class=\"PersonaParticipacion\">\n\n    <div class=\"container\">\n        <div class=\"row align-items-end flex-column flex-lg-row\">\n            <div class=\"col-12 col-lg-10\">\n                <div class=\"title\"><h2 class=''>Mais informa\u00e7\u00f5es sobre a minha participa\u00e7\u00e3o na G\u00f3mez-Acebo &amp; Pombo<\/h2>\n<\/div>\n            <\/div>\n            <div class=\"col-12 col-lg-2 px-0\">\n                <div id=\"selector_fechas\"><\/div>\n\n            <\/div>\n        <\/div>\n       <div class=\"row align-items-end\">\n           <div class=\"col-12 col-lg-11 px-0\">\n               <div class=\"selectores\">\n                   <div class=\"nav nav-tabs\" id=\"nav-tab\" role=\"tablist\">\n                                                  <button class=\"nav-link y2025 y2024 y2023 y2022 y2021 y2020 y2019 y2018 \" id=\"nav-reconocimientos-tab\" data-bs-toggle=\"tab\" data-bs-target=\"#nav-reconocimientos\" type=\"button\" role=\"tab\" aria-controls=\"nav-reconocimientos\" aria-selected=\"true\">Reconhecimentos<\/button>\n                                                                         <button class=\"nav-link y2025 y2023  \" id=\"nav-noticias-tab\" data-bs-toggle=\"tab\" data-bs-target=\"#nav-noticias\" type=\"button\" role=\"tab\" aria-controls=\"nav-noticias\" aria-selected=\"false\">Not\u00edcias<\/button>\n                                                                 <\/div>\n               <\/div>\n               <div class=\"d-block d-lg-none\">\n\n                   <select class=\"selectorSliders\">\n                       <option value=\"reconocimientos\">Reconhecimentos<\/option>                       <option value=\"noticias\">Not\u00edcias<\/option>                                          <\/select>\n\n               <\/div>\n           <\/div>\n           <div class=\"d-none d-lg-block col-1\">\n               <div class=\"swiperRecArrows swiperArrows active\" data-arrows=\"#nav-reconocimientos\">\n                   <div class=\"d-flex align-items-center gap-4 justify-content-end\">\n                       <div class=\"swiper-button-prev\"><img decoding=\"async\" alt=\"icon\" src=\"https:\/\/ga-p.com\/wp-content\/themes\/ga-p\/assets\/images\/slider-arrow.svg\" \/><\/div>\n                       <div class=\"swiper-button-next\"><img decoding=\"async\" alt=\"icon\" src=\"https:\/\/ga-p.com\/wp-content\/themes\/ga-p\/assets\/images\/slider-arrow.svg\" \/><\/div>\n                   <\/div>\n               <\/div>\n               <div class=\"swiperNotArrows swiperArrows\" data-arrows=\"#nav-noticias\">\n                   <div class=\"d-flex align-items-center gap-4 justify-content-end\">\n                       <div class=\"swiper-button-prev\"><img decoding=\"async\" alt=\"icon\" src=\"https:\/\/ga-p.com\/wp-content\/themes\/ga-p\/assets\/images\/slider-arrow.svg\" \/><\/div>\n                       <div class=\"swiper-button-next\"><img decoding=\"async\" alt=\"icon\" src=\"https:\/\/ga-p.com\/wp-content\/themes\/ga-p\/assets\/images\/slider-arrow.svg\" \/><\/div>\n                   <\/div>\n               <\/div>\n               <div class=\"swiperComArrows swiperArrows\" data-arrows=\"#nav-comit\u00e9s\">\n                   <div class=\"d-flex align-items-center gap-4 justify-content-end\">\n                       <div class=\"swiper-button-prev\"><img decoding=\"async\" alt=\"icon\" src=\"https:\/\/ga-p.com\/wp-content\/themes\/ga-p\/assets\/images\/slider-arrow.svg\" \/><\/div>\n                       <div class=\"swiper-button-next\"><img decoding=\"async\" alt=\"icon\" src=\"https:\/\/ga-p.com\/wp-content\/themes\/ga-p\/assets\/images\/slider-arrow.svg\" \/><\/div>\n                   <\/div>\n               <\/div>\n           <\/div>\n       <\/div>\n    <\/div>\n    <div class=\"tab-content\" id=\"nav-tabContent\">\n                <div class=\"tab-pane fade\" id=\"nav-reconocimientos\" role=\"tabpanel\" aria-labelledby=\"nav-reconocimientos-tab\" tabindex=\"0\">\n            <div class=\"swiper mySwiper swiperRec\">\n                <div class=\"swiper-wrapper\">\n                                        <div class=\"swiper-slide y2025\">\n                        <div class=\"reconocimento \">\n    <div class=\"rewardBlock\">\n        <div>\n                            <img decoding=\"async\" width=\"300\" height=\"252\" src=\"https:\/\/ga-p.com\/wp-content\/uploads\/2025\/03\/Firm-Logo-Europe-2025-300x252.jpg\" class=\"imagen\" alt=\"Chambers &amp; Partners Europe, 2025. Environment\" loading=\"lazy\" srcset=\"https:\/\/ga-p.com\/wp-content\/uploads\/2025\/03\/Firm-Logo-Europe-2025-300x252.jpg 300w, https:\/\/ga-p.com\/wp-content\/uploads\/2025\/03\/Firm-Logo-Europe-2025-1024x860.jpg 1024w, https:\/\/ga-p.com\/wp-content\/uploads\/2025\/03\/Firm-Logo-Europe-2025-768x645.jpg 768w, https:\/\/ga-p.com\/wp-content\/uploads\/2025\/03\/Firm-Logo-Europe-2025.jpg 1072w\" sizes=\"auto, (max-width: 300px) 100vw, 300px\" \/>                    <\/div>\n\n\n        \n        <div class=\"info\">\n            <div class=\"titulo\">\n                Chambers &#038; Partners Europe, 2025. Environment            <\/div>\n            <div class=\"excerpt\">\n                &#8220;His skills include the clarity of his explanations, his ability to analyse problems and find the best solutions, as well as his personal involvement.&#8221;             <\/div>\n            \n        <\/div>\n                        <\/div>\n    <\/div>                    <\/div>\n                                        <div class=\"swiper-slide y2025\">\n                        <div class=\"reconocimento \">\n    <div class=\"rewardBlock\">\n        <div>\n                            <img decoding=\"async\" width=\"300\" height=\"252\" src=\"https:\/\/ga-p.com\/wp-content\/uploads\/2025\/03\/Firm-Logo-Europe-2025-300x252.jpg\" class=\"imagen\" alt=\"Chambers &amp; Partners Europe, 2025. Environment\" loading=\"lazy\" srcset=\"https:\/\/ga-p.com\/wp-content\/uploads\/2025\/03\/Firm-Logo-Europe-2025-300x252.jpg 300w, https:\/\/ga-p.com\/wp-content\/uploads\/2025\/03\/Firm-Logo-Europe-2025-1024x860.jpg 1024w, https:\/\/ga-p.com\/wp-content\/uploads\/2025\/03\/Firm-Logo-Europe-2025-768x645.jpg 768w, https:\/\/ga-p.com\/wp-content\/uploads\/2025\/03\/Firm-Logo-Europe-2025.jpg 1072w\" sizes=\"auto, (max-width: 300px) 100vw, 300px\" \/>                    <\/div>\n\n\n        \n        <div class=\"info\">\n            <div class=\"titulo\">\n                Chambers &#038; Partners Europe, 2025. Environment            <\/div>\n            <div class=\"excerpt\">\n                &#8220;Pedro is a top lawyer who is 100% involved in the resolution of issues. His experience helps us anticipate and solve complex problems.&#8221;             <\/div>\n            \n        <\/div>\n                        <\/div>\n    <\/div>                    <\/div>\n                                        <div class=\"swiper-slide y2024\">\n                        <div class=\"reconocimento \">\n    <div class=\"rewardBlock\">\n        <div>\n                            <img decoding=\"async\" width=\"250\" height=\"270\" src=\"https:\/\/ga-p.com\/wp-content\/uploads\/2018\/03\/reconocimiento_the_legal_500_60-e1533553443883.jpg\" class=\"imagen\" alt=\"Legal 500 2024. Environment\" loading=\"lazy\" \/>                    <\/div>\n\n\n        \n        <div class=\"info\">\n            <div class=\"titulo\">\n                Legal 500 2024. Environment            <\/div>\n            <div class=\"excerpt\">\n                &#8220;Pedro Poveda is distinguished by his deep understanding of environmental laws and his strategic approach to resolving cases.&#8221;            <\/div>\n            \n        <\/div>\n                        <\/div>\n    <\/div>                    <\/div>\n                                        <div class=\"swiper-slide y2024\">\n                        <div class=\"reconocimento \">\n    <div class=\"rewardBlock\">\n        <div>\n                            <img decoding=\"async\" width=\"300\" height=\"252\" src=\"https:\/\/ga-p.com\/wp-content\/uploads\/2024\/03\/Firm-Logo-300x252.jpg\" class=\"imagen\" alt=\"Chambers &amp; Partners Europe 2024. Environment\" loading=\"lazy\" srcset=\"https:\/\/ga-p.com\/wp-content\/uploads\/2024\/03\/Firm-Logo-300x252.jpg 300w, https:\/\/ga-p.com\/wp-content\/uploads\/2024\/03\/Firm-Logo-1024x860.jpg 1024w, https:\/\/ga-p.com\/wp-content\/uploads\/2024\/03\/Firm-Logo-768x645.jpg 768w, https:\/\/ga-p.com\/wp-content\/uploads\/2024\/03\/Firm-Logo.jpg 1072w\" sizes=\"auto, (max-width: 300px) 100vw, 300px\" \/>                    <\/div>\n\n\n        \n        <div class=\"info\">\n            <div class=\"titulo\">\n                Chambers &#038; Partners Europe 2024. Environment            <\/div>\n            <div class=\"excerpt\">\n                &#8220;Pedro is an incredible blend of technical expertise and exceptional interpersonal skills. His depth of knowledge and remarkable dedication to environmental matters is truly outstanding.&#8221;            <\/div>\n            \n        <\/div>\n                        <\/div>\n    <\/div>                    <\/div>\n                                        <div class=\"swiper-slide y2023\">\n                        <div class=\"reconocimento \">\n    <div class=\"rewardBlock\">\n        <div>\n                            <img decoding=\"async\" width=\"300\" height=\"252\" src=\"https:\/\/ga-p.com\/wp-content\/uploads\/2023\/04\/Firm-Logo-eur-300x252.jpg\" class=\"imagen\" alt=\"Chambers &amp; Partners Europe 2023. Public Law\" loading=\"lazy\" srcset=\"https:\/\/ga-p.com\/wp-content\/uploads\/2023\/04\/Firm-Logo-eur-300x252.jpg 300w, https:\/\/ga-p.com\/wp-content\/uploads\/2023\/04\/Firm-Logo-eur-1024x860.jpg 1024w, https:\/\/ga-p.com\/wp-content\/uploads\/2023\/04\/Firm-Logo-eur-768x645.jpg 768w, https:\/\/ga-p.com\/wp-content\/uploads\/2023\/04\/Firm-Logo-eur.jpg 1072w\" sizes=\"auto, (max-width: 300px) 100vw, 300px\" \/>                    <\/div>\n\n\n        \n        <div class=\"info\">\n            <div class=\"titulo\">\n                Chambers &#038; Partners Europe 2023. Public Law            <\/div>\n            <div class=\"excerpt\">\n                &#8220;Pedro has a lot of technical knowledge.&#8221;            <\/div>\n            \n        <\/div>\n                        <\/div>\n    <\/div>                    <\/div>\n                                        <div class=\"swiper-slide y2022\">\n                        <div class=\"reconocimento \">\n    <div class=\"rewardBlock\">\n        <div>\n                            <img decoding=\"async\" width=\"300\" height=\"252\" src=\"https:\/\/ga-p.com\/wp-content\/uploads\/2022\/03\/large-300x252.jpg\" class=\"imagen\" alt=\"Chambers &amp; Partners Europe 2022. Environment\" loading=\"lazy\" srcset=\"https:\/\/ga-p.com\/wp-content\/uploads\/2022\/03\/large-300x252.jpg 300w, https:\/\/ga-p.com\/wp-content\/uploads\/2022\/03\/large-1024x860.jpg 1024w, https:\/\/ga-p.com\/wp-content\/uploads\/2022\/03\/large-768x645.jpg 768w, https:\/\/ga-p.com\/wp-content\/uploads\/2022\/03\/large.jpg 1072w\" sizes=\"auto, (max-width: 300px) 100vw, 300px\" \/>                    <\/div>\n\n\n        \n        <div class=\"info\">\n            <div class=\"titulo\">\n                Chambers &#038; Partners Europe 2022. Environment            <\/div>\n            <div class=\"excerpt\">\n                &#8220;The clarity of his explanations as well as his ability to analyse problems to find the best solutions are skills that make him one of the greatest environmental law specialists in Spain&#8221;            <\/div>\n            \n        <\/div>\n                        <\/div>\n    <\/div>                    <\/div>\n                                        <div class=\"swiper-slide y2022\">\n                        <div class=\"reconocimento \">\n    <div class=\"rewardBlock\">\n        <div>\n                            <img decoding=\"async\" width=\"300\" height=\"252\" src=\"https:\/\/ga-p.com\/wp-content\/uploads\/2022\/03\/large-300x252.jpg\" class=\"imagen\" alt=\"Chambers &amp; Partners Europe 2022. Environment\" loading=\"lazy\" srcset=\"https:\/\/ga-p.com\/wp-content\/uploads\/2022\/03\/large-300x252.jpg 300w, https:\/\/ga-p.com\/wp-content\/uploads\/2022\/03\/large-1024x860.jpg 1024w, https:\/\/ga-p.com\/wp-content\/uploads\/2022\/03\/large-768x645.jpg 768w, https:\/\/ga-p.com\/wp-content\/uploads\/2022\/03\/large.jpg 1072w\" sizes=\"auto, (max-width: 300px) 100vw, 300px\" \/>                    <\/div>\n\n\n        \n        <div class=\"info\">\n            <div class=\"titulo\">\n                Chambers &#038; Partners Europe 2022. Environment            <\/div>\n            <div class=\"excerpt\">\n                &#8220;pioneer in the various issues related to waste and sustainability&#8221;            <\/div>\n            \n        <\/div>\n                        <\/div>\n    <\/div>                    <\/div>\n                                        <div class=\"swiper-slide y2021\">\n                        <div class=\"reconocimento \">\n    <div class=\"rewardBlock\">\n        <div>\n                            <img decoding=\"async\" width=\"250\" height=\"270\" src=\"https:\/\/ga-p.com\/wp-content\/uploads\/2018\/03\/reconocimiento_the_legal_500_60-e1533553443883.jpg\" class=\"imagen\" alt=\"The Legal 500 2021. Environment\" loading=\"lazy\" \/>                    <\/div>\n\n\n        \n        <div class=\"info\">\n            <div class=\"titulo\">\n                The Legal 500 2021. Environment            <\/div>\n            <div class=\"excerpt\">\n                \u2018GAP\u2019s environmental team is made up of lawyers who combine experience and youth, always on the basis of high specialization. The lawyer who dedicates the most to us is Pedro Poveda. His dedication and performance are very high and he has extensive experience in the field, reinforced by his previous work in public administration. In addition, among Pedro Poveda\u2019s skills, his ease of expression and clarity of his explanations stand out, as well as his ability to analyze problems to find the best solutions for the client\u2019s interests.\u2019\r\n            <\/div>\n            \n        <\/div>\n                        <\/div>\n    <\/div>                    <\/div>\n                                        <div class=\"swiper-slide y2021\">\n                        <div class=\"reconocimento \">\n    <div class=\"rewardBlock\">\n        <div>\n                            <img decoding=\"async\" width=\"250\" height=\"270\" src=\"https:\/\/ga-p.com\/wp-content\/uploads\/2018\/03\/reconocimiento_the_legal_500_60-e1533553443883.jpg\" class=\"imagen\" alt=\"The Legal 500 2021. Environment\" loading=\"lazy\" \/>                    <\/div>\n\n\n        \n        <div class=\"info\">\n            <div class=\"titulo\">\n                The Legal 500 2021. Environment            <\/div>\n            <div class=\"excerpt\">\n                Pedro Poveda is undoubtedly the professional who currently knows the most about the subject of waste and its management. It is what made us choose this office. Very outstanding professional without a doubt and I understand that his team also.\u2019\r\n            <\/div>\n            \n        <\/div>\n                        <\/div>\n    <\/div>                    <\/div>\n                                        <div class=\"swiper-slide y2021\">\n                        <div class=\"reconocimento \">\n    <div class=\"rewardBlock\">\n        <div>\n                            <img decoding=\"async\" width=\"300\" height=\"252\" src=\"https:\/\/ga-p.com\/wp-content\/uploads\/2021\/03\/Chambers-Europe-300x252.jpg\" class=\"imagen\" alt=\"Chambers &#038; Partners Europe 2021. Environment\" loading=\"lazy\" srcset=\"https:\/\/ga-p.com\/wp-content\/uploads\/2021\/03\/Chambers-Europe-300x252.jpg 300w, https:\/\/ga-p.com\/wp-content\/uploads\/2021\/03\/Chambers-Europe-1024x860.jpg 1024w, https:\/\/ga-p.com\/wp-content\/uploads\/2021\/03\/Chambers-Europe-768x645.jpg 768w, https:\/\/ga-p.com\/wp-content\/uploads\/2021\/03\/Chambers-Europe.jpg 1072w\" sizes=\"auto, (max-width: 300px) 100vw, 300px\" \/>                    <\/div>\n\n\n        \n        <div class=\"info\">\n            <div class=\"titulo\">\n                Chambers &#038; Partners Europe 2021. Environment            <\/div>\n            <div class=\"excerpt\">\n                            <\/div>\n            \n        <\/div>\n                        <\/div>\n    <\/div>                    <\/div>\n                                        <div class=\"swiper-slide y2020\">\n                        <div class=\"reconocimento \">\n    <div class=\"rewardBlock\">\n        <div>\n                            <img decoding=\"async\" width=\"250\" height=\"270\" src=\"https:\/\/ga-p.com\/wp-content\/uploads\/2018\/03\/reconocimiento_the_legal_500_60-e1533553443883.jpg\" class=\"imagen\" alt=\"Legal 500 2020. Environment\" loading=\"lazy\" \/>                    <\/div>\n\n\n        \n        <div class=\"info\">\n            <div class=\"titulo\">\n                Legal 500 2020. Environment            <\/div>\n            <div class=\"excerpt\">\n                Hall of Fame            <\/div>\n            \n        <\/div>\n                        <\/div>\n    <\/div>                    <\/div>\n                                        <div class=\"swiper-slide y2020\">\n                        <div class=\"reconocimento \">\n    <div class=\"rewardBlock\">\n        <div>\n                            <img decoding=\"async\" width=\"300\" height=\"252\" src=\"https:\/\/ga-p.com\/wp-content\/uploads\/2020\/04\/pedro-poveda-300x252.jpg\" class=\"imagen\" alt=\"The Chambers Europe 2020. Environment \u2013 Spain\" loading=\"lazy\" srcset=\"https:\/\/ga-p.com\/wp-content\/uploads\/2020\/04\/pedro-poveda-300x252.jpg 300w, https:\/\/ga-p.com\/wp-content\/uploads\/2020\/04\/pedro-poveda-1024x860.jpg 1024w, https:\/\/ga-p.com\/wp-content\/uploads\/2020\/04\/pedro-poveda-768x645.jpg 768w, https:\/\/ga-p.com\/wp-content\/uploads\/2020\/04\/pedro-poveda.jpg 1072w\" sizes=\"auto, (max-width: 300px) 100vw, 300px\" \/>                    <\/div>\n\n\n        \n        <div class=\"info\">\n            <div class=\"titulo\">\n                The Chambers Europe 2020. Environment \u2013 Spain            <\/div>\n            <div class=\"excerpt\">\n                &#8220;stands out for his deep knowledge of Spanish environmental law and for his extensive experience.&#8221;            <\/div>\n            \n        <\/div>\n                        <\/div>\n    <\/div>                    <\/div>\n                                        <div class=\"swiper-slide y2019\">\n                        <div class=\"reconocimento \">\n    <div class=\"rewardBlock\">\n        <div>\n                            <img decoding=\"async\" width=\"250\" height=\"270\" src=\"https:\/\/ga-p.com\/wp-content\/uploads\/2018\/03\/reconocimiento_the_legal_500_60-e1533553443883.jpg\" class=\"imagen\" alt=\"The Legal 500 2019. Environment\" loading=\"lazy\" \/>                    <\/div>\n\n\n        \n        <div class=\"info\">\n            <div class=\"titulo\">\n                The Legal 500 2019. Environment            <\/div>\n            <div class=\"excerpt\">\n                \u00ab\u2018has environmental expertise and high-quality skills\u2019 which enables him &#8216;to handle complex problems in order to find the best solutions\u2019\u00bb\r\nLeading lawyer            <\/div>\n            \n        <\/div>\n                        <\/div>\n    <\/div>                    <\/div>\n                                        <div class=\"swiper-slide y2019\">\n                        <div class=\"reconocimento \">\n    <div class=\"rewardBlock\">\n        <div>\n                            <img decoding=\"async\" width=\"300\" height=\"252\" src=\"https:\/\/ga-p.com\/wp-content\/uploads\/2019\/06\/Pedro-Poveda-300x252.jpg\" class=\"imagen\" alt=\"The Chambers Europe 2019. Environment\" loading=\"lazy\" srcset=\"https:\/\/ga-p.com\/wp-content\/uploads\/2019\/06\/Pedro-Poveda-300x252.jpg 300w, https:\/\/ga-p.com\/wp-content\/uploads\/2019\/06\/Pedro-Poveda-1024x860.jpg 1024w, https:\/\/ga-p.com\/wp-content\/uploads\/2019\/06\/Pedro-Poveda-768x645.jpg 768w, https:\/\/ga-p.com\/wp-content\/uploads\/2019\/06\/Pedro-Poveda.jpg 1072w\" sizes=\"auto, (max-width: 300px) 100vw, 300px\" \/>                    <\/div>\n\n\n        \n        <div class=\"info\">\n            <div class=\"titulo\">\n                The Chambers Europe 2019. Environment            <\/div>\n            <div class=\"excerpt\">\n                &#8220;his knowledge of the legislation, coupled with his practical advice, makes him a phenomenal lawyer&#8221;            <\/div>\n            \n        <\/div>\n                        <\/div>\n    <\/div>                    <\/div>\n                                        <div class=\"swiper-slide y2018\">\n                        <div class=\"reconocimento \">\n    <div class=\"rewardBlock\">\n        <div>\n                            <img decoding=\"async\" width=\"250\" height=\"270\" src=\"https:\/\/ga-p.com\/wp-content\/uploads\/2018\/03\/reconocimiento_the_legal_500_60-e1533553443883.jpg\" class=\"imagen\" alt=\"Legal 500 2018. Environment\" loading=\"lazy\" \/>                    <\/div>\n\n\n        \n        <div class=\"info\">\n            <div class=\"titulo\">\n                Legal 500 2018. Environment            <\/div>\n            <div class=\"excerpt\">\n                            <\/div>\n            \n        <\/div>\n                        <\/div>\n    <\/div>                    <\/div>\n                                        <div class=\"swiper-slide y2018\">\n                        <div class=\"reconocimento \">\n    <div class=\"rewardBlock\">\n        <div>\n                            <img decoding=\"async\" width=\"150\" height=\"155\" src=\"https:\/\/ga-p.com\/wp-content\/uploads\/2018\/07\/chambers_europe_2018-e1531925801655.png\" class=\"imagen\" alt=\"Chambers Europe 2018. Environment &#8211; Band 1\" loading=\"lazy\" \/>                    <\/div>\n\n\n        \n        <div class=\"info\">\n            <div class=\"titulo\">\n                Chambers Europe 2018. Environment &#8211; Band 1            <\/div>\n            <div class=\"excerpt\">\n                &#8220;Practical application of the law, knowledge of the legislation and international expertise&#8221;            <\/div>\n            \n        <\/div>\n                        <\/div>\n    <\/div>                    <\/div>\n                                    <\/div>\n            <\/div>\n        <\/div>\n                            <div class=\"tab-pane fade \" id=\"nav-noticias\" role=\"tabpanel\" aria-labelledby=\"nav-noticias-tab\" tabindex=\"0\">\n                <div class=\"swiper mySwiper swiperNot\">\n                    <div class=\"swiper-wrapper\">\n                                                    <div class=\"swiper-slide y2025\">\n                                <a style=\"text-decoration: none\" href=\"https:\/\/ga-p.com\/pt-pt\/noticia\/comparacion-entre-la-propuesta-de-reglamento-europeo-de-envases-y-el-real-decreto-1055-2022-sobre-residuos-de-envases\/\">\n    <div class=\"noticiaCard\">\n        <div class=\"content\">\n            <div class=\"tag\">NOT\u00cdCIAS<\/div>\n            <div class=\"titulo\">\n                Compara\u00e7\u00e3o entre a proposta de Regulamento Europeu sobre Embalagens e o Real Decreto Espanhol 1055\/2022 relativo aos res\u00edduos de embalagens            <\/div>\n            <div class=\"excerpt\">\n                O Projeto de Regulamento Europeu sobre Embalagens e Res\u00edduos de Embalagens, prestes a ser aprovado, prop\u00f5e uma regulamenta\u00e7\u00e3o harmonizada a n\u00edvel da UE.             <\/div>\n            <div class=\"fecha d-flex align-items-center gap-2\">\n                <img decoding=\"async\" alt=\"icon\" src=\"https:\/\/ga-p.com\/wp-content\/themes\/ga-p\/assets\/images\/clock-icon.svg\" \/>\n                15 Jan, 2025            <\/div>\n\n\n                            <div class=\"author d-flex align-items-center gap-2\">\n                    <img decoding=\"async\" alt=\"icon\" src=\"https:\/\/ga-p.com\/wp-content\/themes\/ga-p\/assets\/images\/author-icon.svg\" \/><span>\n                    Pedro Poveda, Ana Orondo, Eduardo Orteu, Yago Ferna\u0301ndez                <\/span><\/div>\n            \n        <\/div>\n        <div class=\"openCard me-0 ms-auto\">\n            <img decoding=\"async\" alt=\"icon\" src=\"https:\/\/ga-p.com\/wp-content\/themes\/ga-p\/assets\/images\/arrow-open.svg\" \/>\n            <img decoding=\"async\" alt=\"icon\" src=\"https:\/\/ga-p.com\/wp-content\/themes\/ga-p\/assets\/images\/arrow-open.svg\" \/>\n        <\/div>\n    <\/div>\n<\/a>\n                            <\/div>\n                                                    <div class=\"swiper-slide y2023\">\n                                <a style=\"text-decoration: none\" href=\"https:\/\/ga-p.com\/pt-pt\/noticia\/rumo-a-recolha-separada-e-a-reciclagem-das-artes-de-pesca-expansion\/\">\n    <div class=\"noticiaCard\">\n        <div class=\"content\">\n            <div class=\"tag\">NOT\u00cdCIAS<\/div>\n            <div class=\"titulo\">\n                Rumo \u00e0 recolha separada e \u00e0 reciclagem das artes de pesca | Expansi\u00f3n            <\/div>\n            <div class=\"excerpt\">\n                Os nossos peritos, Ana Orondo, Pedro Poveda e Eduardo Orteu, analisam as novas obriga\u00e7\u00f5es legais impostas pela nova Lei 7\/2022, de 8 de Abril, sobre res\u00edduos e solos contaminados para uma economia circular, que afectar\u00e3o o sector das pescas a partir de 2025. O artigo 61\u00ba desta lei exige a aprova\u00e7\u00e3o pelo governo de um&#8230;            <\/div>\n            <div class=\"fecha d-flex align-items-center gap-2\">\n                <img decoding=\"async\" alt=\"icon\" src=\"https:\/\/ga-p.com\/wp-content\/themes\/ga-p\/assets\/images\/clock-icon.svg\" \/>\n                13 Feb, 2023            <\/div>\n\n\n                            <div class=\"author d-flex align-items-center gap-2\">\n                    <img decoding=\"async\" alt=\"icon\" src=\"https:\/\/ga-p.com\/wp-content\/themes\/ga-p\/assets\/images\/author-icon.svg\" \/><span>\n                    Ana Orondo, Pedro Poveda, Eduardo Orteu                <\/span><\/div>\n            \n        <\/div>\n        <div class=\"openCard me-0 ms-auto\">\n            <img decoding=\"async\" alt=\"icon\" src=\"https:\/\/ga-p.com\/wp-content\/themes\/ga-p\/assets\/images\/arrow-open.svg\" \/>\n            <img decoding=\"async\" alt=\"icon\" src=\"https:\/\/ga-p.com\/wp-content\/themes\/ga-p\/assets\/images\/arrow-open.svg\" \/>\n        <\/div>\n    <\/div>\n<\/a>\n                            <\/div>\n                                                    <div class=\"swiper-slide y2023\">\n                                <a style=\"text-decoration: none\" href=\"https:\/\/ga-p.com\/pt-pt\/noticia\/novos-e-futuros-regulamentos-sobre-residuos-e-o-seu-impacto-na-evolucao-para-uma-economia-circular-revista-retema\/\">\n    <div class=\"noticiaCard\">\n        <div class=\"content\">\n            <div class=\"tag\">NOT\u00cdCIAS<\/div>\n            <div class=\"titulo\">\n                Novos e futuros regulamentos sobre res\u00edduos e o seu impacto na evolu\u00e7\u00e3o para uma economia circular | Revista Retema            <\/div>\n            <div class=\"excerpt\">\n                A \u00faltima edi\u00e7\u00e3o da revista t\u00e9cnica ambiental Retema inclui um artigo especial escrito por Pedro Poveda, Ana Orondo e Eduardo Orteu, no qual discutem os regulamentos actuais e futuros sobre res\u00edduos, centrando-se nos regulamentos sobre embalagens. &nbsp; Ler artigo completo.\u00a0            <\/div>\n            <div class=\"fecha d-flex align-items-center gap-2\">\n                <img decoding=\"async\" alt=\"icon\" src=\"https:\/\/ga-p.com\/wp-content\/themes\/ga-p\/assets\/images\/clock-icon.svg\" \/>\n                19 Jan, 2023            <\/div>\n\n\n                            <div class=\"author d-flex align-items-center gap-2\">\n                    <img decoding=\"async\" alt=\"icon\" src=\"https:\/\/ga-p.com\/wp-content\/themes\/ga-p\/assets\/images\/author-icon.svg\" \/><span>\n                    Pedro Poveda, Ana Orondo, Eduardo Orteu                <\/span><\/div>\n            \n        <\/div>\n        <div class=\"openCard me-0 ms-auto\">\n            <img decoding=\"async\" alt=\"icon\" src=\"https:\/\/ga-p.com\/wp-content\/themes\/ga-p\/assets\/images\/arrow-open.svg\" \/>\n            <img decoding=\"async\" alt=\"icon\" src=\"https:\/\/ga-p.com\/wp-content\/themes\/ga-p\/assets\/images\/arrow-open.svg\" \/>\n        <\/div>\n    <\/div>\n<\/a>\n                            <\/div>\n                                            <\/div>\n                <\/div>\n            <\/div>\n                    <\/div>\n    <div class=\"swiperPagination\">\n        <div class=\"container\">\n            <div class=\"row\">\n                <div class=\"col-6 col-lg-12 swiperBulletsMobile\">\n                    <div class=\"swiperBullets swiperRecPagination active\" data-bullets=\"#nav-reconocimientos\"><\/div>\n                    <div class=\"swiperBullets swiperNotPagination\" data-bullets=\"#nav-noticias\"><\/div>\n                    <div class=\"swiperBullets swiperComPagination\" data-bullets=\"#nav-comit\u00e9s\"><\/div>\n                <\/div>\n                <div class=\"d-block d-lg-none col-6 swiperArrowsMobile\">\n                    <div class=\"swiperRecArrows swiperArrows active\" data-arrows=\"#nav-reconocimientos\">\n                        <div class=\"d-flex align-items-center gap-4 justify-content-end\">\n                            <div class=\"swiper-button-prev\"><img decoding=\"async\" alt=\"icon\" src=\"https:\/\/ga-p.com\/wp-content\/themes\/ga-p\/assets\/images\/slider-arrow.svg\" \/><\/div>\n                            <div class=\"swiper-button-next\"><img decoding=\"async\" alt=\"icon\" src=\"https:\/\/ga-p.com\/wp-content\/themes\/ga-p\/assets\/images\/slider-arrow.svg\" \/><\/div>\n                        <\/div>\n                    <\/div>\n                    <div class=\"swiperNotArrows swiperArrows\" data-arrows=\"#nav-noticias\">\n                        <div class=\"d-flex align-items-center gap-4 justify-content-end\">\n                            <div class=\"swiper-button-prev\"><img decoding=\"async\" alt=\"icon\" src=\"https:\/\/ga-p.com\/wp-content\/themes\/ga-p\/assets\/images\/slider-arrow.svg\" \/><\/div>\n                            <div class=\"swiper-button-next\"><img decoding=\"async\" alt=\"icon\" src=\"https:\/\/ga-p.com\/wp-content\/themes\/ga-p\/assets\/images\/slider-arrow.svg\" \/><\/div>\n                        <\/div>\n                    <\/div>\n                    <div class=\"swiperComArrows swiperArrows\" data-arrows=\"#nav-comit\u00e9s\">\n                        <div class=\"d-flex align-items-center gap-4 justify-content-end\">\n                            <div class=\"swiper-button-prev\"><img decoding=\"async\" alt=\"icon\" src=\"https:\/\/ga-p.com\/wp-content\/themes\/ga-p\/assets\/images\/slider-arrow.svg\" \/><\/div>\n                            <div class=\"swiper-button-next\"><img decoding=\"async\" alt=\"icon\" src=\"https:\/\/ga-p.com\/wp-content\/themes\/ga-p\/assets\/images\/slider-arrow.svg\" \/><\/div>\n                        <\/div>\n                    <\/div>\n                <\/div>\n            <\/div>\n        <\/div>\n    <\/div>\n<\/div>\n\n<script>\n    const opciones_participacion_array = [\n                {label: '2025', value: 'y2025'},\n                {label: '2024', value: 'y2024'},\n                {label: '2023', value: 'y2023'},\n                {label: '2022', value: 'y2022'},\n                {label: '2021', value: 'y2021'},\n                {label: '2020', value: 'y2020'},\n                {label: '2019', value: 'y2019'},\n                {label: '2018', value: 'y2018'},\n            ]\n<\/script>\n\n        ","protected":false},"excerpt":{"rendered":"","protected":false},"featured_media":296091,"template":"","cargo":[203],"cargo-por-genero":[],"personas-categoria":[],"class_list":["post-67905","persona","type-persona","status-publish","has-post-thumbnail","hentry","cargo-socio-pt-pt"],"acf":[],"yoast_head":"<!-- This site is optimized with the Yoast SEO plugin v27.3 - https:\/\/yoast.com\/product\/yoast-seo-wordpress\/ -->\n<title>Pedro Poveda - Despacho de abogados G\u00f3mez-Acebo &amp; Pombo<\/title>\n<meta name=\"description\" content=\"Pedro \u00e9 s\u00f3cio dos Sectores P\u00fablico e Regulado e respons\u00e1vel pela \u00e1rea de Ambiente da G\u00f3mez-Acebo &amp; Pombo.\" \/>\n<meta name=\"robots\" content=\"index, follow, max-snippet:-1, max-image-preview:large, max-video-preview:-1\" \/>\n<link rel=\"canonical\" href=\"https:\/\/ga-p.com\/pt-pt\/pessoa\/pedro-poveda\/\" \/>\n<meta property=\"og:locale\" content=\"pt_PT\" \/>\n<meta property=\"og:type\" content=\"article\" \/>\n<meta property=\"og:title\" content=\"Pedro Poveda - Despacho de abogados G\u00f3mez-Acebo &amp; Pombo\" \/>\n<meta property=\"og:description\" content=\"Pedro \u00e9 s\u00f3cio dos Sectores P\u00fablico e Regulado e respons\u00e1vel pela \u00e1rea de Ambiente da G\u00f3mez-Acebo &amp; Pombo.\" \/>\n<meta property=\"og:url\" content=\"https:\/\/ga-p.com\/pt-pt\/pessoa\/pedro-poveda\/\" \/>\n<meta property=\"og:site_name\" content=\"Despacho de abogados G\u00f3mez-Acebo &amp; Pombo\" \/>\n<meta property=\"article:modified_time\" content=\"2024-09-16T07:55:16+00:00\" \/>\n<meta property=\"og:image\" content=\"https:\/\/ga-p.com\/wp-content\/uploads\/2024\/06\/Pedro-Poveda.png\" \/>\n\t<meta property=\"og:image:width\" content=\"424\" \/>\n\t<meta property=\"og:image:height\" content=\"424\" \/>\n\t<meta property=\"og:image:type\" content=\"image\/png\" \/>\n<meta name=\"twitter:card\" content=\"summary_large_image\" \/>\n<meta name=\"twitter:label1\" content=\"Tempo estimado de leitura\" \/>\n\t<meta name=\"twitter:data1\" content=\"1 minuto\" \/>\n<script type=\"application\/ld+json\" class=\"yoast-schema-graph\">{\"@context\":\"https:\\\/\\\/schema.org\",\"@graph\":[{\"@type\":\"WebPage\",\"@id\":\"https:\\\/\\\/ga-p.com\\\/pt-pt\\\/pessoa\\\/pedro-poveda\\\/\",\"url\":\"https:\\\/\\\/ga-p.com\\\/pt-pt\\\/pessoa\\\/pedro-poveda\\\/\",\"name\":\"Pedro Poveda - Despacho de abogados G\u00f3mez-Acebo &amp; Pombo\",\"isPartOf\":{\"@id\":\"https:\\\/\\\/ga-p.com\\\/pt-pt\\\/#website\"},\"primaryImageOfPage\":{\"@id\":\"https:\\\/\\\/ga-p.com\\\/pt-pt\\\/pessoa\\\/pedro-poveda\\\/#primaryimage\"},\"image\":{\"@id\":\"https:\\\/\\\/ga-p.com\\\/pt-pt\\\/pessoa\\\/pedro-poveda\\\/#primaryimage\"},\"thumbnailUrl\":\"https:\\\/\\\/ga-p.com\\\/wp-content\\\/uploads\\\/2024\\\/06\\\/Pedro-Poveda.png\",\"datePublished\":\"2024-06-26T12:29:14+00:00\",\"dateModified\":\"2024-09-16T07:55:16+00:00\",\"description\":\"Pedro \u00e9 s\u00f3cio dos Sectores P\u00fablico e Regulado e respons\u00e1vel pela \u00e1rea de Ambiente da G\u00f3mez-Acebo & Pombo.\",\"breadcrumb\":{\"@id\":\"https:\\\/\\\/ga-p.com\\\/pt-pt\\\/pessoa\\\/pedro-poveda\\\/#breadcrumb\"},\"inLanguage\":\"pt-PT\",\"potentialAction\":[{\"@type\":\"ReadAction\",\"target\":[\"https:\\\/\\\/ga-p.com\\\/pt-pt\\\/pessoa\\\/pedro-poveda\\\/\"]}]},{\"@type\":\"ImageObject\",\"inLanguage\":\"pt-PT\",\"@id\":\"https:\\\/\\\/ga-p.com\\\/pt-pt\\\/pessoa\\\/pedro-poveda\\\/#primaryimage\",\"url\":\"https:\\\/\\\/ga-p.com\\\/wp-content\\\/uploads\\\/2024\\\/06\\\/Pedro-Poveda.png\",\"contentUrl\":\"https:\\\/\\\/ga-p.com\\\/wp-content\\\/uploads\\\/2024\\\/06\\\/Pedro-Poveda.png\",\"width\":424,\"height\":424,\"caption\":\"Pedro Poveda\"},{\"@type\":\"BreadcrumbList\",\"@id\":\"https:\\\/\\\/ga-p.com\\\/pt-pt\\\/pessoa\\\/pedro-poveda\\\/#breadcrumb\",\"itemListElement\":[{\"@type\":\"ListItem\",\"position\":1,\"name\":\"Portada\",\"item\":\"https:\\\/\\\/ga-p.com\\\/pt-pt\\\/\"},{\"@type\":\"ListItem\",\"position\":2,\"name\":\"Pedro Poveda\"}]},{\"@type\":\"WebSite\",\"@id\":\"https:\\\/\\\/ga-p.com\\\/pt-pt\\\/#website\",\"url\":\"https:\\\/\\\/ga-p.com\\\/pt-pt\\\/\",\"name\":\"Despacho de abogados G\u00f3mez-Acebo & Pombo\",\"description\":\"G\u00f3mez-Acebo &amp; Pombo es una firma de abogados independiente, con experiencia internacional, especializada en todas las \u00e1reas del derecho de los negocio.\",\"publisher\":{\"@id\":\"https:\\\/\\\/ga-p.com\\\/pt-pt\\\/#organization\"},\"potentialAction\":[{\"@type\":\"SearchAction\",\"target\":{\"@type\":\"EntryPoint\",\"urlTemplate\":\"https:\\\/\\\/ga-p.com\\\/pt-pt\\\/?s={search_term_string}\"},\"query-input\":{\"@type\":\"PropertyValueSpecification\",\"valueRequired\":true,\"valueName\":\"search_term_string\"}}],\"inLanguage\":\"pt-PT\"},{\"@type\":\"Organization\",\"@id\":\"https:\\\/\\\/ga-p.com\\\/pt-pt\\\/#organization\",\"name\":\"Despacho de abogados G\u00f3mez-Acebo & Pombo\",\"url\":\"https:\\\/\\\/ga-p.com\\\/pt-pt\\\/\",\"logo\":{\"@type\":\"ImageObject\",\"inLanguage\":\"pt-PT\",\"@id\":\"https:\\\/\\\/ga-p.com\\\/pt-pt\\\/#\\\/schema\\\/logo\\\/image\\\/\",\"url\":\"https:\\\/\\\/ga-p.com\\\/wp-content\\\/uploads\\\/2024\\\/09\\\/Logo-1-1.svg\",\"contentUrl\":\"https:\\\/\\\/ga-p.com\\\/wp-content\\\/uploads\\\/2024\\\/09\\\/Logo-1-1.svg\",\"caption\":\"Despacho de abogados G\u00f3mez-Acebo & Pombo\"},\"image\":{\"@id\":\"https:\\\/\\\/ga-p.com\\\/pt-pt\\\/#\\\/schema\\\/logo\\\/image\\\/\"}}]}<\/script>\n<!-- \/ Yoast SEO plugin. -->","yoast_head_json":{"title":"Pedro Poveda - Despacho de abogados G\u00f3mez-Acebo &amp; Pombo","description":"Pedro \u00e9 s\u00f3cio dos Sectores P\u00fablico e Regulado e respons\u00e1vel pela \u00e1rea de Ambiente da G\u00f3mez-Acebo & Pombo.","robots":{"index":"index","follow":"follow","max-snippet":"max-snippet:-1","max-image-preview":"max-image-preview:large","max-video-preview":"max-video-preview:-1"},"canonical":"https:\/\/ga-p.com\/pt-pt\/pessoa\/pedro-poveda\/","og_locale":"pt_PT","og_type":"article","og_title":"Pedro Poveda - Despacho de abogados G\u00f3mez-Acebo &amp; Pombo","og_description":"Pedro \u00e9 s\u00f3cio dos Sectores P\u00fablico e Regulado e respons\u00e1vel pela \u00e1rea de Ambiente da G\u00f3mez-Acebo & Pombo.","og_url":"https:\/\/ga-p.com\/pt-pt\/pessoa\/pedro-poveda\/","og_site_name":"Despacho de abogados G\u00f3mez-Acebo &amp; Pombo","article_modified_time":"2024-09-16T07:55:16+00:00","og_image":[{"width":424,"height":424,"url":"https:\/\/ga-p.com\/wp-content\/uploads\/2024\/06\/Pedro-Poveda.png","type":"image\/png"}],"twitter_card":"summary_large_image","twitter_misc":{"Tempo estimado de leitura":"1 minuto"},"schema":{"@context":"https:\/\/schema.org","@graph":[{"@type":"WebPage","@id":"https:\/\/ga-p.com\/pt-pt\/pessoa\/pedro-poveda\/","url":"https:\/\/ga-p.com\/pt-pt\/pessoa\/pedro-poveda\/","name":"Pedro Poveda - Despacho de abogados G\u00f3mez-Acebo &amp; Pombo","isPartOf":{"@id":"https:\/\/ga-p.com\/pt-pt\/#website"},"primaryImageOfPage":{"@id":"https:\/\/ga-p.com\/pt-pt\/pessoa\/pedro-poveda\/#primaryimage"},"image":{"@id":"https:\/\/ga-p.com\/pt-pt\/pessoa\/pedro-poveda\/#primaryimage"},"thumbnailUrl":"https:\/\/ga-p.com\/wp-content\/uploads\/2024\/06\/Pedro-Poveda.png","datePublished":"2024-06-26T12:29:14+00:00","dateModified":"2024-09-16T07:55:16+00:00","description":"Pedro \u00e9 s\u00f3cio dos Sectores P\u00fablico e Regulado e respons\u00e1vel pela \u00e1rea de Ambiente da G\u00f3mez-Acebo & Pombo.","breadcrumb":{"@id":"https:\/\/ga-p.com\/pt-pt\/pessoa\/pedro-poveda\/#breadcrumb"},"inLanguage":"pt-PT","potentialAction":[{"@type":"ReadAction","target":["https:\/\/ga-p.com\/pt-pt\/pessoa\/pedro-poveda\/"]}]},{"@type":"ImageObject","inLanguage":"pt-PT","@id":"https:\/\/ga-p.com\/pt-pt\/pessoa\/pedro-poveda\/#primaryimage","url":"https:\/\/ga-p.com\/wp-content\/uploads\/2024\/06\/Pedro-Poveda.png","contentUrl":"https:\/\/ga-p.com\/wp-content\/uploads\/2024\/06\/Pedro-Poveda.png","width":424,"height":424,"caption":"Pedro Poveda"},{"@type":"BreadcrumbList","@id":"https:\/\/ga-p.com\/pt-pt\/pessoa\/pedro-poveda\/#breadcrumb","itemListElement":[{"@type":"ListItem","position":1,"name":"Portada","item":"https:\/\/ga-p.com\/pt-pt\/"},{"@type":"ListItem","position":2,"name":"Pedro Poveda"}]},{"@type":"WebSite","@id":"https:\/\/ga-p.com\/pt-pt\/#website","url":"https:\/\/ga-p.com\/pt-pt\/","name":"Despacho de abogados G\u00f3mez-Acebo & Pombo","description":"G\u00f3mez-Acebo &amp; Pombo es una firma de abogados independiente, con experiencia internacional, especializada en todas las \u00e1reas del derecho de los negocio.","publisher":{"@id":"https:\/\/ga-p.com\/pt-pt\/#organization"},"potentialAction":[{"@type":"SearchAction","target":{"@type":"EntryPoint","urlTemplate":"https:\/\/ga-p.com\/pt-pt\/?s={search_term_string}"},"query-input":{"@type":"PropertyValueSpecification","valueRequired":true,"valueName":"search_term_string"}}],"inLanguage":"pt-PT"},{"@type":"Organization","@id":"https:\/\/ga-p.com\/pt-pt\/#organization","name":"Despacho de abogados G\u00f3mez-Acebo & Pombo","url":"https:\/\/ga-p.com\/pt-pt\/","logo":{"@type":"ImageObject","inLanguage":"pt-PT","@id":"https:\/\/ga-p.com\/pt-pt\/#\/schema\/logo\/image\/","url":"https:\/\/ga-p.com\/wp-content\/uploads\/2024\/09\/Logo-1-1.svg","contentUrl":"https:\/\/ga-p.com\/wp-content\/uploads\/2024\/09\/Logo-1-1.svg","caption":"Despacho de abogados G\u00f3mez-Acebo & Pombo"},"image":{"@id":"https:\/\/ga-p.com\/pt-pt\/#\/schema\/logo\/image\/"}}]}},"_links":{"self":[{"href":"https:\/\/ga-p.com\/pt-pt\/wp-json\/wp\/v2\/persona\/67905","targetHints":{"allow":["GET"]}}],"collection":[{"href":"https:\/\/ga-p.com\/pt-pt\/wp-json\/wp\/v2\/persona"}],"about":[{"href":"https:\/\/ga-p.com\/pt-pt\/wp-json\/wp\/v2\/types\/persona"}],"wp:featuredmedia":[{"embeddable":true,"href":"https:\/\/ga-p.com\/pt-pt\/wp-json\/wp\/v2\/media\/296091"}],"wp:attachment":[{"href":"https:\/\/ga-p.com\/pt-pt\/wp-json\/wp\/v2\/media?parent=67905"}],"wp:term":[{"taxonomy":"cargo","embeddable":true,"href":"https:\/\/ga-p.com\/pt-pt\/wp-json\/wp\/v2\/cargo?post=67905"},{"taxonomy":"cargo-por-genero","embeddable":true,"href":"https:\/\/ga-p.com\/pt-pt\/wp-json\/wp\/v2\/cargo-por-genero?post=67905"},{"taxonomy":"personas-categoria","embeddable":true,"href":"https:\/\/ga-p.com\/pt-pt\/wp-json\/wp\/v2\/personas-categoria?post=67905"}],"curies":[{"name":"wp","href":"https:\/\/api.w.org\/{rel}","templated":true}]}}