{"id":66694,"date":"2024-04-17T09:57:02","date_gmt":"2024-04-17T07:57:02","guid":{"rendered":"https:\/\/ga-p.com\/sector\/seguros-y-fondos-de-pensiones\/"},"modified":"2025-07-07T17:21:06","modified_gmt":"2025-07-07T15:21:06","slug":"seguros-e-fundos-de-pensoes","status":"publish","type":"sector","link":"https:\/\/ga-p.com\/pt-pt\/sector\/seguros-e-fundos-de-pensoes\/","title":{"rendered":"Seguros e Fundos de Pens\u00f5es"},"content":{"rendered":"\n<div id=\"AreasSectoresHeader-block_c9d745e6104fcbefef715d184fbfe744\" class=\"AreasSectoresHeader\">\n\n    <div class=\"container\">\n        <div class=\"row\">\n            <div class=\"col-12 col-lg-10\">\n                                    <div class=\"pretitulo\"><p class=''>Sector<\/p>\n<\/div>\n                                <div class=\"titulo\">\n                    <p class=''>Seguros e Fundos de Pens\u00f5es<\/p>\n                <\/div>\n            <\/div>\n        <\/div>\n    <\/div>\n\n    <style>\n        .AreasSectoresHeader{opacity:0;height:100vw;}\n        .AreasSectoresHeader .titulo * { background-image: url(https:\/\/ga-p.com\/wp-content\/uploads\/2024\/04\/Seguros-scaled.jpg); }\n    <\/style>\n\n<\/div>\n\n\n\n\n\n\n<div id=\"Cita-block_c9474b89781a177f73e64c39773dea8d\" class=\"Cita customContainer right\">\n    <div class=\"quoteBlock\">\n        <div class=\"quoteContent\">\n            <div class=\"texto\"><h2>&#8220;They listen actively, put themselves in the client\u2019s situation, and explain the different topics clearly so that they are well understood.&#8221;<\/h2>\n<\/div>\n                        <div class=\"mencion\">Legal 500<\/div>\n                    <\/div>\n    <\/div>\n<\/div>\n\n<div id=\"ColumnaMasSidebar-block_f8c4980abbb07b995392990ff7d803b0\" class=\"ColumnaMasSidebar v2\">\n    <div class=\"container\">\n                <div class=\"hero-inner-blocks\">\n<div id=\"ColumnaIzquierda-block_293c15e650ca28580f6244e64dd83a88\" class=\"blanco ColumnaIzquierda\">\n    <div class=\"acf-innerblocks-container\">\n\n\n<div id=\"TituloTexto-block_790523920159c14fda0a4917443f4bc4\" class=\"TituloTexto v2\">\n    <div class=\"customContainer right\">\n        <div class=\"textContainer \">\n            <div>\n                                <div class=\"texto\"><p>Gra\u00e7as a uma s\u00f3lida experi\u00eancia e a uma equipa multidisciplinar, oferecemos aos nossos clientes um aconselhamento especializado que aborda com precis\u00e3o as complexas intersec\u00e7\u00f5es entre o direito e o neg\u00f3cio. Estamos empenhados em fornecer solu\u00e7\u00f5es abrangentes na conce\u00e7\u00e3o e execu\u00e7\u00e3o de transac\u00e7\u00f5es empresariais, financeiras, regulamentares e estrat\u00e9gicas, apoiando os principais intervenientes do sector e os seus l\u00edderes.<\/p>\n<p>A nossa equipa de especialistas oferece um servi\u00e7o completo que abrange todos os aspetos jur\u00eddicos relacionados com o sector dos seguros e resseguros, desde o direito societ\u00e1rio e contencioso ao direito fiscal, laboral, prote\u00e7\u00e3o de dados, administrativo e da concorr\u00eancia.<\/p>\n<\/div>\n            <\/div>\n                    <\/div>\n    <\/div>\n<\/div>\n\n\n<div id=\"AcordeonMultiple-block_3ac17d720b47c9ba396f864d6298e9fa\" class=\" AcordeonMultiple\">\n\n    <div class=\"imagen\" style=\"background:url(https:\/\/ga-p.com\/wp-content\/uploads\/2024\/04\/Seguros-scaled.jpg)\"><\/div>\n    <div class=\"contenido\">\n        <div class=\"title pe-3\"><p class=''>Entre os nossos servi\u00e7os contam-se, entre outros<\/p>\n<\/div>\n        <div class=\"accordion accordion-flush\" id=\"accordion-block_3ac17d720b47c9ba396f864d6298e9fa\">\n                        <div class=\"accordion-item\">\n                    <h2 class=\"accordion-header\">\n                        <button class=\"accordion-button collapsed gap-3 align-items-start has-text\" type=\"button\" data-bs-toggle=\"collapse\" data-bs-target=\"#flush-0\"  aria-expanded=\"false\" aria-controls=\"flush-0\">\n                            Opera\u00e7\u00f5es societ\u00e1rias                        <\/button>\n                    <\/h2>\n                    <div id=\"flush-0\" class=\"accordion-collapse collapse\" data-bs-parent=\"#accordion-block_3ac17d720b47c9ba396f864d6298e9fa\">\n                        <div class=\"accordion-body\">\n                            <p>Desde aquisi\u00e7\u00f5es e vendas at\u00e9 fus\u00f5es e cis\u00f5es, tanto nos aspetos comerciais como regulamentares com vista \u00e0 obten\u00e7\u00e3o das autoriza\u00e7\u00f5es necess\u00e1rias junto da Dire\u00e7\u00e3o Geral de Seguros e Fundos de Pens\u00f5es (DGSFP). Prestamos assessoria integral na liquida\u00e7\u00e3o de empresas de seguros e de resseguros.<\/p>\n                        <\/div>\n                    <\/div>\n                <\/div>\n                        <div class=\"accordion-item\">\n                    <h2 class=\"accordion-header\">\n                        <button class=\"accordion-button collapsed gap-3 align-items-start has-text\" type=\"button\" data-bs-toggle=\"collapse\" data-bs-target=\"#flush-1\"  aria-expanded=\"false\" aria-controls=\"flush-1\">\n                            Alian\u00e7as estrat\u00e9gicas                        <\/button>\n                    <\/h2>\n                    <div id=\"flush-1\" class=\"accordion-collapse collapse\" data-bs-parent=\"#accordion-block_3ac17d720b47c9ba396f864d6298e9fa\">\n                        <div class=\"accordion-body\">\n                            <p>Facilitamos colabora\u00e7\u00f5es entre bancos e companhias de seguros em todos os ramos de atividade, incluindo joint ventures.<\/p>\n                        <\/div>\n                    <\/div>\n                <\/div>\n                        <div class=\"accordion-item\">\n                    <h2 class=\"accordion-header\">\n                        <button class=\"accordion-button collapsed gap-3 align-items-start has-text\" type=\"button\" data-bs-toggle=\"collapse\" data-bs-target=\"#flush-2\"  aria-expanded=\"false\" aria-controls=\"flush-2\">\n                            Transfer\u00eancias de carteiras                        <\/button>\n                    <\/h2>\n                    <div id=\"flush-2\" class=\"accordion-collapse collapse\" data-bs-parent=\"#accordion-block_3ac17d720b47c9ba396f864d6298e9fa\">\n                        <div class=\"accordion-body\">\n                            <p>Gerimos transfer\u00eancias de carteiras de seguros a n\u00edvel nacional e internacional.<\/p>\n                        <\/div>\n                    <\/div>\n                <\/div>\n                        <div class=\"accordion-item\">\n                    <h2 class=\"accordion-header\">\n                        <button class=\"accordion-button collapsed gap-3 align-items-start has-text\" type=\"button\" data-bs-toggle=\"collapse\" data-bs-target=\"#flush-3\"  aria-expanded=\"false\" aria-controls=\"flush-3\">\n                            Regulamenta\u00e7\u00e3o                        <\/button>\n                    <\/h2>\n                    <div id=\"flush-3\" class=\"accordion-collapse collapse\" data-bs-parent=\"#accordion-block_3ac17d720b47c9ba396f864d6298e9fa\">\n                        <div class=\"accordion-body\">\n                            <p>Prestamos assessoria a companhias de seguros, distribuidores de seguros e ag\u00eancias de subscri\u00e7\u00e3o em todas as quest\u00f5es regulamentares.<\/p>\n                        <\/div>\n                    <\/div>\n                <\/div>\n                        <div class=\"accordion-item\">\n                    <h2 class=\"accordion-header\">\n                        <button class=\"accordion-button collapsed gap-3 align-items-start has-text\" type=\"button\" data-bs-toggle=\"collapse\" data-bs-target=\"#flush-4\"  aria-expanded=\"false\" aria-controls=\"flush-4\">\n                            Resseguro                        <\/button>\n                    <\/h2>\n                    <div id=\"flush-4\" class=\"accordion-collapse collapse\" data-bs-parent=\"#accordion-block_3ac17d720b47c9ba396f864d6298e9fa\">\n                        <div class=\"accordion-body\">\n                            <p>Tratamos de transa\u00e7\u00f5es complexas, como a monetiza\u00e7\u00e3o de carteiras e as transa\u00e7\u00f5es de poupan\u00e7a-vida.<\/p>\n                        <\/div>\n                    <\/div>\n                <\/div>\n                        <div class=\"accordion-item\">\n                    <h2 class=\"accordion-header\">\n                        <button class=\"accordion-button collapsed gap-3 align-items-start has-text\" type=\"button\" data-bs-toggle=\"collapse\" data-bs-target=\"#flush-5\"  aria-expanded=\"false\" aria-controls=\"flush-5\">\n                            Assessoria jur\u00eddica e contencioso                        <\/button>\n                    <\/h2>\n                    <div id=\"flush-5\" class=\"accordion-collapse collapse\" data-bs-parent=\"#accordion-block_3ac17d720b47c9ba396f864d6298e9fa\">\n                        <div class=\"accordion-body\">\n                            <p>Oferecemos servi\u00e7os de pr\u00e9-contencioso e contencioso para sinistros e perdas complexas.<\/p>\n                        <\/div>\n                    <\/div>\n                <\/div>\n                        <div class=\"accordion-item\">\n                    <h2 class=\"accordion-header\">\n                        <button class=\"accordion-button collapsed gap-3 align-items-start has-text\" type=\"button\" data-bs-toggle=\"collapse\" data-bs-target=\"#flush-6\"  aria-expanded=\"false\" aria-controls=\"flush-6\">\n                            Contrata\u00e7\u00e3o                        <\/button>\n                    <\/h2>\n                    <div id=\"flush-6\" class=\"accordion-collapse collapse\" data-bs-parent=\"#accordion-block_3ac17d720b47c9ba396f864d6298e9fa\">\n                        <div class=\"accordion-body\">\n                            <p>Cobrimos contratos de seguro e resseguro, incluindo novas modalidades digitais.<\/p>\n                        <\/div>\n                    <\/div>\n                <\/div>\n                        <div class=\"accordion-item\">\n                    <h2 class=\"accordion-header\">\n                        <button class=\"accordion-button collapsed gap-3 align-items-start has-text\" type=\"button\" data-bs-toggle=\"collapse\" data-bs-target=\"#flush-7\"  aria-expanded=\"false\" aria-controls=\"flush-7\">\n                            Inova\u00e7\u00e3o                        <\/button>\n                    <\/h2>\n                    <div id=\"flush-7\" class=\"accordion-collapse collapse\" data-bs-parent=\"#accordion-block_3ac17d720b47c9ba396f864d6298e9fa\">\n                        <div class=\"accordion-body\">\n                            <p>Exploramos as insurtech e outros desenvolvimentos digitais.<\/p>\n                        <\/div>\n                    <\/div>\n                <\/div>\n                        <div class=\"accordion-item\">\n                    <h2 class=\"accordion-header\">\n                        <button class=\"accordion-button collapsed gap-3 align-items-start has-text\" type=\"button\" data-bs-toggle=\"collapse\" data-bs-target=\"#flush-8\"  aria-expanded=\"false\" aria-controls=\"flush-8\">\n                            Planos de pens\u00f5es                        <\/button>\n                    <\/h2>\n                    <div id=\"flush-8\" class=\"accordion-collapse collapse\" data-bs-parent=\"#accordion-block_3ac17d720b47c9ba396f864d6298e9fa\">\n                        <div class=\"accordion-body\">\n                            <p>Prestamos aconselhamento sobre a gest\u00e3o e a regulamenta\u00e7\u00e3o dos planos e fundos de pens\u00f5es.<\/p>\n                        <\/div>\n                    <\/div>\n                <\/div>\n                        <div class=\"accordion-item\">\n                    <h2 class=\"accordion-header\">\n                        <button class=\"accordion-button collapsed gap-3 align-items-start has-text\" type=\"button\" data-bs-toggle=\"collapse\" data-bs-target=\"#flush-9\"  aria-expanded=\"false\" aria-controls=\"flush-9\">\n                            Media\u00e7\u00e3o de seguros privados                        <\/button>\n                    <\/h2>\n                    <div id=\"flush-9\" class=\"accordion-collapse collapse\" data-bs-parent=\"#accordion-block_3ac17d720b47c9ba396f864d6298e9fa\">\n                        <div class=\"accordion-body\">\n                            <p>Prestamos servi\u00e7os de media\u00e7\u00e3o no dom\u00ednio dos seguros privados.<\/p>\n                        <\/div>\n                    <\/div>\n                <\/div>\n                        <div class=\"accordion-item\">\n                    <h2 class=\"accordion-header\">\n                        <button class=\"accordion-button collapsed gap-3 align-items-start has-text\" type=\"button\" data-bs-toggle=\"collapse\" data-bs-target=\"#flush-10\"  aria-expanded=\"false\" aria-controls=\"flush-10\">\n                            Regula\u00e7\u00e3o e supervis\u00e3o                        <\/button>\n                    <\/h2>\n                    <div id=\"flush-10\" class=\"accordion-collapse collapse\" data-bs-parent=\"#accordion-block_3ac17d720b47c9ba396f864d6298e9fa\">\n                        <div class=\"accordion-body\">\n                            <p>Prestamos assessoria em opera\u00e7\u00f5es em Espanha e Portugal, bem como em estruturas transnacionais.<\/p>\n                        <\/div>\n                    <\/div>\n                <\/div>\n                <\/div>\n    <\/div>\n\n<\/div>\n\n\n\n<p>O nosso profundo conhecimento do sector e a nossa capacidade de resolu\u00e7\u00e3o de conflitos jur\u00eddicos permitem-nos representar tomadores de seguros, seguradoras e resseguradoras nos mais diversos processos judiciais e pr\u00e9-contenciosos.<\/p>\n\n<\/div>\n<\/div>\n\n<\/div>\n\n    <\/div>\n\n<\/div>\n\n\n\n\n<div id=\"CargosPersonas-block_35fe535abb07a678946aa9f147bc98d7\" class=\"CargosPersonas egeo\">\n\n    <div class=\"container\">\n        <div class=\"row align-items-end\">\n            <div class=\"col-12 col-lg-6\">\n                <div class=\"title\"><h2 class=''>Conhe\u00e7a a equipa<\/h2>\n<\/div>\n            <\/div>\n            <div class=\"col-12 col-lg-6 selectores\">\n                <div class=\"nav nav-tabs\" id=\"nav-tab\" role=\"tablist\">\n                                            <button class=\"nav-link active\" id=\"grupo-personas-0-tab\" data-bs-toggle=\"tab\" data-bs-target=\"#grupo-personas-0\" type=\"button\" role=\"tab\" aria-controls=\"nav-grupo-personas-0\" aria-selected=\"true\">Contato<\/button>\n                                            <button class=\"nav-link \" id=\"grupo-personas-1-tab\" data-bs-toggle=\"tab\" data-bs-target=\"#grupo-personas-1\" type=\"button\" role=\"tab\" aria-controls=\"nav-grupo-personas-1\" aria-selected=\"true\">Equipa<\/button>\n                                    <\/div>\n            <\/div>\n        <\/div>\n\n        <div class=\"tab-content\" id=\"nav-tabContent\">\n                                            <div class=\"tab-pane fade show active\" id=\"grupo-personas-0\" role=\"tabpanel\" aria-labelledby=\"grupo-personas-0-tab\" tabindex=\"0\">\n                    <div class=\"itemGrid d-none d-lg-grid\">\n                                                        <div\n        class=\"personaCard  egeo\">\n        <div class=\"personaContent\">\n                            <a href=\"https:\/\/ga-p.com\/pt-pt\/pessoa\/ana-martinez-pina\/\">\n                    <div class=\"personaImage\"\n                        style=\"background:url(https:\/\/ga-p.com\/wp-content\/uploads\/2024\/05\/Fondo-personas-nueva-web.webp)\">\n                        <img fetchpriority=\"high\" decoding=\"async\" width=\"424\" height=\"424\" src=\"https:\/\/ga-p.com\/wp-content\/uploads\/2024\/06\/Ana-Martinez-Pina-1.png\" class=\"\" alt=\"Ana Mart\u00ednez-Pina\" loading=\"eager\" srcset=\"https:\/\/ga-p.com\/wp-content\/uploads\/2024\/06\/Ana-Martinez-Pina-1.png 424w, https:\/\/ga-p.com\/wp-content\/uploads\/2024\/06\/Ana-Martinez-Pina-1-300x300.png 300w, https:\/\/ga-p.com\/wp-content\/uploads\/2024\/06\/Ana-Martinez-Pina-1-150x150.png 150w\" sizes=\"(max-width: 424px) 100vw, 424px\" \/>                    <\/div>\n                <\/a>\n                        <div class=\"personaInfo\">\n                <a style=\"text-decoration: none;\" href=\"https:\/\/ga-p.com\/pt-pt\/pessoa\/ana-martinez-pina\/\">\n                    <div class=\"name\">Ana Mart\u00ednez-Pina<\/div>\n                <\/a>\n                                    <div class=\"cargo\">S\u00f3cia<\/div>\n                                                    <div class=\"specs mb-2 d-flex align-items-center gap-2\">\n                                                    <img decoding=\"async\" class=\"image\" alt=\"email\"\n                                src=\"https:\/\/ga-p.com\/wp-content\/themes\/ga-p\/assets\/images\/email-icon.svg\" \/>\n                                                <a href=\"mailto:amartinezpina@ga-p.com\">amartinezpina@ga-p.com<\/a>\n                    <\/div>\n                                                    <div class=\"specs mb-2 d-flex align-items-center gap-2\">\n                                                    <img decoding=\"async\" class=\"image\" src=\"https:\/\/ga-p.com\/wp-content\/themes\/ga-p\/assets\/images\/profession-icon.svg\" \/>\n                                                <div class=\"areas\">\n                                                            <a\n                                    href=\"https:\/\/ga-p.com\/pt-pt\/area\/bancario-y-financeiro\/\">Banc\u00e1rio e Financeiro, <\/a>\n                                                            <a\n                                    href=\"https:\/\/ga-p.com\/pt-pt\/area\/regulacao-financeira\/\">Regula\u00e7\u00e3o Financeira, <\/a>\n                                                            <a\n                                    href=\"https:\/\/ga-p.com\/pt-pt\/area\/sustentabilidade\/\">Sustentabilidade<\/a>\n                                                    <\/div>\n                    <\/div>\n                                                    <div class=\"specs mb-2 d-flex align-items-center gap-2\">\n                                                    <img decoding=\"async\" class=\"image\" src=\"https:\/\/ga-p.com\/wp-content\/themes\/ga-p\/assets\/images\/select-oficinas.svg\" \/>\n                                                <a\n                            href=\"https:\/\/ga-p.com\/pt-pt\/escritorio\/madrid\/\">Madrid<\/a>\n                    <\/div>\n                                                    <div class=\"specs mb-2 d-flex align-items-center gap-2\">\n                                                    <img decoding=\"async\" alt=\"icon\"\n                                src=\"https:\/\/ga-p.com\/wp-content\/themes\/ga-p\/assets\/images\/mobile-primary.svg\" \/>\n                                                <a href=\"tel:(+34) 91 582 91 00\">(+34) 91 582 91 00<\/a>\n                    <\/div>\n                            <\/div>\n        <\/div>\n\n        <a href=\"https:\/\/ga-p.com\/pt-pt\/pessoa\/ana-martinez-pina\/\" class=\"align-self-start align-self-lg-end\">\n            <div class=\"openCard\">\n                                    <img decoding=\"async\" alt=\"icon\" src=\"https:\/\/ga-p.com\/wp-content\/themes\/ga-p\/assets\/images\/arrow-open.svg\" \/>\n                    <img decoding=\"async\" alt=\"icon\" src=\"https:\/\/ga-p.com\/wp-content\/themes\/ga-p\/assets\/images\/arrow-open.svg\" \/>\n                \n            <\/div>\n        <\/a>\n    <\/div>\n                                                        <div\n        class=\"personaCard  egeo\">\n        <div class=\"personaContent\">\n                            <a href=\"https:\/\/ga-p.com\/pt-pt\/pessoa\/pablo-muelas\/\">\n                    <div class=\"personaImage\"\n                        style=\"background:url(https:\/\/ga-p.com\/wp-content\/uploads\/2024\/05\/Fondo-personas-nueva-web.webp)\">\n                        <img decoding=\"async\" width=\"424\" height=\"424\" src=\"https:\/\/ga-p.com\/wp-content\/uploads\/2025\/06\/Pablo-Muelas.png\" class=\"\" alt=\"Pablo Muelas\" loading=\"eager\" srcset=\"https:\/\/ga-p.com\/wp-content\/uploads\/2025\/06\/Pablo-Muelas.png 424w, https:\/\/ga-p.com\/wp-content\/uploads\/2025\/06\/Pablo-Muelas-300x300.png 300w, https:\/\/ga-p.com\/wp-content\/uploads\/2025\/06\/Pablo-Muelas-150x150.png 150w\" sizes=\"(max-width: 424px) 100vw, 424px\" \/>                    <\/div>\n                <\/a>\n                        <div class=\"personaInfo\">\n                <a style=\"text-decoration: none;\" href=\"https:\/\/ga-p.com\/pt-pt\/pessoa\/pablo-muelas\/\">\n                    <div class=\"name\">Pablo Muelas<\/div>\n                <\/a>\n                                    <div class=\"cargo\">S\u00f3cio<\/div>\n                                                    <div class=\"specs mb-2 d-flex align-items-center gap-2\">\n                                                    <img decoding=\"async\" class=\"image\" alt=\"email\"\n                                src=\"https:\/\/ga-p.com\/wp-content\/themes\/ga-p\/assets\/images\/email-icon.svg\" \/>\n                                                <a href=\"mailto:pmuelas@ga-p.com\">pmuelas@ga-p.com<\/a>\n                    <\/div>\n                                                    <div class=\"specs mb-2 d-flex align-items-center gap-2\">\n                                                    <img decoding=\"async\" class=\"image\" src=\"https:\/\/ga-p.com\/wp-content\/themes\/ga-p\/assets\/images\/profession-icon.svg\" \/>\n                                                <div class=\"areas\">\n                                                            <a\n                                    href=\"https:\/\/ga-p.com\/pt-pt\/area\/bancario-y-financeiro\/\">Banc\u00e1rio e Financeiro<\/a>\n                                                    <\/div>\n                    <\/div>\n                                                    <div class=\"specs mb-2 d-flex align-items-center gap-2\">\n                                                    <img decoding=\"async\" class=\"image\" src=\"https:\/\/ga-p.com\/wp-content\/themes\/ga-p\/assets\/images\/select-oficinas.svg\" \/>\n                                                <a\n                            href=\"https:\/\/ga-p.com\/pt-pt\/escritorio\/madrid\/\">Madrid<\/a>\n                    <\/div>\n                                                    <div class=\"specs mb-2 d-flex align-items-center gap-2\">\n                                                    <img decoding=\"async\" alt=\"icon\"\n                                src=\"https:\/\/ga-p.com\/wp-content\/themes\/ga-p\/assets\/images\/mobile-primary.svg\" \/>\n                                                <a href=\"tel:(+34) 91 582 91 00\">(+34) 91 582 91 00<\/a>\n                    <\/div>\n                            <\/div>\n        <\/div>\n\n        <a href=\"https:\/\/ga-p.com\/pt-pt\/pessoa\/pablo-muelas\/\" class=\"align-self-start align-self-lg-end\">\n            <div class=\"openCard\">\n                                    <img decoding=\"async\" alt=\"icon\" src=\"https:\/\/ga-p.com\/wp-content\/themes\/ga-p\/assets\/images\/arrow-open.svg\" \/>\n                    <img decoding=\"async\" alt=\"icon\" src=\"https:\/\/ga-p.com\/wp-content\/themes\/ga-p\/assets\/images\/arrow-open.svg\" \/>\n                \n            <\/div>\n        <\/a>\n    <\/div>\n                                                                    <\/div>\n\n                    <div class=\"d-block d-lg-none\">\n                        <div class=\"swiper swiperCargos swiperGrupo-0\">\n                            <div class=\"swiper-wrapper\">\n                                                                <div class=\"swiper-slide\">\n                                        <div\n        class=\"personaCard  egeo\">\n        <div class=\"personaContent\">\n                            <a href=\"https:\/\/ga-p.com\/pt-pt\/pessoa\/ana-martinez-pina\/\">\n                    <div class=\"personaImage\"\n                        style=\"background:url(https:\/\/ga-p.com\/wp-content\/uploads\/2024\/05\/Fondo-personas-nueva-web.webp)\">\n                        <img fetchpriority=\"high\" decoding=\"async\" width=\"424\" height=\"424\" src=\"https:\/\/ga-p.com\/wp-content\/uploads\/2024\/06\/Ana-Martinez-Pina-1.png\" class=\"\" alt=\"Ana Mart\u00ednez-Pina\" loading=\"eager\" srcset=\"https:\/\/ga-p.com\/wp-content\/uploads\/2024\/06\/Ana-Martinez-Pina-1.png 424w, https:\/\/ga-p.com\/wp-content\/uploads\/2024\/06\/Ana-Martinez-Pina-1-300x300.png 300w, https:\/\/ga-p.com\/wp-content\/uploads\/2024\/06\/Ana-Martinez-Pina-1-150x150.png 150w\" sizes=\"(max-width: 424px) 100vw, 424px\" \/>                    <\/div>\n                <\/a>\n                        <div class=\"personaInfo\">\n                <a style=\"text-decoration: none;\" href=\"https:\/\/ga-p.com\/pt-pt\/pessoa\/ana-martinez-pina\/\">\n                    <div class=\"name\">Ana Mart\u00ednez-Pina<\/div>\n                <\/a>\n                                    <div class=\"cargo\">S\u00f3cia<\/div>\n                                                    <div class=\"specs mb-2 d-flex align-items-center gap-2\">\n                                                    <img decoding=\"async\" class=\"image\" alt=\"email\"\n                                src=\"https:\/\/ga-p.com\/wp-content\/themes\/ga-p\/assets\/images\/email-icon.svg\" \/>\n                                                <a href=\"mailto:amartinezpina@ga-p.com\">amartinezpina@ga-p.com<\/a>\n                    <\/div>\n                                                    <div class=\"specs mb-2 d-flex align-items-center gap-2\">\n                                                    <img decoding=\"async\" class=\"image\" src=\"https:\/\/ga-p.com\/wp-content\/themes\/ga-p\/assets\/images\/profession-icon.svg\" \/>\n                                                <div class=\"areas\">\n                                                            <a\n                                    href=\"https:\/\/ga-p.com\/pt-pt\/area\/bancario-y-financeiro\/\">Banc\u00e1rio e Financeiro, <\/a>\n                                                            <a\n                                    href=\"https:\/\/ga-p.com\/pt-pt\/area\/regulacao-financeira\/\">Regula\u00e7\u00e3o Financeira, <\/a>\n                                                            <a\n                                    href=\"https:\/\/ga-p.com\/pt-pt\/area\/sustentabilidade\/\">Sustentabilidade<\/a>\n                                                    <\/div>\n                    <\/div>\n                                                    <div class=\"specs mb-2 d-flex align-items-center gap-2\">\n                                                    <img decoding=\"async\" class=\"image\" src=\"https:\/\/ga-p.com\/wp-content\/themes\/ga-p\/assets\/images\/select-oficinas.svg\" \/>\n                                                <a\n                            href=\"https:\/\/ga-p.com\/pt-pt\/escritorio\/madrid\/\">Madrid<\/a>\n                    <\/div>\n                                                    <div class=\"specs mb-2 d-flex align-items-center gap-2\">\n                                                    <img decoding=\"async\" alt=\"icon\"\n                                src=\"https:\/\/ga-p.com\/wp-content\/themes\/ga-p\/assets\/images\/mobile-primary.svg\" \/>\n                                                <a href=\"tel:(+34) 91 582 91 00\">(+34) 91 582 91 00<\/a>\n                    <\/div>\n                            <\/div>\n        <\/div>\n\n        <a href=\"https:\/\/ga-p.com\/pt-pt\/pessoa\/ana-martinez-pina\/\" class=\"align-self-start align-self-lg-end\">\n            <div class=\"openCard\">\n                                    <img decoding=\"async\" alt=\"icon\" src=\"https:\/\/ga-p.com\/wp-content\/themes\/ga-p\/assets\/images\/arrow-open.svg\" \/>\n                    <img decoding=\"async\" alt=\"icon\" src=\"https:\/\/ga-p.com\/wp-content\/themes\/ga-p\/assets\/images\/arrow-open.svg\" \/>\n                \n            <\/div>\n        <\/a>\n    <\/div>\n                                <\/div>\n                                                                <div class=\"swiper-slide\">\n                                        <div\n        class=\"personaCard  egeo\">\n        <div class=\"personaContent\">\n                            <a href=\"https:\/\/ga-p.com\/pt-pt\/pessoa\/pablo-muelas\/\">\n                    <div class=\"personaImage\"\n                        style=\"background:url(https:\/\/ga-p.com\/wp-content\/uploads\/2024\/05\/Fondo-personas-nueva-web.webp)\">\n                        <img decoding=\"async\" width=\"424\" height=\"424\" src=\"https:\/\/ga-p.com\/wp-content\/uploads\/2025\/06\/Pablo-Muelas.png\" class=\"\" alt=\"Pablo Muelas\" loading=\"eager\" srcset=\"https:\/\/ga-p.com\/wp-content\/uploads\/2025\/06\/Pablo-Muelas.png 424w, https:\/\/ga-p.com\/wp-content\/uploads\/2025\/06\/Pablo-Muelas-300x300.png 300w, https:\/\/ga-p.com\/wp-content\/uploads\/2025\/06\/Pablo-Muelas-150x150.png 150w\" sizes=\"(max-width: 424px) 100vw, 424px\" \/>                    <\/div>\n                <\/a>\n                        <div class=\"personaInfo\">\n                <a style=\"text-decoration: none;\" href=\"https:\/\/ga-p.com\/pt-pt\/pessoa\/pablo-muelas\/\">\n                    <div class=\"name\">Pablo Muelas<\/div>\n                <\/a>\n                                    <div class=\"cargo\">S\u00f3cio<\/div>\n                                                    <div class=\"specs mb-2 d-flex align-items-center gap-2\">\n                                                    <img decoding=\"async\" class=\"image\" alt=\"email\"\n                                src=\"https:\/\/ga-p.com\/wp-content\/themes\/ga-p\/assets\/images\/email-icon.svg\" \/>\n                                                <a href=\"mailto:pmuelas@ga-p.com\">pmuelas@ga-p.com<\/a>\n                    <\/div>\n                                                    <div class=\"specs mb-2 d-flex align-items-center gap-2\">\n                                                    <img decoding=\"async\" class=\"image\" src=\"https:\/\/ga-p.com\/wp-content\/themes\/ga-p\/assets\/images\/profession-icon.svg\" \/>\n                                                <div class=\"areas\">\n                                                            <a\n                                    href=\"https:\/\/ga-p.com\/pt-pt\/area\/bancario-y-financeiro\/\">Banc\u00e1rio e Financeiro<\/a>\n                                                    <\/div>\n                    <\/div>\n                                                    <div class=\"specs mb-2 d-flex align-items-center gap-2\">\n                                                    <img decoding=\"async\" class=\"image\" src=\"https:\/\/ga-p.com\/wp-content\/themes\/ga-p\/assets\/images\/select-oficinas.svg\" \/>\n                                                <a\n                            href=\"https:\/\/ga-p.com\/pt-pt\/escritorio\/madrid\/\">Madrid<\/a>\n                    <\/div>\n                                                    <div class=\"specs mb-2 d-flex align-items-center gap-2\">\n                                                    <img decoding=\"async\" alt=\"icon\"\n                                src=\"https:\/\/ga-p.com\/wp-content\/themes\/ga-p\/assets\/images\/mobile-primary.svg\" \/>\n                                                <a href=\"tel:(+34) 91 582 91 00\">(+34) 91 582 91 00<\/a>\n                    <\/div>\n                            <\/div>\n        <\/div>\n\n        <a href=\"https:\/\/ga-p.com\/pt-pt\/pessoa\/pablo-muelas\/\" class=\"align-self-start align-self-lg-end\">\n            <div class=\"openCard\">\n                                    <img decoding=\"async\" alt=\"icon\" src=\"https:\/\/ga-p.com\/wp-content\/themes\/ga-p\/assets\/images\/arrow-open.svg\" \/>\n                    <img decoding=\"async\" alt=\"icon\" src=\"https:\/\/ga-p.com\/wp-content\/themes\/ga-p\/assets\/images\/arrow-open.svg\" \/>\n                \n            <\/div>\n        <\/a>\n    <\/div>\n                                <\/div>\n                                                            <\/div>\n                            <div class=\"swiperPagination mt-3\">\n                                <div class=\"container\">\n                                    <div class=\"row\">\n                                        <div class=\"col-6\">\n                                            <div class=\"swiperBullets\"><\/div>\n                                        <\/div>\n                                        <div class=\"col-6 swiperArrowsMobile\">\n                                            <div class=\"swiperCargosArrows swiperArrows\">\n                                                <div class=\"d-flex align-items-center gap-4 justify-content-end\">\n                                                    <div class=\"swiper-button-prev\"><img decoding=\"async\" alt=\"icon\" src=\"https:\/\/ga-p.com\/wp-content\/themes\/ga-p\/assets\/images\/slider-arrow.svg\" \/><\/div>\n                                                    <div class=\"swiper-button-next\"><img decoding=\"async\" alt=\"icon\" src=\"https:\/\/ga-p.com\/wp-content\/themes\/ga-p\/assets\/images\/slider-arrow.svg\" \/><\/div>\n                                                <\/div>\n                                            <\/div>\n                                        <\/div>\n                                    <\/div>\n                                <\/div>\n                            <\/div>\n                        <\/div>\n                    <\/div>\n                <\/div>\n            <script>\n                jQuery(document).ready(function ($){\n                    var swiperPersGrupo_0 = new Swiper(\".CargosPersonas .swiperCargos.swiperGrupo-0\", {\n                        slidesPerView: 1,\n                        spaceBetween: 24,\n                        navigation: {\n                            nextEl: \".CargosPersonas .swiperGrupo-0 .swiperArrows .swiper-button-next\",\n                            prevEl: \".CargosPersonas .swiperGrupo-0 .swiperArrows .swiper-button-prev\",\n                        },\n                        pagination: {\n                            el: '.CargosPersonas .swiperGrupo-0 .swiperBullets',\n                            clickable: true,\n                            type: $.fn.isMobileViewport() ? 'fraction' : 'bullets',\n                            formatFractionCurrent: function (number) { return ('0' + number).slice(-2); },\n                            formatFractionTotal: function (number) { return ('0' + number).slice(-2); },\n                            renderFraction: function (currentClass, totalClass) {\n                                return '<span class=\"swiper-pagination-fraction ' + currentClass + '\"><\/span>' +\n                                    ' \/ ' +\n                                    '<span class=\"swiper-pagination-fraction ' + totalClass + '\"><\/span>';\n                            }\n                        },\n                    });\n                })\n            <\/script>\n                                            <div class=\"tab-pane fade \" id=\"grupo-personas-1\" role=\"tabpanel\" aria-labelledby=\"grupo-personas-1-tab\" tabindex=\"0\">\n                    <div class=\"itemGrid d-none d-lg-grid\">\n                                                        <div\n        class=\"personaCard  egeo\">\n        <div class=\"personaContent\">\n                            <a href=\"https:\/\/ga-p.com\/pt-pt\/pessoa\/augusto-pinel\/\">\n                    <div class=\"personaImage\"\n                        style=\"background:url(https:\/\/ga-p.com\/wp-content\/uploads\/2024\/05\/Fondo-personas-nueva-web.webp)\">\n                        <img decoding=\"async\" width=\"424\" height=\"424\" src=\"https:\/\/ga-p.com\/wp-content\/uploads\/2024\/06\/Augusto-Pinel.png\" class=\"\" alt=\"Augusto Pi\u00f1el\" loading=\"eager\" srcset=\"https:\/\/ga-p.com\/wp-content\/uploads\/2024\/06\/Augusto-Pinel.png 424w, https:\/\/ga-p.com\/wp-content\/uploads\/2024\/06\/Augusto-Pinel-300x300.png 300w, https:\/\/ga-p.com\/wp-content\/uploads\/2024\/06\/Augusto-Pinel-150x150.png 150w\" sizes=\"(max-width: 424px) 100vw, 424px\" \/>                    <\/div>\n                <\/a>\n                        <div class=\"personaInfo\">\n                <a style=\"text-decoration: none;\" href=\"https:\/\/ga-p.com\/pt-pt\/pessoa\/augusto-pinel\/\">\n                    <div class=\"name\">Augusto Pi\u00f1el<\/div>\n                <\/a>\n                                    <div class=\"cargo\">S\u00f3cio<\/div>\n                                                    <div class=\"specs mb-2 d-flex align-items-center gap-2\">\n                                                    <img decoding=\"async\" class=\"image\" alt=\"email\"\n                                src=\"https:\/\/ga-p.com\/wp-content\/themes\/ga-p\/assets\/images\/email-icon.svg\" \/>\n                                                <a href=\"mailto:apinel@ga-p.com\">apinel@ga-p.com<\/a>\n                    <\/div>\n                                                    <div class=\"specs mb-2 d-flex align-items-center gap-2\">\n                                                    <img decoding=\"async\" class=\"image\" src=\"https:\/\/ga-p.com\/wp-content\/themes\/ga-p\/assets\/images\/profession-icon.svg\" \/>\n                                                <div class=\"areas\">\n                                                            <a\n                                    href=\"https:\/\/ga-p.com\/pt-pt\/area\/direito-comercial-societario\/\">Comercial, Societ\u00e1rio e M&amp;A, <\/a>\n                                                            <a\n                                    href=\"https:\/\/ga-p.com\/pt-pt\/area\/mercado-de-capitais\/\">Mercado de Capitais<\/a>\n                                                    <\/div>\n                    <\/div>\n                                                    <div class=\"specs mb-2 d-flex align-items-center gap-2\">\n                                                    <img decoding=\"async\" class=\"image\" src=\"https:\/\/ga-p.com\/wp-content\/themes\/ga-p\/assets\/images\/select-oficinas.svg\" \/>\n                                                <a\n                            href=\"https:\/\/ga-p.com\/pt-pt\/escritorio\/madrid\/\">Madrid<\/a>\n                    <\/div>\n                                                    <div class=\"specs mb-2 d-flex align-items-center gap-2\">\n                                                    <img decoding=\"async\" alt=\"icon\"\n                                src=\"https:\/\/ga-p.com\/wp-content\/themes\/ga-p\/assets\/images\/mobile-primary.svg\" \/>\n                                                <a href=\"tel:(+34) 91 582 91 00\">(+34) 91 582 91 00<\/a>\n                    <\/div>\n                            <\/div>\n        <\/div>\n\n        <a href=\"https:\/\/ga-p.com\/pt-pt\/pessoa\/augusto-pinel\/\" class=\"align-self-start align-self-lg-end\">\n            <div class=\"openCard\">\n                                    <img decoding=\"async\" alt=\"icon\" src=\"https:\/\/ga-p.com\/wp-content\/themes\/ga-p\/assets\/images\/arrow-open.svg\" \/>\n                    <img decoding=\"async\" alt=\"icon\" src=\"https:\/\/ga-p.com\/wp-content\/themes\/ga-p\/assets\/images\/arrow-open.svg\" \/>\n                \n            <\/div>\n        <\/a>\n    <\/div>\n                                                        <div\n        class=\"personaCard  egeo\">\n        <div class=\"personaContent\">\n                            <a href=\"https:\/\/ga-p.com\/pt-pt\/pessoa\/enrique-ortega\/\">\n                    <div class=\"personaImage\"\n                        style=\"background:url(https:\/\/ga-p.com\/wp-content\/uploads\/2024\/05\/Fondo-personas-nueva-web.webp)\">\n                        <img decoding=\"async\" width=\"424\" height=\"424\" src=\"https:\/\/ga-p.com\/wp-content\/uploads\/2024\/06\/Enrique-Ortega.png\" class=\"\" alt=\"Enrique Ortega\" loading=\"eager\" srcset=\"https:\/\/ga-p.com\/wp-content\/uploads\/2024\/06\/Enrique-Ortega.png 424w, https:\/\/ga-p.com\/wp-content\/uploads\/2024\/06\/Enrique-Ortega-300x300.png 300w, https:\/\/ga-p.com\/wp-content\/uploads\/2024\/06\/Enrique-Ortega-150x150.png 150w\" sizes=\"(max-width: 424px) 100vw, 424px\" \/>                    <\/div>\n                <\/a>\n                        <div class=\"personaInfo\">\n                <a style=\"text-decoration: none;\" href=\"https:\/\/ga-p.com\/pt-pt\/pessoa\/enrique-ortega\/\">\n                    <div class=\"name\">Enrique Ortega<\/div>\n                <\/a>\n                                    <div class=\"cargo\">S\u00f3cio<\/div>\n                                                    <div class=\"specs mb-2 d-flex align-items-center gap-2\">\n                                                    <img decoding=\"async\" class=\"image\" alt=\"email\"\n                                src=\"https:\/\/ga-p.com\/wp-content\/themes\/ga-p\/assets\/images\/email-icon.svg\" \/>\n                                                <a href=\"mailto:eortega@ga-p.com\">eortega@ga-p.com<\/a>\n                    <\/div>\n                                                    <div class=\"specs mb-2 d-flex align-items-center gap-2\">\n                                                    <img decoding=\"async\" class=\"image\" src=\"https:\/\/ga-p.com\/wp-content\/themes\/ga-p\/assets\/images\/profession-icon.svg\" \/>\n                                                <div class=\"areas\">\n                                                            <a\n                                    href=\"https:\/\/ga-p.com\/pt-pt\/area\/direito-contabilistico\/\">Direito do Balan\u00e7o, <\/a>\n                                                            <a\n                                    href=\"https:\/\/ga-p.com\/pt-pt\/area\/fiscal\/\">Fiscal<\/a>\n                                                    <\/div>\n                    <\/div>\n                                                    <div class=\"specs mb-2 d-flex align-items-center gap-2\">\n                                                    <img decoding=\"async\" class=\"image\" src=\"https:\/\/ga-p.com\/wp-content\/themes\/ga-p\/assets\/images\/select-oficinas.svg\" \/>\n                                                <a\n                            href=\"https:\/\/ga-p.com\/pt-pt\/escritorio\/madrid\/\">Madrid<\/a>\n                    <\/div>\n                                                    <div class=\"specs mb-2 d-flex align-items-center gap-2\">\n                                                    <img decoding=\"async\" alt=\"icon\"\n                                src=\"https:\/\/ga-p.com\/wp-content\/themes\/ga-p\/assets\/images\/mobile-primary.svg\" \/>\n                                                <a href=\"tel:(+34) 91 582 91 00\">(+34) 91 582 91 00<\/a>\n                    <\/div>\n                            <\/div>\n        <\/div>\n\n        <a href=\"https:\/\/ga-p.com\/pt-pt\/pessoa\/enrique-ortega\/\" class=\"align-self-start align-self-lg-end\">\n            <div class=\"openCard\">\n                                    <img decoding=\"async\" alt=\"icon\" src=\"https:\/\/ga-p.com\/wp-content\/themes\/ga-p\/assets\/images\/arrow-open.svg\" \/>\n                    <img decoding=\"async\" alt=\"icon\" src=\"https:\/\/ga-p.com\/wp-content\/themes\/ga-p\/assets\/images\/arrow-open.svg\" \/>\n                \n            <\/div>\n        <\/a>\n    <\/div>\n                                                        <div\n        class=\"personaCard  egeo\">\n        <div class=\"personaContent\">\n                            <a href=\"https:\/\/ga-p.com\/pt-pt\/pessoa\/estibaliz-aranburu\/\">\n                    <div class=\"personaImage\"\n                        style=\"background:url(https:\/\/ga-p.com\/wp-content\/uploads\/2024\/05\/Fondo-personas-nueva-web.webp)\">\n                        <img decoding=\"async\" width=\"424\" height=\"424\" src=\"https:\/\/ga-p.com\/wp-content\/uploads\/2024\/06\/Estibaliz-Aranburu.png\" class=\"\" alt=\"Estibaliz Aranburu\" loading=\"eager\" srcset=\"https:\/\/ga-p.com\/wp-content\/uploads\/2024\/06\/Estibaliz-Aranburu.png 424w, https:\/\/ga-p.com\/wp-content\/uploads\/2024\/06\/Estibaliz-Aranburu-300x300.png 300w, https:\/\/ga-p.com\/wp-content\/uploads\/2024\/06\/Estibaliz-Aranburu-150x150.png 150w\" sizes=\"(max-width: 424px) 100vw, 424px\" \/>                    <\/div>\n                <\/a>\n                        <div class=\"personaInfo\">\n                <a style=\"text-decoration: none;\" href=\"https:\/\/ga-p.com\/pt-pt\/pessoa\/estibaliz-aranburu\/\">\n                    <div class=\"name\">Estibaliz Aranburu<\/div>\n                <\/a>\n                                    <div class=\"cargo\">S\u00f3cia<\/div>\n                                                    <div class=\"specs mb-2 d-flex align-items-center gap-2\">\n                                                    <img decoding=\"async\" class=\"image\" alt=\"email\"\n                                src=\"https:\/\/ga-p.com\/wp-content\/themes\/ga-p\/assets\/images\/email-icon.svg\" \/>\n                                                <a href=\"mailto:earanburu@ga-p.com\">earanburu@ga-p.com<\/a>\n                    <\/div>\n                                                    <div class=\"specs mb-2 d-flex align-items-center gap-2\">\n                                                    <img decoding=\"async\" class=\"image\" src=\"https:\/\/ga-p.com\/wp-content\/themes\/ga-p\/assets\/images\/profession-icon.svg\" \/>\n                                                <div class=\"areas\">\n                                                            <a\n                                    href=\"https:\/\/ga-p.com\/pt-pt\/area\/direito-comercial-societario\/\">Comercial, Societ\u00e1rio e M&amp;A, <\/a>\n                                                            <a\n                                    href=\"https:\/\/ga-p.com\/pt-pt\/area\/sustentabilidade\/\">Sustentabilidade<\/a>\n                                                    <\/div>\n                    <\/div>\n                                                    <div class=\"specs mb-2 d-flex align-items-center gap-2\">\n                                                    <img decoding=\"async\" class=\"image\" src=\"https:\/\/ga-p.com\/wp-content\/themes\/ga-p\/assets\/images\/select-oficinas.svg\" \/>\n                                                <a\n                            href=\"https:\/\/ga-p.com\/pt-pt\/escritorio\/bilbau\/\">Bilbau<\/a>\n                    <\/div>\n                                                    <div class=\"specs mb-2 d-flex align-items-center gap-2\">\n                                                    <img decoding=\"async\" alt=\"icon\"\n                                src=\"https:\/\/ga-p.com\/wp-content\/themes\/ga-p\/assets\/images\/mobile-primary.svg\" \/>\n                                                <a href=\"tel:(+34) 94 415 70 15\">(+34) 94 415 70 15<\/a>\n                    <\/div>\n                            <\/div>\n        <\/div>\n\n        <a href=\"https:\/\/ga-p.com\/pt-pt\/pessoa\/estibaliz-aranburu\/\" class=\"align-self-start align-self-lg-end\">\n            <div class=\"openCard\">\n                                    <img decoding=\"async\" alt=\"icon\" src=\"https:\/\/ga-p.com\/wp-content\/themes\/ga-p\/assets\/images\/arrow-open.svg\" \/>\n                    <img decoding=\"async\" alt=\"icon\" src=\"https:\/\/ga-p.com\/wp-content\/themes\/ga-p\/assets\/images\/arrow-open.svg\" \/>\n                \n            <\/div>\n        <\/a>\n    <\/div>\n                                                        <div\n        class=\"personaCard  egeo\">\n        <div class=\"personaContent\">\n                            <a href=\"https:\/\/ga-p.com\/pt-pt\/pessoa\/inigo-erlaiz\/\">\n                    <div class=\"personaImage\"\n                        style=\"background:url(https:\/\/ga-p.com\/wp-content\/uploads\/2024\/05\/Fondo-personas-nueva-web.webp)\">\n                        <img decoding=\"async\" width=\"424\" height=\"424\" src=\"https:\/\/ga-p.com\/wp-content\/uploads\/2024\/06\/Inigo-Erlaiz.png\" class=\"\" alt=\"\u00cd\u00f1igo Erlaiz\" loading=\"eager\" srcset=\"https:\/\/ga-p.com\/wp-content\/uploads\/2024\/06\/Inigo-Erlaiz.png 424w, https:\/\/ga-p.com\/wp-content\/uploads\/2024\/06\/Inigo-Erlaiz-300x300.png 300w, https:\/\/ga-p.com\/wp-content\/uploads\/2024\/06\/Inigo-Erlaiz-150x150.png 150w\" sizes=\"(max-width: 424px) 100vw, 424px\" \/>                    <\/div>\n                <\/a>\n                        <div class=\"personaInfo\">\n                <a style=\"text-decoration: none;\" href=\"https:\/\/ga-p.com\/pt-pt\/pessoa\/inigo-erlaiz\/\">\n                    <div class=\"name\">\u00cd\u00f1igo Erlaiz<\/div>\n                <\/a>\n                                    <div class=\"cargo\">S\u00f3cio<\/div>\n                                                    <div class=\"specs mb-2 d-flex align-items-center gap-2\">\n                                                    <img decoding=\"async\" class=\"image\" alt=\"email\"\n                                src=\"https:\/\/ga-p.com\/wp-content\/themes\/ga-p\/assets\/images\/email-icon.svg\" \/>\n                                                <a href=\"mailto:ierlaiz@ga-p.com\">ierlaiz@ga-p.com<\/a>\n                    <\/div>\n                                                    <div class=\"specs mb-2 d-flex align-items-center gap-2\">\n                                                    <img decoding=\"async\" class=\"image\" src=\"https:\/\/ga-p.com\/wp-content\/themes\/ga-p\/assets\/images\/profession-icon.svg\" \/>\n                                                <div class=\"areas\">\n                                                            <a\n                                    href=\"https:\/\/ga-p.com\/pt-pt\/area\/direito-comercial-societario\/\">Comercial, Societ\u00e1rio e M&amp;A<\/a>\n                                                    <\/div>\n                    <\/div>\n                                                    <div class=\"specs mb-2 d-flex align-items-center gap-2\">\n                                                    <img decoding=\"async\" class=\"image\" src=\"https:\/\/ga-p.com\/wp-content\/themes\/ga-p\/assets\/images\/select-oficinas.svg\" \/>\n                                                <a\n                            href=\"https:\/\/ga-p.com\/pt-pt\/escritorio\/madrid\/\">Madrid<\/a>\n                    <\/div>\n                                                    <div class=\"specs mb-2 d-flex align-items-center gap-2\">\n                                                    <img decoding=\"async\" alt=\"icon\"\n                                src=\"https:\/\/ga-p.com\/wp-content\/themes\/ga-p\/assets\/images\/mobile-primary.svg\" \/>\n                                                <a href=\"tel:(+34) 91 582 91 00\">(+34) 91 582 91 00<\/a>\n                    <\/div>\n                            <\/div>\n        <\/div>\n\n        <a href=\"https:\/\/ga-p.com\/pt-pt\/pessoa\/inigo-erlaiz\/\" class=\"align-self-start align-self-lg-end\">\n            <div class=\"openCard\">\n                                    <img decoding=\"async\" alt=\"icon\" src=\"https:\/\/ga-p.com\/wp-content\/themes\/ga-p\/assets\/images\/arrow-open.svg\" \/>\n                    <img decoding=\"async\" alt=\"icon\" src=\"https:\/\/ga-p.com\/wp-content\/themes\/ga-p\/assets\/images\/arrow-open.svg\" \/>\n                \n            <\/div>\n        <\/a>\n    <\/div>\n                                                        <div\n        class=\"personaCard  egeo\">\n        <div class=\"personaContent\">\n                            <a href=\"https:\/\/ga-p.com\/pt-pt\/pessoa\/santiago-garrido-de-las-heras\/\">\n                    <div class=\"personaImage\"\n                        style=\"background:url(https:\/\/ga-p.com\/wp-content\/uploads\/2024\/05\/Fondo-personas-nueva-web.webp)\">\n                        <img decoding=\"async\" width=\"424\" height=\"424\" src=\"https:\/\/ga-p.com\/wp-content\/uploads\/2024\/06\/Santiago-Garrido.png\" class=\"\" alt=\"Santiago Garrido de las Heras\" loading=\"eager\" srcset=\"https:\/\/ga-p.com\/wp-content\/uploads\/2024\/06\/Santiago-Garrido.png 424w, https:\/\/ga-p.com\/wp-content\/uploads\/2024\/06\/Santiago-Garrido-300x300.png 300w, https:\/\/ga-p.com\/wp-content\/uploads\/2024\/06\/Santiago-Garrido-150x150.png 150w\" sizes=\"(max-width: 424px) 100vw, 424px\" \/>                    <\/div>\n                <\/a>\n                        <div class=\"personaInfo\">\n                <a style=\"text-decoration: none;\" href=\"https:\/\/ga-p.com\/pt-pt\/pessoa\/santiago-garrido-de-las-heras\/\">\n                    <div class=\"name\">Santiago Garrido de las Heras<\/div>\n                <\/a>\n                                    <div class=\"cargo\">S\u00f3cio<\/div>\n                                                    <div class=\"specs mb-2 d-flex align-items-center gap-2\">\n                                                    <img decoding=\"async\" class=\"image\" alt=\"email\"\n                                src=\"https:\/\/ga-p.com\/wp-content\/themes\/ga-p\/assets\/images\/email-icon.svg\" \/>\n                                                <a href=\"mailto:sgarrido@ga-p.com\">sgarrido@ga-p.com<\/a>\n                    <\/div>\n                                                    <div class=\"specs mb-2 d-flex align-items-center gap-2\">\n                                                    <img decoding=\"async\" class=\"image\" src=\"https:\/\/ga-p.com\/wp-content\/themes\/ga-p\/assets\/images\/profession-icon.svg\" \/>\n                                                <div class=\"areas\">\n                                                            <a\n                                    href=\"https:\/\/ga-p.com\/pt-pt\/area\/meio-ambiente\/\">Meio Ambiente, <\/a>\n                                                            <a\n                                    href=\"https:\/\/ga-p.com\/pt-pt\/area\/publico-e-sectores-regulados\/\">P\u00fablico e Setores Regulados, <\/a>\n                                                            <a\n                                    href=\"https:\/\/ga-p.com\/pt-pt\/area\/sustentabilidade\/\">Sustentabilidade<\/a>\n                                                    <\/div>\n                    <\/div>\n                                                    <div class=\"specs mb-2 d-flex align-items-center gap-2\">\n                                                    <img decoding=\"async\" class=\"image\" src=\"https:\/\/ga-p.com\/wp-content\/themes\/ga-p\/assets\/images\/select-oficinas.svg\" \/>\n                                                <a\n                            href=\"https:\/\/ga-p.com\/pt-pt\/escritorio\/madrid\/\">Madrid<\/a>\n                    <\/div>\n                                                    <div class=\"specs mb-2 d-flex align-items-center gap-2\">\n                                                    <img decoding=\"async\" alt=\"icon\"\n                                src=\"https:\/\/ga-p.com\/wp-content\/themes\/ga-p\/assets\/images\/mobile-primary.svg\" \/>\n                                                <a href=\"tel:(+34) 91 582 91 00\">(+34) 91 582 91 00<\/a>\n                    <\/div>\n                            <\/div>\n        <\/div>\n\n        <a href=\"https:\/\/ga-p.com\/pt-pt\/pessoa\/santiago-garrido-de-las-heras\/\" class=\"align-self-start align-self-lg-end\">\n            <div class=\"openCard\">\n                                    <img decoding=\"async\" alt=\"icon\" src=\"https:\/\/ga-p.com\/wp-content\/themes\/ga-p\/assets\/images\/arrow-open.svg\" \/>\n                    <img decoding=\"async\" alt=\"icon\" src=\"https:\/\/ga-p.com\/wp-content\/themes\/ga-p\/assets\/images\/arrow-open.svg\" \/>\n                \n            <\/div>\n        <\/a>\n    <\/div>\n                                                                    <\/div>\n\n                    <div class=\"d-block d-lg-none\">\n                        <div class=\"swiper swiperCargos swiperGrupo-2\">\n                            <div class=\"swiper-wrapper\">\n                                                                <div class=\"swiper-slide\">\n                                        <div\n        class=\"personaCard  egeo\">\n        <div class=\"personaContent\">\n                            <a href=\"https:\/\/ga-p.com\/pt-pt\/pessoa\/augusto-pinel\/\">\n                    <div class=\"personaImage\"\n                        style=\"background:url(https:\/\/ga-p.com\/wp-content\/uploads\/2024\/05\/Fondo-personas-nueva-web.webp)\">\n                        <img decoding=\"async\" width=\"424\" height=\"424\" src=\"https:\/\/ga-p.com\/wp-content\/uploads\/2024\/06\/Augusto-Pinel.png\" class=\"\" alt=\"Augusto Pi\u00f1el\" loading=\"eager\" srcset=\"https:\/\/ga-p.com\/wp-content\/uploads\/2024\/06\/Augusto-Pinel.png 424w, https:\/\/ga-p.com\/wp-content\/uploads\/2024\/06\/Augusto-Pinel-300x300.png 300w, https:\/\/ga-p.com\/wp-content\/uploads\/2024\/06\/Augusto-Pinel-150x150.png 150w\" sizes=\"(max-width: 424px) 100vw, 424px\" \/>                    <\/div>\n                <\/a>\n                        <div class=\"personaInfo\">\n                <a style=\"text-decoration: none;\" href=\"https:\/\/ga-p.com\/pt-pt\/pessoa\/augusto-pinel\/\">\n                    <div class=\"name\">Augusto Pi\u00f1el<\/div>\n                <\/a>\n                                    <div class=\"cargo\">S\u00f3cio<\/div>\n                                                    <div class=\"specs mb-2 d-flex align-items-center gap-2\">\n                                                    <img decoding=\"async\" class=\"image\" alt=\"email\"\n                                src=\"https:\/\/ga-p.com\/wp-content\/themes\/ga-p\/assets\/images\/email-icon.svg\" \/>\n                                                <a href=\"mailto:apinel@ga-p.com\">apinel@ga-p.com<\/a>\n                    <\/div>\n                                                    <div class=\"specs mb-2 d-flex align-items-center gap-2\">\n                                                    <img decoding=\"async\" class=\"image\" src=\"https:\/\/ga-p.com\/wp-content\/themes\/ga-p\/assets\/images\/profession-icon.svg\" \/>\n                                                <div class=\"areas\">\n                                                            <a\n                                    href=\"https:\/\/ga-p.com\/pt-pt\/area\/direito-comercial-societario\/\">Comercial, Societ\u00e1rio e M&amp;A, <\/a>\n                                                            <a\n                                    href=\"https:\/\/ga-p.com\/pt-pt\/area\/mercado-de-capitais\/\">Mercado de Capitais<\/a>\n                                                    <\/div>\n                    <\/div>\n                                                    <div class=\"specs mb-2 d-flex align-items-center gap-2\">\n                                                    <img decoding=\"async\" class=\"image\" src=\"https:\/\/ga-p.com\/wp-content\/themes\/ga-p\/assets\/images\/select-oficinas.svg\" \/>\n                                                <a\n                            href=\"https:\/\/ga-p.com\/pt-pt\/escritorio\/madrid\/\">Madrid<\/a>\n                    <\/div>\n                                                    <div class=\"specs mb-2 d-flex align-items-center gap-2\">\n                                                    <img decoding=\"async\" alt=\"icon\"\n                                src=\"https:\/\/ga-p.com\/wp-content\/themes\/ga-p\/assets\/images\/mobile-primary.svg\" \/>\n                                                <a href=\"tel:(+34) 91 582 91 00\">(+34) 91 582 91 00<\/a>\n                    <\/div>\n                            <\/div>\n        <\/div>\n\n        <a href=\"https:\/\/ga-p.com\/pt-pt\/pessoa\/augusto-pinel\/\" class=\"align-self-start align-self-lg-end\">\n            <div class=\"openCard\">\n                                    <img decoding=\"async\" alt=\"icon\" src=\"https:\/\/ga-p.com\/wp-content\/themes\/ga-p\/assets\/images\/arrow-open.svg\" \/>\n                    <img decoding=\"async\" alt=\"icon\" src=\"https:\/\/ga-p.com\/wp-content\/themes\/ga-p\/assets\/images\/arrow-open.svg\" \/>\n                \n            <\/div>\n        <\/a>\n    <\/div>\n                                <\/div>\n                                                                <div class=\"swiper-slide\">\n                                        <div\n        class=\"personaCard  egeo\">\n        <div class=\"personaContent\">\n                            <a href=\"https:\/\/ga-p.com\/pt-pt\/pessoa\/enrique-ortega\/\">\n                    <div class=\"personaImage\"\n                        style=\"background:url(https:\/\/ga-p.com\/wp-content\/uploads\/2024\/05\/Fondo-personas-nueva-web.webp)\">\n                        <img decoding=\"async\" width=\"424\" height=\"424\" src=\"https:\/\/ga-p.com\/wp-content\/uploads\/2024\/06\/Enrique-Ortega.png\" class=\"\" alt=\"Enrique Ortega\" loading=\"eager\" srcset=\"https:\/\/ga-p.com\/wp-content\/uploads\/2024\/06\/Enrique-Ortega.png 424w, https:\/\/ga-p.com\/wp-content\/uploads\/2024\/06\/Enrique-Ortega-300x300.png 300w, https:\/\/ga-p.com\/wp-content\/uploads\/2024\/06\/Enrique-Ortega-150x150.png 150w\" sizes=\"(max-width: 424px) 100vw, 424px\" \/>                    <\/div>\n                <\/a>\n                        <div class=\"personaInfo\">\n                <a style=\"text-decoration: none;\" href=\"https:\/\/ga-p.com\/pt-pt\/pessoa\/enrique-ortega\/\">\n                    <div class=\"name\">Enrique Ortega<\/div>\n                <\/a>\n                                    <div class=\"cargo\">S\u00f3cio<\/div>\n                                                    <div class=\"specs mb-2 d-flex align-items-center gap-2\">\n                                                    <img decoding=\"async\" class=\"image\" alt=\"email\"\n                                src=\"https:\/\/ga-p.com\/wp-content\/themes\/ga-p\/assets\/images\/email-icon.svg\" \/>\n                                                <a href=\"mailto:eortega@ga-p.com\">eortega@ga-p.com<\/a>\n                    <\/div>\n                                                    <div class=\"specs mb-2 d-flex align-items-center gap-2\">\n                                                    <img decoding=\"async\" class=\"image\" src=\"https:\/\/ga-p.com\/wp-content\/themes\/ga-p\/assets\/images\/profession-icon.svg\" \/>\n                                                <div class=\"areas\">\n                                                            <a\n                                    href=\"https:\/\/ga-p.com\/pt-pt\/area\/direito-contabilistico\/\">Direito do Balan\u00e7o, <\/a>\n                                                            <a\n                                    href=\"https:\/\/ga-p.com\/pt-pt\/area\/fiscal\/\">Fiscal<\/a>\n                                                    <\/div>\n                    <\/div>\n                                                    <div class=\"specs mb-2 d-flex align-items-center gap-2\">\n                                                    <img decoding=\"async\" class=\"image\" src=\"https:\/\/ga-p.com\/wp-content\/themes\/ga-p\/assets\/images\/select-oficinas.svg\" \/>\n                                                <a\n                            href=\"https:\/\/ga-p.com\/pt-pt\/escritorio\/madrid\/\">Madrid<\/a>\n                    <\/div>\n                                                    <div class=\"specs mb-2 d-flex align-items-center gap-2\">\n                                                    <img decoding=\"async\" alt=\"icon\"\n                                src=\"https:\/\/ga-p.com\/wp-content\/themes\/ga-p\/assets\/images\/mobile-primary.svg\" \/>\n                                                <a href=\"tel:(+34) 91 582 91 00\">(+34) 91 582 91 00<\/a>\n                    <\/div>\n                            <\/div>\n        <\/div>\n\n        <a href=\"https:\/\/ga-p.com\/pt-pt\/pessoa\/enrique-ortega\/\" class=\"align-self-start align-self-lg-end\">\n            <div class=\"openCard\">\n                                    <img decoding=\"async\" alt=\"icon\" src=\"https:\/\/ga-p.com\/wp-content\/themes\/ga-p\/assets\/images\/arrow-open.svg\" \/>\n                    <img decoding=\"async\" alt=\"icon\" src=\"https:\/\/ga-p.com\/wp-content\/themes\/ga-p\/assets\/images\/arrow-open.svg\" \/>\n                \n            <\/div>\n        <\/a>\n    <\/div>\n                                <\/div>\n                                                                <div class=\"swiper-slide\">\n                                        <div\n        class=\"personaCard  egeo\">\n        <div class=\"personaContent\">\n                            <a href=\"https:\/\/ga-p.com\/pt-pt\/pessoa\/estibaliz-aranburu\/\">\n                    <div class=\"personaImage\"\n                        style=\"background:url(https:\/\/ga-p.com\/wp-content\/uploads\/2024\/05\/Fondo-personas-nueva-web.webp)\">\n                        <img decoding=\"async\" width=\"424\" height=\"424\" src=\"https:\/\/ga-p.com\/wp-content\/uploads\/2024\/06\/Estibaliz-Aranburu.png\" class=\"\" alt=\"Estibaliz Aranburu\" loading=\"eager\" srcset=\"https:\/\/ga-p.com\/wp-content\/uploads\/2024\/06\/Estibaliz-Aranburu.png 424w, https:\/\/ga-p.com\/wp-content\/uploads\/2024\/06\/Estibaliz-Aranburu-300x300.png 300w, https:\/\/ga-p.com\/wp-content\/uploads\/2024\/06\/Estibaliz-Aranburu-150x150.png 150w\" sizes=\"(max-width: 424px) 100vw, 424px\" \/>                    <\/div>\n                <\/a>\n                        <div class=\"personaInfo\">\n                <a style=\"text-decoration: none;\" href=\"https:\/\/ga-p.com\/pt-pt\/pessoa\/estibaliz-aranburu\/\">\n                    <div class=\"name\">Estibaliz Aranburu<\/div>\n                <\/a>\n                                    <div class=\"cargo\">S\u00f3cia<\/div>\n                                                    <div class=\"specs mb-2 d-flex align-items-center gap-2\">\n                                                    <img decoding=\"async\" class=\"image\" alt=\"email\"\n                                src=\"https:\/\/ga-p.com\/wp-content\/themes\/ga-p\/assets\/images\/email-icon.svg\" \/>\n                                                <a href=\"mailto:earanburu@ga-p.com\">earanburu@ga-p.com<\/a>\n                    <\/div>\n                                                    <div class=\"specs mb-2 d-flex align-items-center gap-2\">\n                                                    <img decoding=\"async\" class=\"image\" src=\"https:\/\/ga-p.com\/wp-content\/themes\/ga-p\/assets\/images\/profession-icon.svg\" \/>\n                                                <div class=\"areas\">\n                                                            <a\n                                    href=\"https:\/\/ga-p.com\/pt-pt\/area\/direito-comercial-societario\/\">Comercial, Societ\u00e1rio e M&amp;A, <\/a>\n                                                            <a\n                                    href=\"https:\/\/ga-p.com\/pt-pt\/area\/sustentabilidade\/\">Sustentabilidade<\/a>\n                                                    <\/div>\n                    <\/div>\n                                                    <div class=\"specs mb-2 d-flex align-items-center gap-2\">\n                                                    <img decoding=\"async\" class=\"image\" src=\"https:\/\/ga-p.com\/wp-content\/themes\/ga-p\/assets\/images\/select-oficinas.svg\" \/>\n                                                <a\n                            href=\"https:\/\/ga-p.com\/pt-pt\/escritorio\/bilbau\/\">Bilbau<\/a>\n                    <\/div>\n                                                    <div class=\"specs mb-2 d-flex align-items-center gap-2\">\n                                                    <img decoding=\"async\" alt=\"icon\"\n                                src=\"https:\/\/ga-p.com\/wp-content\/themes\/ga-p\/assets\/images\/mobile-primary.svg\" \/>\n                                                <a href=\"tel:(+34) 94 415 70 15\">(+34) 94 415 70 15<\/a>\n                    <\/div>\n                            <\/div>\n        <\/div>\n\n        <a href=\"https:\/\/ga-p.com\/pt-pt\/pessoa\/estibaliz-aranburu\/\" class=\"align-self-start align-self-lg-end\">\n            <div class=\"openCard\">\n                                    <img decoding=\"async\" alt=\"icon\" src=\"https:\/\/ga-p.com\/wp-content\/themes\/ga-p\/assets\/images\/arrow-open.svg\" \/>\n                    <img decoding=\"async\" alt=\"icon\" src=\"https:\/\/ga-p.com\/wp-content\/themes\/ga-p\/assets\/images\/arrow-open.svg\" \/>\n                \n            <\/div>\n        <\/a>\n    <\/div>\n                                <\/div>\n                                                                <div class=\"swiper-slide\">\n                                        <div\n        class=\"personaCard  egeo\">\n        <div class=\"personaContent\">\n                            <a href=\"https:\/\/ga-p.com\/pt-pt\/pessoa\/inigo-erlaiz\/\">\n                    <div class=\"personaImage\"\n                        style=\"background:url(https:\/\/ga-p.com\/wp-content\/uploads\/2024\/05\/Fondo-personas-nueva-web.webp)\">\n                        <img decoding=\"async\" width=\"424\" height=\"424\" src=\"https:\/\/ga-p.com\/wp-content\/uploads\/2024\/06\/Inigo-Erlaiz.png\" class=\"\" alt=\"\u00cd\u00f1igo Erlaiz\" loading=\"eager\" srcset=\"https:\/\/ga-p.com\/wp-content\/uploads\/2024\/06\/Inigo-Erlaiz.png 424w, https:\/\/ga-p.com\/wp-content\/uploads\/2024\/06\/Inigo-Erlaiz-300x300.png 300w, https:\/\/ga-p.com\/wp-content\/uploads\/2024\/06\/Inigo-Erlaiz-150x150.png 150w\" sizes=\"(max-width: 424px) 100vw, 424px\" \/>                    <\/div>\n                <\/a>\n                        <div class=\"personaInfo\">\n                <a style=\"text-decoration: none;\" href=\"https:\/\/ga-p.com\/pt-pt\/pessoa\/inigo-erlaiz\/\">\n                    <div class=\"name\">\u00cd\u00f1igo Erlaiz<\/div>\n                <\/a>\n                                    <div class=\"cargo\">S\u00f3cio<\/div>\n                                                    <div class=\"specs mb-2 d-flex align-items-center gap-2\">\n                                                    <img decoding=\"async\" class=\"image\" alt=\"email\"\n                                src=\"https:\/\/ga-p.com\/wp-content\/themes\/ga-p\/assets\/images\/email-icon.svg\" \/>\n                                                <a href=\"mailto:ierlaiz@ga-p.com\">ierlaiz@ga-p.com<\/a>\n                    <\/div>\n                                                    <div class=\"specs mb-2 d-flex align-items-center gap-2\">\n                                                    <img decoding=\"async\" class=\"image\" src=\"https:\/\/ga-p.com\/wp-content\/themes\/ga-p\/assets\/images\/profession-icon.svg\" \/>\n                                                <div class=\"areas\">\n                                                            <a\n                                    href=\"https:\/\/ga-p.com\/pt-pt\/area\/direito-comercial-societario\/\">Comercial, Societ\u00e1rio e M&amp;A<\/a>\n                                                    <\/div>\n                    <\/div>\n                                                    <div class=\"specs mb-2 d-flex align-items-center gap-2\">\n                                                    <img decoding=\"async\" class=\"image\" src=\"https:\/\/ga-p.com\/wp-content\/themes\/ga-p\/assets\/images\/select-oficinas.svg\" \/>\n                                                <a\n                            href=\"https:\/\/ga-p.com\/pt-pt\/escritorio\/madrid\/\">Madrid<\/a>\n                    <\/div>\n                                                    <div class=\"specs mb-2 d-flex align-items-center gap-2\">\n                                                    <img decoding=\"async\" alt=\"icon\"\n                                src=\"https:\/\/ga-p.com\/wp-content\/themes\/ga-p\/assets\/images\/mobile-primary.svg\" \/>\n                                                <a href=\"tel:(+34) 91 582 91 00\">(+34) 91 582 91 00<\/a>\n                    <\/div>\n                            <\/div>\n        <\/div>\n\n        <a href=\"https:\/\/ga-p.com\/pt-pt\/pessoa\/inigo-erlaiz\/\" class=\"align-self-start align-self-lg-end\">\n            <div class=\"openCard\">\n                                    <img decoding=\"async\" alt=\"icon\" src=\"https:\/\/ga-p.com\/wp-content\/themes\/ga-p\/assets\/images\/arrow-open.svg\" \/>\n                    <img decoding=\"async\" alt=\"icon\" src=\"https:\/\/ga-p.com\/wp-content\/themes\/ga-p\/assets\/images\/arrow-open.svg\" \/>\n                \n            <\/div>\n        <\/a>\n    <\/div>\n                                <\/div>\n                                                                <div class=\"swiper-slide\">\n                                        <div\n        class=\"personaCard  egeo\">\n        <div class=\"personaContent\">\n                            <a href=\"https:\/\/ga-p.com\/pt-pt\/pessoa\/santiago-garrido-de-las-heras\/\">\n                    <div class=\"personaImage\"\n                        style=\"background:url(https:\/\/ga-p.com\/wp-content\/uploads\/2024\/05\/Fondo-personas-nueva-web.webp)\">\n                        <img decoding=\"async\" width=\"424\" height=\"424\" src=\"https:\/\/ga-p.com\/wp-content\/uploads\/2024\/06\/Santiago-Garrido.png\" class=\"\" alt=\"Santiago Garrido de las Heras\" loading=\"eager\" srcset=\"https:\/\/ga-p.com\/wp-content\/uploads\/2024\/06\/Santiago-Garrido.png 424w, https:\/\/ga-p.com\/wp-content\/uploads\/2024\/06\/Santiago-Garrido-300x300.png 300w, https:\/\/ga-p.com\/wp-content\/uploads\/2024\/06\/Santiago-Garrido-150x150.png 150w\" sizes=\"(max-width: 424px) 100vw, 424px\" \/>                    <\/div>\n                <\/a>\n                        <div class=\"personaInfo\">\n                <a style=\"text-decoration: none;\" href=\"https:\/\/ga-p.com\/pt-pt\/pessoa\/santiago-garrido-de-las-heras\/\">\n                    <div class=\"name\">Santiago Garrido de las Heras<\/div>\n                <\/a>\n                                    <div class=\"cargo\">S\u00f3cio<\/div>\n                                                    <div class=\"specs mb-2 d-flex align-items-center gap-2\">\n                                                    <img decoding=\"async\" class=\"image\" alt=\"email\"\n                                src=\"https:\/\/ga-p.com\/wp-content\/themes\/ga-p\/assets\/images\/email-icon.svg\" \/>\n                                                <a href=\"mailto:sgarrido@ga-p.com\">sgarrido@ga-p.com<\/a>\n                    <\/div>\n                                                    <div class=\"specs mb-2 d-flex align-items-center gap-2\">\n                                                    <img decoding=\"async\" class=\"image\" src=\"https:\/\/ga-p.com\/wp-content\/themes\/ga-p\/assets\/images\/profession-icon.svg\" \/>\n                                                <div class=\"areas\">\n                                                            <a\n                                    href=\"https:\/\/ga-p.com\/pt-pt\/area\/meio-ambiente\/\">Meio Ambiente, <\/a>\n                                                            <a\n                                    href=\"https:\/\/ga-p.com\/pt-pt\/area\/publico-e-sectores-regulados\/\">P\u00fablico e Setores Regulados, <\/a>\n                                                            <a\n                                    href=\"https:\/\/ga-p.com\/pt-pt\/area\/sustentabilidade\/\">Sustentabilidade<\/a>\n                                                    <\/div>\n                    <\/div>\n                                                    <div class=\"specs mb-2 d-flex align-items-center gap-2\">\n                                                    <img decoding=\"async\" class=\"image\" src=\"https:\/\/ga-p.com\/wp-content\/themes\/ga-p\/assets\/images\/select-oficinas.svg\" \/>\n                                                <a\n                            href=\"https:\/\/ga-p.com\/pt-pt\/escritorio\/madrid\/\">Madrid<\/a>\n                    <\/div>\n                                                    <div class=\"specs mb-2 d-flex align-items-center gap-2\">\n                                                    <img decoding=\"async\" alt=\"icon\"\n                                src=\"https:\/\/ga-p.com\/wp-content\/themes\/ga-p\/assets\/images\/mobile-primary.svg\" \/>\n                                                <a href=\"tel:(+34) 91 582 91 00\">(+34) 91 582 91 00<\/a>\n                    <\/div>\n                            <\/div>\n        <\/div>\n\n        <a href=\"https:\/\/ga-p.com\/pt-pt\/pessoa\/santiago-garrido-de-las-heras\/\" class=\"align-self-start align-self-lg-end\">\n            <div class=\"openCard\">\n                                    <img decoding=\"async\" alt=\"icon\" src=\"https:\/\/ga-p.com\/wp-content\/themes\/ga-p\/assets\/images\/arrow-open.svg\" \/>\n                    <img decoding=\"async\" alt=\"icon\" src=\"https:\/\/ga-p.com\/wp-content\/themes\/ga-p\/assets\/images\/arrow-open.svg\" \/>\n                \n            <\/div>\n        <\/a>\n    <\/div>\n                                <\/div>\n                                                            <\/div>\n                            <div class=\"swiperPagination mt-3\">\n                                <div class=\"container\">\n                                    <div class=\"row\">\n                                        <div class=\"col-6\">\n                                            <div class=\"swiperBullets\"><\/div>\n                                        <\/div>\n                                        <div class=\"col-6 swiperArrowsMobile\">\n                                            <div class=\"swiperCargosArrows swiperArrows\">\n                                                <div class=\"d-flex align-items-center gap-4 justify-content-end\">\n                                                    <div class=\"swiper-button-prev\"><img decoding=\"async\" alt=\"icon\" src=\"https:\/\/ga-p.com\/wp-content\/themes\/ga-p\/assets\/images\/slider-arrow.svg\" \/><\/div>\n                                                    <div class=\"swiper-button-next\"><img decoding=\"async\" alt=\"icon\" src=\"https:\/\/ga-p.com\/wp-content\/themes\/ga-p\/assets\/images\/slider-arrow.svg\" \/><\/div>\n                                                <\/div>\n                                            <\/div>\n                                        <\/div>\n                                    <\/div>\n                                <\/div>\n                            <\/div>\n                        <\/div>\n                    <\/div>\n                <\/div>\n            <script>\n                jQuery(document).ready(function ($){\n                    var swiperPersGrupo_2 = new Swiper(\".CargosPersonas .swiperCargos.swiperGrupo-2\", {\n                        slidesPerView: 1,\n                        spaceBetween: 24,\n                        navigation: {\n                            nextEl: \".CargosPersonas .swiperGrupo-2 .swiperArrows .swiper-button-next\",\n                            prevEl: \".CargosPersonas .swiperGrupo-2 .swiperArrows .swiper-button-prev\",\n                        },\n                        pagination: {\n                            el: '.CargosPersonas .swiperGrupo-2 .swiperBullets',\n                            clickable: true,\n                            type: $.fn.isMobileViewport() ? 'fraction' : 'bullets',\n                            formatFractionCurrent: function (number) { return ('0' + number).slice(-2); },\n                            formatFractionTotal: function (number) { return ('0' + number).slice(-2); },\n                            renderFraction: function (currentClass, totalClass) {\n                                return '<span class=\"swiper-pagination-fraction ' + currentClass + '\"><\/span>' +\n                                    ' \/ ' +\n                                    '<span class=\"swiper-pagination-fraction ' + totalClass + '\"><\/span>';\n                            }\n                        },\n                    });\n                })\n            <\/script>\n                    <\/div>\n    <\/div>\n<\/div>\n\n\n\n\n<div id=\"CarruselReconocimientos-block_faf20fbf2a09523971cc931c71e479ea\" class=\"v2 CarruselReconocimientos coral\">\n    <div class=\"backgroundText\">\n        <div class=\"texto_de_fondo\">\n                    <\/div>\n    <\/div>\n    <div class=\"container\">\n        <div class=\"row textContent\">\n            <div class=\"col-12 col-lg-6\">\n                <div class=\"title\"><h2 class='titulo'>Reconhecimentos<\/h2>\n<\/div>\n            <\/div>\n            <div class=\"col-12 col-lg-6\">\n                <div class=\"textDescription\"><p class='texto'>Somos reconhecidos a n\u00edvel nacional e internacional pelos nossos servi\u00e7os jur\u00eddicos, gest\u00e3o, servi\u00e7o ao cliente, inova\u00e7\u00e3o e excel\u00eancia t\u00e9cnica.<\/p>\n<\/div>\n                            <\/div>\n        <\/div>\n        <div class=\"row\">\n            <div class=\"col-12  blockFilter\">\n                <div id=\"selector_fechas\"><\/div>\n                <div class=\"swiperRecArrows swiperArrows active d-none d-lg-block \" data-arrows=\"#nav-reconocimientos\">\n                    <div class=\"d-flex align-items-center gap-4 justify-content-end\">\n                        <div class=\"swiper-button-prev\"><img decoding=\"async\" alt=\"icon\" src=\"https:\/\/ga-p.com\/wp-content\/themes\/ga-p\/assets\/images\/slider-arrow.svg\" \/><\/div>\n                        <div class=\"swiper-button-next\"><img decoding=\"async\" alt=\"icon\" src=\"https:\/\/ga-p.com\/wp-content\/themes\/ga-p\/assets\/images\/slider-arrow.svg\" \/><\/div>\n                    <\/div>\n                <\/div>\n            <\/div>\n        <\/div>\n    <\/div>\n\n            <div class=\"swiper mySwiper swiperRec\">\n            <div class=\"swiper-wrapper\">\n                                    <div class=\"swiper-slide y2026\">\n                        <div class=\"reconocimento \">\n    <div class=\"rewardBlock\">\n        <div>\n                            <img decoding=\"async\" width=\"250\" height=\"270\" src=\"https:\/\/ga-p.com\/wp-content\/uploads\/2018\/03\/reconocimiento_the_legal_500_60-e1533553443883.jpg\" class=\"imagen\" alt=\"Legal 500, 2026. Insurance\" loading=\"lazy\" \/>                    <\/div>\n\n\n        \n        <div class=\"info\">\n            <div class=\"titulo\">\n                Legal 500, 2026. Insurance            <\/div>\n            <div class=\"excerpt\">\n                &#8220;I would highlight the partner Ana Mart\u00ednez-Pina for her accessibility and very transversal knowledge of the financial and insurance sectors.&#8221;            <\/div>\n            \n        <\/div>\n                        <\/div>\n    <\/div>                    <\/div>\n                                    <div class=\"swiper-slide y2026\">\n                        <div class=\"reconocimento \">\n    <div class=\"rewardBlock\">\n        <div>\n                            <img decoding=\"async\" width=\"250\" height=\"270\" src=\"https:\/\/ga-p.com\/wp-content\/uploads\/2018\/03\/reconocimiento_the_legal_500_60-e1533553443883.jpg\" class=\"imagen\" alt=\"Legal 500, 2026. Insurance\" loading=\"lazy\" \/>                    <\/div>\n\n\n        \n        <div class=\"info\">\n            <div class=\"titulo\">\n                Legal 500, 2026. Insurance            <\/div>\n            <div class=\"excerpt\">\n                &#8220;The team\u2019s level of expertise far surpasses that of its competitors. It demonstrates an outstanding command of the insurance sector and its distribution channels. Its experience within the public administration also provides a highly comprehensive and strategic perspective on complex matters.&#8221;            <\/div>\n            \n        <\/div>\n                        <\/div>\n    <\/div>                    <\/div>\n                                    <div class=\"swiper-slide y2026\">\n                        <div class=\"reconocimento \">\n    <div class=\"rewardBlock\">\n        <div>\n                            <img decoding=\"async\" width=\"250\" height=\"270\" src=\"https:\/\/ga-p.com\/wp-content\/uploads\/2018\/03\/reconocimiento_the_legal_500_60-e1533553443883.jpg\" class=\"imagen\" alt=\"Legal 500, 2026. Insurance\" loading=\"lazy\" \/>                    <\/div>\n\n\n        \n        <div class=\"info\">\n            <div class=\"titulo\">\n                Legal 500, 2026. Insurance            <\/div>\n            <div class=\"excerpt\">\n                &#8220;They listen actively, put themselves in the client\u2019s situation, and explain the different topics clearly so that they are well understood.&#8221;            <\/div>\n            \n        <\/div>\n                        <\/div>\n    <\/div>                    <\/div>\n                                    <div class=\"swiper-slide y2024\">\n                        <div class=\"reconocimento \">\n    <div class=\"rewardBlock\">\n        <div>\n                            <img decoding=\"async\" width=\"250\" height=\"270\" src=\"https:\/\/ga-p.com\/wp-content\/uploads\/2018\/03\/reconocimiento_the_legal_500_60-e1533553443883.jpg\" class=\"imagen\" alt=\"Legal 500 2024. Insurance\" loading=\"lazy\" \/>                    <\/div>\n\n\n        \n        <div class=\"info\">\n            <div class=\"titulo\">\n                Legal 500 2024. Insurance            <\/div>\n            <div class=\"excerpt\">\n                \u2018I would highlight without a doubt Ana Mart\u00ednez-Pina. In addition to having an impressive CV, she has a perfect knowledge of the insurance sector. She combines excellent technical preparation with great soft skills. She is one of the reference figures in the sector. \u2019            <\/div>\n            \n        <\/div>\n                        <\/div>\n    <\/div>                    <\/div>\n                                    <div class=\"swiper-slide y2024\">\n                        <div class=\"reconocimento \">\n    <div class=\"rewardBlock\">\n        <div>\n                            <img decoding=\"async\" width=\"250\" height=\"270\" src=\"https:\/\/ga-p.com\/wp-content\/uploads\/2018\/03\/reconocimiento_the_legal_500_60-e1533553443883.jpg\" class=\"imagen\" alt=\"Legal 500 2024. Insurance \u2013 Spain\" loading=\"lazy\" \/>                    <\/div>\n\n\n        \n        <div class=\"info\">\n            <div class=\"titulo\">\n                Legal 500 2024. Insurance \u2013 Spain            <\/div>\n            <div class=\"excerpt\">\n                \u2018GAP seems to me to be a very serious firm, with an accredited track record and very solid professionals in the insurance practice.\u2019            <\/div>\n            \n        <\/div>\n                        <\/div>\n    <\/div>                    <\/div>\n                                    <div class=\"swiper-slide y2024\">\n                        <div class=\"reconocimento \">\n    <div class=\"rewardBlock\">\n        <div>\n                            <img decoding=\"async\" width=\"300\" height=\"252\" src=\"https:\/\/ga-p.com\/wp-content\/uploads\/2024\/03\/Firm-Logo-300x252.jpg\" class=\"imagen\" alt=\"Chambers and Partners Europe 2024. Insurance \u2013 Portugal\" loading=\"lazy\" srcset=\"https:\/\/ga-p.com\/wp-content\/uploads\/2024\/03\/Firm-Logo-300x252.jpg 300w, https:\/\/ga-p.com\/wp-content\/uploads\/2024\/03\/Firm-Logo-1024x860.jpg 1024w, https:\/\/ga-p.com\/wp-content\/uploads\/2024\/03\/Firm-Logo-768x645.jpg 768w, https:\/\/ga-p.com\/wp-content\/uploads\/2024\/03\/Firm-Logo.jpg 1072w\" sizes=\"auto, (max-width: 300px) 100vw, 300px\" \/>                    <\/div>\n\n\n        \n        <div class=\"info\">\n            <div class=\"titulo\">\n                Chambers and Partners Europe 2024. Insurance \u2013 Portugal            <\/div>\n            <div class=\"excerpt\">\n                &#8220;These were complex topics and the firm provided excellent service.&#8221;            <\/div>\n            \n        <\/div>\n                        <\/div>\n    <\/div>                    <\/div>\n                                    <div class=\"swiper-slide y2024\">\n                        <div class=\"reconocimento \">\n    <div class=\"rewardBlock\">\n        <div>\n                            <img decoding=\"async\" width=\"300\" height=\"252\" src=\"https:\/\/ga-p.com\/wp-content\/uploads\/2024\/03\/Firm-Logo-300x252.jpg\" class=\"imagen\" alt=\"Chambers and Partners Europe 2024. Insurance \u2013 Portugal\" loading=\"lazy\" srcset=\"https:\/\/ga-p.com\/wp-content\/uploads\/2024\/03\/Firm-Logo-300x252.jpg 300w, https:\/\/ga-p.com\/wp-content\/uploads\/2024\/03\/Firm-Logo-1024x860.jpg 1024w, https:\/\/ga-p.com\/wp-content\/uploads\/2024\/03\/Firm-Logo-768x645.jpg 768w, https:\/\/ga-p.com\/wp-content\/uploads\/2024\/03\/Firm-Logo.jpg 1072w\" sizes=\"auto, (max-width: 300px) 100vw, 300px\" \/>                    <\/div>\n\n\n        \n        <div class=\"info\">\n            <div class=\"titulo\">\n                Chambers and Partners Europe 2024. Insurance \u2013 Portugal            <\/div>\n            <div class=\"excerpt\">\n                &#8220;G\u00f3mez-Acebo &amp; Pombo&#8217;s team tackles rather complex issues in a swift fashion.&#8221;            <\/div>\n            \n        <\/div>\n                        <\/div>\n    <\/div>                    <\/div>\n                                    <div class=\"swiper-slide y2024\">\n                        <div class=\"reconocimento \">\n    <div class=\"rewardBlock\">\n        <div>\n                            <img decoding=\"async\" width=\"300\" height=\"252\" src=\"https:\/\/ga-p.com\/wp-content\/uploads\/2024\/03\/Firm-Logo-300x252.jpg\" class=\"imagen\" alt=\"Chambers &amp; Partners Europe 2024. Insurance \u2013 Portugal\" loading=\"lazy\" srcset=\"https:\/\/ga-p.com\/wp-content\/uploads\/2024\/03\/Firm-Logo-300x252.jpg 300w, https:\/\/ga-p.com\/wp-content\/uploads\/2024\/03\/Firm-Logo-1024x860.jpg 1024w, https:\/\/ga-p.com\/wp-content\/uploads\/2024\/03\/Firm-Logo-768x645.jpg 768w, https:\/\/ga-p.com\/wp-content\/uploads\/2024\/03\/Firm-Logo.jpg 1072w\" sizes=\"auto, (max-width: 300px) 100vw, 300px\" \/>                    <\/div>\n\n\n        \n        <div class=\"info\">\n            <div class=\"titulo\">\n                Chambers &#038; Partners Europe 2024. Insurance \u2013 Portugal            <\/div>\n            <div class=\"excerpt\">\n                &#8220;Filipe Santos Barata is an innovative lawyer who is always up to date with the latest legislative developments.&#8221;            <\/div>\n            \n        <\/div>\n                        <\/div>\n    <\/div>                    <\/div>\n                                    <div class=\"swiper-slide y2022\">\n                        <div class=\"reconocimento \">\n    <div class=\"rewardBlock\">\n        <div>\n                            <img decoding=\"async\" width=\"300\" height=\"252\" src=\"https:\/\/ga-p.com\/wp-content\/uploads\/2022\/03\/large-300x252.jpg\" class=\"imagen\" alt=\"Chambers &amp; Partners Europe 2022. Insurance \u2013 Portugal\" loading=\"lazy\" srcset=\"https:\/\/ga-p.com\/wp-content\/uploads\/2022\/03\/large-300x252.jpg 300w, https:\/\/ga-p.com\/wp-content\/uploads\/2022\/03\/large-1024x860.jpg 1024w, https:\/\/ga-p.com\/wp-content\/uploads\/2022\/03\/large-768x645.jpg 768w, https:\/\/ga-p.com\/wp-content\/uploads\/2022\/03\/large.jpg 1072w\" sizes=\"auto, (max-width: 300px) 100vw, 300px\" \/>                    <\/div>\n\n\n        \n        <div class=\"info\">\n            <div class=\"titulo\">\n                Chambers &#038; Partners Europe 2022. Insurance \u2013 Portugal            <\/div>\n            <div class=\"excerpt\">\n                &#8220;great lawyer who is always committed to giving the best possible solution.&#8221;            <\/div>\n            \n        <\/div>\n                        <\/div>\n    <\/div>                    <\/div>\n                                    <div class=\"swiper-slide y2022\">\n                        <div class=\"reconocimento \">\n    <div class=\"rewardBlock\">\n        <div>\n                            <img decoding=\"async\" width=\"300\" height=\"252\" src=\"https:\/\/ga-p.com\/wp-content\/uploads\/2022\/03\/large-300x252.jpg\" class=\"imagen\" alt=\"Chambers &amp; Partners Europe 2022. Insurance\" loading=\"lazy\" srcset=\"https:\/\/ga-p.com\/wp-content\/uploads\/2022\/03\/large-300x252.jpg 300w, https:\/\/ga-p.com\/wp-content\/uploads\/2022\/03\/large-1024x860.jpg 1024w, https:\/\/ga-p.com\/wp-content\/uploads\/2022\/03\/large-768x645.jpg 768w, https:\/\/ga-p.com\/wp-content\/uploads\/2022\/03\/large.jpg 1072w\" sizes=\"auto, (max-width: 300px) 100vw, 300px\" \/>                    <\/div>\n\n\n        \n        <div class=\"info\">\n            <div class=\"titulo\">\n                Chambers &#038; Partners Europe 2022. Insurance            <\/div>\n            <div class=\"excerpt\">\n                            <\/div>\n            \n        <\/div>\n                        <\/div>\n    <\/div>                    <\/div>\n                            <\/div>\n        <\/div>\n        <div class=\"container\">\n            <div class=\"row mt-3 mt-lg-0\">\n                <div class=\"col-6 col-lg-12\">\n                    <div class=\"swiperBullets swiperRecPagination\"><\/div>\n                <\/div>\n                <div class=\"d-block d-lg-none col-6\">\n                    <div class=\"swiperRecArrows swiperArrows\">\n                        <div class=\"d-flex align-items-center gap-4 justify-content-end\">\n                            <div class=\"swiper-button-prev\"><img decoding=\"async\" alt=\"icon\" src=\"https:\/\/ga-p.com\/wp-content\/themes\/ga-p\/assets\/images\/slider-arrow.svg\" \/><\/div>\n                            <div class=\"swiper-button-next\"><img decoding=\"async\" alt=\"icon\" src=\"https:\/\/ga-p.com\/wp-content\/themes\/ga-p\/assets\/images\/slider-arrow.svg\" \/><\/div>\n                        <\/div>\n                    <\/div>\n                <\/div>\n            <\/div>\n        <\/div>\n    <\/div>\n<script>\n    const opciones_carrusel_reconocimientos_array  = [\n                {label: '2026', value: 'y2026'},\n                {label: '2024', value: 'y2024'},\n                {label: '2022', value: 'y2022'},\n            ]\n<\/script>\n\n\n\n\n<div id=\"NoticiasPublicacionesRecomendadas-block_77f4e97c1e3ebcc75c86ffb4e380451c\" class=\" v2 NoticiasPublicacionesRecomendadas\" style=\"background-color: #ffffff\">\n\n    <div class=\"container\">\n        <div class=\"row align-items-end flex-column flex-lg-row titleRow\">\n            <div class=\"col-12 col-lg-10\">\n                <div class=\"title\"><h2 class=''>Not\u00edcias<\/h2>\n<\/div>\n            <\/div>\n            <div class=\"col-12 col-lg-2\">\n                                    <div id=\"relacionadas_selector_fechas\"><\/div>\n                            <\/div>\n        <\/div>\n       <div class=\"row align-items-end\">\n           <div class=\"col-12 col-lg-11\">\n               <div class=\"selectores\">\n                   <div class=\"nav nav-tabs\" id=\"nav-tab\" role=\"tablist\">\n                                                  <button class=\"nav-link y2026 y2025 y2023  active\" id=\"nav-noticias-tab\" data-bs-toggle=\"tab\" data-bs-target=\"#nav-noticias\" type=\"button\" role=\"tab\" aria-controls=\"nav-noticias\" aria-selected=\"true\">Not\u00edcias<\/button>\n                                                                 <\/div>\n               <\/div>\n           <\/div>\n           <div class=\"d-none d-lg-block col-1\">\n               <div class=\"swiperNotArrows swiperArrows active\" data-arrows=\"#nav-noticias\">\n                   <div class=\"d-flex align-items-center gap-4 justify-content-end\">\n                       <div class=\"swiper-button-prev\"><img decoding=\"async\" alt=\"icon\" src=\"https:\/\/ga-p.com\/wp-content\/themes\/ga-p\/assets\/images\/slider-arrow.svg\" \/><\/div>\n                       <div class=\"swiper-button-next\"><img decoding=\"async\" alt=\"icon\" src=\"https:\/\/ga-p.com\/wp-content\/themes\/ga-p\/assets\/images\/slider-arrow.svg\" \/><\/div>\n                   <\/div>\n               <\/div>\n               <div class=\"swiperPubArrows swiperArrows\" data-arrows=\"#nav-publicaciones\">\n                   <div class=\"d-flex align-items-center gap-4 justify-content-end\">\n                       <div class=\"swiper-button-prev\"><img decoding=\"async\" alt=\"icon\" src=\"https:\/\/ga-p.com\/wp-content\/themes\/ga-p\/assets\/images\/slider-arrow.svg\" \/><\/div>\n                       <div class=\"swiper-button-next\"><img decoding=\"async\" alt=\"icon\" src=\"https:\/\/ga-p.com\/wp-content\/themes\/ga-p\/assets\/images\/slider-arrow.svg\" \/><\/div>\n                   <\/div>\n               <\/div>\n           <\/div>\n       <\/div>\n    <\/div>\n    <div class=\"tab-content\" id=\"nav-tabContent\">\n                    <div class=\"tab-pane fade show active\" id=\"nav-noticias\" role=\"tabpanel\" aria-labelledby=\"nav-noticias-tab\" tabindex=\"0\">\n                <div class=\"swiper mySwiper swiperNot\">\n                    <div class=\"swiper-wrapper\">\n                                                    <div class=\"swiper-slide y2026\">\n                                <a style=\"text-decoration: none\" href=\"https:\/\/ga-p.com\/pt-pt\/noticia\/gomez-acebo-pombo-finalista-na-categoria-juridica-dos-500-iberia-awards-2026\/\">\n    <div class=\"noticiaCard\">\n        <div class=\"content\">\n            <div class=\"tag\">NOT\u00cdCIAS<\/div>\n            <div class=\"titulo\">\n                G\u00f3mez-Acebo &amp; Pombo \u00e9 finalista dos pr\u00e9mios Legal 500 Iberia Awards 2026            <\/div>\n            <div class=\"excerpt\">\n                \nA GA_P foi selecionada como finalista nos Legal 500 Iberia Awards 2026, com nomea\u00e7\u00f5es para o escrit\u00f3rio e para v\u00e1rios dos seus profissionais.            <\/div>\n            <div class=\"fecha d-flex align-items-center gap-2\">\n                <img decoding=\"async\" alt=\"icon\" src=\"https:\/\/ga-p.com\/wp-content\/themes\/ga-p\/assets\/images\/clock-icon.svg\" \/>\n                06 Jul, 2026            <\/div>\n\n\n                            <div class=\"author d-flex align-items-center gap-2\">\n                    <img decoding=\"async\" alt=\"icon\" src=\"https:\/\/ga-p.com\/wp-content\/themes\/ga-p\/assets\/images\/author-icon.svg\" \/><span>\n                    Ver\u00f3nica Roman\u00ed, Ainara Renteri\u0301a, Luis Lo\u0301pez, Pedro Poveda, Borja Carvajal, Ana Orondo, Irene Are\u0301valo, Mariana D\u00edaz-Moro, Daniel Reis, Vanessa Ferna\u0301ndez Lled\u00f3, Sof\u00eda Mart\u00ednez-Almeida, Enrique Isla                <\/span><\/div>\n            \n        <\/div>\n        <div class=\"openCard me-0 ms-auto\">\n            <img decoding=\"async\" alt=\"icon\" src=\"https:\/\/ga-p.com\/wp-content\/themes\/ga-p\/assets\/images\/arrow-open.svg\" \/>\n            <img decoding=\"async\" alt=\"icon\" src=\"https:\/\/ga-p.com\/wp-content\/themes\/ga-p\/assets\/images\/arrow-open.svg\" \/>\n        <\/div>\n    <\/div>\n<\/a>\n                            <\/div>\n                                                    <div class=\"swiper-slide y2026\">\n                                <a style=\"text-decoration: none\" href=\"https:\/\/ga-p.com\/pt-pt\/noticia\/pablo-muelas-analyzes-the-dgsfp-supervisory-note-on-credit-protection-insurance-expansion\/\">\n    <div class=\"noticiaCard\">\n        <div class=\"content\">\n            <div class=\"tag\">NOT\u00cdCIAS<\/div>\n            <div class=\"titulo\">\n                Pablo Muelas analisa a nota de supervis\u00e3o da DGSFP sobre seguros de prote\u00e7\u00e3o credit\u00edcia | Expansi\u00f3n            <\/div>\n            <div class=\"excerpt\">\n                Pablo Muelas, s\u00f3cio da \u00e1rea de Banc\u00e1rio e Financeiro da G\u00f3mez-Acebo &#038; Pombo, publicou no Expansi\u00f3n um artigo em que analisa a recente Nota de Supervis\u00e3o da Dire\u00e7\u00e3o-Geral de Seguros e Fundos de Pens\u00f5es relativa aos seguros de prote\u00e7\u00e3o credit\u00edcia.            <\/div>\n            <div class=\"fecha d-flex align-items-center gap-2\">\n                <img decoding=\"async\" alt=\"icon\" src=\"https:\/\/ga-p.com\/wp-content\/themes\/ga-p\/assets\/images\/clock-icon.svg\" \/>\n                30 Apr, 2026            <\/div>\n\n\n                            <div class=\"author d-flex align-items-center gap-2\">\n                    <img decoding=\"async\" alt=\"icon\" src=\"https:\/\/ga-p.com\/wp-content\/themes\/ga-p\/assets\/images\/author-icon.svg\" \/><span>\n                    Pablo Muelas                <\/span><\/div>\n            \n        <\/div>\n        <div class=\"openCard me-0 ms-auto\">\n            <img decoding=\"async\" alt=\"icon\" src=\"https:\/\/ga-p.com\/wp-content\/themes\/ga-p\/assets\/images\/arrow-open.svg\" \/>\n            <img decoding=\"async\" alt=\"icon\" src=\"https:\/\/ga-p.com\/wp-content\/themes\/ga-p\/assets\/images\/arrow-open.svg\" \/>\n        <\/div>\n    <\/div>\n<\/a>\n                            <\/div>\n                                                    <div class=\"swiper-slide y2026\">\n                                <a style=\"text-decoration: none\" href=\"https:\/\/ga-p.com\/pt-pt\/noticia\/pablo-muelas-e-ana-martinez-pina-analisam-o-impacto-da-reforma-de-solvencia-ii-nas-seguradoras-espanholas-el-economista\/\">\n    <div class=\"noticiaCard\">\n        <div class=\"content\">\n            <div class=\"tag\">NOT\u00cdCIAS<\/div>\n            <div class=\"titulo\">\n                Pablo Muelas e Ana Mart\u00ednez-Pina analisam o impacto da reforma de Solv\u00eancia II nas seguradoras espanholas | El Economista            <\/div>\n            <div class=\"excerpt\">\n                A reforma de Solv\u00eancia II promete libertar milhares de milh\u00f5es de euros de capital atualmente retido pelas seguradoras espanholas, num momento em que a regulamenta\u00e7\u00e3o europeia procura incentivar investimentos estrat\u00e9gicos e optimizar a solv\u00eancia do setor.            <\/div>\n            <div class=\"fecha d-flex align-items-center gap-2\">\n                <img decoding=\"async\" alt=\"icon\" src=\"https:\/\/ga-p.com\/wp-content\/themes\/ga-p\/assets\/images\/clock-icon.svg\" \/>\n                07 Jan, 2026            <\/div>\n\n\n                            <div class=\"author d-flex align-items-center gap-2\">\n                    <img decoding=\"async\" alt=\"icon\" src=\"https:\/\/ga-p.com\/wp-content\/themes\/ga-p\/assets\/images\/author-icon.svg\" \/><span>\n                    Pablo Muelas, Ana Mart\u00ednez-Pina                <\/span><\/div>\n            \n        <\/div>\n        <div class=\"openCard me-0 ms-auto\">\n            <img decoding=\"async\" alt=\"icon\" src=\"https:\/\/ga-p.com\/wp-content\/themes\/ga-p\/assets\/images\/arrow-open.svg\" \/>\n            <img decoding=\"async\" alt=\"icon\" src=\"https:\/\/ga-p.com\/wp-content\/themes\/ga-p\/assets\/images\/arrow-open.svg\" \/>\n        <\/div>\n    <\/div>\n<\/a>\n                            <\/div>\n                                                    <div class=\"swiper-slide y2025\">\n                                <a style=\"text-decoration: none\" href=\"https:\/\/ga-p.com\/pt-pt\/noticia\/ana-martinez-pina-analisa-a-proposta-europeia-sobre-supervisao-financeira-fundspeople\/\">\n    <div class=\"noticiaCard\">\n        <div class=\"content\">\n            <div class=\"tag\">NOT\u00cdCIAS<\/div>\n            <div class=\"titulo\">\n                Ana Mart\u00ednez-Pina analisa a proposta europeia sobre supervis\u00e3o financeira | FundsPeople            <\/div>\n            <div class=\"excerpt\">\n                A iniciativa da Comiss\u00e3o Europeia para refor\u00e7ar o papel da ESMA reabre o debate sobre o equil\u00edbrio entre supervis\u00e3o europeia e nacional.            <\/div>\n            <div class=\"fecha d-flex align-items-center gap-2\">\n                <img decoding=\"async\" alt=\"icon\" src=\"https:\/\/ga-p.com\/wp-content\/themes\/ga-p\/assets\/images\/clock-icon.svg\" \/>\n                09 Dec, 2025            <\/div>\n\n\n                            <div class=\"author d-flex align-items-center gap-2\">\n                    <img decoding=\"async\" alt=\"icon\" src=\"https:\/\/ga-p.com\/wp-content\/themes\/ga-p\/assets\/images\/author-icon.svg\" \/><span>\n                    Ana Mart\u00ednez-Pina                <\/span><\/div>\n            \n        <\/div>\n        <div class=\"openCard me-0 ms-auto\">\n            <img decoding=\"async\" alt=\"icon\" src=\"https:\/\/ga-p.com\/wp-content\/themes\/ga-p\/assets\/images\/arrow-open.svg\" \/>\n            <img decoding=\"async\" alt=\"icon\" src=\"https:\/\/ga-p.com\/wp-content\/themes\/ga-p\/assets\/images\/arrow-open.svg\" \/>\n        <\/div>\n    <\/div>\n<\/a>\n                            <\/div>\n                                                    <div class=\"swiper-slide y2025\">\n                                <a style=\"text-decoration: none\" href=\"https:\/\/ga-p.com\/pt-pt\/noticia\/gomez-acebo-pombo-finalista-dos-premios-legal-500-awards-2025\/\">\n    <div class=\"noticiaCard\">\n        <div class=\"content\">\n            <div class=\"tag\">NOT\u00cdCIAS<\/div>\n            <div class=\"titulo\">\n                G\u00f3mez-Acebo &amp; Pombo finalista dos pr\u00e9mios Legal 500 Awards 2025            <\/div>\n            <div class=\"excerpt\">\n                A Legal 500 EMEA anunciou os finalistas dos pr\u00e9mios Legal 500 Awards, e temos o prazer de informar que a G\u00f3mez-Acebo &#038; Pombo foi selecionada como finalista em v\u00e1rias categorias. Este reconhecimento destaca o talento da nossa equipa e refor\u00e7a o posicionamento do escrit\u00f3rio no mercado ib\u00e9rico            <\/div>\n            <div class=\"fecha d-flex align-items-center gap-2\">\n                <img decoding=\"async\" alt=\"icon\" src=\"https:\/\/ga-p.com\/wp-content\/themes\/ga-p\/assets\/images\/clock-icon.svg\" \/>\n                06 Aug, 2025            <\/div>\n\n\n                            <div class=\"author d-flex align-items-center gap-2\">\n                    <img decoding=\"async\" alt=\"icon\" src=\"https:\/\/ga-p.com\/wp-content\/themes\/ga-p\/assets\/images\/author-icon.svg\" \/><span>\n                    Ver\u00f3nica Roman\u00ed, Santiago Garrido de las Heras, Pablo Muelas, Irene Ferna\u0301ndez Puyol, Filipa Cotta, Rodrigo Lo\u0301pez, Carlos S\u00e1iz, Ainara Renteri\u0301a,                 <\/span><\/div>\n            \n        <\/div>\n        <div class=\"openCard me-0 ms-auto\">\n            <img decoding=\"async\" alt=\"icon\" src=\"https:\/\/ga-p.com\/wp-content\/themes\/ga-p\/assets\/images\/arrow-open.svg\" \/>\n            <img decoding=\"async\" alt=\"icon\" src=\"https:\/\/ga-p.com\/wp-content\/themes\/ga-p\/assets\/images\/arrow-open.svg\" \/>\n        <\/div>\n    <\/div>\n<\/a>\n                            <\/div>\n                                                    <div class=\"swiper-slide y2025\">\n                                <a style=\"text-decoration: none\" href=\"https:\/\/ga-p.com\/pt-pt\/noticia\/__trashed-3__trashed\/\">\n    <div class=\"noticiaCard\">\n        <div class=\"content\">\n            <div class=\"tag\">NOT\u00cdCIAS<\/div>\n            <div class=\"titulo\">\n                Pablo Muelas analisa os desafios dos seguros num mundo sem fronteiras | Expansi\u00f3n            <\/div>\n            <div class=\"excerpt\">\n                Num ambiente marcado pela mobilidade de pessoas e empresas, o setor de seguros deve adaptar-se para responder aos desafios da globaliza\u00e7\u00e3o com a chegada de turistas, a diversidade cultural e a supervis\u00e3o de operadores transnacionais.            <\/div>\n            <div class=\"fecha d-flex align-items-center gap-2\">\n                <img decoding=\"async\" alt=\"icon\" src=\"https:\/\/ga-p.com\/wp-content\/themes\/ga-p\/assets\/images\/clock-icon.svg\" \/>\n                11 Jul, 2025            <\/div>\n\n\n                            <div class=\"author d-flex align-items-center gap-2\">\n                    <img decoding=\"async\" alt=\"icon\" src=\"https:\/\/ga-p.com\/wp-content\/themes\/ga-p\/assets\/images\/author-icon.svg\" \/><span>\n                    Pablo Muelas                <\/span><\/div>\n            \n        <\/div>\n        <div class=\"openCard me-0 ms-auto\">\n            <img decoding=\"async\" alt=\"icon\" src=\"https:\/\/ga-p.com\/wp-content\/themes\/ga-p\/assets\/images\/arrow-open.svg\" \/>\n            <img decoding=\"async\" alt=\"icon\" src=\"https:\/\/ga-p.com\/wp-content\/themes\/ga-p\/assets\/images\/arrow-open.svg\" \/>\n        <\/div>\n    <\/div>\n<\/a>\n                            <\/div>\n                                                    <div class=\"swiper-slide y2025\">\n                                <a style=\"text-decoration: none\" href=\"https:\/\/ga-p.com\/pt-pt\/noticia\/gomez-acebo-pombo-incorpora-a-pablo-muelas-como-socio-coordinador-del-area-de-seguros-y-fondos-de-pensiones\/\">\n    <div class=\"noticiaCard\">\n        <div class=\"content\">\n            <div class=\"tag\">NOT\u00cdCIAS<\/div>\n            <div class=\"titulo\">\n                G\u00f3mez-Acebo &amp; Pombo incorpora Pablo Muelas como s\u00f3cio coordenador da \u00e1rea de Seguros e Fundos de Pens\u00f5es            <\/div>\n            <div class=\"excerpt\">\n                G\u00f3mez-Acebo &#038; Pombo (GA_P) refor\u00e7a a sua pr\u00e1tica de Seguros e Fundos de Pens\u00f5es com a incorpora\u00e7\u00e3o de Pablo Muelas como s\u00f3cio coordenador da \u00e1rea.            <\/div>\n            <div class=\"fecha d-flex align-items-center gap-2\">\n                <img decoding=\"async\" alt=\"icon\" src=\"https:\/\/ga-p.com\/wp-content\/themes\/ga-p\/assets\/images\/clock-icon.svg\" \/>\n                24 Jun, 2025            <\/div>\n\n\n                            <div class=\"author d-flex align-items-center gap-2\">\n                    <img decoding=\"async\" alt=\"icon\" src=\"https:\/\/ga-p.com\/wp-content\/themes\/ga-p\/assets\/images\/author-icon.svg\" \/><span>\n                    Pablo Muelas                <\/span><\/div>\n            \n        <\/div>\n        <div class=\"openCard me-0 ms-auto\">\n            <img decoding=\"async\" alt=\"icon\" src=\"https:\/\/ga-p.com\/wp-content\/themes\/ga-p\/assets\/images\/arrow-open.svg\" \/>\n            <img decoding=\"async\" alt=\"icon\" src=\"https:\/\/ga-p.com\/wp-content\/themes\/ga-p\/assets\/images\/arrow-open.svg\" \/>\n        <\/div>\n    <\/div>\n<\/a>\n                            <\/div>\n                                                    <div class=\"swiper-slide y2023\">\n                                <a style=\"text-decoration: none\" href=\"https:\/\/ga-p.com\/pt-pt\/noticia\/forum-empresarial-os-principais-desafios-do-sector-dos-seguros-el-economista\/\">\n    <div class=\"noticiaCard\">\n        <div class=\"content\">\n            <div class=\"tag\">NOT\u00cdCIAS<\/div>\n            <div class=\"titulo\">\n                F\u00f3rum Empresarial: Os principais desafios do sector dos seguros | El Economista            <\/div>\n            <div class=\"excerpt\">\n                Ana Mart\u00ednez-Pina, Of Counsel de Banc\u00e1rio e Financeiro e coordenadora de Regulat\u00f3rio Financeiro e Seguros, participou ontem no I F\u00f3rum Empresarial &#8220;Os grandes desafios do sector segurador&#8221;, organizado pelo El Economista, onde se debateu o futuro do sector segurador em Espanha.            <\/div>\n            <div class=\"fecha d-flex align-items-center gap-2\">\n                <img decoding=\"async\" alt=\"icon\" src=\"https:\/\/ga-p.com\/wp-content\/themes\/ga-p\/assets\/images\/clock-icon.svg\" \/>\n                31 May, 2023            <\/div>\n\n\n                            <div class=\"author d-flex align-items-center gap-2\">\n                    <img decoding=\"async\" alt=\"icon\" src=\"https:\/\/ga-p.com\/wp-content\/themes\/ga-p\/assets\/images\/author-icon.svg\" \/><span>\n                    Ana Mart\u00ednez-Pina                <\/span><\/div>\n            \n        <\/div>\n        <div class=\"openCard me-0 ms-auto\">\n            <img decoding=\"async\" alt=\"icon\" src=\"https:\/\/ga-p.com\/wp-content\/themes\/ga-p\/assets\/images\/arrow-open.svg\" \/>\n            <img decoding=\"async\" alt=\"icon\" src=\"https:\/\/ga-p.com\/wp-content\/themes\/ga-p\/assets\/images\/arrow-open.svg\" \/>\n        <\/div>\n    <\/div>\n<\/a>\n                            <\/div>\n                                            <\/div>\n                <\/div>\n            <\/div>\n                    <\/div>\n\n<script>\n    const opciones_noticias_publicaciones_relacionadas_array = [\n                {label: '2026', value: 'y2026'},\n                {label: '2025', value: 'y2025'},\n                {label: '2023', value: 'y2023'},\n            ]\n<\/script>\n<\/div>\n","protected":false},"excerpt":{"rendered":"","protected":false},"featured_media":0,"template":"","class_list":["post-66694","sector","type-sector","status-publish","hentry"],"acf":[],"yoast_head":"<!-- This site is optimized with the Yoast SEO plugin v28.3 - https:\/\/yoast.com\/product\/yoast-seo-wordpress\/ -->\n<title>Seguros e Fundos de Pens\u00f5es - Despacho de abogados G\u00f3mez-Acebo &amp; Pombo<\/title>\n<meta name=\"description\" content=\"Opera\u00e7\u00f5es societ\u00e1rias, alian\u00e7as estrat\u00e9gicas, cess\u00f5es de carteiras, regula\u00e7\u00e3o, resseguros, contencioso e contratos.\" \/>\n<meta name=\"robots\" content=\"index, follow, max-snippet:-1, max-image-preview:large, max-video-preview:-1\" \/>\n<link rel=\"canonical\" href=\"https:\/\/ga-p.com\/pt-pt\/sector\/seguros-e-fundos-de-pensoes\/\" \/>\n<meta property=\"og:locale\" content=\"pt_PT\" \/>\n<meta property=\"og:type\" content=\"article\" \/>\n<meta property=\"og:title\" content=\"Seguros e Fundos de Pens\u00f5es - Despacho de abogados G\u00f3mez-Acebo &amp; Pombo\" \/>\n<meta property=\"og:description\" content=\"Opera\u00e7\u00f5es societ\u00e1rias, alian\u00e7as estrat\u00e9gicas, cess\u00f5es de carteiras, regula\u00e7\u00e3o, resseguros, contencioso e contratos.\" \/>\n<meta property=\"og:url\" content=\"https:\/\/ga-p.com\/pt-pt\/sector\/seguros-e-fundos-de-pensoes\/\" \/>\n<meta property=\"og:site_name\" content=\"Despacho de abogados G\u00f3mez-Acebo &amp; Pombo\" \/>\n<meta property=\"article:modified_time\" content=\"2025-07-07T15:21:06+00:00\" \/>\n<meta name=\"twitter:card\" content=\"summary_large_image\" \/>\n<meta name=\"twitter:label1\" content=\"Tempo estimado de leitura\" \/>\n\t<meta name=\"twitter:data1\" content=\"1 minuto\" \/>\n<script type=\"application\/ld+json\" class=\"yoast-schema-graph\">{\"@context\":\"https:\\\/\\\/schema.org\",\"@graph\":[{\"@type\":\"WebPage\",\"@id\":\"https:\\\/\\\/ga-p.com\\\/pt-pt\\\/sector\\\/seguros-e-fundos-de-pensoes\\\/\",\"url\":\"https:\\\/\\\/ga-p.com\\\/pt-pt\\\/sector\\\/seguros-e-fundos-de-pensoes\\\/\",\"name\":\"Seguros e Fundos de Pens\u00f5es - Despacho de abogados G\u00f3mez-Acebo &amp; Pombo\",\"isPartOf\":{\"@id\":\"https:\\\/\\\/ga-p.com\\\/pt-pt\\\/#website\"},\"datePublished\":\"2024-04-17T07:57:02+00:00\",\"dateModified\":\"2025-07-07T15:21:06+00:00\",\"description\":\"Opera\u00e7\u00f5es societ\u00e1rias, alian\u00e7as estrat\u00e9gicas, cess\u00f5es de carteiras, regula\u00e7\u00e3o, resseguros, contencioso e contratos.\",\"breadcrumb\":{\"@id\":\"https:\\\/\\\/ga-p.com\\\/pt-pt\\\/sector\\\/seguros-e-fundos-de-pensoes\\\/#breadcrumb\"},\"inLanguage\":\"pt-PT\",\"potentialAction\":[{\"@type\":\"ReadAction\",\"target\":[\"https:\\\/\\\/ga-p.com\\\/pt-pt\\\/sector\\\/seguros-e-fundos-de-pensoes\\\/\"]}]},{\"@type\":\"BreadcrumbList\",\"@id\":\"https:\\\/\\\/ga-p.com\\\/pt-pt\\\/sector\\\/seguros-e-fundos-de-pensoes\\\/#breadcrumb\",\"itemListElement\":[{\"@type\":\"ListItem\",\"position\":1,\"name\":\"Portada\",\"item\":\"https:\\\/\\\/ga-p.com\\\/pt-pt\\\/\"},{\"@type\":\"ListItem\",\"position\":2,\"name\":\"Seguros e Fundos de Pens\u00f5es\"}]},{\"@type\":\"WebSite\",\"@id\":\"https:\\\/\\\/ga-p.com\\\/pt-pt\\\/#website\",\"url\":\"https:\\\/\\\/ga-p.com\\\/pt-pt\\\/\",\"name\":\"Despacho de abogados G\u00f3mez-Acebo & Pombo\",\"description\":\"G\u00f3mez-Acebo &amp; Pombo es una firma de abogados independiente, con experiencia internacional, especializada en todas las \u00e1reas del derecho de los negocio.\",\"publisher\":{\"@id\":\"https:\\\/\\\/ga-p.com\\\/pt-pt\\\/#organization\"},\"potentialAction\":[{\"@type\":\"SearchAction\",\"target\":{\"@type\":\"EntryPoint\",\"urlTemplate\":\"https:\\\/\\\/ga-p.com\\\/pt-pt\\\/?s={search_term_string}\"},\"query-input\":{\"@type\":\"PropertyValueSpecification\",\"valueRequired\":true,\"valueName\":\"search_term_string\"}}],\"inLanguage\":\"pt-PT\"},{\"@type\":\"Organization\",\"@id\":\"https:\\\/\\\/ga-p.com\\\/pt-pt\\\/#organization\",\"name\":\"Despacho de abogados G\u00f3mez-Acebo & Pombo\",\"url\":\"https:\\\/\\\/ga-p.com\\\/pt-pt\\\/\",\"logo\":{\"@type\":\"ImageObject\",\"inLanguage\":\"pt-PT\",\"@id\":\"https:\\\/\\\/ga-p.com\\\/pt-pt\\\/#\\\/schema\\\/logo\\\/image\\\/\",\"url\":\"https:\\\/\\\/ga-p.com\\\/wp-content\\\/uploads\\\/2024\\\/09\\\/Logo-1-1.svg\",\"contentUrl\":\"https:\\\/\\\/ga-p.com\\\/wp-content\\\/uploads\\\/2024\\\/09\\\/Logo-1-1.svg\",\"caption\":\"Despacho de abogados G\u00f3mez-Acebo & Pombo\"},\"image\":{\"@id\":\"https:\\\/\\\/ga-p.com\\\/pt-pt\\\/#\\\/schema\\\/logo\\\/image\\\/\"}}]}<\/script>\n<!-- \/ Yoast SEO plugin. -->","yoast_head_json":{"title":"Seguros e Fundos de Pens\u00f5es - Despacho de abogados G\u00f3mez-Acebo &amp; Pombo","description":"Opera\u00e7\u00f5es societ\u00e1rias, alian\u00e7as estrat\u00e9gicas, cess\u00f5es de carteiras, regula\u00e7\u00e3o, resseguros, contencioso e contratos.","robots":{"index":"index","follow":"follow","max-snippet":"max-snippet:-1","max-image-preview":"max-image-preview:large","max-video-preview":"max-video-preview:-1"},"canonical":"https:\/\/ga-p.com\/pt-pt\/sector\/seguros-e-fundos-de-pensoes\/","og_locale":"pt_PT","og_type":"article","og_title":"Seguros e Fundos de Pens\u00f5es - Despacho de abogados G\u00f3mez-Acebo &amp; Pombo","og_description":"Opera\u00e7\u00f5es societ\u00e1rias, alian\u00e7as estrat\u00e9gicas, cess\u00f5es de carteiras, regula\u00e7\u00e3o, resseguros, contencioso e contratos.","og_url":"https:\/\/ga-p.com\/pt-pt\/sector\/seguros-e-fundos-de-pensoes\/","og_site_name":"Despacho de abogados G\u00f3mez-Acebo &amp; Pombo","article_modified_time":"2025-07-07T15:21:06+00:00","twitter_card":"summary_large_image","twitter_misc":{"Tempo estimado de leitura":"1 minuto"},"schema":{"@context":"https:\/\/schema.org","@graph":[{"@type":"WebPage","@id":"https:\/\/ga-p.com\/pt-pt\/sector\/seguros-e-fundos-de-pensoes\/","url":"https:\/\/ga-p.com\/pt-pt\/sector\/seguros-e-fundos-de-pensoes\/","name":"Seguros e Fundos de Pens\u00f5es - Despacho de abogados G\u00f3mez-Acebo &amp; Pombo","isPartOf":{"@id":"https:\/\/ga-p.com\/pt-pt\/#website"},"datePublished":"2024-04-17T07:57:02+00:00","dateModified":"2025-07-07T15:21:06+00:00","description":"Opera\u00e7\u00f5es societ\u00e1rias, alian\u00e7as estrat\u00e9gicas, cess\u00f5es de carteiras, regula\u00e7\u00e3o, resseguros, contencioso e contratos.","breadcrumb":{"@id":"https:\/\/ga-p.com\/pt-pt\/sector\/seguros-e-fundos-de-pensoes\/#breadcrumb"},"inLanguage":"pt-PT","potentialAction":[{"@type":"ReadAction","target":["https:\/\/ga-p.com\/pt-pt\/sector\/seguros-e-fundos-de-pensoes\/"]}]},{"@type":"BreadcrumbList","@id":"https:\/\/ga-p.com\/pt-pt\/sector\/seguros-e-fundos-de-pensoes\/#breadcrumb","itemListElement":[{"@type":"ListItem","position":1,"name":"Portada","item":"https:\/\/ga-p.com\/pt-pt\/"},{"@type":"ListItem","position":2,"name":"Seguros e Fundos de Pens\u00f5es"}]},{"@type":"WebSite","@id":"https:\/\/ga-p.com\/pt-pt\/#website","url":"https:\/\/ga-p.com\/pt-pt\/","name":"Despacho de abogados G\u00f3mez-Acebo & Pombo","description":"G\u00f3mez-Acebo &amp; Pombo es una firma de abogados independiente, con experiencia internacional, especializada en todas las \u00e1reas del derecho de los negocio.","publisher":{"@id":"https:\/\/ga-p.com\/pt-pt\/#organization"},"potentialAction":[{"@type":"SearchAction","target":{"@type":"EntryPoint","urlTemplate":"https:\/\/ga-p.com\/pt-pt\/?s={search_term_string}"},"query-input":{"@type":"PropertyValueSpecification","valueRequired":true,"valueName":"search_term_string"}}],"inLanguage":"pt-PT"},{"@type":"Organization","@id":"https:\/\/ga-p.com\/pt-pt\/#organization","name":"Despacho de abogados G\u00f3mez-Acebo & Pombo","url":"https:\/\/ga-p.com\/pt-pt\/","logo":{"@type":"ImageObject","inLanguage":"pt-PT","@id":"https:\/\/ga-p.com\/pt-pt\/#\/schema\/logo\/image\/","url":"https:\/\/ga-p.com\/wp-content\/uploads\/2024\/09\/Logo-1-1.svg","contentUrl":"https:\/\/ga-p.com\/wp-content\/uploads\/2024\/09\/Logo-1-1.svg","caption":"Despacho de abogados G\u00f3mez-Acebo & Pombo"},"image":{"@id":"https:\/\/ga-p.com\/pt-pt\/#\/schema\/logo\/image\/"}}]}},"_links":{"self":[{"href":"https:\/\/ga-p.com\/pt-pt\/wp-json\/wp\/v2\/sector\/66694","targetHints":{"allow":["GET"]}}],"collection":[{"href":"https:\/\/ga-p.com\/pt-pt\/wp-json\/wp\/v2\/sector"}],"about":[{"href":"https:\/\/ga-p.com\/pt-pt\/wp-json\/wp\/v2\/types\/sector"}],"wp:attachment":[{"href":"https:\/\/ga-p.com\/pt-pt\/wp-json\/wp\/v2\/media?parent=66694"}],"curies":[{"name":"wp","href":"https:\/\/api.w.org\/{rel}","templated":true}]}}